{"id":421,"date":"2026-03-18T08:41:10","date_gmt":"2026-03-18T08:41:10","guid":{"rendered":"https:\/\/www.freyshotels.com\/corner\/?post_type=apartment&#038;p=421"},"modified":"2026-04-21T07:59:16","modified_gmt":"2026-04-21T07:59:16","slug":"enrumslagenhet-401","status":"publish","type":"apartment","link":"https:\/\/www.freyshotels.com\/corner\/foretagslagenheter-stockholm\/enrumslagenhet-401\/","title":{"rendered":"Enrumsl\u00e4genhet 401"},"content":{"rendered":"\n<div class=\"wp-block-columns has-2-columns alignfull wrap-lg min-h-screen noice has-brand-100-background-color has-background\" style=\" padding-right:0;padding-left:0\">\n<div class=\"wp-block-column\" style=\"flex-basis:50%\">\n<div style=\"aspect-ratio:auto; justify-content:flex-end; padding-top:var(--wp--preset--spacing--40);padding-bottom:var(--wp--preset--spacing--40);padding-left:var(--wp--preset--spacing--40);padding-right:var(--wp--preset--spacing--40);\" class=\"align paralax wp-block-create-block-tankbar-multiblock has-text-color has-background\">\n\n\t<div class=\"multiblock-bg\">\n\n\t\t\t\t<div class=\"absolute inset-0 image-center-center\">\n\t\t\t\t<img decoding=\"async\" class=\"h-full w-full object-cover\" src=\"https:\/\/www.freyshotels.com\/corner\/wp-content\/uploads\/2026\/04\/corner_hotel_foretagslagenhet_hotel_lgh401-1.jpg\" alt=\"Enrumsl\u00e4genhet 401\" \/>\n\t\t\t<\/div>\n\t\t\t\n\t\n\t\n\t\n\t\n\t<\/div><!-- .multiblock-bg -->\n\n\t<div class=\"multiblock-inner\">\n\t\t\n\n<div class=\"wp-block-group\" style=\"min-height:30vh\"><\/div>\n\n\t<\/div>\n\n\t<\/div>\n<\/div>\n\n\n\n<div class=\"wp-block-column\" style=\"padding-top:var(--wp--preset--spacing--60);padding-right:var(--wp--preset--spacing--80);padding-bottom:var(--wp--preset--spacing--80);padding-left:var(--wp--preset--spacing--80)\">\n<p class=\"has-gold-500-color has-text-color has-link-color has-script-normal-font-size wp-elements-a90d46a66a034ee0deedfa1c71a8f194\">L\u00e4genhet<\/p>\n\n\n\n<h1 class=\"wp-block-heading has-brand-500-color has-text-color has-link-color has-h-2-font-size wp-elements-e315fa0424dea3691ec07934303291d3\">1 rok f\u00f6retagsl\u00e4genhet p\u00e5 R\u00e5dmansgatan 67<\/h1>\n\n\n\t<div\n\t\t\t\tclass=\"   \"\n\t\t\t>\n\t\t<div class=\"flex flex-wrap gap-2 mt-3 mb-spacing-30\">\n            \t\t\t\t\t\t\t<div class=\"has-small-font-size text-brand-400 border border-brand-400 rounded-md py-1.5 px-3 flex items-center gap-x-2\">\n\t\t\t\t\t<i class=\"icon-size text-[20px]\"><\/i>\n\t\t\t\t\t23 kvm\n\t\t\t\t<\/div>\n\t\t\t\t\t\t\t\t\t\t<div class=\"has-small-font-size text-brand-400 border border-brand-400 rounded-md py-1.5 px-3 flex items-center gap-x-2\">\n\t\t\t\t\t<i class=\"icon-user text-[20px]\"><\/i>\n\t\t\t\t\t1 person\t\t\t\t<\/div>\n\t\t\t                            <div class=\"has-small-font-size text-brand-400 border border-brand-400 rounded-md py-1.5 px-3 flex items-center gap-x-2\">\n                    <i class=\"icon-apartment text-[20px]\"><\/i>\n                    Nr. 401                <\/div>\n                                        <div class=\"has-small-font-size text-brand-400 border border-brand-400 rounded-md py-1.5 px-3 flex items-center gap-x-2\">\n                    <i class=\"icon-elevator text-[20px]\"><\/i>\n                    V\u00e5ning 4                <\/div>\n            \t\t<\/div>\n\t<\/div>\n\t\n\n\n<p>Denna ljusa och lugna enrumsl\u00e4genhet i Vasastan erbjuder ett bekv\u00e4mt boende f\u00f6r f\u00f6retag i Stockholm. Ett perfekt alternativ till l\u00e4genhetshotell f\u00f6r b\u00e5de kortare vistelser och long&nbsp;stay.&nbsp;<\/p>\n\n\n\n<p>L\u00e4geneheten \u00e4r utrustad med kokvr\u00e5 och badrum med dusch.<\/p>\n\n\n\n<h2 class=\"wp-block-heading has-h-5-font-size\">M\u00f6blerad f\u00f6retagsl\u00e4genhet i centrala Stockholm&nbsp;<\/h2>\n\n\n\n<p>L\u00e4genheten \u00e4r bel\u00e4gen p\u00e5 R\u00e5dmansgatan 67 i samma fastighet som Corner&nbsp;Hotel, endast ett stenkast fr\u00e5n Drottninggatan.&nbsp;H\u00e4r bor du centralt med n\u00e4rhet till restauranger, shopping och goda kommunikationer.<\/p>\n\n\n\n<h3 class=\"wp-block-heading has-brand-500-color has-text-color has-link-color has-h-4-font-size wp-elements-066653ed37f04a3b4fb661b38f434bc4\">Ing\u00e5r i hyran<\/h3>\n\n\n\t<div \t\tclass=\"   \"\n\t\tstyle=\"margin-top: var(--wp--preset--spacing--20); margin-bottom: var(--wp--preset--spacing--50);\"\t>\n\t\t<div class=\"\">\n\t\t\t\t\t\t\t<div>\n\t\t\t\t\t\t\t\t\t\t\t<div class=\"flex items-center gap-x-3 mb-3\">\n\t\t\t\t\t\t\t\t\t\t\t\t\t\t\t<img\n\t\t\t\t\t\t\t\t\tclass=\"size-6 self-start object-contain object-center\"\n\t\t\t\t\t\t\t\t\tsrc=\"https:\/\/www.freyshotels.com\/corner\/wp-content\/uploads\/2026\/03\/coffee.svg\"\n\t\t\t\t\t\t\t\t\talt=\"Frukostbuff\u00e9, serveras i hotellets matsal \"\n\t\t\t\t\t\t\t\t\/>\n\t\t\t\t\t\t\t\t\t\t\t\t\t\t<div class=\"xxl:max-w-[75%]\">\n\t\t\t\t\t\t\t\tFrukostbuff\u00e9, serveras i hotellets matsal \t\t\t\t\t\t\t<\/div>\n\t\t\t\t\t\t<\/div>\n\t\t\t\t\t\t\t\t\t\t\t<div class=\"flex items-center gap-x-3 mb-3\">\n\t\t\t\t\t\t\t\t\t\t\t\t\t\t\t<img\n\t\t\t\t\t\t\t\t\tclass=\"size-6 self-start object-contain object-center\"\n\t\t\t\t\t\t\t\t\tsrc=\"https:\/\/www.freyshotels.com\/corner\/wp-content\/uploads\/2026\/03\/water.svg\"\n\t\t\t\t\t\t\t\t\talt=\"V\u00e4rme, vatten, och el\"\n\t\t\t\t\t\t\t\t\/>\n\t\t\t\t\t\t\t\t\t\t\t\t\t\t<div class=\"xxl:max-w-[75%]\">\n\t\t\t\t\t\t\t\tV\u00e4rme, vatten, och el\t\t\t\t\t\t\t<\/div>\n\t\t\t\t\t\t<\/div>\n\t\t\t\t\t\t\t\t\t\t\t<div class=\"flex items-center gap-x-3 mb-3\">\n\t\t\t\t\t\t\t\t\t\t\t\t\t\t\t<img\n\t\t\t\t\t\t\t\t\tclass=\"size-6 self-start object-contain object-center\"\n\t\t\t\t\t\t\t\t\tsrc=\"https:\/\/www.freyshotels.com\/corner\/wp-content\/uploads\/2026\/03\/laundry.svg\"\n\t\t\t\t\t\t\t\t\talt=\"Tv\u00e4ttm\u00f6jligheter\"\n\t\t\t\t\t\t\t\t\/>\n\t\t\t\t\t\t\t\t\t\t\t\t\t\t<div class=\"xxl:max-w-[75%]\">\n\t\t\t\t\t\t\t\tTv\u00e4ttm\u00f6jligheter\t\t\t\t\t\t\t<\/div>\n\t\t\t\t\t\t<\/div>\n\t\t\t\t\t\t\t\t\t\t\t<div class=\"flex items-center gap-x-3 mb-3\">\n\t\t\t\t\t\t\t\t\t\t\t\t\t\t\t<img\n\t\t\t\t\t\t\t\t\tclass=\"size-6 self-start object-contain object-center\"\n\t\t\t\t\t\t\t\t\tsrc=\"https:\/\/www.freyshotels.com\/corner\/wp-content\/uploads\/2026\/03\/wifi.svg\"\n\t\t\t\t\t\t\t\t\talt=\"TV och WiFi 100 Mbit\"\n\t\t\t\t\t\t\t\t\/>\n\t\t\t\t\t\t\t\t\t\t\t\t\t\t<div class=\"xxl:max-w-[75%]\">\n\t\t\t\t\t\t\t\tTV och WiFi 100 Mbit\t\t\t\t\t\t\t<\/div>\n\t\t\t\t\t\t<\/div>\n\t\t\t\t\t\t\t\t\t\t\t<div class=\"flex items-center gap-x-3 mb-3\">\n\t\t\t\t\t\t\t\t\t\t\t\t\t\t\t<img\n\t\t\t\t\t\t\t\t\tclass=\"size-6 self-start object-contain object-center\"\n\t\t\t\t\t\t\t\t\tsrc=\"https:\/\/www.freyshotels.com\/corner\/wp-content\/uploads\/2026\/03\/cleaning.svg\"\n\t\t\t\t\t\t\t\t\talt=\"St\u00e4dning en g\u00e5ng i veckan med byte av handdukar och s\u00e4nglinne\"\n\t\t\t\t\t\t\t\t\/>\n\t\t\t\t\t\t\t\t\t\t\t\t\t\t<div class=\"xxl:max-w-[75%]\">\n\t\t\t\t\t\t\t\tSt\u00e4dning en g\u00e5ng i veckan med byte av handdukar och s\u00e4nglinne\t\t\t\t\t\t\t<\/div>\n\t\t\t\t\t\t<\/div>\n\t\t\t\t\t\t\t\t\t<\/div>\n\t\t\t\t\t<\/div>\n\t<\/div>\n\n\n\n<div style=\"aspect-ratio:auto; justify-content:center; border-top-left-radius:8px;border-top-right-radius:8px;border-bottom-left-radius:8px;border-bottom-right-radius:8px; padding-top:var(--wp--preset--spacing--20);padding-bottom:var(--wp--preset--spacing--20);padding-left:var(--wp--preset--spacing--20);padding-right:var(--wp--preset--spacing--20);margin-bottom:var(--wp--preset--spacing--50);background-image:url(&apos;https:\/\/www.freyshotels.com\/corner\/wp-content\/uploads\/2026\/03\/bg-black.svg&apos;);background-position:50% 50%;background-size:720px;background-attachment:scroll;\" class=\"align wp-block-create-block-tankbar-multiblock has-text-color has-background has-brand-200-background-color\">\n\n\t<div class=\"multiblock-bg\">\n\n\t\n\t\n\t\n\t\t\t<div class=\"multiblock-overlay overlay absolute inset-0 has-brand-200-background-color\" style=\"opacity:0.95;\"><\/div>\n\t\n\t\n\t<\/div><!-- .multiblock-bg -->\n\n\t<div class=\"multiblock-inner\">\n\t\t\n\n<div class=\"wp-block-columns has-2-columns has-2-columns is-not-stacked-on-mobile wrap-none\" style=\"column-gap: var(--wp--preset--spacing--20);\">\n<div class=\"wp-block-column\" style=\"flex-basis:60px\">\n<figure class=\"wp-block-image size-full\"><img decoding=\"async\" src=\"https:\/\/www.freyshotels.com\/corner\/wp-content\/uploads\/2026\/03\/email.svg\" alt=\"\" class=\"wp-image-838\"\/><\/figure>\n<\/div>\n\n\n\n<div class=\"wp-block-column\">\n<h2 class=\"wp-block-heading has-h-5-font-size\">Information<\/h2>\n\n\n\n<p class=\"has-small-font-size\" style=\"margin-top:0\">F\u00f6r pris, mer information eller bokning av visning kontakta Robin Teike.<br><a href=\"mailto:robin.teike@freys.nu\" target=\"_blank\" rel=\"noreferrer noopener\"><strong>Mejla till Robin<\/strong><\/a><\/p>\n<\/div>\n<\/div>\n\n\t<\/div>\n\n\t<\/div>\n\n\n    <div\n                class=\"flex gap-spacing-10 flex-wrap    \"\n        style=\"margin-bottom: var(--wp--preset--spacing--50); margin-top: var(--wp--preset--spacing--40);\"    >\n                    <a\n                aria-label=\"Boka l\u00e4genhet\"\n                href=\"mailto:robin.teike@freys.nu\"\n                target=\"\"\n                class=\"wp-block-button__link has-background has-gold-500-background-color\">\n                Boka l\u00e4genhet            <\/a>\n                    <\/div>\n<\/div>\n<\/div>\n\n\n\n<div style=\"aspect-ratio:auto; justify-content:center; padding-top:var(--wp--preset--spacing--70);padding-bottom:var(--wp--preset--spacing--70);background-image:url(&apos;https:\/\/www.freyshotels.com\/corner\/wp-content\/uploads\/2026\/03\/bg-black.svg&apos;);background-position:50% 0;background-repeat:repeat;background-size:1000px;\" class=\"alignfull wp-block-create-block-tankbar-multiblock has-text-color has-background has-brand-200-background-color\">\n\n\t<div class=\"multiblock-bg\">\n\n\t\n\t\n\t\n\t\t\t<div class=\"multiblock-overlay overlay absolute inset-0 has-brand-200-background-color\" style=\"opacity:0.95;\"><\/div>\n\t\n\t\t\t<div class=\"multiblock-overlay-gradient absolute inset-0 overlay-gradient gradient-bottom\" style=\" background: linear-gradient(180deg, rgba(var(--brand-200), 0) 0%, rgba(var(--brand-200), 1) 60%);\"><\/div>\n\t\n\t<\/div><!-- .multiblock-bg -->\n\n\t<div class=\"multiblock-inner\">\n\t\t\n\n<h2 class=\"wp-block-heading has-h-3-font-size\">Se fler l\u00e4genheter<\/h2>\n\n\n\n<p>Vi erbjuder m\u00f6blerade f\u00f6retagsl\u00e4genheter i Stockholm i flera olika storlekar. H\u00e4r hittar du allt fr\u00e5n mindre 1 rok till rymliga 3 rok \u2013 perfekt f\u00f6r b\u00e5de kortare vistelser och l\u00e4ngre boende. Samtliga l\u00e4genheter \u00e4r fullt utrustade och anpassade f\u00f6r f\u00f6retag som s\u00f6ker ett bekv\u00e4mt och centralt boende.<\/p>\n\n\n\n<div class=\"wp-block-columns has-2-columns\" style=\"column-gap: var(--wp--preset--spacing--50); row-gap: var(--wp--preset--spacing--20); border-bottom-color:var(--wp--preset--color--neutral-200);border-bottom-width:1px;padding-top:var(--wp--preset--spacing--50);padding-bottom:var(--wp--preset--spacing--50)\">\n<div class=\"wp-block-column\" style=\"flex-basis:33.33%\">\n<h3 class=\"wp-block-heading has-h-5-font-size\">Enrumsl\u00e4genheter<\/h3>\n\n\n\n<p>V\u00e5ra 1 rok f\u00f6retagsl\u00e4genheter i Stockholm \u00e4r perfekta f\u00f6r dig som bor i jobbet eller \u00e4r p\u00e5 tillf\u00e4lligt uppdrag i staden. L\u00e4genheterna har pentry och \u00e4r fullt utrustade f\u00f6r en smidig vardag, med allt du beh\u00f6ver f\u00f6r en funktionell och bekv\u00e4m vistelse. H\u00e4r f\u00e5r du ett kompakt och praktiskt boende i centrala Stockholm.<\/p>\n<\/div>\n\n\n\n<div class=\"wp-block-column\">    <div\n\t\t        class=\"weglot-translate has-normal-font-size    \"\n\t\t    >\n        <div x-data=\"loadMorePosts({\n        currentPost: '421',\n        postType: 'apartment',\n        initialCategories: '17',\n        initialTags: '',\n        postsPerPage: -1,\n        })\"\n             class=\"mx-auto flex flex-col items-center bg-inherit\"\n        >\n\t\t\t\n            <div x-show=\"noResults\" class=\"text-gray-500\">\n\t\t\t\tInga poster hittades            <\/div>\n\n            <div x-show=\"loading\" class=\"loading w-full h-[100px] self-start\"><\/div>\n\n            <div class=\"w-full grid sm:grid-cols-2 lg:grid-cols-3 gap-5 md:gap-8 xxl:gap-10 room_card\">\n                <template x-for=\"post in posts\" :key=\"post.id\">\n\t\t\t\t\t<a\n    x-bind:href=\"post.url\"\n    x-bind:aria-label=\"post.title\"\n    x-bind:target=\"post.target\"\n    class=\"group flex flex-col items-start gap-y-spacing-10 h-full bg-inherit overflow-hidden no-underline\"\n>\n    <div class=\"relative aspect-[8\/5] w-full rounded-lg overflow-hidden\">\n        <div x-html=\"post.thumbnail\"><\/div>\n        <div class=\"absolute inset-0 pointer-events-none bg-black opacity-20 xl:group-hover:opacity-0 transition-all duration-300\"><\/div>\n        <button\n            x-data\n            @click.prevent=\"$store.flyouts.openRoom(post.id)\"\n            :class=\"{ 'loading': $store.flyouts.roomLoading &#038;&#038; $store.flyouts.roomPostId == post.id }\"\n            class=\"icon-eye hidden xl:block absolute left-1\/2 bottom-1\/2 -translate-x-1\/2 translate-y-full rounded-full bg-white shadow-button h-12 w-12 text-[24px] opacity-0 hover:scale-110 group-hover:translate-y-1\/2 group-hover:opacity-100 transition-all duration-300\"\n        ><\/button>\n        <div class=\"absolute top-spacing-10 left-spacing-10 flex flex-wrap gap-2\">\n            <div class=\"chip bg-brand-100\" x-show=\"post.tag\" x-text=\"post.tag\"><\/div>\n        <\/div>\n    <\/div>\n\n    <div class=\"flex flex-col items-start flex-1\">\n        <h3 class=\"has-medium-font-size font-medium xl:group-hover:underlined\" x-html=\"post.title\"><\/h3>\n        <template x-if=\"post.size || post.number_of_people || post.time\">\n            <div class=\"flex flex-wrap gap-2 mt-spacing-10\">\n                <template x-if=\"post.time\">\n                    <div class=\"chip big text-brand-400 border border-brand-400\">\n                        <i class=\"icon-clock text-[18px]\"><\/i>\n                        <span x-text=\"post.time\"><\/span>\n                    <\/div>\n                <\/template>\n                <template x-if=\"post.size\">\n                    <div class=\"chip big text-brand-400 border border-brand-400\">\n                        <i class=\"icon-size text-[18px]\"><\/i>\n                        <span x-text=\"post.size + ' kvm'\"><\/span>\n                    <\/div>\n                <\/template>\n                <template x-if=\"post.number_of_people\">\n                    <div class=\"chip big text-brand-400 border border-brand-400\">\n                        <i class=\"icon-user text-[18px]\"><\/i>\n                        <span x-text=\"post.number_of_people + (post.number_of_people == 1 ? ' person' : ' personer')\"><\/span>\n                    <\/div>\n                <\/template>\n            <\/div>\n        <\/template>\n            <\/div>\n<\/a>\n                <\/template>\n            <\/div>\n\n\t\t\t\n        <\/div>\n    <\/div>\n\t<\/div>\n<\/div>\n\n\n\n<div class=\"wp-block-columns has-2-columns\" style=\"column-gap: var(--wp--preset--spacing--50); row-gap: var(--wp--preset--spacing--20); border-bottom-color:var(--wp--preset--color--neutral-200);border-bottom-width:1px;padding-top:var(--wp--preset--spacing--50);padding-bottom:var(--wp--preset--spacing--50)\">\n<div class=\"wp-block-column\" style=\"flex-basis:33.33%\">\n<h3 class=\"wp-block-heading has-h-5-font-size\">Tv\u00e5rumsl\u00e4genheter<\/h3>\n\n\n\n<p>V\u00e5ra 2 rok f\u00f6retagsl\u00e4genheter erbjuder mer utrymme och passar perfekt f\u00f6r kollegor eller l\u00e4ngre uppdrag d\u00e4r extra komfort och funktionalitet beh\u00f6vs. L\u00e4genheterna har fullt k\u00f6k och \u00e4r fullt utrustade f\u00f6r ett bekv\u00e4mt och flexibelt boende i centrala Stockholm, med plats f\u00f6r b\u00e5de arbete och \u00e5terh\u00e4mtning.<\/p>\n<\/div>\n\n\n\n<div class=\"wp-block-column\">    <div\n\t\t        class=\"weglot-translate has-normal-font-size    \"\n\t\t    >\n        <div x-data=\"loadMorePosts({\n        currentPost: '421',\n        postType: 'apartment',\n        initialCategories: '18',\n        initialTags: '',\n        postsPerPage: -1,\n        })\"\n             class=\"mx-auto flex flex-col items-center bg-inherit\"\n        >\n\t\t\t\n            <div x-show=\"noResults\" class=\"text-gray-500\">\n\t\t\t\tInga poster hittades            <\/div>\n\n            <div x-show=\"loading\" class=\"loading w-full h-[100px] self-start\"><\/div>\n\n            <div class=\"w-full grid sm:grid-cols-2 lg:grid-cols-3 gap-5 md:gap-8 xxl:gap-10 room_card\">\n                <template x-for=\"post in posts\" :key=\"post.id\">\n\t\t\t\t\t<a\n    x-bind:href=\"post.url\"\n    x-bind:aria-label=\"post.title\"\n    x-bind:target=\"post.target\"\n    class=\"group flex flex-col items-start gap-y-spacing-10 h-full bg-inherit overflow-hidden no-underline\"\n>\n    <div class=\"relative aspect-[8\/5] w-full rounded-lg overflow-hidden\">\n        <div x-html=\"post.thumbnail\"><\/div>\n        <div class=\"absolute inset-0 pointer-events-none bg-black opacity-20 xl:group-hover:opacity-0 transition-all duration-300\"><\/div>\n        <button\n            x-data\n            @click.prevent=\"$store.flyouts.openRoom(post.id)\"\n            :class=\"{ 'loading': $store.flyouts.roomLoading &#038;&#038; $store.flyouts.roomPostId == post.id }\"\n            class=\"icon-eye hidden xl:block absolute left-1\/2 bottom-1\/2 -translate-x-1\/2 translate-y-full rounded-full bg-white shadow-button h-12 w-12 text-[24px] opacity-0 hover:scale-110 group-hover:translate-y-1\/2 group-hover:opacity-100 transition-all duration-300\"\n        ><\/button>\n        <div class=\"absolute top-spacing-10 left-spacing-10 flex flex-wrap gap-2\">\n            <div class=\"chip bg-brand-100\" x-show=\"post.tag\" x-text=\"post.tag\"><\/div>\n        <\/div>\n    <\/div>\n\n    <div class=\"flex flex-col items-start flex-1\">\n        <h3 class=\"has-medium-font-size font-medium xl:group-hover:underlined\" x-html=\"post.title\"><\/h3>\n        <template x-if=\"post.size || post.number_of_people || post.time\">\n            <div class=\"flex flex-wrap gap-2 mt-spacing-10\">\n                <template x-if=\"post.time\">\n                    <div class=\"chip big text-brand-400 border border-brand-400\">\n                        <i class=\"icon-clock text-[18px]\"><\/i>\n                        <span x-text=\"post.time\"><\/span>\n                    <\/div>\n                <\/template>\n                <template x-if=\"post.size\">\n                    <div class=\"chip big text-brand-400 border border-brand-400\">\n                        <i class=\"icon-size text-[18px]\"><\/i>\n                        <span x-text=\"post.size + ' kvm'\"><\/span>\n                    <\/div>\n                <\/template>\n                <template x-if=\"post.number_of_people\">\n                    <div class=\"chip big text-brand-400 border border-brand-400\">\n                        <i class=\"icon-user text-[18px]\"><\/i>\n                        <span x-text=\"post.number_of_people + (post.number_of_people == 1 ? ' person' : ' personer')\"><\/span>\n                    <\/div>\n                <\/template>\n            <\/div>\n        <\/template>\n            <\/div>\n<\/a>\n                <\/template>\n            <\/div>\n\n\t\t\t\n        <\/div>\n    <\/div>\n\t<\/div>\n<\/div>\n\n\n\n<div class=\"wp-block-columns has-2-columns\" style=\"column-gap: var(--wp--preset--spacing--50); row-gap: var(--wp--preset--spacing--20); padding-top:var(--wp--preset--spacing--50);padding-bottom:var(--wp--preset--spacing--50)\">\n<div class=\"wp-block-column\" style=\"flex-basis:33.33%\">\n<h3 class=\"wp-block-heading has-h-5-font-size\">Trerumsl\u00e4genheter<\/h3>\n\n\n\n<p>V\u00e5ra 3 rok f\u00f6retagsl\u00e4genheter i Stockholm passar utm\u00e4rkt f\u00f6r l\u00e4ngre uppdrag eller n\u00e4r flera personer bor tillsammans. H\u00e4r f\u00e5r du gott om utrymme, fullt k\u00f6k och en gener\u00f6s planl\u00f6sning som skapar en bekv\u00e4m bas f\u00f6r l\u00e4ngre arbetsvistelser. Ett komplett och rymligt f\u00f6retagsboende i centrala Stockholm.<\/p>\n<\/div>\n\n\n\n<div class=\"wp-block-column\">    <div\n\t\t        class=\"weglot-translate has-normal-font-size    \"\n\t\t    >\n        <div x-data=\"loadMorePosts({\n        currentPost: '421',\n        postType: 'apartment',\n        initialCategories: '19',\n        initialTags: '',\n        postsPerPage: -1,\n        })\"\n             class=\"mx-auto flex flex-col items-center bg-inherit\"\n        >\n\t\t\t\n            <div x-show=\"noResults\" class=\"text-gray-500\">\n\t\t\t\tInga poster hittades            <\/div>\n\n            <div x-show=\"loading\" class=\"loading w-full h-[100px] self-start\"><\/div>\n\n            <div class=\"w-full grid sm:grid-cols-2 lg:grid-cols-3 gap-5 md:gap-8 xxl:gap-10 room_card\">\n                <template x-for=\"post in posts\" :key=\"post.id\">\n\t\t\t\t\t<a\n    x-bind:href=\"post.url\"\n    x-bind:aria-label=\"post.title\"\n    x-bind:target=\"post.target\"\n    class=\"group flex flex-col items-start gap-y-spacing-10 h-full bg-inherit overflow-hidden no-underline\"\n>\n    <div class=\"relative aspect-[8\/5] w-full rounded-lg overflow-hidden\">\n        <div x-html=\"post.thumbnail\"><\/div>\n        <div class=\"absolute inset-0 pointer-events-none bg-black opacity-20 xl:group-hover:opacity-0 transition-all duration-300\"><\/div>\n        <button\n            x-data\n            @click.prevent=\"$store.flyouts.openRoom(post.id)\"\n            :class=\"{ 'loading': $store.flyouts.roomLoading &#038;&#038; $store.flyouts.roomPostId == post.id }\"\n            class=\"icon-eye hidden xl:block absolute left-1\/2 bottom-1\/2 -translate-x-1\/2 translate-y-full rounded-full bg-white shadow-button h-12 w-12 text-[24px] opacity-0 hover:scale-110 group-hover:translate-y-1\/2 group-hover:opacity-100 transition-all duration-300\"\n        ><\/button>\n        <div class=\"absolute top-spacing-10 left-spacing-10 flex flex-wrap gap-2\">\n            <div class=\"chip bg-brand-100\" x-show=\"post.tag\" x-text=\"post.tag\"><\/div>\n        <\/div>\n    <\/div>\n\n    <div class=\"flex flex-col items-start flex-1\">\n        <h3 class=\"has-medium-font-size font-medium xl:group-hover:underlined\" x-html=\"post.title\"><\/h3>\n        <template x-if=\"post.size || post.number_of_people || post.time\">\n            <div class=\"flex flex-wrap gap-2 mt-spacing-10\">\n                <template x-if=\"post.time\">\n                    <div class=\"chip big text-brand-400 border border-brand-400\">\n                        <i class=\"icon-clock text-[18px]\"><\/i>\n                        <span x-text=\"post.time\"><\/span>\n                    <\/div>\n                <\/template>\n                <template x-if=\"post.size\">\n                    <div class=\"chip big text-brand-400 border border-brand-400\">\n                        <i class=\"icon-size text-[18px]\"><\/i>\n                        <span x-text=\"post.size + ' kvm'\"><\/span>\n                    <\/div>\n                <\/template>\n                <template x-if=\"post.number_of_people\">\n                    <div class=\"chip big text-brand-400 border border-brand-400\">\n                        <i class=\"icon-user text-[18px]\"><\/i>\n                        <span x-text=\"post.number_of_people + (post.number_of_people == 1 ? ' person' : ' personer')\"><\/span>\n                    <\/div>\n                <\/template>\n            <\/div>\n        <\/template>\n            <\/div>\n<\/a>\n                <\/template>\n            <\/div>\n\n\t\t\t\n        <\/div>\n    <\/div>\n\t<\/div>\n<\/div>\n\n\t<\/div>\n\n\t<\/div>\n\n\n\n<div class=\"wp-block-columns has-2-columns alignfull are-vertically-aligned-center noice\" style=\"column-gap: var(--wp--preset--spacing--80); row-gap: var(--wp--preset--spacing--30); padding-top:var(--wp--preset--spacing--60);padding-bottom:var(--wp--preset--spacing--60)\">\n<div class=\"wp-block-column is-vertically-aligned-center stick\">\t<div \t\tclass=\"media-container aspect-square    \"\n\t\t\t>\n\t\t<img loading=\"lazy\" decoding=\"async\" width=\"1024\" height=\"683\" src=\"https:\/\/www.freyshotels.com\/corner\/wp-content\/uploads\/2026\/04\/corner_hotel_moules_frites_scaled-1024x683.jpg\" class=\"absolute h-full w-full object-cover rounded-2xl image-center-center\" alt=\"\" sizes=\"auto, (min-width: 1024px) 1600px, 1024px\" data-sizes=\"auto\" srcset=\"https:\/\/www.freyshotels.com\/corner\/wp-content\/uploads\/2026\/04\/corner_hotel_moules_frites_scaled-1024x683.jpg 1024w, https:\/\/www.freyshotels.com\/corner\/wp-content\/uploads\/2026\/04\/corner_hotel_moules_frites_scaled-300x200.jpg 300w, https:\/\/www.freyshotels.com\/corner\/wp-content\/uploads\/2026\/04\/corner_hotel_moules_frites_scaled-768x512.jpg 768w, https:\/\/www.freyshotels.com\/corner\/wp-content\/uploads\/2026\/04\/corner_hotel_moules_frites_scaled-1536x1024.jpg 1536w, https:\/\/www.freyshotels.com\/corner\/wp-content\/uploads\/2026\/04\/corner_hotel_moules_frites_scaled.jpg 1920w\" \/>\t<\/div>\n\t<\/div>\n\n\n\n<div class=\"wp-block-column is-vertically-aligned-center\">\n<p class=\"has-brand-400-color has-text-color has-link-color has-script-medium-font-size wp-elements-74a6c371b10781057b34f91c0e7cb9a7\">Restaurang<\/p>\n\n\n\n<h2 class=\"wp-block-heading has-brand-600-color has-text-color has-link-color has-h-3-font-size wp-elements-60c70844b78436b0ab5b91e557d8f66e\">h\u00f6rnans belgobar<\/h2>\n\n\n\n<p class=\"has-brand-600-color has-text-color has-link-color wp-elements-3a2bd73354950e7cae3c56e3eb014d60\">V\u00e4lkommen till H\u00f6rnans Belgobar \u2013 en restaurang med fokus p\u00e5 belgiska smaker, god mat och ett brett utbud av \u00f6l. <br><br>H\u00e4r m\u00f6ts du av en varm och avslappnad atmosf\u00e4r, oavsett om du bor p\u00e5 hotellet eller tittar f\u00f6rbi f\u00f6r middag i Vasastan.<\/p>\n\n\n\n<div class=\"wp-block-buttons\">\n<div class=\"wp-block-button is-style-fill\"><a class=\"wp-block-button__link has-brand-500-background-color has-background wp-element-button\" href=\"https:\/\/www.freyshotels.com\/corner\/restaurang\/\" target=\"_blank\" rel=\"noreferrer noopener\">l\u00e4s mer om h\u00f6rnans belgobar<\/a><\/div>\n<\/div>\n<\/div>\n<\/div>\n\n\n\n<div class=\"wp-block-group alignfull noice has-brand-200-background-color has-background\" style=\"padding-top:var(--wp--preset--spacing--60);padding-bottom:var(--wp--preset--spacing--60)\">\n<h2 class=\"wp-block-heading has-text-align-center has-brand-500-color has-text-color has-link-color wp-elements-404999a4f765777f2879f96034586023\">V\u00e5ra f\u00f6retags\u00ad\u00adbost\u00e4der i vasastan<\/h2>\n\n\n\n<div class=\"wp-block-columns has-2-columns narrow\" style=\"column-gap: var(--wp--preset--spacing--50); row-gap: var(--wp--preset--spacing--20); margin-top:var(--wp--preset--spacing--40)\">\n<div class=\"wp-block-column\">\n<p class=\"has-small-font-size\">Totalt finns 11 m\u00f6blerade l\u00e4genheter i centrala Stockholm som vi hyr ut till f\u00f6retag Nio av dessa ligger i samma fastighet som Corner\u00a0Hotel\u00a0p\u00e5 R\u00e5dmansgatan 67 i Vasastan, endast ett stenkast fr\u00e5n Drottninggatan \u2013 en central gata f\u00f6r shopping, n\u00f6jen och restauranger i Stockholm. De \u00f6vriga tv\u00e5 \u00e4r bel\u00e4gna p\u00e5 Rehnsgatan 24, i direkt anslutning till Sveav\u00e4gen n\u00e4ra Odenplan.\u00a0Samtliga l\u00e4genheter \u00e4r smakfullt och hemtrevligt inredda samt utrustade med k\u00f6k eller pentry, k\u00f6ksutrustning, fritt\u00a0wifi, strykj\u00e4rn, s\u00e4nglinne och handdukar s\u00e5 att du kan k\u00e4nna dig som hemma.\u00a0<\/p>\n<\/div>\n\n\n\n<div class=\"wp-block-column\">\n<p class=\"has-small-font-size\">St\u00e4dning ing\u00e5r en g\u00e5ng i veckan och d\u00e5 ing\u00e5r \u00e4ven byte av s\u00e4nglinne och handdukar.&nbsp;<\/p>\n\n\n\n<p class=\"has-small-font-size\">Som g\u00e4st hos oss p\u00e5&nbsp;Corner&nbsp;Hotel&nbsp;ing\u00e5r \u00e4ven tr\u00e4ning p\u00e5 Wasa Club utan extra kostnad, mot uppvisande av nyckel samt boendedatum \u2013 ett n\u00e4rliggande gym i tv\u00e5 v\u00e5ningar d\u00e4r du ocks\u00e5 kan boka squash, tr\u00e4ning med PT och massage mot betalning.&nbsp;<\/p>\n<\/div>\n<\/div>\n<\/div>\n","protected":false},"excerpt":{"rendered":"<p>En lugn och ljus enrumsl\u00e4genhet centralt bel\u00e4gen p\u00e5 R\u00e5dmansgatan 67 i Vasastan.<\/p>\n","protected":false},"featured_media":1446,"menu_order":10,"template":"","meta":{"_acf_changed":false,"footnotes":""},"apartment_category":[17],"apartment_tag":[],"class_list":["post-421","apartment","type-apartment","status-publish","has-post-thumbnail","hentry"],"acf":[],"publishpress_future_workflow_manual_trigger":{"enabledWorkflows":[]},"_links":{"self":[{"href":"https:\/\/www.freyshotels.com\/corner\/wp-json\/wp\/v2\/apartment\/421","targetHints":{"allow":["GET"]}}],"collection":[{"href":"https:\/\/www.freyshotels.com\/corner\/wp-json\/wp\/v2\/apartment"}],"about":[{"href":"https:\/\/www.freyshotels.com\/corner\/wp-json\/wp\/v2\/types\/apartment"}],"version-history":[{"count":30,"href":"https:\/\/www.freyshotels.com\/corner\/wp-json\/wp\/v2\/apartment\/421\/revisions"}],"predecessor-version":[{"id":1021,"href":"https:\/\/www.freyshotels.com\/corner\/wp-json\/wp\/v2\/apartment\/421\/revisions\/1021"}],"wp:featuredmedia":[{"embeddable":true,"href":"https:\/\/www.freyshotels.com\/corner\/wp-json\/"}],"wp:attachment":[{"href":"https:\/\/www.freyshotels.com\/corner\/wp-json\/wp\/v2\/media?parent=421"}],"wp:term":[{"taxonomy":"apartment_category","embeddable":true,"href":"https:\/\/www.freyshotels.com\/corner\/wp-json\/wp\/v2\/apartment_category?post=421"},{"taxonomy":"apartment_tag","embeddable":true,"href":"https:\/\/www.freyshotels.com\/corner\/wp-json\/wp\/v2\/apartment_tag?post=421"}],"curies":[{"name":"wp","href":"https:\/\/api.w.org\/{rel}","templated":true}]}}