{"id":665,"date":"2026-04-20T06:11:54","date_gmt":"2026-04-20T06:11:54","guid":{"rendered":"https:\/\/www.freyshotels.com\/corner\/?post_type=conference_offer&#038;p=665"},"modified":"2026-04-23T20:03:03","modified_gmt":"2026-04-23T20:03:03","slug":"digitala-moten-och-events","status":"publish","type":"conference_offer","link":"https:\/\/www.freyshotels.com\/corner\/konferens-stockholm\/konferenspaket\/digitala-moten-och-events\/","title":{"rendered":"Digitala m\u00f6ten och events"},"content":{"rendered":"\n<div style=\"aspect-ratio:auto; justify-content:center; padding-top:var(--wp--preset--spacing--60);padding-bottom:var(--wp--preset--spacing--80);background-image:url(&apos;https:\/\/www.freyshotels.com\/corner\/wp-content\/uploads\/2026\/03\/bg-black.svg&apos;);background-position:50% 50%;background-size:1000px;\" class=\"alignfull wp-elements-b41da03b65582a7d45cbdf09e50b24ca wp-block-create-block-tankbar-multiblock has-text-color has-white-color has-background has-brand-500-background-color\">\n\n\t<div class=\"multiblock-bg\">\n\n\t\n\t\n\t\n\t\t\t<div class=\"multiblock-overlay overlay absolute inset-0 has-brand-500-background-color\" style=\"opacity:0.75;\"><\/div>\n\t\n\t\t\t<div class=\"multiblock-overlay-gradient absolute inset-0 overlay-gradient gradient-bottom\" style=\" background: linear-gradient(180deg, rgba(var(--brand-500), 0) 0%, rgba(var(--brand-500), 1) 60%);\"><\/div>\n\t\n\t<\/div><!-- .multiblock-bg -->\n\n\t<div class=\"multiblock-inner\">\n\t\t\n\n<div style=\"aspect-ratio:16\/9; justify-content:flex-end; border-top-left-radius:8px;border-top-right-radius:8px; padding-top:var(--wp--preset--spacing--50);padding-bottom:var(--wp--preset--spacing--50);padding-left:var(--wp--preset--spacing--60);padding-right:var(--wp--preset--spacing--60);\" class=\"align wp-block-create-block-tankbar-multiblock has-text-color has-background\">\n\n\t<div class=\"multiblock-bg\">\n\n\t\t\t\t<div class=\"absolute inset-0 image-center-center\">\n\t\t\t\t<img decoding=\"async\" class=\"h-full w-full object-cover\" src=\"https:\/\/www.freyshotels.com\/corner\/wp-content\/uploads\/2026\/04\/freys_hotel_livestudio_hybridmote.jpg\" alt=\"Digitala m\u00f6ten och events\" \/>\n\t\t\t<\/div>\n\t\t\t\n\t\n\t\n\t\n\t\t\t<div class=\"multiblock-overlay-gradient absolute inset-0 overlay-gradient gradient-bottom\" style=\" background: linear-gradient(180deg, rgba(var(--black), 0) 0%, rgba(var(--black), 0.4) 60%);\"><\/div>\n\t\n\t<\/div><!-- .multiblock-bg -->\n\n\t<div class=\"multiblock-inner\">\n\t\t\n\n<p class=\"has-gold-400-color has-text-color has-link-color has-script-normal-font-size wp-elements-8f0419a45097fe607c497c4340ef2e24\">Konferenspaket<\/p>\n\n\n\n<h1 class=\"wp-block-heading\">Digitala m\u00f6ten och videokonferens\u00a0<\/h1>\n\n\t<\/div>\n\n\t<\/div>\n\n\n\n<div class=\"wp-block-group has-brand-100-background-color has-background\" style=\"border-bottom-left-radius:8px;border-bottom-right-radius:8px;padding-top:var(--wp--preset--spacing--50);padding-right:var(--wp--preset--spacing--60);padding-bottom:var(--wp--preset--spacing--50);padding-left:var(--wp--preset--spacing--60)\">\n<div class=\"wp-block-columns has-2-columns conf-room-content\" style=\"column-gap: var(--wp--preset--spacing--60); row-gap: var(--wp--preset--spacing--40);\">\n<div class=\"wp-block-column\">\n<h2 class=\"wp-block-heading has-h-4-font-size\" style=\"margin-bottom:var(--wp--preset--spacing--20)\">Digitala m\u00f6ten och videokonferens i centrala Stockholm <\/h2>\n\n\n\n<p class=\"has-medium-font-size\">Digitala m\u00f6ten och videokonferenser \u00e4r idag en sj\u00e4lvklar del av arbetslivet och g\u00f6r det m\u00f6jligt att m\u00f6tas p\u00e5 nya s\u00e4tt \u2013 oavsett var deltagarna befinner sig. P\u00e5 Corner&nbsp;Hotel&nbsp;erbjuder vi smidiga l\u00f6sningar f\u00f6r b\u00e5de digitala och hybrida m\u00f6ten i en lugn och fokuserad milj\u00f6 i Vasastan.&nbsp;<\/p>\n\n\n\n<p>H\u00e4r kombinerar ni enkelt m\u00f6ten p\u00e5 plats med digital n\u00e4rvaro. Samtidigt som delar av gruppen samlas i v\u00e5ra konferensrum kan \u00f6vriga deltagare ansluta online \u2013 en flexibel l\u00f6sning som passar dagens arbetss\u00e4tt.&nbsp;<\/p>\n<\/div>\n\n\n\n<div class=\"wp-block-column\">\n<h2 class=\"wp-block-heading has-h-4-font-size\">Hybridm\u00f6te \u2013 m\u00f6t upp b\u00e5de fysiskt och digitalt\u00a0<\/h2>\n\n\n\n<p>Hos oss \u00e4r det enkelt att skapa m\u00f6ten d\u00e4r alla kan delta p\u00e5 sina villkor. V\u00e5ra konferensrum l\u00e4mpar sig v\u00e4l f\u00f6r hybridm\u00f6ten d\u00e4r teknik och milj\u00f6 samspelar f\u00f6r ett tydligt och engagerande m\u00f6te.&nbsp;<\/p>\n\n\n\n<p>Vi erbjuder utrustning som vidvinkelkamera, extern mikrofon och dator, vilket s\u00e4kerst\u00e4ller att alla deltagare b\u00e5de syns och h\u00f6rs tydligt. F\u00f6r dig som vill ha en smidig start finns \u00e4ven alternativ d\u00e4r allt \u00e4r f\u00f6rberett inf\u00f6r m\u00f6tet.&nbsp;<\/p>\n\n\n\n<div class=\"wp-block-buttons\">\n<div class=\"wp-block-button is-style-outline is-style-outline--1\"><a class=\"wp-block-button__link wp-element-button\" href=\"#digitala-losningar\">se v\u00e5ra olika l\u00f6sningar<\/a><\/div>\n<\/div>\n\n\n\t<div\n\t\t\t\tclass=\"   \"\n\t\tstyle=\"margin-top: var(--wp--preset--spacing--20);\"\t>\n\t\t<div class=\"flex flex-col\">\n\t\t\t\t\t\t\t\t<a\n\t\t\t\t\t\tclass=\"w-full no-underline group py-3 md:py-4 mt-3 first:mt-0 border-b flex items-center\"\n\t\t\t\t\t\thref=\"https:\/\/www.freyshotels.com\/corner\/konferens-stockholm\/konferensmaltider\/\"\n\t\t\t\t\t\taria-label=\"Konferensm\u00e5ltider\"\n\t\t\t\t\t\ttarget=\"_blank\"\n\t\t\t\t\t\tstyle=\"color:#1E1E1E; border-color:#1E1E1E;\"\n\t\t\t\t\t>\n\t\t\t\t\t\t<span>Konferensm\u00e5ltider<\/span>\n\t\t\t\t\t\t<i class=\"icon-arrow relative ml-auto flex items-center justify-center text-[24px] right-0 transition-menu-buttons xl:group-hover:-right-1.5\"><\/i>\n\t\t\t\t\t<\/a>\n\t\t\t\t\t\t\t\t\t\t<a\n\t\t\t\t\t\tclass=\"w-full no-underline group py-3 md:py-4 mt-3 first:mt-0 border-b flex items-center\"\n\t\t\t\t\t\thref=\"https:\/\/www.freyshotels.com\/freys\/wp-content\/uploads\/2026\/04\/Grupp-och-konferensmeny-2026.pdf\"\n\t\t\t\t\t\taria-label=\"Konferens &#038; gruppmenyer\"\n\t\t\t\t\t\ttarget=\"_blank\"\n\t\t\t\t\t\tstyle=\"color:#1E1E1E; border-color:#1E1E1E;\"\n\t\t\t\t\t>\n\t\t\t\t\t\t<span>Konferens &#038; gruppmenyer<\/span>\n\t\t\t\t\t\t<i class=\"icon-arrow relative ml-auto flex items-center justify-center text-[24px] right-0 transition-menu-buttons xl:group-hover:-right-1.5\"><\/i>\n\t\t\t\t\t<\/a>\n\t\t\t\t\t\t\t\t\t\t<a\n\t\t\t\t\t\tclass=\"w-full no-underline group py-3 md:py-4 mt-3 first:mt-0 border-b flex items-center\"\n\t\t\t\t\t\thref=\"https:\/\/www.freyshotels.com\/freys\/wp-content\/uploads\/2026\/04\/Buffer-och-mingelmat-2026.pdf\"\n\t\t\t\t\t\taria-label=\"Buff\u00e9er &#038; mingelmat\"\n\t\t\t\t\t\ttarget=\"_blank\"\n\t\t\t\t\t\tstyle=\"color:#1E1E1E; border-color:#1E1E1E;\"\n\t\t\t\t\t>\n\t\t\t\t\t\t<span>Buff\u00e9er &#038; mingelmat<\/span>\n\t\t\t\t\t\t<i class=\"icon-arrow relative ml-auto flex items-center justify-center text-[24px] right-0 transition-menu-buttons xl:group-hover:-right-1.5\"><\/i>\n\t\t\t\t\t<\/a>\n\t\t\t\t\t\t\t<\/div>\n\t<\/div>\n\t<\/div>\n<\/div>\n\n\n\n<div style=\"aspect-ratio:auto; justify-content:center; border-top-left-radius:8px;border-top-right-radius:8px;border-bottom-left-radius:8px;border-bottom-right-radius:8px; padding-top:var(--wp--preset--spacing--40);padding-bottom:var(--wp--preset--spacing--40);padding-left:var(--wp--preset--spacing--40);padding-right:var(--wp--preset--spacing--40);margin-bottom:0;margin-top:var(--wp--preset--spacing--50);background-image:url(&apos;https:\/\/www.freyshotels.com\/corner\/wp-content\/uploads\/2026\/03\/bg-black.svg&apos;);background-position:50% 50%;background-size:650px;background-attachment:scroll;\" class=\"align booking-banner wp-block-create-block-tankbar-multiblock has-text-color has-background has-brand-500-background-color\">\n\n\t<div class=\"multiblock-bg\">\n\n\t\n\t\n\t\n\t\t\t<div class=\"multiblock-overlay overlay absolute inset-0 has-brand-500-background-color\" style=\"opacity:0.75;\"><\/div>\n\t\n\t\n\t<\/div><!-- .multiblock-bg -->\n\n\t<div class=\"multiblock-inner\">\n\t\t\n\n<div class=\"wp-block-columns has-2-columns is-not-stacked-on-mobile booking-banner\" style=\"column-gap: var(--wp--preset--spacing--20);\">\n<div class=\"wp-block-column is-vertically-aligned-top overflow-hidden has-border-color has-brand-400-border-color\" style=\"border-width:2px;border-top-left-radius:50px;border-top-right-radius:50px;border-bottom-left-radius:50px;border-bottom-right-radius:50px;flex-basis:100px\">\n<figure class=\"wp-block-image size-thumbnail\"><img decoding=\"async\" src=\"https:\/\/www.freyshotels.com\/corner\/wp-content\/uploads\/2026\/04\/konferensteam_freys-hotels_-150x150.jpg\" alt=\"\" class=\"wp-image-1734\"\/><\/figure>\n<\/div>\n\n\n\n<div class=\"wp-block-column is-vertically-aligned-center\">\n<div class=\"wp-block-columns has-2-columns has-2-columns are-vertically-aligned-center\" style=\"row-gap: var(--wp--preset--spacing--30);\">\n<div class=\"wp-block-column is-vertically-aligned-center\">\n<h2 class=\"wp-block-heading has-h-3-font-size\">\u00c4r du reda att boka?<\/h2>\n\n\n\n<p style=\"margin-top:8px\">Skicka din f\u00f6rfr\u00e5gan s\u00e5 hj\u00e4lper vi dig med din bokning.<\/p>\n<\/div>\n\n\n\n<div class=\"wp-block-column is-vertically-aligned-center booking-button-col\">    <div\n                class=\"flex gap-spacing-10 flex-wrap    \"\n            >\n                                    <button\n                data-flyout-toggle=\"booking-conference\"\n                aria-label=\"Konferensf\u00f6rfr\u00e5gan\"\n                class=\"wp-block-button__link has-background has-gold-500-background-color\"\n            >\n                Konferensf\u00f6rfr\u00e5gan\n            <\/button>\n                    <\/div>\n<\/div>\n<\/div>\n<\/div>\n<\/div>\n\n\t<\/div>\n\n\t<\/div>\n<\/div>\n\n\t<\/div>\n\n\t<\/div>\n\n\n\n<div class=\"wp-block-group alignfull noice has-brand-200-background-color has-background\" style=\"padding-top:var(--wp--preset--spacing--60);padding-bottom:var(--wp--preset--spacing--60)\">\n<h2 class=\"wp-block-heading has-h-3-font-size\">v\u00e5ra l\u00f6sningar<\/h2>\n\n\n\n<div class=\"wp-block-columns has-3-columns\" style=\"column-gap: var(--wp--preset--spacing--50); row-gap: var(--wp--preset--spacing--40); margin-top:var(--wp--preset--spacing--20)\">\n<div class=\"wp-block-column\">\n<p><strong>G\u00f6r det sj\u00e4lv&nbsp;<br><\/strong>Hyra av vidvinkelkamera med extern mikrofon som kopplas till er egen dator. Ni ansvarar sj\u00e4lva f\u00f6r installation av videokonferensprogram samt att skapa och dela m\u00f6tesl\u00e4nk.&nbsp;<br>Teknisk support ing\u00e5r inte i detta alternativ.&nbsp;<\/p>\n\n\n\n<div class=\"wp-block-group has-border-color has-neutral-200-border-color\" style=\"border-width:1px;border-top-left-radius:12px;border-top-right-radius:12px;border-bottom-left-radius:12px;border-bottom-right-radius:12px;margin-top:var(--wp--preset--spacing--20);padding-top:var(--wp--preset--spacing--20);padding-right:var(--wp--preset--spacing--20);padding-bottom:var(--wp--preset--spacing--20);padding-left:var(--wp--preset--spacing--20)\">\n<h2 class=\"wp-block-heading has-h-5-font-size\" style=\"margin-bottom:8px\">Pris per dag<\/h2>\n\n\n\n<p style=\"margin-top:0\">1 200 kr exkl. moms&nbsp;<br>1 500 kr inkl. moms<\/p>\n<\/div>\n<\/div>\n\n\n\n<div class=\"wp-block-column\">\n<p><strong>Helhetsl\u00f6sning<\/strong>&nbsp;<br>Hyra av vidvinkelkamera, extern mikrofon, dator samt f\u00e4rdig m\u00f6tesl\u00e4nk att skicka till deltagarna. Uppstartshj\u00e4lp ing\u00e5r s\u00e5 att allt fungerar smidigt inf\u00f6r&nbsp;m\u00f6tet. L\u00e4nken fungerar direkt i webbl\u00e4sare utan behov av installerade program. <\/p>\n\n\n\n<div class=\"wp-block-group has-border-color has-neutral-200-border-color\" style=\"border-width:1px;border-top-left-radius:12px;border-top-right-radius:12px;border-bottom-left-radius:12px;border-bottom-right-radius:12px;margin-top:var(--wp--preset--spacing--20);padding-top:var(--wp--preset--spacing--20);padding-right:var(--wp--preset--spacing--20);padding-bottom:var(--wp--preset--spacing--20);padding-left:var(--wp--preset--spacing--20)\">\n<h2 class=\"wp-block-heading has-h-5-font-size\" style=\"margin-bottom:8px\">Pris per dag<\/h2>\n\n\n\n<p style=\"margin-top:0\">1 500 kr exkl. moms&nbsp;<br>1 875 kr inkl. moms<\/p>\n<\/div>\n<\/div>\n\n\n\n<div class=\"wp-block-column\">\n<p><strong>Tekniker p\u00e5 plats<\/strong><br>F\u00f6r mer avancerade produktioner erbjuder vi, i samarbete med en etablerad leverant\u00f6r, l\u00f6sningar med&nbsp;h\u00f6g teknisk&nbsp;niv\u00e5 \u2013 upp till TV-produktionskvalitet.&nbsp;Detta passar exempelvis st\u00f6rre presentationer, f\u00f6rel\u00e4sningar eller event med m\u00e5nga deltagare.<\/p>\n\n\n\n<div class=\"wp-block-group has-border-color has-neutral-200-border-color\" style=\"border-width:1px;border-top-left-radius:12px;border-top-right-radius:12px;border-bottom-left-radius:12px;border-bottom-right-radius:12px;margin-top:var(--wp--preset--spacing--20);padding-top:var(--wp--preset--spacing--20);padding-right:var(--wp--preset--spacing--20);padding-bottom:var(--wp--preset--spacing--20);padding-left:var(--wp--preset--spacing--20)\">\n<p style=\"margin-top:0\"><strong>Pris l\u00e4mnas p\u00e5 f\u00f6rfr\u00e5gan beroende p\u00e5 uppl\u00e4gg och behov.<\/strong><\/p>\n<\/div>\n<\/div>\n<\/div>\n<\/div>\n\n\n\n<div class=\"wp-block-group alignfull noice has-brand-100-background-color has-background\" id=\"digitala-losningar\" style=\"padding-top:var(--wp--preset--spacing--60);padding-bottom:var(--wp--preset--spacing--60)\">\n<div class=\"wp-block-columns has-2-columns are-vertically-aligned-bottom is-not-stacked-on-mobile wrap-none\" style=\"column-gap: var(--wp--preset--spacing--40); row-gap: var(--wp--preset--spacing--20);\">\n<div class=\"wp-block-column is-vertically-aligned-bottom\">\n<h2 class=\"wp-block-heading has-h-3-font-size\">Fler konferenspaket<\/h2>\n\n\n\n<p class=\"has-text-align-center\">Vi erbjuder flera olika konferenspaket \u2013 fr\u00e5n frukostm\u00f6te och dagkonferens till konferenser med \u00f6vernattning eller helpension. Du kan \u00e4ven boka Office by the&nbsp;hour, ett flexibelt klippkort f\u00f6r konferensrum och kontor per timme. Sj\u00e4lvklart finns f\u00f6rstklassig teknik f\u00f6r digitala m\u00f6ten och events.&nbsp;<\/p>\n<\/div>\n\n\n\n<div class=\"wp-block-column is-vertically-aligned-bottom\">\n<div class=\"wp-block-buttons\" style=\"justify-content: flex-end;\">\n<div class=\"wp-block-button is-style-outline is-style-outline--2\"><a class=\"wp-block-button__link has-black-background-color has-background wp-element-button\" href=\"\/freys\/konferens-stockholm\/konferenspaket\/\">Visa alla<\/a><\/div>\n<\/div>\n<\/div>\n<\/div>\n\n\n    <div\n\t\t        class=\"weglot-translate has-normal-font-size    \"\n\t\tstyle=\"margin-top: var(--wp--preset--spacing--40);\"    >\n        <div x-data=\"loadMorePosts({\n        currentPost: '665',\n        postType: 'conference_offer',\n        initialCategories: '',\n        initialTags: '',\n        postsPerPage: -1,\n        })\"\n             class=\"mx-auto flex flex-col items-center bg-inherit\"\n        >\n\t\t\t\n            <div x-show=\"noResults\" class=\"text-gray-500\">\n\t\t\t\tInga poster hittades            <\/div>\n\n            <div x-show=\"loading\" class=\"loading w-full h-[100px] self-start\"><\/div>\n\n            <div class=\"w-full grid sm:grid-cols-2 gap-5 md:gap-8 xxl:gap-10 img_text_card\">\n                <template x-for=\"post in posts\" :key=\"post.id\">\n\t\t\t\t\t<a\n    x-bind:href=\"post.url\"\n    x-bind:aria-label=\"post.title\"\n    x-bind:target=\"post.target\"\n    class=\"relative group overflow-hidden no-underline flex flex-col\"\n>\n    <div class=\"relative aspect-[8\/5] overflow-hidden rounded-xl\">\n        <div x-html=\"post.thumbnail\"><\/div>\n        <div class=\"absolute top-spacing-10 left-spacing-10 flex flex-wrap gap-2\">\n            <div class=\"chip bg-brand-100\" x-show=\"post.tag\" x-text=\"post.tag\"><\/div>\n        <\/div>\n    <\/div>\n    <div class=\"has-small-font-size flex-1 pt-spacing-10\" >\n                    <div class=\"mb-0.5\" x-text=\"post.post_type\"><\/div>\n                <h3 class=\"has-medium-font-size font-medium xl:group-hover:underlined\" x-text=\"post.title\"><\/h3>\n                    <\/div>\n<\/a>                <\/template>\n            <\/div>\n\n\t\t\t                <button x-show=\"hasMore\" :class=\"{ 'loading': loading }\" x-on:click=\"loadMore()\" :disabled=\"loading\" aria-label=\"Visa fler\" class=\"mt-spacing-40 wp-block-button__link is-style-outline has-background has-black-background-color\" style=\"display:none;\">\n\t\t\t\t\tVisa fler                <\/button>\n\t\t\t\t\n        <\/div>\n    <\/div>\n\t\n\n\n<div style=\"aspect-ratio:auto; justify-content:center; border-top-left-radius:8px;border-top-right-radius:8px;border-bottom-left-radius:8px;border-bottom-right-radius:8px; padding-top:var(--wp--preset--spacing--40);padding-bottom:var(--wp--preset--spacing--40);padding-left:var(--wp--preset--spacing--40);padding-right:var(--wp--preset--spacing--40);margin-bottom:0;margin-top:var(--wp--preset--spacing--50);background-image:url(&apos;https:\/\/www.freyshotels.com\/corner\/wp-content\/uploads\/2026\/03\/bg-black.svg&apos;);background-position:50% 50%;background-size:650px;background-attachment:scroll;\" class=\"align booking-banner wp-block-create-block-tankbar-multiblock has-text-color has-background has-brand-500-background-color\">\n\n\t<div class=\"multiblock-bg\">\n\n\t\n\t\n\t\n\t\t\t<div class=\"multiblock-overlay overlay absolute inset-0 has-brand-500-background-color\" style=\"opacity:0.75;\"><\/div>\n\t\n\t\n\t<\/div><!-- .multiblock-bg -->\n\n\t<div class=\"multiblock-inner\">\n\t\t\n\n<div class=\"wp-block-columns has-2-columns is-not-stacked-on-mobile booking-banner\" style=\"column-gap: var(--wp--preset--spacing--20);\">\n<div class=\"wp-block-column is-vertically-aligned-top overflow-hidden has-border-color has-brand-400-border-color\" style=\"border-width:2px;border-top-left-radius:50px;border-top-right-radius:50px;border-bottom-left-radius:50px;border-bottom-right-radius:50px;flex-basis:100px\">\n<figure class=\"wp-block-image size-thumbnail\"><img decoding=\"async\" src=\"https:\/\/www.freyshotels.com\/corner\/wp-content\/uploads\/2026\/04\/konferensteam_freys-hotels_-150x150.jpg\" alt=\"\" class=\"wp-image-1734\"\/><\/figure>\n<\/div>\n\n\n\n<div class=\"wp-block-column is-vertically-aligned-center\">\n<div class=\"wp-block-columns has-2-columns has-2-columns are-vertically-aligned-center\" style=\"row-gap: var(--wp--preset--spacing--30);\">\n<div class=\"wp-block-column is-vertically-aligned-center\">\n<h2 class=\"wp-block-heading has-h-3-font-size\">\u00c4r du reda att boka?<\/h2>\n\n\n\n<p style=\"margin-top:8px\">Skicka din f\u00f6rfr\u00e5gan s\u00e5 hj\u00e4lper vi dig med din bokning.<\/p>\n<\/div>\n\n\n\n<div class=\"wp-block-column is-vertically-aligned-center booking-button-col\">    <div\n                class=\"flex gap-spacing-10 flex-wrap    \"\n            >\n                                    <button\n                data-flyout-toggle=\"booking-conference\"\n                aria-label=\"Konferensf\u00f6rfr\u00e5gan\"\n                class=\"wp-block-button__link has-background has-gold-500-background-color\"\n            >\n                Konferensf\u00f6rfr\u00e5gan\n            <\/button>\n                    <\/div>\n<\/div>\n<\/div>\n<\/div>\n<\/div>\n\n\t<\/div>\n\n\t<\/div>\n<\/div>\n\n\n\n<div class=\"wp-block-group alignfull noice has-brand-100-background-color has-background\" style=\"padding-top:var(--wp--preset--spacing--80);padding-bottom:var(--wp--preset--spacing--80)\">    <div\n                class=\"   \"\n            >\n        <div class=\"w-full grid sm:grid-cols-2 gap-5 md:gap-8 xxl:gap-10 img_card\">    <a href=\"https:\/\/www.freyshotels.com\/corner\/konferens-stockholm\/konferenslokaler\/\"\n       aria-label=\"Konferenslokaler\"\n       class=\"relative group !flex flex-col h-full overflow-hidden no-underline text-white rounded-xl \"\n    >\n\n        <div class=\"absolute inset-0\">\n            <img loading=\"lazy\" decoding=\"async\" width=\"768\" height=\"512\" src=\"https:\/\/www.freyshotels.com\/corner\/wp-content\/uploads\/2026\/03\/konferenslokal_framgang_hotel_lilla_radmannen_-768x512.jpg\" class=\"absolute w-full h-full object-cover object-center\" alt=\"\" srcset=\"https:\/\/www.freyshotels.com\/corner\/wp-content\/uploads\/2026\/03\/konferenslokal_framgang_hotel_lilla_radmannen_-768x512.jpg 768w, https:\/\/www.freyshotels.com\/corner\/wp-content\/uploads\/2026\/03\/konferenslokal_framgang_hotel_lilla_radmannen_-300x200.jpg 300w, https:\/\/www.freyshotels.com\/corner\/wp-content\/uploads\/2026\/03\/konferenslokal_framgang_hotel_lilla_radmannen_-1024x683.jpg 1024w, https:\/\/www.freyshotels.com\/corner\/wp-content\/uploads\/2026\/03\/konferenslokal_framgang_hotel_lilla_radmannen_-1536x1024.jpg 1536w, https:\/\/www.freyshotels.com\/corner\/wp-content\/uploads\/2026\/03\/konferenslokal_framgang_hotel_lilla_radmannen_.jpg 1920w\" sizes=\"auto, (max-width: 768px) 100vw, 768px\" \/>        <\/div>\n\n        <div class=\"absolute inset-0 pointer-events-none bg-gradient-to-r from-black\/40 to-black\/20 opacity-100 xl:group-hover:opacity-70 transition-all duration-300\"><\/div>\n\n        <div class=\"relative p-spacing-40 flex-1 flex flex-col items-start maxxl:!aspect-auto maxlg:!py-spacing-80 xl:aspect-[4\/3]\">\n            <div class=\"relative h-full flex flex-col items-center text-center justify-center lg:justify-start lg:items-start lg:text-left\">\n                                <h3 class=\"uppercase xl:group-hover:underlined\">Konferenslokaler<\/h3>\n                <p class=\"mb-spacing-80\">V\u00e5ra konferensrum p\u00e5 Corner\u00a0Hotel\u00a0\u00e4r utformade f\u00f6r att skapa r\u00e4tt f\u00f6ruts\u00e4ttningar f\u00f6r allt fr\u00e5n mindre m\u00f6ten till st\u00f6rre konferenser och workshops. Varje rum har sin egen karakt\u00e4r, med en personlig inredning som bidrar till en inspirerande och trivsam m\u00f6tesmilj\u00f6.<\/p>\n                <div class=\"is-style-outline wp-block-button__link has-background has-white-background-color mt-auto\">L\u00e4s mer<\/div>\n            <\/div>\n        <\/div>\n    <\/a>\n        <a href=\"https:\/\/www.freyshotels.com\/corner\/konferens-stockholm\/konferensmaltider\/\"\n       aria-label=\"Konferensm\u00e5ltider\"\n       class=\"relative group !flex flex-col h-full overflow-hidden no-underline text-white rounded-xl \"\n    >\n\n        <div class=\"absolute inset-0\">\n            <img loading=\"lazy\" decoding=\"async\" width=\"768\" height=\"512\" src=\"https:\/\/www.freyshotels.com\/corner\/wp-content\/uploads\/2026\/04\/corner_hotel_konferensfika-1-768x512.jpg\" class=\"absolute w-full h-full object-cover object-center\" alt=\"\" srcset=\"https:\/\/www.freyshotels.com\/corner\/wp-content\/uploads\/2026\/04\/corner_hotel_konferensfika-1-768x512.jpg 768w, https:\/\/www.freyshotels.com\/corner\/wp-content\/uploads\/2026\/04\/corner_hotel_konferensfika-1-300x200.jpg 300w, https:\/\/www.freyshotels.com\/corner\/wp-content\/uploads\/2026\/04\/corner_hotel_konferensfika-1-1024x683.jpg 1024w, https:\/\/www.freyshotels.com\/corner\/wp-content\/uploads\/2026\/04\/corner_hotel_konferensfika-1-1536x1024.jpg 1536w, https:\/\/www.freyshotels.com\/corner\/wp-content\/uploads\/2026\/04\/corner_hotel_konferensfika-1.jpg 1920w\" sizes=\"auto, (max-width: 768px) 100vw, 768px\" \/>        <\/div>\n\n        <div class=\"absolute inset-0 pointer-events-none bg-gradient-to-r from-black\/40 to-black\/20 opacity-100 xl:group-hover:opacity-70 transition-all duration-300\"><\/div>\n\n        <div class=\"relative p-spacing-40 flex-1 flex flex-col items-start maxxl:!aspect-auto maxlg:!py-spacing-80 xl:aspect-[4\/3]\">\n            <div class=\"relative h-full flex flex-col items-center text-center justify-center lg:justify-start lg:items-start lg:text-left\">\n                                <h3 class=\"uppercase xl:group-hover:underlined\">Konferensm\u00e5ltider<\/h3>\n                <p class=\"mb-spacing-80\">Under er konferens p\u00e5 Corner Hotel erbjuder vi frukost, v\u00e4llagade m\u00e5ltider och fikapauser med b\u00e5de s\u00f6ta och salta inslag som ger ny energi genom hela m\u00f6tesdagen.<\/p>\n                <div class=\"is-style-outline wp-block-button__link has-background has-white-background-color mt-auto\">L\u00e4s mer<\/div>\n            <\/div>\n        <\/div>\n    <\/a>\n    <\/div>    <\/div>\n    <\/div>\n","protected":false},"excerpt":{"rendered":"<p>Digitala m\u00f6ten och events \u00e4r en naturlig del av dagens arbetsliv. Hos oss f\u00e5r ni en helhetsl\u00f6sning med personlig service, modern teknik och teknisk kompetens. <\/p>\n","protected":false},"featured_media":1182,"menu_order":30,"template":"","meta":{"_acf_changed":false,"footnotes":""},"conference_offer_category":[],"conference_offer_tag":[],"class_list":["post-665","conference_offer","type-conference_offer","status-publish","has-post-thumbnail","hentry"],"acf":[],"publishpress_future_action":{"enabled":false,"date":"2026-05-06 13:36:14","action":"change-status","newStatus":"draft","terms":[],"taxonomy":"conference_offer_category","extraData":[]},"publishpress_future_workflow_manual_trigger":{"enabledWorkflows":[]},"_links":{"self":[{"href":"https:\/\/www.freyshotels.com\/corner\/wp-json\/wp\/v2\/conference_offer\/665","targetHints":{"allow":["GET"]}}],"collection":[{"href":"https:\/\/www.freyshotels.com\/corner\/wp-json\/wp\/v2\/conference_offer"}],"about":[{"href":"https:\/\/www.freyshotels.com\/corner\/wp-json\/wp\/v2\/types\/conference_offer"}],"version-history":[{"count":5,"href":"https:\/\/www.freyshotels.com\/corner\/wp-json\/wp\/v2\/conference_offer\/665\/revisions"}],"predecessor-version":[{"id":1438,"href":"https:\/\/www.freyshotels.com\/corner\/wp-json\/wp\/v2\/conference_offer\/665\/revisions\/1438"}],"wp:featuredmedia":[{"embeddable":true,"href":"https:\/\/www.freyshotels.com\/corner\/wp-json\/"}],"wp:attachment":[{"href":"https:\/\/www.freyshotels.com\/corner\/wp-json\/wp\/v2\/media?parent=665"}],"wp:term":[{"taxonomy":"conference_offer_category","embeddable":true,"href":"https:\/\/www.freyshotels.com\/corner\/wp-json\/wp\/v2\/conference_offer_category?post=665"},{"taxonomy":"conference_offer_tag","embeddable":true,"href":"https:\/\/www.freyshotels.com\/corner\/wp-json\/wp\/v2\/conference_offer_tag?post=665"}],"curies":[{"name":"wp","href":"https:\/\/api.w.org\/{rel}","templated":true}]}}