{"id":1585,"date":"2026-04-24T12:15:50","date_gmt":"2026-04-24T12:15:50","guid":{"rendered":"https:\/\/www.freyshotels.com\/corner\/?post_type=conference_room&#038;p=1585"},"modified":"2026-04-28T12:24:22","modified_gmt":"2026-04-28T12:24:22","slug":"syfte-2","status":"publish","type":"conference_room","link":"https:\/\/www.freyshotels.com\/corner\/konferens-stockholm\/konferenslokaler\/syfte-2\/","title":{"rendered":"Syfte"},"content":{"rendered":"\n<div style=\"aspect-ratio:auto; justify-content:center; padding-top:var(--wp--preset--spacing--60);padding-bottom:var(--wp--preset--spacing--80);background-image:url(&apos;https:\/\/www.freyshotels.com\/corner\/wp-content\/uploads\/2026\/03\/bg-black.svg&apos;);background-position:50% 50%;background-size:1000px;\" class=\"alignfull wp-elements-ac3bdf58f6349b127fed35b05e0f7315 wp-block-create-block-tankbar-multiblock has-text-color has-white-color has-background has-brand-500-background-color\">\n\n\t<div class=\"multiblock-bg\">\n\n\t\n\t\n\t\n\t\t\t<div class=\"multiblock-overlay overlay absolute inset-0 has-brand-500-background-color\" style=\"opacity:0.75;\"><\/div>\n\t\n\t\t\t<div class=\"multiblock-overlay-gradient absolute inset-0 overlay-gradient gradient-bottom\" style=\" background: linear-gradient(180deg, rgba(var(--brand-500), 0) 0%, rgba(var(--brand-500), 1) 60%);\"><\/div>\n\t\n\t<\/div><!-- .multiblock-bg -->\n\n\t<div class=\"multiblock-inner\">\n\t\t\n\n<div style=\"aspect-ratio:16\/9; justify-content:flex-end; border-top-left-radius:8px;border-top-right-radius:8px; padding-top:var(--wp--preset--spacing--50);padding-bottom:var(--wp--preset--spacing--50);padding-left:var(--wp--preset--spacing--60);padding-right:var(--wp--preset--spacing--60);\" class=\"align wp-block-create-block-tankbar-multiblock has-text-color has-background\">\n\n\t<div class=\"multiblock-bg\">\n\n\t\t\t\t<div class=\"absolute inset-0 image-center-center\">\n\t\t\t\t<img decoding=\"async\" class=\"h-full w-full object-cover\" src=\"https:\/\/www.freyshotels.com\/corner\/wp-content\/uploads\/2026\/04\/corner_hotel_detalj_konferens.jpg\" alt=\"Syfte\" \/>\n\t\t\t<\/div>\n\t\t\t\n\t\n\t\n\t\n\t\t\t<div class=\"multiblock-overlay-gradient absolute inset-0 overlay-gradient gradient-bottom\" style=\" background: linear-gradient(180deg, rgba(var(--black), 0) 0%, rgba(var(--black), 0.4) 60%);\"><\/div>\n\t\n\t<\/div><!-- .multiblock-bg -->\n\n\t<div class=\"multiblock-inner\">\n\t\t\n\n<p class=\"has-gold-400-color has-text-color has-link-color has-script-normal-font-size wp-elements-fdd7abff9655394bd2ab0aecfd0d682a\">Konferenslokal<\/p>\n\n\n\n<h1 class=\"wp-block-heading\">syfte<\/h1>\n\n\t<\/div>\n\n\t<\/div>\n\n\n\n<div class=\"wp-block-group has-brand-100-background-color has-background\" style=\"border-bottom-left-radius:8px;border-bottom-right-radius:8px;padding-top:var(--wp--preset--spacing--50);padding-right:var(--wp--preset--spacing--60);padding-bottom:var(--wp--preset--spacing--50);padding-left:var(--wp--preset--spacing--60)\">\n<div class=\"wp-block-columns has-2-columns conf-room-content\" style=\"column-gap: var(--wp--preset--spacing--60); row-gap: var(--wp--preset--spacing--40);\">\n<div class=\"wp-block-column\">\t<div\n\t\t\t\tclass=\"   \"\n\t\t\t>\n\t\t<div class=\"flex flex-wrap gap-2 mt-3 mb-spacing-30\">\n            \t\t\t\t\t\t\t<div class=\"has-small-font-size text-brand-400 border border-brand-400 rounded-md py-1.5 px-3 flex items-center gap-x-2\">\n\t\t\t\t\t<i class=\"icon-size text-[20px]\"><\/i>\n\t\t\t\t\t15 kvm\n\t\t\t\t<\/div>\n\t\t\t\t\t\t\t\t\t\t<div class=\"has-small-font-size text-brand-400 border border-brand-400 rounded-md py-1.5 px-3 flex items-center gap-x-2\">\n\t\t\t\t\t<i class=\"icon-user text-[20px]\"><\/i>\n\t\t\t\t\t10 personer\t\t\t\t<\/div>\n\t\t\t                        \t\t<\/div>\n\t<\/div>\n\t\n\n\n<h3 class=\"wp-block-heading\">Konferensrum Syfte \u2013 <br>klassiskt m\u00f6tesrum<\/h3>\n\n\n\n<p class=\"has-medium-font-size\">Klassiskt och stramt m\u00f6tesrum med fast m\u00f6blering m\u00f6blering med ett stort bord och sk\u00f6na stolar p\u00e5 hjul. Passar styrelsem\u00f6ten och mindre konferenser. <strong>Lokalen \u00f6ppnar i oktober 2026 och g\u00e5r redan nu att boka.\u00a0<\/strong><\/p>\n\n\n\n<p><strong>Flexibla priser<\/strong>&nbsp;<br>P\u00e5 Corner&nbsp;Hotel&nbsp;erbjuder vi flexibla och konkurrenskraftiga priser \u00e5ret runt. Under utvalda perioder, s\u00e5som vissa m\u00e5ndagar, fredagar och skollov, finns m\u00f6jlighet att boka till extra f\u00f6rm\u00e5nliga priser. Samtliga konferenslokaler kan dessutom hyras per timme f\u00f6r \u00f6kad flexibilitet.&nbsp;<\/p>\n\n\n\n<p><strong>Teknisk utrustning <strong>\u2013 vad ing\u00e5r?<\/strong>&nbsp;<br><\/strong>V\u00e5ra lokaler \u00e4r utrustade med standardteknik f\u00f6r m\u00f6ten och presentationer. Ut\u00f6ver detta finns m\u00f6jlighet att hyra kompletterande teknik vid behov. Best\u00e4llning av extra utrustning g\u00f6rs senast tre dagar f\u00f6re ankomst och bekr\u00e4ftas i m\u00e5n av tillg\u00e4nglighet.&nbsp;<\/p>\n\n\n\n<p>Beh\u00f6ver ni s\u00e4rskilda l\u00f6sningar eller annan teknisk utrustning hj\u00e4lper vi g\u00e4rna till att se \u00f6ver m\u00f6jligheterna utifr\u00e5n era behov&nbsp;<\/p>\n<\/div>\n\n\n\n<div class=\"wp-block-column\">\n<h2 class=\"wp-block-heading has-h-4-font-size\" style=\"margin-bottom:var(--wp--preset--spacing--30)\">Specifikationer<\/h2>\n\n\n<div\n\t\tclass=\"   \"\n\t>\n\t<div>\n\t\t\t\t<div x-data=\"{ open: false }\" class=\"py-spacing-10 border-y border-black\/10\">\n\t\t\t<button x-on:click=\"open = ! open\" x-bind:class=\"open ? 'seatings-close text-brand-500' : 'seatings-open'\" aria-label=\"Visa m\u00f6jliga sittningar\" class=\"group w-full flex items-start justify-start gap-x-4 text-left has-medium-font-size\">\n\t\t\t\t<i class=\"icon-seating text-[32px]\"><\/i>\n\t\t\t\t<span class=\"self-center xl:group-hover:text-brand-500\">M\u00f6jliga sittningar<\/span>\n\t\t\t\t<i x-bind:class=\"open ? 'icon-minus' : 'icon-plus'\" class=\"flex items-center justify-center ml-auto size-10 bg-white rounded-full shadow-button text-[20px] text-neutral-600 focus:!shadow-button xl:hover:scale-110 transition-all duration-200\"><\/i>\n\t\t\t<\/button>\n\t\t\t<div x-cloak x-show=\"open\" class=\"mt-2\">\n\t\t\t\t<div class=\"py-3 md:py-4\">\n\t\t\t\t\t<div class=\"grid grid-cols-2 sm:grid-cols-3 gap-spacing-20\">\n            <div class=\"has-small-font-size\">\n            <i class=\"icon-seating-cinema text-[40px] text-gold-500\"><\/i>\n            <div class=\"font-semibold\">Biosittning<\/div>\n            <div>10 personer<\/div>\n        <\/div>\n                <div class=\"has-small-font-size\">\n            <i class=\"icon-seating-board text-[40px] text-gold-500\"><\/i>\n            <div class=\"font-semibold\">Styrelsesittning<\/div>\n            <div>10 personer<\/div>\n        <\/div>\n                <div class=\"has-small-font-size\">\n            <i class=\"icon-seating-classroom text-[40px] text-gold-500\"><\/i>\n            <div class=\"font-semibold\">Skolsittning<\/div>\n            <div>10 personer<\/div>\n        <\/div>\n                <div class=\"has-small-font-size\">\n            <i class=\"icon-seating-u-table text-[40px] text-gold-500\"><\/i>\n            <div class=\"font-semibold\">U-bord<\/div>\n            <div>10 personer<\/div>\n        <\/div>\n        <\/div>\n\t\t\t\t<\/div>\n\t\t\t<\/div>\n\t\t<\/div>\n\t\t\n\t\t\t\t<div x-data=\"{ open: false }\" class=\"py-spacing-10 border-b border-black\/10\">\n\t\t\t<button x-on:click=\"open = ! open\" x-bind:class=\"open ? 'seatings-close text-brand-500' : 'seatings-open'\" aria-label=\"Visa hyra\" class=\"group w-full flex items-start justify-start gap-x-4 text-left has-medium-font-size\">\n\t\t\t\t<i class=\"icon-money text-[32px]\"><\/i>\n\t\t\t\t<span class=\"self-center xl:group-hover:text-brand-500\">Hyra<\/span>\n\t\t\t\t<i x-bind:class=\"open ? 'icon-minus' : 'icon-plus'\" class=\"flex items-center justify-center ml-auto size-10 bg-white rounded-full shadow-button text-[20px] text-neutral-600 focus:!shadow-button xl:hover:scale-110 transition-all duration-200\"><\/i>\n\t\t\t<\/button>\n\t\t\t<div x-cloak x-show=\"open\" class=\"mt-2\">\n\t\t\t\t<div class=\"py-3 md:py-4\">\n\t\t\t\t\t<div class=\"grid grid-cols-2 gap-spacing-20\">\n\t\t\t<div class=\"has-small-font-size flex items-center gap-2.5\">\n            <i class=\"icon-volume-half text-[40px] text-gold-500\"><\/i>\n            <div class=\"flex-1\">\n                <div class=\"font-semibold\">Halvdag<\/div>\n                <div>4 200 SEK <span class=\"block sm:inline\">exkl. moms<\/span><\/div>\n            <\/div>\n\t\t<\/div>\n\t\t\t\t<div class=\"has-small-font-size flex items-center gap-2.5\">\n            <i class=\"icon-volume-full text-[40px] text-gold-500\"><\/i>\n            <div class=\"flex-1\">\n                <div class=\"font-semibold\">Heldag<\/div>\n                <div>5 900 SEK <span class=\"block sm:inline\">exkl. moms<\/span><\/div>\n            <\/div>\n\t\t<\/div>\n\t\t<\/div>\n\t\t\t\t<\/div>\n\t\t\t<\/div>\n\t\t<\/div>\n\t\t\n\t\t\t\t<div x-data=\"{ open: false }\" class=\"py-spacing-10 border-b border-black\/10\">\n\t\t\t<button x-on:click=\"open = ! open\" x-bind:class=\"open ? 'included-close text-brand-500' : 'included-open'\" aria-label=\"Visa inkluderad utrustning\" class=\"group w-full flex items-start justify-start gap-x-4 text-left has-medium-font-size\">\n\t\t\t\t<i class=\"icon-included text-[32px]\"><\/i>\n\t\t\t\t<span class=\"self-center xl:group-hover:text-brand-500\">Inkluderat i lokalen<\/span>\n\t\t\t\t<i x-bind:class=\"open ? 'icon-minus' : 'icon-plus'\" class=\"flex items-center justify-center ml-auto size-10 bg-white rounded-full shadow-button text-[20px] text-neutral-600 focus:!shadow-button xl:hover:scale-110 transition-all duration-200\"><\/i>\n\t\t\t<\/button>\n\t\t\t<div x-cloak x-show=\"open\" class=\"mt-2\">\n\t\t\t\t<div class=\"py-3 md:py-4\">\n\t\t\t\t\t<div class=\"md:columns-2\">\n\t\t\t<div class=\"flex items-center gap-x-3 mb-3\">\n\t\t\t<img\n\t\t\t\tclass=\"size-6 self-start object-contain object-center\"\n\t\t\t\tsrc=\"https:\/\/www.freyshotels.com\/corner\/wp-content\/themes\/freyshotels.com\/static\/images\/icons\/check-circle.svg\"\n\t\t\t\talt=\"Ikon\"\n\t\t\t\/>\n\t\t\t<div class=\"has-small-font-size\">\n\t\t\t\tLED-sk\u00e4rm\t\t\t<\/div>\n\t\t<\/div>\n\t\t\t<div class=\"flex items-center gap-x-3 mb-3\">\n\t\t\t<img\n\t\t\t\tclass=\"size-6 self-start object-contain object-center\"\n\t\t\t\tsrc=\"https:\/\/www.freyshotels.com\/corner\/wp-content\/themes\/freyshotels.com\/static\/images\/icons\/check-circle.svg\"\n\t\t\t\talt=\"Ikon\"\n\t\t\t\/>\n\t\t\t<div class=\"has-small-font-size\">\n\t\t\t\tWifi  \t\t\t<\/div>\n\t\t<\/div>\n\t\t\t<div class=\"flex items-center gap-x-3 mb-3\">\n\t\t\t<img\n\t\t\t\tclass=\"size-6 self-start object-contain object-center\"\n\t\t\t\tsrc=\"https:\/\/www.freyshotels.com\/corner\/wp-content\/themes\/freyshotels.com\/static\/images\/icons\/check-circle.svg\"\n\t\t\t\talt=\"Ikon\"\n\t\t\t\/>\n\t\t\t<div class=\"has-small-font-size\">\n\t\t\t\tWhiteboard\t\t\t<\/div>\n\t\t<\/div>\n\t\t\t<div class=\"flex items-center gap-x-3 mb-3\">\n\t\t\t<img\n\t\t\t\tclass=\"size-6 self-start object-contain object-center\"\n\t\t\t\tsrc=\"https:\/\/www.freyshotels.com\/corner\/wp-content\/themes\/freyshotels.com\/static\/images\/icons\/check-circle.svg\"\n\t\t\t\talt=\"Ikon\"\n\t\t\t\/>\n\t\t\t<div class=\"has-small-font-size\">\n\t\t\t\tBl\u00e4dderblock  \t\t\t<\/div>\n\t\t<\/div>\n\t\t\t<div class=\"flex items-center gap-x-3 mb-3 break-after-column\">\n\t\t\t<img\n\t\t\t\tclass=\"size-6 self-start object-contain object-center\"\n\t\t\t\tsrc=\"https:\/\/www.freyshotels.com\/corner\/wp-content\/themes\/freyshotels.com\/static\/images\/icons\/check-circle.svg\"\n\t\t\t\talt=\"Ikon\"\n\t\t\t\/>\n\t\t\t<div class=\"has-small-font-size\">\n\t\t\t\tKontorsmaterial\t\t\t<\/div>\n\t\t<\/div>\n\t\t\t<div class=\"flex items-center gap-x-3 mb-3\">\n\t\t\t<img\n\t\t\t\tclass=\"size-6 self-start object-contain object-center\"\n\t\t\t\tsrc=\"https:\/\/www.freyshotels.com\/corner\/wp-content\/themes\/freyshotels.com\/static\/images\/icons\/check-circle.svg\"\n\t\t\t\talt=\"Ikon\"\n\t\t\t\/>\n\t\t\t<div class=\"has-small-font-size\">\n\t\t\t\tBlock och penna  \t\t\t<\/div>\n\t\t<\/div>\n\t\t\t<div class=\"flex items-center gap-x-3 mb-3\">\n\t\t\t<img\n\t\t\t\tclass=\"size-6 self-start object-contain object-center\"\n\t\t\t\tsrc=\"https:\/\/www.freyshotels.com\/corner\/wp-content\/themes\/freyshotels.com\/static\/images\/icons\/check-circle.svg\"\n\t\t\t\talt=\"Ikon\"\n\t\t\t\/>\n\t\t\t<div class=\"has-small-font-size\">\n\t\t\t\tTelefon  \t\t\t<\/div>\n\t\t<\/div>\n\t\t\t<div class=\"flex items-center gap-x-3 mb-3\">\n\t\t\t<img\n\t\t\t\tclass=\"size-6 self-start object-contain object-center\"\n\t\t\t\tsrc=\"https:\/\/www.freyshotels.com\/corner\/wp-content\/themes\/freyshotels.com\/static\/images\/icons\/check-circle.svg\"\n\t\t\t\talt=\"Ikon\"\n\t\t\t\/>\n\t\t\t<div class=\"has-small-font-size\">\n\t\t\t\tF\u00f6nster mot konferenslounge\t\t\t<\/div>\n\t\t<\/div>\n\t\t\t<div class=\"flex items-center gap-x-3 mb-3\">\n\t\t\t<img\n\t\t\t\tclass=\"size-6 self-start object-contain object-center\"\n\t\t\t\tsrc=\"https:\/\/www.freyshotels.com\/corner\/wp-content\/themes\/freyshotels.com\/static\/images\/icons\/check-circle.svg\"\n\t\t\t\talt=\"Ikon\"\n\t\t\t\/>\n\t\t\t<div class=\"has-small-font-size\">\n\t\t\t\tStilla- och kolsyrat vatten  \t\t\t<\/div>\n\t\t<\/div>\n\t<\/div>\t\t\t\t<\/div>\n\t\t\t<\/div>\n\t\t<\/div>\n\t\t\n\t\t\t\t<div x-data=\"{ open: false }\" class=\"py-spacing-10 border-b border-black\/10\">\n\t\t\t<button x-on:click=\"open = ! open\" x-bind:class=\"open ? 'extra-close text-brand-500' : 'extra-open'\" aria-label=\"Visa extrautrustning\" class=\"group w-full flex items-start justify-start gap-x-4 text-left has-medium-font-size\">\n\t\t\t\t<i class=\"icon-extra text-[32px]\"><\/i>\n\t\t\t\t<span class=\"self-center xl:group-hover:text-brand-500\">Extrautrustning<\/span>\n\t\t\t\t<i x-bind:class=\"open ? 'icon-minus' : 'icon-plus'\" class=\"flex items-center justify-center ml-auto size-10 bg-white rounded-full shadow-button text-[20px] text-neutral-600 focus:!shadow-button xl:hover:scale-110 transition-all duration-200\"><\/i>\n\t\t\t<\/button>\n\t\t\t<div x-cloak x-show=\"open\" class=\"mt-2\">\n\t\t\t\t<div class=\"py-3 md:py-4\">\n\t\t\t\t\t<div class=\"md:columns-2\">\n\t\t\t<div class=\"flex items-center gap-x-3 mb-3\">\n            <img decoding=\"async\"\n                class=\"size-6 self-start object-contain object-center\"\n                src=\"https:\/\/www.freyshotels.com\/corner\/wp-content\/themes\/freyshotels.com\/static\/images\/icons\/check-circle.svg\"\n                alt=\"Ikon\"\n            \/>\n\t\t\t<div class=\"has-small-font-size\">\n\t\t\t\tVideokonferens inkl. dator och Teams-l\u00e4nk  \t\t\t<\/div>\n\t\t<\/div>\n\t\t\t<div class=\"flex items-center gap-x-3 mb-3\">\n            <img decoding=\"async\"\n                class=\"size-6 self-start object-contain object-center\"\n                src=\"https:\/\/www.freyshotels.com\/corner\/wp-content\/themes\/freyshotels.com\/static\/images\/icons\/check-circle.svg\"\n                alt=\"Ikon\"\n            \/>\n\t\t\t<div class=\"has-small-font-size\">\n\t\t\t\tMikrofoner med portabel h\u00f6gtalare  \t\t\t<\/div>\n\t\t<\/div>\n\t\t\t<div class=\"flex items-center gap-x-3 mb-3\">\n            <img decoding=\"async\"\n                class=\"size-6 self-start object-contain object-center\"\n                src=\"https:\/\/www.freyshotels.com\/corner\/wp-content\/themes\/freyshotels.com\/static\/images\/icons\/check-circle.svg\"\n                alt=\"Ikon\"\n            \/>\n\t\t\t<div class=\"has-small-font-size\">\n\t\t\t\tKonferenstelefon med konferensbrygga  \t\t\t<\/div>\n\t\t<\/div>\n\t\t\t<div class=\"flex items-center gap-x-3 mb-3\">\n            <img decoding=\"async\"\n                class=\"size-6 self-start object-contain object-center\"\n                src=\"https:\/\/www.freyshotels.com\/corner\/wp-content\/themes\/freyshotels.com\/static\/images\/icons\/check-circle.svg\"\n                alt=\"Ikon\"\n            \/>\n\t\t\t<div class=\"has-small-font-size\">\n\t\t\t\tHyra av dator  \t\t\t<\/div>\n\t\t<\/div>\n\t<\/div>\t\t\t\t<\/div>\n\t\t\t<\/div>\n\t\t<\/div>\n\t\t\n\t\t\t\t<div x-data=\"{ open: false }\" class=\"py-spacing-10 border-b border-black\/10\">\n\t\t\t<button x-on:click=\"open = ! open\" x-bind:class=\"open ? 'extra-close text-brand-500' : 'extra-open'\" aria-label=\"Visa planritning och dokument\" class=\"group w-full flex items-start justify-start gap-x-4 text-left has-medium-font-size\">\n\t\t\t\t<i class=\"icon-document text-[32px]\"><\/i>\n\t\t\t\t<span class=\"self-center xl:group-hover:text-brand-500\">Planritning och dokument<\/span>\n\t\t\t\t<i x-bind:class=\"open ? 'icon-minus' : 'icon-plus'\" class=\"flex items-center justify-center ml-auto size-10 bg-white rounded-full shadow-button text-[20px] text-neutral-600 focus:!shadow-button xl:hover:scale-110 transition-all duration-200\"><\/i>\n\t\t\t<\/button>\n\t\t\t<div x-cloak x-show=\"open\" class=\"mt-2\">\n\t\t\t\t<div class=\"py-3 md:py-4\">\n\t\t\t\t\t\t<a class=\"group flex items-center justify-between gap-x-spacing-20 pb-3 !text-neutral-600\"\n\t   href=\"https:\/\/www.freyshotels.com\/corner\/wp-content\/uploads\/2026\/04\/Corner-Hotel-Planritning-Moten-och-Events.pdf\"\n\t   title=\"Corner Hotel Planritning M\u00f6ten Och Events\"\n\t   target=\"_blank\"\n\t>\n\t\t<span class=\"flex items-center gap-x-spacing-10 has-small-font-size\">\n\t\t\t<img decoding=\"async\" src=\"https:\/\/www.freyshotels.com\/wp-includes\/images\/media\/document.png\" alt=\"ikon\" class=\"w-4 shrink-0\">\n\t\t\t<span class=\"xl:group-hover:underline\">Corner Hotel Planritning M\u00f6ten Och Events (.pdf)<\/span>\n\t\t<\/span>\n\t<\/a>\n\t\t\t\t\t<\/div>\n\t\t\t<\/div>\n\t\t<\/div>\n\t\t\t<\/div>\n<\/div><\/div>\n<\/div>\n\n\n\n<div style=\"aspect-ratio:auto; justify-content:center; border-top-left-radius:8px;border-top-right-radius:8px;border-bottom-left-radius:8px;border-bottom-right-radius:8px; padding-top:var(--wp--preset--spacing--40);padding-bottom:var(--wp--preset--spacing--40);padding-left:var(--wp--preset--spacing--40);padding-right:var(--wp--preset--spacing--40);margin-bottom:0;margin-top:var(--wp--preset--spacing--50);background-image:url(&apos;https:\/\/www.freyshotels.com\/corner\/wp-content\/uploads\/2026\/03\/bg-black.svg&apos;);background-position:50% 50%;background-size:650px;background-attachment:scroll;\" class=\"align booking-banner wp-block-create-block-tankbar-multiblock has-text-color has-background has-brand-500-background-color\">\n\n\t<div class=\"multiblock-bg\">\n\n\t\n\t\n\t\n\t\t\t<div class=\"multiblock-overlay overlay absolute inset-0 has-brand-500-background-color\" style=\"opacity:0.75;\"><\/div>\n\t\n\t\n\t<\/div><!-- .multiblock-bg -->\n\n\t<div class=\"multiblock-inner\">\n\t\t\n\n<div class=\"wp-block-columns has-2-columns is-not-stacked-on-mobile booking-banner\" style=\"column-gap: var(--wp--preset--spacing--20);\">\n<div class=\"wp-block-column is-vertically-aligned-top overflow-hidden has-border-color has-brand-400-border-color\" style=\"border-width:2px;border-top-left-radius:50px;border-top-right-radius:50px;border-bottom-left-radius:50px;border-bottom-right-radius:50px;flex-basis:100px\">\n<figure class=\"wp-block-image size-thumbnail\"><img decoding=\"async\" src=\"https:\/\/www.freyshotels.com\/corner\/wp-content\/uploads\/2026\/04\/konferensteam_freys-hotels_-150x150.jpg\" alt=\"\" class=\"wp-image-1734\"\/><\/figure>\n<\/div>\n\n\n\n<div class=\"wp-block-column is-vertically-aligned-center\">\n<div class=\"wp-block-columns has-2-columns has-2-columns are-vertically-aligned-center\" style=\"row-gap: var(--wp--preset--spacing--30);\">\n<div class=\"wp-block-column is-vertically-aligned-center\">\n<h2 class=\"wp-block-heading has-h-4-font-size\">redo att boka er n\u00e4sta konferens?<\/h2>\n\n\n\n<p style=\"margin-top:8px\">Skicka din f\u00f6rfr\u00e5gan .<\/p>\n<\/div>\n\n\n\n<div class=\"wp-block-column is-vertically-aligned-center booking-button-col\">    <div\n                class=\"flex gap-spacing-10 flex-wrap    \"\n            >\n                    <a aria-label=\"Boka online\" href=\"https:\/\/timetomeet.se\/online\/hotel_lilla_radmannen_215\/\" target=\"_blank\" class=\"wp-block-button__link has-background has-gold-500-background-color\" rel=\"noopener\">\n                Boka online            <\/a>\n                                    <button\n                data-flyout-toggle=\"booking-conference\"\n                aria-label=\"Konferensf\u00f6rfr\u00e5gan\"\n                class=\"wp-block-button__link is-style-outline has-background has-white-background-color\"\n            >\n                Konferensf\u00f6rfr\u00e5gan\n            <\/button>\n                    <\/div>\n<\/div>\n<\/div>\n<\/div>\n<\/div>\n\n\t<\/div>\n\n\t<\/div>\n<\/div>\n\n\t<\/div>\n\n\t<\/div>\n\n\n\n<div class=\"wp-block-group alignfull noice has-brand-100-background-color has-background\" style=\"padding-top:var(--wp--preset--spacing--60);padding-bottom:var(--wp--preset--spacing--80)\">\n<div class=\"wp-block-columns has-2-columns are-vertically-aligned-bottom is-not-stacked-on-mobile wrap-none\" style=\"column-gap: var(--wp--preset--spacing--40); row-gap: var(--wp--preset--spacing--20);\">\n<div class=\"wp-block-column is-vertically-aligned-bottom\">\n<h2 class=\"wp-block-heading has-h-3-font-size\">Fler konferens\u00ad\u00adlokaler<\/h2>\n\n\n\n<p>Uppt\u00e4ck fler konferensrum i varierande storlek \u2013 fr\u00e5n mindre till st\u00f6rre lokaler. V\u00e5ra m\u00f6tesrum \u00e4r unika, flexibla och anpassade f\u00f6r olika typer av m\u00f6ten och behov.<\/p>\n<\/div>\n\n\n\n<div class=\"wp-block-column is-vertically-aligned-bottom\">\n<div class=\"wp-block-buttons\" style=\"justify-content: flex-end;\">\n<div class=\"wp-block-button is-style-outline is-style-outline--1\"><a class=\"wp-block-button__link has-black-background-color has-background wp-element-button\" href=\"https:\/\/www.freyshotels.com\/corner\/konferens-stockholm\/konferenslokaler\/\">Visa alla<\/a><\/div>\n<\/div>\n<\/div>\n<\/div>\n\n\n    <div\n\t\t        class=\"weglot-translate has-normal-font-size    \"\n\t\tstyle=\"margin-top: var(--wp--preset--spacing--40);\"    >\n        <div x-data=\"loadMorePosts({\n        currentPost: '1585',\n        postType: 'conference_room',\n        initialCategories: '',\n        initialTags: '',\n        postsPerPage: 4,\n        })\"\n             class=\"mx-auto flex flex-col items-center bg-inherit\"\n        >\n\t\t\t\n            <div x-show=\"noResults\" class=\"text-gray-500\">\n\t\t\t\tInga poster hittades            <\/div>\n\n            <div x-show=\"loading\" class=\"loading w-full h-[100px] self-start\"><\/div>\n\n            <div class=\"w-full grid sm:grid-cols-2 gap-5 md:gap-8 xxl:gap-10 room_card_alt\">\n                <template x-for=\"post in posts\" :key=\"post.id\">\n\t\t\t\t\t<a\n    x-bind:href=\"post.url\"\n    x-bind:aria-label=\"post.title\"\n    x-bind:target=\"post.target\"\n    class=\"group xl:flex flex-wrap gap-x-spacing-30 h-full bg-inherit overflow-hidden no-underline p-spacing-20 rounded-xl border border-black\/10 transition-shadow duration-300 xl:hover:shadow-2xl\"\n>\n    <div class=\"relative aspect-[8\/5] mb-spacing-20 xl:mb-0 h-auto xl:aspect-[4\/3] basis-full xl:h-full xl:basis-1\/2 rounded-lg overflow-hidden\">\n        <div x-html=\"post.thumbnail\"><\/div>\n        <div class=\"absolute inset-0 pointer-events-none bg-black opacity-20 xl:group-hover:opacity-0 transition-all duration-300\"><\/div>\n        <button\n            x-data\n            @click.prevent=\"$store.flyouts.openRoom(post.id)\"\n            :class=\"{ 'loading': $store.flyouts.roomLoading &#038;&#038; $store.flyouts.roomPostId == post.id }\"\n            class=\"icon-eye hidden xl:block absolute left-1\/2 bottom-1\/2 -translate-x-1\/2 translate-y-full rounded-full bg-white shadow-button h-12 w-12 text-[24px] opacity-0 hover:scale-110 group-hover:translate-y-1\/2 group-hover:opacity-100 transition-all duration-300\"\n        ><\/button>\n        <div class=\"absolute top-spacing-10 left-spacing-10 flex flex-wrap gap-2\">\n            <div class=\"chip bg-brand-100\" x-show=\"post.tag\" x-text=\"post.tag\"><\/div>\n        <\/div>\n    <\/div>\n\n    <div class=\"flex flex-col items-start flex-1\">\n        <h3 class=\"has-medium-font-size font-medium xl:group-hover:underlined\" x-html=\"post.title\"><\/h3>\n        <template x-if=\"post.size || post.number_of_people || post.time\">\n            <div class=\"flex flex-wrap gap-2 mt-spacing-10 mb-spacing-30\">\n                <template x-if=\"post.time\">\n                    <div class=\"chip big text-brand-400 border border-brand-400\">\n                        <i class=\"icon-clock text-[18px]\"><\/i>\n                        <span x-text=\"post.time\"><\/span>\n                    <\/div>\n                <\/template>\n                <template x-if=\"post.size\">\n                    <div class=\"has-extra-small-font-size text-brand-400 border border-brand-400 rounded-md py-1.5 px-3 flex items-center gap-x-2\">\n                        <i class=\"icon-size text-[18px]\"><\/i>\n                        <span x-text=\"post.size + ' kvm'\"><\/span>\n                    <\/div>\n                <\/template>\n                <template x-if=\"post.number_of_people\">\n                    <div class=\"has-extra-small-font-size text-brand-400 border border-brand-400 rounded-md py-1.5 px-3 flex items-center gap-x-2\">\n                        <i class=\"icon-user text-[18px]\"><\/i>\n                        <span x-text=\"post.number_of_people + (post.number_of_people == 1 ? ' person' : ' personer')\"><\/span>\n                    <\/div>\n                <\/template>\n            <\/div>\n        <\/template>\n                    <div class=\"mt-auto has-small-font-size\" x-text=\"post.excerpt\"><\/div>\n            <\/div>\n<\/a>\n                <\/template>\n            <\/div>\n\n\t\t\t                <button x-show=\"hasMore\" :class=\"{ 'loading': loading }\" x-on:click=\"loadMore()\" :disabled=\"loading\" aria-label=\"Visa fler\" class=\"mt-spacing-40 wp-block-button__link is-style-outline has-background has-black-background-color\" style=\"display:none;\">\n\t\t\t\t\tVisa fler                <\/button>\n\t\t\t\t\n        <\/div>\n    <\/div>\n\t<\/div>\n\n\n\n<div class=\"wp-block-group alignfull noice has-brand-100-background-color has-background\" style=\"padding-top:var(--wp--preset--spacing--80);padding-bottom:var(--wp--preset--spacing--80)\">    <div\n                class=\"   \"\n            >\n        <div class=\"w-full grid sm:grid-cols-2 gap-5 md:gap-8 xxl:gap-10 img_card\">    <a href=\"https:\/\/www.freyshotels.com\/corner\/konferens-stockholm\/konferenspaket\/\" aria-label=\"Konferenspaket\" class=\"relative group !flex flex-col h-full overflow-hidden no-underline text-white rounded-xl \">\n\n        <div class=\"absolute inset-0\">\n            <img loading=\"lazy\" decoding=\"async\" width=\"768\" height=\"512\" src=\"https:\/\/www.freyshotels.com\/corner\/wp-content\/uploads\/2026\/04\/corner_hotel_konferensrumflexibilitet_biosittning-768x512.jpg\" class=\"absolute w-full h-full object-cover object-center\" alt=\"\" srcset=\"https:\/\/www.freyshotels.com\/corner\/wp-content\/uploads\/2026\/04\/corner_hotel_konferensrumflexibilitet_biosittning-768x512.jpg 768w, https:\/\/www.freyshotels.com\/corner\/wp-content\/uploads\/2026\/04\/corner_hotel_konferensrumflexibilitet_biosittning-300x200.jpg 300w, https:\/\/www.freyshotels.com\/corner\/wp-content\/uploads\/2026\/04\/corner_hotel_konferensrumflexibilitet_biosittning-1024x683.jpg 1024w, https:\/\/www.freyshotels.com\/corner\/wp-content\/uploads\/2026\/04\/corner_hotel_konferensrumflexibilitet_biosittning-1536x1024.jpg 1536w, https:\/\/www.freyshotels.com\/corner\/wp-content\/uploads\/2026\/04\/corner_hotel_konferensrumflexibilitet_biosittning.jpg 1920w\" sizes=\"auto, (max-width: 768px) 100vw, 768px\" \/>        <\/div>\n\n        <div class=\"absolute inset-0 pointer-events-none bg-gradient-to-r from-black\/40 to-black\/20 opacity-100 xl:group-hover:opacity-70 transition-all duration-300\"><\/div>\n\n        <div class=\"relative p-spacing-40 flex-1 flex flex-col items-start maxxl:!aspect-auto maxlg:!py-spacing-80 xl:aspect-[4\/3]\">\n            <div class=\"relative h-full flex flex-col items-center text-center justify-center lg:justify-start lg:items-start lg:text-left\">\n                                <h3 class=\"uppercase xl:group-hover:underlined\">Konferenspaket<\/h3>\n                <p class=\"mb-spacing-80\">Uppt\u00e4ck v\u00e5ra konferenspaket i Vasastan \u2013 ett perfekt val f\u00f6r dig som planerar m\u00f6te, konferens eller kick-off i Stockholm. P\u00e5 Corner\u00a0Hotel\u00a0m\u00f6ts ni av en inspirerande milj\u00f6 d\u00e4r personligt engagemang och flexibla l\u00f6sningar st\u00e5r i fokus.<\/p>\n                <div class=\"is-style-outline wp-block-button__link has-background has-white-background-color mt-auto\">L\u00e4s mer<\/div>\n            <\/div>\n        <\/div>\n    <\/a>\n        <a href=\"https:\/\/www.freyshotels.com\/corner\/konferens-stockholm\/konferensmaltider\/\" aria-label=\"Konferensm\u00e5ltider\" class=\"relative group !flex flex-col h-full overflow-hidden no-underline text-white rounded-xl \">\n\n        <div class=\"absolute inset-0\">\n            <img loading=\"lazy\" decoding=\"async\" width=\"768\" height=\"512\" src=\"https:\/\/www.freyshotels.com\/corner\/wp-content\/uploads\/2026\/04\/corner_hotel_konferensfika-1-768x512.jpg\" class=\"absolute w-full h-full object-cover object-center\" alt=\"\" srcset=\"https:\/\/www.freyshotels.com\/corner\/wp-content\/uploads\/2026\/04\/corner_hotel_konferensfika-1-768x512.jpg 768w, https:\/\/www.freyshotels.com\/corner\/wp-content\/uploads\/2026\/04\/corner_hotel_konferensfika-1-300x200.jpg 300w, https:\/\/www.freyshotels.com\/corner\/wp-content\/uploads\/2026\/04\/corner_hotel_konferensfika-1-1024x683.jpg 1024w, https:\/\/www.freyshotels.com\/corner\/wp-content\/uploads\/2026\/04\/corner_hotel_konferensfika-1-1536x1024.jpg 1536w, https:\/\/www.freyshotels.com\/corner\/wp-content\/uploads\/2026\/04\/corner_hotel_konferensfika-1.jpg 1920w\" sizes=\"auto, (max-width: 768px) 100vw, 768px\" \/>        <\/div>\n\n        <div class=\"absolute inset-0 pointer-events-none bg-gradient-to-r from-black\/40 to-black\/20 opacity-100 xl:group-hover:opacity-70 transition-all duration-300\"><\/div>\n\n        <div class=\"relative p-spacing-40 flex-1 flex flex-col items-start maxxl:!aspect-auto maxlg:!py-spacing-80 xl:aspect-[4\/3]\">\n            <div class=\"relative h-full flex flex-col items-center text-center justify-center lg:justify-start lg:items-start lg:text-left\">\n                                <h3 class=\"uppercase xl:group-hover:underlined\">Konferensm\u00e5ltider<\/h3>\n                <p class=\"mb-spacing-80\">Under er konferens p\u00e5 Corner Hotel erbjuder vi frukost, v\u00e4llagade m\u00e5ltider och fikapauser med b\u00e5de s\u00f6ta och salta inslag som ger ny energi genom hela m\u00f6tesdagen.<\/p>\n                <div class=\"is-style-outline wp-block-button__link has-background has-white-background-color mt-auto\">L\u00e4s mer<\/div>\n            <\/div>\n        <\/div>\n    <\/a>\n    <\/div>    <\/div>\n    <\/div>\n","protected":false},"excerpt":{"rendered":"<p>Klassiskt och stramt m\u00f6tesrum med fast m\u00f6blering m\u00f6blering med ett stort bord och sk\u00f6na stolar p\u00e5 hjul. Passar styrelsem\u00f6ten och mindre konferenser.<\/p>\n","protected":false},"featured_media":1371,"menu_order":70,"template":"","meta":{"_acf_changed":false,"footnotes":""},"conference_room_category":[],"conference_room_tag":[46],"class_list":["post-1585","conference_room","type-conference_room","status-publish","has-post-thumbnail","hentry"],"acf":[],"publishpress_future_action":{"enabled":false,"date":"2026-05-10 15:42:17","action":"change-status","newStatus":"draft","terms":[],"taxonomy":"conference_room_category","extraData":[]},"publishpress_future_workflow_manual_trigger":{"enabledWorkflows":[]},"_links":{"self":[{"href":"https:\/\/www.freyshotels.com\/corner\/wp-json\/wp\/v2\/conference_room\/1585","targetHints":{"allow":["GET"]}}],"collection":[{"href":"https:\/\/www.freyshotels.com\/corner\/wp-json\/wp\/v2\/conference_room"}],"about":[{"href":"https:\/\/www.freyshotels.com\/corner\/wp-json\/wp\/v2\/types\/conference_room"}],"version-history":[{"count":1,"href":"https:\/\/www.freyshotels.com\/corner\/wp-json\/wp\/v2\/conference_room\/1585\/revisions"}],"predecessor-version":[{"id":1586,"href":"https:\/\/www.freyshotels.com\/corner\/wp-json\/wp\/v2\/conference_room\/1585\/revisions\/1586"}],"wp:featuredmedia":[{"embeddable":true,"href":"https:\/\/www.freyshotels.com\/corner\/wp-json\/"}],"wp:attachment":[{"href":"https:\/\/www.freyshotels.com\/corner\/wp-json\/wp\/v2\/media?parent=1585"}],"wp:term":[{"taxonomy":"conference_room_category","embeddable":true,"href":"https:\/\/www.freyshotels.com\/corner\/wp-json\/wp\/v2\/conference_room_category?post=1585"},{"taxonomy":"conference_room_tag","embeddable":true,"href":"https:\/\/www.freyshotels.com\/corner\/wp-json\/wp\/v2\/conference_room_tag?post=1585"}],"curies":[{"name":"wp","href":"https:\/\/api.w.org\/{rel}","templated":true}]}}