{"id":2,"date":"2026-02-24T13:11:32","date_gmt":"2026-02-24T13:11:32","guid":{"rendered":"https:\/\/www.freyshotels.com\/corner-hotel\/?page_id=2"},"modified":"2026-04-29T09:40:03","modified_gmt":"2026-04-29T09:40:03","slug":"hem","status":"publish","type":"page","link":"https:\/\/www.freyshotels.com\/corner\/","title":{"rendered":"Hem"},"content":{"rendered":"\n<div style=\"aspect-ratio:auto; justify-content:center; padding-right:0;padding-left:0;\" class=\"alignfull paralax wp-block-create-block-tankbar-multiblock has-text-color has-background\">\n\n\t<div class=\"multiblock-bg\">\n\n\t\t\t\t<div class=\"absolute inset-0 image-center-center\">\n\t\t\t\t<img decoding=\"async\" class=\"h-full w-full object-cover\" src=\"https:\/\/www.freyshotels.com\/corner\/wp-content\/uploads\/2026\/04\/corner-hotel-sketch-1920x1080.png\" alt=\"Hem\" \/>\n\t\t\t<\/div>\n\t\t\t\n\t\n\t\n\t\n\t\n\t<\/div><!-- .multiblock-bg -->\n\n\t<div class=\"multiblock-inner\">\n\t\t\n<div\n\t\tclass=\"!p-0    \"\n\t>\n\t<div class=\"flex flex-col items-center justify-between lg:grid grid-cols-2 place-content-between px-4 md:px-spacing-60 py-spacing-40 h-[calc(100vh-9rem)]\">\n\t\t<div class=\"lg:order-2 flex justify-end gap-x-1.5 lg:self-start text-[clamp(1.5rem,1.349vw+1.151rem,2.5rem)] text-[#D3A32D]\">\n\t\t\t<i class=\"icon-star-filled\"><\/i>\n\t\t\t<i class=\"icon-star-filled\"><\/i>\n\t\t\t<i class=\"icon-star-filled\"><\/i>\n\t\t\t\t\t<\/div>\n\t\t<div class=\"lg:order-1 absolute top-1\/2 left-1\/2 -translate-x-1\/2 -translate-y-[80%] lg:relative lg:top-0 lg:left-0 lg:translate-x-0 lg:translate-y-0\">\n\t\t\t<img decoding=\"async\" class=\"h-full\" src=\"https:\/\/www.freyshotels.com\/corner\/wp-content\/themes\/freyshotels.com\/static\/images\/logos\/badge-corner-hotel.svg\" alt=\"Corner Hotel\">\n\t\t<\/div>\n\n\t\t<div class=\"order-3 mt-auto lg:self-end has-display-font-size text-brand-500 uppercase xl:whitespace-nowrap\">\n\t\t\tCorner Hotel\t\t<\/div>\n\t\t<div class=\"order-4 text-right w-full\">\n            <button class=\"flex lg:hidden w-full mt-spacing-40 justify-center mt-2 big wp-block-button__link has-background has-brand-500-background-color\"\n                    data-flyout-toggle=\"booking-hotel\"\n                    aria-label=\"Boka hotell\"\n            >\n                Boka hotell            <\/button>\n            <div class=\"hidden lg:block ml-auto max-w-[320px]\">\n                <div\n        class=\"   \"\n    >\n    <div x-data=\"travelClick\" data-base-url=\"https:\/\/reservations.lillaradmannen.com\/72942?\" data-lang=\"sv\" class=\"booking-hotel inline-block bg-white shadow-lg rounded-xl px-spacing-10 py-spacing-20 w-full md:max-w-[320px]\">\n\t<div class=\"grid grid-cols-2 gap-4\">\n        <div class=\"relative border border-brand-200 bg-brand-100 rounded-md p-spacing-10 flex flex-col items-center justify-between cursor-pointer select-none\"\n             @click=\"openCheckin()\"\n        >\n            <input type=\"text\" x-ref=\"checkin\" class=\"absolute bottom-0 left-0 w-full h-0 opacity-0 pointer-events-none\">\n            <div class=\"has-extra-small-font-size opacity-60\">Checka in<\/div>\n            <div class=\"has-h-3-font-size text-brand-500\" x-text=\"checkinDisplay.day\"><\/div>\n            <div class=\"has-small-font-size\" x-text=\"checkinDisplay.month\"><\/div>\n        <\/div>\n        <div class=\"relative border border-brand-200 bg-brand-100 rounded-md p-spacing-10 flex flex-col items-center justify-between cursor-pointer select-none\"\n             @click=\"openCheckout()\"\n        >\n            <input type=\"text\" x-ref=\"checkout\" class=\"absolute bottom-0 left-0 w-full h-0 opacity-0 pointer-events-none\">\n            <div class=\"has-extra-small-font-size opacity-60\">Checka ut<\/div>\n            <div class=\"has-h-3-font-size text-brand-500\" x-text=\"checkoutDisplay.day\"><\/div>\n            <div class=\"has-small-font-size\" x-text=\"checkoutDisplay.month\"><\/div>\n        <\/div>\n        <div class=\"col-span-full relative border border-brand-200 bg-brand-100 rounded-md px-spacing-20 py-spacing-10 flex flex-col items-start cursor-pointer select-none\"\n             @click=\"guestsOpen = !guestsOpen\"\n             @click.outside=\"guestsOpen = false\"\n        >\n            <div class=\"has-extra-small-font-size opacity-60\">Rum och g\u00e4ster<\/div>\n            <div class=\"text-brand-500\" x-text=\"guestSummary\"><\/div>\n\n            <div x-show=\"guestsOpen\"\n                 @click.stop\n                 class=\"absolute bottom-full left-0 right-0 -mx-[1px] mb-spacing-10 z-10 mt-1 bg-white border border-brand-200 rounded-lg p-spacing-10 flex flex-col gap-y-3 shadow-2xl\"\n            >\n                <div class=\"flex items-center justify-between gap-x-spacing-10\">\n                    <div class=\"has-small-font-size\">Antal rum<\/div>\n                    <div class=\"flex items-center gap-x-spacing-10\">\n                        <button @click=\"decrement('rooms', 1)\" :disabled=\"atMin('rooms', 1)\" class=\"icon-minus size-10 border border-black\/10 rounded-full bg-white xl:enabled:hover:bg-black\/[.05]\" aria-label=\"Ta bort\"><\/button>\n                        <span class=\"w-6 text-center font-medium\" x-text=\"rooms\"><\/span>\n                        <button @click=\"increment('rooms')\" :disabled=\"atMax('rooms')\" class=\"icon-plus size-10 border border-black\/10 rounded-full bg-white xl:enabled:hover:bg-black\/[.05]\" aria-label=\"L\u00e4gg till\"><\/button>\n                    <\/div>\n                <\/div>\n                <div class=\"flex items-center justify-between gap-x-spacing-10\">\n                    <div class=\"has-small-font-size\">Antal vuxna<\/div>\n                    <div class=\"flex items-center gap-x-spacing-10\">\n                        <button @click=\"decrement('adults', 1)\" :disabled=\"atMin('adults', 1)\" class=\"icon-minus size-10 border border-black\/10 rounded-full bg-white xl:enabled:hover:bg-black\/[.05]\" aria-label=\"Ta bort\"><\/button>\n                        <span class=\"w-6 text-center font-medium\" x-text=\"adults\"><\/span>\n                        <button @click=\"increment('adults')\" :disabled=\"atMax('adults')\" class=\"icon-plus size-10 border border-black\/10 rounded-full bg-white xl:enabled:hover:bg-black\/[.05]\" aria-label=\"L\u00e4gg till\"><\/button>\n                    <\/div>\n                <\/div>\n                <div class=\"flex items-center justify-between gap-x-spacing-10\">\n                    <div class=\"has-small-font-size\">Antal barn<\/div>\n                    <div class=\"flex items-center gap-x-spacing-10\">\n                        <button @click=\"decrement('children')\" :disabled=\"atMin('children')\" class=\"icon-minus size-10 border border-black\/10 rounded-full bg-white xl:enabled:hover:bg-black\/[.05]\" aria-label=\"Ta bort\"><\/button>\n                        <span class=\"w-6 text-center font-medium\" x-text=\"children\"><\/span>\n                        <button @click=\"increment('children')\" :disabled=\"atMax('children')\" class=\"icon-plus size-10 border border-black\/10 rounded-full bg-white xl:enabled:hover:bg-black\/[.05]\" aria-label=\"L\u00e4gg till\"><\/button>\n                    <\/div>\n                <\/div>\n            <\/div>\n        <\/div>\n        <a class=\"col-span-full justify-center mt-2 big wp-block-button__link has-background has-brand-500-background-color\"\n           :href=\"bookingUrl\"\n           target=\"_blank\"\n           aria-label=\"Boka hotell\"\n        >\n\t        Boka hotell        <\/a>\n\t<\/div>\n<\/div>\n<\/div>\n            <\/div>\n\t\t<\/div>\n\t<\/div>\n<\/div>\n\t<\/div>\n\n\t<\/div>\n\n\n\n<div style=\"aspect-ratio:auto; justify-content:center; border-top-left-radius:16px;border-top-right-radius:16px; padding-top:var(--wp--preset--spacing--80);padding-bottom:var(--wp--preset--spacing--80);background-image:url(&apos;https:\/\/www.freyshotels.com\/corner\/wp-content\/uploads\/2026\/03\/bg-black.svg&apos;);background-position:50% 50%;background-size:1000px;\" class=\"alignfull sm-center wp-elements-e6a519dda0cfb403f3b1ca85c13aafe8 wp-block-create-block-tankbar-multiblock has-text-color has-white-color has-background has-brand-500-background-color\">\n\n\t<div class=\"multiblock-bg\">\n\n\t\n\t\n\t\n\t\t\t<div class=\"multiblock-overlay overlay absolute inset-0 has-brand-500-background-color\" style=\"opacity:0.75;\"><\/div>\n\t\n\t\n\t<\/div><!-- .multiblock-bg -->\n\n\t<div class=\"multiblock-inner\">\n\t\t\n\n<p class=\"has-text-align-center has-gold-500-color has-text-color has-link-color has-script-medium-font-size wp-elements-6c582cd90873030e185bd8cba138e142\">Corner Hotel<\/p>\n\n\n\n<h2 class=\"wp-block-heading has-text-align-center\">Hotell och&nbsp;konferens centralt i Stockholm<\/h2>\n\n\n\n<p class=\"has-text-align-center\">V\u00e4lkommen till Corner Hotel. Centralt bel\u00e4get i Vasastan i Stockholm, d\u00e4r shoppingstr\u00e5ket Drottninggatan b\u00f6rjar, erbjuder Corner&nbsp;Hotel&nbsp;74 personligt inredda hotellrum och tretton konferenslokaler.&nbsp;<br><br>Fr\u00e5n hotellet g\u00e5r du enkelt till Odenplan, Stockholm Centralstation och Cityterminalen. N\u00e4r du ska bo p\u00e5 hotell eller konferera i Stockholm har du h\u00e4r ett perfekt utg\u00e5ngsl\u00e4ge.&nbsp;<br><br>\u00c4n en g\u00e5ng \u2013 hj\u00e4rtligt v\u00e4lkommen till Corner&nbsp;Hotel.&nbsp;<\/p>\n\n\t<\/div>\n\n\t<\/div>\n\n\n\n<div class=\"wp-block-group alignfull noice has-brand-100-background-color has-background\" style=\"padding-top:var(--wp--preset--spacing--60);padding-bottom:0\">\n<div class=\"wp-block-columns has-2-columns are-vertically-aligned-bottom is-not-stacked-on-mobile wrap-none\" style=\"column-gap: var(--wp--preset--spacing--40); row-gap: var(--wp--preset--spacing--20); padding-bottom:var(--wp--preset--spacing--20)\">\n<div class=\"wp-block-column is-vertically-aligned-bottom\">\n<h2 class=\"wp-block-heading has-h-3-font-size\">konferensPaket och hotellerbjudanden<\/h2>\n<\/div>\n\n\n\n<div class=\"wp-block-column is-vertically-aligned-bottom\">\n<div class=\"wp-block-buttons\" style=\"justify-content: flex-end;\">\n<div class=\"wp-block-button is-style-outline is-style-outline--1\"><a class=\"wp-block-button__link has-black-background-color has-background wp-element-button\" href=\"https:\/\/www.freyshotels.com\/corner\/erbjudanden\/\" target=\"_blank\" rel=\"noreferrer noopener\">Visa alla<\/a><\/div>\n<\/div>\n<\/div>\n<\/div>\n\n\n\n<p>P\u00e5 v\u00e5r sajt bokar du alltid hotellrum till b\u00e4sta pris. H\u00e4r hittar du unika hotellerbjudanden, hotellpaket och weekendpaket i Stockholm \u2013 erbjudanden som endast g\u00e5r att boka direkt hos oss.&nbsp;<\/p>\n\n\n\n<p>H\u00e4r hittar du \u00e4ven v\u00e5ra aktuella konferenspaket i Stockholm. Vi hj\u00e4lper g\u00e4rna till att ta fram ett uppl\u00e4gg utifr\u00e5n dina \u00f6nskem\u00e5l och syftet med m\u00f6tet, f\u00f6r att skapa en upplevelse som passar just er.&nbsp;<\/p>\n\n\n<div\n        class=\"   \"\n    style=\"margin-top: var(--wp--preset--spacing--40);\">\n\t<div class=\"grid-swiper relative -mx-4 md:mx-0\" data-slides-per-view=\"3\" data-image-nav>\n\t\t<div class=\"swiper\">\n\t\t\t<div class=\"swiper-wrapper\">\n\t\t\t\t\t\t\t\t\t\t\t\t\t\t<a href=\"https:\/\/www.freyshotels.com\/corner\/konferens-stockholm\/konferenspaket\/dagkonferens-stockholm\/\"\n\t\t\t\t\t   aria-label=\"Dagkonferens Stockholm\"\n\t\t\t\t\t   class=\"relative group overflow-hidden no-underline !flex flex-col swiper-slide !h-auto\"\n\t\t\t\t\t>\n\t\t\t\t\t\t<div class=\"relative aspect-[8\/5] overflow-hidden rounded-xl\">\n\t\t\t\t\t\t\t<img loading=\"lazy\" decoding=\"async\" width=\"768\" height=\"512\" src=\"https:\/\/www.freyshotels.com\/corner\/wp-content\/uploads\/2026\/03\/konferenslokal_framgang_hotel_lilla_radmannen_-768x512.jpg\" class=\"absolute w-full h-full object-cover object-center\" alt=\"\" srcset=\"https:\/\/www.freyshotels.com\/corner\/wp-content\/uploads\/2026\/03\/konferenslokal_framgang_hotel_lilla_radmannen_-768x512.jpg 768w, https:\/\/www.freyshotels.com\/corner\/wp-content\/uploads\/2026\/03\/konferenslokal_framgang_hotel_lilla_radmannen_-300x200.jpg 300w, https:\/\/www.freyshotels.com\/corner\/wp-content\/uploads\/2026\/03\/konferenslokal_framgang_hotel_lilla_radmannen_-1024x683.jpg 1024w, https:\/\/www.freyshotels.com\/corner\/wp-content\/uploads\/2026\/03\/konferenslokal_framgang_hotel_lilla_radmannen_-1536x1024.jpg 1536w, https:\/\/www.freyshotels.com\/corner\/wp-content\/uploads\/2026\/03\/konferenslokal_framgang_hotel_lilla_radmannen_.jpg 1920w\" sizes=\"auto, (max-width: 768px) 100vw, 768px\" \/>\t\t\t\t\t\t\t<div class=\"absolute top-spacing-10 left-spacing-10 flex flex-wrap gap-2\">\n\t\t\t\t\t\t\t\t\t\t\t\t\t\t\t\t\t\t\t\t\t\t\t<\/div>\n\t\t\t\t\t\t<\/div>\n\t\t\t\t\t\t<div class=\"has-small-font-size flex-1 pt-spacing-10\">\n\t\t\t\t\t\t\t<div class=\"mb-0.5\">Konferenspaket<\/div>\n\t\t\t\t\t\t\t<h3 class=\"has-medium-font-size font-medium xl:group-hover:underlined\">Dagkonferens Stockholm<\/h3>\n\t\t\t\t\t\t\t\t\t\t\t\t\t<\/div>\n\t\t\t\t\t<\/a>\n\t\t\t\t\t\t\t\t\t\t\t\t\t\t<a href=\"https:\/\/www.freyshotels.com\/corner\/hotell-stockholm\/hotellerbjudanden\/sommarerbjudande\/\"\n\t\t\t\t\t   aria-label=\"Sommarerbjudande\"\n\t\t\t\t\t   class=\"relative group overflow-hidden no-underline !flex flex-col swiper-slide !h-auto\"\n\t\t\t\t\t>\n\t\t\t\t\t\t<div class=\"relative aspect-[8\/5] overflow-hidden rounded-xl\">\n\t\t\t\t\t\t\t<img loading=\"lazy\" decoding=\"async\" width=\"768\" height=\"516\" src=\"https:\/\/www.freyshotels.com\/corner\/wp-content\/uploads\/2026\/04\/corner_hotel_freys_takterrass_sommar_3-768x516.jpg\" class=\"absolute w-full h-full object-cover object-center\" alt=\"\" srcset=\"https:\/\/www.freyshotels.com\/corner\/wp-content\/uploads\/2026\/04\/corner_hotel_freys_takterrass_sommar_3-768x516.jpg 768w, https:\/\/www.freyshotels.com\/corner\/wp-content\/uploads\/2026\/04\/corner_hotel_freys_takterrass_sommar_3-300x202.jpg 300w, https:\/\/www.freyshotels.com\/corner\/wp-content\/uploads\/2026\/04\/corner_hotel_freys_takterrass_sommar_3-1024x688.jpg 1024w, https:\/\/www.freyshotels.com\/corner\/wp-content\/uploads\/2026\/04\/corner_hotel_freys_takterrass_sommar_3-1536x1032.jpg 1536w, https:\/\/www.freyshotels.com\/corner\/wp-content\/uploads\/2026\/04\/corner_hotel_freys_takterrass_sommar_3-2048x1376.jpg 2048w, https:\/\/www.freyshotels.com\/corner\/wp-content\/uploads\/2026\/04\/corner_hotel_freys_takterrass_sommar_3-1920x1290.jpg 1920w\" sizes=\"auto, (max-width: 768px) 100vw, 768px\" \/>\t\t\t\t\t\t\t<div class=\"absolute top-spacing-10 left-spacing-10 flex flex-wrap gap-2\">\n\t\t\t\t\t\t\t\t\t\t\t\t\t\t\t\t\t\t\t\t\t\t\t\t\t<div class=\"chip bg-brand-100\">\n\t\t\t\t\t\t\t\t\t\t20% rabatt\t\t\t\t\t\t\t\t\t<\/div>\n\t\t\t\t\t\t\t\t\t\t\t\t\t\t\t<\/div>\n\t\t\t\t\t\t<\/div>\n\t\t\t\t\t\t<div class=\"has-small-font-size flex-1 pt-spacing-10\">\n\t\t\t\t\t\t\t<div class=\"mb-0.5\">Hotellerbjudande<\/div>\n\t\t\t\t\t\t\t<h3 class=\"has-medium-font-size font-medium xl:group-hover:underlined\">Sommarerbjudande<\/h3>\n\t\t\t\t\t\t\t\t\t\t\t\t\t<\/div>\n\t\t\t\t\t<\/a>\n\t\t\t\t\t\t\t\t\t\t\t\t\t\t<a href=\"https:\/\/www.freyshotels.com\/corner\/konferens-stockholm\/konferenspaket\/konferens-med-overnattning\/\"\n\t\t\t\t\t   aria-label=\"Konferens med \u00f6vernattning\"\n\t\t\t\t\t   class=\"relative group overflow-hidden no-underline !flex flex-col swiper-slide !h-auto\"\n\t\t\t\t\t>\n\t\t\t\t\t\t<div class=\"relative aspect-[8\/5] overflow-hidden rounded-xl\">\n\t\t\t\t\t\t\t<img loading=\"lazy\" decoding=\"async\" width=\"768\" height=\"512\" src=\"https:\/\/www.freyshotels.com\/corner\/wp-content\/uploads\/2026\/04\/corner_hotel_twinrum-3-768x512.jpg\" class=\"absolute w-full h-full object-cover object-center\" alt=\"\" srcset=\"https:\/\/www.freyshotels.com\/corner\/wp-content\/uploads\/2026\/04\/corner_hotel_twinrum-3-768x512.jpg 768w, https:\/\/www.freyshotels.com\/corner\/wp-content\/uploads\/2026\/04\/corner_hotel_twinrum-3-300x200.jpg 300w, https:\/\/www.freyshotels.com\/corner\/wp-content\/uploads\/2026\/04\/corner_hotel_twinrum-3-1024x683.jpg 1024w, https:\/\/www.freyshotels.com\/corner\/wp-content\/uploads\/2026\/04\/corner_hotel_twinrum-3-1536x1024.jpg 1536w, https:\/\/www.freyshotels.com\/corner\/wp-content\/uploads\/2026\/04\/corner_hotel_twinrum-3.jpg 1920w\" sizes=\"auto, (max-width: 768px) 100vw, 768px\" \/>\t\t\t\t\t\t\t<div class=\"absolute top-spacing-10 left-spacing-10 flex flex-wrap gap-2\">\n\t\t\t\t\t\t\t\t\t\t\t\t\t\t\t\t\t\t\t\t\t\t\t<\/div>\n\t\t\t\t\t\t<\/div>\n\t\t\t\t\t\t<div class=\"has-small-font-size flex-1 pt-spacing-10\">\n\t\t\t\t\t\t\t<div class=\"mb-0.5\">Konferenspaket<\/div>\n\t\t\t\t\t\t\t<h3 class=\"has-medium-font-size font-medium xl:group-hover:underlined\">Konferens med \u00f6vernattning<\/h3>\n\t\t\t\t\t\t\t\t\t\t\t\t\t<\/div>\n\t\t\t\t\t<\/a>\n\t\t\t\t\t\t\t\t\t\t\t\t\t\t<a href=\"https:\/\/www.freyshotels.com\/corner\/konferens-stockholm\/konferenspaket\/office-by-the-hour\/\"\n\t\t\t\t\t   aria-label=\"Office by the hour\"\n\t\t\t\t\t   class=\"relative group overflow-hidden no-underline !flex flex-col swiper-slide !h-auto\"\n\t\t\t\t\t>\n\t\t\t\t\t\t<div class=\"relative aspect-[8\/5] overflow-hidden rounded-xl\">\n\t\t\t\t\t\t\t<img loading=\"lazy\" decoding=\"async\" width=\"768\" height=\"512\" src=\"https:\/\/www.freyshotels.com\/corner\/wp-content\/uploads\/2026\/04\/corner_hotel_konferenslokal_tillit_hotel-768x512.jpg\" class=\"absolute w-full h-full object-cover object-center\" alt=\"\" srcset=\"https:\/\/www.freyshotels.com\/corner\/wp-content\/uploads\/2026\/04\/corner_hotel_konferenslokal_tillit_hotel-768x512.jpg 768w, https:\/\/www.freyshotels.com\/corner\/wp-content\/uploads\/2026\/04\/corner_hotel_konferenslokal_tillit_hotel-300x200.jpg 300w, https:\/\/www.freyshotels.com\/corner\/wp-content\/uploads\/2026\/04\/corner_hotel_konferenslokal_tillit_hotel-1024x683.jpg 1024w, https:\/\/www.freyshotels.com\/corner\/wp-content\/uploads\/2026\/04\/corner_hotel_konferenslokal_tillit_hotel-1536x1024.jpg 1536w, https:\/\/www.freyshotels.com\/corner\/wp-content\/uploads\/2026\/04\/corner_hotel_konferenslokal_tillit_hotel.jpg 1920w\" sizes=\"auto, (max-width: 768px) 100vw, 768px\" \/>\t\t\t\t\t\t\t<div class=\"absolute top-spacing-10 left-spacing-10 flex flex-wrap gap-2\">\n\t\t\t\t\t\t\t\t\t\t\t\t\t\t\t\t\t\t\t\t\t\t\t<\/div>\n\t\t\t\t\t\t<\/div>\n\t\t\t\t\t\t<div class=\"has-small-font-size flex-1 pt-spacing-10\">\n\t\t\t\t\t\t\t<div class=\"mb-0.5\">Konferenspaket<\/div>\n\t\t\t\t\t\t\t<h3 class=\"has-medium-font-size font-medium xl:group-hover:underlined\">Office by the hour<\/h3>\n\t\t\t\t\t\t\t\t\t\t\t\t\t<\/div>\n\t\t\t\t\t<\/a>\n\t\t\t\t\t\t\t<\/div>\n\t\t<\/div>\n        <div aria-disabled=\"true\" class=\"swiper-button-prev icon-arrow !hidden md:!flex\"><\/div>\n        <div class=\"swiper-button-next icon-arrow !hidden md:!flex\"><\/div>\n        <div class=\"swiper-pagination\"><\/div>\n\t<\/div>\n<\/div>\n<\/div>\n\n\n\n<div class=\"wp-block-group alignfull noice has-brand-100-background-color has-background\" style=\"padding-bottom:var(--wp--preset--spacing--60)\">\n<div class=\"wp-block-columns has-2-columns alignfull are-vertically-aligned-center sticky-column\" style=\"column-gap: var(--wp--preset--spacing--80); row-gap: var(--wp--preset--spacing--30); padding-top:var(--wp--preset--spacing--60);padding-bottom:0\">\n<div class=\"wp-block-column is-vertically-aligned-center\">\t<div \t\tclass=\"media-container aspect-square    \"\n\t\t\t>\n\t\t<img loading=\"lazy\" decoding=\"async\" width=\"1024\" height=\"683\" src=\"https:\/\/www.freyshotels.com\/corner\/wp-content\/uploads\/2026\/04\/corner_hotel_dubbelrum_freys_1-1-1024x683.jpg\" class=\"absolute h-full w-full object-cover rounded-2xl image-center-center\" alt=\"\" sizes=\"auto, (min-width: 1024px) 1600px, 1024px\" data-sizes=\"auto\" srcset=\"https:\/\/www.freyshotels.com\/corner\/wp-content\/uploads\/2026\/04\/corner_hotel_dubbelrum_freys_1-1-1024x683.jpg 1024w, https:\/\/www.freyshotels.com\/corner\/wp-content\/uploads\/2026\/04\/corner_hotel_dubbelrum_freys_1-1-300x200.jpg 300w, https:\/\/www.freyshotels.com\/corner\/wp-content\/uploads\/2026\/04\/corner_hotel_dubbelrum_freys_1-1-768x512.jpg 768w, https:\/\/www.freyshotels.com\/corner\/wp-content\/uploads\/2026\/04\/corner_hotel_dubbelrum_freys_1-1-1536x1024.jpg 1536w, https:\/\/www.freyshotels.com\/corner\/wp-content\/uploads\/2026\/04\/corner_hotel_dubbelrum_freys_1-1.jpg 1920w\" \/>\t<\/div>\n\t<\/div>\n\n\n\n<div class=\"wp-block-column is-vertically-aligned-center\">\n<p class=\"has-brand-400-color has-text-color has-link-color has-script-medium-font-size wp-elements-88b0f3fc731af95d6af693a57fee7c14\">Hotell ljuva hem<\/p>\n\n\n\n<h2 class=\"wp-block-heading has-brand-600-color has-text-color has-link-color wp-elements-5e250dd574c73e336cca96777086ea08\">hotell stockholm<\/h2>\n\n\n\n<p class=\"has-brand-600-color has-text-color has-link-color wp-elements-3b46f8498e9c07598dbad0b80179c78d\">Att bo p\u00e5 Corner&nbsp;Hotel&nbsp;inneb\u00e4r att du har Stockholm n\u00e4ra till hands. Fr\u00e5n hotellet tar du dig enkelt runt i Stockholm, samtidigt som du har caf\u00e9er, restauranger och butiker precis runt h\u00f6rnet i Vasastan.&nbsp;<br><br>Hos oss bor du i n\u00e5got av v\u00e5ra 74 charmiga och personligt inredda hotellrum, i en v\u00e4lkomnande och hemtrevlig milj\u00f6 mitt i city \u2013 men i ett lugnare kvarter. H\u00e4r finns b\u00e5de n\u00e4rheten till stadens utbud och en plats att landa och koppla av efter dagens upplevelser.&nbsp;<br><br>Med personlig service ser vi till att du f\u00e5r en minnesv\u00e4rd vistelse n\u00e4r du bor hos oss i Stockholm.&nbsp;<\/p>\n\n\n\n<div class=\"wp-block-buttons\">\n<div class=\"wp-block-button is-style-fill\"><a class=\"wp-block-button__link has-brand-500-background-color has-background wp-element-button\" href=\"#\">Boka hotellrum<\/a><\/div>\n\n\n\n<div class=\"wp-block-button is-style-outline is-style-outline--2\"><a class=\"wp-block-button__link has-black-background-color has-background wp-element-button\" href=\"https:\/\/www.freyshotels.com\/corner\/hotel\" target=\"_blank\" rel=\"noreferrer noopener\">l\u00e4s Mer om hotellet<\/a><\/div>\n<\/div>\n<\/div>\n<\/div>\n\n\n\n<div class=\"wp-block-columns has-2-columns alignfull are-vertically-aligned-center sticky-column\" style=\"column-gap: var(--wp--preset--spacing--80); row-gap: var(--wp--preset--spacing--30); padding-top:var(--wp--preset--spacing--80);padding-bottom:var(--wp--preset--spacing--80)\">\n<div class=\"wp-block-column is-vertically-aligned-center\">\t<div \t\tclass=\"media-container aspect-square    \"\n\t\t\t>\n\t\t<img loading=\"lazy\" decoding=\"async\" width=\"1024\" height=\"683\" src=\"https:\/\/www.freyshotels.com\/corner\/wp-content\/uploads\/2026\/04\/corner_hotel_moules_frites_scaled-1024x683.jpg\" class=\"absolute h-full w-full object-cover rounded-2xl image-center-center\" alt=\"\" sizes=\"auto, (min-width: 1024px) 1600px, 1024px\" data-sizes=\"auto\" srcset=\"https:\/\/www.freyshotels.com\/corner\/wp-content\/uploads\/2026\/04\/corner_hotel_moules_frites_scaled-1024x683.jpg 1024w, https:\/\/www.freyshotels.com\/corner\/wp-content\/uploads\/2026\/04\/corner_hotel_moules_frites_scaled-300x200.jpg 300w, https:\/\/www.freyshotels.com\/corner\/wp-content\/uploads\/2026\/04\/corner_hotel_moules_frites_scaled-768x512.jpg 768w, https:\/\/www.freyshotels.com\/corner\/wp-content\/uploads\/2026\/04\/corner_hotel_moules_frites_scaled-1536x1024.jpg 1536w, https:\/\/www.freyshotels.com\/corner\/wp-content\/uploads\/2026\/04\/corner_hotel_moules_frites_scaled.jpg 1920w\" \/>\t<\/div>\n\t<\/div>\n\n\n\n<div class=\"wp-block-column is-vertically-aligned-center\">\n<p class=\"has-brand-400-color has-text-color has-link-color has-script-medium-font-size wp-elements-74a6c371b10781057b34f91c0e7cb9a7\">Restaurang<\/p>\n\n\n\n<h2 class=\"wp-block-heading has-brand-600-color has-text-color has-link-color wp-elements-9e66cdc30fd199efc0369eaadbba252e\">h\u00f6rnans belgobar<\/h2>\n\n\n\n<p class=\"has-brand-600-color has-text-color has-link-color wp-elements-19132475ba6d25dce9ad828a61474d6c\">Under din vistelse p\u00e5 Corner&nbsp;Hotel&nbsp;har du alltid n\u00e4ra till en komplett restaurangupplevelse. Tillsammans med H\u00f6rnans&nbsp;Belgobar&nbsp;erbjuder vi en avslappnad och v\u00e4lkomnande milj\u00f6 d\u00e4r b\u00e5de hotellg\u00e4ster och lokalbor trivs.&nbsp;<\/p>\n\n\n\n<p class=\"has-brand-600-color has-text-color has-link-color wp-elements-47424eb357dd226cdf66fa3881bc5859\"><strong>H\u00f6rnans Belgobar \u00f6ppnar onsdagen den 6 maj.<\/strong><br><strong>Hotellfrukost serveras fr\u00e5n den 2 maj.<\/strong><\/p>\n\n\n\n<div class=\"wp-block-buttons\">\n<div class=\"wp-block-button is-style-fill\"><a class=\"wp-block-button__link has-brand-500-background-color has-background wp-element-button\" href=\"https:\/\/www.belgobaren.se\/hornan\/boka-bord\" target=\"_blank\" rel=\"noreferrer noopener\">Boka bord<\/a><\/div>\n\n\n\n<div class=\"wp-block-button is-style-outline is-style-outline--3\"><a class=\"wp-block-button__link has-black-background-color has-background wp-element-button\" href=\"https:\/\/www.freyshotels.com\/corner\/restaurang\/\">l\u00e4s mer om h\u00f6rnans belgobar<\/a><\/div>\n<\/div>\n<\/div>\n<\/div>\n\n\n\n<div class=\"wp-block-columns has-2-columns alignfull are-vertically-aligned-center sticky-column\" style=\"column-gap: var(--wp--preset--spacing--80); row-gap: var(--wp--preset--spacing--30); padding-top:var(--wp--preset--spacing--80);padding-bottom:var(--wp--preset--spacing--80)\">\n<div class=\"wp-block-column is-vertically-aligned-center\">\t<div \t\tclass=\"media-container aspect-square    \"\n\t\t\t>\n\t\t<img loading=\"lazy\" decoding=\"async\" width=\"1024\" height=\"739\" src=\"https:\/\/www.freyshotels.com\/corner\/wp-content\/uploads\/2026\/04\/corner_hotel_konferensfika_1-1024x739.jpg\" class=\"absolute h-full w-full object-cover rounded-2xl image-center-center\" alt=\"\" sizes=\"auto, (min-width: 1024px) 1600px, 1024px\" data-sizes=\"auto\" srcset=\"https:\/\/www.freyshotels.com\/corner\/wp-content\/uploads\/2026\/04\/corner_hotel_konferensfika_1-1024x739.jpg 1024w, https:\/\/www.freyshotels.com\/corner\/wp-content\/uploads\/2026\/04\/corner_hotel_konferensfika_1-300x216.jpg 300w, https:\/\/www.freyshotels.com\/corner\/wp-content\/uploads\/2026\/04\/corner_hotel_konferensfika_1-768x554.jpg 768w, https:\/\/www.freyshotels.com\/corner\/wp-content\/uploads\/2026\/04\/corner_hotel_konferensfika_1-1536x1108.jpg 1536w, https:\/\/www.freyshotels.com\/corner\/wp-content\/uploads\/2026\/04\/corner_hotel_konferensfika_1.jpg 1920w\" \/>\t<\/div>\n\t<\/div>\n\n\n\n<div class=\"wp-block-column is-vertically-aligned-center\">\n<p class=\"has-brand-400-color has-text-color has-link-color has-script-medium-font-size wp-elements-05fab67b702a00caef23f8084002168f\">M\u00f6ten &amp; Event<\/p>\n\n\n\n<h2 class=\"wp-block-heading has-brand-600-color has-text-color has-link-color wp-elements-bb28624eb96075f21421835a1cd4f583\">konferens stockholm<\/h2>\n\n\n\n<p class=\"has-brand-600-color has-text-color has-link-color wp-elements-85d0ce58928c884c78c04f74994437b6\">Centralt i Stockholm p\u00e5 R\u00e5dmansgatan erbjuder vi 13 konferenslokaler f\u00f6r upp till&nbsp;60&nbsp;personer. H\u00e4r f\u00e5r du personlig service och goda f\u00f6ruts\u00e4ttningar f\u00f6r ett lyckat m\u00f6te, konferens eller event.&nbsp;<br><br>Corner&nbsp;Hotel&nbsp;erbjuder flexibla konferenslokaler i olika storlekar \u2013 perfekt f\u00f6r allt fr\u00e5n mindre m\u00f6ten till st\u00f6rre konferenser och event. Med v\u00e5rt l\u00e4ge i Vasastan, n\u00e4ra b\u00e5de Odenplan och goda kommunikationer, \u00e4r det enkelt att samla teamet oavsett var deltagarna kommer ifr\u00e5n.&nbsp;<br><br>H\u00e4r m\u00f6ts personlig service, inspirerande m\u00f6tesrum och en lugn men central milj\u00f6 \u2013 en kombination som skapar effektiva och trivsamma m\u00f6ten.&nbsp;<\/p>\n\n\n\n<div class=\"wp-block-buttons\">\n<div class=\"wp-block-button is-style-outline is-style-outline--4\"><a class=\"wp-block-button__link has-black-background-color has-background wp-element-button\" href=\"https:\/\/www.freyshotels.com\/corner\/konferens-stockholm\/\" target=\"_blank\" rel=\"noreferrer noopener\">l\u00e4s Mer om konferens<\/a><\/div>\n<\/div>\n<\/div>\n<\/div>\n\n\n\n<div class=\"wp-block-columns has-2-columns alignfull are-vertically-aligned-center sticky-column\" style=\"column-gap: var(--wp--preset--spacing--80); row-gap: var(--wp--preset--spacing--30); padding-top:var(--wp--preset--spacing--80);padding-bottom:var(--wp--preset--spacing--80)\">\n<div class=\"wp-block-column is-vertically-aligned-center\">\t<div \t\tclass=\"media-container aspect-square    \"\n\t\t\t>\n\t\t<img loading=\"lazy\" decoding=\"async\" width=\"1024\" height=\"683\" src=\"https:\/\/www.freyshotels.com\/corner\/wp-content\/uploads\/2026\/04\/corner_hotel_foretagslagenhet_hotel_lgh401-1-1024x683.jpg\" class=\"absolute h-full w-full object-cover rounded-2xl image-center-center\" alt=\"\" sizes=\"auto, (min-width: 1024px) 1600px, 1024px\" data-sizes=\"auto\" srcset=\"https:\/\/www.freyshotels.com\/corner\/wp-content\/uploads\/2026\/04\/corner_hotel_foretagslagenhet_hotel_lgh401-1-1024x683.jpg 1024w, https:\/\/www.freyshotels.com\/corner\/wp-content\/uploads\/2026\/04\/corner_hotel_foretagslagenhet_hotel_lgh401-1-300x200.jpg 300w, https:\/\/www.freyshotels.com\/corner\/wp-content\/uploads\/2026\/04\/corner_hotel_foretagslagenhet_hotel_lgh401-1-768x512.jpg 768w, https:\/\/www.freyshotels.com\/corner\/wp-content\/uploads\/2026\/04\/corner_hotel_foretagslagenhet_hotel_lgh401-1-1536x1024.jpg 1536w, https:\/\/www.freyshotels.com\/corner\/wp-content\/uploads\/2026\/04\/corner_hotel_foretagslagenhet_hotel_lgh401-1.jpg 1920w\" \/>\t<\/div>\n\t<\/div>\n\n\n\n<div class=\"wp-block-column is-vertically-aligned-center\">\n<p class=\"has-brand-400-color has-text-color has-link-color has-script-medium-font-size wp-elements-111b9b1ce4526f96ec8e5824c3ddfe17\">Corner Hotel<\/p>\n\n\n\n<h2 class=\"wp-block-heading has-brand-600-color has-text-color has-link-color wp-elements-f255cd56407b087256a90ea8d37d7c9e\">f\u00f6retagsbost\u00e4der stockholm<\/h2>\n\n\n\n<p class=\"has-brand-600-color has-text-color has-link-color wp-elements-55b3010ef13ac49997e7afb441ec21cf\">Letar du efter en hyresl\u00e4genhet, f\u00f6retagsl\u00e4genhet, \u00f6vernattningsl\u00e4genhet alternativt tillf\u00e4lligt boende? Vi erbjuder 11 m\u00f6blerade l\u00e4genheter f\u00f6r s\u00e5v\u00e4l l\u00e5nga som korta perioder, p\u00e5 centrala adresser i Stockholm.&nbsp;<\/p>\n\n\n\n<div class=\"wp-block-buttons\">\n<div class=\"wp-block-button is-style-outline is-style-outline--5\"><a class=\"wp-block-button__link has-black-background-color has-background wp-element-button\" href=\"https:\/\/www.freyshotels.com\/corner\/foretagslagenheter-stockholm\/\" target=\"_blank\" rel=\"noreferrer noopener\">l\u00e4s mer om f\u00f6retagsbost\u00e4der<\/a><\/div>\n<\/div>\n<\/div>\n<\/div>\n<\/div>\n\n\n\n<div style=\"aspect-ratio:auto; justify-content:center; padding-top:var(--wp--preset--spacing--80);\" class=\"alignfull inner-paralax wp-elements-9837e0a940938b9b7204f0c8d439fb75 wp-block-create-block-tankbar-multiblock has-text-color has-white-color has-background has-text-align-center\">\n\n\t<div class=\"multiblock-bg\">\n\n\t\n\t\n\t\t\t\t\t<div class=\"multiblock-gallery\">\n\t\t\t<div class=\"swiper\"\n\t\t\t\t data-transition-duration=\"1500\"\n\t\t\t\t data-interval-duration=\"6000\"\n\t\t\t\t data-transition-style=\"fade\"\n\t\t\t\t data-gallery-buttons=\"false\"\n\t\t\t\t data-gallery-pagination=\"false\">\n\t\t\t\t<div class=\"swiper-wrapper\">\n\t\t\t\t\t\t\t\t\t\t\t\t\t\t\t\t\t\t\t\t\t\t<div class=\"swiper-slide gallery-item\">\n\t\t\t\t\t\t\t<img decoding=\"async\" src=\"https:\/\/www.freyshotels.com\/corner\/wp-content\/uploads\/2026\/04\/corner_hotel_twinrum-3-1024x683.jpg\" alt=\"Bakgrundsbild\" width=\"100%\" height=\"100%\" \/>\n\t\t\t\t\t\t<\/div>\n\t\t\t\t\t\t\t\t\t\t\t\t\t\t<\/div>\n\t\t\t<\/div>\n\t\t<\/div>\n\t\n\t\n\t\n\t<\/div><!-- .multiblock-bg -->\n\n\t<div class=\"multiblock-inner\">\n\t\t\n\n<h2 class=\"wp-block-heading has-script-large-font-size\">Kundcitat<\/h2>\n\n\n\n<div style=\"aspect-ratio:auto; justify-content:center; padding-bottom:var(--wp--preset--spacing--80);padding-top:var(--wp--preset--spacing--40);\" class=\"alignfull wp-block-create-block-tankbar-multiblock has-text-color has-background\">\n\n\t<div class=\"multiblock-bg\">\n\n\t\n\t\n\t\n\t\n\t\t\t<div class=\"multiblock-overlay-gradient absolute inset-0 overlay-gradient gradient-bottom\" style=\" background: linear-gradient(180deg, rgba(var(--brand-700), 0) 0%, rgba(var(--brand-700), 0.7) 60%);\"><\/div>\n\t\n\t<\/div><!-- .multiblock-bg -->\n\n\t<div class=\"multiblock-inner\">\n\t\t\n<div \tclass=\"quote-swiper    \" data-slides-per-view=\"3\"\n\t>\n\t    <div class=\"swiper\">\n        <div class=\"swiper-wrapper\">\n                            <div class=\"swiper-slide !h-auto\">\n                    <div class=\"h-full bg-brand-500 text-white flex flex-col items-start text-left p-spacing-40 rounded-xl noice before:!opacity-100\">\n                                                                            <div class=\"relative flex jusify-start !mx-0 gap-x-1.5 text-[24px] !text-gold-400 mb-spacing-40\">\n                                                                    <i class=\"icon-star-filled\"><\/i>\n                                                                    <i class=\"icon-star-filled\"><\/i>\n                                                                    <i class=\"icon-star-filled\"><\/i>\n                                                                    <i class=\"icon-star-filled\"><\/i>\n                                                                    <i class=\"icon-star-filled\"><\/i>\n                                                            <\/div>\n                                                <div class=\"mb-spacing-40 w-full\">\n                            <strong>Familj\u00e4rt, centralt och lugnt hotell.<\/strong>\r\n\r\nUppskattar det familj\u00e4ra. Receptionisten tilltalar mig med mitt f\u00f6rnamn. G\u00f6r att jag som kund k\u00e4nner mig sedd.\r\nFrukostbuffen var inte \u00f6verd\u00e5dig, men fullt tillr\u00e4cklig.\r\nTyst och lugnt hotell. Ligger lite avsides men \u00e4r oerh\u00f6rt centralt. Kommer att \u00e5terkomma.                        <\/div>\n                        <div class=\"has-small-font-size opacity-60 mt-auto w-full\">\n                            Pioneer30616162745 | Tripadvisor                        <\/div>\n                    <\/div>\n                <\/div>\n                                <div class=\"swiper-slide !h-auto\">\n                    <div class=\"h-full bg-brand-500 text-white flex flex-col items-start text-left p-spacing-40 rounded-xl noice before:!opacity-100\">\n                                                                            <div class=\"relative flex jusify-start !mx-0 gap-x-1.5 text-[24px] !text-gold-400 mb-spacing-40\">\n                                                                    <i class=\"icon-star-filled\"><\/i>\n                                                                    <i class=\"icon-star-filled\"><\/i>\n                                                                    <i class=\"icon-star-filled\"><\/i>\n                                                                    <i class=\"icon-star-filled\"><\/i>\n                                                                    <i class=\"icon-star-filled\"><\/i>\n                                                            <\/div>\n                                                <div class=\"mb-spacing-40 w-full\">\n                            <strong>Bara k\u00e4rlek.<\/strong>\r\n\r\nKanon mysigt hotell.k\u00e4nns som man bor hemma hos en v\u00e4n inga rum \u00e4r likadana Personalen \u00e4r underbara. Ligger perfekt n\u00e4ra till Drottninggatan. Med alla butiker 10 min g\u00e5ng s\u00e5 \u00e4r man i gamla stan. Rekommenderas starkt \ud83d\ude0e\ud83e\udd18\ud83c\udffb\ud83d\udc4a\ud83c\udffb\r\n\r\nJocke\/Sandra                        <\/div>\n                        <div class=\"has-small-font-size opacity-60 mt-auto w-full\">\n                            U8485GWinfo | Tripadvisor                        <\/div>\n                    <\/div>\n                <\/div>\n                                <div class=\"swiper-slide !h-auto\">\n                    <div class=\"h-full bg-brand-500 text-white flex flex-col items-start text-left p-spacing-40 rounded-xl noice before:!opacity-100\">\n                                                                            <div class=\"relative flex jusify-start !mx-0 gap-x-1.5 text-[24px] !text-gold-400 mb-spacing-40\">\n                                                                    <i class=\"icon-star-filled\"><\/i>\n                                                                    <i class=\"icon-star-filled\"><\/i>\n                                                                    <i class=\"icon-star-filled\"><\/i>\n                                                                    <i class=\"icon-star-filled\"><\/i>\n                                                                    <i class=\"icon-star-filled\"><\/i>\n                                                            <\/div>\n                                                <div class=\"mb-spacing-40 w-full\">\n                            <strong>Mysigt hotell.\u00a0<\/strong>Rent och fint Fantastiskt trevlig, tillm\u00f6tesg\u00e5ende och hj\u00e4lpsam personal. Mysig inredning med blandat gammalt och nytt och gulligt med nallen. Frukosten inneh\u00f6ll allt som vi efterfr\u00e5gar. Kommer att rekommendera detta prisv\u00e4rda boende till sl\u00e4kt o v\u00e4nner                        <\/div>\n                        <div class=\"has-small-font-size opacity-60 mt-auto w-full\">\n                            X3382KJmarial | Tripadvisor                        <\/div>\n                    <\/div>\n                <\/div>\n                        <\/div>\n    <\/div>\n\t<\/div>\n\t<\/div>\n\n\t<\/div>\n\n\t<\/div>\n\n\t<\/div>\n\n\n\n<div class=\"wp-block-group alignfull noice has-brand-200-background-color has-background\" style=\"padding-top:var(--wp--preset--spacing--60);padding-bottom:var(--wp--preset--spacing--80)\">\n<h2 class=\"wp-block-heading has-h-3-font-size\">Missa inte<\/h2>\n\n\n\n<div class=\"wp-block-columns has-3-columns\" style=\"column-gap: var(--wp--preset--spacing--40); row-gap: var(--wp--preset--spacing--50); margin-top:var(--wp--preset--spacing--20);margin-bottom:var(--wp--preset--spacing--60)\">\n<div class=\"wp-block-column\">\n<div class=\"wp-block-group img-text-card\">\t<div \t\tclass=\"media-container aspect-[4\/3]    \"\n\t\t\t>\n\t\t<img loading=\"lazy\" decoding=\"async\" width=\"1024\" height=\"681\" src=\"https:\/\/www.freyshotels.com\/corner\/wp-content\/uploads\/2026\/04\/corner_hotel_drottninggatan-1024x681.jpg\" class=\"absolute h-full w-full object-cover rounded-2xl image-center-center\" alt=\"\" sizes=\"auto, (min-width: 1024px) 1600px, 1024px\" data-sizes=\"auto\" srcset=\"https:\/\/www.freyshotels.com\/corner\/wp-content\/uploads\/2026\/04\/corner_hotel_drottninggatan-1024x681.jpg 1024w, https:\/\/www.freyshotels.com\/corner\/wp-content\/uploads\/2026\/04\/corner_hotel_drottninggatan-300x200.jpg 300w, https:\/\/www.freyshotels.com\/corner\/wp-content\/uploads\/2026\/04\/corner_hotel_drottninggatan-768x511.jpg 768w, https:\/\/www.freyshotels.com\/corner\/wp-content\/uploads\/2026\/04\/corner_hotel_drottninggatan-1536x1022.jpg 1536w, https:\/\/www.freyshotels.com\/corner\/wp-content\/uploads\/2026\/04\/corner_hotel_drottninggatan.jpg 1920w\" \/>\t<\/div>\n\t\n\n\n<h2 class=\"wp-block-heading has-brand-600-color has-text-color has-link-color has-medium-font-size wp-elements-11fc188fbb1d2c66ebc05dd015ba35bb\"><strong>Se och g\u00f6ra i Stockholm<\/strong><\/h2>\n\n\n\n<p class=\"has-small-font-size\">H\u00e4r kan du ta del av v\u00e5ra personliga tips p\u00e5 restauranger, caf\u00e9er och saker att se och g\u00f6ra i Stockholm. Vi hoppas att du uppskattar v\u00e5ra tips och f\u00e5r inspiration till din vistelse hos oss.&nbsp;<\/p>\n\n\n\n<div class=\"wp-block-buttons\">\n<div class=\"wp-block-button is-style-outline is-style-outline--6\"><a class=\"wp-block-button__link has-black-background-color has-background wp-element-button\" href=\"https:\/\/www.freyshotels.com\/freys\/se-och-gora-i-stockholm\/\" target=\"_blank\" rel=\"noreferrer noopener\">se och g\u00f6ra i  stockholm<\/a><\/div>\n<\/div>\n<\/div>\n<\/div>\n\n\n\n<div class=\"wp-block-column\">\n<div class=\"wp-block-group img-text-card\">\t<div \t\tclass=\"media-container aspect-[4\/3]    \"\n\t\t\t>\n\t\t<img loading=\"lazy\" decoding=\"async\" width=\"1024\" height=\"683\" src=\"https:\/\/www.freyshotels.com\/corner\/wp-content\/uploads\/2026\/04\/freys_hotel_freys_family_formaner-1-1024x683.jpg\" class=\"absolute h-full w-full object-cover rounded-2xl image-center-center\" alt=\"\" sizes=\"auto, (min-width: 1024px) 1600px, 1024px\" data-sizes=\"auto\" srcset=\"https:\/\/www.freyshotels.com\/corner\/wp-content\/uploads\/2026\/04\/freys_hotel_freys_family_formaner-1-1024x683.jpg 1024w, https:\/\/www.freyshotels.com\/corner\/wp-content\/uploads\/2026\/04\/freys_hotel_freys_family_formaner-1-300x200.jpg 300w, https:\/\/www.freyshotels.com\/corner\/wp-content\/uploads\/2026\/04\/freys_hotel_freys_family_formaner-1-768x512.jpg 768w, https:\/\/www.freyshotels.com\/corner\/wp-content\/uploads\/2026\/04\/freys_hotel_freys_family_formaner-1-1536x1024.jpg 1536w, https:\/\/www.freyshotels.com\/corner\/wp-content\/uploads\/2026\/04\/freys_hotel_freys_family_formaner-1.jpg 1920w\" \/>\t<\/div>\n\t\n\n\n<h2 class=\"wp-block-heading has-brand-600-color has-text-color has-link-color has-medium-font-size wp-elements-09528949ea4dbda3a5f52af8e820e306\"><strong>Freys Family \u2013 Lojalitetsprogram<\/strong><\/h2>\n\n\n\n<p class=\"has-small-font-size\">V\u00e5rt stamg\u00e4stprogram f\u00f6r dig som bor ofta hos oss p\u00e5 Corner&nbsp;Hotel&nbsp;och v\u00e5rt systerhotell Freys&nbsp;Hotel. Bli medlem redan idag f\u00f6r att samla bonusn\u00e4tter och ta del av fina erbjudanden. Medlemskapet \u00e4r kostnadsfritt.&nbsp;<\/p>\n<\/div>\n\n\n\n<div class=\"wp-block-buttons\">\n<div class=\"wp-block-button is-style-outline is-style-outline--7\"><a class=\"wp-block-button__link has-black-background-color has-background wp-element-button\" href=\"https:\/\/www.freyshotels.com\/freys-family\/\" target=\"_blank\" rel=\"noreferrer noopener\">Om Freys Family<\/a><\/div>\n<\/div>\n<\/div>\n\n\n\n<div class=\"wp-block-column\">\n<div class=\"wp-block-group img-text-card\">\t<div \t\tclass=\"media-container aspect-[4\/3]    \"\n\t\t\t>\n\t\t<img loading=\"lazy\" decoding=\"async\" width=\"1024\" height=\"683\" src=\"https:\/\/www.freyshotels.com\/corner\/wp-content\/uploads\/2026\/04\/corner_hotel_trebaddsrum_5-1024x683.jpg\" class=\"absolute h-full w-full object-cover rounded-2xl image-center-center\" alt=\"\" sizes=\"auto, (min-width: 1024px) 1600px, 1024px\" data-sizes=\"auto\" srcset=\"https:\/\/www.freyshotels.com\/corner\/wp-content\/uploads\/2026\/04\/corner_hotel_trebaddsrum_5-1024x683.jpg 1024w, https:\/\/www.freyshotels.com\/corner\/wp-content\/uploads\/2026\/04\/corner_hotel_trebaddsrum_5-300x200.jpg 300w, https:\/\/www.freyshotels.com\/corner\/wp-content\/uploads\/2026\/04\/corner_hotel_trebaddsrum_5-768x512.jpg 768w, https:\/\/www.freyshotels.com\/corner\/wp-content\/uploads\/2026\/04\/corner_hotel_trebaddsrum_5-1536x1024.jpg 1536w, https:\/\/www.freyshotels.com\/corner\/wp-content\/uploads\/2026\/04\/corner_hotel_trebaddsrum_5.jpg 1920w\" \/>\t<\/div>\n\t\n\n\n<h2 class=\"wp-block-heading has-brand-600-color has-text-color has-link-color has-medium-font-size wp-elements-c9eb119c8d262f8576d317b87090758c\"><strong>Milj\u00f6m\u00e4rkt hotell Stockholm city<\/strong><\/h2>\n\n\n\n<p class=\"has-small-font-size\">Freys&nbsp;Hotel&nbsp;\u00e4r milj\u00f6m\u00e4rkt med Green&nbsp;Key&nbsp;\u2013 en internationell certifiering f\u00f6r hotell. Det inneb\u00e4r ett aktivt arbete f\u00f6r att minska milj\u00f6p\u00e5verkan och bidra till en mer h\u00e5llbar hotell- och konferensverksamhet.&nbsp;<\/p>\n<\/div>\n\n\n\n<div class=\"wp-block-buttons\">\n<div class=\"wp-block-button is-style-outline is-style-outline--8\"><a class=\"wp-block-button__link has-black-background-color has-background wp-element-button\" href=\"https:\/\/www.freyshotels.com\/miljomarkt-hotell-stockholm-city\/\" target=\"_blank\" rel=\"noreferrer noopener\">V\u00e5rt milj\u00f6arbete<\/a><\/div>\n<\/div>\n<\/div>\n<\/div>\n\n\n\n<div class=\"wp-block-columns has-2-columns alignfull are-vertically-aligned-center noice\" style=\"column-gap: var(--wp--preset--spacing--80); row-gap: var(--wp--preset--spacing--30); padding-top:var(--wp--preset--spacing--60);padding-bottom:var(--wp--preset--spacing--80)\">\n<div class=\"wp-block-column is-vertically-aligned-center stick\">\t<div \t\tclass=\"media-container aspect-square    \"\n\t\t\t>\n\t\t<img loading=\"lazy\" decoding=\"async\" width=\"1024\" height=\"683\" src=\"https:\/\/www.freyshotels.com\/corner\/wp-content\/uploads\/2026\/04\/corner_hotel_freys_entre_sommar-1024x683.jpg\" class=\"absolute h-full w-full object-cover rounded-2xl image-center-center\" alt=\"\" sizes=\"auto, (min-width: 1024px) 1600px, 1024px\" data-sizes=\"auto\" srcset=\"https:\/\/www.freyshotels.com\/corner\/wp-content\/uploads\/2026\/04\/corner_hotel_freys_entre_sommar-1024x683.jpg 1024w, https:\/\/www.freyshotels.com\/corner\/wp-content\/uploads\/2026\/04\/corner_hotel_freys_entre_sommar-300x200.jpg 300w, https:\/\/www.freyshotels.com\/corner\/wp-content\/uploads\/2026\/04\/corner_hotel_freys_entre_sommar-768x512.jpg 768w, https:\/\/www.freyshotels.com\/corner\/wp-content\/uploads\/2026\/04\/corner_hotel_freys_entre_sommar-1536x1025.jpg 1536w, https:\/\/www.freyshotels.com\/corner\/wp-content\/uploads\/2026\/04\/corner_hotel_freys_entre_sommar.jpg 1920w\" \/>\t<\/div>\n\t<\/div>\n\n\n\n<div class=\"wp-block-column is-vertically-aligned-center\">\n<p class=\"has-brand-400-color has-text-color has-link-color has-script-medium-font-size wp-elements-0ea35624b9a5f717ed8a07e5c3c167e3\">En plats att l\u00e4ngta till<\/p>\n\n\n\n<h2 class=\"wp-block-heading has-brand-600-color has-text-color has-link-color has-h-3-font-size wp-elements-bbf0af19e066938ff74082261c28d20f\">mitt i stockholm city<\/h2>\n\n\n\n<p class=\"has-brand-600-color has-text-color has-link-color wp-elements-5f3d5e550116f8eac236b2d2bdc52856\">Corner&nbsp;Hotel&nbsp;\u00e4r ett mysigt och personligt hotell mitt i stadens hj\u00e4rta. H\u00e4r m\u00f6ts ombonad atmosf\u00e4r med v\u00e4rme och omtanke, och varje rum \u00e4r utformat f\u00f6r att du ska k\u00e4nna dig bekv\u00e4m och v\u00e4lkommen.&nbsp;<\/p>\n\n\n\n<p>B\u00f6rja dagen i mjuka lakan, ge dig ut i Stockholms puls och kom sedan tillbaka till en plats d\u00e4r du kan k\u00e4nna dig som hemma. Oavsett om du reser f\u00f6r jobb, romantik, familj eller med hunden \u2013 Corner&nbsp;Hotel&nbsp;\u00e4r din trygga och personliga bas.&nbsp;<\/p>\n\n\n\n<p class=\"has-brand-600-color has-text-color has-link-color wp-elements-f7e5620352b84f68fa9b5f74058b879c\">Ett hotell f\u00f6r dig som vill bo centralt, bekv\u00e4mt och hemtrevligt, med fokus p\u00e5 trivsel och omtanke.&nbsp;<\/p>\n\n\n\n<div class=\"wp-block-buttons\">\n<div class=\"wp-block-button is-style-fill\"><a class=\"wp-block-button__link has-brand-500-background-color has-background wp-element-button\" href=\"https:\/\/www.freyshotels.com\/corner\/hotell-stockholm\/\">l\u00e4s mer om hotellet<\/a><\/div>\n<\/div>\n<\/div>\n<\/div>\n\n\n\n<div class=\"wp-block-columns has-2-columns\" style=\"column-gap: var(--wp--preset--spacing--40); row-gap: var(--wp--preset--spacing--40); border-top-color:var(--wp--preset--color--neutral-200);border-top-style:solid;border-top-width:1px;padding-top:var(--wp--preset--spacing--60)\">\n<div class=\"wp-block-column\">\n<h2 class=\"wp-block-heading has-h-3-font-size\">Vanliga fr\u00e5gor och svar<\/h2>\n\n\n\n<p>\u00c4r det n\u00e5got du undrar inf\u00f6r ditt bes\u00f6k p\u00e5 Corner&nbsp;Hotel?&nbsp;N\u00e4r kan jag checka in? N\u00e4r serveras frukosten? Finns parkering, restaurang eller gym \u2013 och \u00e4r det okej att ta med hunden?&nbsp;<\/p>\n\n\n\n<p>H\u00e4r har vi samlat svaren p\u00e5 v\u00e5ra vanligaste fr\u00e5gor.&nbsp;<\/p>\n\n\n\n<div class=\"wp-block-buttons\">\n<div class=\"wp-block-button\"><a class=\"wp-block-button__link wp-element-button\" href=\"https:\/\/www.freyshotels.com\/corner\/fragor-och-svar\/\" target=\"_blank\" rel=\"noreferrer noopener\">alla fr\u00e5gor och svar<\/a><\/div>\n<\/div>\n<\/div>\n\n\n\n<div class=\"wp-block-column\"><div \tclass=\"   \"\n\t>\n\t    <div\n                class=\"w-full    \"\n            >\n                    <div id=\"faq-1258\" x-data=\"{ open: false }\" class=\"py-spacing-10 border-b border-black\/10\">\n                <button x-on:click=\"open = ! open\" x-bind:class=\"open ? 'faq-close text-brand-500' : 'faq-open'\" aria-label=\"Visa svar\" class=\"group w-full flex items-start justify-between gap-x-4 text-left has-medium-font-size\">\n                    <span class=\"self-center flex-1 xl:group-hover:text-brand-500\">N\u00e4r serveras hotellfrukosten?<\/span>\n                    <i x-bind:class=\"open ? 'icon-minus' : 'icon-plus'\" class=\"flex items-center justify-center size-10 min-w-10 bg-white rounded-full shadow-button text-[20px] text-neutral-600 focus:!shadow-button xl:hover:scale-110 transition-all duration-200\"><\/i>\n                <\/button>\n                <div x-cloak x-show=\"open\" class=\"mt-2\">\n                    <div class=\"py-3 md:py-4\">\n                        <p><span class=\"TextRun SCXW139903384 BCX0\" lang=\"SV-SE\" xml:lang=\"SV-SE\" data-contrast=\"auto\"><span class=\"NormalTextRun SCXW139903384 BCX0\">Frukostbuff\u00e9n serveras:<\/span><\/span><span class=\"LineBreakBlob BlobObject DragDrop SCXW139903384 BCX0\"><span class=\"SCXW139903384 BCX0\">\u00a0<\/span><br class=\"SCXW139903384 BCX0\" \/><\/span><span class=\"TextRun SCXW139903384 BCX0\" lang=\"SV-SE\" xml:lang=\"SV-SE\" data-contrast=\"auto\"><span class=\"NormalTextRun SCXW139903384 BCX0\">M\u00e5ndag\u2013fredag kl. 07.00\u201310.00<\/span><\/span><span class=\"LineBreakBlob BlobObject DragDrop SCXW139903384 BCX0\"><span class=\"SCXW139903384 BCX0\">\u00a0<\/span><br class=\"SCXW139903384 BCX0\" \/><\/span><span class=\"TextRun SCXW139903384 BCX0\" lang=\"SV-SE\" xml:lang=\"SV-SE\" data-contrast=\"auto\"><span class=\"NormalTextRun SCXW139903384 BCX0\">L\u00f6rdag\u2013s\u00f6ndag kl. 07.30\u201310.30<\/span><\/span><span class=\"LineBreakBlob BlobObject DragDrop SCXW139903384 BCX0\"><span class=\"SCXW139903384 BCX0\"><\/p>\n<p><\/span><\/span><span class=\"TextRun SCXW139903384 BCX0\" lang=\"SV-SE\" xml:lang=\"SV-SE\" data-contrast=\"auto\"><span class=\"NormalTextRun SCXW139903384 BCX0\">\u00d6nskar du tidigare frukost hj\u00e4lper vi dig g\u00e4rna \u2013 kontakta receptionen i f\u00f6rv\u00e4g.<\/span><\/span><\/p>\n                    <\/div>\n                <\/div>\n            <\/div>\n                        <div id=\"faq-1234\" x-data=\"{ open: false }\" class=\"py-spacing-10 border-b border-black\/10\">\n                <button x-on:click=\"open = ! open\" x-bind:class=\"open ? 'faq-close text-brand-500' : 'faq-open'\" aria-label=\"Visa svar\" class=\"group w-full flex items-start justify-between gap-x-4 text-left has-medium-font-size\">\n                    <span class=\"self-center flex-1 xl:group-hover:text-brand-500\">Finns det parkering?<\/span>\n                    <i x-bind:class=\"open ? 'icon-minus' : 'icon-plus'\" class=\"flex items-center justify-center size-10 min-w-10 bg-white rounded-full shadow-button text-[20px] text-neutral-600 focus:!shadow-button xl:hover:scale-110 transition-all duration-200\"><\/i>\n                <\/button>\n                <div x-cloak x-show=\"open\" class=\"mt-2\">\n                    <div class=\"py-3 md:py-4\">\n                        <p data-start=\"323\" data-end=\"570\">Vi har ett garage som tillh\u00f6r hotellet. Kostnaden \u00e4r 350 SEK per natt (fr\u00e5n kl. 15.00 p\u00e5 ankomstdagen till kl. 12.00 p\u00e5 avresedagen). Garaget \u00e4r \u00f6ppet mellan 07.00 och 22.30. Antalet platser \u00e4r begr\u00e4nsat, s\u00e5 vi rekommenderar att du bokar i f\u00f6rv\u00e4g.<\/p>\n<p data-start=\"572\" data-end=\"893\">Det finns \u00e4ven m\u00f6jlighet till gatuparkering i omr\u00e5det utanf\u00f6r hotellet, i m\u00e5n av plats. F\u00f6r gatuparkering g\u00e4ller stadens regler och avgifter, med avgift vardagar 07.00\u201319.00 samt l\u00f6rdagar 11.00\u201317.00. Observera att st\u00e4ddagar f\u00f6rekommer, d\u00e5 parkering inte \u00e4r till\u00e5ten enligt skyltning. \u00d6vrig tid \u00e4r parkeringen avgiftsfri.<\/p>\n                    <\/div>\n                <\/div>\n            <\/div>\n                        <div id=\"faq-1257\" x-data=\"{ open: false }\" class=\"py-spacing-10 border-b border-black\/10\">\n                <button x-on:click=\"open = ! open\" x-bind:class=\"open ? 'faq-close text-brand-500' : 'faq-open'\" aria-label=\"Visa svar\" class=\"group w-full flex items-start justify-between gap-x-4 text-left has-medium-font-size\">\n                    <span class=\"self-center flex-1 xl:group-hover:text-brand-500\">Har ni n\u00e5gon restaurang?<\/span>\n                    <i x-bind:class=\"open ? 'icon-minus' : 'icon-plus'\" class=\"flex items-center justify-center size-10 min-w-10 bg-white rounded-full shadow-button text-[20px] text-neutral-600 focus:!shadow-button xl:hover:scale-110 transition-all duration-200\"><\/i>\n                <\/button>\n                <div x-cloak x-show=\"open\" class=\"mt-2\">\n                    <div class=\"py-3 md:py-4\">\n                        <p><span class=\"TextRun SCXW60693987 BCX0\" lang=\"SV-SE\" xml:lang=\"SV-SE\" data-contrast=\"auto\"><span class=\"NormalTextRun SCXW60693987 BCX0\">Vi samarbetar med H\u00f6rnans Belgobar som ligger i anslutning till hotellet. H\u00e4r serveras v\u00e4llagad mat samt ett brett utbud av belgisk \u00f6l.<\/span><\/span><span class=\"LineBreakBlob BlobObject DragDrop SCXW60693987 BCX0\"><span class=\"SCXW60693987 BCX0\">\u00a0<\/span><br class=\"SCXW60693987 BCX0\" \/><\/span><span class=\"TextRun SCXW60693987 BCX0\" lang=\"SV-SE\" xml:lang=\"SV-SE\" data-contrast=\"auto\"><span class=\"NormalTextRun SCXW60693987 BCX0\">Frukostbuff\u00e9n serveras ocks\u00e5 h\u00e4r.<\/span><\/span><\/p>\n                    <\/div>\n                <\/div>\n            <\/div>\n                        <div id=\"faq-1245\" x-data=\"{ open: false }\" class=\"py-spacing-10 border-b border-black\/10\">\n                <button x-on:click=\"open = ! open\" x-bind:class=\"open ? 'faq-close text-brand-500' : 'faq-open'\" aria-label=\"Visa svar\" class=\"group w-full flex items-start justify-between gap-x-4 text-left has-medium-font-size\">\n                    <span class=\"self-center flex-1 xl:group-hover:text-brand-500\">Finns det gym p\u00e5 hotellet?<\/span>\n                    <i x-bind:class=\"open ? 'icon-minus' : 'icon-plus'\" class=\"flex items-center justify-center size-10 min-w-10 bg-white rounded-full shadow-button text-[20px] text-neutral-600 focus:!shadow-button xl:hover:scale-110 transition-all duration-200\"><\/i>\n                <\/button>\n                <div x-cloak x-show=\"open\" class=\"mt-2\">\n                    <div class=\"py-3 md:py-4\">\n                        <p><span class=\"TextRun SCXW99206859 BCX0\" lang=\"SV-SE\" xml:lang=\"SV-SE\" data-contrast=\"auto\"><span class=\"NormalTextRun SCXW99206859 BCX0\">Vi samarbetar med det n\u00e4rliggande gymmet <a href=\"https:\/\/wasaclub.se\/vasastan\/\" target=\"_blank\" rel=\"noopener\">Wasa Club<\/a>. Som g\u00e4st p\u00e5 Corner\u00a0<\/span><span class=\"NormalTextRun SpellingErrorV2Themed SCXW99206859 BCX0\">Hotel<\/span><span class=\"NormalTextRun SCXW99206859 BCX0\">\u00a0har du fri tillg\u00e5ng mot uppvisande av ditt nyckelkort med giltigt boendedatum.<\/span><\/span><span class=\"LineBreakBlob BlobObject DragDrop SCXW99206859 BCX0\"><span class=\"SCXW99206859 BCX0\">\u00a0<\/span><br class=\"SCXW99206859 BCX0\" \/><\/span><span class=\"TextRun SCXW99206859 BCX0\" lang=\"SV-SE\" xml:lang=\"SV-SE\" data-contrast=\"auto\"><span class=\"NormalTextRun SCXW99206859 BCX0\">Du kan \u00e4ven boka squash, personlig tr\u00e4ning och behandlingar mot en extra kostnad.<\/span><\/span><\/p>\n<p>H\u00f6sten 2026 \u00f6ppnar vi upp f\u00f6r tr\u00e4ningsm\u00f6jligheter i hotellets egna gym. H\u00e4r kommer du \u00e4ven kunna njuta av sk\u00f6nt bastubad och avkoppling.<\/p>\n                    <\/div>\n                <\/div>\n            <\/div>\n                <\/div>\n    <script type=\"application\/ld+json\">\n        {\n    \"@context\": \"https:\/\/schema.org\",\n    \"@type\": \"FAQPage\",\n    \"mainEntity\": [\n        {\n            \"@type\": \"Question\",\n            \"name\": \"N\u00e4r serveras hotellfrukosten?\",\n            \"acceptedAnswer\": {\n                \"@type\": \"Answer\",\n                \"text\": \"Frukostbuff\u00e9n serveras:\u00a0M\u00e5ndag\u2013fredag kl. 07.00\u201310.00\u00a0L\u00f6rdag\u2013s\u00f6ndag kl. 07.30\u201310.30\\n\u00d6nskar du tidigare frukost hj\u00e4lper vi dig g\u00e4rna \u2013 kontakta receptionen i f\u00f6rv\u00e4g.\"\n            }\n        },\n        {\n            \"@type\": \"Question\",\n            \"name\": \"Finns det parkering?\",\n            \"acceptedAnswer\": {\n                \"@type\": \"Answer\",\n                \"text\": \"Vi har ett garage som tillh\u00f6r hotellet. Kostnaden \u00e4r 350 SEK per natt (fr\u00e5n kl. 15.00 p\u00e5 ankomstdagen till kl. 12.00 p\u00e5 avresedagen). Garaget \u00e4r \u00f6ppet mellan 07.00 och 22.30. Antalet platser \u00e4r begr\u00e4nsat, s\u00e5 vi rekommenderar att du bokar i f\u00f6rv\u00e4g.\\nDet finns \u00e4ven m\u00f6jlighet till gatuparkering i omr\u00e5det utanf\u00f6r hotellet, i m\u00e5n av plats. F\u00f6r gatuparkering g\u00e4ller stadens regler och avgifter, med avgift vardagar 07.00\u201319.00 samt l\u00f6rdagar 11.00\u201317.00. Observera att st\u00e4ddagar f\u00f6rekommer, d\u00e5 parkering inte \u00e4r till\u00e5ten enligt skyltning. \u00d6vrig tid \u00e4r parkeringen avgiftsfri.\"\n            }\n        },\n        {\n            \"@type\": \"Question\",\n            \"name\": \"Har ni n\u00e5gon restaurang?\",\n            \"acceptedAnswer\": {\n                \"@type\": \"Answer\",\n                \"text\": \"Vi samarbetar med H\u00f6rnans Belgobar som ligger i anslutning till hotellet. H\u00e4r serveras v\u00e4llagad mat samt ett brett utbud av belgisk \u00f6l.\u00a0Frukostbuff\u00e9n serveras ocks\u00e5 h\u00e4r.\"\n            }\n        },\n        {\n            \"@type\": \"Question\",\n            \"name\": \"Finns det gym p\u00e5 hotellet?\",\n            \"acceptedAnswer\": {\n                \"@type\": \"Answer\",\n                \"text\": \"Vi samarbetar med det n\u00e4rliggande gymmet Wasa Club. Som g\u00e4st p\u00e5 Corner\u00a0Hotel\u00a0har du fri tillg\u00e5ng mot uppvisande av ditt nyckelkort med giltigt boendedatum.\u00a0Du kan \u00e4ven boka squash, personlig tr\u00e4ning och behandlingar mot en extra kostnad.\\nH\u00f6sten 2026 \u00f6ppnar vi upp f\u00f6r tr\u00e4ningsm\u00f6jligheter i hotellets egna gym. H\u00e4r kommer du \u00e4ven kunna njuta av sk\u00f6nt bastubad och avkoppling.\"\n            }\n        }\n    ]\n}    <\/script>\n    <\/div><\/div>\n<\/div>\n<\/div>\n","protected":false},"excerpt":{"rendered":"<p>konferensPaket och hotellerbjudanden P\u00e5 v\u00e5r sajt bokar du alltid hotellrum till b\u00e4sta pris. H\u00e4r hittar du unika hotellerbjudanden, hotellpaket och weekendpaket i Stockholm \u2013 erbjudanden som endast g\u00e5r att boka direkt hos oss.&nbsp; H\u00e4r hittar du \u00e4ven v\u00e5ra aktuella konferenspaket i Stockholm. Vi hj\u00e4lper g\u00e4rna till att ta fram ett uppl\u00e4gg utifr\u00e5n dina \u00f6nskem\u00e5l och [&hellip;]<\/p>\n","protected":false},"author":1,"featured_media":2134,"parent":0,"menu_order":0,"comment_status":"closed","ping_status":"closed","template":"","meta":{"_acf_changed":false,"footnotes":""},"page_category":[],"page_tag":[],"class_list":["post-2","page","type-page","status-publish","has-post-thumbnail","hentry"],"acf":[],"publishpress_future_action":{"enabled":false,"date":"2026-05-06 12:13:50","action":"change-status","newStatus":"draft","terms":[],"taxonomy":"page_category","extraData":[]},"publishpress_future_workflow_manual_trigger":{"enabledWorkflows":[]},"_links":{"self":[{"href":"https:\/\/www.freyshotels.com\/corner\/wp-json\/wp\/v2\/pages\/2","targetHints":{"allow":["GET"]}}],"collection":[{"href":"https:\/\/www.freyshotels.com\/corner\/wp-json\/wp\/v2\/pages"}],"about":[{"href":"https:\/\/www.freyshotels.com\/corner\/wp-json\/wp\/v2\/types\/page"}],"author":[{"embeddable":true,"href":"https:\/\/www.freyshotels.com\/corner\/wp-json\/wp\/v2\/users\/1"}],"replies":[{"embeddable":true,"href":"https:\/\/www.freyshotels.com\/corner\/wp-json\/wp\/v2\/comments?post=2"}],"version-history":[{"count":43,"href":"https:\/\/www.freyshotels.com\/corner\/wp-json\/wp\/v2\/pages\/2\/revisions"}],"predecessor-version":[{"id":1694,"href":"https:\/\/www.freyshotels.com\/corner\/wp-json\/wp\/v2\/pages\/2\/revisions\/1694"}],"wp:featuredmedia":[{"embeddable":true,"href":"https:\/\/www.freyshotels.com\/corner\/wp-json\/"}],"wp:attachment":[{"href":"https:\/\/www.freyshotels.com\/corner\/wp-json\/wp\/v2\/media?parent=2"}],"wp:term":[{"taxonomy":"page_category","embeddable":true,"href":"https:\/\/www.freyshotels.com\/corner\/wp-json\/wp\/v2\/page_category?post=2"},{"taxonomy":"page_tag","embeddable":true,"href":"https:\/\/www.freyshotels.com\/corner\/wp-json\/wp\/v2\/page_tag?post=2"}],"curies":[{"name":"wp","href":"https:\/\/api.w.org\/{rel}","templated":true}]}}