{"id":311,"date":"2026-03-17T08:26:28","date_gmt":"2026-03-17T08:26:28","guid":{"rendered":"https:\/\/www.freyshotels.com\/corner\/?page_id=311"},"modified":"2026-04-28T09:57:48","modified_gmt":"2026-04-28T09:57:48","slug":"konferens-stockholm","status":"publish","type":"page","link":"https:\/\/www.freyshotels.com\/corner\/konferens-stockholm\/","title":{"rendered":"Konferens"},"content":{"rendered":"\n<div class=\"wp-block-columns has-2-columns alignfull paralax reverse wrap-lg min-h-screen\" style=\" padding-top:0;padding-right:0;padding-bottom:0;padding-left:0\">\n<div class=\"wp-block-column\" style=\"flex-basis:50%\">\n<div style=\"aspect-ratio:auto; justify-content:flex-end; padding-top:var(--wp--preset--spacing--40);padding-bottom:var(--wp--preset--spacing--40);padding-left:var(--wp--preset--spacing--40);padding-right:var(--wp--preset--spacing--40); min-height:100%;\" class=\"align wp-block-create-block-tankbar-multiblock has-text-color has-background\">\n\n\t<div class=\"multiblock-bg\">\n\n\t\t\t\t<div class=\"absolute inset-0 image-center-center\">\n\t\t\t\t<img decoding=\"async\" class=\"h-full w-full object-cover\" src=\"https:\/\/www.freyshotels.com\/corner\/wp-content\/uploads\/2026\/04\/corner_hotel_konferensrum_motivation_skolsittning.jpg\" alt=\"Konferens\" \/>\n\t\t\t<\/div>\n\t\t\t\n\t\n\t\n\t\n\t\n\t<\/div><!-- .multiblock-bg -->\n\n\t<div class=\"multiblock-inner\">\n\t\t\n\n<div class=\"wp-block-group\" style=\"min-height:30vh\"><\/div>\n\n\t<\/div>\n\n\t<\/div>\n<\/div>\n\n\n\n<div class=\"wp-block-column split noice has-brand-200-background-color has-background\" style=\"padding-top:var(--wp--preset--spacing--60);padding-right:var(--wp--preset--spacing--60);padding-bottom:var(--wp--preset--spacing--60);padding-left:var(--wp--preset--spacing--60)\">\n<h1 class=\"wp-block-heading has-brand-500-color has-text-color has-link-color wp-elements-1b789050a1e4773a5b72a5e90642b483\">Konferens <br>Stockholm city vasastan<\/h1>\n\n\n\n<p class=\"has-medium-font-size\" style=\"margin-bottom:var(--wp--preset--spacing--50)\">P\u00e5 Corner&nbsp;Hotel&nbsp;(tidigare&nbsp;Hotel&nbsp;Lilla R\u00e5dmannen) finns tretton flexibla konferenslokaler centralt i Stockholm City, i hj\u00e4rtat av Vasastan. H\u00e4r erbjuder vi konferenspaket, dagkonferens, events, workshops och utbildningar i en inspirerande milj\u00f6 f\u00f6r upp till 60 personer.&nbsp;<br><br>Med v\u00e5rt centrala l\u00e4ge i Stockholm, n\u00e4ra Odenplan och R\u00e5dmansgatan i Vasastan, \u00e4r det enkelt att ta sig till oss oavsett hur du v\u00e4ljer att resa. H\u00e4r kan du boka en dagkonferens, konferens med \u00f6vernattning, events, workshops och h\u00e5lla utbildningar. V\u00e5ra konferensrum kan \u00e4ven bokas per timme.&nbsp;<br><br>Med 13 konferenslokaler i olika storlekar finns goda m\u00f6jligheter att skapa r\u00e4tt f\u00f6ruts\u00e4ttningar f\u00f6r lyckade m\u00f6ten, konferenser, aktiviteter och arrangemang \u2013 oavsett om det g\u00e4ller en mindre workshop, kickoff eller en st\u00f6rre konferens i Stockholm.<\/p>\n\n\n\n<div class=\"wp-block-buttons mt-auto\">\n<div class=\"wp-block-button is-style-fill\"><a class=\"wp-block-button__link has-brand-500-background-color has-background wp-element-button\" href=\"https:\/\/www.freyshotels.com\/corner\/konferens-stockholm\/konferenslokaler\/\">Konferenspaket<\/a><\/div>\n\n\n\n<div class=\"wp-block-button\"><a class=\"wp-block-button__link has-brand-500-background-color has-background wp-element-button\" href=\"#konferenslokaler\">Konferenslokaler<\/a><\/div>\n<\/div>\n<\/div>\n<\/div>\n\n\n\n<div style=\"aspect-ratio:auto; justify-content:center; border-top-left-radius:16px;border-top-right-radius:16px; padding-top:var(--wp--preset--spacing--80);padding-bottom:var(--wp--preset--spacing--80);background-image:url(&apos;https:\/\/www.freyshotels.com\/corner\/wp-content\/uploads\/2026\/03\/bg-black.svg&apos;);background-position:50% 50%;background-size:1000px;\" class=\"alignfull sm-center wp-elements-8818d9e65eb14bcadd9e6e153892e3d3 wp-block-create-block-tankbar-multiblock has-text-color has-white-color has-background has-brand-500-background-color\">\n\n\t<div class=\"multiblock-bg\">\n\n\t\n\t\n\t\n\t\t\t<div class=\"multiblock-overlay overlay absolute inset-0 has-brand-500-background-color\" style=\"opacity:0.75;\"><\/div>\n\t\n\t\n\t<\/div><!-- .multiblock-bg -->\n\n\t<div class=\"multiblock-inner\">\n\t\t\n\n<div class=\"wp-block-columns has-2-columns\" style=\"column-gap: var(--wp--preset--spacing--60); row-gap: var(--wp--preset--spacing--40);\">\n<div class=\"wp-block-column\">\n<p class=\"has-gold-500-color has-text-color has-link-color has-script-medium-font-size wp-elements-ceb7e006fc5358414e9a92ebc5c715c3\">Konferens Stockholm<\/p>\n<\/div>\n\n\n\n<div class=\"wp-block-column\">\n<h2 class=\"wp-block-heading has-h-4-font-size\">P\u00e5 Corner&nbsp;Hotel&nbsp;erbjuder vi en inspirerande konferensmilj\u00f6 i hj\u00e4rtat av Vasastan. H\u00e4r finns tretton unika konferenslokaler d\u00e4r varje rum har sin egen karakt\u00e4r och atmosf\u00e4r.&nbsp;<\/h2>\n<\/div>\n<\/div>\n\n\t<\/div>\n\n\t<\/div>\n\n\n\n<div class=\"wp-block-group alignfull noice\" style=\"padding-top:var(--wp--preset--spacing--60);padding-bottom:var(--wp--preset--spacing--80)\">\n<div class=\"wp-block-columns has-2-columns are-vertically-aligned-bottom is-not-stacked-on-mobile wrap-none\" style=\"column-gap: var(--wp--preset--spacing--40); row-gap: var(--wp--preset--spacing--20);\">\n<div class=\"wp-block-column is-vertically-aligned-bottom\">\n<h2 class=\"wp-block-heading has-h-3-font-size\">aktuella Konferens\u00ad\u00adpaket<\/h2>\n\n\n\n<p>H\u00e4r finner du aktuella erbjudanden och konferenspaket f\u00f6r er n\u00e4sta konferens i Stockholm Vasastan, centralt i Stockholm City. Kontakta oss s\u00e5 tar vi fram ett individuellt f\u00f6rslag utifr\u00e5n dina \u00f6nskem\u00e5l, behov och syfte med m\u00f6tet.&nbsp;<\/p>\n<\/div>\n\n\n\n<div class=\"wp-block-column is-vertically-aligned-bottom\">\n<div class=\"wp-block-buttons\" style=\"justify-content: flex-end;\">\n<div class=\"wp-block-button is-style-outline is-style-outline--1\"><a class=\"wp-block-button__link has-black-background-color has-background wp-element-button\" href=\"https:\/\/www.freyshotels.com\/corner\/konferens-stockholm\/konferenspaket\/\" target=\"_blank\" rel=\"noreferrer noopener\">Visa alla<\/a><\/div>\n<\/div>\n<\/div>\n<\/div>\n\n\n    <div\n                class=\"   \"\n        style=\"margin-top: var(--wp--preset--spacing--40); margin-bottom: 0;\"    >\n        <div class=\"grid-swiper relative -mx-4 md:mx-0 \" data-slides-per-view=\"3\" data-image-nav><div class=\"swiper\"><div class=\"w-full swiper-wrapper\">    <a href=\"https:\/\/www.freyshotels.com\/corner\/konferens-stockholm\/konferenspaket\/dagkonferens-stockholm\/\"\n       aria-label=\"Dagkonferens Stockholm\"\n       class=\"relative group overflow-hidden no-underline !flex flex-col swiper-slide !h-auto \"\n    >\n        <div class=\"relative aspect-[8\/5] overflow-hidden rounded-xl\">\n            <img loading=\"lazy\" decoding=\"async\" width=\"768\" height=\"512\" src=\"https:\/\/www.freyshotels.com\/corner\/wp-content\/uploads\/2026\/03\/konferenslokal_framgang_hotel_lilla_radmannen_-768x512.jpg\" class=\"absolute w-full h-full object-cover object-center\" alt=\"\" srcset=\"https:\/\/www.freyshotels.com\/corner\/wp-content\/uploads\/2026\/03\/konferenslokal_framgang_hotel_lilla_radmannen_-768x512.jpg 768w, https:\/\/www.freyshotels.com\/corner\/wp-content\/uploads\/2026\/03\/konferenslokal_framgang_hotel_lilla_radmannen_-300x200.jpg 300w, https:\/\/www.freyshotels.com\/corner\/wp-content\/uploads\/2026\/03\/konferenslokal_framgang_hotel_lilla_radmannen_-1024x683.jpg 1024w, https:\/\/www.freyshotels.com\/corner\/wp-content\/uploads\/2026\/03\/konferenslokal_framgang_hotel_lilla_radmannen_-1536x1024.jpg 1536w, https:\/\/www.freyshotels.com\/corner\/wp-content\/uploads\/2026\/03\/konferenslokal_framgang_hotel_lilla_radmannen_.jpg 1920w\" sizes=\"auto, (max-width: 768px) 100vw, 768px\" \/>            <div class=\"absolute top-spacing-10 left-spacing-10 flex flex-wrap gap-2\">\n                            <\/div>\n        <\/div>\n        <div class=\"has-small-font-size flex-1 pt-spacing-10\" >\n                        <h3 class=\"has-medium-font-size font-medium xl:group-hover:underlined\">Dagkonferens Stockholm<\/h3>\n                            <div class=\"mt-0.5\">V\u00e5rt konferenspaket dagkonferens passar dig som vill ha ett smidigt och effektivt m\u00f6te i centrala Stockholm, Vasastan.<\/div>\n                                        <div class=\"mt-spacing-10\"><\/div>\n                    <\/div>\n    <\/a>\n        <a href=\"https:\/\/www.freyshotels.com\/corner\/konferens-stockholm\/konferenspaket\/konferens-med-overnattning\/\"\n       aria-label=\"Konferens med \u00f6vernattning\"\n       class=\"relative group overflow-hidden no-underline !flex flex-col swiper-slide !h-auto \"\n    >\n        <div class=\"relative aspect-[8\/5] overflow-hidden rounded-xl\">\n            <img loading=\"lazy\" decoding=\"async\" width=\"768\" height=\"512\" src=\"https:\/\/www.freyshotels.com\/corner\/wp-content\/uploads\/2026\/04\/corner_hotel_twinrum-3-768x512.jpg\" class=\"absolute w-full h-full object-cover object-center\" alt=\"\" srcset=\"https:\/\/www.freyshotels.com\/corner\/wp-content\/uploads\/2026\/04\/corner_hotel_twinrum-3-768x512.jpg 768w, https:\/\/www.freyshotels.com\/corner\/wp-content\/uploads\/2026\/04\/corner_hotel_twinrum-3-300x200.jpg 300w, https:\/\/www.freyshotels.com\/corner\/wp-content\/uploads\/2026\/04\/corner_hotel_twinrum-3-1024x683.jpg 1024w, https:\/\/www.freyshotels.com\/corner\/wp-content\/uploads\/2026\/04\/corner_hotel_twinrum-3-1536x1024.jpg 1536w, https:\/\/www.freyshotels.com\/corner\/wp-content\/uploads\/2026\/04\/corner_hotel_twinrum-3.jpg 1920w\" sizes=\"auto, (max-width: 768px) 100vw, 768px\" \/>            <div class=\"absolute top-spacing-10 left-spacing-10 flex flex-wrap gap-2\">\n                            <\/div>\n        <\/div>\n        <div class=\"has-small-font-size flex-1 pt-spacing-10\" >\n                        <h3 class=\"has-medium-font-size font-medium xl:group-hover:underlined\">Konferens med \u00f6vernattning<\/h3>\n                            <div class=\"mt-0.5\">Passa p\u00e5 att boka \u00f6vernattning i samband med konferensen och f\u00e5 10 % rabatt p\u00e5 hotellrummen. Hos oss finns personligt inredda rum d\u00e4r inget \u00e4r det andra likt.<\/div>\n                                        <div class=\"mt-spacing-10\"><\/div>\n                    <\/div>\n    <\/a>\n        <a href=\"https:\/\/www.freyshotels.com\/corner\/konferens-stockholm\/konferenspaket\/digitala-moten-och-events\/\"\n       aria-label=\"Digitala m\u00f6ten och events\"\n       class=\"relative group overflow-hidden no-underline !flex flex-col swiper-slide !h-auto \"\n    >\n        <div class=\"relative aspect-[8\/5] overflow-hidden rounded-xl\">\n            <img loading=\"lazy\" decoding=\"async\" width=\"768\" height=\"476\" src=\"https:\/\/www.freyshotels.com\/corner\/wp-content\/uploads\/2026\/04\/freys_hotel_livestudio_hybridmote-768x476.jpg\" class=\"absolute w-full h-full object-cover object-center\" alt=\"\" srcset=\"https:\/\/www.freyshotels.com\/corner\/wp-content\/uploads\/2026\/04\/freys_hotel_livestudio_hybridmote-768x476.jpg 768w, https:\/\/www.freyshotels.com\/corner\/wp-content\/uploads\/2026\/04\/freys_hotel_livestudio_hybridmote-300x186.jpg 300w, https:\/\/www.freyshotels.com\/corner\/wp-content\/uploads\/2026\/04\/freys_hotel_livestudio_hybridmote-1024x635.jpg 1024w, https:\/\/www.freyshotels.com\/corner\/wp-content\/uploads\/2026\/04\/freys_hotel_livestudio_hybridmote-1536x952.jpg 1536w, https:\/\/www.freyshotels.com\/corner\/wp-content\/uploads\/2026\/04\/freys_hotel_livestudio_hybridmote.jpg 1920w\" sizes=\"auto, (max-width: 768px) 100vw, 768px\" \/>            <div class=\"absolute top-spacing-10 left-spacing-10 flex flex-wrap gap-2\">\n                            <\/div>\n        <\/div>\n        <div class=\"has-small-font-size flex-1 pt-spacing-10\" >\n                        <h3 class=\"has-medium-font-size font-medium xl:group-hover:underlined\">Digitala m\u00f6ten och events<\/h3>\n                            <div class=\"mt-0.5\">Digitala m\u00f6ten och events \u00e4r en naturlig del av dagens arbetsliv. Hos oss f\u00e5r ni en helhetsl\u00f6sning med personlig service, modern teknik och teknisk kompetens.<\/div>\n                                        <div class=\"mt-spacing-10\"><\/div>\n                    <\/div>\n    <\/a>\n        <a href=\"https:\/\/www.freyshotels.com\/corner\/konferens-stockholm\/konferenspaket\/office-by-the-hour\/\"\n       aria-label=\"Office by the hour\"\n       class=\"relative group overflow-hidden no-underline !flex flex-col swiper-slide !h-auto \"\n    >\n        <div class=\"relative aspect-[8\/5] overflow-hidden rounded-xl\">\n            <img loading=\"lazy\" decoding=\"async\" width=\"768\" height=\"512\" src=\"https:\/\/www.freyshotels.com\/corner\/wp-content\/uploads\/2026\/04\/corner_hotel_konferenslokal_tillit_hotel-768x512.jpg\" class=\"absolute w-full h-full object-cover object-center\" alt=\"\" srcset=\"https:\/\/www.freyshotels.com\/corner\/wp-content\/uploads\/2026\/04\/corner_hotel_konferenslokal_tillit_hotel-768x512.jpg 768w, https:\/\/www.freyshotels.com\/corner\/wp-content\/uploads\/2026\/04\/corner_hotel_konferenslokal_tillit_hotel-300x200.jpg 300w, https:\/\/www.freyshotels.com\/corner\/wp-content\/uploads\/2026\/04\/corner_hotel_konferenslokal_tillit_hotel-1024x683.jpg 1024w, https:\/\/www.freyshotels.com\/corner\/wp-content\/uploads\/2026\/04\/corner_hotel_konferenslokal_tillit_hotel-1536x1024.jpg 1536w, https:\/\/www.freyshotels.com\/corner\/wp-content\/uploads\/2026\/04\/corner_hotel_konferenslokal_tillit_hotel.jpg 1920w\" sizes=\"auto, (max-width: 768px) 100vw, 768px\" \/>            <div class=\"absolute top-spacing-10 left-spacing-10 flex flex-wrap gap-2\">\n                            <\/div>\n        <\/div>\n        <div class=\"has-small-font-size flex-1 pt-spacing-10\" >\n                        <h3 class=\"has-medium-font-size font-medium xl:group-hover:underlined\">Office by the hour<\/h3>\n                            <div class=\"mt-0.5\">Har du tillf\u00e4lligt behov av eget kontor eller en konferenslokal f\u00f6r kortare m\u00f6ten eller telefonsamtal? Vi erbjuder ett flexibelt klippkort om 10 timmar f\u00f6r kontor eller m\u00f6tesrum.<\/div>\n                                        <div class=\"mt-spacing-10\"><\/div>\n                    <\/div>\n    <\/a>\n        <a href=\"https:\/\/www.freyshotels.com\/corner\/konferens-stockholm\/konferenspaket\/frukostmote-pa-freys\/\"\n       aria-label=\"Frukostm\u00f6te Stockholm\"\n       class=\"relative group overflow-hidden no-underline !flex flex-col swiper-slide !h-auto \"\n    >\n        <div class=\"relative aspect-[8\/5] overflow-hidden rounded-xl\">\n            <img loading=\"lazy\" decoding=\"async\" width=\"768\" height=\"512\" src=\"https:\/\/www.freyshotels.com\/corner\/wp-content\/uploads\/2026\/04\/corner_hotel_konferensfika-2-768x512.jpg\" class=\"absolute w-full h-full object-cover object-center\" alt=\"\" srcset=\"https:\/\/www.freyshotels.com\/corner\/wp-content\/uploads\/2026\/04\/corner_hotel_konferensfika-2-768x512.jpg 768w, https:\/\/www.freyshotels.com\/corner\/wp-content\/uploads\/2026\/04\/corner_hotel_konferensfika-2-300x200.jpg 300w, https:\/\/www.freyshotels.com\/corner\/wp-content\/uploads\/2026\/04\/corner_hotel_konferensfika-2-1024x683.jpg 1024w, https:\/\/www.freyshotels.com\/corner\/wp-content\/uploads\/2026\/04\/corner_hotel_konferensfika-2-1536x1024.jpg 1536w, https:\/\/www.freyshotels.com\/corner\/wp-content\/uploads\/2026\/04\/corner_hotel_konferensfika-2.jpg 1920w\" sizes=\"auto, (max-width: 768px) 100vw, 768px\" \/>            <div class=\"absolute top-spacing-10 left-spacing-10 flex flex-wrap gap-2\">\n                            <\/div>\n        <\/div>\n        <div class=\"has-small-font-size flex-1 pt-spacing-10\" >\n                        <h3 class=\"has-medium-font-size font-medium xl:group-hover:underlined\">Frukostm\u00f6te Stockholm<\/h3>\n                            <div class=\"mt-0.5\">Frukostm\u00f6te centralt i Stockholms innerstad? Ta med kollegorna eller bjud in kunder till ett frukostm\u00f6te f\u00f6r en bra start p\u00e5 arbetsdagen.<\/div>\n                                        <div class=\"mt-spacing-10\"><\/div>\n                    <\/div>\n    <\/a>\n    <\/div><\/div><div aria-disabled=\"true\" class=\"swiper-button-prev icon-arrow !hidden md:!flex\"><\/div><div class=\"swiper-button-next icon-arrow !hidden md:!flex\"><\/div><div class=\"swiper-pagination\"><\/div><\/div>    <\/div>\n    \n\n\n<p class=\"has-text-align-center has-brand-400-color has-text-color has-link-color has-script-medium-font-size wp-elements-6fdf64020f85a6d985c1fe15ce7e581e\" id=\"konferenslokaler\" style=\"padding-top:var(--wp--preset--spacing--70)\">Utforska<\/p>\n\n\n\n<h2 class=\"wp-block-heading has-text-align-center has-brand-600-color has-text-color has-link-color has-h-1-font-size wp-elements-698251b3d62005b4af17152809a9d7f6\">V\u00e5ra konferen\u00ads\u00adlokaler<\/h2>\n\n\n\n<div class=\"wp-block-group narrower text-center\" style=\"margin-top:var(--wp--preset--spacing--20)\">\n<p class=\"has-text-align-center\">P\u00e5 Corner\u00a0Hotels\u00a0mysiga konferensavdelning finns tretton unika konferenslokaler \u2013 inget konferensrum \u00e4r det andra likt. V\u00e5ra flexibla konferensrum och konferenslokaler \u00e4r utformade f\u00f6r att passa din agenda och hos oss arbetar ni ost\u00f6rt oavsett om ni \u00e4r tv\u00e5 eller upp till 60 personer.\u00a0<br><br>F\u00f6r st\u00f6rre tillst\u00e4llningar finns \u00e4ven m\u00f6jlighet att boka hela konferensv\u00e5ningen f\u00f6r m\u00f6ten, events eller arrangemang i exklusiv och avskild milj\u00f6.\u00a0<\/p>\n<\/div>\n\n\n    <div\n\t\t        class=\"weglot-translate has-normal-font-size    \"\n\t\tstyle=\"margin-top: var(--wp--preset--spacing--50); margin-bottom: var(--wp--preset--spacing--40);\"    >\n        <div x-data=\"loadMorePosts({\n        currentPost: '311',\n        postType: 'conference_room',\n        initialCategories: '',\n        initialTags: '',\n        postsPerPage: 4,\n        })\"\n             class=\"mx-auto flex flex-col items-center bg-inherit\"\n        >\n\t\t\t\n            <div x-show=\"noResults\" class=\"text-gray-500\">\n\t\t\t\tInga poster hittades            <\/div>\n\n            <div x-show=\"loading\" class=\"loading w-full h-[100px] self-start\"><\/div>\n\n            <div class=\"w-full grid sm:grid-cols-2 gap-5 md:gap-8 xxl:gap-10 room_card_alt\">\n                <template x-for=\"post in posts\" :key=\"post.id\">\n\t\t\t\t\t<a\n    x-bind:href=\"post.url\"\n    x-bind:aria-label=\"post.title\"\n    x-bind:target=\"post.target\"\n    class=\"group xl:flex flex-wrap gap-x-spacing-30 h-full bg-inherit overflow-hidden no-underline p-spacing-20 rounded-xl border border-black\/10 transition-shadow duration-300 xl:hover:shadow-2xl\"\n>\n    <div class=\"relative aspect-[8\/5] mb-spacing-20 xl:mb-0 h-auto xl:aspect-[4\/3] basis-full xl:h-full xl:basis-1\/2 rounded-lg overflow-hidden\">\n        <div x-html=\"post.thumbnail\"><\/div>\n        <div class=\"absolute inset-0 pointer-events-none bg-black opacity-20 xl:group-hover:opacity-0 transition-all duration-300\"><\/div>\n        <button\n            x-data\n            @click.prevent=\"$store.flyouts.openRoom(post.id)\"\n            :class=\"{ 'loading': $store.flyouts.roomLoading &#038;&#038; $store.flyouts.roomPostId == post.id }\"\n            class=\"icon-eye hidden xl:block absolute left-1\/2 bottom-1\/2 -translate-x-1\/2 translate-y-full rounded-full bg-white shadow-button h-12 w-12 text-[24px] opacity-0 hover:scale-110 group-hover:translate-y-1\/2 group-hover:opacity-100 transition-all duration-300\"\n        ><\/button>\n        <div class=\"absolute top-spacing-10 left-spacing-10 flex flex-wrap gap-2\">\n            <div class=\"chip bg-brand-100\" x-show=\"post.tag\" x-text=\"post.tag\"><\/div>\n        <\/div>\n    <\/div>\n\n    <div class=\"flex flex-col items-start flex-1\">\n        <h3 class=\"has-medium-font-size font-medium xl:group-hover:underlined\" x-html=\"post.title\"><\/h3>\n        <template x-if=\"post.size || post.number_of_people || post.time\">\n            <div class=\"flex flex-wrap gap-2 mt-spacing-10 mb-spacing-30\">\n                <template x-if=\"post.time\">\n                    <div class=\"chip big text-brand-400 border border-brand-400\">\n                        <i class=\"icon-clock text-[18px]\"><\/i>\n                        <span x-text=\"post.time\"><\/span>\n                    <\/div>\n                <\/template>\n                <template x-if=\"post.size\">\n                    <div class=\"has-extra-small-font-size text-brand-400 border border-brand-400 rounded-md py-1.5 px-3 flex items-center gap-x-2\">\n                        <i class=\"icon-size text-[18px]\"><\/i>\n                        <span x-text=\"post.size + ' kvm'\"><\/span>\n                    <\/div>\n                <\/template>\n                <template x-if=\"post.number_of_people\">\n                    <div class=\"has-extra-small-font-size text-brand-400 border border-brand-400 rounded-md py-1.5 px-3 flex items-center gap-x-2\">\n                        <i class=\"icon-user text-[18px]\"><\/i>\n                        <span x-text=\"post.number_of_people + (post.number_of_people == 1 ? ' person' : ' personer')\"><\/span>\n                    <\/div>\n                <\/template>\n            <\/div>\n        <\/template>\n                    <div class=\"mt-auto has-small-font-size\" x-text=\"post.excerpt\"><\/div>\n            <\/div>\n<\/a>\n                <\/template>\n            <\/div>\n\n\t\t\t\n        <\/div>\n    <\/div>\n\t\n\n\n<div class=\"wp-block-buttons\" style=\"justify-content: center; margin-bottom:var(--wp--preset--spacing--50)\">\n<div class=\"wp-block-button is-style-outline is-style-outline--2\"><a class=\"wp-block-button__link has-black-background-color has-background wp-element-button\" href=\"\/freys\/konferens-stockholm\/konferenslokaler\/\">Alla konferenslokaler<\/a><\/div>\n<\/div>\n\n\n\n<div style=\"aspect-ratio:auto; justify-content:center; border-top-left-radius:8px;border-top-right-radius:8px;border-bottom-left-radius:8px;border-bottom-right-radius:8px; padding-top:var(--wp--preset--spacing--40);padding-bottom:var(--wp--preset--spacing--40);padding-left:var(--wp--preset--spacing--40);padding-right:var(--wp--preset--spacing--40);margin-bottom:0;background-image:url(&apos;https:\/\/www.freyshotels.com\/corner\/wp-content\/uploads\/2026\/03\/bg-black.svg&apos;);background-position:50% 50%;background-size:650px;background-attachment:scroll;\" class=\"align booking-banner wp-block-create-block-tankbar-multiblock has-text-color has-background has-brand-500-background-color\">\n\n\t<div class=\"multiblock-bg\">\n\n\t\n\t\n\t\n\t\t\t<div class=\"multiblock-overlay overlay absolute inset-0 has-brand-500-background-color\" style=\"opacity:0.75;\"><\/div>\n\t\n\t\n\t<\/div><!-- .multiblock-bg -->\n\n\t<div class=\"multiblock-inner\">\n\t\t\n\n<div class=\"wp-block-columns has-2-columns is-not-stacked-on-mobile booking-banner\" style=\"column-gap: var(--wp--preset--spacing--20);\">\n<div class=\"wp-block-column is-vertically-aligned-top overflow-hidden has-border-color has-brand-400-border-color\" style=\"border-width:2px;border-top-left-radius:50px;border-top-right-radius:50px;border-bottom-left-radius:50px;border-bottom-right-radius:50px;flex-basis:100px\">\n<figure class=\"wp-block-image size-thumbnail\"><img decoding=\"async\" src=\"https:\/\/www.freyshotels.com\/corner\/wp-content\/uploads\/2026\/04\/konferensteam_freys_hotels-150x150.jpg\" alt=\"\" class=\"wp-image-1714\"\/><\/figure>\n<\/div>\n\n\n\n<div class=\"wp-block-column is-vertically-aligned-center\">\n<div class=\"wp-block-columns has-2-columns has-2-columns are-vertically-aligned-center\" style=\"row-gap: var(--wp--preset--spacing--30);\">\n<div class=\"wp-block-column is-vertically-aligned-center\">\n<h2 class=\"wp-block-heading has-h-3-font-size\">Beh\u00f6ver du hj\u00e4lp med din bokning?<\/h2>\n\n\n\n<p style=\"margin-top:8px\">V\u00e4lkommen att kontakta oss vid fr\u00e5gor.<\/p>\n<\/div>\n\n\n\n<div class=\"wp-block-column is-vertically-aligned-center booking-button-col\">\n<div class=\"wp-block-columns has-2-columns has-2-columns has-2-columns is-not-stacked-on-mobile\" style=\"column-gap: var(--wp--preset--spacing--20);\">\n<div class=\"wp-block-column\">    <div\n                class=\"flex gap-spacing-10 flex-wrap    \"\n            >\n                                    <button\n                data-flyout-toggle=\"booking-conference\"\n                aria-label=\"Konferensf\u00f6rfr\u00e5gan\"\n                class=\"wp-block-button__link has-background has-gold-500-background-color\"\n            >\n                Konferensf\u00f6rfr\u00e5gan\n            <\/button>\n                    <\/div>\n<\/div>\n\n\n\n<div class=\"wp-block-column\"><div\n\t\tclass=\"   \"\n\t>\n\t<button\n\t\tdata-flyout-toggle=\"contact\"\n\t\taria-label=\"Kontakta oss\"\n\t\tclass=\"wp-block-button__link has-background has-gold-500-background-color\"\n\t>\n\t\tKontakta oss\n\t<\/button>\n<\/div><\/div>\n<\/div>\n<\/div>\n<\/div>\n<\/div>\n<\/div>\n\n\t<\/div>\n\n\t<\/div>\n<\/div>\n\n\n\n<div class=\"wp-block-group alignfull noice\" style=\"padding-top:var(--wp--preset--spacing--70);padding-bottom:0\">    <div\n                class=\"   \"\n            >\n        <div class=\"w-full grid sm:grid-cols-2 gap-5 md:gap-8 xxl:gap-10 img_card\">    <a href=\"https:\/\/www.freyshotels.com\/corner\/konferens-stockholm\/konferensmaltider\/\"\n       aria-label=\"Konferensm\u00e5ltider\"\n       class=\"relative group !flex flex-col h-full overflow-hidden no-underline text-white rounded-xl \"\n    >\n\n        <div class=\"absolute inset-0\">\n            <img loading=\"lazy\" decoding=\"async\" width=\"768\" height=\"512\" src=\"https:\/\/www.freyshotels.com\/corner\/wp-content\/uploads\/2026\/04\/corner_hotel_konferensfika-1-768x512.jpg\" class=\"absolute w-full h-full object-cover object-center\" alt=\"\" srcset=\"https:\/\/www.freyshotels.com\/corner\/wp-content\/uploads\/2026\/04\/corner_hotel_konferensfika-1-768x512.jpg 768w, https:\/\/www.freyshotels.com\/corner\/wp-content\/uploads\/2026\/04\/corner_hotel_konferensfika-1-300x200.jpg 300w, https:\/\/www.freyshotels.com\/corner\/wp-content\/uploads\/2026\/04\/corner_hotel_konferensfika-1-1024x683.jpg 1024w, https:\/\/www.freyshotels.com\/corner\/wp-content\/uploads\/2026\/04\/corner_hotel_konferensfika-1-1536x1024.jpg 1536w, https:\/\/www.freyshotels.com\/corner\/wp-content\/uploads\/2026\/04\/corner_hotel_konferensfika-1.jpg 1920w\" sizes=\"auto, (max-width: 768px) 100vw, 768px\" \/>        <\/div>\n\n        <div class=\"absolute inset-0 pointer-events-none bg-gradient-to-r from-black\/40 to-black\/20 opacity-100 xl:group-hover:opacity-70 transition-all duration-300\"><\/div>\n\n        <div class=\"relative p-spacing-40 flex-1 flex flex-col items-start maxxl:!aspect-auto maxlg:!py-spacing-80 xl:aspect-[4\/3]\">\n            <div class=\"relative h-full flex flex-col items-center text-center justify-center lg:justify-start lg:items-start lg:text-left\">\n                                <h3 class=\"uppercase xl:group-hover:underlined\">Konferensm\u00e5ltider<\/h3>\n                <p class=\"mb-spacing-80\">Under er konferens p\u00e5 Corner Hotel erbjuder vi frukost, v\u00e4llagade m\u00e5ltider och fikapauser med b\u00e5de s\u00f6ta och salta inslag som ger ny energi genom hela m\u00f6tesdagen.<\/p>\n                <div class=\"is-style-outline wp-block-button__link has-background has-white-background-color mt-auto\">L\u00e4s mer<\/div>\n            <\/div>\n        <\/div>\n    <\/a>\n        <a href=\"https:\/\/www.freyshotels.com\/corner\/konferens-stockholm\/konferensaktiviteter\/\"\n       aria-label=\"Konferensaktiviteter\"\n       class=\"relative group !flex flex-col h-full overflow-hidden no-underline text-white rounded-xl \"\n    >\n\n        <div class=\"absolute inset-0\">\n            <img loading=\"lazy\" decoding=\"async\" width=\"768\" height=\"512\" src=\"https:\/\/www.freyshotels.com\/corner\/wp-content\/uploads\/2026\/04\/freys_hotel_freys_chokladfabriken_personal5-768x512.jpg\" class=\"absolute w-full h-full object-cover object-center\" alt=\"\" srcset=\"https:\/\/www.freyshotels.com\/corner\/wp-content\/uploads\/2026\/04\/freys_hotel_freys_chokladfabriken_personal5-768x512.jpg 768w, https:\/\/www.freyshotels.com\/corner\/wp-content\/uploads\/2026\/04\/freys_hotel_freys_chokladfabriken_personal5-300x200.jpg 300w, https:\/\/www.freyshotels.com\/corner\/wp-content\/uploads\/2026\/04\/freys_hotel_freys_chokladfabriken_personal5-1024x683.jpg 1024w, https:\/\/www.freyshotels.com\/corner\/wp-content\/uploads\/2026\/04\/freys_hotel_freys_chokladfabriken_personal5-1536x1025.jpg 1536w, https:\/\/www.freyshotels.com\/corner\/wp-content\/uploads\/2026\/04\/freys_hotel_freys_chokladfabriken_personal5.jpg 1920w\" sizes=\"auto, (max-width: 768px) 100vw, 768px\" \/>        <\/div>\n\n        <div class=\"absolute inset-0 pointer-events-none bg-gradient-to-r from-black\/40 to-black\/20 opacity-100 xl:group-hover:opacity-70 transition-all duration-300\"><\/div>\n\n        <div class=\"relative p-spacing-40 flex-1 flex flex-col items-start maxxl:!aspect-auto maxlg:!py-spacing-80 xl:aspect-[4\/3]\">\n            <div class=\"relative h-full flex flex-col items-center text-center justify-center lg:justify-start lg:items-start lg:text-left\">\n                                <h3 class=\"uppercase xl:group-hover:underlined\">Konferensaktiviteter<\/h3>\n                <p class=\"mb-spacing-80\">Beh\u00f6ver ni en v\u00e4lbeh\u00f6vlig paus under m\u00f6tet? En gemensam aktivitet st\u00e4rker teamets sammanh\u00e5llning, skapar goda relationer och ger \u00e4nnu b\u00e4ttre f\u00f6ruts\u00e4ttningar f\u00f6r ett lyckat m\u00f6te.<\/p>\n                <div class=\"is-style-outline wp-block-button__link has-background has-white-background-color mt-auto\">L\u00e4s mer<\/div>\n            <\/div>\n        <\/div>\n    <\/a>\n    <\/div>    <\/div>\n    <\/div>\n\n\n\n<div class=\"wp-block-columns has-2-columns alignfull are-vertically-aligned-center noice\" style=\"column-gap: var(--wp--preset--spacing--80); row-gap: var(--wp--preset--spacing--30); padding-top:var(--wp--preset--spacing--80);padding-bottom:var(--wp--preset--spacing--70)\">\n<div class=\"wp-block-column is-vertically-aligned-center stick\">\t<div \t\tclass=\"media-container aspect-square    \"\n\t\t\t>\n\t\t<img loading=\"lazy\" decoding=\"async\" width=\"1024\" height=\"683\" src=\"https:\/\/www.freyshotels.com\/corner\/wp-content\/uploads\/2026\/04\/corner-hotel-entrance-1024x683.jpg\" class=\"absolute h-full w-full object-cover rounded-2xl image-center-center\" alt=\"\" sizes=\"auto, (min-width: 1024px) 1600px, 1024px\" data-sizes=\"auto\" srcset=\"https:\/\/www.freyshotels.com\/corner\/wp-content\/uploads\/2026\/04\/corner-hotel-entrance-1024x683.jpg 1024w, https:\/\/www.freyshotels.com\/corner\/wp-content\/uploads\/2026\/04\/corner-hotel-entrance-300x200.jpg 300w, https:\/\/www.freyshotels.com\/corner\/wp-content\/uploads\/2026\/04\/corner-hotel-entrance-768x512.jpg 768w, https:\/\/www.freyshotels.com\/corner\/wp-content\/uploads\/2026\/04\/corner-hotel-entrance-1536x1025.jpg 1536w, https:\/\/www.freyshotels.com\/corner\/wp-content\/uploads\/2026\/04\/corner-hotel-entrance.jpg 1920w\" \/>\t<\/div>\n\t<\/div>\n\n\n\n<div class=\"wp-block-column is-vertically-aligned-center\">\n<p class=\"has-brand-400-color has-text-color has-link-color has-script-medium-font-size wp-elements-fe09fcd8069b18a53f93948c95896b7e\">Mitt i city<\/p>\n\n\n\n<h2 class=\"wp-block-heading has-brand-600-color has-text-color has-link-color wp-elements-ce73c784e50b2189b7bba2afe66733d5\">Hitta hit<\/h2>\n\n\n\n<p class=\"has-brand-600-color has-text-color has-link-color wp-elements-4cfc1ff306f780c012bf035786b844c4\"><strong>Corner&nbsp;Hotel&nbsp;(tidigare Freys&nbsp;Hotel&nbsp;Lilla R\u00e5dmannen) ligger centralt bel\u00e4get i Vasastan, mitt i Stockholm City. <\/strong>H\u00e4r bor och konfererar du n\u00e4ra Odenplan och&nbsp;R\u00e5dmansgatan, med smidiga kommunikationer oavsett hur du reser.&nbsp;<\/p>\n\n\n\n<p class=\"has-brand-600-color has-text-color has-link-color wp-elements-c252c6f3aa823237c94aeb557e3312fa\">Runt h\u00f6rnet hittar du shopping, restauranger, teatrar, museer och ett brett utbud av huvudstadens n\u00f6jen \u2013 perfekt att kombinera med er konferens i Stockholm.&nbsp;&nbsp;<br><\/p>\n\n\n\n<div class=\"wp-block-buttons\">\n<div class=\"wp-block-button is-style-outline is-style-outline--3\"><a class=\"wp-block-button__link wp-element-button\" href=\"https:\/\/www.freyshotels.com\/hitta-hit\/#corner-hotel\" target=\"_blank\" rel=\"noreferrer noopener\">hitta till corner hotel<\/a><\/div>\n<\/div>\n<\/div>\n<\/div>\n\n\n\n<div class=\"wp-block-columns has-2-columns alignfull noice\" style=\"column-gap: var(--wp--preset--spacing--40); row-gap: var(--wp--preset--spacing--40); padding-top:0;padding-bottom:var(--wp--preset--spacing--50)\">\n<div class=\"wp-block-column\">\n<h2 class=\"wp-block-heading has-h-3-font-size\">Vanliga fr\u00e5gor inf\u00f6r er konferens<\/h2>\n\n\n\n<p>\u00c4r det n\u00e5got du undrar inf\u00f6r din konferens i Stockholm? Har du fr\u00e5gor om videokonferens, konferensm\u00e5ltider, parkering eller avbokningsregler? H\u00e4r har vi samlat de vanligaste fr\u00e5gorna och svaren inf\u00f6r ert m\u00f6te.<\/p>\n\n\n\n<div class=\"wp-block-buttons\">\n<div class=\"wp-block-button is-style-outline is-style-outline--4\"><a class=\"wp-block-button__link has-black-background-color has-background wp-element-button\" href=\"https:\/\/www.freyshotels.com\/corner\/fragor-och-svar\/#konferens\" target=\"_blank\" rel=\"noreferrer noopener\">L\u00e4s fler fr\u00e5gor och svar<\/a><\/div>\n<\/div>\n<\/div>\n\n\n\n<div class=\"wp-block-column\"><div \tclass=\"   \"\n\t>\n\t    <div\n                class=\"w-full    \"\n            >\n                    <div id=\"faq-619\" x-data=\"{ open: false }\" class=\"py-spacing-10 border-b border-black\/10\">\n                <button x-on:click=\"open = ! open\" x-bind:class=\"open ? 'faq-close text-brand-500' : 'faq-open'\" aria-label=\"Visa svar\" class=\"group w-full flex items-start justify-between gap-x-4 text-left has-medium-font-size\">\n                    <span class=\"self-center flex-1 xl:group-hover:text-brand-500\">Erbjuder ni videokonferens och digitala m\u00f6ten?\u00a0<\/span>\n                    <i x-bind:class=\"open ? 'icon-minus' : 'icon-plus'\" class=\"flex items-center justify-center size-10 min-w-10 bg-white rounded-full shadow-button text-[20px] text-neutral-600 focus:!shadow-button xl:hover:scale-110 transition-all duration-200\"><\/i>\n                <\/button>\n                <div x-cloak x-show=\"open\" class=\"mt-2\">\n                    <div class=\"py-3 md:py-4\">\n                        <p>Ja, vi erbjuder tv\u00e5 l\u00f6sningar:\u00a0<\/p>\n<p>Helhetsl\u00f6sning: kamera, mikrofon\/h\u00f6gtalare, dator och m\u00f6tesl\u00e4nk<br \/>\nPris: 1200 kr exkl. moms \/ 1500 kr inkl. moms\u00a0<\/p>\n<p>G\u00f6r det sj\u00e4lv: kamera med mikrofon till egen dator<br \/>\nPris: 760 kr exkl. moms \/ 950 kr inkl. moms\u00a0<\/p>\n                    <\/div>\n                <\/div>\n            <\/div>\n                        <div id=\"faq-1234\" x-data=\"{ open: false }\" class=\"py-spacing-10 border-b border-black\/10\">\n                <button x-on:click=\"open = ! open\" x-bind:class=\"open ? 'faq-close text-brand-500' : 'faq-open'\" aria-label=\"Visa svar\" class=\"group w-full flex items-start justify-between gap-x-4 text-left has-medium-font-size\">\n                    <span class=\"self-center flex-1 xl:group-hover:text-brand-500\">Finns det parkering?<\/span>\n                    <i x-bind:class=\"open ? 'icon-minus' : 'icon-plus'\" class=\"flex items-center justify-center size-10 min-w-10 bg-white rounded-full shadow-button text-[20px] text-neutral-600 focus:!shadow-button xl:hover:scale-110 transition-all duration-200\"><\/i>\n                <\/button>\n                <div x-cloak x-show=\"open\" class=\"mt-2\">\n                    <div class=\"py-3 md:py-4\">\n                        <p data-start=\"323\" data-end=\"570\">Vi har ett garage som tillh\u00f6r hotellet. Kostnaden \u00e4r 350 SEK per natt (fr\u00e5n kl. 15.00 p\u00e5 ankomstdagen till kl. 12.00 p\u00e5 avresedagen). Garaget \u00e4r \u00f6ppet mellan 07.00 och 22.30. Antalet platser \u00e4r begr\u00e4nsat, s\u00e5 vi rekommenderar att du bokar i f\u00f6rv\u00e4g.<\/p>\n<p data-start=\"572\" data-end=\"893\">Det finns \u00e4ven m\u00f6jlighet till gatuparkering i omr\u00e5det utanf\u00f6r hotellet, i m\u00e5n av plats. F\u00f6r gatuparkering g\u00e4ller stadens regler och avgifter, med avgift vardagar 07.00\u201319.00 samt l\u00f6rdagar 11.00\u201317.00. Observera att st\u00e4ddagar f\u00f6rekommer, d\u00e5 parkering inte \u00e4r till\u00e5ten enligt skyltning. \u00d6vrig tid \u00e4r parkeringen avgiftsfri.<\/p>\n                    <\/div>\n                <\/div>\n            <\/div>\n                        <div id=\"faq-1253\" x-data=\"{ open: false }\" class=\"py-spacing-10 border-b border-black\/10\">\n                <button x-on:click=\"open = ! open\" x-bind:class=\"open ? 'faq-close text-brand-500' : 'faq-open'\" aria-label=\"Visa svar\" class=\"group w-full flex items-start justify-between gap-x-4 text-left has-medium-font-size\">\n                    <span class=\"self-center flex-1 xl:group-hover:text-brand-500\">Vilka avbokningsregler g\u00e4ller?<\/span>\n                    <i x-bind:class=\"open ? 'icon-minus' : 'icon-plus'\" class=\"flex items-center justify-center size-10 min-w-10 bg-white rounded-full shadow-button text-[20px] text-neutral-600 focus:!shadow-button xl:hover:scale-110 transition-all duration-200\"><\/i>\n                <\/button>\n                <div x-cloak x-show=\"open\" class=\"mt-2\">\n                    <div class=\"py-3 md:py-4\">\n                        <p><span class=\"TextRun SCXW75917221 BCX0\" lang=\"SV-SE\" xml:lang=\"SV-SE\" data-contrast=\"auto\"><span class=\"NormalTextRun SCXW75917221 BCX0\">Du kan avboka kostnadsfritt fram till fyra veckor f\u00f6re ankomst.<\/span><\/span><span class=\"LineBreakBlob BlobObject DragDrop SCXW75917221 BCX0\"><span class=\"SCXW75917221 BCX0\">\u00a0<\/span><br class=\"SCXW75917221 BCX0\" \/><\/span><span class=\"TextRun SCXW75917221 BCX0\" lang=\"SV-SE\" xml:lang=\"SV-SE\" data-contrast=\"auto\"><span class=\"NormalTextRun SCXW75917221 BCX0\">Vid senare avbokning debiteras 75 % av bokningens v\u00e4rde, och senare \u00e4n tv\u00e5 veckor f\u00f6re ankomst debiteras 100 %.<\/span><\/span><span class=\"EOP SCXW75917221 BCX0\" data-ccp-props=\"{}\">\u00a0<\/span><\/p>\n                    <\/div>\n                <\/div>\n            <\/div>\n                        <div id=\"faq-1259\" x-data=\"{ open: false }\" class=\"py-spacing-10 border-b border-black\/10\">\n                <button x-on:click=\"open = ! open\" x-bind:class=\"open ? 'faq-close text-brand-500' : 'faq-open'\" aria-label=\"Visa svar\" class=\"group w-full flex items-start justify-between gap-x-4 text-left has-medium-font-size\">\n                    <span class=\"self-center flex-1 xl:group-hover:text-brand-500\">Kan man boka logi i samband med konferens?<\/span>\n                    <i x-bind:class=\"open ? 'icon-minus' : 'icon-plus'\" class=\"flex items-center justify-center size-10 min-w-10 bg-white rounded-full shadow-button text-[20px] text-neutral-600 focus:!shadow-button xl:hover:scale-110 transition-all duration-200\"><\/i>\n                <\/button>\n                <div x-cloak x-show=\"open\" class=\"mt-2\">\n                    <div class=\"py-3 md:py-4\">\n                        <p><span class=\"TextRun SCXW106968819 BCX0\" lang=\"SV-SE\" xml:lang=\"SV-SE\" data-contrast=\"auto\"><span class=\"NormalTextRun SCXW106968819 BCX0\">Ja, det g\u00e5r utm\u00e4rkt. Antingen bokar du alla deltagare sj\u00e4lv, eller s\u00e5 reserverar vi ett antal rum som deltagarna bokar individuellt.<\/span><\/span><\/p>\n                    <\/div>\n                <\/div>\n            <\/div>\n                <\/div>\n    <script type=\"application\/ld+json\">\n        {\n    \"@context\": \"https:\/\/schema.org\",\n    \"@type\": \"FAQPage\",\n    \"mainEntity\": [\n        {\n            \"@type\": \"Question\",\n            \"name\": \"Erbjuder ni videokonferens och digitala m\u00f6ten?\u00a0\",\n            \"acceptedAnswer\": {\n                \"@type\": \"Answer\",\n                \"text\": \"Ja, vi erbjuder tv\u00e5 l\u00f6sningar:\u00a0\\nHelhetsl\u00f6sning: kamera, mikrofon\/h\u00f6gtalare, dator och m\u00f6tesl\u00e4nk\\nPris: 1200 kr exkl. moms \/ 1500 kr inkl. moms\u00a0\\nG\u00f6r det sj\u00e4lv: kamera med mikrofon till egen dator\\nPris: 760 kr exkl. moms \/ 950 kr inkl. moms\u00a0\"\n            }\n        },\n        {\n            \"@type\": \"Question\",\n            \"name\": \"Finns det parkering?\",\n            \"acceptedAnswer\": {\n                \"@type\": \"Answer\",\n                \"text\": \"Vi har ett garage som tillh\u00f6r hotellet. Kostnaden \u00e4r 350 SEK per natt (fr\u00e5n kl. 15.00 p\u00e5 ankomstdagen till kl. 12.00 p\u00e5 avresedagen). Garaget \u00e4r \u00f6ppet mellan 07.00 och 22.30. Antalet platser \u00e4r begr\u00e4nsat, s\u00e5 vi rekommenderar att du bokar i f\u00f6rv\u00e4g.\\nDet finns \u00e4ven m\u00f6jlighet till gatuparkering i omr\u00e5det utanf\u00f6r hotellet, i m\u00e5n av plats. F\u00f6r gatuparkering g\u00e4ller stadens regler och avgifter, med avgift vardagar 07.00\u201319.00 samt l\u00f6rdagar 11.00\u201317.00. Observera att st\u00e4ddagar f\u00f6rekommer, d\u00e5 parkering inte \u00e4r till\u00e5ten enligt skyltning. \u00d6vrig tid \u00e4r parkeringen avgiftsfri.\"\n            }\n        },\n        {\n            \"@type\": \"Question\",\n            \"name\": \"Vilka avbokningsregler g\u00e4ller?\",\n            \"acceptedAnswer\": {\n                \"@type\": \"Answer\",\n                \"text\": \"Du kan avboka kostnadsfritt fram till fyra veckor f\u00f6re ankomst.\u00a0Vid senare avbokning debiteras 75 % av bokningens v\u00e4rde, och senare \u00e4n tv\u00e5 veckor f\u00f6re ankomst debiteras 100 %.\u00a0\"\n            }\n        },\n        {\n            \"@type\": \"Question\",\n            \"name\": \"Kan man boka logi i samband med konferens?\",\n            \"acceptedAnswer\": {\n                \"@type\": \"Answer\",\n                \"text\": \"Ja, det g\u00e5r utm\u00e4rkt. Antingen bokar du alla deltagare sj\u00e4lv, eller s\u00e5 reserverar vi ett antal rum som deltagarna bokar individuellt.\"\n            }\n        }\n    ]\n}    <\/script>\n    <\/div><\/div>\n<\/div>\n\n\n\n<div class=\"wp-block-columns has-2-columns alignfull are-vertically-aligned-center sticky-column\" style=\"column-gap: var(--wp--preset--spacing--80); row-gap: var(--wp--preset--spacing--30); padding-top:var(--wp--preset--spacing--50);padding-bottom:var(--wp--preset--spacing--80)\">\n<div class=\"wp-block-column is-vertically-aligned-center\">\t<div \t\tclass=\"media-container aspect-square    \"\n\t\t\t>\n\t\t<img loading=\"lazy\" decoding=\"async\" width=\"1024\" height=\"683\" src=\"https:\/\/www.freyshotels.com\/corner\/wp-content\/uploads\/2026\/04\/corner_hotel_foretagslagenhet_hotel_lgh401-1-1024x683.jpg\" class=\"absolute h-full w-full object-cover rounded-2xl image-center-center\" alt=\"\" sizes=\"auto, (min-width: 1024px) 1600px, 1024px\" data-sizes=\"auto\" srcset=\"https:\/\/www.freyshotels.com\/corner\/wp-content\/uploads\/2026\/04\/corner_hotel_foretagslagenhet_hotel_lgh401-1-1024x683.jpg 1024w, https:\/\/www.freyshotels.com\/corner\/wp-content\/uploads\/2026\/04\/corner_hotel_foretagslagenhet_hotel_lgh401-1-300x200.jpg 300w, https:\/\/www.freyshotels.com\/corner\/wp-content\/uploads\/2026\/04\/corner_hotel_foretagslagenhet_hotel_lgh401-1-768x512.jpg 768w, https:\/\/www.freyshotels.com\/corner\/wp-content\/uploads\/2026\/04\/corner_hotel_foretagslagenhet_hotel_lgh401-1-1536x1024.jpg 1536w, https:\/\/www.freyshotels.com\/corner\/wp-content\/uploads\/2026\/04\/corner_hotel_foretagslagenhet_hotel_lgh401-1.jpg 1920w\" \/>\t<\/div>\n\t<\/div>\n\n\n\n<div class=\"wp-block-column is-vertically-aligned-center\">\n<p class=\"has-brand-400-color has-text-color has-link-color has-script-medium-font-size wp-elements-111b9b1ce4526f96ec8e5824c3ddfe17\">Corner Hotel<\/p>\n\n\n\n<h2 class=\"wp-block-heading has-brand-600-color has-text-color has-link-color wp-elements-f255cd56407b087256a90ea8d37d7c9e\">f\u00f6retagsbost\u00e4der stockholm<\/h2>\n\n\n\n<p class=\"has-brand-600-color has-text-color has-link-color wp-elements-55b3010ef13ac49997e7afb441ec21cf\">Letar du efter en hyresl\u00e4genhet, f\u00f6retagsl\u00e4genhet, \u00f6vernattningsl\u00e4genhet alternativt tillf\u00e4lligt boende? Vi erbjuder 11 m\u00f6blerade l\u00e4genheter f\u00f6r s\u00e5v\u00e4l l\u00e5nga som korta perioder, p\u00e5 centrala adresser i Stockholm.&nbsp;<\/p>\n\n\n\n<div class=\"wp-block-buttons\">\n<div class=\"wp-block-button is-style-outline is-style-outline--5\"><a class=\"wp-block-button__link has-black-background-color has-background wp-element-button\" href=\"https:\/\/www.freyshotels.com\/corner\/foretagslagenheter-stockholm\/\" target=\"_blank\" rel=\"noreferrer noopener\">l\u00e4s mer om f\u00f6retagsbost\u00e4der<\/a><\/div>\n<\/div>\n<\/div>\n<\/div>\n","protected":false},"excerpt":{"rendered":"<p>Konferens Stockholm city vasastan P\u00e5 Corner&nbsp;Hotel&nbsp;(tidigare&nbsp;Hotel&nbsp;Lilla R\u00e5dmannen) finns tretton flexibla konferenslokaler centralt i Stockholm City, i hj\u00e4rtat av Vasastan. H\u00e4r erbjuder vi konferenspaket, dagkonferens, events, workshops och utbildningar i en inspirerande milj\u00f6 f\u00f6r upp till 60 personer.&nbsp; Med v\u00e5rt centrala l\u00e4ge i Stockholm, n\u00e4ra Odenplan och R\u00e5dmansgatan i Vasastan, \u00e4r det enkelt att ta sig [&hellip;]<\/p>\n","protected":false},"author":1,"featured_media":1555,"parent":0,"menu_order":10,"comment_status":"closed","ping_status":"closed","template":"","meta":{"_acf_changed":false,"footnotes":""},"page_category":[],"page_tag":[],"class_list":["post-311","page","type-page","status-publish","has-post-thumbnail","hentry"],"acf":[],"publishpress_future_action":{"enabled":false,"date":"2026-05-06 12:14:14","action":"change-status","newStatus":"draft","terms":[],"taxonomy":"page_category","extraData":[]},"publishpress_future_workflow_manual_trigger":{"enabledWorkflows":[]},"_links":{"self":[{"href":"https:\/\/www.freyshotels.com\/corner\/wp-json\/wp\/v2\/pages\/311","targetHints":{"allow":["GET"]}}],"collection":[{"href":"https:\/\/www.freyshotels.com\/corner\/wp-json\/wp\/v2\/pages"}],"about":[{"href":"https:\/\/www.freyshotels.com\/corner\/wp-json\/wp\/v2\/types\/page"}],"author":[{"embeddable":true,"href":"https:\/\/www.freyshotels.com\/corner\/wp-json\/wp\/v2\/users\/1"}],"replies":[{"embeddable":true,"href":"https:\/\/www.freyshotels.com\/corner\/wp-json\/wp\/v2\/comments?post=311"}],"version-history":[{"count":18,"href":"https:\/\/www.freyshotels.com\/corner\/wp-json\/wp\/v2\/pages\/311\/revisions"}],"predecessor-version":[{"id":1621,"href":"https:\/\/www.freyshotels.com\/corner\/wp-json\/wp\/v2\/pages\/311\/revisions\/1621"}],"wp:featuredmedia":[{"embeddable":true,"href":"https:\/\/www.freyshotels.com\/corner\/wp-json\/"}],"wp:attachment":[{"href":"https:\/\/www.freyshotels.com\/corner\/wp-json\/wp\/v2\/media?parent=311"}],"wp:term":[{"taxonomy":"page_category","embeddable":true,"href":"https:\/\/www.freyshotels.com\/corner\/wp-json\/wp\/v2\/page_category?post=311"},{"taxonomy":"page_tag","embeddable":true,"href":"https:\/\/www.freyshotels.com\/corner\/wp-json\/wp\/v2\/page_tag?post=311"}],"curies":[{"name":"wp","href":"https:\/\/api.w.org\/{rel}","templated":true}]}}