{"id":315,"date":"2026-03-17T08:26:49","date_gmt":"2026-03-17T08:26:49","guid":{"rendered":"https:\/\/www.freyshotels.com\/corner\/?page_id=315"},"modified":"2026-04-29T10:53:33","modified_gmt":"2026-04-29T10:53:33","slug":"restaurang","status":"publish","type":"page","link":"https:\/\/www.freyshotels.com\/corner\/restaurang\/","title":{"rendered":"Restaurang"},"content":{"rendered":"\n<div class=\"wp-block-columns has-2-columns alignfull paralax reverse wrap-lg min-h-screen\" style=\" padding-top:0;padding-right:0;padding-bottom:0;padding-left:0\">\n<div class=\"wp-block-column\" style=\"flex-basis:50%\">\n<div style=\"aspect-ratio:auto; justify-content:flex-end; padding-top:var(--wp--preset--spacing--40);padding-bottom:var(--wp--preset--spacing--40);padding-left:var(--wp--preset--spacing--40);padding-right:var(--wp--preset--spacing--40); min-height:100%;\" class=\"align wp-block-create-block-tankbar-multiblock has-text-color has-background\">\n\n\t<div class=\"multiblock-bg\">\n\n\t\t\t\t<div class=\"absolute inset-0 image-center-center\">\n\t\t\t\t<img decoding=\"async\" class=\"h-full w-full object-cover\" src=\"https:\/\/www.freyshotels.com\/corner\/wp-content\/uploads\/2026\/04\/corner_hotel_moules_frites_scaled.jpg\" alt=\"Restaurang\" \/>\n\t\t\t<\/div>\n\t\t\t\n\t\n\t\n\t\n\t\n\t<\/div><!-- .multiblock-bg -->\n\n\t<div class=\"multiblock-inner\">\n\t\t\n\n<div class=\"wp-block-group\" style=\"min-height:30vh\"><\/div>\n\n\t<\/div>\n\n\t<\/div>\n<\/div>\n\n\n\n<div class=\"wp-block-column split noice has-brand-200-background-color has-background\" style=\"padding-top:var(--wp--preset--spacing--60);padding-right:var(--wp--preset--spacing--60);padding-bottom:var(--wp--preset--spacing--60);padding-left:var(--wp--preset--spacing--60)\">\n<h1 class=\"wp-block-heading has-brand-500-color has-text-color has-link-color wp-elements-e5331c5ba86f340126677ac8bbfa474e\">Restaurang <br>h\u00f6rnans Belgobar<\/h1>\n\n\n\n<p class=\"has-medium-font-size\" style=\"margin-bottom:var(--wp--preset--spacing--50)\">Under din vistelse p\u00e5 Corner&nbsp;Hotel&nbsp;har du alltid n\u00e4ra till en komplett restaurangupplevelse. Tillsammans med H\u00f6rnans&nbsp;Belgobar&nbsp;erbjuder vi en avslappnad och v\u00e4lkomnande milj\u00f6 d\u00e4r b\u00e5de hotellg\u00e4ster och lokalbor trivs.&nbsp;<br><br>Menyn h\u00e4mtar inspiration fr\u00e5n det belgiska k\u00f6ket med fokus p\u00e5 klassiska r\u00e4tter som&nbsp;moules&nbsp;frites, v\u00e4llagade smaker och noggrant utvalda r\u00e5varor. Till maten finns ett brett sortiment av belgiska och hantverksbryggda \u00f6l \u2013 perfekt f\u00f6r att komplettera din middag eller avrunda dagen.<br><br><strong>H\u00f6rnans Belgobar \u00f6ppnar onsdagen den 6 maj.<\/strong><br><strong>Hotellfrukost serveras fr\u00e5n den 2 maj.<br><\/strong>&nbsp;&nbsp;&nbsp;<\/p>\n<\/div>\n<\/div>\n\n\n\n<div style=\"aspect-ratio:auto; justify-content:center; border-top-left-radius:16px;border-top-right-radius:16px; padding-top:var(--wp--preset--spacing--80);padding-bottom:var(--wp--preset--spacing--80);background-image:url(&apos;https:\/\/www.freyshotels.com\/corner\/wp-content\/uploads\/2026\/03\/bg-black.svg&apos;);background-position:50% 50%;background-size:1000px;\" class=\"alignfull sm-center wp-elements-6d657fe814c16d6f89c3a542b87fb616 wp-block-create-block-tankbar-multiblock has-text-color has-white-color has-background has-brand-500-background-color\">\n\n\t<div class=\"multiblock-bg\">\n\n\t\n\t\n\t\n\t\t\t<div class=\"multiblock-overlay overlay absolute inset-0 has-brand-500-background-color\" style=\"opacity:0.75;\"><\/div>\n\t\n\t\n\t<\/div><!-- .multiblock-bg -->\n\n\t<div class=\"multiblock-inner\">\n\t\t\n\n<div class=\"wp-block-columns has-2-columns\" style=\"column-gap: var(--wp--preset--spacing--60); row-gap: var(--wp--preset--spacing--40);\">\n<div class=\"wp-block-column\">\n<p class=\"has-gold-500-color has-text-color has-link-color has-script-medium-font-size wp-elements-f47b14f9c6df1216648fbd05f998a75f\">Mat och dryck<\/p>\n<\/div>\n\n\n\n<div class=\"wp-block-column\">\n<h2 class=\"wp-block-heading has-h-3-font-size\">H\u00e4r njuter du av en belgiskinspirerad meny och ett gener\u00f6st utbud av belgisk \u00f6l i en varm och v\u00e4lkomnande atmosf\u00e4r.<\/h2>\n<\/div>\n<\/div>\n\n\t<\/div>\n\n\t<\/div>\n\n\n\n<div class=\"wp-block-group alignfull noice has-brand-100-background-color has-background\" style=\"padding-top:var(--wp--preset--spacing--80);padding-bottom:var(--wp--preset--spacing--60)\">\n<div class=\"wp-block-columns has-2-columns are-vertically-aligned-center reverse\" style=\"column-gap: var(--wp--preset--spacing--80); row-gap: var(--wp--preset--spacing--30); margin-top:0;margin-bottom:var(--wp--preset--spacing--70)\">\n<div class=\"wp-block-column is-vertically-aligned-center\">\t<div \t\tclass=\"media-container aspect-square    \"\n\t\t\t>\n\t\t<img loading=\"lazy\" decoding=\"async\" width=\"1024\" height=\"683\" src=\"https:\/\/www.freyshotels.com\/corner\/wp-content\/uploads\/2026\/04\/belgobaren_dessert_chokladfondant-1024x683.jpg\" class=\"absolute h-full w-full object-cover rounded-2xl image-center-center\" alt=\"\" sizes=\"auto, (min-width: 1024px) 1600px, 1024px\" data-sizes=\"auto\" srcset=\"https:\/\/www.freyshotels.com\/corner\/wp-content\/uploads\/2026\/04\/belgobaren_dessert_chokladfondant-1024x683.jpg 1024w, https:\/\/www.freyshotels.com\/corner\/wp-content\/uploads\/2026\/04\/belgobaren_dessert_chokladfondant-300x200.jpg 300w, https:\/\/www.freyshotels.com\/corner\/wp-content\/uploads\/2026\/04\/belgobaren_dessert_chokladfondant-768x512.jpg 768w, https:\/\/www.freyshotels.com\/corner\/wp-content\/uploads\/2026\/04\/belgobaren_dessert_chokladfondant-1536x1024.jpg 1536w, https:\/\/www.freyshotels.com\/corner\/wp-content\/uploads\/2026\/04\/belgobaren_dessert_chokladfondant.jpg 1920w\" \/>\t<\/div>\n\t<\/div>\n\n\n\n<div class=\"wp-block-column is-vertically-aligned-center\">\n<p class=\"has-brand-400-color has-text-color has-link-color has-script-medium-font-size wp-elements-ab2d61b69b48257eb191456b1d390fd1\">Exklusivt<\/p>\n\n\n\n<h2 class=\"wp-block-heading has-brand-600-color has-text-color has-link-color wp-elements-72627d5a256532100f5d86187b169cd3\">\u00f6ppningserbjudande f\u00f6r hotellg\u00e4ster&nbsp;<\/h2>\n\n\n\n<p class=\"has-brand-600-color has-text-color has-link-color has-small-font-size wp-elements-40aefdc8b375c32e99c3b072a7fcca06\">Fira \u00f6ppningen av H\u00f6rnans&nbsp;Belgobar&nbsp;med ett unikt erbjudande \u2013 endast f\u00f6r dig som bor p\u00e5 Corner&nbsp;Hotel. Njut av en noggrant komponerad meny med belgiska smaker till ett f\u00f6rm\u00e5nligt pris.&nbsp;Erbjudandet g\u00e4ller under perioden 6 maj till 31 augusti. (bortsett fr\u00e5n den 29 maj)<br><br>1 r\u00e4tt 210 kr | 2 r\u00e4tter 315 kr | 3 r\u00e4tter 420 kr<br><em>(Ord. pris upp till 570 kr)<\/em>&nbsp;<\/p>\n\n\n\n<p class=\"has-brand-600-color has-text-color has-link-color has-small-font-size wp-elements-aa95cfb5b3c7aa986a7c79423ba026a1\"><strong>V\u00e4nligen uppge att du bor p\u00e5 hotellet vid bokning.<\/strong><\/p>\n\n\n\n<div class=\"wp-block-buttons\">\n<div class=\"wp-block-button is-style-fill\"><a class=\"wp-block-button__link has-brand-500-background-color has-background wp-element-button\" href=\"https:\/\/www.freyshotels.com\/wp-content\/uploads\/2026\/04\/Belgobaren-Hornan-Hotellmeny.pdf\" target=\"_blank\" rel=\"noreferrer noopener\">till menyn<\/a><\/div>\n\n\n\n<div class=\"wp-block-button is-style-fill\"><a class=\"wp-block-button__link has-brand-500-background-color has-background wp-element-button\" href=\"mailto:sara@belgobaren.se\" target=\"_blank\" rel=\"noreferrer noopener\">boka bord<\/a><\/div>\n<\/div>\n<\/div>\n<\/div>\n\n\n\n<div class=\"wp-block-columns has-2-columns are-vertically-aligned-center\" style=\"column-gap: var(--wp--preset--spacing--80); row-gap: var(--wp--preset--spacing--30); padding-bottom:var(--wp--preset--spacing--60)\">\n<div class=\"wp-block-column is-vertically-aligned-center\">\t<div \t\tclass=\"media-container aspect-square    \"\n\t\t\t>\n\t\t<img loading=\"lazy\" decoding=\"async\" width=\"1024\" height=\"683\" src=\"https:\/\/www.freyshotels.com\/corner\/wp-content\/uploads\/2026\/04\/belgobaren_toast_skagen-1024x683.jpg\" class=\"absolute h-full w-full object-cover rounded-2xl image-center-center\" alt=\"\" sizes=\"auto, (min-width: 1024px) 1600px, 1024px\" data-sizes=\"auto\" srcset=\"https:\/\/www.freyshotels.com\/corner\/wp-content\/uploads\/2026\/04\/belgobaren_toast_skagen-1024x683.jpg 1024w, https:\/\/www.freyshotels.com\/corner\/wp-content\/uploads\/2026\/04\/belgobaren_toast_skagen-300x200.jpg 300w, https:\/\/www.freyshotels.com\/corner\/wp-content\/uploads\/2026\/04\/belgobaren_toast_skagen-768x512.jpg 768w, https:\/\/www.freyshotels.com\/corner\/wp-content\/uploads\/2026\/04\/belgobaren_toast_skagen-1536x1024.jpg 1536w, https:\/\/www.freyshotels.com\/corner\/wp-content\/uploads\/2026\/04\/belgobaren_toast_skagen.jpg 1920w\" \/>\t<\/div>\n\t<\/div>\n\n\n\n<div class=\"wp-block-column is-vertically-aligned-center\">\n<p class=\"has-brand-400-color has-text-color has-link-color has-script-medium-font-size wp-elements-964e157972657ef099d31da1bbccd332\">Meny<\/p>\n\n\n\n<h2 class=\"wp-block-heading has-brand-600-color has-text-color has-link-color wp-elements-ac65ca0809926932437a7cc0b5583a44\">grupp- och konferensmeny<\/h2>\n\n\n\n<p class=\"has-brand-600-color has-text-color has-link-color wp-elements-9c470951f8485d6c1f1151fd1dc5179c\">R\u00e4tterna kan kombineras fritt efter era \u00f6nskem\u00e5l, och en gemensam meny v\u00e4ljs f\u00f6r hela s\u00e4llskapet. V\u00e5r kock anpassar sj\u00e4lvklart menyn efter f\u00f6ranm\u00e4ld specialkost f\u00f6r att alla ska f\u00e5 en s\u00e5 bra upplevelse som m\u00f6jligt.&nbsp;<\/p>\n\n\n\n<p class=\"has-brand-600-color has-text-color has-link-color wp-elements-84cea5ae22664bf14bd1cfaf064319c9\">V\u00e4nligen meddela eventuella kostbehov senast tre dagar f\u00f6re ankomst. Minsta antal personer f\u00f6r bokning \u00e4r 10.&nbsp;&nbsp;<\/p>\n\n\n\n<div class=\"wp-block-buttons\">\n<div class=\"wp-block-button is-style-fill\"><a class=\"wp-block-button__link has-brand-500-background-color has-background wp-element-button\" href=\"https:\/\/www.freyshotels.com\/wp-content\/uploads\/2026\/04\/Grupp-och-konferensmeny-2026.pdf\" target=\"_blank\" rel=\"noreferrer noopener\">till grupp- och konferensmeny<\/a><\/div>\n<\/div>\n<\/div>\n<\/div>\n\n\n\n<div class=\"wp-block-columns has-2-columns are-vertically-aligned-center reverse\" style=\"column-gap: var(--wp--preset--spacing--80); row-gap: var(--wp--preset--spacing--30);\">\n<div class=\"wp-block-column is-vertically-aligned-center\">\t<div \t\tclass=\"media-container aspect-square    \"\n\t\t\t>\n\t\t<img loading=\"lazy\" decoding=\"async\" width=\"1024\" height=\"683\" src=\"https:\/\/www.freyshotels.com\/corner\/wp-content\/uploads\/2026\/04\/belgobaren_mingelmat_freys_meetings-1024x683.jpg\" class=\"absolute h-full w-full object-cover rounded-2xl image-center-center\" alt=\"\" sizes=\"auto, (min-width: 1024px) 1600px, 1024px\" data-sizes=\"auto\" srcset=\"https:\/\/www.freyshotels.com\/corner\/wp-content\/uploads\/2026\/04\/belgobaren_mingelmat_freys_meetings-1024x683.jpg 1024w, https:\/\/www.freyshotels.com\/corner\/wp-content\/uploads\/2026\/04\/belgobaren_mingelmat_freys_meetings-300x200.jpg 300w, https:\/\/www.freyshotels.com\/corner\/wp-content\/uploads\/2026\/04\/belgobaren_mingelmat_freys_meetings-768x512.jpg 768w, https:\/\/www.freyshotels.com\/corner\/wp-content\/uploads\/2026\/04\/belgobaren_mingelmat_freys_meetings-1536x1024.jpg 1536w, https:\/\/www.freyshotels.com\/corner\/wp-content\/uploads\/2026\/04\/belgobaren_mingelmat_freys_meetings.jpg 1920w\" \/>\t<\/div>\n\t<\/div>\n\n\n\n<div class=\"wp-block-column is-vertically-aligned-center\">\n<p class=\"has-brand-400-color has-text-color has-link-color has-script-medium-font-size wp-elements-964e157972657ef099d31da1bbccd332\">Meny<\/p>\n\n\n\n<h2 class=\"wp-block-heading has-brand-600-color has-text-color has-link-color wp-elements-5cc2b1bec3e7308db882707a629758a0\">konferensbuff\u00e9er och mingelmat<\/h2>\n\n\n\n<p class=\"has-brand-600-color has-text-color has-link-color wp-elements-a7af2878108f9cad9971bab61f132692\">Vi erbjuder ett brett utbud av buff\u00e9er, mingelmat och andra m\u00e5ltidsalternativ. Sj\u00e4lvklart finns flera r\u00e4tter och menyer att v\u00e4lja mellan.<\/p>\n\n\n\n<p class=\"has-brand-600-color has-text-color has-link-color wp-elements-fe5861affe1e7204a33ad7daf7129cf8\">Inled g\u00e4rna ert event med n\u00e5got att dricka eller avsluta m\u00f6tet med v\u00e5r specialitet \u2013 belgisk \u00f6l fr\u00e5n H\u00f6rnans Belgobar. Vi hj\u00e4lper er g\u00e4rna att skapa ett uppl\u00e4gg som passar just ert event.&nbsp;<\/p>\n\n\n\n<div class=\"wp-block-buttons\">\n<div class=\"wp-block-button is-style-fill\"><a class=\"wp-block-button__link has-brand-500-background-color has-background wp-element-button\" href=\"https:\/\/www.freyshotels.com\/wp-content\/uploads\/2026\/04\/Buffer-och-mingelmat-2026.pdf\" target=\"_blank\" rel=\"noreferrer noopener\">till menyn<\/a><\/div>\n<\/div>\n<\/div>\n<\/div>\n<\/div>\n\n\n\n<div class=\"wp-block-group alignfull noice has-brand-200-background-color has-background\" style=\"padding-top:var(--wp--preset--spacing--60);padding-bottom:var(--wp--preset--spacing--60)\">\n<h2 class=\"wp-block-heading has-h-3-font-size\">missa inte<\/h2>\n\n\n    <div\n                class=\"   \"\n        style=\"margin-top: var(--wp--preset--spacing--40);\"    >\n        <div class=\"grid-swiper relative -mx-4 md:mx-0 \" data-slides-per-view=\"3\" data-image-nav><div class=\"swiper\"><div class=\"w-full swiper-wrapper\">    <a href=\"https:\/\/www.freyshotels.com\/corner\/konferens-stockholm\/konferenspaket\/\"\n       aria-label=\"Konferenspaket\"\n       class=\"relative group overflow-hidden no-underline !flex flex-col swiper-slide !h-auto \"\n    >\n        <div class=\"relative aspect-[8\/5] overflow-hidden rounded-xl\">\n            <img loading=\"lazy\" decoding=\"async\" width=\"768\" height=\"512\" src=\"https:\/\/www.freyshotels.com\/corner\/wp-content\/uploads\/2026\/04\/corner_hotel_konferensrumflexibilitet_biosittning-768x512.jpg\" class=\"absolute w-full h-full object-cover object-center\" alt=\"\" srcset=\"https:\/\/www.freyshotels.com\/corner\/wp-content\/uploads\/2026\/04\/corner_hotel_konferensrumflexibilitet_biosittning-768x512.jpg 768w, https:\/\/www.freyshotels.com\/corner\/wp-content\/uploads\/2026\/04\/corner_hotel_konferensrumflexibilitet_biosittning-300x200.jpg 300w, https:\/\/www.freyshotels.com\/corner\/wp-content\/uploads\/2026\/04\/corner_hotel_konferensrumflexibilitet_biosittning-1024x683.jpg 1024w, https:\/\/www.freyshotels.com\/corner\/wp-content\/uploads\/2026\/04\/corner_hotel_konferensrumflexibilitet_biosittning-1536x1024.jpg 1536w, https:\/\/www.freyshotels.com\/corner\/wp-content\/uploads\/2026\/04\/corner_hotel_konferensrumflexibilitet_biosittning.jpg 1920w\" sizes=\"auto, (max-width: 768px) 100vw, 768px\" \/>            <div class=\"absolute top-spacing-10 left-spacing-10 flex flex-wrap gap-2\">\n                            <\/div>\n        <\/div>\n        <div class=\"has-small-font-size flex-1 pt-spacing-10\" >\n                        <h3 class=\"has-medium-font-size font-medium xl:group-hover:underlined\">Konferenspaket<\/h3>\n                            <div class=\"mt-0.5\">Uppt\u00e4ck v\u00e5ra konferenspaket i Vasastan \u2013 ett perfekt val f\u00f6r dig som planerar m\u00f6te, konferens eller kick-off i Stockholm. P\u00e5 Corner\u00a0Hotel\u00a0m\u00f6ts ni av en inspirerande milj\u00f6 d\u00e4r personligt engagemang och flexibla l\u00f6sningar st\u00e5r i fokus.<\/div>\n                                        <div class=\"mt-spacing-10\"><\/div>\n                    <\/div>\n    <\/a>\n        <a href=\"https:\/\/www.freyshotels.com\/corner\/foretagslagenheter-stockholm\/\"\n       aria-label=\"L\u00e4genheter\"\n       class=\"relative group overflow-hidden no-underline !flex flex-col swiper-slide !h-auto \"\n    >\n        <div class=\"relative aspect-[8\/5] overflow-hidden rounded-xl\">\n            <img loading=\"lazy\" decoding=\"async\" width=\"768\" height=\"512\" src=\"https:\/\/www.freyshotels.com\/corner\/wp-content\/uploads\/2026\/04\/corner_hotel_foretagslagenhet_hotel_502-768x512.jpg\" class=\"absolute w-full h-full object-cover object-center\" alt=\"\" srcset=\"https:\/\/www.freyshotels.com\/corner\/wp-content\/uploads\/2026\/04\/corner_hotel_foretagslagenhet_hotel_502-768x512.jpg 768w, https:\/\/www.freyshotels.com\/corner\/wp-content\/uploads\/2026\/04\/corner_hotel_foretagslagenhet_hotel_502-300x200.jpg 300w, https:\/\/www.freyshotels.com\/corner\/wp-content\/uploads\/2026\/04\/corner_hotel_foretagslagenhet_hotel_502-1024x683.jpg 1024w, https:\/\/www.freyshotels.com\/corner\/wp-content\/uploads\/2026\/04\/corner_hotel_foretagslagenhet_hotel_502-1536x1024.jpg 1536w, https:\/\/www.freyshotels.com\/corner\/wp-content\/uploads\/2026\/04\/corner_hotel_foretagslagenhet_hotel_502.jpg 1920w\" sizes=\"auto, (max-width: 768px) 100vw, 768px\" \/>            <div class=\"absolute top-spacing-10 left-spacing-10 flex flex-wrap gap-2\">\n                            <\/div>\n        <\/div>\n        <div class=\"has-small-font-size flex-1 pt-spacing-10\" >\n                        <h3 class=\"has-medium-font-size font-medium xl:group-hover:underlined\">L\u00e4genheter<\/h3>\n                            <div class=\"mt-0.5\">Letar du efter en hyresl\u00e4genhet, f\u00f6retagsl\u00e4genhet, \u00f6vernattningsl\u00e4genhet, f\u00f6retagsbostad eller tillf\u00e4lligt boende i Stockholm? D\u00e5 har vi den perfekta l\u00f6sningen f\u00f6r dig. V&#8230;<\/div>\n                                        <div class=\"mt-spacing-10\"><\/div>\n                    <\/div>\n    <\/a>\n        <a href=\"https:\/\/www.freyshotels.com\/corner\/hotell-stockholm\/hotellerbjudanden\/\"\n       aria-label=\"Hotellerbjudanden\"\n       class=\"relative group overflow-hidden no-underline !flex flex-col swiper-slide !h-auto \"\n    >\n        <div class=\"relative aspect-[8\/5] overflow-hidden rounded-xl\">\n            <img loading=\"lazy\" decoding=\"async\" width=\"768\" height=\"512\" src=\"https:\/\/www.freyshotels.com\/corner\/wp-content\/uploads\/2026\/04\/corner_hotel_blommor_pa_rummet-768x512.jpg\" class=\"absolute w-full h-full object-cover object-center\" alt=\"\" srcset=\"https:\/\/www.freyshotels.com\/corner\/wp-content\/uploads\/2026\/04\/corner_hotel_blommor_pa_rummet-768x512.jpg 768w, https:\/\/www.freyshotels.com\/corner\/wp-content\/uploads\/2026\/04\/corner_hotel_blommor_pa_rummet-300x200.jpg 300w, https:\/\/www.freyshotels.com\/corner\/wp-content\/uploads\/2026\/04\/corner_hotel_blommor_pa_rummet-1024x683.jpg 1024w, https:\/\/www.freyshotels.com\/corner\/wp-content\/uploads\/2026\/04\/corner_hotel_blommor_pa_rummet-1536x1024.jpg 1536w, https:\/\/www.freyshotels.com\/corner\/wp-content\/uploads\/2026\/04\/corner_hotel_blommor_pa_rummet.jpg 1920w\" sizes=\"auto, (max-width: 768px) 100vw, 768px\" \/>            <div class=\"absolute top-spacing-10 left-spacing-10 flex flex-wrap gap-2\">\n                            <\/div>\n        <\/div>\n        <div class=\"has-small-font-size flex-1 pt-spacing-10\" >\n                        <h3 class=\"has-medium-font-size font-medium xl:group-hover:underlined\">Hotellerbjudanden<\/h3>\n                            <div class=\"mt-0.5\">V\u00e5ra b\u00e4sta hotellerbjudanden f\u00f6r \u00f6vernattning i Stockholm hittar du h\u00e4r p\u00e5 v\u00e5r sajt. N\u00e4r du bokar direkt hos oss p\u00e5 Corner\u00a0Hotel\u00a0i Vasastan f\u00e5r du alltid b\u00e4sta pris och fler f\u00f6rm\u00e5ner.<\/div>\n                                        <div class=\"mt-spacing-10\"><\/div>\n                    <\/div>\n    <\/a>\n    <\/div><\/div><div aria-disabled=\"true\" class=\"swiper-button-prev icon-arrow !hidden md:!flex\"><\/div><div class=\"swiper-button-next icon-arrow !hidden md:!flex\"><\/div><div class=\"swiper-pagination\"><\/div><\/div>    <\/div>\n    <\/div>\n\n\n\n<div class=\"wp-block-columns has-2-columns alignfull noice\" style=\"column-gap: var(--wp--preset--spacing--40); row-gap: var(--wp--preset--spacing--40); padding-top:var(--wp--preset--spacing--70);padding-bottom:var(--wp--preset--spacing--70)\">\n<div class=\"wp-block-column\">\n<div style=\"aspect-ratio:4\/3; justify-content:center; border-top-left-radius:12px;border-top-right-radius:12px;border-bottom-left-radius:12px;border-bottom-right-radius:12px; padding-top:var(--wp--preset--spacing--40);padding-bottom:var(--wp--preset--spacing--40);padding-left:var(--wp--preset--spacing--40);padding-right:var(--wp--preset--spacing--40);\" class=\"align image-card wp-elements-1e47ba7e3cade0bf3299ab0e2ccb9786 wp-block-create-block-tankbar-multiblock has-text-color has-white-color has-background\">\n\n\t<div class=\"multiblock-bg\">\n\n\t\n\t\n\t\t\t\t\t<div class=\"multiblock-gallery\">\n\t\t\t<div class=\"swiper\"\n\t\t\t\t data-transition-duration=\"1500\"\n\t\t\t\t data-interval-duration=\"6000\"\n\t\t\t\t data-transition-style=\"fade\"\n\t\t\t\t data-gallery-buttons=\"false\"\n\t\t\t\t data-gallery-pagination=\"false\">\n\t\t\t\t<div class=\"swiper-wrapper\">\n\t\t\t\t\t\t\t\t\t\t\t\t\t\t\t\t\t\t\t\t\t\t<div class=\"swiper-slide gallery-item\">\n\t\t\t\t\t\t\t<img decoding=\"async\" src=\"https:\/\/www.freyshotels.com\/corner\/wp-content\/uploads\/2026\/04\/corner_hotel_frukost_freys-1-1024x610.jpg\" alt=\"Bakgrundsbild\" width=\"100%\" height=\"100%\" \/>\n\t\t\t\t\t\t<\/div>\n\t\t\t\t\t\t\t\t\t\t\t\t\t\t<\/div>\n\t\t\t<\/div>\n\t\t<\/div>\n\t\n\t\n\t\n\t<\/div><!-- .multiblock-bg -->\n\n\t<div class=\"multiblock-inner\">\n\t\t\n\n<p class=\"has-script-normal-font-size\">Bra start<\/p>\n\n\n\n<h3 class=\"wp-block-heading has-h-4-font-size\">hotellfrukost<\/h3>\n\n\n\n<p>Som g\u00e4st p\u00e5 Corner&nbsp;Hotel&nbsp;serveras  hotellfrukost i samarbete med H\u00f6rnans&nbsp;Belgobar. H\u00e4r erbjuds en gener\u00f6s frukostbuff\u00e9 f\u00f6r en bra start p\u00e5 dagen.&nbsp;<br><br><strong>Frukosttider:&nbsp;<br><\/strong>M\u00e5ndag\u2013fredag: 07.00\u201310.00&nbsp;<br>L\u00f6rdag\u2013s\u00f6ndag: 07.30\u201310.30&nbsp;<\/p>\n\n\n\n<p><br>Beh\u00f6ver du \u00e4ta tidigare hj\u00e4lper vi dig g\u00e4rna \u2013 kontakta receptionen kv\u00e4llen innan.&nbsp;<\/p>\n\n\t<\/div>\n\n\t<\/div>\n<\/div>\n\n\n\n<div class=\"wp-block-column\">\n<div style=\"aspect-ratio:4\/3; justify-content:center; border-top-left-radius:12px;border-top-right-radius:12px;border-bottom-left-radius:12px;border-bottom-right-radius:12px; padding-top:var(--wp--preset--spacing--40);padding-bottom:var(--wp--preset--spacing--40);padding-left:var(--wp--preset--spacing--40);padding-right:var(--wp--preset--spacing--40);\" class=\"align image-card wp-elements-e370ce3ffd50604fb4eb7bcddaf391ef wp-block-create-block-tankbar-multiblock has-text-color has-white-color has-background\">\n\n\t<div class=\"multiblock-bg\">\n\n\t\n\t\n\t\t\t\t\t<div class=\"multiblock-gallery\">\n\t\t\t<div class=\"swiper\"\n\t\t\t\t data-transition-duration=\"1500\"\n\t\t\t\t data-interval-duration=\"6000\"\n\t\t\t\t data-transition-style=\"fade\"\n\t\t\t\t data-gallery-buttons=\"false\"\n\t\t\t\t data-gallery-pagination=\"false\">\n\t\t\t\t<div class=\"swiper-wrapper\">\n\t\t\t\t\t\t\t\t\t\t\t\t\t\t\t\t\t\t\t\t\t\t<div class=\"swiper-slide gallery-item\">\n\t\t\t\t\t\t\t<img decoding=\"async\" src=\"https:\/\/www.freyshotels.com\/corner\/wp-content\/uploads\/2026\/04\/corner_hotel_belgisk_ol-hotel-1024x683.jpg\" alt=\"Bakgrundsbild\" width=\"100%\" height=\"100%\" \/>\n\t\t\t\t\t\t<\/div>\n\t\t\t\t\t\t\t\t\t\t\t\t\t\t<\/div>\n\t\t\t<\/div>\n\t\t<\/div>\n\t\n\t\n\t\n\t<\/div><!-- .multiblock-bg -->\n\n\t<div class=\"multiblock-inner\">\n\t\t\n\n<p class=\"has-script-normal-font-size\">Smakupplevelse<\/p>\n\n\n\n<h3 class=\"wp-block-heading has-h-4-font-size\">\u00f6lprovning<\/h3>\n\n\n\n<p>Vill du f\u00f6rdjupa dig i \u00f6lens v\u00e4rld? Tillsammans med H\u00f6rnans&nbsp;Belgobar&nbsp;arrangeras regelbundet&nbsp;\u00f6lprovningar&nbsp;och events d\u00e4r du f\u00e5r uppt\u00e4cka nya smaker och l\u00e4ra dig mer om belgisk \u00f6lkultur.&nbsp;<\/p>\n\n\n\n<p class=\"has-small-font-size\">Detta \u00e4r ett uppskattat inslag f\u00f6r s\u00e5v\u00e4l hotellg\u00e4ster som bes\u00f6kare och passar perfekt f\u00f6r exempelvis en weekend i Stockholm, en kick-off eller en kv\u00e4ll med v\u00e4nner. H\u00e5ll utkik efter aktuella event och boka din plats i f\u00f6rv\u00e4g.&nbsp;<\/p>\n\n\n\n<div class=\"wp-block-buttons\">\n<div class=\"wp-block-button is-style-outline is-style-outline--1\"><a class=\"wp-block-button__link has-white-background-color has-background wp-element-button\" href=\"https:\/\/www.belgobaren.se\/hornan\/aktuellt\/olprovningar\" target=\"_blank\" rel=\"noreferrer noopener\">L\u00e4s mer<\/a><\/div>\n<\/div>\n\n\t<\/div>\n\n\t<\/div>\n<\/div>\n<\/div>\n\n\n\n<div class=\"wp-block-group alignfull noice\">\n<div class=\"wp-block-columns has-2-columns\" style=\"column-gap: var(--wp--preset--spacing--40); row-gap: var(--wp--preset--spacing--40); border-top-color:var(--wp--preset--color--neutral-200);border-top-width:1px;padding-top:var(--wp--preset--spacing--60);padding-bottom:var(--wp--preset--spacing--80)\">\n<div class=\"wp-block-column\">\n<h2 class=\"wp-block-heading has-h-3-font-size\">Vanliga fr\u00e5gor och svar<\/h2>\n\n\n\n<div class=\"wp-block-buttons\">\n<div class=\"wp-block-button is-style-outline is-style-outline--2\"><a class=\"wp-block-button__link has-black-background-color has-background wp-element-button\" href=\"https:\/\/www.freyshotels.com\/corner\/fragor-och-svar\/#restaurang\" target=\"_blank\" rel=\"noreferrer noopener\">alla fr\u00e5gor och svar<\/a><\/div>\n<\/div>\n<\/div>\n\n\n\n<div class=\"wp-block-column\"><div \tclass=\"   \"\n\t>\n\t    <div\n                class=\"w-full    \"\n            >\n        \n                            <div id=\"faq-1240\" x-data=\"{ open: false }\" class=\"py-spacing-10 border-b border-black\/10\">\n                    <button x-on:click=\"open = ! open\" x-bind:class=\"open ? 'faq-close text-brand-500' : 'faq-open'\" aria-label=\"Visa svar\" class=\"group w-full flex items-start justify-between gap-x-4 text-left has-medium-font-size\">\n                        <span class=\"self-center flex-1 xl:group-hover:text-brand-500\">Har ni room service?<\/span>\n                        <i x-bind:class=\"open ? 'icon-minus' : 'icon-plus'\" class=\"flex items-center justify-center size-10 min-w-10 bg-white rounded-full shadow-button text-[20px] text-neutral-600 focus:!shadow-button xl:hover:scale-110 transition-all duration-200\"><\/i>\n                    <\/button>\n                    <div x-cloak x-show=\"open\" class=\"mt-2\">\n                        <div class=\"py-3 md:py-4\">\n                            <p>Nej, v<span class=\"TextRun SCXW259496717 BCX0\" lang=\"SV-SE\" xml:lang=\"SV-SE\" data-contrast=\"auto\"><span class=\"NormalTextRun SCXW259496717 BCX0\">i erbjuder inte\u00a0<\/span><\/span><span class=\"TextRun SCXW259496717 BCX0\" lang=\"SV-SE\" xml:lang=\"SV-SE\" data-contrast=\"auto\"><span class=\"NormalTextRun SpellingErrorV2Themed SCXW259496717 BCX0\">room<\/span><\/span><span class=\"TextRun SCXW259496717 BCX0\" lang=\"SV-SE\" xml:lang=\"SV-SE\" data-contrast=\"auto\"><span class=\"NormalTextRun SCXW259496717 BCX0\">\u00a0service, men du \u00e4r varmt v\u00e4lkommen att best\u00e4lla mat fr\u00e5n restaurangen och ta med upp till ditt rum<\/span><\/span><\/p>\n                        <\/div>\n                    <\/div>\n                <\/div>\n                            <div id=\"faq-1257\" x-data=\"{ open: false }\" class=\"py-spacing-10 border-b border-black\/10\">\n                    <button x-on:click=\"open = ! open\" x-bind:class=\"open ? 'faq-close text-brand-500' : 'faq-open'\" aria-label=\"Visa svar\" class=\"group w-full flex items-start justify-between gap-x-4 text-left has-medium-font-size\">\n                        <span class=\"self-center flex-1 xl:group-hover:text-brand-500\">Har ni n\u00e5gon restaurang?<\/span>\n                        <i x-bind:class=\"open ? 'icon-minus' : 'icon-plus'\" class=\"flex items-center justify-center size-10 min-w-10 bg-white rounded-full shadow-button text-[20px] text-neutral-600 focus:!shadow-button xl:hover:scale-110 transition-all duration-200\"><\/i>\n                    <\/button>\n                    <div x-cloak x-show=\"open\" class=\"mt-2\">\n                        <div class=\"py-3 md:py-4\">\n                            <p><span class=\"TextRun SCXW60693987 BCX0\" lang=\"SV-SE\" xml:lang=\"SV-SE\" data-contrast=\"auto\"><span class=\"NormalTextRun SCXW60693987 BCX0\">Vi samarbetar med H\u00f6rnans Belgobar som ligger i anslutning till hotellet. H\u00e4r serveras v\u00e4llagad mat samt ett brett utbud av belgisk \u00f6l.<\/span><\/span><span class=\"LineBreakBlob BlobObject DragDrop SCXW60693987 BCX0\"><span class=\"SCXW60693987 BCX0\">\u00a0<\/span><br class=\"SCXW60693987 BCX0\" \/><\/span><span class=\"TextRun SCXW60693987 BCX0\" lang=\"SV-SE\" xml:lang=\"SV-SE\" data-contrast=\"auto\"><span class=\"NormalTextRun SCXW60693987 BCX0\">Frukostbuff\u00e9n serveras ocks\u00e5 h\u00e4r.<\/span><\/span><\/p>\n                        <\/div>\n                    <\/div>\n                <\/div>\n                            <div id=\"faq-1258\" x-data=\"{ open: false }\" class=\"py-spacing-10 border-b border-black\/10\">\n                    <button x-on:click=\"open = ! open\" x-bind:class=\"open ? 'faq-close text-brand-500' : 'faq-open'\" aria-label=\"Visa svar\" class=\"group w-full flex items-start justify-between gap-x-4 text-left has-medium-font-size\">\n                        <span class=\"self-center flex-1 xl:group-hover:text-brand-500\">N\u00e4r serveras hotellfrukosten?<\/span>\n                        <i x-bind:class=\"open ? 'icon-minus' : 'icon-plus'\" class=\"flex items-center justify-center size-10 min-w-10 bg-white rounded-full shadow-button text-[20px] text-neutral-600 focus:!shadow-button xl:hover:scale-110 transition-all duration-200\"><\/i>\n                    <\/button>\n                    <div x-cloak x-show=\"open\" class=\"mt-2\">\n                        <div class=\"py-3 md:py-4\">\n                            <p><span class=\"TextRun SCXW139903384 BCX0\" lang=\"SV-SE\" xml:lang=\"SV-SE\" data-contrast=\"auto\"><span class=\"NormalTextRun SCXW139903384 BCX0\">Frukostbuff\u00e9n serveras:<\/span><\/span><span class=\"LineBreakBlob BlobObject DragDrop SCXW139903384 BCX0\"><span class=\"SCXW139903384 BCX0\">\u00a0<\/span><br class=\"SCXW139903384 BCX0\" \/><\/span><span class=\"TextRun SCXW139903384 BCX0\" lang=\"SV-SE\" xml:lang=\"SV-SE\" data-contrast=\"auto\"><span class=\"NormalTextRun SCXW139903384 BCX0\">M\u00e5ndag\u2013fredag kl. 07.00\u201310.00<\/span><\/span><span class=\"LineBreakBlob BlobObject DragDrop SCXW139903384 BCX0\"><span class=\"SCXW139903384 BCX0\">\u00a0<\/span><br class=\"SCXW139903384 BCX0\" \/><\/span><span class=\"TextRun SCXW139903384 BCX0\" lang=\"SV-SE\" xml:lang=\"SV-SE\" data-contrast=\"auto\"><span class=\"NormalTextRun SCXW139903384 BCX0\">L\u00f6rdag\u2013s\u00f6ndag kl. 07.30\u201310.30<\/span><\/span><span class=\"LineBreakBlob BlobObject DragDrop SCXW139903384 BCX0\"><span class=\"SCXW139903384 BCX0\"><\/p>\n<p><\/span><\/span><span class=\"TextRun SCXW139903384 BCX0\" lang=\"SV-SE\" xml:lang=\"SV-SE\" data-contrast=\"auto\"><span class=\"NormalTextRun SCXW139903384 BCX0\">\u00d6nskar du tidigare frukost hj\u00e4lper vi dig g\u00e4rna \u2013 kontakta receptionen i f\u00f6rv\u00e4g.<\/span><\/span><\/p>\n                        <\/div>\n                    <\/div>\n                <\/div>\n            \n            <\/div>\n    <script type=\"application\/ld+json\">\n        {\n    \"@context\": \"https:\/\/schema.org\",\n    \"@type\": \"FAQPage\",\n    \"mainEntity\": [\n        {\n            \"@type\": \"Question\",\n            \"name\": \"Har ni room service?\",\n            \"acceptedAnswer\": {\n                \"@type\": \"Answer\",\n                \"text\": \"Nej, vi erbjuder inte\u00a0room\u00a0service, men du \u00e4r varmt v\u00e4lkommen att best\u00e4lla mat fr\u00e5n restaurangen och ta med upp till ditt rum\"\n            }\n        },\n        {\n            \"@type\": \"Question\",\n            \"name\": \"Har ni n\u00e5gon restaurang?\",\n            \"acceptedAnswer\": {\n                \"@type\": \"Answer\",\n                \"text\": \"Vi samarbetar med H\u00f6rnans Belgobar som ligger i anslutning till hotellet. H\u00e4r serveras v\u00e4llagad mat samt ett brett utbud av belgisk \u00f6l.\u00a0Frukostbuff\u00e9n serveras ocks\u00e5 h\u00e4r.\"\n            }\n        },\n        {\n            \"@type\": \"Question\",\n            \"name\": \"N\u00e4r serveras hotellfrukosten?\",\n            \"acceptedAnswer\": {\n                \"@type\": \"Answer\",\n                \"text\": \"Frukostbuff\u00e9n serveras:\u00a0M\u00e5ndag\u2013fredag kl. 07.00\u201310.00\u00a0L\u00f6rdag\u2013s\u00f6ndag kl. 07.30\u201310.30\\n\u00d6nskar du tidigare frukost hj\u00e4lper vi dig g\u00e4rna \u2013 kontakta receptionen i f\u00f6rv\u00e4g.\"\n            }\n        }\n    ]\n}    <\/script>\n    <\/div><\/div>\n<\/div>\n<\/div>\n","protected":false},"excerpt":{"rendered":"<p>I direkt anslutning till Corner Hotel hittar du v\u00e5r restaurang i samarbete med H\u00f6rnans Belgobar \u2013 en levande m\u00f6tesplats f\u00f6r god mat, belgiska smaker och ett brett urval av \u00f6l. <\/p>\n","protected":false},"author":1,"featured_media":1583,"parent":0,"menu_order":40,"comment_status":"closed","ping_status":"closed","template":"","meta":{"_acf_changed":false,"footnotes":""},"page_category":[],"page_tag":[],"class_list":["post-315","page","type-page","status-publish","has-post-thumbnail","hentry"],"acf":[],"publishpress_future_action":{"enabled":false,"date":"2026-05-06 13:28:31","action":"change-status","newStatus":"draft","terms":[],"taxonomy":"page_category","extraData":[]},"publishpress_future_workflow_manual_trigger":{"enabledWorkflows":[]},"_links":{"self":[{"href":"https:\/\/www.freyshotels.com\/corner\/wp-json\/wp\/v2\/pages\/315","targetHints":{"allow":["GET"]}}],"collection":[{"href":"https:\/\/www.freyshotels.com\/corner\/wp-json\/wp\/v2\/pages"}],"about":[{"href":"https:\/\/www.freyshotels.com\/corner\/wp-json\/wp\/v2\/types\/page"}],"author":[{"embeddable":true,"href":"https:\/\/www.freyshotels.com\/corner\/wp-json\/wp\/v2\/users\/1"}],"replies":[{"embeddable":true,"href":"https:\/\/www.freyshotels.com\/corner\/wp-json\/wp\/v2\/comments?post=315"}],"version-history":[{"count":26,"href":"https:\/\/www.freyshotels.com\/corner\/wp-json\/wp\/v2\/pages\/315\/revisions"}],"predecessor-version":[{"id":1709,"href":"https:\/\/www.freyshotels.com\/corner\/wp-json\/wp\/v2\/pages\/315\/revisions\/1709"}],"wp:featuredmedia":[{"embeddable":true,"href":"https:\/\/www.freyshotels.com\/corner\/wp-json\/"}],"wp:attachment":[{"href":"https:\/\/www.freyshotels.com\/corner\/wp-json\/wp\/v2\/media?parent=315"}],"wp:term":[{"taxonomy":"page_category","embeddable":true,"href":"https:\/\/www.freyshotels.com\/corner\/wp-json\/wp\/v2\/page_category?post=315"},{"taxonomy":"page_tag","embeddable":true,"href":"https:\/\/www.freyshotels.com\/corner\/wp-json\/wp\/v2\/page_tag?post=315"}],"curies":[{"name":"wp","href":"https:\/\/api.w.org\/{rel}","templated":true}]}}