{"id":317,"date":"2026-03-17T08:27:07","date_gmt":"2026-03-17T08:27:07","guid":{"rendered":"https:\/\/www.freyshotels.com\/corner\/?page_id=317"},"modified":"2026-04-28T12:09:09","modified_gmt":"2026-04-28T12:09:09","slug":"erbjudanden","status":"publish","type":"page","link":"https:\/\/www.freyshotels.com\/corner\/erbjudanden\/","title":{"rendered":"Erbjudanden"},"content":{"rendered":"\n<div class=\"wp-block-columns has-2-columns alignfull noice curtain-bottom has-brand-200-background-color has-background\" style=\"column-gap: var(--wp--preset--spacing--60); row-gap: var(--wp--preset--spacing--20); margin-bottom:var(--wp--preset--spacing--60);padding-top:var(--wp--preset--spacing--80);padding-bottom:var(--wp--preset--spacing--60)\">\n<div class=\"wp-block-column\">\n<h1 class=\"wp-block-heading has-brand-500-color has-text-color has-link-color wp-elements-167deade12b769256f7ee1983a64a156\">hotellerbjudanden och konferenspaket<\/h1>\n<\/div>\n\n\n\n<div class=\"wp-block-column is-vertically-aligned-bottom\">\n<p class=\"has-medium-font-size\">H\u00e4r hittar du unika erbjudanden f\u00f6r s\u00e5v\u00e4l hotell\u00f6vernattning i Stockholm som f\u00f6r konferens. V\u00e5ra specialerbjudanden g\u00e5r endast att boka direkt med oss.<\/p>\n<\/div>\n<\/div>\n\n\n\n<h2 class=\"wp-block-heading has-text-align-center\">aktuella erbjudanden<\/h2>\n\n\n\n<p class=\"has-text-align-center\">H\u00e4r hittar du v\u00e5ra aktuella hotellerbjudanden, hotellpaket och weekendpaket i Stockholm, tillsammans med konferenspaket f\u00f6r m\u00f6ten och event. Oavsett om du planerar en vistelse eller ett m\u00f6te erbjuder vi f\u00f6rm\u00e5nliga alternativ som g\u00f6r det enkelt att boka.&nbsp;<br><br>P\u00e5 v\u00e5r sajt bokar du alltid hotellrum till b\u00e4sta pris, med tillg\u00e5ng till erbjudanden som endast finns direkt hos oss. Som g\u00e4st hos oss ing\u00e5r alltid frukost och&nbsp;wifi, och n\u00e4r du bokar direkt via v\u00e5r sajt f\u00e5r du dessutom extra f\u00f6rm\u00e5ner under din vistelse.&nbsp;<br><br>F\u00f6r konferens och m\u00f6ten skr\u00e4ddarsyr vi g\u00e4rna ett uppl\u00e4gg utifr\u00e5n dina \u00f6nskem\u00e5l \u2013 f\u00f6r att skapa en upplevelse som passar just er.<\/p>\n\n\n\n<div class=\"wp-block-group alignfull\" style=\"padding-top:var(--wp--preset--spacing--70);padding-bottom:var(--wp--preset--spacing--40)\">    <div\n                class=\"tabs text-center    \"\n        style=\"margin-bottom: var(--wp--preset--spacing--50);\"    >\n        <div class=\"tab-buttons inline-block relative mx-auto\">\n            <div class=\"bg-brand-200 rounded-full p-1.5 md:p-2\">\n                <div class=\"flex rounded-full md:justify-center sm:gap-x-1 overflow-x-auto hidden-scrollbar max-w-[calc(100vw_-_52px)]\">\n                                            <button\n                            id=\"konferens\"\n                            aria-label=\"Konferens\"\n                            data-id=\"1\"\n                            class=\"tab active whitespace-nowrap font-medium bg-transparent rounded-full opacity-60 flex gap-x-3 items-center px-6 py-3.5 md:px-8 md:py-4 text-[14px] md:text-[18px] md:leading-[24px]\"\n                        >\n                                                        Konferens                        <\/button>\n                                                <button\n                            id=\"hotell\"\n                            aria-label=\"Hotell\"\n                            data-id=\"2\"\n                            class=\"tab  whitespace-nowrap font-medium bg-transparent rounded-full opacity-60 flex gap-x-3 items-center px-6 py-3.5 md:px-8 md:py-4 text-[14px] md:text-[18px] md:leading-[24px]\"\n                        >\n                                                        Hotell                        <\/button>\n                                        <\/div>\n            <\/div>\n        <\/div>\n    <\/div>\n    \n\n\n<div class=\"wp-block-group tab-content\">    <div\n\t\t        class=\"weglot-translate has-normal-font-size    \"\n\t\t    >\n        <div x-data=\"loadMorePosts({\n        currentPost: '317',\n        postType: 'conference_offer',\n        initialCategories: '',\n        initialTags: '',\n        postsPerPage: -1,\n        })\"\n             class=\"mx-auto flex flex-col items-center bg-inherit\"\n        >\n\t\t\t\n            <div x-show=\"noResults\" class=\"text-gray-500\">\n\t\t\t\tInga poster hittades            <\/div>\n\n            <div x-show=\"loading\" class=\"loading w-full h-[100px] self-start\"><\/div>\n\n            <div class=\"w-full grid sm:grid-cols-2 lg:grid-cols-3 gap-5 md:gap-8 xxl:gap-10 img_text_card\">\n                <template x-for=\"post in posts\" :key=\"post.id\">\n\t\t\t\t\t<a\n    x-bind:href=\"post.url\"\n    x-bind:aria-label=\"post.title\"\n    x-bind:target=\"post.target\"\n    class=\"relative group overflow-hidden no-underline flex flex-col\"\n>\n    <div class=\"relative aspect-[8\/5] overflow-hidden rounded-xl\">\n        <div x-html=\"post.thumbnail\"><\/div>\n        <div class=\"absolute top-spacing-10 left-spacing-10 flex flex-wrap gap-2\">\n            <div class=\"chip bg-brand-100\" x-show=\"post.tag\" x-text=\"post.tag\"><\/div>\n        <\/div>\n    <\/div>\n    <div class=\"has-small-font-size flex-1 pt-spacing-10\" >\n                    <div class=\"mb-0.5\" x-text=\"post.post_type\"><\/div>\n                <h3 class=\"has-medium-font-size font-medium xl:group-hover:underlined\" x-text=\"post.title\"><\/h3>\n                            <div class=\"mt-spacing-10\" x-text=\"post.price\"><\/div>\n            <\/div>\n<\/a>                <\/template>\n            <\/div>\n\n\t\t\t\n        <\/div>\n    <\/div>\n\t<\/div>\n\n\n\n<div class=\"wp-block-group tab-content\">    <div\n\t\t        class=\"weglot-translate has-normal-font-size    \"\n\t\t    >\n        <div x-data=\"loadMorePosts({\n        currentPost: '317',\n        postType: 'offer',\n        initialCategories: '',\n        initialTags: '',\n        postsPerPage: -1,\n        })\"\n             class=\"mx-auto flex flex-col items-center bg-inherit\"\n        >\n\t\t\t\n            <div x-show=\"noResults\" class=\"text-gray-500\">\n\t\t\t\tInga poster hittades            <\/div>\n\n            <div x-show=\"loading\" class=\"loading w-full h-[100px] self-start\"><\/div>\n\n            <div class=\"w-full grid sm:grid-cols-2 lg:grid-cols-3 gap-5 md:gap-8 xxl:gap-10 img_text_card\">\n                <template x-for=\"post in posts\" :key=\"post.id\">\n\t\t\t\t\t<a\n    x-bind:href=\"post.url\"\n    x-bind:aria-label=\"post.title\"\n    x-bind:target=\"post.target\"\n    class=\"relative group overflow-hidden no-underline flex flex-col\"\n>\n    <div class=\"relative aspect-[8\/5] overflow-hidden rounded-xl\">\n        <div x-html=\"post.thumbnail\"><\/div>\n        <div class=\"absolute top-spacing-10 left-spacing-10 flex flex-wrap gap-2\">\n            <div class=\"chip bg-brand-100\" x-show=\"post.tag\" x-text=\"post.tag\"><\/div>\n        <\/div>\n    <\/div>\n    <div class=\"has-small-font-size flex-1 pt-spacing-10\" >\n                    <div class=\"mb-0.5\" x-text=\"post.post_type\"><\/div>\n                <h3 class=\"has-medium-font-size font-medium xl:group-hover:underlined\" x-text=\"post.title\"><\/h3>\n                            <div class=\"mt-spacing-10\" x-text=\"post.price\"><\/div>\n            <\/div>\n<\/a>                <\/template>\n            <\/div>\n\n\t\t\t\n        <\/div>\n    <\/div>\n\t<\/div>\n\n\n\n<div style=\"aspect-ratio:auto; justify-content:center; border-top-left-radius:16px;border-top-right-radius:16px; padding-top:var(--wp--preset--spacing--80);padding-bottom:var(--wp--preset--spacing--80);margin-top:var(--wp--preset--spacing--50);background-image:url(&apos;https:\/\/www.freyshotels.com\/corner\/wp-content\/uploads\/2026\/03\/bg-black.svg&apos;);background-position:50% 50%;background-size:1000px;\" class=\"alignfull sm-center wp-elements-249bf2eeafcd284fd380308aab835a4c wp-block-create-block-tankbar-multiblock has-text-color has-white-color has-background has-brand-500-background-color\">\n\n\t<div class=\"multiblock-bg\">\n\n\t\n\t\n\t\n\t\t\t<div class=\"multiblock-overlay overlay absolute inset-0 has-brand-500-background-color\" style=\"opacity:0.75;\"><\/div>\n\t\n\t\n\t<\/div><!-- .multiblock-bg -->\n\n\t<div class=\"multiblock-inner\">\n\t\t\n\n<div class=\"wp-block-columns has-2-columns\" style=\"column-gap: var(--wp--preset--spacing--60); row-gap: var(--wp--preset--spacing--40);\">\n<div class=\"wp-block-column\">\n<p class=\"has-gold-500-color has-text-color has-link-color has-script-medium-font-size wp-elements-b56bbe590d68f4e7e0eecff6aacd5bc7\">Corner Hotel<\/p>\n<\/div>\n\n\n\n<div class=\"wp-block-column\">\n<h1 class=\"wp-block-heading has-h-4-font-size\">Ett personligt hotell i Vasastan d\u00e4r hemtrevlig atmosf\u00e4r, omtanke och h\u00e5llbarhet st\u00e5r i fokus. H\u00e4r bor du bekv\u00e4mt i en lugn milj\u00f6 med n\u00e4rhet till stadens puls.<\/h1>\n<\/div>\n<\/div>\n\n\t<\/div>\n\n\t<\/div>\n\n\n\n<div class=\"wp-block-columns has-2-columns alignfull are-vertically-aligned-center noice\" style=\"column-gap: var(--wp--preset--spacing--80); row-gap: var(--wp--preset--spacing--30); padding-top:var(--wp--preset--spacing--60);padding-bottom:var(--wp--preset--spacing--80)\">\n<div class=\"wp-block-column is-vertically-aligned-center stick\">\t<div \t\tclass=\"media-container aspect-square    \"\n\t\t\t>\n\t\t<img loading=\"lazy\" decoding=\"async\" width=\"1024\" height=\"683\" src=\"https:\/\/www.freyshotels.com\/corner\/wp-content\/uploads\/2026\/04\/corner_hotel_freys_entre_sommar-1024x683.jpg\" class=\"absolute h-full w-full object-cover rounded-2xl image-center-center\" alt=\"\" sizes=\"auto, (min-width: 1024px) 1600px, 1024px\" data-sizes=\"auto\" srcset=\"https:\/\/www.freyshotels.com\/corner\/wp-content\/uploads\/2026\/04\/corner_hotel_freys_entre_sommar-1024x683.jpg 1024w, https:\/\/www.freyshotels.com\/corner\/wp-content\/uploads\/2026\/04\/corner_hotel_freys_entre_sommar-300x200.jpg 300w, https:\/\/www.freyshotels.com\/corner\/wp-content\/uploads\/2026\/04\/corner_hotel_freys_entre_sommar-768x512.jpg 768w, https:\/\/www.freyshotels.com\/corner\/wp-content\/uploads\/2026\/04\/corner_hotel_freys_entre_sommar-1536x1025.jpg 1536w, https:\/\/www.freyshotels.com\/corner\/wp-content\/uploads\/2026\/04\/corner_hotel_freys_entre_sommar.jpg 1920w\" \/>\t<\/div>\n\t<\/div>\n\n\n\n<div class=\"wp-block-column is-vertically-aligned-center\">\n<p class=\"has-brand-400-color has-text-color has-link-color has-script-medium-font-size wp-elements-0ea35624b9a5f717ed8a07e5c3c167e3\">En plats att l\u00e4ngta till<\/p>\n\n\n\n<h2 class=\"wp-block-heading has-brand-600-color has-text-color has-link-color has-h-3-font-size wp-elements-bbf0af19e066938ff74082261c28d20f\">mitt i stockholm city<\/h2>\n\n\n\n<p class=\"has-brand-600-color has-text-color has-link-color wp-elements-5f3d5e550116f8eac236b2d2bdc52856\">Corner&nbsp;Hotel&nbsp;\u00e4r ett mysigt och personligt hotell mitt i stadens hj\u00e4rta. H\u00e4r m\u00f6ts ombonad atmosf\u00e4r med v\u00e4rme och omtanke, och varje rum \u00e4r utformat f\u00f6r att du ska k\u00e4nna dig bekv\u00e4m och v\u00e4lkommen.&nbsp;<\/p>\n\n\n\n<p>B\u00f6rja dagen i mjuka lakan, ge dig ut i Stockholms puls och kom sedan tillbaka till en plats d\u00e4r du kan k\u00e4nna dig som hemma. Oavsett om du reser f\u00f6r jobb, romantik, familj eller med hunden \u2013 Corner&nbsp;Hotel&nbsp;\u00e4r din trygga och personliga bas.&nbsp;<\/p>\n\n\n\n<p class=\"has-brand-600-color has-text-color has-link-color wp-elements-f7e5620352b84f68fa9b5f74058b879c\">Ett hotell f\u00f6r dig som vill bo centralt, bekv\u00e4mt och hemtrevligt, med fokus p\u00e5 trivsel och omtanke.&nbsp;<\/p>\n\n\n\n<div class=\"wp-block-buttons\">\n<div class=\"wp-block-button is-style-fill\"><a class=\"wp-block-button__link has-brand-500-background-color has-background wp-element-button\" href=\"https:\/\/www.freyshotels.com\/corner\/hotell-stockholm\/\">l\u00e4s mer om hotellet<\/a><\/div>\n<\/div>\n<\/div>\n<\/div>\n\n\n\n<div class=\"wp-block-columns has-2-columns are-vertically-aligned-center reverse\" style=\"column-gap: var(--wp--preset--spacing--80); row-gap: var(--wp--preset--spacing--30); margin-top:0;margin-bottom:var(--wp--preset--spacing--70)\">\n<div class=\"wp-block-column is-vertically-aligned-center\">\t<div \t\tclass=\"media-container aspect-square    \"\n\t\t\t>\n\t\t<img loading=\"lazy\" decoding=\"async\" width=\"1024\" height=\"683\" src=\"https:\/\/www.freyshotels.com\/corner\/wp-content\/uploads\/2026\/04\/konferensteam_freys-hotels_-1024x683.jpg\" class=\"absolute h-full w-full object-cover rounded-2xl image-center-center\" alt=\"\" sizes=\"auto, (min-width: 1024px) 1600px, 1024px\" data-sizes=\"auto\" srcset=\"https:\/\/www.freyshotels.com\/corner\/wp-content\/uploads\/2026\/04\/konferensteam_freys-hotels_-1024x683.jpg 1024w, https:\/\/www.freyshotels.com\/corner\/wp-content\/uploads\/2026\/04\/konferensteam_freys-hotels_-300x200.jpg 300w, https:\/\/www.freyshotels.com\/corner\/wp-content\/uploads\/2026\/04\/konferensteam_freys-hotels_-768x512.jpg 768w, https:\/\/www.freyshotels.com\/corner\/wp-content\/uploads\/2026\/04\/konferensteam_freys-hotels_-1536x1024.jpg 1536w, https:\/\/www.freyshotels.com\/corner\/wp-content\/uploads\/2026\/04\/konferensteam_freys-hotels_.jpg 1920w\" \/>\t<\/div>\n\t<\/div>\n\n\n\n<div class=\"wp-block-column is-vertically-aligned-center\">\n<p class=\"has-brand-400-color has-text-color has-link-color has-script-medium-font-size wp-elements-10095981efd2f9305669fde420f57e02\">Stockholm Vasastan<\/p>\n\n\n\n<h2 class=\"wp-block-heading has-brand-600-color has-text-color has-link-color wp-elements-593d71566978277dcd4c567e29ccc04f\">konferens p\u00e5 corner<\/h2>\n\n\n\n<p class=\"has-brand-600-color has-text-color has-link-color has-small-font-size wp-elements-6a347d2e689a49f23cb9f519f8b2bd4b\">Corner&nbsp;Hotel&nbsp;erbjuder flexibla konferenslokaler i olika storlekar \u2013 perfekt f\u00f6r allt fr\u00e5n mindre m\u00f6ten till st\u00f6rre konferenser och event. Med v\u00e5rt l\u00e4ge i Vasastan, n\u00e4ra b\u00e5de Odenplan och goda kommunikationer, \u00e4r det enkelt att samla teamet oavsett var deltagarna kommer ifr\u00e5n.&nbsp;<\/p>\n\n\n\n<p class=\"has-brand-600-color has-text-color has-link-color has-small-font-size wp-elements-f87d1cea49441a9fa262487c165d3001\">H\u00e4r m\u00f6ts personlig service, inspirerande m\u00f6tesrum och en lugn men central milj\u00f6 \u2013 en kombination som skapar effektiva och trivsamma m\u00f6ten.&nbsp;<\/p>\n\n\n\n<div class=\"wp-block-buttons\">\n<div class=\"wp-block-button\"><a class=\"wp-block-button__link has-brand-500-background-color has-background wp-element-button\" href=\"https:\/\/www.freyshotels.com\/corner\/konferens-stockholm\/\">l\u00e4s mer om konferens<\/a><\/div>\n<\/div>\n<\/div>\n<\/div>\n<\/div>\n","protected":false},"excerpt":{"rendered":"<p>hotellerbjudanden och konferenspaket H\u00e4r hittar du unika erbjudanden f\u00f6r s\u00e5v\u00e4l hotell\u00f6vernattning i Stockholm som f\u00f6r konferens. V\u00e5ra specialerbjudanden g\u00e5r endast att boka direkt med oss. aktuella erbjudanden H\u00e4r hittar du v\u00e5ra aktuella hotellerbjudanden, hotellpaket och weekendpaket i Stockholm, tillsammans med konferenspaket f\u00f6r m\u00f6ten och event. Oavsett om du planerar en vistelse eller ett m\u00f6te erbjuder [&hellip;]<\/p>\n","protected":false},"author":1,"featured_media":1366,"parent":0,"menu_order":45,"comment_status":"closed","ping_status":"closed","template":"","meta":{"_acf_changed":false,"footnotes":""},"page_category":[],"page_tag":[],"class_list":["post-317","page","type-page","status-publish","has-post-thumbnail","hentry"],"acf":[],"publishpress_future_action":{"enabled":false,"date":"2026-05-06 13:34:52","action":"change-status","newStatus":"draft","terms":[],"taxonomy":"page_category","extraData":[]},"publishpress_future_workflow_manual_trigger":{"enabledWorkflows":[]},"_links":{"self":[{"href":"https:\/\/www.freyshotels.com\/corner\/wp-json\/wp\/v2\/pages\/317","targetHints":{"allow":["GET"]}}],"collection":[{"href":"https:\/\/www.freyshotels.com\/corner\/wp-json\/wp\/v2\/pages"}],"about":[{"href":"https:\/\/www.freyshotels.com\/corner\/wp-json\/wp\/v2\/types\/page"}],"author":[{"embeddable":true,"href":"https:\/\/www.freyshotels.com\/corner\/wp-json\/wp\/v2\/users\/1"}],"replies":[{"embeddable":true,"href":"https:\/\/www.freyshotels.com\/corner\/wp-json\/wp\/v2\/comments?post=317"}],"version-history":[{"count":14,"href":"https:\/\/www.freyshotels.com\/corner\/wp-json\/wp\/v2\/pages\/317\/revisions"}],"predecessor-version":[{"id":1669,"href":"https:\/\/www.freyshotels.com\/corner\/wp-json\/wp\/v2\/pages\/317\/revisions\/1669"}],"wp:featuredmedia":[{"embeddable":true,"href":"https:\/\/www.freyshotels.com\/corner\/wp-json\/"}],"wp:attachment":[{"href":"https:\/\/www.freyshotels.com\/corner\/wp-json\/wp\/v2\/media?parent=317"}],"wp:term":[{"taxonomy":"page_category","embeddable":true,"href":"https:\/\/www.freyshotels.com\/corner\/wp-json\/wp\/v2\/page_category?post=317"},{"taxonomy":"page_tag","embeddable":true,"href":"https:\/\/www.freyshotels.com\/corner\/wp-json\/wp\/v2\/page_tag?post=317"}],"curies":[{"name":"wp","href":"https:\/\/api.w.org\/{rel}","templated":true}]}}