{"id":321,"date":"2026-03-17T08:28:21","date_gmt":"2026-03-17T08:28:21","guid":{"rendered":"https:\/\/www.freyshotels.com\/corner\/?page_id=321"},"modified":"2026-04-28T12:12:46","modified_gmt":"2026-04-28T12:12:46","slug":"konferenspaket","status":"publish","type":"page","link":"https:\/\/www.freyshotels.com\/corner\/konferens-stockholm\/konferenspaket\/","title":{"rendered":"Konferenspaket"},"content":{"rendered":"\n<div class=\"wp-block-columns has-2-columns alignfull paralax reverse wrap-lg min-h-screen\" style=\" padding-top:0;padding-right:0;padding-bottom:0;padding-left:0\">\n<div class=\"wp-block-column\" style=\"flex-basis:50%\">\n<div style=\"aspect-ratio:auto; justify-content:flex-end; padding-top:var(--wp--preset--spacing--40);padding-bottom:var(--wp--preset--spacing--40);padding-left:var(--wp--preset--spacing--40);padding-right:var(--wp--preset--spacing--40); min-height:100%;\" class=\"align wp-block-create-block-tankbar-multiblock has-text-color has-background\">\n\n\t<div class=\"multiblock-bg\">\n\n\t\t\t\t<div class=\"absolute inset-0 image-center-center\">\n\t\t\t\t<img decoding=\"async\" class=\"h-full w-full object-cover\" src=\"https:\/\/www.freyshotels.com\/corner\/wp-content\/uploads\/2026\/04\/corner_hotel_konferensrumflexibilitet_biosittning.jpg\" alt=\"Konferenspaket\" \/>\n\t\t\t<\/div>\n\t\t\t\n\t\n\t\n\t\n\t\n\t<\/div><!-- .multiblock-bg -->\n\n\t<div class=\"multiblock-inner\">\n\t\t\n\n<div class=\"wp-block-group\" style=\"min-height:30vh\"><\/div>\n\n\t<\/div>\n\n\t<\/div>\n<\/div>\n\n\n\n<div class=\"wp-block-column split noice has-brand-200-background-color has-background\" style=\"padding-top:var(--wp--preset--spacing--60);padding-right:var(--wp--preset--spacing--60);padding-bottom:var(--wp--preset--spacing--60);padding-left:var(--wp--preset--spacing--60)\">\n<h1 class=\"wp-block-heading has-brand-500-color has-text-color has-link-color wp-elements-6b49c55d37f259696d9642c432bfa64f\">Konferens\u00adpaket Stockholm<\/h1>\n\n\n\n<p class=\"has-medium-font-size\" style=\"margin-bottom:var(--wp--preset--spacing--50)\"><strong>Uppt\u00e4ck v\u00e5ra konferenspaket i Vasastan<\/strong> \u2013 ett perfekt val f\u00f6r dig som planerar m\u00f6te, konferens eller kick-off i Stockholm. P\u00e5 Corner\u00a0Hotel\u00a0m\u00f6ts ni av en inspirerande milj\u00f6 d\u00e4r personligt engagemang och flexibla l\u00f6sningar st\u00e5r i fokus. <br><br>V\u00e5rt team s\u00e4kerst\u00e4ller att helheten fungerar smidigt, fr\u00e5n teknik och lokaler till de detaljer som bidrar till en v\u00e4lfungerande och trivsam upplevelse.\u00a0\u00a0<br><br>Kontakta oss g\u00e4rna f\u00f6r offert eller vidare dialog kring era behov och \u00f6nskem\u00e5l. Vi hj\u00e4lper er att skapa en konferens som \u00e4r b\u00e5de effektiv och\u00a0v\u00e4lplanerad.<br><br>Vi\u00a0skr\u00e4ddarsyr g\u00e4rna ett uppl\u00e4gg utifr\u00e5n era behov och syfte med m\u00f6tet, f\u00f6r att ni ska f\u00e5 den b\u00e4sta upplevelsen hos oss. P\u00e5 m\u00e5ndagar, fredagar och under helger erbjuder vi s\u00e4rskilt f\u00f6rm\u00e5nliga priser p\u00e5 v\u00e5ra konferensrum.<\/p>\n\n\n\n<div class=\"wp-block-buttons mt-auto\">\n<div class=\"wp-block-button\"><a class=\"wp-block-button__link has-brand-500-background-color has-background wp-element-button\" href=\"#konferenspaket\">Konferenspaket<\/a><\/div>\n<\/div>\n<\/div>\n<\/div>\n\n\n\n<div style=\"aspect-ratio:auto; justify-content:center; border-top-left-radius:16px;border-top-right-radius:16px; padding-top:var(--wp--preset--spacing--80);padding-bottom:var(--wp--preset--spacing--80);background-image:url(&apos;https:\/\/www.freyshotels.com\/corner\/wp-content\/uploads\/2026\/03\/bg-black.svg&apos;);background-position:50% 50%;background-size:1000px;\" class=\"alignfull sm-center wp-elements-8e36ea8836161dc4aded0197d8d25323 wp-block-create-block-tankbar-multiblock has-text-color has-white-color has-background has-brand-500-background-color\">\n\n\t<div class=\"multiblock-bg\">\n\n\t\n\t\n\t\n\t\t\t<div class=\"multiblock-overlay overlay absolute inset-0 has-brand-500-background-color\" style=\"opacity:0.75;\"><\/div>\n\t\n\t\n\t<\/div><!-- .multiblock-bg -->\n\n\t<div class=\"multiblock-inner\">\n\t\t\n\n<div class=\"wp-block-columns has-2-columns\" style=\"column-gap: var(--wp--preset--spacing--60); row-gap: var(--wp--preset--spacing--40);\">\n<div class=\"wp-block-column\">\n<p class=\"has-gold-500-color has-text-color has-link-color has-script-medium-font-size wp-elements-ceb7e006fc5358414e9a92ebc5c715c3\">Konferens Stockholm<\/p>\n<\/div>\n\n\n\n<div class=\"wp-block-column\">\n<h2 class=\"wp-block-heading has-h-5-font-size\">Vi har l\u00e5ng erfarenhet av att arrangera m\u00f6ten och konferenser, b\u00e5de fysiska och digitala. Med fokus p\u00e5 funktion, kvalitet och personligt engagemang skapar vi goda f\u00f6ruts\u00e4ttningar f\u00f6r ett lyckat m\u00f6te<\/h2>\n<\/div>\n<\/div>\n\n\t<\/div>\n\n\t<\/div>\n\n\n\n<div class=\"wp-block-group alignfull noice\" id=\"konferenspaket\" style=\"padding-top:var(--wp--preset--spacing--60);padding-bottom:var(--wp--preset--spacing--60)\">\n<p class=\"has-text-align-center has-brand-400-color has-text-color has-link-color has-script-medium-font-size wp-elements-5fb5d1de42a485b7a6a625311f0c8125\">Utforska<\/p>\n\n\n\n<h2 class=\"wp-block-heading has-text-align-center has-brand-600-color has-text-color has-link-color has-h-1-font-size wp-elements-ce1f02b556222588eca1cc759746c729\">V\u00e5ra konferens\u00adpaket<\/h2>\n\n\n\n<div class=\"wp-block-group narrower text-center\" style=\"margin-top:var(--wp--preset--spacing--20)\">\n<p class=\"has-text-align-center\">Vi erbjuder flera olika konferenspaket \u2013 fr\u00e5n frukostm\u00f6te och dagkonferens till konferenser med \u00f6vernattning eller helpension. Du kan \u00e4ven boka Office by the&nbsp;hour, ett flexibelt klippkort f\u00f6r konferensrum och kontor per timme. Sj\u00e4lvklart finns f\u00f6rstklassig teknik f\u00f6r digitala m\u00f6ten och events.&nbsp;<\/p>\n<\/div>\n\n\n    <div\n\t\t        class=\"weglot-translate has-normal-font-size    \"\n\t\tstyle=\"margin-top: var(--wp--preset--spacing--60); margin-bottom: var(--wp--preset--spacing--50);\"    >\n        <div x-data=\"loadMorePosts({\n        currentPost: '321',\n        postType: 'conference_offer',\n        initialCategories: '',\n        initialTags: '',\n        postsPerPage: -1,\n        })\"\n             class=\"mx-auto flex flex-col items-center bg-inherit\"\n        >\n\t\t\t\n            <div x-show=\"noResults\" class=\"text-gray-500\">\n\t\t\t\tInga poster hittades            <\/div>\n\n            <div x-show=\"loading\" class=\"loading w-full h-[100px] self-start\"><\/div>\n\n            <div class=\"w-full grid sm:grid-cols-2 lg:grid-cols-3 gap-5 md:gap-8 xxl:gap-10 img_text_card\">\n                <template x-for=\"post in posts\" :key=\"post.id\">\n\t\t\t\t\t<a\n    x-bind:href=\"post.url\"\n    x-bind:aria-label=\"post.title\"\n    x-bind:target=\"post.target\"\n    class=\"relative group overflow-hidden no-underline flex flex-col\"\n>\n    <div class=\"relative aspect-[8\/5] overflow-hidden rounded-xl\">\n        <div x-html=\"post.thumbnail\"><\/div>\n        <div class=\"absolute top-spacing-10 left-spacing-10 flex flex-wrap gap-2\">\n            <div class=\"chip bg-brand-100\" x-show=\"post.tag\" x-text=\"post.tag\"><\/div>\n        <\/div>\n    <\/div>\n    <div class=\"has-small-font-size flex-1 pt-spacing-10\" >\n                <h3 class=\"has-medium-font-size font-medium xl:group-hover:underlined\" x-text=\"post.title\"><\/h3>\n                    <div class=\"mt-0.5\" x-text=\"post.excerpt\"><\/div>\n                    <\/div>\n<\/a>                <\/template>\n            <\/div>\n\n\t\t\t                <button x-show=\"hasMore\" :class=\"{ 'loading': loading }\" x-on:click=\"loadMore()\" :disabled=\"loading\" aria-label=\"Visa fler\" class=\"mt-spacing-40 wp-block-button__link is-style-outline has-background has-black-background-color\" style=\"display:none;\">\n\t\t\t\t\tVisa fler                <\/button>\n\t\t\t\t\n        <\/div>\n    <\/div>\n\t\n\n\n<div style=\"aspect-ratio:auto; justify-content:center; border-top-left-radius:8px;border-top-right-radius:8px;border-bottom-left-radius:8px;border-bottom-right-radius:8px; padding-top:var(--wp--preset--spacing--40);padding-bottom:var(--wp--preset--spacing--40);padding-left:var(--wp--preset--spacing--40);padding-right:var(--wp--preset--spacing--40);margin-bottom:0;background-image:url(&apos;https:\/\/www.freyshotels.com\/corner\/wp-content\/uploads\/2026\/03\/bg-black.svg&apos;);background-position:50% 50%;background-size:650px;background-attachment:scroll;\" class=\"align booking-banner wp-block-create-block-tankbar-multiblock has-text-color has-background has-brand-500-background-color\">\n\n\t<div class=\"multiblock-bg\">\n\n\t\n\t\n\t\n\t\t\t<div class=\"multiblock-overlay overlay absolute inset-0 has-brand-500-background-color\" style=\"opacity:0.75;\"><\/div>\n\t\n\t\n\t<\/div><!-- .multiblock-bg -->\n\n\t<div class=\"multiblock-inner\">\n\t\t\n\n<div class=\"wp-block-columns has-2-columns is-not-stacked-on-mobile booking-banner\" style=\"column-gap: var(--wp--preset--spacing--20);\">\n<div class=\"wp-block-column is-vertically-aligned-top overflow-hidden has-border-color has-brand-400-border-color\" style=\"border-width:2px;border-top-left-radius:50px;border-top-right-radius:50px;border-bottom-left-radius:50px;border-bottom-right-radius:50px;flex-basis:100px\">\n<figure class=\"wp-block-image size-thumbnail\"><img decoding=\"async\" src=\"https:\/\/www.freyshotels.com\/corner\/wp-content\/uploads\/2026\/04\/konferensteam_freys_hotels-150x150.jpg\" alt=\"\" class=\"wp-image-1714\"\/><\/figure>\n<\/div>\n\n\n\n<div class=\"wp-block-column is-vertically-aligned-center\">\n<div class=\"wp-block-columns has-2-columns has-2-columns are-vertically-aligned-center\" style=\"row-gap: var(--wp--preset--spacing--30);\">\n<div class=\"wp-block-column is-vertically-aligned-center\">\n<h2 class=\"wp-block-heading has-h-3-font-size\">Beh\u00f6ver du hj\u00e4lp med din bokning?<\/h2>\n\n\n\n<p style=\"margin-top:8px\">V\u00e4lkommen att kontakta oss vid fr\u00e5gor.<\/p>\n<\/div>\n\n\n\n<div class=\"wp-block-column is-vertically-aligned-center booking-button-col\">\n<div class=\"wp-block-columns has-2-columns has-2-columns has-2-columns is-not-stacked-on-mobile\" style=\"column-gap: var(--wp--preset--spacing--20);\">\n<div class=\"wp-block-column\">    <div\n                class=\"flex gap-spacing-10 flex-wrap    \"\n            >\n                                    <button\n                data-flyout-toggle=\"booking-conference\"\n                aria-label=\"Konferensf\u00f6rfr\u00e5gan\"\n                class=\"wp-block-button__link has-background has-gold-500-background-color\"\n            >\n                Konferensf\u00f6rfr\u00e5gan\n            <\/button>\n                    <\/div>\n<\/div>\n\n\n\n<div class=\"wp-block-column\"><div\n\t\tclass=\"   \"\n\t>\n\t<button\n\t\tdata-flyout-toggle=\"contact\"\n\t\taria-label=\"Kontakta oss\"\n\t\tclass=\"wp-block-button__link has-background has-gold-500-background-color\"\n\t>\n\t\tKontakta oss\n\t<\/button>\n<\/div><\/div>\n<\/div>\n<\/div>\n<\/div>\n<\/div>\n<\/div>\n\n\t<\/div>\n\n\t<\/div>\n\n\n\n<h3 class=\"wp-block-heading has-text-align-left\" style=\"margin-top:var(--wp--preset--spacing--60)\">Mer inf\u00f6r konferensen<\/h3>\n\n\n    <div\n                class=\"   \"\n        style=\"margin-top: var(--wp--preset--spacing--30);\"    >\n        <div class=\"grid-swiper relative -mx-4 md:mx-0 \" data-slides-per-view=\"3\" data-image-nav><div class=\"swiper\"><div class=\"w-full swiper-wrapper\">    <a href=\"https:\/\/www.freyshotels.com\/corner\/konferens-stockholm\/konferenslokaler\/\"\n       aria-label=\"Konferenslokaler\"\n       class=\"relative group overflow-hidden no-underline !flex flex-col swiper-slide !h-auto \"\n    >\n        <div class=\"relative aspect-[8\/5] overflow-hidden rounded-xl\">\n            <img loading=\"lazy\" decoding=\"async\" width=\"768\" height=\"512\" src=\"https:\/\/www.freyshotels.com\/corner\/wp-content\/uploads\/2026\/03\/konferenslokal_framgang_hotel_lilla_radmannen_-768x512.jpg\" class=\"absolute w-full h-full object-cover object-center\" alt=\"\" srcset=\"https:\/\/www.freyshotels.com\/corner\/wp-content\/uploads\/2026\/03\/konferenslokal_framgang_hotel_lilla_radmannen_-768x512.jpg 768w, https:\/\/www.freyshotels.com\/corner\/wp-content\/uploads\/2026\/03\/konferenslokal_framgang_hotel_lilla_radmannen_-300x200.jpg 300w, https:\/\/www.freyshotels.com\/corner\/wp-content\/uploads\/2026\/03\/konferenslokal_framgang_hotel_lilla_radmannen_-1024x683.jpg 1024w, https:\/\/www.freyshotels.com\/corner\/wp-content\/uploads\/2026\/03\/konferenslokal_framgang_hotel_lilla_radmannen_-1536x1024.jpg 1536w, https:\/\/www.freyshotels.com\/corner\/wp-content\/uploads\/2026\/03\/konferenslokal_framgang_hotel_lilla_radmannen_.jpg 1920w\" sizes=\"auto, (max-width: 768px) 100vw, 768px\" \/>            <div class=\"absolute top-spacing-10 left-spacing-10 flex flex-wrap gap-2\">\n                            <\/div>\n        <\/div>\n        <div class=\"has-small-font-size flex-1 pt-spacing-10\" >\n                        <h3 class=\"has-medium-font-size font-medium xl:group-hover:underlined\">Konferenslokaler<\/h3>\n                            <div class=\"mt-0.5\">V\u00e5ra konferensrum p\u00e5 Corner\u00a0Hotel\u00a0\u00e4r utformade f\u00f6r att skapa r\u00e4tt f\u00f6ruts\u00e4ttningar f\u00f6r allt fr\u00e5n mindre m\u00f6ten till st\u00f6rre konferenser och workshops. Varje rum har sin egen karakt\u00e4r, med en personlig inredning som bidrar till en inspirerande och trivsam m\u00f6tesmilj\u00f6.<\/div>\n                                <\/div>\n    <\/a>\n        <a href=\"https:\/\/www.freyshotels.com\/corner\/konferens-stockholm\/konferensaktiviteter\/\"\n       aria-label=\"Konferensaktiviteter\"\n       class=\"relative group overflow-hidden no-underline !flex flex-col swiper-slide !h-auto \"\n    >\n        <div class=\"relative aspect-[8\/5] overflow-hidden rounded-xl\">\n            <img loading=\"lazy\" decoding=\"async\" width=\"768\" height=\"512\" src=\"https:\/\/www.freyshotels.com\/corner\/wp-content\/uploads\/2026\/04\/freys_hotel_freys_chokladfabriken_personal5-768x512.jpg\" class=\"absolute w-full h-full object-cover object-center\" alt=\"\" srcset=\"https:\/\/www.freyshotels.com\/corner\/wp-content\/uploads\/2026\/04\/freys_hotel_freys_chokladfabriken_personal5-768x512.jpg 768w, https:\/\/www.freyshotels.com\/corner\/wp-content\/uploads\/2026\/04\/freys_hotel_freys_chokladfabriken_personal5-300x200.jpg 300w, https:\/\/www.freyshotels.com\/corner\/wp-content\/uploads\/2026\/04\/freys_hotel_freys_chokladfabriken_personal5-1024x683.jpg 1024w, https:\/\/www.freyshotels.com\/corner\/wp-content\/uploads\/2026\/04\/freys_hotel_freys_chokladfabriken_personal5-1536x1025.jpg 1536w, https:\/\/www.freyshotels.com\/corner\/wp-content\/uploads\/2026\/04\/freys_hotel_freys_chokladfabriken_personal5.jpg 1920w\" sizes=\"auto, (max-width: 768px) 100vw, 768px\" \/>            <div class=\"absolute top-spacing-10 left-spacing-10 flex flex-wrap gap-2\">\n                            <\/div>\n        <\/div>\n        <div class=\"has-small-font-size flex-1 pt-spacing-10\" >\n                        <h3 class=\"has-medium-font-size font-medium xl:group-hover:underlined\">Konferensaktiviteter<\/h3>\n                            <div class=\"mt-0.5\">Beh\u00f6ver ni en v\u00e4lbeh\u00f6vlig paus under m\u00f6tet? En gemensam aktivitet st\u00e4rker teamets sammanh\u00e5llning, skapar goda relationer och ger \u00e4nnu b\u00e4ttre f\u00f6ruts\u00e4ttningar f\u00f6r ett lyckat m\u00f6te.<\/div>\n                                <\/div>\n    <\/a>\n        <a href=\"https:\/\/www.freyshotels.com\/corner\/konferens-stockholm\/konferensmaltider\/\"\n       aria-label=\"Konferensm\u00e5ltider\"\n       class=\"relative group overflow-hidden no-underline !flex flex-col swiper-slide !h-auto \"\n    >\n        <div class=\"relative aspect-[8\/5] overflow-hidden rounded-xl\">\n            <img loading=\"lazy\" decoding=\"async\" width=\"768\" height=\"512\" src=\"https:\/\/www.freyshotels.com\/corner\/wp-content\/uploads\/2026\/04\/corner_hotel_konferensfika-1-768x512.jpg\" class=\"absolute w-full h-full object-cover object-center\" alt=\"\" srcset=\"https:\/\/www.freyshotels.com\/corner\/wp-content\/uploads\/2026\/04\/corner_hotel_konferensfika-1-768x512.jpg 768w, https:\/\/www.freyshotels.com\/corner\/wp-content\/uploads\/2026\/04\/corner_hotel_konferensfika-1-300x200.jpg 300w, https:\/\/www.freyshotels.com\/corner\/wp-content\/uploads\/2026\/04\/corner_hotel_konferensfika-1-1024x683.jpg 1024w, https:\/\/www.freyshotels.com\/corner\/wp-content\/uploads\/2026\/04\/corner_hotel_konferensfika-1-1536x1024.jpg 1536w, https:\/\/www.freyshotels.com\/corner\/wp-content\/uploads\/2026\/04\/corner_hotel_konferensfika-1.jpg 1920w\" sizes=\"auto, (max-width: 768px) 100vw, 768px\" \/>            <div class=\"absolute top-spacing-10 left-spacing-10 flex flex-wrap gap-2\">\n                            <\/div>\n        <\/div>\n        <div class=\"has-small-font-size flex-1 pt-spacing-10\" >\n                        <h3 class=\"has-medium-font-size font-medium xl:group-hover:underlined\">Konferensm\u00e5ltider<\/h3>\n                            <div class=\"mt-0.5\">Under er konferens p\u00e5 Corner Hotel erbjuder vi frukost, v\u00e4llagade m\u00e5ltider och fikapauser med b\u00e5de s\u00f6ta och salta inslag som ger ny energi genom hela m\u00f6tesdagen.<\/div>\n                                <\/div>\n    <\/a>\n    <\/div><\/div><div aria-disabled=\"true\" class=\"swiper-button-prev icon-arrow !hidden md:!flex\"><\/div><div class=\"swiper-button-next icon-arrow !hidden md:!flex\"><\/div><div class=\"swiper-pagination\"><\/div><\/div>    <\/div>\n    <\/div>\n\n\n\n<div class=\"wp-block-group alignfull noice has-brand-200-background-color has-background\" style=\"padding-top:var(--wp--preset--spacing--60);padding-bottom:var(--wp--preset--spacing--80)\">\n<div class=\"wp-block-columns has-2-columns\" style=\"column-gap: var(--wp--preset--spacing--80); row-gap: var(--wp--preset--spacing--20);\">\n<div class=\"wp-block-column\">\n<h2 class=\"wp-block-heading has-text-align-left has-brand-500-color has-text-color has-link-color wp-elements-0724897e9af078d71f58466dbdc4f044\">Skr\u00e4ddarsydd&nbsp;konferens&nbsp;p\u00e5&nbsp;Corner Hotel -anpassad&nbsp;efter&nbsp;era&nbsp;behov&nbsp;<\/h2>\n<\/div>\n\n\n\n<div class=\"wp-block-column\">\n<p>Vi tar g\u00e4rna fram ett anpassat f\u00f6rslag utifr\u00e5n era \u00f6nskem\u00e5l,syfte med mltet och f\u00f6ruts\u00e4ttningarna i teamet. Oavsett om det g\u00e4ller ett mindre m\u00f6te, en heldagskonferens eller ett st\u00f6rre event, anpassar vi uppl\u00e4gget f\u00f6r att skapa en l\u00f6sning som passar er.<\/p>\n\n\n\n<p>V\u00e5rt&nbsp;team&nbsp;s\u00e4kerst\u00e4ller&nbsp;att&nbsp;allt&nbsp;fungerar&nbsp;smidigt&nbsp;genom&nbsp;hela&nbsp;processen&nbsp;fr\u00e5n&nbsp;teknik&nbsp;och&nbsp;lokaler&nbsp;till&nbsp;detaljer&nbsp;som&nbsp;bidrar&nbsp;till&nbsp;en&nbsp;v\u00e4lfungerande&nbsp;och&nbsp;genomt\u00e4nkt&nbsp;helhet.&nbsp;<\/p>\n\n\n\n<p class=\"has-small-font-size\">Kontakta&nbsp;oss&nbsp;g\u00e4rna&nbsp;f\u00f6r&nbsp;offert&nbsp;eller&nbsp;vidare&nbsp;dialog&nbsp;kring&nbsp;era planer. Vi&nbsp;hj\u00e4lper&nbsp;er&nbsp;att&nbsp;skapa&nbsp;en&nbsp;konferens&nbsp;p\u00e5&nbsp;Corner Hotel&nbsp;som&nbsp;\u00e4r&nbsp;b\u00e5de&nbsp;effektiv&nbsp;och&nbsp;v\u00e4lplanerad.&nbsp;<\/p>\n\n\n<div\n\t\tclass=\"   \"\n\tstyle=\"margin-top: var(--wp--preset--spacing--40);\">\n\t<button\n\t\tdata-flyout-toggle=\"contact\"\n\t\taria-label=\"Kontakta oss\"\n\t\tclass=\"wp-block-button__link has-background has-gold-500-background-color\"\n\t>\n\t\tKontakta oss\n\t<\/button>\n<\/div><\/div>\n<\/div>\n<\/div>\n\n\n\n<div class=\"wp-block-columns has-2-columns alignfull noice has-brand-100-background-color has-background\" style=\"column-gap: var(--wp--preset--spacing--40); row-gap: var(--wp--preset--spacing--40); padding-top:var(--wp--preset--spacing--60);padding-bottom:var(--wp--preset--spacing--80)\">\n<div class=\"wp-block-column\">\n<h2 class=\"wp-block-heading has-h-3-font-size\">Vanliga fr\u00e5gor och svar <br>inf\u00f6r er konferens<\/h2>\n\n\n\n<div class=\"wp-block-buttons\">\n<div class=\"wp-block-button is-style-outline is-style-outline--1\"><a class=\"wp-block-button__link has-black-background-color has-background wp-element-button\" href=\"https:\/\/www.freyshotels.com\/corner\/fragor-och-svar\/#konferens\" target=\"_blank\" rel=\"noreferrer noopener\">L\u00e4s fler fr\u00e5gor och svar<\/a><\/div>\n<\/div>\n<\/div>\n\n\n\n<div class=\"wp-block-column\"><div \tclass=\"   \"\n\t>\n\t    <div\n                class=\"w-full    \"\n            >\n                    <div id=\"faq-618\" x-data=\"{ open: false }\" class=\"py-spacing-10 border-b border-black\/10\">\n                <button x-on:click=\"open = ! open\" x-bind:class=\"open ? 'faq-close text-brand-500' : 'faq-open'\" aria-label=\"Visa svar\" class=\"group w-full flex items-start justify-between gap-x-4 text-left has-medium-font-size\">\n                    <span class=\"self-center flex-1 xl:group-hover:text-brand-500\">Kan man boka kv\u00e4lls- och helgkonferens hos er?\u00a0<\/span>\n                    <i x-bind:class=\"open ? 'icon-minus' : 'icon-plus'\" class=\"flex items-center justify-center size-10 min-w-10 bg-white rounded-full shadow-button text-[20px] text-neutral-600 focus:!shadow-button xl:hover:scale-110 transition-all duration-200\"><\/i>\n                <\/button>\n                <div x-cloak x-show=\"open\" class=\"mt-2\">\n                    <div class=\"py-3 md:py-4\">\n                        <p><span class=\"TextRun SCXW57454653 BCX0\" lang=\"SV-SE\" xml:lang=\"SV-SE\" data-contrast=\"auto\"><span class=\"NormalTextRun SCXW57454653 BCX0\">Sj\u00e4lvklart! V\u00e5rt hotell har \u00f6ppet dygnet runt alla veckans dagar och vi v\u00e4lkomnar er \u00e4ven kv\u00e4llar och helger.<\/span><\/span><span class=\"EOP SCXW57454653 BCX0\" data-ccp-props=\"{}\">\u00a0<\/span><\/p>\n                    <\/div>\n                <\/div>\n            <\/div>\n                        <div id=\"faq-1259\" x-data=\"{ open: false }\" class=\"py-spacing-10 border-b border-black\/10\">\n                <button x-on:click=\"open = ! open\" x-bind:class=\"open ? 'faq-close text-brand-500' : 'faq-open'\" aria-label=\"Visa svar\" class=\"group w-full flex items-start justify-between gap-x-4 text-left has-medium-font-size\">\n                    <span class=\"self-center flex-1 xl:group-hover:text-brand-500\">Kan man boka logi i samband med konferens?<\/span>\n                    <i x-bind:class=\"open ? 'icon-minus' : 'icon-plus'\" class=\"flex items-center justify-center size-10 min-w-10 bg-white rounded-full shadow-button text-[20px] text-neutral-600 focus:!shadow-button xl:hover:scale-110 transition-all duration-200\"><\/i>\n                <\/button>\n                <div x-cloak x-show=\"open\" class=\"mt-2\">\n                    <div class=\"py-3 md:py-4\">\n                        <p><span class=\"TextRun SCXW106968819 BCX0\" lang=\"SV-SE\" xml:lang=\"SV-SE\" data-contrast=\"auto\"><span class=\"NormalTextRun SCXW106968819 BCX0\">Ja, det g\u00e5r utm\u00e4rkt. Antingen bokar du alla deltagare sj\u00e4lv, eller s\u00e5 reserverar vi ett antal rum som deltagarna bokar individuellt.<\/span><\/span><\/p>\n                    <\/div>\n                <\/div>\n            <\/div>\n                        <div id=\"faq-1255\" x-data=\"{ open: false }\" class=\"py-spacing-10 border-b border-black\/10\">\n                <button x-on:click=\"open = ! open\" x-bind:class=\"open ? 'faq-close text-brand-500' : 'faq-open'\" aria-label=\"Visa svar\" class=\"group w-full flex items-start justify-between gap-x-4 text-left has-medium-font-size\">\n                    <span class=\"self-center flex-1 xl:group-hover:text-brand-500\">Vad serveras det f\u00f6r mat under konferensen?<\/span>\n                    <i x-bind:class=\"open ? 'icon-minus' : 'icon-plus'\" class=\"flex items-center justify-center size-10 min-w-10 bg-white rounded-full shadow-button text-[20px] text-neutral-600 focus:!shadow-button xl:hover:scale-110 transition-all duration-200\"><\/i>\n                <\/button>\n                <div x-cloak x-show=\"open\" class=\"mt-2\">\n                    <div class=\"py-3 md:py-4\">\n                        <p><span class=\"TextRun SCXW227279651 BCX0\" lang=\"SV-SE\" xml:lang=\"SV-SE\" data-contrast=\"auto\"><span class=\"NormalTextRun SCXW227279651 BCX0\">All mat och dryck serveras av H\u00f6rnans Belgobar. H\u00e4r erbjuds klassisk svensk husmanskost med en belgisk twist.<\/span><\/span><span class=\"LineBreakBlob BlobObject DragDrop SCXW227279651 BCX0\"><span class=\"SCXW227279651 BCX0\">\u00a0<\/span><br class=\"SCXW227279651 BCX0\" \/><\/span><span class=\"TextRun SCXW227279651 BCX0\" lang=\"SV-SE\" xml:lang=\"SV-SE\" data-contrast=\"auto\"><span class=\"NormalTextRun SCXW227279651 BCX0\">Lunch inkluderar sallad, br\u00f6d, soppa, m\u00e5ltidsdryck och kaffe, och serveras vid bordet.<\/span><\/span><\/p>\n                    <\/div>\n                <\/div>\n            <\/div>\n                        <div id=\"faq-1260\" x-data=\"{ open: false }\" class=\"py-spacing-10 border-b border-black\/10\">\n                <button x-on:click=\"open = ! open\" x-bind:class=\"open ? 'faq-close text-brand-500' : 'faq-open'\" aria-label=\"Visa svar\" class=\"group w-full flex items-start justify-between gap-x-4 text-left has-medium-font-size\">\n                    <span class=\"self-center flex-1 xl:group-hover:text-brand-500\">Vilken utrustning finns i era m\u00f6tesrum?<\/span>\n                    <i x-bind:class=\"open ? 'icon-minus' : 'icon-plus'\" class=\"flex items-center justify-center size-10 min-w-10 bg-white rounded-full shadow-button text-[20px] text-neutral-600 focus:!shadow-button xl:hover:scale-110 transition-all duration-200\"><\/i>\n                <\/button>\n                <div x-cloak x-show=\"open\" class=\"mt-2\">\n                    <div class=\"py-3 md:py-4\">\n                        <p><span class=\"TextRun SCXW127064865 BCX0\" lang=\"SV-SE\" xml:lang=\"SV-SE\" data-contrast=\"auto\"><span class=\"NormalTextRun SCXW127064865 BCX0\">M\u00f6tesrummen \u00e4r utrustade med bl\u00e4dderblock, skrivtavla, block, pennor,\u00a0<\/span><span class=\"NormalTextRun SpellingErrorV2Themed SCXW127064865 BCX0\">wifi<\/span><span class=\"NormalTextRun SCXW127064865 BCX0\">\u00a0och\u00a0<\/span><span class=\"NormalTextRun SCXW127064865 BCX0\">telefon.<\/span><\/span><span class=\"LineBreakBlob BlobObject DragDrop SCXW127064865 BCX0\"><span class=\"SCXW127064865 BCX0\">\u00a0<\/span><br class=\"SCXW127064865 BCX0\" \/><\/span><span class=\"TextRun SCXW127064865 BCX0\" lang=\"SV-SE\" xml:lang=\"SV-SE\" data-contrast=\"auto\"><span class=\"NormalTextRun SCXW127064865 BCX0\">De flesta rum har projektor, medan vissa mindre grupprum \u00e4r utrustade med smart-tv.<\/span><\/span><\/p>\n                    <\/div>\n                <\/div>\n            <\/div>\n                        <div id=\"faq-617\" x-data=\"{ open: false }\" class=\"py-spacing-10 border-b border-black\/10\">\n                <button x-on:click=\"open = ! open\" x-bind:class=\"open ? 'faq-close text-brand-500' : 'faq-open'\" aria-label=\"Visa svar\" class=\"group w-full flex items-start justify-between gap-x-4 text-left has-medium-font-size\">\n                    <span class=\"self-center flex-1 xl:group-hover:text-brand-500\">Hur n\u00e4ra inp\u00e5 kan man \u00e4ndra antal deltagare?\u00a0<\/span>\n                    <i x-bind:class=\"open ? 'icon-minus' : 'icon-plus'\" class=\"flex items-center justify-center size-10 min-w-10 bg-white rounded-full shadow-button text-[20px] text-neutral-600 focus:!shadow-button xl:hover:scale-110 transition-all duration-200\"><\/i>\n                <\/button>\n                <div x-cloak x-show=\"open\" class=\"mt-2\">\n                    <div class=\"py-3 md:py-4\">\n                        <p><span data-contrast=\"auto\">F\u00f6r mat och dryck kan antal deltagare justeras fram till kl. 11.00 tre dagar f\u00f6re arrangemangets b\u00f6rjan.<\/span><span data-ccp-props=\"{}\">\u00a0<\/span><\/p>\n<p><span data-contrast=\"auto\">F\u00f6r logi g\u00e4ller:<\/span><span data-ccp-props=\"{}\">\u00a0<\/span><\/p>\n<ul>\n<li aria-setsize=\"-1\" data-leveltext=\"\uf0b7\" data-font=\"Symbol\" data-listid=\"1\" data-list-defn-props=\"{&quot;335552541&quot;:1,&quot;335559685&quot;:720,&quot;335559991&quot;:360,&quot;469769226&quot;:&quot;Symbol&quot;,&quot;469769242&quot;:[8226],&quot;469777803&quot;:&quot;left&quot;,&quot;469777804&quot;:&quot;\uf0b7&quot;,&quot;469777815&quot;:&quot;multilevel&quot;}\" data-aria-posinset=\"1\" data-aria-level=\"1\"><span data-contrast=\"auto\">Fram till 14 dagar innan ankomst: upp till fem rum kostnadsfritt\u00a0<\/span><span data-ccp-props=\"{}\">\u00a0<\/span><\/li>\n<\/ul>\n<ul>\n<li aria-setsize=\"-1\" data-leveltext=\"\uf0b7\" data-font=\"Symbol\" data-listid=\"1\" data-list-defn-props=\"{&quot;335552541&quot;:1,&quot;335559685&quot;:720,&quot;335559991&quot;:360,&quot;469769226&quot;:&quot;Symbol&quot;,&quot;469769242&quot;:[8226],&quot;469777803&quot;:&quot;left&quot;,&quot;469777804&quot;:&quot;\uf0b7&quot;,&quot;469777815&quot;:&quot;multilevel&quot;}\" data-aria-posinset=\"2\" data-aria-level=\"1\"><span data-contrast=\"auto\">Fram till kl. 18.00 dagen innan ankomst: upp till tv\u00e5 rum kostnadsfritt\u00a0<\/span><span data-ccp-props=\"{}\">\u00a0<\/span><\/li>\n<\/ul>\n                    <\/div>\n                <\/div>\n            <\/div>\n                <\/div>\n    <script type=\"application\/ld+json\">\n        {\n    \"@context\": \"https:\/\/schema.org\",\n    \"@type\": \"FAQPage\",\n    \"mainEntity\": [\n        {\n            \"@type\": \"Question\",\n            \"name\": \"Kan man boka kv\u00e4lls- och helgkonferens hos er?\u00a0\",\n            \"acceptedAnswer\": {\n                \"@type\": \"Answer\",\n                \"text\": \"Sj\u00e4lvklart! V\u00e5rt hotell har \u00f6ppet dygnet runt alla veckans dagar och vi v\u00e4lkomnar er \u00e4ven kv\u00e4llar och helger.\u00a0\"\n            }\n        },\n        {\n            \"@type\": \"Question\",\n            \"name\": \"Kan man boka logi i samband med konferens?\",\n            \"acceptedAnswer\": {\n                \"@type\": \"Answer\",\n                \"text\": \"Ja, det g\u00e5r utm\u00e4rkt. Antingen bokar du alla deltagare sj\u00e4lv, eller s\u00e5 reserverar vi ett antal rum som deltagarna bokar individuellt.\"\n            }\n        },\n        {\n            \"@type\": \"Question\",\n            \"name\": \"Vad serveras det f\u00f6r mat under konferensen?\",\n            \"acceptedAnswer\": {\n                \"@type\": \"Answer\",\n                \"text\": \"All mat och dryck serveras av H\u00f6rnans Belgobar. H\u00e4r erbjuds klassisk svensk husmanskost med en belgisk twist.\u00a0Lunch inkluderar sallad, br\u00f6d, soppa, m\u00e5ltidsdryck och kaffe, och serveras vid bordet.\"\n            }\n        },\n        {\n            \"@type\": \"Question\",\n            \"name\": \"Vilken utrustning finns i era m\u00f6tesrum?\",\n            \"acceptedAnswer\": {\n                \"@type\": \"Answer\",\n                \"text\": \"M\u00f6tesrummen \u00e4r utrustade med bl\u00e4dderblock, skrivtavla, block, pennor,\u00a0wifi\u00a0och\u00a0telefon.\u00a0De flesta rum har projektor, medan vissa mindre grupprum \u00e4r utrustade med smart-tv.\"\n            }\n        },\n        {\n            \"@type\": \"Question\",\n            \"name\": \"Hur n\u00e4ra inp\u00e5 kan man \u00e4ndra antal deltagare?\u00a0\",\n            \"acceptedAnswer\": {\n                \"@type\": \"Answer\",\n                \"text\": \"F\u00f6r mat och dryck kan antal deltagare justeras fram till kl. 11.00 tre dagar f\u00f6re arrangemangets b\u00f6rjan.\u00a0\\nF\u00f6r logi g\u00e4ller:\u00a0\\n\\nFram till 14 dagar innan ankomst: upp till fem rum kostnadsfritt\u00a0\u00a0\\n\\n\\nFram till kl. 18.00 dagen innan ankomst: upp till tv\u00e5 rum kostnadsfritt\u00a0\u00a0\"\n            }\n        }\n    ]\n}    <\/script>\n    <\/div><\/div>\n<\/div>\n","protected":false},"excerpt":{"rendered":"<p>Uppt\u00e4ck v\u00e5ra konferenspaket i Vasastan \u2013 ett perfekt val f\u00f6r dig som planerar m\u00f6te, konferens eller kick-off i Stockholm. P\u00e5 Corner\u00a0Hotel\u00a0m\u00f6ts ni av en inspirerande milj\u00f6 d\u00e4r personligt engagemang och flexibla l\u00f6sningar st\u00e5r i fokus. <\/p>\n","protected":false},"author":1,"featured_media":1550,"parent":311,"menu_order":20,"comment_status":"closed","ping_status":"closed","template":"","meta":{"_acf_changed":false,"footnotes":""},"page_category":[],"page_tag":[],"class_list":["post-321","page","type-page","status-publish","has-post-thumbnail","hentry"],"acf":[],"publishpress_future_action":{"enabled":false,"date":"2026-05-06 13:34:45","action":"change-status","newStatus":"draft","terms":[],"taxonomy":"page_category","extraData":[]},"publishpress_future_workflow_manual_trigger":{"enabledWorkflows":[]},"_links":{"self":[{"href":"https:\/\/www.freyshotels.com\/corner\/wp-json\/wp\/v2\/pages\/321","targetHints":{"allow":["GET"]}}],"collection":[{"href":"https:\/\/www.freyshotels.com\/corner\/wp-json\/wp\/v2\/pages"}],"about":[{"href":"https:\/\/www.freyshotels.com\/corner\/wp-json\/wp\/v2\/types\/page"}],"author":[{"embeddable":true,"href":"https:\/\/www.freyshotels.com\/corner\/wp-json\/wp\/v2\/users\/1"}],"replies":[{"embeddable":true,"href":"https:\/\/www.freyshotels.com\/corner\/wp-json\/wp\/v2\/comments?post=321"}],"version-history":[{"count":14,"href":"https:\/\/www.freyshotels.com\/corner\/wp-json\/wp\/v2\/pages\/321\/revisions"}],"predecessor-version":[{"id":1668,"href":"https:\/\/www.freyshotels.com\/corner\/wp-json\/wp\/v2\/pages\/321\/revisions\/1668"}],"up":[{"embeddable":true,"href":"https:\/\/www.freyshotels.com\/corner\/wp-json\/wp\/v2\/pages\/311"}],"wp:featuredmedia":[{"embeddable":true,"href":"https:\/\/www.freyshotels.com\/corner\/wp-json\/"}],"wp:attachment":[{"href":"https:\/\/www.freyshotels.com\/corner\/wp-json\/wp\/v2\/media?parent=321"}],"wp:term":[{"taxonomy":"page_category","embeddable":true,"href":"https:\/\/www.freyshotels.com\/corner\/wp-json\/wp\/v2\/page_category?post=321"},{"taxonomy":"page_tag","embeddable":true,"href":"https:\/\/www.freyshotels.com\/corner\/wp-json\/wp\/v2\/page_tag?post=321"}],"curies":[{"name":"wp","href":"https:\/\/api.w.org\/{rel}","templated":true}]}}