{"id":325,"date":"2026-03-17T08:29:24","date_gmt":"2026-03-17T08:29:24","guid":{"rendered":"https:\/\/www.freyshotels.com\/corner\/?page_id=325"},"modified":"2026-04-27T07:48:53","modified_gmt":"2026-04-27T07:48:53","slug":"hotellrum","status":"publish","type":"page","link":"https:\/\/www.freyshotels.com\/corner\/hotell-stockholm\/hotellrum\/","title":{"rendered":"Hotellrum"},"content":{"rendered":"\n<div class=\"wp-block-columns has-2-columns alignfull paralax reverse wrap-lg min-h-screen\" style=\" padding-top:0;padding-right:0;padding-bottom:0;padding-left:0\">\n<div class=\"wp-block-column\" style=\"flex-basis:50%\">\n<div style=\"aspect-ratio:auto; justify-content:flex-end; padding-top:var(--wp--preset--spacing--40);padding-bottom:var(--wp--preset--spacing--40);padding-left:var(--wp--preset--spacing--40);padding-right:var(--wp--preset--spacing--40); min-height:100%;\" class=\"align wp-block-create-block-tankbar-multiblock has-text-color has-background\">\n\n\t<div class=\"multiblock-bg\">\n\n\t\t\t\t<div class=\"absolute inset-0 image-center-center\">\n\t\t\t\t<img decoding=\"async\" class=\"h-full w-full object-cover\" src=\"https:\/\/www.freyshotels.com\/corner\/wp-content\/uploads\/2026\/04\/corner_hotel_dubbelrum-freys.jpg\" alt=\"Hotellrum\" \/>\n\t\t\t<\/div>\n\t\t\t\n\t\n\t\n\t\n\t\n\t<\/div><!-- .multiblock-bg -->\n\n\t<div class=\"multiblock-inner\">\n\t\t\n\n<div class=\"wp-block-group\" style=\"min-height:30vh\"><\/div>\n\n\t<\/div>\n\n\t<\/div>\n<\/div>\n\n\n\n<div class=\"wp-block-column split noice has-brand-200-background-color has-background\" style=\"padding-top:var(--wp--preset--spacing--60);padding-right:var(--wp--preset--spacing--60);padding-bottom:var(--wp--preset--spacing--60);padding-left:var(--wp--preset--spacing--60)\">\n<h1 class=\"wp-block-heading has-brand-500-color has-text-color has-link-color has-h-2-font-size wp-elements-ceaaaea4ebae65454f5adf574d051340\">Hotellrum&nbsp;Stockholm \u2013 Corner Hotel&nbsp;i&nbsp;Vasastan<\/h1>\n\n\n\n<p class=\"has-normal-font-size\" style=\"margin-bottom:var(--wp--preset--spacing--50)\">P\u00e5 Corner&nbsp;Hotel&nbsp;i Vasastan, Stockholm, finns 74 charmiga och personligt inredda hotellrum. H\u00e4r m\u00f6ts du av en hemtrevlig atmosf\u00e4r mitt i city, i ett lugnt och centralt omr\u00e5de. V\u00e5ra hotellrum \u00e4r utformade f\u00f6r b\u00e5de aff\u00e4rsresen\u00e4rer, familjer och par som vill njuta av en weekend eller&nbsp;staycation&nbsp;i Stockholm.&nbsp;<br><br>Det \u00e4r l\u00e4tt att k\u00e4nna sig hemma hos oss, och vi g\u00f6r allt vi kan f\u00f6r att din vistelse ska bli trivsam. V\u00e5ra hotellrum vetter mot lugn gata eller innerg\u00e5rd och erbjuder en rofylld milj\u00f6 mitt i Stockholm city.&nbsp;<br><br>Fr\u00e5n hotellet promenerar du enkelt till Odenplan, Centralstationen och Cityterminalen, och tunnelbanan n\u00e5r du p\u00e5 bara n\u00e5gra minuter. Drottninggatan med shopping, restauranger och n\u00f6jen ligger precis runt h\u00f6rnet.&nbsp;<br><br>Hotellfrukost och&nbsp;wifi&nbsp;ing\u00e5r alltid i rumspriset, och i utvalda rum \u00e4r \u00e4ven hundar v\u00e4lkomna. <\/p>\n\n\n\n<div class=\"wp-block-buttons mt-auto\">\n<div class=\"wp-block-button\"><a class=\"wp-block-button__link has-brand-500-background-color has-background wp-element-button\" href=\"#hotellrum\">alla v\u00e5ra hotellrum<\/a><\/div>\n<\/div>\n<\/div>\n<\/div>\n\n\n\n<div style=\"aspect-ratio:auto; justify-content:center; border-top-left-radius:16px;border-top-right-radius:16px; padding-top:var(--wp--preset--spacing--80);padding-bottom:var(--wp--preset--spacing--80);background-image:url(&apos;https:\/\/www.freyshotels.com\/corner\/wp-content\/uploads\/2026\/03\/bg-black.svg&apos;);background-position:50% 50%;background-size:1000px;\" class=\"alignfull sm-center wp-elements-e3a691acff4e55ea3accbaddc615b020 wp-block-create-block-tankbar-multiblock has-text-color has-white-color has-background has-brand-500-background-color\">\n\n\t<div class=\"multiblock-bg\">\n\n\t\n\t\n\t\n\t\t\t<div class=\"multiblock-overlay overlay absolute inset-0 has-brand-500-background-color\" style=\"opacity:0.75;\"><\/div>\n\t\n\t\n\t<\/div><!-- .multiblock-bg -->\n\n\t<div class=\"multiblock-inner\">\n\t\t\n\n<div class=\"wp-block-columns has-2-columns\" style=\"column-gap: var(--wp--preset--spacing--60); row-gap: var(--wp--preset--spacing--40);\">\n<div class=\"wp-block-column\">\n<p class=\"has-gold-500-color has-text-color has-link-color has-script-medium-font-size wp-elements-d5ad8666d0a778945ce98b0efe598b7f\">Hotell ljuva hem<\/p>\n<\/div>\n\n\n\n<div class=\"wp-block-column\">\n<h2 class=\"wp-block-heading has-h-4-font-size\">Ett personligt hotell i Vasastan d\u00e4r hemtrevlig atmosf\u00e4r, omtanke och h\u00e5llbarhet st\u00e5r i fokus. H\u00e4r bor du bekv\u00e4mt i en lugn milj\u00f6 med n\u00e4rhet till stadens puls.<\/h2>\n<\/div>\n<\/div>\n\n\t<\/div>\n\n\t<\/div>\n\n\n\n<div class=\"wp-block-group alignfull\" id=\"hotellrum\" style=\"padding-top:var(--wp--preset--spacing--80);padding-bottom:0\">\n<p class=\"has-text-align-center has-brand-400-color has-text-color has-link-color has-script-medium-font-size wp-elements-5fb5d1de42a485b7a6a625311f0c8125\">Utforska<\/p>\n\n\n\n<h2 class=\"wp-block-heading has-text-align-center has-brand-600-color has-text-color has-link-color has-h-1-font-size wp-elements-40d38446ad3db6665815225e9d11d577\">V\u00e5ra hotellrum<\/h2>\n\n\n\n<p class=\"has-text-align-center\">Hos oss p\u00e5 Corner&nbsp;Hotel&nbsp;kan du v\u00e4lja mellan flera olika rumskategorier \u2013 fr\u00e5n bekv\u00e4ma enkelrum till familjerum f\u00f6r upp till fem personer. Vi erbjuder \u00e4ven&nbsp;superiorrum, Premiumrum och en svit f\u00f6r dig som \u00f6nskar extra utrymme och en mer exklusiv hotellupplevelse i Vasastan.&nbsp;<\/p>\n\n\n\n<p class=\"has-text-align-center\">Alla hotellrum \u00e4r personligt inredda med varma f\u00e4rger och omsorgsfulla detaljer f\u00f6r att skapa en hemtrevlig k\u00e4nsla. Frukost ing\u00e5r alltid n\u00e4r du bokar hotellrum hos oss i Stockholm.<\/p>\n<\/div>\n\n\n\n<div class=\"wp-block-columns has-2-columns alignfull\" style=\"column-gap: var(--wp--preset--spacing--50); row-gap: var(--wp--preset--spacing--50); margin-top:0;margin-bottom:0;padding-top:var(--wp--preset--spacing--70);padding-bottom:var(--wp--preset--spacing--80)\">\n<div class=\"wp-block-column stick\">\t<div \t\tclass=\"media-container aspect-square    \"\n\t\t\t>\n\t\t<img loading=\"lazy\" decoding=\"async\" width=\"1024\" height=\"656\" src=\"https:\/\/www.freyshotels.com\/corner\/wp-content\/uploads\/2026\/04\/corner_hotel_enkelrum_1-1-1024x656.jpg\" class=\"absolute h-full w-full object-cover rounded-2xl image-center-center\" alt=\"\" sizes=\"auto, (min-width: 1024px) 1600px, 1024px\" data-sizes=\"auto\" srcset=\"https:\/\/www.freyshotels.com\/corner\/wp-content\/uploads\/2026\/04\/corner_hotel_enkelrum_1-1-1024x656.jpg 1024w, https:\/\/www.freyshotels.com\/corner\/wp-content\/uploads\/2026\/04\/corner_hotel_enkelrum_1-1-300x192.jpg 300w, https:\/\/www.freyshotels.com\/corner\/wp-content\/uploads\/2026\/04\/corner_hotel_enkelrum_1-1-768x492.jpg 768w, https:\/\/www.freyshotels.com\/corner\/wp-content\/uploads\/2026\/04\/corner_hotel_enkelrum_1-1-1536x984.jpg 1536w, https:\/\/www.freyshotels.com\/corner\/wp-content\/uploads\/2026\/04\/corner_hotel_enkelrum_1-1.jpg 1920w\" \/>\t<\/div>\n\t<\/div>\n\n\n\n<div class=\"wp-block-column\">\n<h2 class=\"wp-block-heading has-brand-600-color has-text-color has-link-color wp-elements-bac94334dce0d20fc1a3aa0908226a90\">Enkelrum &amp; Dubbelrum<\/h2>\n\n\n\n<p>V\u00e5ra enkelrum och dubbelrum finns i flera utf\u00f6randen och erbjuder en bekv\u00e4m vistelse f\u00f6r b\u00e5de dig som reser sj\u00e4lv och er som \u00e4r tv\u00e5. Samtliga rum har sk\u00f6na s\u00e4ngar och en ombonad k\u00e4nsla i en personlig och hemtrevlig milj\u00f6.<\/p>\n\n\n    <div\n\t\t        class=\"weglot-translate has-normal-font-size    \"\n\t\tstyle=\"margin-top: var(--wp--preset--spacing--40);\"    >\n        <div x-data=\"loadMorePosts({\n        currentPost: '325',\n        postType: 'hotel_room',\n        initialCategories: '11',\n        initialTags: '',\n        postsPerPage: -1,\n        })\"\n             class=\"mx-auto flex flex-col items-center bg-inherit\"\n        >\n\t\t\t\n            <div x-show=\"noResults\" class=\"text-gray-500\">\n\t\t\t\tInga poster hittades            <\/div>\n\n            <div x-show=\"loading\" class=\"loading w-full h-[100px] self-start\"><\/div>\n\n            <div class=\"w-full grid gap-5 md:gap-8 room_card_alt\">\n                <template x-for=\"post in posts\" :key=\"post.id\">\n\t\t\t\t\t<a\n    x-bind:href=\"post.url\"\n    x-bind:aria-label=\"post.title\"\n    x-bind:target=\"post.target\"\n    class=\"group xl:flex flex-wrap gap-x-spacing-30 h-full bg-inherit overflow-hidden no-underline p-spacing-20 rounded-xl border border-black\/10 transition-shadow duration-300 xl:hover:shadow-2xl\"\n>\n    <div class=\"relative aspect-[8\/5] mb-spacing-20 xl:mb-0 h-auto xl:aspect-[4\/3] basis-full xl:h-full xl:basis-1\/2 rounded-lg overflow-hidden\">\n        <div x-html=\"post.thumbnail\"><\/div>\n        <div class=\"absolute inset-0 pointer-events-none bg-black opacity-20 xl:group-hover:opacity-0 transition-all duration-300\"><\/div>\n        <button\n            x-data\n            @click.prevent=\"$store.flyouts.openRoom(post.id)\"\n            :class=\"{ 'loading': $store.flyouts.roomLoading &#038;&#038; $store.flyouts.roomPostId == post.id }\"\n            class=\"icon-eye hidden xl:block absolute left-1\/2 bottom-1\/2 -translate-x-1\/2 translate-y-full rounded-full bg-white shadow-button h-12 w-12 text-[24px] opacity-0 hover:scale-110 group-hover:translate-y-1\/2 group-hover:opacity-100 transition-all duration-300\"\n        ><\/button>\n        <div class=\"absolute top-spacing-10 left-spacing-10 flex flex-wrap gap-2\">\n            <div class=\"chip bg-brand-100\" x-show=\"post.tag\" x-text=\"post.tag\"><\/div>\n        <\/div>\n    <\/div>\n\n    <div class=\"flex flex-col items-start flex-1\">\n        <h3 class=\"has-medium-font-size font-medium xl:group-hover:underlined\" x-html=\"post.title\"><\/h3>\n        <template x-if=\"post.size || post.number_of_people || post.time\">\n            <div class=\"flex flex-wrap gap-2 mt-spacing-10 mb-spacing-30\">\n                <template x-if=\"post.time\">\n                    <div class=\"chip big text-brand-400 border border-brand-400\">\n                        <i class=\"icon-clock text-[18px]\"><\/i>\n                        <span x-text=\"post.time\"><\/span>\n                    <\/div>\n                <\/template>\n                <template x-if=\"post.size\">\n                    <div class=\"has-extra-small-font-size text-brand-400 border border-brand-400 rounded-md py-1.5 px-3 flex items-center gap-x-2\">\n                        <i class=\"icon-size text-[18px]\"><\/i>\n                        <span x-text=\"post.size + ' kvm'\"><\/span>\n                    <\/div>\n                <\/template>\n                <template x-if=\"post.number_of_people\">\n                    <div class=\"has-extra-small-font-size text-brand-400 border border-brand-400 rounded-md py-1.5 px-3 flex items-center gap-x-2\">\n                        <i class=\"icon-user text-[18px]\"><\/i>\n                        <span x-text=\"post.number_of_people + (post.number_of_people == 1 ? ' person' : ' personer')\"><\/span>\n                    <\/div>\n                <\/template>\n            <\/div>\n        <\/template>\n                    <div class=\"mt-auto has-small-font-size\" x-text=\"post.excerpt\"><\/div>\n            <\/div>\n<\/a>\n                <\/template>\n            <\/div>\n\n\t\t\t                <button x-show=\"hasMore\" :class=\"{ 'loading': loading }\" x-on:click=\"loadMore()\" :disabled=\"loading\" aria-label=\"Visa fler\" class=\"mt-spacing-40 wp-block-button__link is-style-outline has-background has-black-background-color\" style=\"display:none;\">\n\t\t\t\t\tVisa fler                <\/button>\n\t\t\t\t\n        <\/div>\n    <\/div>\n\t<\/div>\n<\/div>\n\n\n\n<div class=\"wp-block-columns has-2-columns alignfull\" style=\"column-gap: var(--wp--preset--spacing--50); row-gap: var(--wp--preset--spacing--50); margin-top:0;margin-bottom:0;padding-bottom:var(--wp--preset--spacing--80)\">\n<div class=\"wp-block-column stick\">\t<div \t\tclass=\"media-container aspect-square    \"\n\t\t\t>\n\t\t<img loading=\"lazy\" decoding=\"async\" width=\"1024\" height=\"619\" src=\"https:\/\/www.freyshotels.com\/corner\/wp-content\/uploads\/2026\/04\/corner_hotel_trebaddsrum-1024x619.jpg\" class=\"absolute h-full w-full object-cover rounded-2xl image-center-center\" alt=\"\" sizes=\"auto, (min-width: 1024px) 1600px, 1024px\" data-sizes=\"auto\" srcset=\"https:\/\/www.freyshotels.com\/corner\/wp-content\/uploads\/2026\/04\/corner_hotel_trebaddsrum-1024x619.jpg 1024w, https:\/\/www.freyshotels.com\/corner\/wp-content\/uploads\/2026\/04\/corner_hotel_trebaddsrum-300x181.jpg 300w, https:\/\/www.freyshotels.com\/corner\/wp-content\/uploads\/2026\/04\/corner_hotel_trebaddsrum-768x464.jpg 768w, https:\/\/www.freyshotels.com\/corner\/wp-content\/uploads\/2026\/04\/corner_hotel_trebaddsrum-1536x928.jpg 1536w, https:\/\/www.freyshotels.com\/corner\/wp-content\/uploads\/2026\/04\/corner_hotel_trebaddsrum.jpg 1920w\" \/>\t<\/div>\n\t<\/div>\n\n\n\n<div class=\"wp-block-column\">\n<h2 class=\"wp-block-heading has-brand-600-color has-text-color has-link-color wp-elements-6d03566b056acf5c3602c8d9d0a083ef\">Flerb\u00e4ddsrum<\/h2>\n\n\n\n<p class=\"has-medium-font-size\">V\u00e5ra flerb\u00e4ddsrum omfattar tre- och fyrb\u00e4ddsrum samt familjerum och \u00e4r ett flexibelt alternativ f\u00f6r familjer, v\u00e4nner eller mindre s\u00e4llskap. H\u00e4r bor ni tillsammans i en avslappnad och trivsam milj\u00f6, med plats f\u00f6r upp till fem personer.<\/p>\n\n\n    <div\n\t\t        class=\"weglot-translate has-normal-font-size    \"\n\t\tstyle=\"margin-top: var(--wp--preset--spacing--40);\"    >\n        <div x-data=\"loadMorePosts({\n        currentPost: '325',\n        postType: 'hotel_room',\n        initialCategories: '12',\n        initialTags: '',\n        postsPerPage: -1,\n        })\"\n             class=\"mx-auto flex flex-col items-center bg-inherit\"\n        >\n\t\t\t\n            <div x-show=\"noResults\" class=\"text-gray-500\">\n\t\t\t\tInga poster hittades            <\/div>\n\n            <div x-show=\"loading\" class=\"loading w-full h-[100px] self-start\"><\/div>\n\n            <div class=\"w-full grid gap-5 md:gap-8 room_card_alt\">\n                <template x-for=\"post in posts\" :key=\"post.id\">\n\t\t\t\t\t<a\n    x-bind:href=\"post.url\"\n    x-bind:aria-label=\"post.title\"\n    x-bind:target=\"post.target\"\n    class=\"group xl:flex flex-wrap gap-x-spacing-30 h-full bg-inherit overflow-hidden no-underline p-spacing-20 rounded-xl border border-black\/10 transition-shadow duration-300 xl:hover:shadow-2xl\"\n>\n    <div class=\"relative aspect-[8\/5] mb-spacing-20 xl:mb-0 h-auto xl:aspect-[4\/3] basis-full xl:h-full xl:basis-1\/2 rounded-lg overflow-hidden\">\n        <div x-html=\"post.thumbnail\"><\/div>\n        <div class=\"absolute inset-0 pointer-events-none bg-black opacity-20 xl:group-hover:opacity-0 transition-all duration-300\"><\/div>\n        <button\n            x-data\n            @click.prevent=\"$store.flyouts.openRoom(post.id)\"\n            :class=\"{ 'loading': $store.flyouts.roomLoading &#038;&#038; $store.flyouts.roomPostId == post.id }\"\n            class=\"icon-eye hidden xl:block absolute left-1\/2 bottom-1\/2 -translate-x-1\/2 translate-y-full rounded-full bg-white shadow-button h-12 w-12 text-[24px] opacity-0 hover:scale-110 group-hover:translate-y-1\/2 group-hover:opacity-100 transition-all duration-300\"\n        ><\/button>\n        <div class=\"absolute top-spacing-10 left-spacing-10 flex flex-wrap gap-2\">\n            <div class=\"chip bg-brand-100\" x-show=\"post.tag\" x-text=\"post.tag\"><\/div>\n        <\/div>\n    <\/div>\n\n    <div class=\"flex flex-col items-start flex-1\">\n        <h3 class=\"has-medium-font-size font-medium xl:group-hover:underlined\" x-html=\"post.title\"><\/h3>\n        <template x-if=\"post.size || post.number_of_people || post.time\">\n            <div class=\"flex flex-wrap gap-2 mt-spacing-10 mb-spacing-30\">\n                <template x-if=\"post.time\">\n                    <div class=\"chip big text-brand-400 border border-brand-400\">\n                        <i class=\"icon-clock text-[18px]\"><\/i>\n                        <span x-text=\"post.time\"><\/span>\n                    <\/div>\n                <\/template>\n                <template x-if=\"post.size\">\n                    <div class=\"has-extra-small-font-size text-brand-400 border border-brand-400 rounded-md py-1.5 px-3 flex items-center gap-x-2\">\n                        <i class=\"icon-size text-[18px]\"><\/i>\n                        <span x-text=\"post.size + ' kvm'\"><\/span>\n                    <\/div>\n                <\/template>\n                <template x-if=\"post.number_of_people\">\n                    <div class=\"has-extra-small-font-size text-brand-400 border border-brand-400 rounded-md py-1.5 px-3 flex items-center gap-x-2\">\n                        <i class=\"icon-user text-[18px]\"><\/i>\n                        <span x-text=\"post.number_of_people + (post.number_of_people == 1 ? ' person' : ' personer')\"><\/span>\n                    <\/div>\n                <\/template>\n            <\/div>\n        <\/template>\n                    <div class=\"mt-auto has-small-font-size\" x-text=\"post.excerpt\"><\/div>\n            <\/div>\n<\/a>\n                <\/template>\n            <\/div>\n\n\t\t\t                <button x-show=\"hasMore\" :class=\"{ 'loading': loading }\" x-on:click=\"loadMore()\" :disabled=\"loading\" aria-label=\"Visa fler\" class=\"mt-spacing-40 wp-block-button__link is-style-outline has-background has-black-background-color\" style=\"display:none;\">\n\t\t\t\t\tVisa fler                <\/button>\n\t\t\t\t\n        <\/div>\n    <\/div>\n\t<\/div>\n<\/div>\n\n\n\n<div class=\"wp-block-columns has-2-columns alignfull\" style=\"column-gap: var(--wp--preset--spacing--50); row-gap: var(--wp--preset--spacing--50); margin-top:0;margin-bottom:0;padding-top:0;padding-bottom:var(--wp--preset--spacing--80)\">\n<div class=\"wp-block-column stick\">\t<div \t\tclass=\"media-container aspect-square    \"\n\t\t\t>\n\t\t<img loading=\"lazy\" decoding=\"async\" width=\"1024\" height=\"683\" src=\"https:\/\/www.freyshotels.com\/corner\/wp-content\/uploads\/2026\/04\/corner_hotel_superiorrum_4-1024x683.jpg\" class=\"absolute h-full w-full object-cover rounded-2xl image-center-center\" alt=\"\" sizes=\"auto, (min-width: 1024px) 1600px, 1024px\" data-sizes=\"auto\" srcset=\"https:\/\/www.freyshotels.com\/corner\/wp-content\/uploads\/2026\/04\/corner_hotel_superiorrum_4-1024x683.jpg 1024w, https:\/\/www.freyshotels.com\/corner\/wp-content\/uploads\/2026\/04\/corner_hotel_superiorrum_4-300x200.jpg 300w, https:\/\/www.freyshotels.com\/corner\/wp-content\/uploads\/2026\/04\/corner_hotel_superiorrum_4-768x512.jpg 768w, https:\/\/www.freyshotels.com\/corner\/wp-content\/uploads\/2026\/04\/corner_hotel_superiorrum_4-1536x1024.jpg 1536w, https:\/\/www.freyshotels.com\/corner\/wp-content\/uploads\/2026\/04\/corner_hotel_superiorrum_4.jpg 1920w\" \/>\t<\/div>\n\t<\/div>\n\n\n\n<div class=\"wp-block-column\">\n<h2 class=\"wp-block-heading has-brand-600-color has-text-color has-link-color wp-elements-cc2393528144b18a36a8c1f478a16edb\">Superior &amp; Svit<\/h2>\n\n\n\n<p class=\"has-medium-font-size\">F\u00f6r dig som \u00f6nskar mer utrymme erbjuder vi v\u00e5ra superiorrum och sviter, flera med balkong. H\u00e4r bor du rymligare med en mer exklusiv k\u00e4nsla, och i v\u00e5ra Superior Plus-rum finns m\u00f6jlighet att bo upp till fyra personer.<\/p>\n\n\n    <div\n\t\t        class=\"weglot-translate has-normal-font-size    \"\n\t\tstyle=\"margin-top: var(--wp--preset--spacing--40);\"    >\n        <div x-data=\"loadMorePosts({\n        currentPost: '325',\n        postType: 'hotel_room',\n        initialCategories: '15',\n        initialTags: '',\n        postsPerPage: -1,\n        })\"\n             class=\"mx-auto flex flex-col items-center bg-inherit\"\n        >\n\t\t\t\n            <div x-show=\"noResults\" class=\"text-gray-500\">\n\t\t\t\tInga poster hittades            <\/div>\n\n            <div x-show=\"loading\" class=\"loading w-full h-[100px] self-start\"><\/div>\n\n            <div class=\"w-full grid gap-5 md:gap-8 room_card_alt\">\n                <template x-for=\"post in posts\" :key=\"post.id\">\n\t\t\t\t\t<a\n    x-bind:href=\"post.url\"\n    x-bind:aria-label=\"post.title\"\n    x-bind:target=\"post.target\"\n    class=\"group xl:flex flex-wrap gap-x-spacing-30 h-full bg-inherit overflow-hidden no-underline p-spacing-20 rounded-xl border border-black\/10 transition-shadow duration-300 xl:hover:shadow-2xl\"\n>\n    <div class=\"relative aspect-[8\/5] mb-spacing-20 xl:mb-0 h-auto xl:aspect-[4\/3] basis-full xl:h-full xl:basis-1\/2 rounded-lg overflow-hidden\">\n        <div x-html=\"post.thumbnail\"><\/div>\n        <div class=\"absolute inset-0 pointer-events-none bg-black opacity-20 xl:group-hover:opacity-0 transition-all duration-300\"><\/div>\n        <button\n            x-data\n            @click.prevent=\"$store.flyouts.openRoom(post.id)\"\n            :class=\"{ 'loading': $store.flyouts.roomLoading &#038;&#038; $store.flyouts.roomPostId == post.id }\"\n            class=\"icon-eye hidden xl:block absolute left-1\/2 bottom-1\/2 -translate-x-1\/2 translate-y-full rounded-full bg-white shadow-button h-12 w-12 text-[24px] opacity-0 hover:scale-110 group-hover:translate-y-1\/2 group-hover:opacity-100 transition-all duration-300\"\n        ><\/button>\n        <div class=\"absolute top-spacing-10 left-spacing-10 flex flex-wrap gap-2\">\n            <div class=\"chip bg-brand-100\" x-show=\"post.tag\" x-text=\"post.tag\"><\/div>\n        <\/div>\n    <\/div>\n\n    <div class=\"flex flex-col items-start flex-1\">\n        <h3 class=\"has-medium-font-size font-medium xl:group-hover:underlined\" x-html=\"post.title\"><\/h3>\n        <template x-if=\"post.size || post.number_of_people || post.time\">\n            <div class=\"flex flex-wrap gap-2 mt-spacing-10 mb-spacing-30\">\n                <template x-if=\"post.time\">\n                    <div class=\"chip big text-brand-400 border border-brand-400\">\n                        <i class=\"icon-clock text-[18px]\"><\/i>\n                        <span x-text=\"post.time\"><\/span>\n                    <\/div>\n                <\/template>\n                <template x-if=\"post.size\">\n                    <div class=\"has-extra-small-font-size text-brand-400 border border-brand-400 rounded-md py-1.5 px-3 flex items-center gap-x-2\">\n                        <i class=\"icon-size text-[18px]\"><\/i>\n                        <span x-text=\"post.size + ' kvm'\"><\/span>\n                    <\/div>\n                <\/template>\n                <template x-if=\"post.number_of_people\">\n                    <div class=\"has-extra-small-font-size text-brand-400 border border-brand-400 rounded-md py-1.5 px-3 flex items-center gap-x-2\">\n                        <i class=\"icon-user text-[18px]\"><\/i>\n                        <span x-text=\"post.number_of_people + (post.number_of_people == 1 ? ' person' : ' personer')\"><\/span>\n                    <\/div>\n                <\/template>\n            <\/div>\n        <\/template>\n                    <div class=\"mt-auto has-small-font-size\" x-text=\"post.excerpt\"><\/div>\n            <\/div>\n<\/a>\n                <\/template>\n            <\/div>\n\n\t\t\t                <button x-show=\"hasMore\" :class=\"{ 'loading': loading }\" x-on:click=\"loadMore()\" :disabled=\"loading\" aria-label=\"Visa fler\" class=\"mt-spacing-40 wp-block-button__link is-style-outline has-background has-black-background-color\" style=\"display:none;\">\n\t\t\t\t\tVisa fler                <\/button>\n\t\t\t\t\n        <\/div>\n    <\/div>\n\t<\/div>\n<\/div>\n\n\n\n<div class=\"wp-block-columns has-2-columns alignfull noice\" style=\"column-gap: var(--wp--preset--spacing--40); row-gap: var(--wp--preset--spacing--40); padding-top:var(--wp--preset--spacing--70);padding-bottom:var(--wp--preset--spacing--60)\">\n<div class=\"wp-block-column\">\n<h2 class=\"wp-block-heading has-h-3-font-size\">Vanliga fr\u00e5gor och svar inf\u00f6r din vistelse<\/h2>\n\n\n\n<p>N\u00e4r kan du checka in? Ing\u00e5r frukost? Finns parkering eller m\u00f6jlighet att ta med hund?&nbsp;H\u00e4r har vi samlat svaren p\u00e5 de vanligaste fr\u00e5gorna inf\u00f6r din vistelse p\u00e5 Corner&nbsp;Hotel.&nbsp;<\/p>\n\n\n\n<div class=\"wp-block-buttons\">\n<div class=\"wp-block-button is-style-outline is-style-outline--1\"><a class=\"wp-block-button__link has-black-background-color has-background wp-element-button\" href=\"https:\/\/www.freyshotels.com\/corner\/fragor-och-svar\/\" target=\"_blank\" rel=\"noreferrer noopener\">Se alla fr\u00e5gor och svar<\/a><\/div>\n<\/div>\n<\/div>\n\n\n\n<div class=\"wp-block-column\"><div \tclass=\"   \"\n\t>\n\t    <div\n                class=\"w-full    \"\n            >\n                    <div id=\"faq-1234\" x-data=\"{ open: false }\" class=\"py-spacing-10 border-b border-black\/10\">\n                <button x-on:click=\"open = ! open\" x-bind:class=\"open ? 'faq-close text-brand-500' : 'faq-open'\" aria-label=\"Visa svar\" class=\"group w-full flex items-start justify-between gap-x-4 text-left has-medium-font-size\">\n                    <span class=\"self-center flex-1 xl:group-hover:text-brand-500\">Finns det parkering?<\/span>\n                    <i x-bind:class=\"open ? 'icon-minus' : 'icon-plus'\" class=\"flex items-center justify-center size-10 min-w-10 bg-white rounded-full shadow-button text-[20px] text-neutral-600 focus:!shadow-button xl:hover:scale-110 transition-all duration-200\"><\/i>\n                <\/button>\n                <div x-cloak x-show=\"open\" class=\"mt-2\">\n                    <div class=\"py-3 md:py-4\">\n                        <p data-start=\"323\" data-end=\"570\">Vi har ett garage som tillh\u00f6r hotellet. Kostnaden \u00e4r 350 SEK per natt (fr\u00e5n kl. 15.00 p\u00e5 ankomstdagen till kl. 12.00 p\u00e5 avresedagen). Garaget \u00e4r \u00f6ppet mellan 07.00 och 22.30. Antalet platser \u00e4r begr\u00e4nsat, s\u00e5 vi rekommenderar att du bokar i f\u00f6rv\u00e4g.<\/p>\n<p data-start=\"572\" data-end=\"893\">Det finns \u00e4ven m\u00f6jlighet till gatuparkering i omr\u00e5det utanf\u00f6r hotellet, i m\u00e5n av plats. F\u00f6r gatuparkering g\u00e4ller stadens regler och avgifter, med avgift vardagar 07.00\u201319.00 samt l\u00f6rdagar 11.00\u201317.00. Observera att st\u00e4ddagar f\u00f6rekommer, d\u00e5 parkering inte \u00e4r till\u00e5ten enligt skyltning. \u00d6vrig tid \u00e4r parkeringen avgiftsfri.<\/p>\n                    <\/div>\n                <\/div>\n            <\/div>\n                        <div id=\"faq-1258\" x-data=\"{ open: false }\" class=\"py-spacing-10 border-b border-black\/10\">\n                <button x-on:click=\"open = ! open\" x-bind:class=\"open ? 'faq-close text-brand-500' : 'faq-open'\" aria-label=\"Visa svar\" class=\"group w-full flex items-start justify-between gap-x-4 text-left has-medium-font-size\">\n                    <span class=\"self-center flex-1 xl:group-hover:text-brand-500\">N\u00e4r serveras hotellfrukosten?<\/span>\n                    <i x-bind:class=\"open ? 'icon-minus' : 'icon-plus'\" class=\"flex items-center justify-center size-10 min-w-10 bg-white rounded-full shadow-button text-[20px] text-neutral-600 focus:!shadow-button xl:hover:scale-110 transition-all duration-200\"><\/i>\n                <\/button>\n                <div x-cloak x-show=\"open\" class=\"mt-2\">\n                    <div class=\"py-3 md:py-4\">\n                        <p><span class=\"TextRun SCXW139903384 BCX0\" lang=\"SV-SE\" xml:lang=\"SV-SE\" data-contrast=\"auto\"><span class=\"NormalTextRun SCXW139903384 BCX0\">Frukostbuff\u00e9n serveras:<\/span><\/span><span class=\"LineBreakBlob BlobObject DragDrop SCXW139903384 BCX0\"><span class=\"SCXW139903384 BCX0\">\u00a0<\/span><br class=\"SCXW139903384 BCX0\" \/><\/span><span class=\"TextRun SCXW139903384 BCX0\" lang=\"SV-SE\" xml:lang=\"SV-SE\" data-contrast=\"auto\"><span class=\"NormalTextRun SCXW139903384 BCX0\">M\u00e5ndag\u2013fredag kl. 07.00\u201310.00<\/span><\/span><span class=\"LineBreakBlob BlobObject DragDrop SCXW139903384 BCX0\"><span class=\"SCXW139903384 BCX0\">\u00a0<\/span><br class=\"SCXW139903384 BCX0\" \/><\/span><span class=\"TextRun SCXW139903384 BCX0\" lang=\"SV-SE\" xml:lang=\"SV-SE\" data-contrast=\"auto\"><span class=\"NormalTextRun SCXW139903384 BCX0\">L\u00f6rdag\u2013s\u00f6ndag kl. 07.30\u201310.30<\/span><\/span><span class=\"LineBreakBlob BlobObject DragDrop SCXW139903384 BCX0\"><span class=\"SCXW139903384 BCX0\"><\/p>\n<p><\/span><\/span><span class=\"TextRun SCXW139903384 BCX0\" lang=\"SV-SE\" xml:lang=\"SV-SE\" data-contrast=\"auto\"><span class=\"NormalTextRun SCXW139903384 BCX0\">\u00d6nskar du tidigare frukost hj\u00e4lper vi dig g\u00e4rna \u2013 kontakta receptionen i f\u00f6rv\u00e4g.<\/span><\/span><\/p>\n                    <\/div>\n                <\/div>\n            <\/div>\n                        <div id=\"faq-1251\" x-data=\"{ open: false }\" class=\"py-spacing-10 border-b border-black\/10\">\n                <button x-on:click=\"open = ! open\" x-bind:class=\"open ? 'faq-close text-brand-500' : 'faq-open'\" aria-label=\"Visa svar\" class=\"group w-full flex items-start justify-between gap-x-4 text-left has-medium-font-size\">\n                    <span class=\"self-center flex-1 xl:group-hover:text-brand-500\">Vilken tid kan jag checka in och checka ut?<\/span>\n                    <i x-bind:class=\"open ? 'icon-minus' : 'icon-plus'\" class=\"flex items-center justify-center size-10 min-w-10 bg-white rounded-full shadow-button text-[20px] text-neutral-600 focus:!shadow-button xl:hover:scale-110 transition-all duration-200\"><\/i>\n                <\/button>\n                <div x-cloak x-show=\"open\" class=\"mt-2\">\n                    <div class=\"py-3 md:py-4\">\n                        <p><span class=\"TextRun SCXW32861723 BCX0\" lang=\"SV-SE\" xml:lang=\"SV-SE\" data-contrast=\"auto\"><span class=\"NormalTextRun SCXW32861723 BCX0\">Incheckning \u00e4r garanterad fr\u00e5n kl. 15.00. Om du anl\u00e4nder tidigare och rummet inte \u00e4r klart, f\u00f6rvarar vi g\u00e4rna ditt bagage.<br \/>\n<\/span><\/span><span class=\"LineBreakBlob BlobObject DragDrop SCXW32861723 BCX0\"><span class=\"SCXW32861723 BCX0\">\u00a0<\/span><br class=\"SCXW32861723 BCX0\" \/><\/span><span class=\"TextRun SCXW32861723 BCX0\" lang=\"SV-SE\" xml:lang=\"SV-SE\" data-contrast=\"auto\"><span class=\"NormalTextRun SCXW32861723 BCX0\">Utcheckning sker senast kl. 12.00.<\/span><\/span><span class=\"LineBreakBlob BlobObject DragDrop SCXW32861723 BCX0\"><span class=\"SCXW32861723 BCX0\">\u00a0<\/span><br class=\"SCXW32861723 BCX0\" \/><\/span><span class=\"TextRun SCXW32861723 BCX0\" lang=\"SV-SE\" xml:lang=\"SV-SE\" data-contrast=\"auto\"><span class=\"NormalTextRun SCXW32861723 BCX0\">I m\u00e5n av plats kan vi erbjuda sen utcheckning fram till kl. 14.00 mot en avgift p\u00e5 250 SEK. Kontakta g\u00e4rna receptionen kv\u00e4llen innan avresa.<\/span><\/span><\/p>\n                    <\/div>\n                <\/div>\n            <\/div>\n                        <div id=\"faq-1252\" x-data=\"{ open: false }\" class=\"py-spacing-10 border-b border-black\/10\">\n                <button x-on:click=\"open = ! open\" x-bind:class=\"open ? 'faq-close text-brand-500' : 'faq-open'\" aria-label=\"Visa svar\" class=\"group w-full flex items-start justify-between gap-x-4 text-left has-medium-font-size\">\n                    <span class=\"self-center flex-1 xl:group-hover:text-brand-500\">Har ni bagagef\u00f6rvaring?<\/span>\n                    <i x-bind:class=\"open ? 'icon-minus' : 'icon-plus'\" class=\"flex items-center justify-center size-10 min-w-10 bg-white rounded-full shadow-button text-[20px] text-neutral-600 focus:!shadow-button xl:hover:scale-110 transition-all duration-200\"><\/i>\n                <\/button>\n                <div x-cloak x-show=\"open\" class=\"mt-2\">\n                    <div class=\"py-3 md:py-4\">\n                        <p><span class=\"TextRun SCXW188228301 BCX0\" lang=\"SV-SE\" xml:lang=\"SV-SE\" data-contrast=\"auto\"><span class=\"NormalTextRun SCXW188228301 BCX0\">Ja, vi erbjuder bagagef\u00f6rvaring som du som g\u00e4st kan anv\u00e4nda kostnadsfritt. Observera att vi inte ansvarar f\u00f6r v\u00e4rdesaker som l\u00e4mnas d\u00e4r.<\/span><\/span><\/p>\n                    <\/div>\n                <\/div>\n            <\/div>\n                <\/div>\n    <script type=\"application\/ld+json\">\n        {\n    \"@context\": \"https:\/\/schema.org\",\n    \"@type\": \"FAQPage\",\n    \"mainEntity\": [\n        {\n            \"@type\": \"Question\",\n            \"name\": \"Finns det parkering?\",\n            \"acceptedAnswer\": {\n                \"@type\": \"Answer\",\n                \"text\": \"Vi har ett garage som tillh\u00f6r hotellet. Kostnaden \u00e4r 350 SEK per natt (fr\u00e5n kl. 15.00 p\u00e5 ankomstdagen till kl. 12.00 p\u00e5 avresedagen). Garaget \u00e4r \u00f6ppet mellan 07.00 och 22.30. Antalet platser \u00e4r begr\u00e4nsat, s\u00e5 vi rekommenderar att du bokar i f\u00f6rv\u00e4g.\\nDet finns \u00e4ven m\u00f6jlighet till gatuparkering i omr\u00e5det utanf\u00f6r hotellet, i m\u00e5n av plats. F\u00f6r gatuparkering g\u00e4ller stadens regler och avgifter, med avgift vardagar 07.00\u201319.00 samt l\u00f6rdagar 11.00\u201317.00. Observera att st\u00e4ddagar f\u00f6rekommer, d\u00e5 parkering inte \u00e4r till\u00e5ten enligt skyltning. \u00d6vrig tid \u00e4r parkeringen avgiftsfri.\"\n            }\n        },\n        {\n            \"@type\": \"Question\",\n            \"name\": \"N\u00e4r serveras hotellfrukosten?\",\n            \"acceptedAnswer\": {\n                \"@type\": \"Answer\",\n                \"text\": \"Frukostbuff\u00e9n serveras:\u00a0M\u00e5ndag\u2013fredag kl. 07.00\u201310.00\u00a0L\u00f6rdag\u2013s\u00f6ndag kl. 07.30\u201310.30\\n\u00d6nskar du tidigare frukost hj\u00e4lper vi dig g\u00e4rna \u2013 kontakta receptionen i f\u00f6rv\u00e4g.\"\n            }\n        },\n        {\n            \"@type\": \"Question\",\n            \"name\": \"Vilken tid kan jag checka in och checka ut?\",\n            \"acceptedAnswer\": {\n                \"@type\": \"Answer\",\n                \"text\": \"Incheckning \u00e4r garanterad fr\u00e5n kl. 15.00. Om du anl\u00e4nder tidigare och rummet inte \u00e4r klart, f\u00f6rvarar vi g\u00e4rna ditt bagage.\\n\u00a0Utcheckning sker senast kl. 12.00.\u00a0I m\u00e5n av plats kan vi erbjuda sen utcheckning fram till kl. 14.00 mot en avgift p\u00e5 250 SEK. Kontakta g\u00e4rna receptionen kv\u00e4llen innan avresa.\"\n            }\n        },\n        {\n            \"@type\": \"Question\",\n            \"name\": \"Har ni bagagef\u00f6rvaring?\",\n            \"acceptedAnswer\": {\n                \"@type\": \"Answer\",\n                \"text\": \"Ja, vi erbjuder bagagef\u00f6rvaring som du som g\u00e4st kan anv\u00e4nda kostnadsfritt. Observera att vi inte ansvarar f\u00f6r v\u00e4rdesaker som l\u00e4mnas d\u00e4r.\"\n            }\n        }\n    ]\n}    <\/script>\n    <\/div><\/div>\n<\/div>\n\n\n\n<div class=\"wp-block-group alignfull noice has-brand-200-background-color has-background\" style=\"padding-top:var(--wp--preset--spacing--80);padding-bottom:var(--wp--preset--spacing--80)\">    <div\n                class=\"   \"\n            >\n        <div class=\"w-full grid sm:grid-cols-2 gap-5 md:gap-8 xxl:gap-10 img_card\">    <a href=\"https:\/\/www.freyshotels.com\/corner\/hotell-stockholm\/hotellerbjudanden\/\"\n       aria-label=\"Hotellerbjudanden\"\n       class=\"relative group !flex flex-col h-full overflow-hidden no-underline text-white rounded-xl \"\n    >\n\n        <div class=\"absolute inset-0\">\n            <img loading=\"lazy\" decoding=\"async\" width=\"768\" height=\"512\" src=\"https:\/\/www.freyshotels.com\/corner\/wp-content\/uploads\/2026\/04\/corner_hotel_blommor_pa_rummet-768x512.jpg\" class=\"absolute w-full h-full object-cover object-center\" alt=\"\" srcset=\"https:\/\/www.freyshotels.com\/corner\/wp-content\/uploads\/2026\/04\/corner_hotel_blommor_pa_rummet-768x512.jpg 768w, https:\/\/www.freyshotels.com\/corner\/wp-content\/uploads\/2026\/04\/corner_hotel_blommor_pa_rummet-300x200.jpg 300w, https:\/\/www.freyshotels.com\/corner\/wp-content\/uploads\/2026\/04\/corner_hotel_blommor_pa_rummet-1024x683.jpg 1024w, https:\/\/www.freyshotels.com\/corner\/wp-content\/uploads\/2026\/04\/corner_hotel_blommor_pa_rummet-1536x1024.jpg 1536w, https:\/\/www.freyshotels.com\/corner\/wp-content\/uploads\/2026\/04\/corner_hotel_blommor_pa_rummet.jpg 1920w\" sizes=\"auto, (max-width: 768px) 100vw, 768px\" \/>        <\/div>\n\n        <div class=\"absolute inset-0 pointer-events-none bg-gradient-to-r from-black\/40 to-black\/20 opacity-100 xl:group-hover:opacity-70 transition-all duration-300\"><\/div>\n\n        <div class=\"relative p-spacing-40 flex-1 flex flex-col items-start maxxl:!aspect-auto maxlg:!py-spacing-80 xl:aspect-[4\/3]\">\n            <div class=\"relative h-full flex flex-col items-center text-center justify-center lg:justify-start lg:items-start lg:text-left\">\n                                <h3 class=\"uppercase xl:group-hover:underlined\">Hotellerbjudanden<\/h3>\n                <p class=\"mb-spacing-80\">V\u00e5ra b\u00e4sta hotellerbjudanden f\u00f6r \u00f6vernattning i Stockholm hittar du h\u00e4r p\u00e5 v\u00e5r sajt. N\u00e4r du bokar direkt hos oss p\u00e5 Corner\u00a0Hotel\u00a0i Vasastan f\u00e5r du alltid b\u00e4sta pris och fler f\u00f6rm\u00e5ner.<\/p>\n                <div class=\"is-style-outline wp-block-button__link has-background has-white-background-color mt-auto\">Aktuella erbjudanden och hotellpaket<\/div>\n            <\/div>\n        <\/div>\n    <\/a>\n        <a href=\"https:\/\/www.freyshotels.com\/corner\/hotell-stockholm\/hundvanligt-hotell\/\"\n       aria-label=\"Hundv\u00e4nligt hotell\"\n       class=\"relative group !flex flex-col h-full overflow-hidden no-underline text-white rounded-xl \"\n    >\n\n        <div class=\"absolute inset-0\">\n            <img loading=\"lazy\" decoding=\"async\" width=\"768\" height=\"512\" src=\"https:\/\/www.freyshotels.com\/corner\/wp-content\/uploads\/2026\/04\/freys_hotel_hund_hotellrum5-768x512.jpg\" class=\"absolute w-full h-full object-cover object-center\" alt=\"\" srcset=\"https:\/\/www.freyshotels.com\/corner\/wp-content\/uploads\/2026\/04\/freys_hotel_hund_hotellrum5-768x512.jpg 768w, https:\/\/www.freyshotels.com\/corner\/wp-content\/uploads\/2026\/04\/freys_hotel_hund_hotellrum5-300x200.jpg 300w, https:\/\/www.freyshotels.com\/corner\/wp-content\/uploads\/2026\/04\/freys_hotel_hund_hotellrum5-1024x683.jpg 1024w, https:\/\/www.freyshotels.com\/corner\/wp-content\/uploads\/2026\/04\/freys_hotel_hund_hotellrum5-1536x1024.jpg 1536w, https:\/\/www.freyshotels.com\/corner\/wp-content\/uploads\/2026\/04\/freys_hotel_hund_hotellrum5.jpg 1920w\" sizes=\"auto, (max-width: 768px) 100vw, 768px\" \/>        <\/div>\n\n        <div class=\"absolute inset-0 pointer-events-none bg-gradient-to-r from-black\/40 to-black\/20 opacity-100 xl:group-hover:opacity-70 transition-all duration-300\"><\/div>\n\n        <div class=\"relative p-spacing-40 flex-1 flex flex-col items-start maxxl:!aspect-auto maxlg:!py-spacing-80 xl:aspect-[4\/3]\">\n            <div class=\"relative h-full flex flex-col items-center text-center justify-center lg:justify-start lg:items-start lg:text-left\">\n                                <h3 class=\"uppercase xl:group-hover:underlined\">Hundv\u00e4nligt hotell<\/h3>\n                <p class=\"mb-spacing-80\">P\u00e5 Corner Hotel \u00e4r din hund varmt v\u00e4lkommen. I v\u00e5ra utvalda hotellrum kan du bo tillsammans med din fyrbenta v\u00e4n, och vi g\u00f6r allt f\u00f6r att b\u00e5de du och hunden ska trivas under vistelsen<\/p>\n                <div class=\"is-style-outline wp-block-button__link has-background has-white-background-color mt-auto\">L\u00e4s mer<\/div>\n            <\/div>\n        <\/div>\n    <\/a>\n    <\/div>    <\/div>\n    <\/div>\n\n\n\n<div class=\"wp-block-columns has-2-columns alignfull are-vertically-aligned-center noice\" style=\"column-gap: var(--wp--preset--spacing--80); row-gap: var(--wp--preset--spacing--30); padding-top:var(--wp--preset--spacing--60);padding-bottom:var(--wp--preset--spacing--80)\">\n<div class=\"wp-block-column is-vertically-aligned-center stick\">\t<div \t\tclass=\"media-container aspect-square    \"\n\t\t\t>\n\t\t<img loading=\"lazy\" decoding=\"async\" width=\"1024\" height=\"683\" src=\"https:\/\/www.freyshotels.com\/corner\/wp-content\/uploads\/2026\/04\/corner_hotel_freys_entre_sommar-1024x683.jpg\" class=\"absolute h-full w-full object-cover rounded-2xl image-center-center\" alt=\"\" sizes=\"auto, (min-width: 1024px) 1600px, 1024px\" data-sizes=\"auto\" srcset=\"https:\/\/www.freyshotels.com\/corner\/wp-content\/uploads\/2026\/04\/corner_hotel_freys_entre_sommar-1024x683.jpg 1024w, https:\/\/www.freyshotels.com\/corner\/wp-content\/uploads\/2026\/04\/corner_hotel_freys_entre_sommar-300x200.jpg 300w, https:\/\/www.freyshotels.com\/corner\/wp-content\/uploads\/2026\/04\/corner_hotel_freys_entre_sommar-768x512.jpg 768w, https:\/\/www.freyshotels.com\/corner\/wp-content\/uploads\/2026\/04\/corner_hotel_freys_entre_sommar-1536x1025.jpg 1536w, https:\/\/www.freyshotels.com\/corner\/wp-content\/uploads\/2026\/04\/corner_hotel_freys_entre_sommar.jpg 1920w\" \/>\t<\/div>\n\t<\/div>\n\n\n\n<div class=\"wp-block-column is-vertically-aligned-center\">\n<p class=\"has-brand-400-color has-text-color has-link-color has-script-medium-font-size wp-elements-0ea35624b9a5f717ed8a07e5c3c167e3\">En plats att l\u00e4ngta till<\/p>\n\n\n\n<h2 class=\"wp-block-heading has-brand-600-color has-text-color has-link-color has-h-3-font-size wp-elements-bbf0af19e066938ff74082261c28d20f\">mitt i stockholm city<\/h2>\n\n\n\n<p class=\"has-brand-600-color has-text-color has-link-color wp-elements-5f3d5e550116f8eac236b2d2bdc52856\">Corner&nbsp;Hotel&nbsp;\u00e4r ett mysigt och personligt hotell mitt i stadens hj\u00e4rta. H\u00e4r m\u00f6ts ombonad atmosf\u00e4r med v\u00e4rme och omtanke, och varje rum \u00e4r utformat f\u00f6r att du ska k\u00e4nna dig bekv\u00e4m och v\u00e4lkommen.&nbsp;<\/p>\n\n\n\n<p>B\u00f6rja dagen i mjuka lakan, ge dig ut i Stockholms puls och kom sedan tillbaka till en plats d\u00e4r du kan k\u00e4nna dig som hemma. Oavsett om du reser f\u00f6r jobb, romantik, familj eller med hunden \u2013 Corner&nbsp;Hotel&nbsp;\u00e4r din trygga och personliga bas.&nbsp;<\/p>\n\n\n\n<p class=\"has-brand-600-color has-text-color has-link-color wp-elements-f7e5620352b84f68fa9b5f74058b879c\">Ett hotell f\u00f6r dig som vill bo centralt, bekv\u00e4mt och hemtrevligt, med fokus p\u00e5 trivsel och omtanke.&nbsp;<\/p>\n\n\n\n<div class=\"wp-block-buttons\">\n<div class=\"wp-block-button is-style-fill\"><a class=\"wp-block-button__link has-brand-500-background-color has-background wp-element-button\" href=\"https:\/\/www.freyshotels.com\/corner\/hotell-stockholm\/\">l\u00e4s mer om hotellet<\/a><\/div>\n<\/div>\n<\/div>\n<\/div>\n\n\n\n<div class=\"wp-block-columns has-2-columns are-vertically-aligned-center reverse\" style=\"column-gap: var(--wp--preset--spacing--80); row-gap: var(--wp--preset--spacing--30); margin-top:0;margin-bottom:var(--wp--preset--spacing--70)\">\n<div class=\"wp-block-column is-vertically-aligned-center\">\t<div \t\tclass=\"media-container aspect-square    \"\n\t\t\t>\n\t\t<img loading=\"lazy\" decoding=\"async\" width=\"1024\" height=\"665\" src=\"https:\/\/www.freyshotels.com\/corner\/wp-content\/uploads\/2026\/04\/corner_hotel_vippaket_romantiklyx-1-1024x665.jpg\" class=\"absolute h-full w-full object-cover rounded-2xl image-center-center\" alt=\"\" sizes=\"auto, (min-width: 1024px) 1600px, 1024px\" data-sizes=\"auto\" srcset=\"https:\/\/www.freyshotels.com\/corner\/wp-content\/uploads\/2026\/04\/corner_hotel_vippaket_romantiklyx-1-1024x665.jpg 1024w, https:\/\/www.freyshotels.com\/corner\/wp-content\/uploads\/2026\/04\/corner_hotel_vippaket_romantiklyx-1-300x195.jpg 300w, https:\/\/www.freyshotels.com\/corner\/wp-content\/uploads\/2026\/04\/corner_hotel_vippaket_romantiklyx-1-768x499.jpg 768w, https:\/\/www.freyshotels.com\/corner\/wp-content\/uploads\/2026\/04\/corner_hotel_vippaket_romantiklyx-1-1536x998.jpg 1536w, https:\/\/www.freyshotels.com\/corner\/wp-content\/uploads\/2026\/04\/corner_hotel_vippaket_romantiklyx-1.jpg 1920w\" \/>\t<\/div>\n\t<\/div>\n\n\n\n<div class=\"wp-block-column is-vertically-aligned-center\">\n<p class=\"has-brand-400-color has-text-color has-link-color has-script-medium-font-size wp-elements-ffc084094afcdd77a27a94841ac1d1c3\">Lyxa till det<\/p>\n\n\n\n<h2 class=\"wp-block-heading has-brand-600-color has-text-color has-link-color wp-elements-d2722573106a941594d772af8e2442bc\">vip-paket &amp; tillval<\/h2>\n\n\n\n<p class=\"has-brand-600-color has-text-color has-link-color wp-elements-4301820de85944ba4a351c20d2a70f66\">Vill du g\u00f6ra din vistelse p\u00e5 Corner&nbsp;Hotel&nbsp;\u00e4nnu mer speciell? Vi erbjuder flera VIP-paket som ger en touch av extra lyx och komfort p\u00e5 rummet \u2013 allt fr\u00e5n eleganta blombuketter och choklad till champagne och andra \u00f6verraskningar som vi g\u00e4rna anpassar efter dina \u00f6nskem\u00e5l.&nbsp;<\/p>\n\n\n\n<p class=\"has-brand-600-color has-text-color has-link-color wp-elements-c8c5844b174540474e0b399c1c9b0ae2\">F\u00f6r \u00e4nnu st\u00f6rre bekv\u00e4mlighet kan du boka sen utcheckning mot en avgift eller s\u00e4kra en garageplats f\u00f6r bilen. V\u00e5ra VIP-paket serveras alltid kl. 15.00 p\u00e5 ankomstdagen, s\u00e5 att du direkt kan b\u00f6rja uppleva en lyxig och avkopplande vistelse. Oavsett om det g\u00e4ller en romantisk weekend, familjens vistelse eller en&nbsp;staycation&nbsp;g\u00f6r vi allt f\u00f6r att din tid hos oss ska bli minnesv\u00e4rd.<\/p>\n\n\n\n<div class=\"wp-block-buttons\">\n<div class=\"wp-block-button is-style-fill\"><a class=\"wp-block-button__link has-brand-500-background-color has-background wp-element-button\" href=\"https:\/\/www.freyshotels.com\/corner\/hotell-stockholm\/vip-paket-och-tillval\/\" target=\"_blank\" rel=\"noreferrer noopener\">utforska v\u00e5ra vip-paket<\/a><\/div>\n<\/div>\n<\/div>\n<\/div>\n","protected":false},"excerpt":{"rendered":"<p>Hos oss p\u00e5 Corner\u00a0Hotel\u00a0kan du v\u00e4lja mellan flera olika rumskategorier \u2013 fr\u00e5n bekv\u00e4ma enkelrum till familjerum f\u00f6r upp till fem personer. Vi erbjuder \u00e4ven\u00a0superiorrum, Premiumrum och en svit f\u00f6r dig som \u00f6nskar extra utrymme och en mer exklusiv hotellupplevelse i Vasastan.\u00a0<\/p>\n","protected":false},"author":1,"featured_media":1390,"parent":313,"menu_order":10,"comment_status":"closed","ping_status":"closed","template":"","meta":{"_acf_changed":false,"footnotes":""},"page_category":[],"page_tag":[],"class_list":["post-325","page","type-page","status-publish","has-post-thumbnail","hentry"],"acf":[],"publishpress_future_action":{"enabled":false,"date":"2026-05-06 13:34:51","action":"change-status","newStatus":"draft","terms":[],"taxonomy":"page_category","extraData":[]},"publishpress_future_workflow_manual_trigger":{"enabledWorkflows":[]},"_links":{"self":[{"href":"https:\/\/www.freyshotels.com\/corner\/wp-json\/wp\/v2\/pages\/325","targetHints":{"allow":["GET"]}}],"collection":[{"href":"https:\/\/www.freyshotels.com\/corner\/wp-json\/wp\/v2\/pages"}],"about":[{"href":"https:\/\/www.freyshotels.com\/corner\/wp-json\/wp\/v2\/types\/page"}],"author":[{"embeddable":true,"href":"https:\/\/www.freyshotels.com\/corner\/wp-json\/wp\/v2\/users\/1"}],"replies":[{"embeddable":true,"href":"https:\/\/www.freyshotels.com\/corner\/wp-json\/wp\/v2\/comments?post=325"}],"version-history":[{"count":20,"href":"https:\/\/www.freyshotels.com\/corner\/wp-json\/wp\/v2\/pages\/325\/revisions"}],"predecessor-version":[{"id":1648,"href":"https:\/\/www.freyshotels.com\/corner\/wp-json\/wp\/v2\/pages\/325\/revisions\/1648"}],"up":[{"embeddable":true,"href":"https:\/\/www.freyshotels.com\/corner\/wp-json\/wp\/v2\/pages\/313"}],"wp:featuredmedia":[{"embeddable":true,"href":"https:\/\/www.freyshotels.com\/corner\/wp-json\/"}],"wp:attachment":[{"href":"https:\/\/www.freyshotels.com\/corner\/wp-json\/wp\/v2\/media?parent=325"}],"wp:term":[{"taxonomy":"page_category","embeddable":true,"href":"https:\/\/www.freyshotels.com\/corner\/wp-json\/wp\/v2\/page_category?post=325"},{"taxonomy":"page_tag","embeddable":true,"href":"https:\/\/www.freyshotels.com\/corner\/wp-json\/wp\/v2\/page_tag?post=325"}],"curies":[{"name":"wp","href":"https:\/\/api.w.org\/{rel}","templated":true}]}}