{"id":327,"date":"2026-03-17T08:29:39","date_gmt":"2026-03-17T08:29:39","guid":{"rendered":"https:\/\/www.freyshotels.com\/corner\/?page_id=327"},"modified":"2026-04-28T13:51:18","modified_gmt":"2026-04-28T13:51:18","slug":"foretagslagenheter-stockholm","status":"publish","type":"page","link":"https:\/\/www.freyshotels.com\/corner\/foretagslagenheter-stockholm\/","title":{"rendered":"L\u00e4genheter"},"content":{"rendered":"\n<div class=\"wp-block-columns has-2-columns alignfull paralax reverse wrap-lg min-h-screen\" style=\" padding-top:0;padding-right:0;padding-bottom:0;padding-left:0\">\n<div class=\"wp-block-column\" style=\"flex-basis:50%\">\n<div style=\"aspect-ratio:auto; justify-content:flex-end; padding-top:var(--wp--preset--spacing--40);padding-bottom:var(--wp--preset--spacing--40);padding-left:var(--wp--preset--spacing--40);padding-right:var(--wp--preset--spacing--40); min-height:100%;\" class=\"align wp-block-create-block-tankbar-multiblock has-text-color has-background\">\n\n\t<div class=\"multiblock-bg\">\n\n\t\t\t\t<div class=\"absolute inset-0 image-center-center\">\n\t\t\t\t<img decoding=\"async\" class=\"h-full w-full object-cover\" src=\"https:\/\/www.freyshotels.com\/corner\/wp-content\/uploads\/2026\/04\/corner_hotel_foretagslagenhet_hotel_502.jpg\" alt=\"L\u00e4genheter\" \/>\n\t\t\t<\/div>\n\t\t\t\n\t\n\t\n\t\n\t\n\t<\/div><!-- .multiblock-bg -->\n\n\t<div class=\"multiblock-inner\">\n\t\t\n\n<div class=\"wp-block-group\" style=\"min-height:30vh\"><\/div>\n\n\t<\/div>\n\n\t<\/div>\n<\/div>\n\n\n\n<div class=\"wp-block-column split noice has-brand-200-background-color has-background\" style=\"padding-top:var(--wp--preset--spacing--60);padding-right:var(--wp--preset--spacing--60);padding-bottom:var(--wp--preset--spacing--60);padding-left:var(--wp--preset--spacing--60)\">\n<h1 class=\"wp-block-heading has-brand-500-color has-text-color has-link-color wp-elements-98dd0b217842f4ff48e14f596fb1d44b\">F\u00f6retags\u00adl\u00e4genhet Stockholm<\/h1>\n\n\n\n<p class=\"has-medium-font-size\" style=\"margin-bottom:var(--wp--preset--spacing--50)\"><strong>Letar du efter en hyresl\u00e4genhet, f\u00f6retagsl\u00e4genhet, \u00f6vernattningsl\u00e4genhet, f\u00f6retagsbostad eller tillf\u00e4lligt boende i Stockholm? <\/strong>D\u00e5 har vi den perfekta l\u00f6sningen f\u00f6r dig. Vi erbjuder 11 m\u00f6blerade hyresl\u00e4genheter \u2013 ett flexibelt alternativ till l\u00e4genhetshotell i Stockholm \u2013 f\u00f6r s\u00e5v\u00e4l korta som l\u00e5nga perioder (long&nbsp;stay) centralt i Stockholms innerstad.&nbsp;<\/p>\n\n\n\n<div class=\"wp-block-buttons mt-auto\">\n<div class=\"wp-block-button\"><a class=\"wp-block-button__link has-brand-500-background-color has-background wp-element-button\" href=\"#lagenheter\">V\u00e5ra l\u00e4genheter<\/a><\/div>\n<\/div>\n<\/div>\n<\/div>\n\n\n\n<div style=\"aspect-ratio:auto; justify-content:center; border-top-left-radius:16px;border-top-right-radius:16px; padding-top:var(--wp--preset--spacing--80);padding-bottom:var(--wp--preset--spacing--80);background-image:url(&apos;https:\/\/www.freyshotels.com\/corner\/wp-content\/uploads\/2026\/03\/bg-black.svg&apos;);background-position:50% 50%;background-size:1000px;\" class=\"alignfull sm-center wp-elements-182a8ccb59d28047088e982b07f75f52 wp-block-create-block-tankbar-multiblock has-text-color has-white-color has-background has-brand-500-background-color\">\n\n\t<div class=\"multiblock-bg\">\n\n\t\n\t\n\t\n\t\t\t<div class=\"multiblock-overlay overlay absolute inset-0 has-brand-500-background-color\" style=\"opacity:0.75;\"><\/div>\n\t\n\t\n\t<\/div><!-- .multiblock-bg -->\n\n\t<div class=\"multiblock-inner\">\n\t\t\n\n<div class=\"wp-block-columns has-2-columns\" style=\"column-gap: var(--wp--preset--spacing--60); row-gap: var(--wp--preset--spacing--40);\">\n<div class=\"wp-block-column\">\n<p class=\"has-gold-500-color has-text-color has-link-color has-script-medium-font-size wp-elements-008408cb954ef3d60875cb72e24aeed2\">F\u00f6retagsbost\u00e4der Stcokholm<\/p>\n<\/div>\n\n\n\n<div class=\"wp-block-column\">\n<h2 class=\"wp-block-heading has-h-4-font-size\">Totalt finns 11 m\u00f6blerade l\u00e4genheter i centrala Stockholm som vi hyr ut till f\u00f6retag i behov av en \u00f6vernattningsl\u00e4genhet, f\u00f6retagsbostad eller tillf\u00e4lligt boende. V\u00e5ra f\u00f6retagsl\u00e4genheter passar perfekt f\u00f6r b\u00e5de kortare vistelser och long&nbsp;stay&nbsp;i Stockholm.&nbsp;<\/h2>\n<\/div>\n<\/div>\n\n\t<\/div>\n\n\t<\/div>\n\n\n\n<div class=\"wp-block-group alignfull noice has-brand-200-background-color has-background\" style=\"padding-top:var(--wp--preset--spacing--60);padding-bottom:var(--wp--preset--spacing--60)\">\n<h2 class=\"wp-block-heading has-text-align-center has-brand-500-color has-text-color has-link-color wp-elements-b9c3671a11d8e505e2d70c4422565a76\">V\u00e5ra f\u00f6retags\u00ad\u00adbost\u00e4der<\/h2>\n\n\n\n<div class=\"wp-block-columns has-2-columns narrow\" style=\"column-gap: var(--wp--preset--spacing--50); row-gap: var(--wp--preset--spacing--20); margin-top:var(--wp--preset--spacing--40)\">\n<div class=\"wp-block-column\">\n<p class=\"has-small-font-size\">Totalt finns 11 m\u00f6blerade l\u00e4genheter i centrala Stockholm som vi hyr ut till f\u00f6retag. Nio av dessa ligger i samma fastighet som Corner Hotel p\u00e5 R\u00e5dmansgatan 67 endast ett stenkast fr\u00e5n Drottninggatan, en central gata f\u00f6r b\u00e5da shopping, n\u00f6jen och restauranger. De \u00f6vriga tv\u00e5 \u00e4r bel\u00e4gna p\u00e5 Rehnsgatan 24 som ligger i direkt anslutning till Sveav\u00e4gen, en central gata n\u00e4ra Odenplan. Samtliga l\u00e4genheter \u00e4r smakfullt och hemtrevligt inredda samt utrustade med pentry, k\u00f6ksutrustning, fritt wifi, strykj\u00e4rn, s\u00e4nglinne och handdukar s\u00e5 att du kan k\u00e4nna dig som hemma hos oss.<\/p>\n<\/div>\n\n\n\n<div class=\"wp-block-column\">\n<p class=\"has-small-font-size\">St\u00e4dning ing\u00e5r en g\u00e5ng i veckan och d\u00e5 ing\u00e5r \u00e4ven byte av s\u00e4nglinne och handdukar. Som g\u00e4st hos oss p\u00e5 Lilla R\u00e5dmannen ing\u00e5r \u00e4ven tr\u00e4ning p\u00e5 Wasa Club utan extra kostnad, mot uppvisande av nyckel samt boendedatum \u2013 ett n\u00e4rliggande gym i tv\u00e5 v\u00e5ningar d\u00e4r du ocks\u00e5 kan boka squash, tr\u00e4ning med PT och massage mot betalning.<\/p>\n<\/div>\n<\/div>\n<\/div>\n\n\n\n<div class=\"wp-block-group alignfull noice\" id=\"lagenheter\" style=\"padding-top:var(--wp--preset--spacing--60);padding-bottom:var(--wp--preset--spacing--60)\">\n<p class=\"has-text-align-center has-brand-400-color has-text-color has-link-color has-script-medium-font-size wp-elements-5fb5d1de42a485b7a6a625311f0c8125\">Utforska<\/p>\n\n\n\n<h2 class=\"wp-block-heading has-text-align-center has-brand-600-color has-text-color has-link-color has-h-1-font-size wp-elements-7e3f1b3701ea14e12431ce9c4c793038\">V\u00e5ra l\u00e4genheter<\/h2>\n\n\n\n<p class=\"has-text-align-center\">V\u00e5ra f\u00f6retagsl\u00e4genheter i Stockholm \u00e4r ett bekv\u00e4mt alternativ till traditionella hotell och l\u00e4genhetshotell. H\u00e4r f\u00e5r du mer utrymme, eget k\u00f6k och en hemtrevlig milj\u00f6 \u2013 perfekt f\u00f6r f\u00f6retag som s\u00f6ker ett smidigt och flexibelt boende i Stockholm under b\u00e5de kortare och l\u00e4ngre perioder.&nbsp;H\u00e4r presenterar vi de olika f\u00f6retagsbost\u00e4derna vi erbjuder p\u00e5 tv\u00e5 centrala adresser i Stockholms innerstad.&nbsp;<\/p>\n\n\n    <div\n\t\t        class=\"weglot-translate has-normal-font-size    \"\n\t\tstyle=\"margin-top: var(--wp--preset--spacing--60); margin-bottom: var(--wp--preset--spacing--30);\"    >\n        <div x-data=\"loadMorePosts({\n        currentPost: '327',\n        postType: 'apartment',\n        initialCategories: '',\n        initialTags: '',\n        postsPerPage: -1,\n        })\"\n             class=\"mx-auto flex flex-col items-center bg-inherit\"\n        >\n\t\t\t\n            <div x-show=\"noResults\" class=\"text-gray-500\">\n\t\t\t\tInga poster hittades            <\/div>\n\n            <div x-show=\"loading\" class=\"loading w-full h-[100px] self-start\"><\/div>\n\n            <div class=\"w-full grid sm:grid-cols-2 gap-5 md:gap-8 xxl:gap-10 room_card_alt\">\n                <template x-for=\"post in posts\" :key=\"post.id\">\n\t\t\t\t\t<a\n    x-bind:href=\"post.url\"\n    x-bind:aria-label=\"post.title\"\n    x-bind:target=\"post.target\"\n    class=\"group xl:flex flex-wrap gap-x-spacing-30 h-full bg-inherit overflow-hidden no-underline p-spacing-20 rounded-xl border border-black\/10 transition-shadow duration-300 xl:hover:shadow-2xl\"\n>\n    <div class=\"relative aspect-[8\/5] mb-spacing-20 xl:mb-0 h-auto xl:aspect-[4\/3] basis-full xl:h-full xl:basis-1\/2 rounded-lg overflow-hidden\">\n        <div x-html=\"post.thumbnail\"><\/div>\n        <div class=\"absolute inset-0 pointer-events-none bg-black opacity-20 xl:group-hover:opacity-0 transition-all duration-300\"><\/div>\n        <button\n            x-data\n            @click.prevent=\"$store.flyouts.openRoom(post.id)\"\n            :class=\"{ 'loading': $store.flyouts.roomLoading &#038;&#038; $store.flyouts.roomPostId == post.id }\"\n            class=\"icon-eye hidden xl:block absolute left-1\/2 bottom-1\/2 -translate-x-1\/2 translate-y-full rounded-full bg-white shadow-button h-12 w-12 text-[24px] opacity-0 hover:scale-110 group-hover:translate-y-1\/2 group-hover:opacity-100 transition-all duration-300\"\n        ><\/button>\n        <div class=\"absolute top-spacing-10 left-spacing-10 flex flex-wrap gap-2\">\n            <div class=\"chip bg-brand-100\" x-show=\"post.tag\" x-text=\"post.tag\"><\/div>\n        <\/div>\n    <\/div>\n\n    <div class=\"flex flex-col items-start flex-1\">\n        <h3 class=\"has-medium-font-size font-medium xl:group-hover:underlined\" x-html=\"post.title\"><\/h3>\n        <template x-if=\"post.size || post.number_of_people || post.time\">\n            <div class=\"flex flex-wrap gap-2 mt-spacing-10 mb-spacing-30\">\n                <template x-if=\"post.time\">\n                    <div class=\"chip big text-brand-400 border border-brand-400\">\n                        <i class=\"icon-clock text-[18px]\"><\/i>\n                        <span x-text=\"post.time\"><\/span>\n                    <\/div>\n                <\/template>\n                <template x-if=\"post.size\">\n                    <div class=\"has-extra-small-font-size text-brand-400 border border-brand-400 rounded-md py-1.5 px-3 flex items-center gap-x-2\">\n                        <i class=\"icon-size text-[18px]\"><\/i>\n                        <span x-text=\"post.size + ' kvm'\"><\/span>\n                    <\/div>\n                <\/template>\n                <template x-if=\"post.number_of_people\">\n                    <div class=\"has-extra-small-font-size text-brand-400 border border-brand-400 rounded-md py-1.5 px-3 flex items-center gap-x-2\">\n                        <i class=\"icon-user text-[18px]\"><\/i>\n                        <span x-text=\"post.number_of_people + (post.number_of_people == 1 ? ' person' : ' personer')\"><\/span>\n                    <\/div>\n                <\/template>\n            <\/div>\n        <\/template>\n                    <div class=\"mt-auto has-small-font-size\" x-text=\"post.excerpt\"><\/div>\n            <\/div>\n<\/a>\n                <\/template>\n            <\/div>\n\n\t\t\t                <button x-show=\"hasMore\" :class=\"{ 'loading': loading }\" x-on:click=\"loadMore()\" :disabled=\"loading\" aria-label=\"Visa fler\" class=\"mt-spacing-40 wp-block-button__link is-style-outline has-background has-black-background-color\" style=\"display:none;\">\n\t\t\t\t\tVisa fler                <\/button>\n\t\t\t\t\n        <\/div>\n    <\/div>\n\t\n\n\n<div style=\"aspect-ratio:auto; justify-content:center; border-top-left-radius:8px;border-top-right-radius:8px;border-bottom-left-radius:8px;border-bottom-right-radius:8px; padding-top:var(--wp--preset--spacing--40);padding-bottom:var(--wp--preset--spacing--40);padding-left:var(--wp--preset--spacing--40);padding-right:var(--wp--preset--spacing--40);margin-bottom:0;background-image:url(&apos;https:\/\/www.freyshotels.com\/freys\/wp-content\/uploads\/2026\/03\/bg-black.svg&apos;);background-position:50% 50%;background-size:650px;background-attachment:scroll;\" class=\"align booking-banner wp-block-create-block-tankbar-multiblock has-text-color has-background has-brand-500-background-color\">\n\n\t<div class=\"multiblock-bg\">\n\n\t\n\t\n\t\n\t\t\t<div class=\"multiblock-overlay overlay absolute inset-0 has-brand-500-background-color\" style=\"opacity:0.75;\"><\/div>\n\t\n\t\n\t<\/div><!-- .multiblock-bg -->\n\n\t<div class=\"multiblock-inner\">\n\t\t\n\n<div class=\"wp-block-columns has-2-columns is-not-stacked-on-mobile wrap-none\" style=\"column-gap: var(--wp--preset--spacing--20);\">\n<div class=\"wp-block-column is-vertically-aligned-top overflow-hidden has-border-color has-brand-400-border-color\" style=\"border-width:2px;border-top-left-radius:50px;border-top-right-radius:50px;border-bottom-left-radius:50px;border-bottom-right-radius:50px;flex-basis:100px\">\n<figure class=\"wp-block-image size-thumbnail\"><img decoding=\"async\" src=\"https:\/\/www.freyshotels.com\/corner\/wp-content\/uploads\/2026\/04\/freys_hotel_gruppbild-150x150.jpg\" alt=\"\" class=\"wp-image-1074\"\/><\/figure>\n<\/div>\n\n\n\n<div class=\"wp-block-column is-vertically-aligned-center\">\n<div class=\"wp-block-columns has-2-columns has-2-columns are-vertically-aligned-center\" style=\"row-gap: var(--wp--preset--spacing--30);\">\n<div class=\"wp-block-column is-vertically-aligned-center\">\n<h2 class=\"wp-block-heading has-h-3-font-size\">har du fr\u00e5gor om v\u00e5ra f\u00f6retagsbost\u00e4der?<\/h2>\n\n\n\n<p style=\"margin-top:8px\">Kontakta oss f\u00f6r mer information.<\/p>\n<\/div>\n\n\n\n<div class=\"wp-block-column is-vertically-aligned-center booking-button-col\">\n<div class=\"wp-block-buttons\">\n<div class=\"wp-block-button\"><a class=\"wp-block-button__link has-gold-500-background-color has-background wp-element-button\" href=\"mailto:robin.teike@freys.nu\">kontakta oss<\/a><\/div>\n<\/div>\n<\/div>\n<\/div>\n<\/div>\n<\/div>\n\n\t<\/div>\n\n\t<\/div>\n\n\n\n<div class=\"wp-block-columns has-2-columns\" style=\"column-gap: var(--wp--preset--spacing--40); row-gap: var(--wp--preset--spacing--40); padding-top:var(--wp--preset--spacing--80)\">\n<div class=\"wp-block-column\">\n<h2 class=\"wp-block-heading has-h-3-font-size\">Vanliga fr\u00e5gor och svar<\/h2>\n\n\n\n<p>H\u00e4r har vi samlat vanliga fr\u00e5gor och svar om v\u00e5ra f\u00f6retagsl\u00e4genheter. Hittar du inte svar p\u00e5 dina funderingar \u00e4r du alltid varmt v\u00e4lkommen att kontakta oss.<\/p>\n\n\n\n<div class=\"wp-block-buttons\">\n<div class=\"wp-block-button\"><a class=\"wp-block-button__link has-brand-500-background-color has-background wp-element-button\" href=\"https:\/\/www.freyshotels.com\/corner\/fragor-och-svar\/#foretagslagenheter\" target=\"_blank\" rel=\"noreferrer noopener\">till alla fr\u00e5gor och svar<\/a><\/div>\n<\/div>\n<\/div>\n\n\n\n<div class=\"wp-block-column\"><div \tclass=\"   \"\n\t>\n\t    <div\n                class=\"w-full    \"\n            >\n        \n                            <div id=\"faq-1082\" x-data=\"{ open: false }\" class=\"py-spacing-10 border-b border-black\/10\">\n                    <button x-on:click=\"open = ! open\" x-bind:class=\"open ? 'faq-close text-brand-500' : 'faq-open'\" aria-label=\"Visa svar\" class=\"group w-full flex items-start justify-between gap-x-4 text-left has-medium-font-size\">\n                        <span class=\"self-center flex-1 xl:group-hover:text-brand-500\">Var ligger era f\u00f6retagsl\u00e4genheter i Stockholm?<\/span>\n                        <i x-bind:class=\"open ? 'icon-minus' : 'icon-plus'\" class=\"flex items-center justify-center size-10 min-w-10 bg-white rounded-full shadow-button text-[20px] text-neutral-600 focus:!shadow-button xl:hover:scale-110 transition-all duration-200\"><\/i>\n                    <\/button>\n                    <div x-cloak x-show=\"open\" class=\"mt-2\">\n                        <div class=\"py-3 md:py-4\">\n                            <p data-start=\"940\" data-end=\"1092\">V\u00e5ra l\u00e4genheter ligger centralt i Stockholm, i Vasastan n\u00e4ra Odenplan samt p\u00e5 R\u00e5dmansgatan, med n\u00e4rhet till b\u00e5de kommunikationer, restauranger och city.<\/p>\n                        <\/div>\n                    <\/div>\n                <\/div>\n                            <div id=\"faq-1083\" x-data=\"{ open: false }\" class=\"py-spacing-10 border-b border-black\/10\">\n                    <button x-on:click=\"open = ! open\" x-bind:class=\"open ? 'faq-close text-brand-500' : 'faq-open'\" aria-label=\"Visa svar\" class=\"group w-full flex items-start justify-between gap-x-4 text-left has-medium-font-size\">\n                        <span class=\"self-center flex-1 xl:group-hover:text-brand-500\">Vad ing\u00e5r i era f\u00f6retagsl\u00e4genheter?<\/span>\n                        <i x-bind:class=\"open ? 'icon-minus' : 'icon-plus'\" class=\"flex items-center justify-center size-10 min-w-10 bg-white rounded-full shadow-button text-[20px] text-neutral-600 focus:!shadow-button xl:hover:scale-110 transition-all duration-200\"><\/i>\n                    <\/button>\n                    <div x-cloak x-show=\"open\" class=\"mt-2\">\n                        <div class=\"py-3 md:py-4\">\n                            <p data-start=\"367\" data-end=\"552\">I v\u00e5ra f\u00f6retagsl\u00e4genheter ing\u00e5r fullt m\u00f6blerat boende med k\u00f6k eller kokvr\u00e5, WiFi, TV, el, vatten och v\u00e4rme. St\u00e4dning sker en g\u00e5ng i veckan och s\u00e4nglinne samt handdukar byts regelbundet. \u00c4ven frukostbuff\u00e9 ing\u00e5r och serveras i restaurangen H\u00f6rnans Belgobar som ligger i samma byggnad som hotellet.<\/p>\n                        <\/div>\n                    <\/div>\n                <\/div>\n                            <div id=\"faq-1084\" x-data=\"{ open: false }\" class=\"py-spacing-10 border-b border-black\/10\">\n                    <button x-on:click=\"open = ! open\" x-bind:class=\"open ? 'faq-close text-brand-500' : 'faq-open'\" aria-label=\"Visa svar\" class=\"group w-full flex items-start justify-between gap-x-4 text-left has-medium-font-size\">\n                        <span class=\"self-center flex-1 xl:group-hover:text-brand-500\">\u00c4r l\u00e4genheterna m\u00f6blerade?<\/span>\n                        <i x-bind:class=\"open ? 'icon-minus' : 'icon-plus'\" class=\"flex items-center justify-center size-10 min-w-10 bg-white rounded-full shadow-button text-[20px] text-neutral-600 focus:!shadow-button xl:hover:scale-110 transition-all duration-200\"><\/i>\n                    <\/button>\n                    <div x-cloak x-show=\"open\" class=\"mt-2\">\n                        <div class=\"py-3 md:py-4\">\n                            <p data-start=\"1133\" data-end=\"1266\">Ja, alla v\u00e5ra f\u00f6retagsl\u00e4genheter \u00e4r fullt m\u00f6blerade och utrustade s\u00e5 att du kan flytta in direkt och bo bekv\u00e4mt under hela vistelsen.<\/p>\n                        <\/div>\n                    <\/div>\n                <\/div>\n                            <div id=\"faq-1085\" x-data=\"{ open: false }\" class=\"py-spacing-10 border-b border-black\/10\">\n                    <button x-on:click=\"open = ! open\" x-bind:class=\"open ? 'faq-close text-brand-500' : 'faq-open'\" aria-label=\"Visa svar\" class=\"group w-full flex items-start justify-between gap-x-4 text-left has-medium-font-size\">\n                        <span class=\"self-center flex-1 xl:group-hover:text-brand-500\">Hur bokar man en f\u00f6retagsl\u00e4genhet?<\/span>\n                        <i x-bind:class=\"open ? 'icon-minus' : 'icon-plus'\" class=\"flex items-center justify-center size-10 min-w-10 bg-white rounded-full shadow-button text-[20px] text-neutral-600 focus:!shadow-button xl:hover:scale-110 transition-all duration-200\"><\/i>\n                    <\/button>\n                    <div x-cloak x-show=\"open\" class=\"mt-2\">\n                        <div class=\"py-3 md:py-4\">\n                            <p data-start=\"1945\" data-end=\"2062\">Du kontaktar oss direkt via telefon 08-506 215 00 eller <a href=\"mailto:robin.teike@freys.nu\" target=\"_blank\" rel=\"noopener\">mejl<\/a> s\u00e5 \u00e5terkommer vi med f\u00f6rslag utifr\u00e5n antal personer och \u00f6nskad period.<\/p>\n                        <\/div>\n                    <\/div>\n                <\/div>\n            \n            <\/div>\n    <script type=\"application\/ld+json\">\n        {\n    \"@context\": \"https:\/\/schema.org\",\n    \"@type\": \"FAQPage\",\n    \"mainEntity\": [\n        {\n            \"@type\": \"Question\",\n            \"name\": \"Var ligger era f\u00f6retagsl\u00e4genheter i Stockholm?\",\n            \"acceptedAnswer\": {\n                \"@type\": \"Answer\",\n                \"text\": \"V\u00e5ra l\u00e4genheter ligger centralt i Stockholm, i Vasastan n\u00e4ra Odenplan samt p\u00e5 R\u00e5dmansgatan, med n\u00e4rhet till b\u00e5de kommunikationer, restauranger och city.\"\n            }\n        },\n        {\n            \"@type\": \"Question\",\n            \"name\": \"Vad ing\u00e5r i era f\u00f6retagsl\u00e4genheter?\",\n            \"acceptedAnswer\": {\n                \"@type\": \"Answer\",\n                \"text\": \"I v\u00e5ra f\u00f6retagsl\u00e4genheter ing\u00e5r fullt m\u00f6blerat boende med k\u00f6k eller kokvr\u00e5, WiFi, TV, el, vatten och v\u00e4rme. St\u00e4dning sker en g\u00e5ng i veckan och s\u00e4nglinne samt handdukar byts regelbundet. \u00c4ven frukostbuff\u00e9 ing\u00e5r och serveras i restaurangen H\u00f6rnans Belgobar som ligger i samma byggnad som hotellet.\"\n            }\n        },\n        {\n            \"@type\": \"Question\",\n            \"name\": \"\u00c4r l\u00e4genheterna m\u00f6blerade?\",\n            \"acceptedAnswer\": {\n                \"@type\": \"Answer\",\n                \"text\": \"Ja, alla v\u00e5ra f\u00f6retagsl\u00e4genheter \u00e4r fullt m\u00f6blerade och utrustade s\u00e5 att du kan flytta in direkt och bo bekv\u00e4mt under hela vistelsen.\"\n            }\n        },\n        {\n            \"@type\": \"Question\",\n            \"name\": \"Hur bokar man en f\u00f6retagsl\u00e4genhet?\",\n            \"acceptedAnswer\": {\n                \"@type\": \"Answer\",\n                \"text\": \"Du kontaktar oss direkt via telefon 08-506 215 00 eller mejl s\u00e5 \u00e5terkommer vi med f\u00f6rslag utifr\u00e5n antal personer och \u00f6nskad period.\"\n            }\n        }\n    ]\n}    <\/script>\n    <\/div><\/div>\n<\/div>\n\n\n\n<div class=\"wp-block-columns has-2-columns alignfull are-vertically-aligned-center noice\" style=\"column-gap: var(--wp--preset--spacing--80); row-gap: var(--wp--preset--spacing--30); padding-top:var(--wp--preset--spacing--60);padding-bottom:var(--wp--preset--spacing--60)\">\n<div class=\"wp-block-column is-vertically-aligned-center stick\">\t<div \t\tclass=\"media-container aspect-square    \"\n\t\t\t>\n\t\t<img loading=\"lazy\" decoding=\"async\" width=\"1024\" height=\"683\" src=\"https:\/\/www.freyshotels.com\/corner\/wp-content\/uploads\/2026\/04\/corner_hotel_moules_frites_scaled-1024x683.jpg\" class=\"absolute h-full w-full object-cover rounded-2xl image-center-center\" alt=\"\" sizes=\"auto, (min-width: 1024px) 1600px, 1024px\" data-sizes=\"auto\" srcset=\"https:\/\/www.freyshotels.com\/corner\/wp-content\/uploads\/2026\/04\/corner_hotel_moules_frites_scaled-1024x683.jpg 1024w, https:\/\/www.freyshotels.com\/corner\/wp-content\/uploads\/2026\/04\/corner_hotel_moules_frites_scaled-300x200.jpg 300w, https:\/\/www.freyshotels.com\/corner\/wp-content\/uploads\/2026\/04\/corner_hotel_moules_frites_scaled-768x512.jpg 768w, https:\/\/www.freyshotels.com\/corner\/wp-content\/uploads\/2026\/04\/corner_hotel_moules_frites_scaled-1536x1024.jpg 1536w, https:\/\/www.freyshotels.com\/corner\/wp-content\/uploads\/2026\/04\/corner_hotel_moules_frites_scaled.jpg 1920w\" \/>\t<\/div>\n\t<\/div>\n\n\n\n<div class=\"wp-block-column is-vertically-aligned-center\">\n<p class=\"has-brand-400-color has-text-color has-link-color has-script-medium-font-size wp-elements-74a6c371b10781057b34f91c0e7cb9a7\">Restaurang<\/p>\n\n\n\n<h2 class=\"wp-block-heading has-brand-600-color has-text-color has-link-color has-h-3-font-size wp-elements-60c70844b78436b0ab5b91e557d8f66e\">h\u00f6rnans belgobar<\/h2>\n\n\n\n<p class=\"has-brand-600-color has-text-color has-link-color wp-elements-3a2bd73354950e7cae3c56e3eb014d60\">V\u00e4lkommen till H\u00f6rnans Belgobar \u2013 en restaurang med fokus p\u00e5 belgiska smaker, god mat och ett brett utbud av \u00f6l. <br><br>H\u00e4r m\u00f6ts du av en varm och avslappnad atmosf\u00e4r, oavsett om du bor p\u00e5 hotellet eller tittar f\u00f6rbi f\u00f6r middag i Vasastan.<\/p>\n\n\n\n<div class=\"wp-block-buttons\">\n<div class=\"wp-block-button is-style-fill\"><a class=\"wp-block-button__link has-brand-500-background-color has-background wp-element-button\" href=\"https:\/\/www.freyshotels.com\/corner\/restaurang\/\" target=\"_blank\" rel=\"noreferrer noopener\">l\u00e4s mer om h\u00f6rnans belgobar<\/a><\/div>\n<\/div>\n<\/div>\n<\/div>\n<\/div>\n","protected":false},"excerpt":{"rendered":"<p>F\u00f6retags\u00adl\u00e4genhet Stockholm Letar du efter en hyresl\u00e4genhet, f\u00f6retagsl\u00e4genhet, \u00f6vernattningsl\u00e4genhet, f\u00f6retagsbostad eller tillf\u00e4lligt boende i Stockholm? D\u00e5 har vi den perfekta l\u00f6sningen f\u00f6r dig. Vi erbjuder 11 m\u00f6blerade hyresl\u00e4genheter \u2013 ett flexibelt alternativ till l\u00e4genhetshotell i Stockholm \u2013 f\u00f6r s\u00e5v\u00e4l korta som l\u00e5nga perioder (long&nbsp;stay) centralt i Stockholms innerstad.&nbsp; V\u00e5ra f\u00f6retags\u00ad\u00adbost\u00e4der Totalt finns 11 m\u00f6blerade l\u00e4genheter [&hellip;]<\/p>\n","protected":false},"author":1,"featured_media":1443,"parent":0,"menu_order":30,"comment_status":"closed","ping_status":"closed","template":"","meta":{"_acf_changed":false,"footnotes":""},"page_category":[],"page_tag":[],"class_list":["post-327","page","type-page","status-publish","has-post-thumbnail","hentry"],"acf":[],"publishpress_future_action":{"enabled":false,"date":"2026-05-06 12:13:48","action":"change-status","newStatus":"draft","terms":[],"taxonomy":"page_category","extraData":[]},"publishpress_future_workflow_manual_trigger":{"enabledWorkflows":[]},"_links":{"self":[{"href":"https:\/\/www.freyshotels.com\/corner\/wp-json\/wp\/v2\/pages\/327","targetHints":{"allow":["GET"]}}],"collection":[{"href":"https:\/\/www.freyshotels.com\/corner\/wp-json\/wp\/v2\/pages"}],"about":[{"href":"https:\/\/www.freyshotels.com\/corner\/wp-json\/wp\/v2\/types\/page"}],"author":[{"embeddable":true,"href":"https:\/\/www.freyshotels.com\/corner\/wp-json\/wp\/v2\/users\/1"}],"replies":[{"embeddable":true,"href":"https:\/\/www.freyshotels.com\/corner\/wp-json\/wp\/v2\/comments?post=327"}],"version-history":[{"count":29,"href":"https:\/\/www.freyshotels.com\/corner\/wp-json\/wp\/v2\/pages\/327\/revisions"}],"predecessor-version":[{"id":1682,"href":"https:\/\/www.freyshotels.com\/corner\/wp-json\/wp\/v2\/pages\/327\/revisions\/1682"}],"wp:featuredmedia":[{"embeddable":true,"href":"https:\/\/www.freyshotels.com\/corner\/wp-json\/"}],"wp:attachment":[{"href":"https:\/\/www.freyshotels.com\/corner\/wp-json\/wp\/v2\/media?parent=327"}],"wp:term":[{"taxonomy":"page_category","embeddable":true,"href":"https:\/\/www.freyshotels.com\/corner\/wp-json\/wp\/v2\/page_category?post=327"},{"taxonomy":"page_tag","embeddable":true,"href":"https:\/\/www.freyshotels.com\/corner\/wp-json\/wp\/v2\/page_tag?post=327"}],"curies":[{"name":"wp","href":"https:\/\/api.w.org\/{rel}","templated":true}]}}