{"id":601,"date":"2026-04-15T06:22:53","date_gmt":"2026-04-15T06:22:53","guid":{"rendered":"https:\/\/www.freyshotels.com\/corner\/?page_id=601"},"modified":"2026-04-28T12:18:02","modified_gmt":"2026-04-28T12:18:02","slug":"konferensmaltider","status":"publish","type":"page","link":"https:\/\/www.freyshotels.com\/corner\/konferens-stockholm\/konferensmaltider\/","title":{"rendered":"Konferensm\u00e5ltider"},"content":{"rendered":"\n<div style=\"aspect-ratio:auto; justify-content:center; padding-top:var(--wp--preset--spacing--60);padding-bottom:var(--wp--preset--spacing--80);background-image:url(&apos;https:\/\/www.freyshotels.com\/corner\/wp-content\/uploads\/2026\/03\/bg-black.svg&apos;);background-position:50% 50%;background-size:50%;\" class=\"alignfull wp-elements-f74eed16ce54b254f9e3cc005390820e wp-block-create-block-tankbar-multiblock has-text-color has-white-color has-background has-brand-500-background-color\">\n\n\t<div class=\"multiblock-bg\">\n\n\t\n\t\n\t\n\t\t\t<div class=\"multiblock-overlay overlay absolute inset-0 has-brand-500-background-color\" style=\"opacity:0.75;\"><\/div>\n\t\n\t\t\t<div class=\"multiblock-overlay-gradient absolute inset-0 overlay-gradient gradient-bottom\" style=\" background: linear-gradient(180deg, rgba(var(--brand-500), 0) 0%, rgba(var(--brand-500), 1) 60%);\"><\/div>\n\t\n\t<\/div><!-- .multiblock-bg -->\n\n\t<div class=\"multiblock-inner\">\n\t\t\n\n<p class=\"has-text-align-center has-gold-500-color has-text-color has-link-color has-script-medium-font-size wp-elements-cfc5fc890d5a3910cb5da14b547e33ca\">Meny<\/p>\n\n\n\n<h1 class=\"wp-block-heading has-text-align-center has-h-2-font-size\">Konferensm\u00e5ltider<\/h1>\n\n\n\n<p class=\"has-text-align-center\">Under er konferens p\u00e5 Corner&nbsp;Hotel&nbsp;i Vasastan st\u00e5r H\u00f6rnans&nbsp;Belgobar&nbsp;f\u00f6r frukost, lunch, fika och middag. H\u00e4r kombineras flexibla konferenslokaler i centrala Stockholm med mat och dryck som h\u00e5ller energin uppe genom hela m\u00f6tet.&nbsp;<\/p>\n\n\n\n<p class=\"has-text-align-center\">H\u00e4r finns m\u00f6jlighet att v\u00e4lja f\u00e4rdiga m\u00e5ltidspaket eller kombinera delar som passar ert schema. Allt kan anpassas efter dagens uppl\u00e4gg, gruppstorlek och behov.&nbsp;<\/p>\n\n\n\n<div class=\"wp-block-group curtain-top has-brand-200-background-color has-background\" style=\"margin-top:var(--wp--preset--spacing--60);padding-top:var(--wp--preset--spacing--60);padding-right:var(--wp--preset--spacing--50);padding-bottom:var(--wp--preset--spacing--50);padding-left:var(--wp--preset--spacing--50)\">\n<div class=\"wp-block-columns has-2-columns menu-object\" style=\"row-gap: var(--wp--preset--spacing--20); border-bottom-color:var(--wp--preset--color--neutral-200);border-bottom-width:1px;margin-bottom:var(--wp--preset--spacing--30);padding-bottom:var(--wp--preset--spacing--30)\">\n<div class=\"wp-block-column\">\n<h2 class=\"wp-block-heading has-h-5-font-size\">M\u00e5ltidspaket vardag<\/h2>\n\n\n\n<p style=\"margin-top:4px;margin-bottom:0\">Kaffe\/te\/juice med sm\u00f6rg\u00e5s, lunch, kaffe\/te med bakverk och fruktfat.<\/p>\n<\/div>\n\n\n\n<div class=\"wp-block-column\">\n<div class=\"wp-block-columns has-2-columns has-2-columns is-not-stacked-on-mobile\" style=\"column-gap: var(--wp--preset--spacing--30);\">\n<div class=\"wp-block-column\">\n<p class=\"has-medium-font-size\"><strong>382 SEK<\/strong><\/p>\n\n\n\n<p class=\"has-small-font-size\" style=\"margin-top:0;margin-bottom:0\">Exkl. moms<\/p>\n<\/div>\n\n\n\n<div class=\"wp-block-column\">\n<p class=\"has-medium-font-size\"><strong>478 SEK<\/strong><\/p>\n\n\n\n<p class=\"has-small-font-size\" style=\"margin-top:0;margin-bottom:0\">Inkl. moms<\/p>\n<\/div>\n<\/div>\n<\/div>\n<\/div>\n\n\n\n<div class=\"wp-block-columns has-2-columns menu-object\" style=\"row-gap: var(--wp--preset--spacing--20); border-bottom-color:var(--wp--preset--color--neutral-200);border-bottom-width:1px;margin-bottom:var(--wp--preset--spacing--30);padding-bottom:var(--wp--preset--spacing--30)\">\n<div class=\"wp-block-column\">\n<h2 class=\"wp-block-heading has-h-5-font-size\">M\u00e5ltidspaket helg<\/h2>\n\n\n\n<p style=\"margin-top:4px;margin-bottom:0\">Kaffe\/te\/juice med sm\u00f6rg\u00e5s, lunch, kaffe\/te med bakverk och fruktfat.<\/p>\n<\/div>\n\n\n\n<div class=\"wp-block-column\">\n<div class=\"wp-block-columns has-2-columns has-2-columns is-not-stacked-on-mobile\" style=\"column-gap: var(--wp--preset--spacing--30);\">\n<div class=\"wp-block-column\">\n<p class=\"has-medium-font-size\"><strong>410 SEK<\/strong><\/p>\n\n\n\n<p class=\"has-small-font-size\" style=\"margin-top:0;margin-bottom:0\">Exkl. moms<\/p>\n<\/div>\n\n\n\n<div class=\"wp-block-column\">\n<p class=\"has-medium-font-size\"><strong>513 SEK<\/strong><\/p>\n\n\n\n<p class=\"has-small-font-size\" style=\"margin-top:0;margin-bottom:0\">Inkl. moms<\/p>\n<\/div>\n<\/div>\n<\/div>\n<\/div>\n\n\n\n<div class=\"wp-block-columns has-2-columns menu-object\" style=\"row-gap: var(--wp--preset--spacing--20); border-bottom-color:var(--wp--preset--color--neutral-200);border-bottom-width:1px;margin-bottom:var(--wp--preset--spacing--30);padding-bottom:var(--wp--preset--spacing--30)\">\n<div class=\"wp-block-column\">\n<h2 class=\"wp-block-heading has-h-5-font-size\">f\u00f6r- och eftermiddags kaffe<\/h2>\n\n\n\n<p style=\"margin-top:4px;margin-bottom:0\">Kaffe\/te med sm\u00f6rg\u00e5s eller kaka\/bulle samt n\u00e5got s\u00f6tt och salt d\u00e4rtill.<\/p>\n<\/div>\n\n\n\n<div class=\"wp-block-column\">\n<div class=\"wp-block-columns has-2-columns has-2-columns is-not-stacked-on-mobile\" style=\"column-gap: var(--wp--preset--spacing--30);\">\n<div class=\"wp-block-column\">\n<p class=\"has-medium-font-size\"><strong>121 SEK<\/strong><\/p>\n\n\n\n<p class=\"has-small-font-size\" style=\"margin-top:0;margin-bottom:0\">Exkl. moms<\/p>\n<\/div>\n\n\n\n<div class=\"wp-block-column\">\n<p class=\"has-medium-font-size\"><strong>151 SEK<\/strong><\/p>\n\n\n\n<p class=\"has-small-font-size\" style=\"margin-top:0;margin-bottom:0\">Inkl. moms<\/p>\n<\/div>\n<\/div>\n<\/div>\n<\/div>\n\n\n\n<div class=\"wp-block-columns has-2-columns menu-object\" style=\"row-gap: var(--wp--preset--spacing--20); border-bottom-color:var(--wp--preset--color--neutral-200);border-bottom-width:1px;margin-bottom:var(--wp--preset--spacing--30);padding-bottom:var(--wp--preset--spacing--30)\">\n<div class=\"wp-block-column\">\n<h2 class=\"wp-block-heading has-h-5-font-size\">Lunch vardag<\/h2>\n\n\n\n<p style=\"margin-top:4px;margin-bottom:0\">Inkl. sallad, br\u00f6d, sm\u00f6r och m\u00e5ltidsdryck<\/p>\n<\/div>\n\n\n\n<div class=\"wp-block-column\">\n<div class=\"wp-block-columns has-2-columns has-2-columns is-not-stacked-on-mobile\" style=\"column-gap: var(--wp--preset--spacing--30);\">\n<div class=\"wp-block-column\">\n<p class=\"has-medium-font-size\"><strong>231 SEK<\/strong><\/p>\n\n\n\n<p class=\"has-small-font-size\" style=\"margin-top:0;margin-bottom:0\">Exkl. moms<\/p>\n<\/div>\n\n\n\n<div class=\"wp-block-column\">\n<p class=\"has-medium-font-size\"><strong>289 SEK<\/strong><\/p>\n\n\n\n<p class=\"has-small-font-size\" style=\"margin-top:0;margin-bottom:0\">Inkl. moms<\/p>\n<\/div>\n<\/div>\n<\/div>\n<\/div>\n\n\n\n<div class=\"wp-block-columns has-2-columns menu-object\" style=\"row-gap: var(--wp--preset--spacing--20); border-bottom-color:var(--wp--preset--color--neutral-200);border-bottom-width:1px;margin-bottom:var(--wp--preset--spacing--30);padding-bottom:var(--wp--preset--spacing--30)\">\n<div class=\"wp-block-column\">\n<h2 class=\"wp-block-heading has-h-5-font-size\">Lunch helg<\/h2>\n\n\n\n<p style=\"margin-top:4px;margin-bottom:0\">Inkl. sallad, br\u00f6d, sm\u00f6r och m\u00e5ltidsdryck<\/p>\n<\/div>\n\n\n\n<div class=\"wp-block-column\">\n<div class=\"wp-block-columns has-2-columns has-2-columns is-not-stacked-on-mobile\" style=\"column-gap: var(--wp--preset--spacing--30);\">\n<div class=\"wp-block-column\">\n<p class=\"has-medium-font-size\"><strong>248 SEK<\/strong><\/p>\n\n\n\n<p class=\"has-small-font-size\" style=\"margin-top:0;margin-bottom:0\">Exkl. moms<\/p>\n<\/div>\n\n\n\n<div class=\"wp-block-column\">\n<p class=\"has-medium-font-size\"><strong>310 SEK<\/strong><\/p>\n\n\n\n<p class=\"has-small-font-size\" style=\"margin-top:0;margin-bottom:0\">Inkl. moms<\/p>\n<\/div>\n<\/div>\n<\/div>\n<\/div>\n\n\n\n<div class=\"wp-block-columns has-2-columns menu-object\" style=\"row-gap: var(--wp--preset--spacing--20); border-bottom-color:var(--wp--preset--color--neutral-200);border-bottom-width:1px;margin-bottom:var(--wp--preset--spacing--30);padding-bottom:var(--wp--preset--spacing--30)\">\n<div class=\"wp-block-column\">\n<h2 class=\"wp-block-heading has-h-5-font-size\">2-r\u00e4tters middag<\/h2>\n\n\n\n<p style=\"margin-top:4px;margin-bottom:0\">V\u00e4lj en f\u00f6rr\u00e4tt\/efterr\u00e4tt samt en varmr\u00e4tt fr\u00e5n meny<\/p>\n<\/div>\n\n\n\n<div class=\"wp-block-column\">\n<div class=\"wp-block-columns has-2-columns has-2-columns is-not-stacked-on-mobile\" style=\"column-gap: var(--wp--preset--spacing--30);\">\n<div class=\"wp-block-column\">\n<p class=\"has-medium-font-size\"><strong>464 SEK<\/strong><\/p>\n\n\n\n<p class=\"has-small-font-size\" style=\"margin-top:0;margin-bottom:0\">Exkl. moms<\/p>\n<\/div>\n\n\n\n<div class=\"wp-block-column\">\n<p class=\"has-medium-font-size\"><strong>520 SEK<\/strong><\/p>\n\n\n\n<p class=\"has-small-font-size\" style=\"margin-top:0;margin-bottom:0\">Inkl. moms<\/p>\n<\/div>\n<\/div>\n<\/div>\n<\/div>\n\n\n\n<div class=\"wp-block-columns has-2-columns menu-object\" style=\"row-gap: var(--wp--preset--spacing--20); border-bottom-color:var(--wp--preset--color--neutral-200);border-bottom-width:1px;margin-bottom:var(--wp--preset--spacing--30);padding-bottom:var(--wp--preset--spacing--30)\">\n<div class=\"wp-block-column\">\n<h2 class=\"wp-block-heading has-h-5-font-size\">3-r\u00e4tters middag<\/h2>\n\n\n\n<p style=\"margin-top:4px;margin-bottom:0\">V\u00e4lj en f\u00f6rr\u00e4tt, varmr\u00e4tt och efterr\u00e4tt fr\u00e5n meny<\/p>\n<\/div>\n\n\n\n<div class=\"wp-block-column\">\n<div class=\"wp-block-columns has-2-columns has-2-columns is-not-stacked-on-mobile\" style=\"column-gap: var(--wp--preset--spacing--30);\">\n<div class=\"wp-block-column\">\n<p class=\"has-medium-font-size\"><strong>585 SEK<\/strong><\/p>\n\n\n\n<p class=\"has-small-font-size\" style=\"margin-top:0;margin-bottom:0\">Exkl. moms<\/p>\n<\/div>\n\n\n\n<div class=\"wp-block-column\">\n<p class=\"has-medium-font-size\"><strong>655 SEK<\/strong><\/p>\n\n\n\n<p class=\"has-small-font-size\" style=\"margin-top:0;margin-bottom:0\">Inkl. moms<\/p>\n<\/div>\n<\/div>\n<\/div>\n<\/div>\n<\/div>\n\n\n\n<div class=\"wp-block-group curtain-bottom has-brand-200-background-color has-background\" style=\"min-height:24px\"><\/div>\n\n\n\n<h3 class=\"wp-block-heading has-text-align-center\" style=\"margin-top:var(--wp--preset--spacing--70)\">Mer inf\u00f6r konferensen<\/h3>\n\n\n    <div\n                class=\"wp-elements-d14eba5975b6a009311b5ddbb09fb9e3  has-white-color \"\n        style=\"margin-top: var(--wp--preset--spacing--30);\"    >\n        <div class=\"grid-swiper relative -mx-4 md:mx-0 \" data-slides-per-view=\"2\" data-image-nav><div class=\"swiper\"><div class=\"w-full swiper-wrapper\">    <a href=\"https:\/\/www.freyshotels.com\/corner\/konferens-stockholm\/konferenspaket\/\"\n       aria-label=\"Konferenspaket\"\n       class=\"relative group overflow-hidden no-underline !flex flex-col swiper-slide !h-auto \"\n    >\n        <div class=\"relative aspect-[8\/5] overflow-hidden rounded-xl\">\n            <img loading=\"lazy\" decoding=\"async\" width=\"768\" height=\"512\" src=\"https:\/\/www.freyshotels.com\/corner\/wp-content\/uploads\/2026\/04\/corner_hotel_konferensrumflexibilitet_biosittning-768x512.jpg\" class=\"absolute w-full h-full object-cover object-center\" alt=\"\" srcset=\"https:\/\/www.freyshotels.com\/corner\/wp-content\/uploads\/2026\/04\/corner_hotel_konferensrumflexibilitet_biosittning-768x512.jpg 768w, https:\/\/www.freyshotels.com\/corner\/wp-content\/uploads\/2026\/04\/corner_hotel_konferensrumflexibilitet_biosittning-300x200.jpg 300w, https:\/\/www.freyshotels.com\/corner\/wp-content\/uploads\/2026\/04\/corner_hotel_konferensrumflexibilitet_biosittning-1024x683.jpg 1024w, https:\/\/www.freyshotels.com\/corner\/wp-content\/uploads\/2026\/04\/corner_hotel_konferensrumflexibilitet_biosittning-1536x1024.jpg 1536w, https:\/\/www.freyshotels.com\/corner\/wp-content\/uploads\/2026\/04\/corner_hotel_konferensrumflexibilitet_biosittning.jpg 1920w\" sizes=\"auto, (max-width: 768px) 100vw, 768px\" \/>            <div class=\"absolute top-spacing-10 left-spacing-10 flex flex-wrap gap-2\">\n                            <\/div>\n        <\/div>\n        <div class=\"has-small-font-size flex-1 pt-spacing-10\" >\n                        <h3 class=\"has-medium-font-size font-medium xl:group-hover:underlined\">Konferenspaket<\/h3>\n                            <div class=\"mt-0.5\">Uppt\u00e4ck v\u00e5ra konferenspaket i Vasastan \u2013 ett perfekt val f\u00f6r dig som planerar m\u00f6te, konferens eller kick-off i Stockholm. P\u00e5 Corner\u00a0Hotel\u00a0m\u00f6ts ni av en inspirerande milj\u00f6 d\u00e4r personligt engagemang och flexibla l\u00f6sningar st\u00e5r i fokus.<\/div>\n                                <\/div>\n    <\/a>\n        <a href=\"https:\/\/www.freyshotels.com\/corner\/konferens-stockholm\/konferenslokaler\/\"\n       aria-label=\"Konferenslokaler\"\n       class=\"relative group overflow-hidden no-underline !flex flex-col swiper-slide !h-auto \"\n    >\n        <div class=\"relative aspect-[8\/5] overflow-hidden rounded-xl\">\n            <img loading=\"lazy\" decoding=\"async\" width=\"768\" height=\"512\" src=\"https:\/\/www.freyshotels.com\/corner\/wp-content\/uploads\/2026\/03\/konferenslokal_framgang_hotel_lilla_radmannen_-768x512.jpg\" class=\"absolute w-full h-full object-cover object-center\" alt=\"\" srcset=\"https:\/\/www.freyshotels.com\/corner\/wp-content\/uploads\/2026\/03\/konferenslokal_framgang_hotel_lilla_radmannen_-768x512.jpg 768w, https:\/\/www.freyshotels.com\/corner\/wp-content\/uploads\/2026\/03\/konferenslokal_framgang_hotel_lilla_radmannen_-300x200.jpg 300w, https:\/\/www.freyshotels.com\/corner\/wp-content\/uploads\/2026\/03\/konferenslokal_framgang_hotel_lilla_radmannen_-1024x683.jpg 1024w, https:\/\/www.freyshotels.com\/corner\/wp-content\/uploads\/2026\/03\/konferenslokal_framgang_hotel_lilla_radmannen_-1536x1024.jpg 1536w, https:\/\/www.freyshotels.com\/corner\/wp-content\/uploads\/2026\/03\/konferenslokal_framgang_hotel_lilla_radmannen_.jpg 1920w\" sizes=\"auto, (max-width: 768px) 100vw, 768px\" \/>            <div class=\"absolute top-spacing-10 left-spacing-10 flex flex-wrap gap-2\">\n                            <\/div>\n        <\/div>\n        <div class=\"has-small-font-size flex-1 pt-spacing-10\" >\n                        <h3 class=\"has-medium-font-size font-medium xl:group-hover:underlined\">Konferenslokaler<\/h3>\n                            <div class=\"mt-0.5\">V\u00e5ra konferensrum p\u00e5 Corner\u00a0Hotel\u00a0\u00e4r utformade f\u00f6r att skapa r\u00e4tt f\u00f6ruts\u00e4ttningar f\u00f6r allt fr\u00e5n mindre m\u00f6ten till st\u00f6rre konferenser och workshops. Varje rum har sin egen karakt\u00e4r, med en personlig inredning som bidrar till en inspirerande och trivsam m\u00f6tesmilj\u00f6.<\/div>\n                                <\/div>\n    <\/a>\n    <\/div><\/div><div aria-disabled=\"true\" class=\"swiper-button-prev icon-arrow !hidden md:!flex\"><\/div><div class=\"swiper-button-next icon-arrow !hidden md:!flex\"><\/div><div class=\"swiper-pagination\"><\/div><\/div>    <\/div>\n    \n\t<\/div>\n\n\t<\/div>\n\n\n\n<div class=\"wp-block-group alignfull noice has-brand-100-background-color has-background\" style=\"padding-top:var(--wp--preset--spacing--60);padding-bottom:var(--wp--preset--spacing--60)\">\n<div class=\"wp-block-columns has-2-columns are-vertically-aligned-center\" style=\"column-gap: var(--wp--preset--spacing--80); row-gap: var(--wp--preset--spacing--30); padding-bottom:var(--wp--preset--spacing--60)\">\n<div class=\"wp-block-column is-vertically-aligned-center\">\t<div \t\tclass=\"media-container aspect-square    \"\n\t\t\t>\n\t\t<img loading=\"lazy\" decoding=\"async\" width=\"1024\" height=\"683\" src=\"https:\/\/www.freyshotels.com\/corner\/wp-content\/uploads\/2026\/04\/belgobaren_toast_skagen-1024x683.jpg\" class=\"absolute h-full w-full object-cover rounded-2xl image-center-center\" alt=\"\" sizes=\"auto, (min-width: 1024px) 1600px, 1024px\" data-sizes=\"auto\" srcset=\"https:\/\/www.freyshotels.com\/corner\/wp-content\/uploads\/2026\/04\/belgobaren_toast_skagen-1024x683.jpg 1024w, https:\/\/www.freyshotels.com\/corner\/wp-content\/uploads\/2026\/04\/belgobaren_toast_skagen-300x200.jpg 300w, https:\/\/www.freyshotels.com\/corner\/wp-content\/uploads\/2026\/04\/belgobaren_toast_skagen-768x512.jpg 768w, https:\/\/www.freyshotels.com\/corner\/wp-content\/uploads\/2026\/04\/belgobaren_toast_skagen-1536x1024.jpg 1536w, https:\/\/www.freyshotels.com\/corner\/wp-content\/uploads\/2026\/04\/belgobaren_toast_skagen.jpg 1920w\" \/>\t<\/div>\n\t<\/div>\n\n\n\n<div class=\"wp-block-column is-vertically-aligned-center\">\n<p class=\"has-brand-400-color has-text-color has-link-color has-script-medium-font-size wp-elements-964e157972657ef099d31da1bbccd332\">Meny<\/p>\n\n\n\n<h2 class=\"wp-block-heading has-brand-600-color has-text-color has-link-color wp-elements-ac65ca0809926932437a7cc0b5583a44\">grupp- och konferensmeny<\/h2>\n\n\n\n<p class=\"has-brand-600-color has-text-color has-link-color wp-elements-9c470951f8485d6c1f1151fd1dc5179c\">R\u00e4tterna kan kombineras fritt efter era \u00f6nskem\u00e5l, och en gemensam meny v\u00e4ljs f\u00f6r hela s\u00e4llskapet. V\u00e5r kock anpassar sj\u00e4lvklart menyn efter f\u00f6ranm\u00e4ld specialkost f\u00f6r att alla ska f\u00e5 en s\u00e5 bra upplevelse som m\u00f6jligt.&nbsp;<\/p>\n\n\n\n<p class=\"has-brand-600-color has-text-color has-link-color wp-elements-84cea5ae22664bf14bd1cfaf064319c9\">V\u00e4nligen meddela eventuella kostbehov senast tre dagar f\u00f6re ankomst. Minsta antal personer f\u00f6r bokning \u00e4r 10.&nbsp;&nbsp;<\/p>\n\n\n\n<div class=\"wp-block-buttons\">\n<div class=\"wp-block-button is-style-fill\"><a class=\"wp-block-button__link has-brand-500-background-color has-background wp-element-button\" href=\"https:\/\/www.freyshotels.com\/wp-content\/uploads\/2026\/04\/Grupp-och-konferensmeny-2026.pdf\" target=\"_blank\" rel=\"noreferrer noopener\">till grupp- och konferensmeny<\/a><\/div>\n<\/div>\n<\/div>\n<\/div>\n\n\n\n<div class=\"wp-block-columns has-2-columns are-vertically-aligned-center reverse\" style=\"column-gap: var(--wp--preset--spacing--80); row-gap: var(--wp--preset--spacing--30);\">\n<div class=\"wp-block-column is-vertically-aligned-center\">\t<div \t\tclass=\"media-container aspect-square    \"\n\t\t\t>\n\t\t<img loading=\"lazy\" decoding=\"async\" width=\"1024\" height=\"683\" src=\"https:\/\/www.freyshotels.com\/corner\/wp-content\/uploads\/2026\/04\/belgobaren_mingelmat_freys_meetings-1024x683.jpg\" class=\"absolute h-full w-full object-cover rounded-2xl image-center-center\" alt=\"\" sizes=\"auto, (min-width: 1024px) 1600px, 1024px\" data-sizes=\"auto\" srcset=\"https:\/\/www.freyshotels.com\/corner\/wp-content\/uploads\/2026\/04\/belgobaren_mingelmat_freys_meetings-1024x683.jpg 1024w, https:\/\/www.freyshotels.com\/corner\/wp-content\/uploads\/2026\/04\/belgobaren_mingelmat_freys_meetings-300x200.jpg 300w, https:\/\/www.freyshotels.com\/corner\/wp-content\/uploads\/2026\/04\/belgobaren_mingelmat_freys_meetings-768x512.jpg 768w, https:\/\/www.freyshotels.com\/corner\/wp-content\/uploads\/2026\/04\/belgobaren_mingelmat_freys_meetings-1536x1024.jpg 1536w, https:\/\/www.freyshotels.com\/corner\/wp-content\/uploads\/2026\/04\/belgobaren_mingelmat_freys_meetings.jpg 1920w\" \/>\t<\/div>\n\t<\/div>\n\n\n\n<div class=\"wp-block-column is-vertically-aligned-center\">\n<p class=\"has-brand-400-color has-text-color has-link-color has-script-medium-font-size wp-elements-964e157972657ef099d31da1bbccd332\">Meny<\/p>\n\n\n\n<h2 class=\"wp-block-heading has-brand-600-color has-text-color has-link-color wp-elements-5cc2b1bec3e7308db882707a629758a0\">konferensbuff\u00e9er och mingelmat<\/h2>\n\n\n\n<p class=\"has-brand-600-color has-text-color has-link-color wp-elements-a7af2878108f9cad9971bab61f132692\">Vi erbjuder ett brett utbud av buff\u00e9er, mingelmat och andra m\u00e5ltidsalternativ. Sj\u00e4lvklart finns flera r\u00e4tter och menyer att v\u00e4lja mellan.<\/p>\n\n\n\n<p class=\"has-brand-600-color has-text-color has-link-color wp-elements-fe5861affe1e7204a33ad7daf7129cf8\">Inled g\u00e4rna ert event med n\u00e5got att dricka eller avsluta m\u00f6tet med v\u00e5r specialitet \u2013 belgisk \u00f6l fr\u00e5n H\u00f6rnans Belgobar. Vi hj\u00e4lper er g\u00e4rna att skapa ett uppl\u00e4gg som passar just ert event.&nbsp;<\/p>\n\n\n\n<div class=\"wp-block-buttons\">\n<div class=\"wp-block-button is-style-fill\"><a class=\"wp-block-button__link has-brand-500-background-color has-background wp-element-button\" href=\"https:\/\/www.freyshotels.com\/wp-content\/uploads\/2026\/04\/Buffer-och-mingelmat-2026.pdf\" target=\"_blank\" rel=\"noreferrer noopener\">till menyn<\/a><\/div>\n<\/div>\n<\/div>\n<\/div>\n<\/div>\n\n\n\n<div class=\"wp-block-columns has-2-columns alignfull are-vertically-aligned-center noice\" style=\"column-gap: var(--wp--preset--spacing--80); row-gap: var(--wp--preset--spacing--30); padding-top:var(--wp--preset--spacing--60);padding-bottom:var(--wp--preset--spacing--80)\">\n<div class=\"wp-block-column is-vertically-aligned-center stick\">\t<div \t\tclass=\"media-container aspect-square    \"\n\t\t\t>\n\t\t<img loading=\"lazy\" decoding=\"async\" width=\"1024\" height=\"683\" src=\"https:\/\/www.freyshotels.com\/corner\/wp-content\/uploads\/2026\/04\/konferensteam_freys_hotels-1024x683.jpg\" class=\"absolute h-full w-full object-cover rounded-2xl image-center-center\" alt=\"\" sizes=\"auto, (min-width: 1024px) 1600px, 1024px\" data-sizes=\"auto\" srcset=\"https:\/\/www.freyshotels.com\/corner\/wp-content\/uploads\/2026\/04\/konferensteam_freys_hotels-1024x683.jpg 1024w, https:\/\/www.freyshotels.com\/corner\/wp-content\/uploads\/2026\/04\/konferensteam_freys_hotels-300x200.jpg 300w, https:\/\/www.freyshotels.com\/corner\/wp-content\/uploads\/2026\/04\/konferensteam_freys_hotels-768x512.jpg 768w, https:\/\/www.freyshotels.com\/corner\/wp-content\/uploads\/2026\/04\/konferensteam_freys_hotels-1536x1024.jpg 1536w, https:\/\/www.freyshotels.com\/corner\/wp-content\/uploads\/2026\/04\/konferensteam_freys_hotels.jpg 1920w\" \/>\t<\/div>\n\t<\/div>\n\n\n\n<div class=\"wp-block-column is-vertically-aligned-center\">\n<p class=\"has-brand-400-color has-text-color has-link-color has-script-medium-font-size wp-elements-10095981efd2f9305669fde420f57e02\">Stockholm Vasastan<\/p>\n\n\n\n<h2 class=\"wp-block-heading has-brand-600-color has-text-color has-link-color wp-elements-593d71566978277dcd4c567e29ccc04f\">konferens p\u00e5 corner<\/h2>\n\n\n\n<p class=\"has-brand-600-color has-text-color has-link-color wp-elements-b8c25a84263ab5038bc7c8c46d95921a\">Corner&nbsp;Hotel&nbsp;erbjuder flexibla konferenslokaler i olika storlekar, anpassade f\u00f6r allt fr\u00e5n mindre m\u00f6ten till st\u00f6rre konferenser och event. Bel\u00e4get i Vasastan har ni ett l\u00e4ttillg\u00e4ngligt l\u00e4ge i Stockholm som g\u00f6r det enkelt att samla teamet oavsett var deltagarna kommer ifr\u00e5n.&nbsp;<\/p>\n\n\n\n<p class=\"has-brand-600-color has-text-color has-link-color wp-elements-1bbdd01a773d30a801571af95828d9ad\">H\u00e4r kombineras personlig service med moderna m\u00f6tesrum och en inspirerande milj\u00f6 som skapar f\u00f6ruts\u00e4ttningar f\u00f6r effektiva och v\u00e4lfungerande m\u00f6ten.&nbsp;<\/p>\n\n\n\n<div class=\"wp-block-buttons\">\n<div class=\"wp-block-button is-style-outline is-style-outline--1\"><a class=\"wp-block-button__link wp-element-button\" href=\"https:\/\/www.freyshotels.com\/corner\/konferens-stockholm\/\" target=\"_blank\" rel=\"noreferrer noopener\">l\u00e4s mer om konferens<\/a><\/div>\n<\/div>\n<\/div>\n<\/div>\n","protected":false},"excerpt":{"rendered":"<p>Under er konferens p\u00e5 Corner Hotel erbjuder vi frukost, v\u00e4llagade m\u00e5ltider och fikapauser med b\u00e5de s\u00f6ta och salta inslag som ger ny energi genom hela m\u00f6tesdagen. <\/p>\n","protected":false},"author":1,"featured_media":1521,"parent":311,"menu_order":40,"comment_status":"closed","ping_status":"closed","template":"","meta":{"_acf_changed":false,"footnotes":""},"page_category":[],"page_tag":[],"class_list":["post-601","page","type-page","status-publish","has-post-thumbnail","hentry"],"acf":[],"publishpress_future_action":{"enabled":false,"date":"2026-05-06 13:34:41","action":"change-status","newStatus":"draft","terms":[],"taxonomy":"page_category","extraData":[]},"publishpress_future_workflow_manual_trigger":{"enabledWorkflows":[]},"_links":{"self":[{"href":"https:\/\/www.freyshotels.com\/corner\/wp-json\/wp\/v2\/pages\/601","targetHints":{"allow":["GET"]}}],"collection":[{"href":"https:\/\/www.freyshotels.com\/corner\/wp-json\/wp\/v2\/pages"}],"about":[{"href":"https:\/\/www.freyshotels.com\/corner\/wp-json\/wp\/v2\/types\/page"}],"author":[{"embeddable":true,"href":"https:\/\/www.freyshotels.com\/corner\/wp-json\/wp\/v2\/users\/1"}],"replies":[{"embeddable":true,"href":"https:\/\/www.freyshotels.com\/corner\/wp-json\/wp\/v2\/comments?post=601"}],"version-history":[{"count":7,"href":"https:\/\/www.freyshotels.com\/corner\/wp-json\/wp\/v2\/pages\/601\/revisions"}],"predecessor-version":[{"id":1672,"href":"https:\/\/www.freyshotels.com\/corner\/wp-json\/wp\/v2\/pages\/601\/revisions\/1672"}],"up":[{"embeddable":true,"href":"https:\/\/www.freyshotels.com\/corner\/wp-json\/wp\/v2\/pages\/311"}],"wp:featuredmedia":[{"embeddable":true,"href":"https:\/\/www.freyshotels.com\/corner\/wp-json\/"}],"wp:attachment":[{"href":"https:\/\/www.freyshotels.com\/corner\/wp-json\/wp\/v2\/media?parent=601"}],"wp:term":[{"taxonomy":"page_category","embeddable":true,"href":"https:\/\/www.freyshotels.com\/corner\/wp-json\/wp\/v2\/page_category?post=601"},{"taxonomy":"page_tag","embeddable":true,"href":"https:\/\/www.freyshotels.com\/corner\/wp-json\/wp\/v2\/page_tag?post=601"}],"curies":[{"name":"wp","href":"https:\/\/api.w.org\/{rel}","templated":true}]}}