{"id":487,"date":"2026-03-18T07:29:57","date_gmt":"2026-03-18T07:29:57","guid":{"rendered":"https:\/\/www.freyshotels.com\/freys\/?post_type=conference_offer&#038;p=487"},"modified":"2026-04-14T19:23:45","modified_gmt":"2026-04-14T19:23:45","slug":"frukostmote","status":"publish","type":"conference_offer","link":"https:\/\/www.freyshotels.com\/freys\/konferens-stockholm\/konferenspaket\/frukostmote\/","title":{"rendered":"Frukostm\u00f6te p\u00e5 Freys"},"content":{"rendered":"\n<div style=\"aspect-ratio:auto; justify-content:center; padding-top:var(--wp--preset--spacing--60);padding-bottom:var(--wp--preset--spacing--80);background-image:url(&apos;https:\/\/www.freyshotels.com\/wp-content\/uploads\/2026\/03\/bg-black.svg&apos;);background-position:50% 50%;background-size:1000px;\" class=\"alignfull wp-elements-5c2f381d0e1255973dece11c11d1ef38 wp-block-create-block-tankbar-multiblock has-text-color has-white-color has-background has-brand-500-background-color\">\n\n\t<div class=\"multiblock-bg\">\n\n\t\n\t\n\t\n\t\t\t<div class=\"multiblock-overlay overlay absolute inset-0 has-brand-500-background-color\" style=\"opacity:0.75;\"><\/div>\n\t\n\t\t\t<div class=\"multiblock-overlay-gradient absolute inset-0 overlay-gradient gradient-bottom\" style=\" background: linear-gradient(180deg, rgba(var(--brand-500), 0) 0%, rgba(var(--brand-500), 1) 60%);\"><\/div>\n\t\n\t<\/div><!-- .multiblock-bg -->\n\n\t<div class=\"multiblock-inner\">\n\t\t\n\n<div style=\"aspect-ratio:16\/9; justify-content:flex-end; border-top-left-radius:8px;border-top-right-radius:8px; padding-top:var(--wp--preset--spacing--50);padding-bottom:var(--wp--preset--spacing--50);padding-left:var(--wp--preset--spacing--60);padding-right:var(--wp--preset--spacing--60);\" class=\"align wp-block-create-block-tankbar-multiblock has-text-color has-background\">\n\n\t<div class=\"multiblock-bg\">\n\n\t\t\t\t<div class=\"absolute inset-0 image-center-center\">\n\t\t\t\t<img decoding=\"async\" class=\"h-full w-full object-cover\" src=\"https:\/\/www.freyshotels.com\/freys\/wp-content\/uploads\/2026\/04\/freys_hotel_konferenslounge.jpg\" alt=\"Frukostm\u00f6te p\u00e5 Freys\" \/>\n\t\t\t<\/div>\n\t\t\t\n\t\n\t\n\t\n\t\t\t<div class=\"multiblock-overlay-gradient absolute inset-0 overlay-gradient gradient-bottom\" style=\" background: linear-gradient(180deg, rgba(var(--black), 0) 0%, rgba(var(--black), 0.4) 60%);\"><\/div>\n\t\n\t<\/div><!-- .multiblock-bg -->\n\n\t<div class=\"multiblock-inner\">\n\t\t\n\n<p class=\"has-gold-400-color has-text-color has-link-color has-script-normal-font-size wp-elements-8f0419a45097fe607c497c4340ef2e24\">Konferenspaket<\/p>\n\n\n\n<h1 class=\"wp-block-heading has-h-2-font-size\">Frukostm\u00f6te i stockholm city &#8211; <br>starta dagen med ett effektivt m\u00f6te\u00a0<\/h1>\n\n\t<\/div>\n\n\t<\/div>\n\n\n\n<div class=\"wp-block-group has-brand-100-background-color has-background\" style=\"border-bottom-left-radius:8px;border-bottom-right-radius:8px;padding-top:var(--wp--preset--spacing--50);padding-right:var(--wp--preset--spacing--60);padding-bottom:var(--wp--preset--spacing--50);padding-left:var(--wp--preset--spacing--60)\">\n<div class=\"wp-block-columns has-2-columns conf-room-content\" style=\"column-gap: var(--wp--preset--spacing--60); row-gap: var(--wp--preset--spacing--40);\">\n<div class=\"wp-block-column\">\n<h2 class=\"wp-block-heading has-h-4-font-size\" style=\"margin-bottom:var(--wp--preset--spacing--20)\">Starta arbetsdagen med ett frukostm\u00f6te&nbsp;<\/h2>\n\n\n\n<p class=\"has-medium-font-size\"><strong>V\u00e5rt centrala l\u00e4ge i Stockholm city g\u00f6r det enkelt att ses p\u00e5 morgonen, oavsett om deltagarna kommer fr\u00e5n kontoret eller reser in till stan.<\/strong> H\u00e4r f\u00e5r ni en lugn och trivsam start p\u00e5 dagen med god frukost och ett konferensrum som passar just er m\u00f6tesagenda.&nbsp;<br><br>Vi ser till att allt \u00e4r f\u00f6rberett n\u00e4r ni kommer \u2013 s\u00e5 att ni kan fokusera fullt ut p\u00e5 m\u00f6tet.&nbsp;<\/p>\n<\/div>\n\n\n\n<div class=\"wp-block-column\">\n<h2 class=\"wp-block-heading has-h-4-font-size\">vad ing\u00e5r i ett frukostm\u00f6te?<\/h2>\n\n\n\n<p>I konferenspaket Frukostm\u00f6te ing\u00e5r; kaffe, te, juice, sm\u00f6rg\u00e5s, sm\u00e5kakor samt frukt och godis.&nbsp;<br><br>Har ni s\u00e4rskilda \u00f6nskem\u00e5l anpassar vi g\u00e4rna uppl\u00e4gget efter era behov f\u00f6r att skapa b\u00e4sta m\u00f6jliga start p\u00e5 dagen.&nbsp;<br><br>De mest f\u00f6rm\u00e5nliga priserna p\u00e5 konferenslokaler erbjuds p\u00e5 m\u00e5ndagar, fredagar och under helger. Kontakta oss g\u00e4rna f\u00f6r ett skr\u00e4ddarsytt f\u00f6rslag.&nbsp;<\/p>\n\n\n\t<div\n\t\t\t\tclass=\"   \"\n\t\tstyle=\"margin-top: var(--wp--preset--spacing--20);\"\t>\n\t\t<div class=\"flex flex-col\">\n\t\t\t\t\t\t\t\t<a\n\t\t\t\t\t\tclass=\"w-full no-underline group py-3 md:py-4 mt-3 first:mt-0 border-b flex items-center\"\n\t\t\t\t\t\thref=\"\/freys\/konferens-stockholm\/konferensmaltider\/\"\n\t\t\t\t\t\taria-label=\"Konferensm\u00e5ltider\"\n\t\t\t\t\t\ttarget=\"\"\n\t\t\t\t\t\tstyle=\"color:#1E1E1E; border-color:#1E1E1E;\"\n\t\t\t\t\t>\n\t\t\t\t\t\t<span>Konferensm\u00e5ltider<\/span>\n\t\t\t\t\t\t<i class=\"icon-arrow relative ml-auto flex items-center justify-center text-[24px] right-0 transition-menu-buttons xl:group-hover:-right-1.5\"><\/i>\n\t\t\t\t\t<\/a>\n\t\t\t\t\t\t\t\t\t\t<a\n\t\t\t\t\t\tclass=\"w-full no-underline group py-3 md:py-4 mt-3 first:mt-0 border-b flex items-center\"\n\t\t\t\t\t\thref=\"https:\/\/www.freyshotels.com\/freys\/wp-content\/uploads\/2026\/04\/Grupp-och-konferensmeny-2026.pdf\"\n\t\t\t\t\t\taria-label=\"Konferens &amp; gruppmenyer\"\n\t\t\t\t\t\ttarget=\"_blank\"\n\t\t\t\t\t\tstyle=\"color:#1E1E1E; border-color:#1E1E1E;\"\n\t\t\t\t\t>\n\t\t\t\t\t\t<span>Konferens &amp; gruppmenyer<\/span>\n\t\t\t\t\t\t<i class=\"icon-arrow relative ml-auto flex items-center justify-center text-[24px] right-0 transition-menu-buttons xl:group-hover:-right-1.5\"><\/i>\n\t\t\t\t\t<\/a>\n\t\t\t\t\t\t\t\t\t\t<a\n\t\t\t\t\t\tclass=\"w-full no-underline group py-3 md:py-4 mt-3 first:mt-0 border-b flex items-center\"\n\t\t\t\t\t\thref=\"https:\/\/www.freyshotels.com\/freys\/wp-content\/uploads\/2026\/04\/Buffer-och-mingelmat-2026.pdf\"\n\t\t\t\t\t\taria-label=\"Buff\u00e9er &amp; mingelmat\"\n\t\t\t\t\t\ttarget=\"_blank\"\n\t\t\t\t\t\tstyle=\"color:#1E1E1E; border-color:#1E1E1E;\"\n\t\t\t\t\t>\n\t\t\t\t\t\t<span>Buff\u00e9er &amp; mingelmat<\/span>\n\t\t\t\t\t\t<i class=\"icon-arrow relative ml-auto flex items-center justify-center text-[24px] right-0 transition-menu-buttons xl:group-hover:-right-1.5\"><\/i>\n\t\t\t\t\t<\/a>\n\t\t\t\t\t\t\t<\/div>\n\t<\/div>\n\t<\/div>\n<\/div>\n\n\n\n<div style=\"aspect-ratio:auto; justify-content:center; border-top-left-radius:8px;border-top-right-radius:8px;border-bottom-left-radius:8px;border-bottom-right-radius:8px; padding-top:var(--wp--preset--spacing--40);padding-bottom:var(--wp--preset--spacing--40);padding-left:var(--wp--preset--spacing--40);padding-right:var(--wp--preset--spacing--40);margin-bottom:0;margin-top:var(--wp--preset--spacing--50);background-image:url(&apos;https:\/\/www.freyshotels.com\/freys\/wp-content\/uploads\/2026\/03\/bg-black.svg&apos;);background-position:50% 50%;background-size:650px;background-attachment:scroll;\" class=\"align booking-banner wp-block-create-block-tankbar-multiblock has-text-color has-background has-brand-500-background-color\">\n\n\t<div class=\"multiblock-bg\">\n\n\t\n\t\n\t\n\t\t\t<div class=\"multiblock-overlay overlay absolute inset-0 has-brand-500-background-color\" style=\"opacity:0.75;\"><\/div>\n\t\n\t\n\t<\/div><!-- .multiblock-bg -->\n\n\t<div class=\"multiblock-inner\">\n\t\t\n\n<div class=\"wp-block-columns has-2-columns is-not-stacked-on-mobile booking-banner\" style=\"column-gap: var(--wp--preset--spacing--20);\">\n<div class=\"wp-block-column is-vertically-aligned-top overflow-hidden has-border-color has-brand-400-border-color\" style=\"border-width:2px;border-top-left-radius:50px;border-top-right-radius:50px;border-bottom-left-radius:50px;border-bottom-right-radius:50px;flex-basis:100px\">\n<figure class=\"wp-block-image size-thumbnail\"><img decoding=\"async\" src=\"https:\/\/www.freyshotels.com\/freys\/wp-content\/uploads\/2026\/04\/konferensteam_freys-hotels_-150x150.jpg\" alt=\"\" class=\"wp-image-1734\"\/><\/figure>\n<\/div>\n\n\n\n<div class=\"wp-block-column is-vertically-aligned-center\">\n<div class=\"wp-block-columns has-2-columns has-2-columns are-vertically-aligned-center\" style=\"row-gap: var(--wp--preset--spacing--30);\">\n<div class=\"wp-block-column is-vertically-aligned-center\">\n<h2 class=\"wp-block-heading has-h-3-font-size\">\u00c4r du reda att boka?<\/h2>\n\n\n\n<p style=\"margin-top:8px\">Skicka din f\u00f6rfr\u00e5gan s\u00e5 hj\u00e4lper vi dig med din bokning.<\/p>\n<\/div>\n\n\n\n<div class=\"wp-block-column is-vertically-aligned-center booking-button-col\">    <div\n                class=\"flex gap-spacing-10 flex-wrap    \"\n            >\n                                    <button\n                data-flyout-toggle=\"booking-conference\"\n                aria-label=\"Konferensf\u00f6rfr\u00e5gan\"\n                class=\"wp-block-button__link has-background has-gold-500-background-color\"\n            >\n                Konferensf\u00f6rfr\u00e5gan\n            <\/button>\n                    <\/div>\n<\/div>\n<\/div>\n<\/div>\n<\/div>\n\n\t<\/div>\n\n\t<\/div>\n<\/div>\n\n\t<\/div>\n\n\t<\/div>\n\n\n\n<div class=\"wp-block-group alignfull noice has-brand-100-background-color has-background\" style=\"padding-top:var(--wp--preset--spacing--60);padding-bottom:var(--wp--preset--spacing--60)\">\n<div class=\"wp-block-columns has-2-columns are-vertically-aligned-bottom is-not-stacked-on-mobile wrap-none\" style=\"column-gap: var(--wp--preset--spacing--40); row-gap: var(--wp--preset--spacing--20);\">\n<div class=\"wp-block-column is-vertically-aligned-bottom\">\n<h2 class=\"wp-block-heading has-h-3-font-size\">Fler konferenspaket<\/h2>\n\n\n\n<p>Vi erbjuder flertalet konferenspaket s\u00e5som; frukostm\u00f6te, dagkonferens, konferens med \u00f6vernattning, konferens med helpension, Office by the hour &#8211; klippkort f\u00f6r bokning av konferensrum och kontor per timme samt f\u00f6rstklassig utrustning f\u00f6r att h\u00e5lla digitala m\u00f6ten och events.<\/p>\n<\/div>\n\n\n\n<div class=\"wp-block-column is-vertically-aligned-bottom\">\n<div class=\"wp-block-buttons\" style=\"justify-content: flex-end;\">\n<div class=\"wp-block-button is-style-outline is-style-outline--1\"><a class=\"wp-block-button__link has-black-background-color has-background wp-element-button\" href=\"\/freys\/konferens-stockholm\/konferenspaket\/\">Visa alla<\/a><\/div>\n<\/div>\n<\/div>\n<\/div>\n\n\n    <div\n\t\t        class=\"weglot-translate has-normal-font-size    \"\n\t\tstyle=\"margin-top: var(--wp--preset--spacing--40);\"    >\n        <div x-data=\"loadMorePosts({\n        currentPost: '487',\n        postType: 'conference_offer',\n        initialCategories: '',\n        initialTags: '',\n        postsPerPage: -1,\n        })\"\n             class=\"mx-auto flex flex-col items-center bg-inherit\"\n        >\n\t\t\t\n            <div x-show=\"noResults\" class=\"text-gray-500\">\n\t\t\t\tInga poster hittades            <\/div>\n\n            <div x-show=\"loading\" class=\"loading w-full h-[100px] self-start\"><\/div>\n\n            <div class=\"w-full grid sm:grid-cols-2 gap-5 md:gap-8 xxl:gap-10 img_text_card\">\n                <template x-for=\"post in posts\" :key=\"post.id\">\n\t\t\t\t\t<a\n    x-bind:href=\"post.url\"\n    x-bind:aria-label=\"post.title\"\n    x-bind:target=\"post.target\"\n    class=\"relative group overflow-hidden no-underline flex flex-col\"\n>\n    <div class=\"relative aspect-[8\/5] overflow-hidden rounded-xl\">\n        <div x-html=\"post.thumbnail\"><\/div>\n        <div class=\"absolute top-spacing-10 left-spacing-10 flex flex-wrap gap-2\">\n            <div class=\"chip bg-brand-100\" x-show=\"post.tag\" x-text=\"post.tag\"><\/div>\n        <\/div>\n    <\/div>\n    <div class=\"has-small-font-size flex-1 pt-spacing-10\" >\n                    <div class=\"mb-0.5\" x-text=\"post.post_type\"><\/div>\n                <h3 class=\"has-medium-font-size font-medium xl:group-hover:underlined\" x-text=\"post.title\"><\/h3>\n                    <\/div>\n<\/a>                <\/template>\n            <\/div>\n\n\t\t\t                <button x-show=\"hasMore\" :class=\"{ 'loading': loading }\" x-on:click=\"loadMore()\" :disabled=\"loading\" aria-label=\"Visa fler\" class=\"mt-spacing-40 wp-block-button__link is-style-outline has-background has-black-background-color\" style=\"display:none;\">\n\t\t\t\t\tVisa fler                <\/button>\n\t\t\t\t\n        <\/div>\n    <\/div>\n\t\n\n\n<div style=\"aspect-ratio:auto; justify-content:center; border-top-left-radius:8px;border-top-right-radius:8px;border-bottom-left-radius:8px;border-bottom-right-radius:8px; padding-top:var(--wp--preset--spacing--40);padding-bottom:var(--wp--preset--spacing--40);padding-left:var(--wp--preset--spacing--40);padding-right:var(--wp--preset--spacing--40);margin-bottom:0;margin-top:var(--wp--preset--spacing--50);background-image:url(&apos;https:\/\/www.freyshotels.com\/freys\/wp-content\/uploads\/2026\/03\/bg-black.svg&apos;);background-position:50% 50%;background-size:650px;background-attachment:scroll;\" class=\"align booking-banner wp-block-create-block-tankbar-multiblock has-text-color has-background has-brand-500-background-color\">\n\n\t<div class=\"multiblock-bg\">\n\n\t\n\t\n\t\n\t\t\t<div class=\"multiblock-overlay overlay absolute inset-0 has-brand-500-background-color\" style=\"opacity:0.75;\"><\/div>\n\t\n\t\n\t<\/div><!-- .multiblock-bg -->\n\n\t<div class=\"multiblock-inner\">\n\t\t\n\n<div class=\"wp-block-columns has-2-columns is-not-stacked-on-mobile booking-banner\" style=\"column-gap: var(--wp--preset--spacing--20);\">\n<div class=\"wp-block-column is-vertically-aligned-top overflow-hidden has-border-color has-brand-400-border-color\" style=\"border-width:2px;border-top-left-radius:50px;border-top-right-radius:50px;border-bottom-left-radius:50px;border-bottom-right-radius:50px;flex-basis:100px\">\n<figure class=\"wp-block-image size-thumbnail\"><img decoding=\"async\" src=\"https:\/\/www.freyshotels.com\/freys\/wp-content\/uploads\/2026\/04\/konferensteam_freys-hotels_-150x150.jpg\" alt=\"\" class=\"wp-image-1734\"\/><\/figure>\n<\/div>\n\n\n\n<div class=\"wp-block-column is-vertically-aligned-center\">\n<div class=\"wp-block-columns has-2-columns has-2-columns are-vertically-aligned-center\" style=\"row-gap: var(--wp--preset--spacing--30);\">\n<div class=\"wp-block-column is-vertically-aligned-center\">\n<h2 class=\"wp-block-heading has-h-3-font-size\">\u00c4r du reda att boka?<\/h2>\n\n\n\n<p style=\"margin-top:8px\">Skicka din f\u00f6rfr\u00e5gan s\u00e5 hj\u00e4lper vi dig med din bokning.<\/p>\n<\/div>\n\n\n\n<div class=\"wp-block-column is-vertically-aligned-center booking-button-col\">    <div\n                class=\"flex gap-spacing-10 flex-wrap    \"\n            >\n                                    <button\n                data-flyout-toggle=\"booking-conference\"\n                aria-label=\"Konferensf\u00f6rfr\u00e5gan\"\n                class=\"wp-block-button__link has-background has-gold-500-background-color\"\n            >\n                Konferensf\u00f6rfr\u00e5gan\n            <\/button>\n                    <\/div>\n<\/div>\n<\/div>\n<\/div>\n<\/div>\n\n\t<\/div>\n\n\t<\/div>\n<\/div>\n\n\n\n<div style=\"aspect-ratio:auto; justify-content:center; padding-top:var(--wp--preset--spacing--80);\" class=\"alignfull inner-paralax wp-elements-c367873f05ee82ec494c4b650ab03614 wp-block-create-block-tankbar-multiblock has-text-color has-white-color has-background has-brand-700-background-color has-text-align-center\">\n\n\t<div class=\"multiblock-bg\">\n\n\t\n\t\n\t\t\t\t\t<div class=\"multiblock-gallery\">\n\t\t\t<div class=\"swiper\"\n\t\t\t\t data-transition-duration=\"1500\"\n\t\t\t\t data-interval-duration=\"6000\"\n\t\t\t\t data-transition-style=\"fade\"\n\t\t\t\t data-gallery-buttons=\"false\"\n\t\t\t\t data-gallery-pagination=\"false\">\n\t\t\t\t<div class=\"swiper-wrapper\">\n\t\t\t\t\t\t\t\t\t\t\t\t\t\t\t\t\t\t\t\t\t\t<div class=\"swiper-slide gallery-item\">\n\t\t\t\t\t\t\t<img decoding=\"async\" src=\"https:\/\/www.freyshotels.com\/freys\/wp-content\/uploads\/2026\/03\/freys-hotel-front-square-1005x1024.jpg\" alt=\"Bakgrundsbild\" width=\"100%\" height=\"100%\" \/>\n\t\t\t\t\t\t<\/div>\n\t\t\t\t\t\t\t\t\t\t\t\t\t\t<\/div>\n\t\t\t<\/div>\n\t\t<\/div>\n\t\n\t\n\t\n\t<\/div><!-- .multiblock-bg -->\n\n\t<div class=\"multiblock-inner\">\n\t\t\n\n<h2 class=\"wp-block-heading has-script-large-font-size\">Kundcitat<\/h2>\n\n\n\n<div style=\"aspect-ratio:auto; justify-content:center; padding-bottom:var(--wp--preset--spacing--80);padding-top:var(--wp--preset--spacing--40);\" class=\"alignfull wp-block-create-block-tankbar-multiblock has-text-color has-background\">\n\n\t<div class=\"multiblock-bg\">\n\n\t\n\t\n\t\n\t\n\t\t\t<div class=\"multiblock-overlay-gradient absolute inset-0 overlay-gradient gradient-bottom\" style=\" background: linear-gradient(180deg, rgba(var(--brand-700), 0) 0%, rgba(var(--brand-700), 0.7) 60%);\"><\/div>\n\t\n\t<\/div><!-- .multiblock-bg -->\n\n\t<div class=\"multiblock-inner\">\n\t\t\n<div \tclass=\"quote-swiper    \" data-slides-per-view=\"3\"\n\t>\n\t    <div class=\"swiper\">\n        <div class=\"swiper-wrapper\">\n                            <div class=\"swiper-slide !h-auto\">\n                    <div class=\"h-full bg-brand-500 text-white flex flex-col items-start text-left p-spacing-40 rounded-xl noice before:!opacity-100\">\n                                                                            <div class=\"relative flex jusify-start !mx-0 gap-x-1.5 text-[24px] !text-gold-400 mb-spacing-40\">\n                                                                    <i class=\"icon-star-filled\"><\/i>\n                                                                    <i class=\"icon-star-filled\"><\/i>\n                                                                    <i class=\"icon-star-filled\"><\/i>\n                                                                    <i class=\"icon-star-filled\"><\/i>\n                                                                    <i class=\"icon-star-filled\"><\/i>\n                                                            <\/div>\n                                                <div class=\"mb-spacing-40 w-full\">\n                            Vi trivs extra bra p\u00e5 Freys \u2013 det finns en v\u00e4rme och omtanke som \u00e4r sv\u00e5r att hitta p\u00e5 andra st\u00e4llen. Dessutom bedrivs verksamheten p\u00e5 ett ypperligt s\u00e4tt och Freys \u00e4r helt klart det mysigaste st\u00e4llet i stan.                        <\/div>\n                        <div class=\"has-small-font-size opacity-60 mt-auto w-full\">\n                            Maria Ekman-Bradshaw | Back Office Manager | Motiva Nordica AB, Establishment Labs                        <\/div>\n                    <\/div>\n                <\/div>\n                                <div class=\"swiper-slide !h-auto\">\n                    <div class=\"h-full bg-brand-500 text-white flex flex-col items-start text-left p-spacing-40 rounded-xl noice before:!opacity-100\">\n                                                                            <div class=\"relative flex jusify-start !mx-0 gap-x-1.5 text-[24px] !text-gold-400 mb-spacing-40\">\n                                                                    <i class=\"icon-star-filled\"><\/i>\n                                                                    <i class=\"icon-star-filled\"><\/i>\n                                                                    <i class=\"icon-star-filled\"><\/i>\n                                                                    <i class=\"icon-star-filled\"><\/i>\n                                                                    <i class=\"icon-star-filled\"><\/i>\n                                                            <\/div>\n                                                <div class=\"mb-spacing-40 w-full\">\n                            Det \u00e4r enkelt att ta sig till Freys oavsett hur du reser \u2013 n\u00e4rheten till centralstationen \u00e4r ett plus. Det personliga och positiva bem\u00f6tandet tillsammans med att alltid vilja att g\u00f6ra det d\u00e4r lite extra, g\u00f6r att man k\u00e4nner sig oerh\u00f6rt v\u00e4lkommen. Att k\u00e4nna igen personalen och att sj\u00e4lv bli igenk\u00e4nd betyder mycket och det finns en v\u00e4rme som g\u00f6r det l\u00e4tt att trivas. Man \u00e4r som en enda stor familj.                        <\/div>\n                        <div class=\"has-small-font-size opacity-60 mt-auto w-full\">\n                            Kenneth Berntsson | Member of the Board, Head of Marketing | Munsk\u00e4nkarna                        <\/div>\n                    <\/div>\n                <\/div>\n                                <div class=\"swiper-slide !h-auto\">\n                    <div class=\"h-full bg-brand-500 text-white flex flex-col items-start text-left p-spacing-40 rounded-xl noice before:!opacity-100\">\n                                                                            <div class=\"relative flex jusify-start !mx-0 gap-x-1.5 text-[24px] !text-gold-400 mb-spacing-40\">\n                                                                    <i class=\"icon-star-filled\"><\/i>\n                                                                    <i class=\"icon-star-filled\"><\/i>\n                                                                    <i class=\"icon-star-filled\"><\/i>\n                                                                    <i class=\"icon-star-filled\"><\/i>\n                                                                    <i class=\"icon-star-filled\"><\/i>\n                                                            <\/div>\n                                                <div class=\"mb-spacing-40 w-full\">\n                            Freys \u00e4r mitt favvost\u00e4lle i Stockholm sedan m\u00e5nga \u00e5r, tv\u00e5 av sk\u00e4len till det \u00e4r er flexibilitet och bem\u00f6tande. Jag \u00e4lskar att h\u00e5lla workshop f\u00f6r en uppdragsgivare \u2013 sedan sitta kvar p\u00e5 kv\u00e4llen och \u00e4ta musslor och ta en kall \u00f6l p\u00e5 Belgobaren. Ni \u00e4r ett kanong\u00e4ng p\u00e5 ett kanonanl\u00e4ggning!                        <\/div>\n                        <div class=\"has-small-font-size opacity-60 mt-auto w-full\">\n                            Patrick Stahl | Lead Trainer | Perfect Life                        <\/div>\n                    <\/div>\n                <\/div>\n                        <\/div>\n    <\/div>\n\t<\/div>\n\t<\/div>\n\n\t<\/div>\n\n\t<\/div>\n\n\t<\/div>\n\n\n\n<div class=\"wp-block-group alignfull noice has-brand-100-background-color has-background\" style=\"padding-top:var(--wp--preset--spacing--80);padding-bottom:var(--wp--preset--spacing--80)\">    <div\n                class=\"   \"\n            >\n        <div class=\"w-full grid sm:grid-cols-2 gap-5 md:gap-8 xxl:gap-10 img_card\">    <a href=\"https:\/\/www.freyshotels.com\/freys\/konferens-stockholm\/konferenslokaler\/\"\n       aria-label=\"Konferenslokaler\"\n       class=\"relative group !flex flex-col h-full overflow-hidden no-underline text-white rounded-xl \"\n    >\n\n        <div class=\"absolute inset-0\">\n            <img loading=\"lazy\" decoding=\"async\" width=\"768\" height=\"441\" src=\"https:\/\/www.freyshotels.com\/freys\/wp-content\/uploads\/2026\/04\/freys_hotel_konferenslokal_mod-768x441.jpg\" class=\"absolute w-full h-full object-cover object-center\" alt=\"\" srcset=\"https:\/\/www.freyshotels.com\/freys\/wp-content\/uploads\/2026\/04\/freys_hotel_konferenslokal_mod-768x441.jpg 768w, https:\/\/www.freyshotels.com\/freys\/wp-content\/uploads\/2026\/04\/freys_hotel_konferenslokal_mod-300x172.jpg 300w, https:\/\/www.freyshotels.com\/freys\/wp-content\/uploads\/2026\/04\/freys_hotel_konferenslokal_mod-1024x588.jpg 1024w, https:\/\/www.freyshotels.com\/freys\/wp-content\/uploads\/2026\/04\/freys_hotel_konferenslokal_mod-1536x882.jpg 1536w, https:\/\/www.freyshotels.com\/freys\/wp-content\/uploads\/2026\/04\/freys_hotel_konferenslokal_mod.jpg 1920w\" sizes=\"auto, (max-width: 768px) 100vw, 768px\" \/>        <\/div>\n\n        <div class=\"absolute inset-0 pointer-events-none bg-gradient-to-r from-black\/40 to-black\/20 opacity-100 xl:group-hover:opacity-70 transition-all duration-300\"><\/div>\n\n        <div class=\"relative p-spacing-40 flex-1 flex flex-col items-start maxxl:!aspect-auto maxlg:!py-spacing-80 xl:aspect-[4\/3]\">\n            <div class=\"relative h-full flex flex-col items-center text-center justify-center lg:justify-start lg:items-start lg:text-left\">\n                                <h3 class=\"uppercase xl:group-hover:underlined\">Konferenslokaler<\/h3>\n                <p class=\"mb-spacing-80\">V\u00e5ra elva\u00a0m\u00f6tesrum \u00e4r utformade f\u00f6r att skapa r\u00e4tt f\u00f6ruts\u00e4ttningar f\u00f6r allt fr\u00e5n mindre samtal till st\u00f6rre konferenser och workshops.<\/p>\n                <div class=\"is-style-outline wp-block-button__link has-background has-white-background-color mt-auto\">Utforksa v\u00e5ra konferensrum<\/div>\n            <\/div>\n        <\/div>\n    <\/a>\n        <a href=\"https:\/\/www.freyshotels.com\/freys\/konferens-stockholm\/konferensmaltider\/\"\n       aria-label=\"Konferensm\u00e5ltider\"\n       class=\"relative group !flex flex-col h-full overflow-hidden no-underline text-white rounded-xl \"\n    >\n\n        <div class=\"absolute inset-0\">\n            <img loading=\"lazy\" decoding=\"async\" width=\"768\" height=\"512\" src=\"https:\/\/www.freyshotels.com\/freys\/wp-content\/uploads\/2026\/04\/freys_hotel_konferensfika-768x512.jpg\" class=\"absolute w-full h-full object-cover object-center\" alt=\"\" srcset=\"https:\/\/www.freyshotels.com\/freys\/wp-content\/uploads\/2026\/04\/freys_hotel_konferensfika-768x512.jpg 768w, https:\/\/www.freyshotels.com\/freys\/wp-content\/uploads\/2026\/04\/freys_hotel_konferensfika-300x200.jpg 300w, https:\/\/www.freyshotels.com\/freys\/wp-content\/uploads\/2026\/04\/freys_hotel_konferensfika-1024x683.jpg 1024w, https:\/\/www.freyshotels.com\/freys\/wp-content\/uploads\/2026\/04\/freys_hotel_konferensfika-1536x1025.jpg 1536w, https:\/\/www.freyshotels.com\/freys\/wp-content\/uploads\/2026\/04\/freys_hotel_konferensfika.jpg 1920w\" sizes=\"auto, (max-width: 768px) 100vw, 768px\" \/>        <\/div>\n\n        <div class=\"absolute inset-0 pointer-events-none bg-gradient-to-r from-black\/40 to-black\/20 opacity-100 xl:group-hover:opacity-70 transition-all duration-300\"><\/div>\n\n        <div class=\"relative p-spacing-40 flex-1 flex flex-col items-start maxxl:!aspect-auto maxlg:!py-spacing-80 xl:aspect-[4\/3]\">\n            <div class=\"relative h-full flex flex-col items-center text-center justify-center lg:justify-start lg:items-start lg:text-left\">\n                                <h3 class=\"uppercase xl:group-hover:underlined\">Konferensm\u00e5ltider<\/h3>\n                <p class=\"mb-spacing-80\">Under er konferens \u00e4r det Belgobaren som st\u00e5r f\u00f6r den gener\u00f6sa frukostbuff\u00e9n, v\u00e4llagade maten och de energigivande fikapauserna.<\/p>\n                <div class=\"is-style-outline wp-block-button__link has-background has-white-background-color mt-auto\">L\u00e4s mer om konferensm\u00e5ltider<\/div>\n            <\/div>\n        <\/div>\n    <\/a>\n    <\/div>    <\/div>\n    <\/div>\n","protected":false},"excerpt":{"rendered":"<p>Planerar du ett frukostm\u00f6te i Stockholm city? P\u00e5 Freys Hotel m\u00f6ts ni i en personlig och inspirerande milj\u00f6 mitt i stadens hj\u00e4rta. Bjud in kollegor eller kunder till ett m\u00f6te som ger en bra start p\u00e5 arbetsdagen. <\/p>\n","protected":false},"featured_media":1175,"menu_order":50,"template":"","meta":{"_acf_changed":false,"footnotes":""},"conference_offer_category":[],"conference_offer_tag":[14],"class_list":["post-487","conference_offer","type-conference_offer","status-publish","has-post-thumbnail","hentry"],"acf":[],"publishpress_future_action":{"enabled":false,"date":"2026-05-06 13:36:18","action":"change-status","newStatus":"draft","terms":[],"taxonomy":"conference_offer_category","extraData":[]},"publishpress_future_workflow_manual_trigger":{"enabledWorkflows":[]},"_links":{"self":[{"href":"https:\/\/www.freyshotels.com\/freys\/wp-json\/wp\/v2\/conference_offer\/487","targetHints":{"allow":["GET"]}}],"collection":[{"href":"https:\/\/www.freyshotels.com\/freys\/wp-json\/wp\/v2\/conference_offer"}],"about":[{"href":"https:\/\/www.freyshotels.com\/freys\/wp-json\/wp\/v2\/types\/conference_offer"}],"version-history":[{"count":8,"href":"https:\/\/www.freyshotels.com\/freys\/wp-json\/wp\/v2\/conference_offer\/487\/revisions"}],"predecessor-version":[{"id":2201,"href":"https:\/\/www.freyshotels.com\/freys\/wp-json\/wp\/v2\/conference_offer\/487\/revisions\/2201"}],"wp:featuredmedia":[{"embeddable":true,"href":"https:\/\/www.freyshotels.com\/freys\/wp-json\/"}],"wp:attachment":[{"href":"https:\/\/www.freyshotels.com\/freys\/wp-json\/wp\/v2\/media?parent=487"}],"wp:term":[{"taxonomy":"conference_offer_category","embeddable":true,"href":"https:\/\/www.freyshotels.com\/freys\/wp-json\/wp\/v2\/conference_offer_category?post=487"},{"taxonomy":"conference_offer_tag","embeddable":true,"href":"https:\/\/www.freyshotels.com\/freys\/wp-json\/wp\/v2\/conference_offer_tag?post=487"}],"curies":[{"name":"wp","href":"https:\/\/api.w.org\/{rel}","templated":true}]}}