{"id":1084,"date":"2026-03-31T12:29:51","date_gmt":"2026-03-31T12:29:51","guid":{"rendered":"https:\/\/www.freyshotels.com\/freys\/?page_id=1084"},"modified":"2026-04-28T12:52:54","modified_gmt":"2026-04-28T12:52:54","slug":"konferensmaltider","status":"publish","type":"page","link":"https:\/\/www.freyshotels.com\/freys\/konferens-stockholm\/konferensmaltider\/","title":{"rendered":"Konferensm\u00e5ltider"},"content":{"rendered":"\n<div style=\"aspect-ratio:auto; justify-content:center; padding-top:var(--wp--preset--spacing--60);padding-bottom:var(--wp--preset--spacing--80);background-image:url(&apos;https:\/\/www.freyshotels.com\/wp-content\/uploads\/2026\/03\/bg-black.svg&apos;);background-position:50% 50%;background-size:50%;\" class=\"alignfull wp-elements-794c4256c6c34582d7e9b6a9e79996d6 wp-block-create-block-tankbar-multiblock has-text-color has-white-color has-background has-brand-500-background-color\">\n\n\t<div class=\"multiblock-bg\">\n\n\t\n\t\n\t\n\t\t\t<div class=\"multiblock-overlay overlay absolute inset-0 has-brand-500-background-color\" style=\"opacity:0.75;\"><\/div>\n\t\n\t\t\t<div class=\"multiblock-overlay-gradient absolute inset-0 overlay-gradient gradient-bottom\" style=\" background: linear-gradient(180deg, rgba(var(--brand-500), 0) 0%, rgba(var(--brand-500), 1) 60%);\"><\/div>\n\t\n\t<\/div><!-- .multiblock-bg -->\n\n\t<div class=\"multiblock-inner\">\n\t\t\n\n<p class=\"has-text-align-center has-gold-500-color has-text-color has-link-color has-script-medium-font-size wp-elements-cfc5fc890d5a3910cb5da14b547e33ca\">Meny<\/p>\n\n\n\n<h1 class=\"wp-block-heading has-text-align-center has-h-2-font-size\">Konferensm\u00e5ltider<\/h1>\n\n\n\n<p class=\"has-text-align-center\">I n\u00e4ra samarbete med restaurang&nbsp;Belgobaren&nbsp;serveras v\u00e5ra g\u00e4ster v\u00e4llagad mat och energigivande fikapauser \u2013 allt f\u00f6r att m\u00f6tet, eventet eller konferensen ska bli s\u00e5 lyckad som m\u00f6jligt.&nbsp;V\u00e4lj&nbsp;mellan f\u00e4rdiga m\u00e5ltidspaket eller&nbsp;kombinera de delar som passar er b\u00e4st. Tack vare flexibiliteten kan ni enkelt anpassa inneh\u00e5llet efter dagens uppl\u00e4gg och deltagarnas behov.&nbsp;<br><br>Vi hj\u00e4lper dig att skapa ett uppl\u00e4gg som passar er agenda \u2013 oavsett om det g\u00e4ller dagkonferens, heldag eller konferens med middag.&nbsp;<\/p>\n\n\n\n<div class=\"wp-block-group curtain-top has-brand-200-background-color has-background\" style=\"margin-top:var(--wp--preset--spacing--60);padding-top:var(--wp--preset--spacing--60);padding-right:var(--wp--preset--spacing--50);padding-bottom:var(--wp--preset--spacing--50);padding-left:var(--wp--preset--spacing--50)\">\n<div class=\"wp-block-columns has-2-columns menu-object\" style=\"row-gap: var(--wp--preset--spacing--20); border-bottom-color:var(--wp--preset--color--neutral-200);border-bottom-width:1px;margin-bottom:var(--wp--preset--spacing--30);padding-bottom:var(--wp--preset--spacing--30)\">\n<div class=\"wp-block-column\">\n<h2 class=\"wp-block-heading has-h-5-font-size\">M\u00e5ltidspaket vardag<\/h2>\n\n\n\n<p style=\"margin-top:4px;margin-bottom:0\">Kaffe\/te\/juice med sm\u00f6rg\u00e5s, lunch, kaffe\/te med bakverk och fruktfat.<\/p>\n<\/div>\n\n\n\n<div class=\"wp-block-column\">\n<div class=\"wp-block-columns has-2-columns has-2-columns is-not-stacked-on-mobile\" style=\"column-gap: var(--wp--preset--spacing--30);\">\n<div class=\"wp-block-column\">\n<p class=\"has-medium-font-size\"><strong>382 SEK<\/strong><\/p>\n\n\n\n<p class=\"has-small-font-size\" style=\"margin-top:0;margin-bottom:0\">Exkl. moms<\/p>\n<\/div>\n\n\n\n<div class=\"wp-block-column\">\n<p class=\"has-medium-font-size\"><strong>478 SEK<\/strong><\/p>\n\n\n\n<p class=\"has-small-font-size\" style=\"margin-top:0;margin-bottom:0\">Inkl. moms<\/p>\n<\/div>\n<\/div>\n<\/div>\n<\/div>\n\n\n\n<div class=\"wp-block-columns has-2-columns menu-object\" style=\"row-gap: var(--wp--preset--spacing--20); border-bottom-color:var(--wp--preset--color--neutral-200);border-bottom-width:1px;margin-bottom:var(--wp--preset--spacing--30);padding-bottom:var(--wp--preset--spacing--30)\">\n<div class=\"wp-block-column\">\n<h2 class=\"wp-block-heading has-h-5-font-size\">M\u00e5ltidspaket helg<\/h2>\n\n\n\n<p style=\"margin-top:4px;margin-bottom:0\">Kaffe\/te\/juice med sm\u00f6rg\u00e5s, lunch, kaffe\/te med bakverk och fruktfat.<\/p>\n<\/div>\n\n\n\n<div class=\"wp-block-column\">\n<div class=\"wp-block-columns has-2-columns has-2-columns is-not-stacked-on-mobile\" style=\"column-gap: var(--wp--preset--spacing--30);\">\n<div class=\"wp-block-column\">\n<p class=\"has-medium-font-size\"><strong>410 SEK<\/strong><\/p>\n\n\n\n<p class=\"has-small-font-size\" style=\"margin-top:0;margin-bottom:0\">Exkl. moms<\/p>\n<\/div>\n\n\n\n<div class=\"wp-block-column\">\n<p class=\"has-medium-font-size\"><strong>513 SEK<\/strong><\/p>\n\n\n\n<p class=\"has-small-font-size\" style=\"margin-top:0;margin-bottom:0\">Inkl. moms<\/p>\n<\/div>\n<\/div>\n<\/div>\n<\/div>\n\n\n\n<div class=\"wp-block-columns has-2-columns menu-object\" style=\"row-gap: var(--wp--preset--spacing--20); border-bottom-color:var(--wp--preset--color--neutral-200);border-bottom-width:1px;margin-bottom:var(--wp--preset--spacing--30);padding-bottom:var(--wp--preset--spacing--30)\">\n<div class=\"wp-block-column\">\n<h2 class=\"wp-block-heading has-h-5-font-size\">f\u00f6r- och eftermiddags kaffe<\/h2>\n\n\n\n<p style=\"margin-top:4px;margin-bottom:0\">Kaffe\/te med sm\u00f6rg\u00e5s eller kaka\/bulle samt n\u00e5got s\u00f6tt och salt d\u00e4rtill.<\/p>\n<\/div>\n\n\n\n<div class=\"wp-block-column\">\n<div class=\"wp-block-columns has-2-columns has-2-columns is-not-stacked-on-mobile\" style=\"column-gap: var(--wp--preset--spacing--30);\">\n<div class=\"wp-block-column\">\n<p class=\"has-medium-font-size\"><strong>121 SEK<\/strong><\/p>\n\n\n\n<p class=\"has-small-font-size\" style=\"margin-top:0;margin-bottom:0\">Exkl. moms<\/p>\n<\/div>\n\n\n\n<div class=\"wp-block-column\">\n<p class=\"has-medium-font-size\"><strong>151 SEK<\/strong><\/p>\n\n\n\n<p class=\"has-small-font-size\" style=\"margin-top:0;margin-bottom:0\">Inkl. moms<\/p>\n<\/div>\n<\/div>\n<\/div>\n<\/div>\n\n\n\n<div class=\"wp-block-columns has-2-columns menu-object\" style=\"row-gap: var(--wp--preset--spacing--20); border-bottom-color:var(--wp--preset--color--neutral-200);border-bottom-width:1px;margin-bottom:var(--wp--preset--spacing--30);padding-bottom:var(--wp--preset--spacing--30)\">\n<div class=\"wp-block-column\">\n<h2 class=\"wp-block-heading has-h-5-font-size\">Lunch vardag<\/h2>\n\n\n\n<p style=\"margin-top:4px;margin-bottom:0\">Inkl. sallad, br\u00f6d, sm\u00f6r och m\u00e5ltidsdryck<\/p>\n<\/div>\n\n\n\n<div class=\"wp-block-column\">\n<div class=\"wp-block-columns has-2-columns has-2-columns is-not-stacked-on-mobile\" style=\"column-gap: var(--wp--preset--spacing--30);\">\n<div class=\"wp-block-column\">\n<p class=\"has-medium-font-size\"><strong>231 SEK<\/strong><\/p>\n\n\n\n<p class=\"has-small-font-size\" style=\"margin-top:0;margin-bottom:0\">Exkl. moms<\/p>\n<\/div>\n\n\n\n<div class=\"wp-block-column\">\n<p class=\"has-medium-font-size\"><strong>289 SEK<\/strong><\/p>\n\n\n\n<p class=\"has-small-font-size\" style=\"margin-top:0;margin-bottom:0\">Inkl. moms<\/p>\n<\/div>\n<\/div>\n<\/div>\n<\/div>\n\n\n\n<div class=\"wp-block-columns has-2-columns menu-object\" style=\"row-gap: var(--wp--preset--spacing--20); border-bottom-color:var(--wp--preset--color--neutral-200);border-bottom-width:1px;margin-bottom:var(--wp--preset--spacing--30);padding-bottom:var(--wp--preset--spacing--30)\">\n<div class=\"wp-block-column\">\n<h2 class=\"wp-block-heading has-h-5-font-size\">Lunch helg<\/h2>\n\n\n\n<p style=\"margin-top:4px;margin-bottom:0\">Inkl. sallad, br\u00f6d, sm\u00f6r och m\u00e5ltidsdryck<\/p>\n<\/div>\n\n\n\n<div class=\"wp-block-column\">\n<div class=\"wp-block-columns has-2-columns has-2-columns is-not-stacked-on-mobile\" style=\"column-gap: var(--wp--preset--spacing--30);\">\n<div class=\"wp-block-column\">\n<p class=\"has-medium-font-size\"><strong>248 SEK<\/strong><\/p>\n\n\n\n<p class=\"has-small-font-size\" style=\"margin-top:0;margin-bottom:0\">Exkl. moms<\/p>\n<\/div>\n\n\n\n<div class=\"wp-block-column\">\n<p class=\"has-medium-font-size\"><strong>310 SEK<\/strong><\/p>\n\n\n\n<p class=\"has-small-font-size\" style=\"margin-top:0;margin-bottom:0\">Inkl. moms<\/p>\n<\/div>\n<\/div>\n<\/div>\n<\/div>\n\n\n\n<div class=\"wp-block-columns has-2-columns menu-object\" style=\"row-gap: var(--wp--preset--spacing--20); border-bottom-color:var(--wp--preset--color--neutral-200);border-bottom-width:1px;margin-bottom:var(--wp--preset--spacing--30);padding-bottom:var(--wp--preset--spacing--30)\">\n<div class=\"wp-block-column\">\n<h2 class=\"wp-block-heading has-h-5-font-size\">2-r\u00e4tters middag<\/h2>\n\n\n\n<p style=\"margin-top:4px;margin-bottom:0\">V\u00e4lj en f\u00f6rr\u00e4tt\/efterr\u00e4tt samt en varmr\u00e4tt fr\u00e5n meny<\/p>\n<\/div>\n\n\n\n<div class=\"wp-block-column\">\n<div class=\"wp-block-columns has-2-columns has-2-columns is-not-stacked-on-mobile\" style=\"column-gap: var(--wp--preset--spacing--30);\">\n<div class=\"wp-block-column\">\n<p class=\"has-medium-font-size\"><strong>464 SEK<\/strong><\/p>\n\n\n\n<p class=\"has-small-font-size\" style=\"margin-top:0;margin-bottom:0\">Exkl. moms<\/p>\n<\/div>\n\n\n\n<div class=\"wp-block-column\">\n<p class=\"has-medium-font-size\"><strong>520 SEK<\/strong><\/p>\n\n\n\n<p class=\"has-small-font-size\" style=\"margin-top:0;margin-bottom:0\">Inkl. moms<\/p>\n<\/div>\n<\/div>\n<\/div>\n<\/div>\n\n\n\n<div class=\"wp-block-columns has-2-columns menu-object\" style=\"row-gap: var(--wp--preset--spacing--20); border-bottom-color:var(--wp--preset--color--neutral-200);border-bottom-width:1px;margin-bottom:var(--wp--preset--spacing--30);padding-bottom:var(--wp--preset--spacing--30)\">\n<div class=\"wp-block-column\">\n<h2 class=\"wp-block-heading has-h-5-font-size\">3-r\u00e4tters middag<\/h2>\n\n\n\n<p style=\"margin-top:4px;margin-bottom:0\">V\u00e4lj en f\u00f6rr\u00e4tt, varmr\u00e4tt och efterr\u00e4tt fr\u00e5n meny<\/p>\n<\/div>\n\n\n\n<div class=\"wp-block-column\">\n<div class=\"wp-block-columns has-2-columns has-2-columns is-not-stacked-on-mobile\" style=\"column-gap: var(--wp--preset--spacing--30);\">\n<div class=\"wp-block-column\">\n<p class=\"has-medium-font-size\"><strong>585 SEK<\/strong><\/p>\n\n\n\n<p class=\"has-small-font-size\" style=\"margin-top:0;margin-bottom:0\">Exkl. moms<\/p>\n<\/div>\n\n\n\n<div class=\"wp-block-column\">\n<p class=\"has-medium-font-size\"><strong>655 SEK<\/strong><\/p>\n\n\n\n<p class=\"has-small-font-size\" style=\"margin-top:0;margin-bottom:0\">Inkl. moms<\/p>\n<\/div>\n<\/div>\n<\/div>\n<\/div>\n<\/div>\n\n\n\n<div class=\"wp-block-group curtain-bottom has-brand-200-background-color has-background\" style=\"min-height:24px\"><\/div>\n\n\n\n<h3 class=\"wp-block-heading has-text-align-center\" style=\"margin-top:var(--wp--preset--spacing--70)\">Mer inf\u00f6r konferensen<\/h3>\n\n\n    <div\n                class=\"wp-elements-b46425a405abcd004c3125ab0f153b0a  has-white-color \"\n        style=\"margin-top: var(--wp--preset--spacing--30);\"    >\n        <div class=\"grid-swiper relative -mx-4 md:mx-0 \" data-slides-per-view=\"2\" data-image-nav><div class=\"swiper\"><div class=\"w-full swiper-wrapper\">    <a href=\"https:\/\/www.freyshotels.com\/freys\/konferens-stockholm\/konferenslokaler\/\"\n       aria-label=\"Konferenslokaler\"\n       class=\"relative group overflow-hidden no-underline !flex flex-col swiper-slide !h-auto \"\n    >\n        <div class=\"relative aspect-[8\/5] overflow-hidden rounded-xl\">\n            <img loading=\"lazy\" decoding=\"async\" width=\"768\" height=\"441\" src=\"https:\/\/www.freyshotels.com\/freys\/wp-content\/uploads\/2026\/04\/freys_hotel_konferenslokal_mod-768x441.jpg\" class=\"absolute w-full h-full object-cover object-center\" alt=\"\" srcset=\"https:\/\/www.freyshotels.com\/freys\/wp-content\/uploads\/2026\/04\/freys_hotel_konferenslokal_mod-768x441.jpg 768w, https:\/\/www.freyshotels.com\/freys\/wp-content\/uploads\/2026\/04\/freys_hotel_konferenslokal_mod-300x172.jpg 300w, https:\/\/www.freyshotels.com\/freys\/wp-content\/uploads\/2026\/04\/freys_hotel_konferenslokal_mod-1024x588.jpg 1024w, https:\/\/www.freyshotels.com\/freys\/wp-content\/uploads\/2026\/04\/freys_hotel_konferenslokal_mod-1536x882.jpg 1536w, https:\/\/www.freyshotels.com\/freys\/wp-content\/uploads\/2026\/04\/freys_hotel_konferenslokal_mod.jpg 1920w\" sizes=\"auto, (max-width: 768px) 100vw, 768px\" \/>            <div class=\"absolute top-spacing-10 left-spacing-10 flex flex-wrap gap-2\">\n                            <\/div>\n        <\/div>\n        <div class=\"has-small-font-size flex-1 pt-spacing-10\" >\n                        <h3 class=\"has-medium-font-size font-medium xl:group-hover:underlined\">Konferenslokaler<\/h3>\n                            <div class=\"mt-0.5\">V\u00e5ra elva\u00a0m\u00f6tesrum \u00e4r utformade f\u00f6r att skapa r\u00e4tt f\u00f6ruts\u00e4ttningar f\u00f6r allt fr\u00e5n mindre samtal till st\u00f6rre konferenser och workshops.<\/div>\n                                <\/div>\n    <\/a>\n        <a href=\"https:\/\/www.freyshotels.com\/freys\/konferens-stockholm\/konferenspaket\/\"\n       aria-label=\"Konferenspaket\"\n       class=\"relative group overflow-hidden no-underline !flex flex-col swiper-slide !h-auto \"\n    >\n        <div class=\"relative aspect-[8\/5] overflow-hidden rounded-xl\">\n            <img loading=\"lazy\" decoding=\"async\" width=\"768\" height=\"444\" src=\"https:\/\/www.freyshotels.com\/freys\/wp-content\/uploads\/2026\/04\/freys_hotel_konferens_entre_2-768x444.jpg\" class=\"absolute w-full h-full object-cover object-center\" alt=\"\" srcset=\"https:\/\/www.freyshotels.com\/freys\/wp-content\/uploads\/2026\/04\/freys_hotel_konferens_entre_2-768x444.jpg 768w, https:\/\/www.freyshotels.com\/freys\/wp-content\/uploads\/2026\/04\/freys_hotel_konferens_entre_2-300x174.jpg 300w, https:\/\/www.freyshotels.com\/freys\/wp-content\/uploads\/2026\/04\/freys_hotel_konferens_entre_2-1024x593.jpg 1024w, https:\/\/www.freyshotels.com\/freys\/wp-content\/uploads\/2026\/04\/freys_hotel_konferens_entre_2-1536x889.jpg 1536w, https:\/\/www.freyshotels.com\/freys\/wp-content\/uploads\/2026\/04\/freys_hotel_konferens_entre_2.jpg 1920w\" sizes=\"auto, (max-width: 768px) 100vw, 768px\" \/>            <div class=\"absolute top-spacing-10 left-spacing-10 flex flex-wrap gap-2\">\n                            <\/div>\n        <\/div>\n        <div class=\"has-small-font-size flex-1 pt-spacing-10\" >\n                        <h3 class=\"has-medium-font-size font-medium xl:group-hover:underlined\">Konferenspaket<\/h3>\n                            <div class=\"mt-0.5\">Uppt\u00e4ck v\u00e5ra aktuella konferenspaket i centrala Stockholm \u2013 perfekt f\u00f6r dig som planerar konferens, m\u00f6te eller kick-off i city.<\/div>\n                                <\/div>\n    <\/a>\n    <\/div><\/div><div aria-disabled=\"true\" class=\"swiper-button-prev icon-arrow !hidden md:!flex\"><\/div><div class=\"swiper-button-next icon-arrow !hidden md:!flex\"><\/div><div class=\"swiper-pagination\"><\/div><\/div>    <\/div>\n    \n\t<\/div>\n\n\t<\/div>\n\n\n\n<div class=\"wp-block-group alignfull noice has-brand-100-background-color has-background\">\n<div class=\"wp-block-columns has-2-columns alignfull are-vertically-aligned-center sticky-column\" style=\"column-gap: var(--wp--preset--spacing--80); row-gap: var(--wp--preset--spacing--30); padding-top:var(--wp--preset--spacing--80);padding-bottom:var(--wp--preset--spacing--80)\">\n<div class=\"wp-block-column is-vertically-aligned-center\">\t<div \t\tclass=\"media-container aspect-square    \"\n\t\t\t>\n\t\t<img loading=\"lazy\" decoding=\"async\" width=\"1024\" height=\"630\" src=\"https:\/\/www.freyshotels.com\/freys\/wp-content\/uploads\/2026\/04\/belgobaren_restaurang_3-1024x630.jpg\" class=\"absolute h-full w-full object-cover rounded-2xl image-center-center\" alt=\"\" sizes=\"auto, (min-width: 1024px) 1600px, 1024px\" data-sizes=\"auto\" srcset=\"https:\/\/www.freyshotels.com\/freys\/wp-content\/uploads\/2026\/04\/belgobaren_restaurang_3-1024x630.jpg 1024w, https:\/\/www.freyshotels.com\/freys\/wp-content\/uploads\/2026\/04\/belgobaren_restaurang_3-300x185.jpg 300w, https:\/\/www.freyshotels.com\/freys\/wp-content\/uploads\/2026\/04\/belgobaren_restaurang_3-768x473.jpg 768w, https:\/\/www.freyshotels.com\/freys\/wp-content\/uploads\/2026\/04\/belgobaren_restaurang_3-1536x946.jpg 1536w, https:\/\/www.freyshotels.com\/freys\/wp-content\/uploads\/2026\/04\/belgobaren_restaurang_3.jpg 1920w\" \/>\t<\/div>\n\t<\/div>\n\n\n\n<div class=\"wp-block-column is-vertically-aligned-center\">\n<p class=\"has-brand-400-color has-text-color has-link-color has-script-medium-font-size wp-elements-964e157972657ef099d31da1bbccd332\">Meny<\/p>\n\n\n\n<h2 class=\"wp-block-heading has-brand-600-color has-text-color has-link-color wp-elements-ac65ca0809926932437a7cc0b5583a44\">grupp- och konferensmeny<\/h2>\n\n\n\n<p class=\"has-brand-600-color has-text-color has-link-color wp-elements-76df9ff0f2c94b256c9f1db3a38f2088\">Menyerna kan kombineras valfritt och en gemensam meny v\u00e4ljs f\u00f6r hela s\u00e4llskapet. Minimum antal personer \u00e4r 15.&nbsp;<\/p>\n\n\n\n<div class=\"wp-block-buttons\">\n<div class=\"wp-block-button is-style-fill\"><a class=\"wp-block-button__link has-brand-500-background-color has-background wp-element-button\" href=\"https:\/\/www.freyshotels.com\/wp-content\/uploads\/2026\/04\/Grupp-och-konferensmeny-2026.pdf\" target=\"_blank\" rel=\"noreferrer noopener\">Till grupp- och konferensmenyn<\/a><\/div>\n<\/div>\n<\/div>\n<\/div>\n\n\n\n<div class=\"wp-block-columns has-2-columns alignfull are-vertically-aligned-center sticky-column\" style=\"column-gap: var(--wp--preset--spacing--80); row-gap: var(--wp--preset--spacing--30); padding-top:var(--wp--preset--spacing--80);padding-bottom:var(--wp--preset--spacing--80)\">\n<div class=\"wp-block-column is-vertically-aligned-center\">\t<div \t\tclass=\"media-container aspect-square    \"\n\t\t\t>\n\t\t<img loading=\"lazy\" decoding=\"async\" width=\"1024\" height=\"683\" src=\"https:\/\/www.freyshotels.com\/freys\/wp-content\/uploads\/2026\/04\/belgobaren_mingelmat_freys_meetings-1024x683.jpg\" class=\"absolute h-full w-full object-cover rounded-2xl image-center-center\" alt=\"\" sizes=\"auto, (min-width: 1024px) 1600px, 1024px\" data-sizes=\"auto\" srcset=\"https:\/\/www.freyshotels.com\/freys\/wp-content\/uploads\/2026\/04\/belgobaren_mingelmat_freys_meetings-1024x683.jpg 1024w, https:\/\/www.freyshotels.com\/freys\/wp-content\/uploads\/2026\/04\/belgobaren_mingelmat_freys_meetings-300x200.jpg 300w, https:\/\/www.freyshotels.com\/freys\/wp-content\/uploads\/2026\/04\/belgobaren_mingelmat_freys_meetings-768x512.jpg 768w, https:\/\/www.freyshotels.com\/freys\/wp-content\/uploads\/2026\/04\/belgobaren_mingelmat_freys_meetings-1536x1024.jpg 1536w, https:\/\/www.freyshotels.com\/freys\/wp-content\/uploads\/2026\/04\/belgobaren_mingelmat_freys_meetings.jpg 1920w\" \/>\t<\/div>\n\t<\/div>\n\n\n\n<div class=\"wp-block-column is-vertically-aligned-center\">\n<p class=\"has-brand-400-color has-text-color has-link-color has-script-medium-font-size wp-elements-964e157972657ef099d31da1bbccd332\">Meny<\/p>\n\n\n\n<h2 class=\"wp-block-heading has-brand-600-color has-text-color has-link-color wp-elements-5cc2b1bec3e7308db882707a629758a0\">konferensbuff\u00e9er och mingelmat<\/h2>\n\n\n\n<p class=\"has-brand-600-color has-text-color has-link-color wp-elements-3d7b8861cdd06a85629d4cf47a05394f\">Vi erbjuder ett brett utbud av buff\u00e9er, mingelmat och andra m\u00e5ltidsalternativ. Sj\u00e4lvklart finns \u00e4ven flera olika r\u00e4tter och menyer att v\u00e4lja mellan.&nbsp;<br>B\u00f6rja eventet med ett glas bubbel eller avsluta m\u00f6tet med v\u00e5r specialitet \u2013 belgisk \u00f6l fr\u00e5n&nbsp;Belgobaren. Vi hj\u00e4lper dig g\u00e4rna att skapa ett uppl\u00e4gg som passar just ert event.&nbsp;<\/p>\n\n\n\n<div class=\"wp-block-buttons\">\n<div class=\"wp-block-button is-style-fill\"><a class=\"wp-block-button__link has-brand-500-background-color has-background wp-element-button\" href=\"https:\/\/www.freyshotels.com\/wp-content\/uploads\/2026\/04\/Buffer-och-mingelmat-2026.pdf\" target=\"_blank\" rel=\"noreferrer noopener\">till menyn<\/a><\/div>\n<\/div>\n<\/div>\n<\/div>\n\n\n\n<div class=\"wp-block-columns has-2-columns alignfull are-vertically-aligned-center sticky-column\" style=\"column-gap: var(--wp--preset--spacing--80); row-gap: var(--wp--preset--spacing--30); padding-top:var(--wp--preset--spacing--60);padding-bottom:var(--wp--preset--spacing--80)\">\n<div class=\"wp-block-column is-vertically-aligned-center stick\">\t<div \t\tclass=\"media-container aspect-square    \"\n\t\t\t>\n\t\t<img loading=\"lazy\" decoding=\"async\" width=\"1024\" height=\"683\" src=\"https:\/\/www.freyshotels.com\/freys\/wp-content\/uploads\/2026\/04\/konferensteam_freys_hotels-1024x683.jpg\" class=\"absolute h-full w-full object-cover rounded-2xl image-center-center\" alt=\"\" sizes=\"auto, (min-width: 1024px) 1600px, 1024px\" data-sizes=\"auto\" srcset=\"https:\/\/www.freyshotels.com\/freys\/wp-content\/uploads\/2026\/04\/konferensteam_freys_hotels-1024x683.jpg 1024w, https:\/\/www.freyshotels.com\/freys\/wp-content\/uploads\/2026\/04\/konferensteam_freys_hotels-300x200.jpg 300w, https:\/\/www.freyshotels.com\/freys\/wp-content\/uploads\/2026\/04\/konferensteam_freys_hotels-768x512.jpg 768w, https:\/\/www.freyshotels.com\/freys\/wp-content\/uploads\/2026\/04\/konferensteam_freys_hotels-1536x1024.jpg 1536w, https:\/\/www.freyshotels.com\/freys\/wp-content\/uploads\/2026\/04\/konferensteam_freys_hotels.jpg 1920w\" \/>\t<\/div>\n\t<\/div>\n\n\n\n<div class=\"wp-block-column is-vertically-aligned-center\">\n<p class=\"has-brand-400-color has-text-color has-link-color has-script-medium-font-size wp-elements-1119f553ef76ce716ba3c094a3fad9da\">Stockholm city<\/p>\n\n\n\n<h2 class=\"wp-block-heading has-brand-600-color has-text-color has-link-color wp-elements-3e05560d23969b8e43928eb5615ef10b\">konferens p\u00e5 freys<\/h2>\n\n\n\n<p class=\"has-brand-600-color has-text-color has-link-color wp-elements-a46bab2b777cc7f55a0526e586b45757\"><strong>Freys&nbsp;Hotel&nbsp;erbjuder flexibla konferenslokaler i olika storlekar, perfekt f\u00f6r allt fr\u00e5n mindre m\u00f6ten till st\u00f6rre konferenser och event. <\/strong>Med v\u00e5rt centrala l\u00e4ge n\u00e4ra Centralstationen och Arlanda Express blir det enkelt att samla teamet oavsett var deltagarna kommer ifr\u00e5n.&nbsp;<\/p>\n\n\n\n<p class=\"has-brand-600-color has-text-color has-link-color wp-elements-44d53efb5fab5ffeb598c4369ea29bb0\">H\u00e4r m\u00f6ts personlig service, moderna m\u00f6tesrum och ett av Stockholms mest tillg\u00e4ngliga l\u00e4gen \u2013 en kombination som skapar effektiva och inspirerande m\u00f6ten.&nbsp;<\/p>\n\n\n\n<div class=\"wp-block-buttons\">\n<div class=\"wp-block-button\"><a class=\"wp-block-button__link has-brand-500-background-color has-background wp-element-button\" href=\"https:\/\/www.freyshotels.com\/freys\/konferens-stockholm\/\" target=\"_blank\" rel=\"noreferrer noopener\">l\u00e4s mer om konferens<\/a><\/div>\n<\/div>\n<\/div>\n<\/div>\n<\/div>\n","protected":false},"excerpt":{"rendered":"<p>Under er konferens \u00e4r det Belgobaren som st\u00e5r f\u00f6r den gener\u00f6sa frukostbuff\u00e9n, v\u00e4llagade maten och de energigivande fikapauserna.<\/p>\n","protected":false},"author":1,"featured_media":1128,"parent":253,"menu_order":40,"comment_status":"closed","ping_status":"closed","template":"","meta":{"_acf_changed":false,"footnotes":""},"page_category":[],"page_tag":[],"class_list":["post-1084","page","type-page","status-publish","has-post-thumbnail","hentry"],"acf":[],"publishpress_future_action":{"enabled":false,"date":"2026-05-06 13:36:14","action":"change-status","newStatus":"draft","terms":[],"taxonomy":"page_category","extraData":[]},"publishpress_future_workflow_manual_trigger":{"enabledWorkflows":[]},"_links":{"self":[{"href":"https:\/\/www.freyshotels.com\/freys\/wp-json\/wp\/v2\/pages\/1084","targetHints":{"allow":["GET"]}}],"collection":[{"href":"https:\/\/www.freyshotels.com\/freys\/wp-json\/wp\/v2\/pages"}],"about":[{"href":"https:\/\/www.freyshotels.com\/freys\/wp-json\/wp\/v2\/types\/page"}],"author":[{"embeddable":true,"href":"https:\/\/www.freyshotels.com\/freys\/wp-json\/wp\/v2\/users\/1"}],"replies":[{"embeddable":true,"href":"https:\/\/www.freyshotels.com\/freys\/wp-json\/wp\/v2\/comments?post=1084"}],"version-history":[{"count":46,"href":"https:\/\/www.freyshotels.com\/freys\/wp-json\/wp\/v2\/pages\/1084\/revisions"}],"predecessor-version":[{"id":2962,"href":"https:\/\/www.freyshotels.com\/freys\/wp-json\/wp\/v2\/pages\/1084\/revisions\/2962"}],"up":[{"embeddable":true,"href":"https:\/\/www.freyshotels.com\/freys\/wp-json\/wp\/v2\/pages\/253"}],"wp:featuredmedia":[{"embeddable":true,"href":"https:\/\/www.freyshotels.com\/freys\/wp-json\/"}],"wp:attachment":[{"href":"https:\/\/www.freyshotels.com\/freys\/wp-json\/wp\/v2\/media?parent=1084"}],"wp:term":[{"taxonomy":"page_category","embeddable":true,"href":"https:\/\/www.freyshotels.com\/freys\/wp-json\/wp\/v2\/page_category?post=1084"},{"taxonomy":"page_tag","embeddable":true,"href":"https:\/\/www.freyshotels.com\/freys\/wp-json\/wp\/v2\/page_tag?post=1084"}],"curies":[{"name":"wp","href":"https:\/\/api.w.org\/{rel}","templated":true}]}}