{"id":2,"date":"2026-02-24T13:11:28","date_gmt":"2026-02-24T13:11:28","guid":{"rendered":"https:\/\/www.freyshotels.com\/freys-hotel\/?page_id=2"},"modified":"2026-04-29T11:32:30","modified_gmt":"2026-04-29T11:32:30","slug":"hem","status":"publish","type":"page","link":"https:\/\/www.freyshotels.com\/freys\/","title":{"rendered":"Hem"},"content":{"rendered":"\n<div style=\"aspect-ratio:auto; justify-content:center; padding-right:0;padding-left:0;\" class=\"alignfull paralax wp-block-create-block-tankbar-multiblock has-text-color has-background\">\n\n\t<div class=\"multiblock-bg\">\n\n\t\t\t\t<div class=\"absolute inset-0 image-center-center\">\n\t\t\t\t<img decoding=\"async\" class=\"h-full w-full object-cover\" src=\"https:\/\/www.freyshotels.com\/freys\/wp-content\/uploads\/2026\/03\/freys-hotel-sketch.png\" alt=\"Hem\" \/>\n\t\t\t<\/div>\n\t\t\t\n\t\n\t\n\t\n\t\n\t<\/div><!-- .multiblock-bg -->\n\n\t<div class=\"multiblock-inner\">\n\t\t\n<div\n\t\tclass=\"!p-0    \"\n\t>\n\t<div class=\"flex flex-col items-center justify-between lg:grid grid-cols-2 place-content-between px-4 md:px-spacing-60 py-spacing-40 h-[calc(100vh-9rem)]\">\n\t\t<div class=\"lg:order-2 flex justify-end gap-x-1.5 lg:self-start text-[clamp(1.5rem,1.349vw+1.151rem,2.5rem)] text-[#D3A32D]\">\n\t\t\t<i class=\"icon-star-filled\"><\/i>\n\t\t\t<i class=\"icon-star-filled\"><\/i>\n\t\t\t<i class=\"icon-star-filled\"><\/i>\n\t\t\t\t\t\t<i class=\"icon-star-filled\"><\/i>\n\t\t\t\t\t<\/div>\n\t\t<div class=\"lg:order-1 absolute top-1\/2 left-1\/2 -translate-x-1\/2 -translate-y-[80%] lg:relative lg:top-0 lg:left-0 lg:translate-x-0 lg:translate-y-0\">\n\t\t\t<img decoding=\"async\" class=\"h-full\" src=\"https:\/\/www.freyshotels.com\/freys\/wp-content\/themes\/freyshotels.com\/static\/images\/logos\/badge-freys-hotel.svg\" alt=\"Freys Hotel\">\n\t\t<\/div>\n\n\t\t<div class=\"order-3 mt-auto lg:self-end has-display-font-size text-brand-500 uppercase xl:whitespace-nowrap\">\n\t\t\tFreys Hotel\t\t<\/div>\n\t\t<div class=\"order-4 text-right w-full\">\n            <button class=\"flex lg:hidden w-full mt-spacing-40 justify-center mt-2 big wp-block-button__link has-background has-brand-500-background-color\"\n                    data-flyout-toggle=\"booking-hotel\"\n                    aria-label=\"Boka hotell\"\n            >\n                Boka hotell            <\/button>\n            <div class=\"hidden lg:block ml-auto max-w-[320px]\">\n                <div\n        class=\"   \"\n    >\n    <div x-data=\"travelClick\" data-base-url=\"https:\/\/reservations.freyshotels.com\/72932?\" data-lang=\"sv\" class=\"booking-hotel inline-block bg-white shadow-lg rounded-xl px-spacing-10 py-spacing-20 w-full md:max-w-[320px]\">\n\t<div class=\"grid grid-cols-2 gap-4\">\n        <div class=\"relative border border-brand-200 bg-brand-100 rounded-md p-spacing-10 flex flex-col items-center justify-between cursor-pointer select-none\"\n             @click=\"openCheckin()\"\n        >\n            <input type=\"text\" x-ref=\"checkin\" class=\"absolute bottom-0 left-0 w-full h-0 opacity-0 pointer-events-none\">\n            <div class=\"has-extra-small-font-size opacity-60\">Checka in<\/div>\n            <div class=\"has-h-3-font-size text-brand-500\" x-text=\"checkinDisplay.day\"><\/div>\n            <div class=\"has-small-font-size\" x-text=\"checkinDisplay.month\"><\/div>\n        <\/div>\n        <div class=\"relative border border-brand-200 bg-brand-100 rounded-md p-spacing-10 flex flex-col items-center justify-between cursor-pointer select-none\"\n             @click=\"openCheckout()\"\n        >\n            <input type=\"text\" x-ref=\"checkout\" class=\"absolute bottom-0 left-0 w-full h-0 opacity-0 pointer-events-none\">\n            <div class=\"has-extra-small-font-size opacity-60\">Checka ut<\/div>\n            <div class=\"has-h-3-font-size text-brand-500\" x-text=\"checkoutDisplay.day\"><\/div>\n            <div class=\"has-small-font-size\" x-text=\"checkoutDisplay.month\"><\/div>\n        <\/div>\n        <div class=\"col-span-full relative border border-brand-200 bg-brand-100 rounded-md px-spacing-20 py-spacing-10 flex flex-col items-start cursor-pointer select-none\"\n             @click=\"guestsOpen = !guestsOpen\"\n             @click.outside=\"guestsOpen = false\"\n        >\n            <div class=\"has-extra-small-font-size opacity-60\">Rum och g\u00e4ster<\/div>\n            <div class=\"text-brand-500\" x-text=\"guestSummary\"><\/div>\n\n            <div x-show=\"guestsOpen\"\n                 @click.stop\n                 class=\"absolute bottom-full left-0 right-0 -mx-[1px] mb-spacing-10 z-10 mt-1 bg-white border border-brand-200 rounded-lg p-spacing-10 flex flex-col gap-y-3 shadow-2xl\"\n            >\n                <div class=\"flex items-center justify-between gap-x-spacing-10\">\n                    <div class=\"has-small-font-size\">Antal rum<\/div>\n                    <div class=\"flex items-center gap-x-spacing-10\">\n                        <button @click=\"decrement('rooms', 1)\" :disabled=\"atMin('rooms', 1)\" class=\"icon-minus size-10 border border-black\/10 rounded-full bg-white xl:enabled:hover:bg-black\/[.05]\" aria-label=\"Ta bort\"><\/button>\n                        <span class=\"w-6 text-center font-medium\" x-text=\"rooms\"><\/span>\n                        <button @click=\"increment('rooms')\" :disabled=\"atMax('rooms')\" class=\"icon-plus size-10 border border-black\/10 rounded-full bg-white xl:enabled:hover:bg-black\/[.05]\" aria-label=\"L\u00e4gg till\"><\/button>\n                    <\/div>\n                <\/div>\n                <div class=\"flex items-center justify-between gap-x-spacing-10\">\n                    <div class=\"has-small-font-size\">Antal vuxna<\/div>\n                    <div class=\"flex items-center gap-x-spacing-10\">\n                        <button @click=\"decrement('adults', 1)\" :disabled=\"atMin('adults', 1)\" class=\"icon-minus size-10 border border-black\/10 rounded-full bg-white xl:enabled:hover:bg-black\/[.05]\" aria-label=\"Ta bort\"><\/button>\n                        <span class=\"w-6 text-center font-medium\" x-text=\"adults\"><\/span>\n                        <button @click=\"increment('adults')\" :disabled=\"atMax('adults')\" class=\"icon-plus size-10 border border-black\/10 rounded-full bg-white xl:enabled:hover:bg-black\/[.05]\" aria-label=\"L\u00e4gg till\"><\/button>\n                    <\/div>\n                <\/div>\n                <div class=\"flex items-center justify-between gap-x-spacing-10\">\n                    <div class=\"has-small-font-size\">Antal barn<\/div>\n                    <div class=\"flex items-center gap-x-spacing-10\">\n                        <button @click=\"decrement('children')\" :disabled=\"atMin('children')\" class=\"icon-minus size-10 border border-black\/10 rounded-full bg-white xl:enabled:hover:bg-black\/[.05]\" aria-label=\"Ta bort\"><\/button>\n                        <span class=\"w-6 text-center font-medium\" x-text=\"children\"><\/span>\n                        <button @click=\"increment('children')\" :disabled=\"atMax('children')\" class=\"icon-plus size-10 border border-black\/10 rounded-full bg-white xl:enabled:hover:bg-black\/[.05]\" aria-label=\"L\u00e4gg till\"><\/button>\n                    <\/div>\n                <\/div>\n            <\/div>\n        <\/div>\n        <a class=\"col-span-full justify-center mt-2 big wp-block-button__link has-background has-brand-500-background-color\"\n           :href=\"bookingUrl\"\n           target=\"_blank\"\n           aria-label=\"Boka hotell\"\n        >\n\t        Boka hotell        <\/a>\n\t<\/div>\n<\/div>\n<\/div>\n            <\/div>\n\t\t<\/div>\n\t<\/div>\n<\/div>\n\t<\/div>\n\n\t<\/div>\n\n\n\n<div style=\"aspect-ratio:auto; justify-content:center; border-top-left-radius:16px;border-top-right-radius:16px; padding-top:var(--wp--preset--spacing--80);padding-bottom:var(--wp--preset--spacing--80);background-image:url(&apos;https:\/\/www.freyshotels.com\/corner\/wp-content\/uploads\/2026\/03\/bg-black.svg&apos;);background-position:50% 50%;background-size:1000px;\" class=\"alignfull sm-center wp-elements-c9f1064027f4cec1439bee1ab7f1acad wp-block-create-block-tankbar-multiblock has-text-color has-white-color has-background has-brand-500-background-color\">\n\n\t<div class=\"multiblock-bg\">\n\n\t\n\t\n\t\n\t\t\t<div class=\"multiblock-overlay overlay absolute inset-0 has-brand-500-background-color\" style=\"opacity:0.75;\"><\/div>\n\t\n\t\n\t<\/div><!-- .multiblock-bg -->\n\n\t<div class=\"multiblock-inner\">\n\t\t\n\n<p class=\"has-text-align-center has-gold-500-color has-text-color has-link-color has-script-medium-font-size wp-elements-0ce33d2f33efb2870c4b431eb24834d7\">Hotell ljuva hem<\/p>\n\n\n\n<h2 class=\"wp-block-heading has-text-align-center\">Hotell och&nbsp;konferens i Stockholm city<\/h2>\n\n\n\n<p class=\"has-text-align-center\">V\u00e4lkommen till Freys&nbsp;Hotel. H\u00e4r bor du i 127 individuellt inredda hotellrum, alla med sin egen karakt\u00e4r, mitt i Stockholm city. Vi erbjuder en varm och personlig hotellmilj\u00f6 d\u00e4r omtanke och detaljer st\u00e5r i centrum.&nbsp;<br><br>Hos oss m\u00f6ts hotellvistelse och m\u00f6ten i en naturlig helhet. F\u00f6rutom hotellrum erbjuder vi \u00e4ven en mysig konferensavdelning med&nbsp;elva&nbsp;unika konferensrum f\u00f6r b\u00e5de sm\u00e5 och st\u00f6rre m\u00f6ten.&nbsp;<br><br>H\u00e4r f\u00e5r du en personlig upplevelse d\u00e4r du kan k\u00e4nna dig som hemma \u2013 oavsett om du bes\u00f6ker oss f\u00f6r en weekend, aff\u00e4rsresa eller konferens.<br><br>\u00c4n en g\u00e5ng \u2013 hj\u00e4rtligt v\u00e4lkommen till Freys Hotel.<\/p>\n\n\t<\/div>\n\n\t<\/div>\n\n\n\n<div class=\"wp-block-group alignfull noice has-brand-100-background-color has-background\" style=\"padding-top:var(--wp--preset--spacing--60);padding-bottom:var(--wp--preset--spacing--30)\">\n<div class=\"wp-block-columns has-2-columns are-vertically-aligned-bottom is-not-stacked-on-mobile wrap-none\" style=\"column-gap: var(--wp--preset--spacing--40); row-gap: var(--wp--preset--spacing--20);\">\n<div class=\"wp-block-column is-vertically-aligned-bottom\">\n<h2 class=\"wp-block-heading has-h-3-font-size\">konferensPaket och hotellerbjudanden<\/h2>\n<\/div>\n\n\n\n<div class=\"wp-block-column is-vertically-aligned-bottom\">\n<div class=\"wp-block-buttons\" style=\"justify-content: flex-end;\">\n<div class=\"wp-block-button is-style-outline is-style-outline--1\"><a class=\"wp-block-button__link has-black-background-color has-background wp-element-button\" href=\"\/freys\/erbjudanden\/\">Visa alla<\/a><\/div>\n<\/div>\n<\/div>\n<\/div>\n\n\n\n<p>P\u00e5 v\u00e5r sajt bokar du alltid hotellrum till b\u00e4sta pris. H\u00e4r hittar du unika hotellerbjudanden, hotellpaket och weekendpaket i Stockholm \u2013 erbjudanden som endast finns tillg\u00e4ngliga vid direktbokning hos oss.<\/p>\n\n\n\n<p>H\u00e4r hittar du \u00e4ven v\u00e5ra aktuella konferenspaket i Stockholm. Vi hj\u00e4lper g\u00e4rna till att ta fram ett uppl\u00e4gg utifr\u00e5n dina \u00f6nskem\u00e5l och m\u00f6tets syfte, f\u00f6r att skapa en smidig och minnesv\u00e4rd upplevelse i hj\u00e4rtat av staden.<\/p>\n\n\n<div\n        class=\"   \"\n    style=\"margin-top: var(--wp--preset--spacing--40);\">\n\t<div class=\"grid-swiper relative -mx-4 md:mx-0\" data-slides-per-view=\"3\" data-image-nav>\n\t\t<div class=\"swiper\">\n\t\t\t<div class=\"swiper-wrapper\">\n\t\t\t\t\t\t\t\t\t\t\t\t\t\t<a href=\"https:\/\/www.freyshotels.com\/freys\/konferens-stockholm\/konferenspaket\/dagkonferens\/\"\n\t\t\t\t\t   aria-label=\"Dagkonferens Stockholm\"\n\t\t\t\t\t   class=\"relative group overflow-hidden no-underline !flex flex-col swiper-slide !h-auto\"\n\t\t\t\t\t>\n\t\t\t\t\t\t<div class=\"relative aspect-[8\/5] overflow-hidden rounded-xl\">\n\t\t\t\t\t\t\t<img loading=\"lazy\" decoding=\"async\" width=\"768\" height=\"441\" src=\"https:\/\/www.freyshotels.com\/freys\/wp-content\/uploads\/2026\/04\/freys_hotel_konferenslokal_mod-768x441.jpg\" class=\"absolute w-full h-full object-cover object-center\" alt=\"\" srcset=\"https:\/\/www.freyshotels.com\/freys\/wp-content\/uploads\/2026\/04\/freys_hotel_konferenslokal_mod-768x441.jpg 768w, https:\/\/www.freyshotels.com\/freys\/wp-content\/uploads\/2026\/04\/freys_hotel_konferenslokal_mod-300x172.jpg 300w, https:\/\/www.freyshotels.com\/freys\/wp-content\/uploads\/2026\/04\/freys_hotel_konferenslokal_mod-1024x588.jpg 1024w, https:\/\/www.freyshotels.com\/freys\/wp-content\/uploads\/2026\/04\/freys_hotel_konferenslokal_mod-1536x882.jpg 1536w, https:\/\/www.freyshotels.com\/freys\/wp-content\/uploads\/2026\/04\/freys_hotel_konferenslokal_mod.jpg 1920w\" sizes=\"auto, (max-width: 768px) 100vw, 768px\" \/>\t\t\t\t\t\t\t<div class=\"absolute top-spacing-10 left-spacing-10 flex flex-wrap gap-2\">\n\t\t\t\t\t\t\t\t\t\t\t\t\t\t\t\t\t\t\t\t\t\t\t\t\t<div class=\"chip bg-brand-100\">\n\t\t\t\t\t\t\t\t\t\tPopul\u00e4r\t\t\t\t\t\t\t\t\t<\/div>\n\t\t\t\t\t\t\t\t\t\t\t\t\t\t\t<\/div>\n\t\t\t\t\t\t<\/div>\n\t\t\t\t\t\t<div class=\"has-small-font-size flex-1 pt-spacing-10\">\n\t\t\t\t\t\t\t<div class=\"mb-0.5\">Konferenspaket<\/div>\n\t\t\t\t\t\t\t<h3 class=\"has-medium-font-size font-medium xl:group-hover:underlined\">Dagkonferens Stockholm<\/h3>\n\t\t\t\t\t\t\t\t\t\t\t\t\t<\/div>\n\t\t\t\t\t<\/a>\n\t\t\t\t\t\t\t\t\t\t\t\t\t\t<a href=\"https:\/\/www.freyshotels.com\/freys\/hotell-stockholm\/hotellerbjudanden\/sommarerbjudande\/\"\n\t\t\t\t\t   aria-label=\"Sommarerbjudande\"\n\t\t\t\t\t   class=\"relative group overflow-hidden no-underline !flex flex-col swiper-slide !h-auto\"\n\t\t\t\t\t>\n\t\t\t\t\t\t<div class=\"relative aspect-[8\/5] overflow-hidden rounded-xl\">\n\t\t\t\t\t\t\t<img loading=\"lazy\" decoding=\"async\" width=\"768\" height=\"513\" src=\"https:\/\/www.freyshotels.com\/freys\/wp-content\/uploads\/2026\/04\/freys_hotel_balkong_svit-768x513.jpg\" class=\"absolute w-full h-full object-cover object-center\" alt=\"\" srcset=\"https:\/\/www.freyshotels.com\/freys\/wp-content\/uploads\/2026\/04\/freys_hotel_balkong_svit-768x513.jpg 768w, https:\/\/www.freyshotels.com\/freys\/wp-content\/uploads\/2026\/04\/freys_hotel_balkong_svit-300x200.jpg 300w, https:\/\/www.freyshotels.com\/freys\/wp-content\/uploads\/2026\/04\/freys_hotel_balkong_svit-1024x684.jpg 1024w, https:\/\/www.freyshotels.com\/freys\/wp-content\/uploads\/2026\/04\/freys_hotel_balkong_svit-1536x1026.jpg 1536w, https:\/\/www.freyshotels.com\/freys\/wp-content\/uploads\/2026\/04\/freys_hotel_balkong_svit.jpg 1920w\" sizes=\"auto, (max-width: 768px) 100vw, 768px\" \/>\t\t\t\t\t\t\t<div class=\"absolute top-spacing-10 left-spacing-10 flex flex-wrap gap-2\">\n\t\t\t\t\t\t\t\t\t\t\t\t\t\t\t\t\t\t\t\t\t\t\t\t\t<div class=\"chip bg-brand-100\">\n\t\t\t\t\t\t\t\t\t\t20% rabatt\t\t\t\t\t\t\t\t\t<\/div>\n\t\t\t\t\t\t\t\t\t\t\t\t\t\t\t<\/div>\n\t\t\t\t\t\t<\/div>\n\t\t\t\t\t\t<div class=\"has-small-font-size flex-1 pt-spacing-10\">\n\t\t\t\t\t\t\t<div class=\"mb-0.5\">Hotellerbjudande<\/div>\n\t\t\t\t\t\t\t<h3 class=\"has-medium-font-size font-medium xl:group-hover:underlined\">Sommarerbjudande<\/h3>\n\t\t\t\t\t\t\t\t\t\t\t\t\t<\/div>\n\t\t\t\t\t<\/a>\n\t\t\t\t\t\t\t\t\t\t\t\t\t\t<a href=\"https:\/\/www.freyshotels.com\/freys\/konferens-stockholm\/konferenspaket\/konferens-med-overnattning\/\"\n\t\t\t\t\t   aria-label=\"Konferens med \u00f6vernattning\"\n\t\t\t\t\t   class=\"relative group overflow-hidden no-underline !flex flex-col swiper-slide !h-auto\"\n\t\t\t\t\t>\n\t\t\t\t\t\t<div class=\"relative aspect-[8\/5] overflow-hidden rounded-xl\">\n\t\t\t\t\t\t\t<img loading=\"lazy\" decoding=\"async\" width=\"768\" height=\"461\" src=\"https:\/\/www.freyshotels.com\/freys\/wp-content\/uploads\/2026\/04\/freys_hotel_konferenslokal_klarhetovishet_3-768x461.jpg\" class=\"absolute w-full h-full object-cover object-center\" alt=\"\" srcset=\"https:\/\/www.freyshotels.com\/freys\/wp-content\/uploads\/2026\/04\/freys_hotel_konferenslokal_klarhetovishet_3-768x461.jpg 768w, https:\/\/www.freyshotels.com\/freys\/wp-content\/uploads\/2026\/04\/freys_hotel_konferenslokal_klarhetovishet_3-300x180.jpg 300w, https:\/\/www.freyshotels.com\/freys\/wp-content\/uploads\/2026\/04\/freys_hotel_konferenslokal_klarhetovishet_3-1024x615.jpg 1024w, https:\/\/www.freyshotels.com\/freys\/wp-content\/uploads\/2026\/04\/freys_hotel_konferenslokal_klarhetovishet_3-1536x922.jpg 1536w, https:\/\/www.freyshotels.com\/freys\/wp-content\/uploads\/2026\/04\/freys_hotel_konferenslokal_klarhetovishet_3.jpg 1920w\" sizes=\"auto, (max-width: 768px) 100vw, 768px\" \/>\t\t\t\t\t\t\t<div class=\"absolute top-spacing-10 left-spacing-10 flex flex-wrap gap-2\">\n\t\t\t\t\t\t\t\t\t\t\t\t\t\t\t\t\t\t\t\t\t\t\t\t\t<div class=\"chip bg-brand-100\">\n\t\t\t\t\t\t\t\t\t\t10% rabatt\t\t\t\t\t\t\t\t\t<\/div>\n\t\t\t\t\t\t\t\t\t\t\t\t\t\t\t<\/div>\n\t\t\t\t\t\t<\/div>\n\t\t\t\t\t\t<div class=\"has-small-font-size flex-1 pt-spacing-10\">\n\t\t\t\t\t\t\t<div class=\"mb-0.5\">Konferenspaket<\/div>\n\t\t\t\t\t\t\t<h3 class=\"has-medium-font-size font-medium xl:group-hover:underlined\">Konferens med \u00f6vernattning<\/h3>\n\t\t\t\t\t\t\t\t\t\t\t\t\t<\/div>\n\t\t\t\t\t<\/a>\n\t\t\t\t\t\t\t\t\t\t\t\t\t\t<a href=\"https:\/\/www.freyshotels.com\/freys\/hotell-stockholm\/hotellerbjudanden\/hotellpaket-med-middag-stockholm\/\"\n\t\t\t\t\t   aria-label=\"Hotellpaket med middag Stockholm\"\n\t\t\t\t\t   class=\"relative group overflow-hidden no-underline !flex flex-col swiper-slide !h-auto\"\n\t\t\t\t\t>\n\t\t\t\t\t\t<div class=\"relative aspect-[8\/5] overflow-hidden rounded-xl\">\n\t\t\t\t\t\t\t<img loading=\"lazy\" decoding=\"async\" width=\"768\" height=\"512\" src=\"https:\/\/www.freyshotels.com\/freys\/wp-content\/uploads\/2026\/04\/belgobaren_middag-768x512.jpg\" class=\"absolute w-full h-full object-cover object-center\" alt=\"\" srcset=\"https:\/\/www.freyshotels.com\/freys\/wp-content\/uploads\/2026\/04\/belgobaren_middag-768x512.jpg 768w, https:\/\/www.freyshotels.com\/freys\/wp-content\/uploads\/2026\/04\/belgobaren_middag-300x200.jpg 300w, https:\/\/www.freyshotels.com\/freys\/wp-content\/uploads\/2026\/04\/belgobaren_middag-1024x683.jpg 1024w, https:\/\/www.freyshotels.com\/freys\/wp-content\/uploads\/2026\/04\/belgobaren_middag-1536x1024.jpg 1536w, https:\/\/www.freyshotels.com\/freys\/wp-content\/uploads\/2026\/04\/belgobaren_middag.jpg 1920w\" sizes=\"auto, (max-width: 768px) 100vw, 768px\" \/>\t\t\t\t\t\t\t<div class=\"absolute top-spacing-10 left-spacing-10 flex flex-wrap gap-2\">\n\t\t\t\t\t\t\t\t\t\t\t\t\t\t\t\t\t\t\t\t\t\t\t\t\t<div class=\"chip bg-brand-100\">\n\t\t\t\t\t\t\t\t\t\tMiddag ing\u00e5r\t\t\t\t\t\t\t\t\t<\/div>\n\t\t\t\t\t\t\t\t\t\t\t\t\t\t\t<\/div>\n\t\t\t\t\t\t<\/div>\n\t\t\t\t\t\t<div class=\"has-small-font-size flex-1 pt-spacing-10\">\n\t\t\t\t\t\t\t<div class=\"mb-0.5\">Hotellerbjudande<\/div>\n\t\t\t\t\t\t\t<h3 class=\"has-medium-font-size font-medium xl:group-hover:underlined\">Hotellpaket med middag Stockholm<\/h3>\n\t\t\t\t\t\t\t\t\t\t\t\t\t<\/div>\n\t\t\t\t\t<\/a>\n\t\t\t\t\t\t\t\t\t\t\t\t\t\t<a href=\"https:\/\/www.freyshotels.com\/freys\/hotell-stockholm\/hotellerbjudanden\/romantisk-weekend-stockholm\/\"\n\t\t\t\t\t   aria-label=\"Romantisk Weekend Stockholm\"\n\t\t\t\t\t   class=\"relative group overflow-hidden no-underline !flex flex-col swiper-slide !h-auto\"\n\t\t\t\t\t>\n\t\t\t\t\t\t<div class=\"relative aspect-[8\/5] overflow-hidden rounded-xl\">\n\t\t\t\t\t\t\t<img loading=\"lazy\" decoding=\"async\" width=\"768\" height=\"512\" src=\"https:\/\/www.freyshotels.com\/freys\/wp-content\/uploads\/2026\/04\/freys_hotel_romantisktpaket-768x512.jpg\" class=\"absolute w-full h-full object-cover object-center\" alt=\"\" srcset=\"https:\/\/www.freyshotels.com\/freys\/wp-content\/uploads\/2026\/04\/freys_hotel_romantisktpaket-768x512.jpg 768w, https:\/\/www.freyshotels.com\/freys\/wp-content\/uploads\/2026\/04\/freys_hotel_romantisktpaket-300x200.jpg 300w, https:\/\/www.freyshotels.com\/freys\/wp-content\/uploads\/2026\/04\/freys_hotel_romantisktpaket-1024x683.jpg 1024w, https:\/\/www.freyshotels.com\/freys\/wp-content\/uploads\/2026\/04\/freys_hotel_romantisktpaket-1536x1024.jpg 1536w, https:\/\/www.freyshotels.com\/freys\/wp-content\/uploads\/2026\/04\/freys_hotel_romantisktpaket.jpg 1920w\" sizes=\"auto, (max-width: 768px) 100vw, 768px\" \/>\t\t\t\t\t\t\t<div class=\"absolute top-spacing-10 left-spacing-10 flex flex-wrap gap-2\">\n\t\t\t\t\t\t\t\t\t\t\t\t\t\t\t\t\t\t\t\t\t\t\t\t\t<div class=\"chip bg-brand-100\">\n\t\t\t\t\t\t\t\t\t\tRomantik\t\t\t\t\t\t\t\t\t<\/div>\n\t\t\t\t\t\t\t\t\t\t\t\t\t\t\t<\/div>\n\t\t\t\t\t\t<\/div>\n\t\t\t\t\t\t<div class=\"has-small-font-size flex-1 pt-spacing-10\">\n\t\t\t\t\t\t\t<div class=\"mb-0.5\">Hotellerbjudande<\/div>\n\t\t\t\t\t\t\t<h3 class=\"has-medium-font-size font-medium xl:group-hover:underlined\">Romantisk Weekend Stockholm<\/h3>\n\t\t\t\t\t\t\t\t\t\t\t\t\t<\/div>\n\t\t\t\t\t<\/a>\n\t\t\t\t\t\t\t\t\t\t\t\t\t\t<a href=\"https:\/\/www.freyshotels.com\/freys\/konferens-stockholm\/konferenspaket\/office-by-the-hour\/\"\n\t\t\t\t\t   aria-label=\"Office by the hour\"\n\t\t\t\t\t   class=\"relative group overflow-hidden no-underline !flex flex-col swiper-slide !h-auto\"\n\t\t\t\t\t>\n\t\t\t\t\t\t<div class=\"relative aspect-[8\/5] overflow-hidden rounded-xl\">\n\t\t\t\t\t\t\t<img loading=\"lazy\" decoding=\"async\" width=\"768\" height=\"496\" src=\"https:\/\/www.freyshotels.com\/freys\/wp-content\/uploads\/2026\/04\/freys_hotel_konferenslokal_inspiration_3-768x496.jpg\" class=\"absolute w-full h-full object-cover object-center\" alt=\"\" srcset=\"https:\/\/www.freyshotels.com\/freys\/wp-content\/uploads\/2026\/04\/freys_hotel_konferenslokal_inspiration_3-768x496.jpg 768w, https:\/\/www.freyshotels.com\/freys\/wp-content\/uploads\/2026\/04\/freys_hotel_konferenslokal_inspiration_3-300x194.jpg 300w, https:\/\/www.freyshotels.com\/freys\/wp-content\/uploads\/2026\/04\/freys_hotel_konferenslokal_inspiration_3-1024x661.jpg 1024w, https:\/\/www.freyshotels.com\/freys\/wp-content\/uploads\/2026\/04\/freys_hotel_konferenslokal_inspiration_3-1536x992.jpg 1536w, https:\/\/www.freyshotels.com\/freys\/wp-content\/uploads\/2026\/04\/freys_hotel_konferenslokal_inspiration_3.jpg 1920w\" sizes=\"auto, (max-width: 768px) 100vw, 768px\" \/>\t\t\t\t\t\t\t<div class=\"absolute top-spacing-10 left-spacing-10 flex flex-wrap gap-2\">\n\t\t\t\t\t\t\t\t\t\t\t\t\t\t\t\t\t\t\t\t\t\t\t\t\t<div class=\"chip bg-brand-100\">\n\t\t\t\t\t\t\t\t\t\tKlippkort\t\t\t\t\t\t\t\t\t<\/div>\n\t\t\t\t\t\t\t\t\t\t\t\t\t\t\t<\/div>\n\t\t\t\t\t\t<\/div>\n\t\t\t\t\t\t<div class=\"has-small-font-size flex-1 pt-spacing-10\">\n\t\t\t\t\t\t\t<div class=\"mb-0.5\">Konferenspaket<\/div>\n\t\t\t\t\t\t\t<h3 class=\"has-medium-font-size font-medium xl:group-hover:underlined\">Office by the hour<\/h3>\n\t\t\t\t\t\t\t\t\t\t\t\t\t<\/div>\n\t\t\t\t\t<\/a>\n\t\t\t\t\t\t\t<\/div>\n\t\t<\/div>\n        <div aria-disabled=\"true\" class=\"swiper-button-prev icon-arrow !hidden md:!flex\"><\/div>\n        <div class=\"swiper-button-next icon-arrow !hidden md:!flex\"><\/div>\n        <div class=\"swiper-pagination\"><\/div>\n\t<\/div>\n<\/div>\n<\/div>\n\n\n\n<div class=\"wp-block-group alignfull noice has-brand-100-background-color has-background\">\n<div class=\"wp-block-columns has-2-columns alignfull are-vertically-aligned-center sticky-column\" style=\"column-gap: var(--wp--preset--spacing--80); row-gap: var(--wp--preset--spacing--30); padding-top:var(--wp--preset--spacing--60);padding-bottom:var(--wp--preset--spacing--80)\">\n<div class=\"wp-block-column is-vertically-aligned-center\">\t<div \t\tclass=\"media-container aspect-square    \"\n\t\t\t>\n\t\t<img loading=\"lazy\" decoding=\"async\" width=\"1024\" height=\"551\" src=\"https:\/\/www.freyshotels.com\/freys\/wp-content\/uploads\/2026\/04\/freys_hotel_reception_personal1-1024x551.jpg\" class=\"absolute h-full w-full object-cover rounded-2xl image-center-center\" alt=\"\" sizes=\"auto, (min-width: 1024px) 1600px, 1024px\" data-sizes=\"auto\" srcset=\"https:\/\/www.freyshotels.com\/freys\/wp-content\/uploads\/2026\/04\/freys_hotel_reception_personal1-1024x551.jpg 1024w, https:\/\/www.freyshotels.com\/freys\/wp-content\/uploads\/2026\/04\/freys_hotel_reception_personal1-300x162.jpg 300w, https:\/\/www.freyshotels.com\/freys\/wp-content\/uploads\/2026\/04\/freys_hotel_reception_personal1-768x414.jpg 768w, https:\/\/www.freyshotels.com\/freys\/wp-content\/uploads\/2026\/04\/freys_hotel_reception_personal1-1536x827.jpg 1536w, https:\/\/www.freyshotels.com\/freys\/wp-content\/uploads\/2026\/04\/freys_hotel_reception_personal1.jpg 1920w\" \/>\t<\/div>\n\t<\/div>\n\n\n\n<div class=\"wp-block-column is-vertically-aligned-center\">\n<p class=\"has-brand-400-color has-text-color has-link-color has-script-medium-font-size wp-elements-88b0f3fc731af95d6af693a57fee7c14\">Hotell ljuva hem<\/p>\n\n\n\n<h2 class=\"wp-block-heading has-brand-600-color has-text-color has-link-color wp-elements-cd3b1c518b77625449f56d5383bb0d80\">Hotell i stockholm city<\/h2>\n\n\n\n<p class=\"has-brand-600-color has-text-color has-link-color wp-elements-3b797a7b0cd415ab6656d995eb62ecd5\">Att bo p\u00e5 Freys&nbsp;Hotel&nbsp;inneb\u00e4r att du har Stockholm n\u00e4ra till hands. Med ett centralt l\u00e4ge n\u00e4ra Centralstationen tar du dig enkelt vidare, samtidigt som shopping, restauranger och upplevelser finns runt h\u00f6rnet.&nbsp;<\/p>\n\n\n\n<p class=\"has-brand-600-color has-text-color has-link-color wp-elements-8fcd975ba432c4c71a15533056e9c692\">H\u00e4r bor du med b\u00e5de n\u00e4rheten till stadens puls och en plats att landa n\u00e4r dagen \u00e4r&nbsp;slut<\/p>\n\n\n\n<div class=\"wp-block-buttons\">\n<div class=\"wp-block-button is-style-fill\"><a class=\"wp-block-button__link has-brand-500-background-color has-background wp-element-button\" href=\"https:\/\/www.freyshotels.com\/freys\/hotell-stockholm\/hotellrum\/\">Boka hotellrum<\/a><\/div>\n\n\n\n<div class=\"wp-block-button is-style-outline is-style-outline--2\"><a class=\"wp-block-button__link has-black-background-color has-background wp-element-button\" href=\"\/freys\/hotell-stockholm\/\">Mer om hotell<\/a><\/div>\n<\/div>\n<\/div>\n<\/div>\n\n\n\n<div class=\"wp-block-columns has-2-columns alignfull are-vertically-aligned-center sticky-column\" style=\"column-gap: var(--wp--preset--spacing--80); row-gap: var(--wp--preset--spacing--30); padding-top:var(--wp--preset--spacing--80);padding-bottom:var(--wp--preset--spacing--80)\">\n<div class=\"wp-block-column is-vertically-aligned-center\">\t<div \t\tclass=\"media-container aspect-square    \"\n\t\t\t>\n\t\t<img loading=\"lazy\" decoding=\"async\" width=\"1024\" height=\"683\" src=\"https:\/\/www.freyshotels.com\/freys\/wp-content\/uploads\/2026\/04\/belgobaren_middag-1024x683.jpg\" class=\"absolute h-full w-full object-cover rounded-2xl image-center-center\" alt=\"\" sizes=\"auto, (min-width: 1024px) 1600px, 1024px\" data-sizes=\"auto\" srcset=\"https:\/\/www.freyshotels.com\/freys\/wp-content\/uploads\/2026\/04\/belgobaren_middag-1024x683.jpg 1024w, https:\/\/www.freyshotels.com\/freys\/wp-content\/uploads\/2026\/04\/belgobaren_middag-300x200.jpg 300w, https:\/\/www.freyshotels.com\/freys\/wp-content\/uploads\/2026\/04\/belgobaren_middag-768x512.jpg 768w, https:\/\/www.freyshotels.com\/freys\/wp-content\/uploads\/2026\/04\/belgobaren_middag-1536x1024.jpg 1536w, https:\/\/www.freyshotels.com\/freys\/wp-content\/uploads\/2026\/04\/belgobaren_middag.jpg 1920w\" \/>\t<\/div>\n\t<\/div>\n\n\n\n<div class=\"wp-block-column is-vertically-aligned-center\">\n<p class=\"has-brand-400-color has-text-color has-link-color has-script-medium-font-size wp-elements-74a6c371b10781057b34f91c0e7cb9a7\">Restaurang<\/p>\n\n\n\n<h2 class=\"wp-block-heading has-brand-600-color has-text-color has-link-color wp-elements-1957ecc731ce316b162d0fe855ca8461\">belgobaren stockholm<\/h2>\n\n\n\n<p class=\"has-brand-600-color has-text-color has-link-color wp-elements-178c8f6c5a7dc175375e9a3cc1ad82ea\">I n\u00e4ra samarbete med restaurang Belgobaren, som ligger i anslutning till Freys Hotel, serveras v\u00e5ra g\u00e4ster en h\u00e4rlig hotellfrukost. H\u00e4r kan du senare njuta av en god lunch och till kv\u00e4llen erbjuds en v\u00e4lkomponerad meny. Som hotellg\u00e4st kan du boka en s\u00e4rskild hotellmeny till extra f\u00f6rm\u00e5nligt pris.<\/p>\n\n\n\n<div class=\"wp-block-buttons\">\n<div class=\"wp-block-button is-style-fill\"><a class=\"wp-block-button__link has-brand-500-background-color has-background wp-element-button\" href=\"https:\/\/belgobaren.se\/boka-bord\" target=\"_blank\" rel=\"noreferrer noopener\">Boka bord<\/a><\/div>\n\n\n\n<div class=\"wp-block-button is-style-outline is-style-outline--3\"><a class=\"wp-block-button__link has-black-background-color has-background wp-element-button\" href=\"\/freys\/restaurang\/\">l\u00e4s Mer om belgobaren<\/a><\/div>\n<\/div>\n<\/div>\n<\/div>\n\n\n\n<div class=\"wp-block-columns has-2-columns alignfull are-vertically-aligned-center sticky-column\" style=\"column-gap: var(--wp--preset--spacing--80); row-gap: var(--wp--preset--spacing--30); padding-top:var(--wp--preset--spacing--80);padding-bottom:var(--wp--preset--spacing--80)\">\n<div class=\"wp-block-column is-vertically-aligned-center\">\t<div \t\tclass=\"media-container aspect-square    \"\n\t\t\t>\n\t\t<img loading=\"lazy\" decoding=\"async\" width=\"1024\" height=\"588\" src=\"https:\/\/www.freyshotels.com\/freys\/wp-content\/uploads\/2026\/04\/freys_hotel_konferenslokal_mod-1024x588.jpg\" class=\"absolute h-full w-full object-cover rounded-2xl image-center-center\" alt=\"\" sizes=\"auto, (min-width: 1024px) 1600px, 1024px\" data-sizes=\"auto\" srcset=\"https:\/\/www.freyshotels.com\/freys\/wp-content\/uploads\/2026\/04\/freys_hotel_konferenslokal_mod-1024x588.jpg 1024w, https:\/\/www.freyshotels.com\/freys\/wp-content\/uploads\/2026\/04\/freys_hotel_konferenslokal_mod-300x172.jpg 300w, https:\/\/www.freyshotels.com\/freys\/wp-content\/uploads\/2026\/04\/freys_hotel_konferenslokal_mod-768x441.jpg 768w, https:\/\/www.freyshotels.com\/freys\/wp-content\/uploads\/2026\/04\/freys_hotel_konferenslokal_mod-1536x882.jpg 1536w, https:\/\/www.freyshotels.com\/freys\/wp-content\/uploads\/2026\/04\/freys_hotel_konferenslokal_mod.jpg 1920w\" \/>\t<\/div>\n\t<\/div>\n\n\n\n<div class=\"wp-block-column is-vertically-aligned-center\">\n<p class=\"has-brand-400-color has-text-color has-link-color has-script-medium-font-size wp-elements-05fab67b702a00caef23f8084002168f\">M\u00f6ten &amp; Event<\/p>\n\n\n\n<h2 class=\"wp-block-heading has-brand-600-color has-text-color has-link-color wp-elements-bb28624eb96075f21421835a1cd4f583\">konferens stockholm<\/h2>\n\n\n\n<p class=\"has-brand-600-color has-text-color has-link-color wp-elements-e11976aa77179e0f81f65c384fc26f06\">P\u00e5 Freys&nbsp;Hotel&nbsp;finns en mysig konferensavdelning mitt i Stockholm city. H\u00e4r erbjuder vi&nbsp;elva&nbsp;unika konferensrum d\u00e4r inget \u00e4r det andra likt.&nbsp;Ni sitter ost\u00f6rt, oavsett om ni \u00e4r tv\u00e5 personer eller upp till&nbsp;63&nbsp;deltagare. En milj\u00f6 som passar lika bra f\u00f6r fokuserade m\u00f6ten som f\u00f6r mindre events och arrangemang.&nbsp;<br><br>Vi erbjuder f\u00e4rdiga konferenspaket som g\u00f6r det enkelt att planera ert m\u00f6te. Vill ni anpassa uppl\u00e4gget hj\u00e4lper vi g\u00e4rna till att skr\u00e4ddarsy efter era \u00f6nskem\u00e5l.&nbsp;<\/p>\n\n\n\n<div class=\"wp-block-buttons\">\n<div class=\"wp-block-button is-style-outline is-style-outline--4\"><a class=\"wp-block-button__link has-black-background-color has-background wp-element-button\" href=\"\/freys\/konferens-stockholm\/\" target=\"_blank\" rel=\"noreferrer noopener\">l\u00e4s Mer om konferens<\/a><\/div>\n<\/div>\n<\/div>\n<\/div>\n\n\n\n<div class=\"wp-block-columns has-2-columns alignfull are-vertically-aligned-center sticky-column\" style=\"column-gap: var(--wp--preset--spacing--80); row-gap: var(--wp--preset--spacing--30); padding-top:var(--wp--preset--spacing--80);padding-bottom:var(--wp--preset--spacing--80)\">\n<div class=\"wp-block-column is-vertically-aligned-center\">\t<div \t\tclass=\"media-container aspect-square    \"\n\t\t\t>\n\t\t<img loading=\"lazy\" decoding=\"async\" width=\"819\" height=\"1024\" src=\"https:\/\/www.freyshotels.com\/freys\/wp-content\/uploads\/2026\/04\/freys_hotel_hund_hotellrum-1-819x1024.jpg\" class=\"absolute h-full w-full object-cover rounded-2xl image-center-center\" alt=\"\" sizes=\"auto, (min-width: 1024px) 1600px, 1024px\" data-sizes=\"auto\" srcset=\"https:\/\/www.freyshotels.com\/freys\/wp-content\/uploads\/2026\/04\/freys_hotel_hund_hotellrum-1-819x1024.jpg 819w, https:\/\/www.freyshotels.com\/freys\/wp-content\/uploads\/2026\/04\/freys_hotel_hund_hotellrum-1-240x300.jpg 240w, https:\/\/www.freyshotels.com\/freys\/wp-content\/uploads\/2026\/04\/freys_hotel_hund_hotellrum-1-768x960.jpg 768w, https:\/\/www.freyshotels.com\/freys\/wp-content\/uploads\/2026\/04\/freys_hotel_hund_hotellrum-1-1229x1536.jpg 1229w, https:\/\/www.freyshotels.com\/freys\/wp-content\/uploads\/2026\/04\/freys_hotel_hund_hotellrum-1.jpg 1536w\" \/>\t<\/div>\n\t<\/div>\n\n\n\n<div class=\"wp-block-column is-vertically-aligned-center\">\n<p class=\"has-brand-400-color has-text-color has-link-color has-script-medium-font-size wp-elements-93362474ebe092bab7cc815f5195bd73\">Hundv\u00e4nligt<\/p>\n\n\n\n<h2 class=\"wp-block-heading has-brand-600-color has-text-color has-link-color wp-elements-3bb0f42c0f8ca0c91e182cfa0c9a35b2\">bo p\u00e5 hotell med hund<\/h2>\n\n\n\n<p class=\"has-brand-600-color has-text-color has-link-color wp-elements-3b797a7b0cd415ab6656d995eb62ecd5\">Att bo p\u00e5 Freys&nbsp;Hotel&nbsp;inneb\u00e4r att du har Stockholm n\u00e4ra till hands. Med ett centralt l\u00e4ge n\u00e4ra Centralstationen tar du dig enkelt vidare, samtidigt som shopping, restauranger och upplevelser finns runt h\u00f6rnet.&nbsp;<\/p>\n\n\n\n<p class=\"has-brand-600-color has-text-color has-link-color wp-elements-8fcd975ba432c4c71a15533056e9c692\">H\u00e4r bor du med b\u00e5de n\u00e4rheten till stadens puls och en plats att landa n\u00e4r dagen \u00e4r&nbsp;slut<\/p>\n\n\n\n<div class=\"wp-block-buttons\">\n<div class=\"wp-block-button is-style-fill\"><a class=\"wp-block-button__link has-brand-500-background-color has-background wp-element-button\" href=\"#\">Boka hotellrum<\/a><\/div>\n\n\n\n<div class=\"wp-block-button is-style-outline is-style-outline--5\"><a class=\"wp-block-button__link has-black-background-color has-background wp-element-button\" href=\"https:\/\/www.freyshotels.com\/freys\/hotell-stockholm\/hundvanligt-hotell\/\" target=\"_blank\" rel=\"noreferrer noopener\">L\u00e4s mer om hundv\u00e4nligt boende<\/a><\/div>\n<\/div>\n<\/div>\n<\/div>\n<\/div>\n\n\n\n<div style=\"aspect-ratio:auto; justify-content:center; padding-top:var(--wp--preset--spacing--80);\" class=\"alignfull inner-paralax wp-elements-e653e624c17ace18bc86935b7ecca946 wp-block-create-block-tankbar-multiblock has-text-color has-white-color has-background has-text-align-center\">\n\n\t<div class=\"multiblock-bg\">\n\n\t\n\t\n\t\t\t\t\t<div class=\"multiblock-gallery\">\n\t\t\t<div class=\"swiper\"\n\t\t\t\t data-transition-duration=\"1500\"\n\t\t\t\t data-interval-duration=\"6000\"\n\t\t\t\t data-transition-style=\"fade\"\n\t\t\t\t data-gallery-buttons=\"false\"\n\t\t\t\t data-gallery-pagination=\"false\">\n\t\t\t\t<div class=\"swiper-wrapper\">\n\t\t\t\t\t\t\t\t\t\t\t\t\t\t\t\t\t\t\t\t\t\t<div class=\"swiper-slide gallery-item\">\n\t\t\t\t\t\t\t<img decoding=\"async\" src=\"https:\/\/www.freyshotels.com\/freys\/wp-content\/uploads\/2026\/03\/freys-hotel-front-square-1005x1024.jpg\" alt=\"Bakgrundsbild\" width=\"100%\" height=\"100%\" \/>\n\t\t\t\t\t\t<\/div>\n\t\t\t\t\t\t\t\t\t\t\t\t\t\t<\/div>\n\t\t\t<\/div>\n\t\t<\/div>\n\t\n\t\n\t\n\t<\/div><!-- .multiblock-bg -->\n\n\t<div class=\"multiblock-inner\">\n\t\t\n\n<h2 class=\"wp-block-heading has-script-large-font-size\">Kundcitat<\/h2>\n\n\n\n<div style=\"aspect-ratio:auto; justify-content:center; padding-bottom:var(--wp--preset--spacing--80);padding-top:var(--wp--preset--spacing--40);\" class=\"alignfull wp-block-create-block-tankbar-multiblock has-text-color has-background\">\n\n\t<div class=\"multiblock-bg\">\n\n\t\n\t\n\t\n\t\n\t\t\t<div class=\"multiblock-overlay-gradient absolute inset-0 overlay-gradient gradient-bottom\" style=\" background: linear-gradient(180deg, rgba(var(--brand-700), 0) 0%, rgba(var(--brand-700), 0.7) 60%);\"><\/div>\n\t\n\t<\/div><!-- .multiblock-bg -->\n\n\t<div class=\"multiblock-inner\">\n\t\t\n<div \tclass=\"quote-swiper    \" data-slides-per-view=\"3\"\n\t>\n\t    <div class=\"swiper\">\n        <div class=\"swiper-wrapper\">\n                            <div class=\"swiper-slide !h-auto\">\n                    <div class=\"h-full bg-brand-500 text-white flex flex-col items-start text-left p-spacing-40 rounded-xl noice before:!opacity-100\">\n                                                                            <div class=\"relative flex jusify-start !mx-0 gap-x-1.5 text-[24px] !text-gold-400 mb-spacing-40\">\n                                                                    <i class=\"icon-star-filled\"><\/i>\n                                                                    <i class=\"icon-star-filled\"><\/i>\n                                                                    <i class=\"icon-star-filled\"><\/i>\n                                                                    <i class=\"icon-star-filled\"><\/i>\n                                                                    <i class=\"icon-star-filled\"><\/i>\n                                                            <\/div>\n                                                <div class=\"mb-spacing-40 w-full\">\n                            J\u00e4ttemysigt lagom stort hotell med kanonl\u00e4ge! Vi kom f\u00f6re incheckningstid men kunde l\u00e4mna v\u00e4skorna i l\u00e5st bagagerum och anv\u00e4nda g\u00e4sttoalett. Valde ett mindre dubbelrum, litet men mycket prisv\u00e4rt. Skulle jag i framtiden bo h\u00e4r mer \u00e4n en natt (och d\u00e4rmed tillbringa mer tid p\u00e5 rummet) kommer jag boka ett st\u00f6rre. MYCKET bra (gratis) frukost och v\u00e4ldigt trevlig personal. Rekommenderas!                        <\/div>\n                        <div class=\"has-small-font-size opacity-60 mt-auto w-full\">\n                            \u00c5sa Nilsson | December 2025 | Google Review                        <\/div>\n                    <\/div>\n                <\/div>\n                                <div class=\"swiper-slide !h-auto\">\n                    <div class=\"h-full bg-brand-500 text-white flex flex-col items-start text-left p-spacing-40 rounded-xl noice before:!opacity-100\">\n                                                                            <div class=\"relative flex jusify-start !mx-0 gap-x-1.5 text-[24px] !text-gold-400 mb-spacing-40\">\n                                                                    <i class=\"icon-star-filled\"><\/i>\n                                                                    <i class=\"icon-star-filled\"><\/i>\n                                                                    <i class=\"icon-star-filled\"><\/i>\n                                                                    <i class=\"icon-star-filled\"><\/i>\n                                                                    <i class=\"icon-star-filled\"><\/i>\n                                                            <\/div>\n                                                <div class=\"mb-spacing-40 w-full\">\n                            Det \u00e4r enkelt att ta sig till Freys oavsett hur du reser \u2013 n\u00e4rheten till centralstationen \u00e4r ett plus. Det personliga och positiva bem\u00f6tandet tillsammans med att alltid vilja att g\u00f6ra det d\u00e4r lite extra, g\u00f6r att man k\u00e4nner sig oerh\u00f6rt v\u00e4lkommen. Att k\u00e4nna igen personalen och att sj\u00e4lv bli igenk\u00e4nd betyder mycket och det finns en v\u00e4rme som g\u00f6r det l\u00e4tt att trivas. Man \u00e4r som en enda stor familj.                        <\/div>\n                        <div class=\"has-small-font-size opacity-60 mt-auto w-full\">\n                            Kenneth Berntsson | Member of the Board, Head of Marketing | Munsk\u00e4nkarna                        <\/div>\n                    <\/div>\n                <\/div>\n                                <div class=\"swiper-slide !h-auto\">\n                    <div class=\"h-full bg-brand-500 text-white flex flex-col items-start text-left p-spacing-40 rounded-xl noice before:!opacity-100\">\n                                                                            <div class=\"relative flex jusify-start !mx-0 gap-x-1.5 text-[24px] !text-gold-400 mb-spacing-40\">\n                                                                    <i class=\"icon-star-filled\"><\/i>\n                                                                    <i class=\"icon-star-filled\"><\/i>\n                                                                    <i class=\"icon-star-filled\"><\/i>\n                                                                    <i class=\"icon-star-filled\"><\/i>\n                                                                    <i class=\"icon-star-filled\"><\/i>\n                                                            <\/div>\n                                                <div class=\"mb-spacing-40 w-full\">\n                            Tv\u00e5 h\u00e4rliga n\u00e4tter p\u00e5 Freys.\u00a0Efter ett uppeh\u00e5ll d\u00e4r jag varit tvungen att bo p\u00e5 andra hotell kom jag nu tillbaka till Freys igen. Det var verkligen som att komma hem! F\u00e5r jag v\u00e4lja hotell \u00e4r Freys det sj\u00e4lvklara valet.                        <\/div>\n                        <div class=\"has-small-font-size opacity-60 mt-auto w-full\">\n                            infoP4745NG | December 2025 | Tripadvisor                        <\/div>\n                    <\/div>\n                <\/div>\n                        <\/div>\n    <\/div>\n\t<\/div>\n\t<\/div>\n\n\t<\/div>\n\n\t<\/div>\n\n\t<\/div>\n\n\n\n<div class=\"wp-block-group alignfull noice has-brand-200-background-color has-background\" style=\"padding-top:var(--wp--preset--spacing--60);padding-bottom:var(--wp--preset--spacing--80)\">\n<h2 class=\"wp-block-heading has-h-3-font-size\">Missa inte<\/h2>\n\n\n\n<div class=\"wp-block-columns has-3-columns\" style=\"column-gap: var(--wp--preset--spacing--40); row-gap: var(--wp--preset--spacing--50); margin-top:var(--wp--preset--spacing--20);margin-bottom:var(--wp--preset--spacing--60)\">\n<div class=\"wp-block-column\">\n<div class=\"wp-block-group img-text-card\">\t<div \t\tclass=\"media-container aspect-[4\/3]    \"\n\t\t\t>\n\t\t<img loading=\"lazy\" decoding=\"async\" width=\"1024\" height=\"684\" src=\"https:\/\/www.freyshotels.com\/freys\/wp-content\/uploads\/2026\/04\/freys_hotel_balkong_svit-1024x684.jpg\" class=\"absolute h-full w-full object-cover rounded-2xl image-center-center\" alt=\"\" sizes=\"auto, (min-width: 1024px) 1600px, 1024px\" data-sizes=\"auto\" srcset=\"https:\/\/www.freyshotels.com\/freys\/wp-content\/uploads\/2026\/04\/freys_hotel_balkong_svit-1024x684.jpg 1024w, https:\/\/www.freyshotels.com\/freys\/wp-content\/uploads\/2026\/04\/freys_hotel_balkong_svit-300x200.jpg 300w, https:\/\/www.freyshotels.com\/freys\/wp-content\/uploads\/2026\/04\/freys_hotel_balkong_svit-768x513.jpg 768w, https:\/\/www.freyshotels.com\/freys\/wp-content\/uploads\/2026\/04\/freys_hotel_balkong_svit-1536x1026.jpg 1536w, https:\/\/www.freyshotels.com\/freys\/wp-content\/uploads\/2026\/04\/freys_hotel_balkong_svit.jpg 1920w\" \/>\t<\/div>\n\t\n\n\n<h2 class=\"wp-block-heading has-brand-600-color has-text-color has-link-color has-medium-font-size wp-elements-11fc188fbb1d2c66ebc05dd015ba35bb\"><strong>Se och g\u00f6ra i Stockholm<\/strong><\/h2>\n\n\n\n<p class=\"has-small-font-size\">H\u00e4r delar vi med oss av v\u00e5ra b\u00e4sta Stockholmstips, aktuella erbjudanden och nyheter fr\u00e5n Freys&nbsp;Hotel. Inspiration f\u00f6r dig som vill uppt\u00e4cka mer av staden under din vistelse.&nbsp;<\/p>\n\n\n\n<div class=\"wp-block-buttons\">\n<div class=\"wp-block-button is-style-outline is-style-outline--6\"><a class=\"wp-block-button__link has-black-background-color has-background wp-element-button\" href=\"https:\/\/www.freyshotels.com\/freys\/se-och-gora-i-stockholm\/\" target=\"_blank\" rel=\"noreferrer noopener\">se och g\u00f6ra i  stockholm<\/a><\/div>\n<\/div>\n<\/div>\n<\/div>\n\n\n\n<div class=\"wp-block-column\">\n<div class=\"wp-block-group img-text-card\">\t<div \t\tclass=\"media-container aspect-[4\/3]    \"\n\t\t\t>\n\t\t<img loading=\"lazy\" decoding=\"async\" width=\"1024\" height=\"683\" src=\"https:\/\/www.freyshotels.com\/freys\/wp-content\/uploads\/2026\/04\/freys_hotel_freys_family_formaner-1-1024x683.jpg\" class=\"absolute h-full w-full object-cover rounded-2xl image-center-center\" alt=\"\" sizes=\"auto, (min-width: 1024px) 1600px, 1024px\" data-sizes=\"auto\" srcset=\"https:\/\/www.freyshotels.com\/freys\/wp-content\/uploads\/2026\/04\/freys_hotel_freys_family_formaner-1-1024x683.jpg 1024w, https:\/\/www.freyshotels.com\/freys\/wp-content\/uploads\/2026\/04\/freys_hotel_freys_family_formaner-1-300x200.jpg 300w, https:\/\/www.freyshotels.com\/freys\/wp-content\/uploads\/2026\/04\/freys_hotel_freys_family_formaner-1-768x512.jpg 768w, https:\/\/www.freyshotels.com\/freys\/wp-content\/uploads\/2026\/04\/freys_hotel_freys_family_formaner-1-1536x1024.jpg 1536w, https:\/\/www.freyshotels.com\/freys\/wp-content\/uploads\/2026\/04\/freys_hotel_freys_family_formaner-1.jpg 1920w\" \/>\t<\/div>\n\t\n\n\n<h2 class=\"wp-block-heading has-brand-600-color has-text-color has-link-color has-medium-font-size wp-elements-09528949ea4dbda3a5f52af8e820e306\"><strong>Freys Family \u2013 Lojalitetsprogram<\/strong><\/h2>\n\n\n\n<p class=\"has-small-font-size\">V\u00e5rt stamg\u00e4stprogram f\u00f6r dig som bor ofta hos oss. Medlemskapet baseras p\u00e5 exklusiva rabatter och erbjudanden anpassade efter din medlemsniv\u00e5. Medlemskapet \u00e4r kostnadsfritt.&nbsp;<\/p>\n<\/div>\n\n\n\n<div class=\"wp-block-buttons\">\n<div class=\"wp-block-button is-style-outline is-style-outline--7\"><a class=\"wp-block-button__link has-black-background-color has-background wp-element-button\" href=\"https:\/\/www.freyshotels.com\/freys-family\/\" target=\"_blank\" rel=\"noreferrer noopener\">Om Freys Family<\/a><\/div>\n<\/div>\n<\/div>\n\n\n\n<div class=\"wp-block-column\">\n<div class=\"wp-block-group img-text-card\">\t<div \t\tclass=\"media-container aspect-[4\/3]    \"\n\t\t\t>\n\t\t<img loading=\"lazy\" decoding=\"async\" width=\"1024\" height=\"683\" src=\"https:\/\/www.freyshotels.com\/freys\/wp-content\/uploads\/2026\/04\/freys_hotel_innergard-1-1024x683.jpg\" class=\"absolute h-full w-full object-cover rounded-2xl image-center-center\" alt=\"\" sizes=\"auto, (min-width: 1024px) 1600px, 1024px\" data-sizes=\"auto\" srcset=\"https:\/\/www.freyshotels.com\/freys\/wp-content\/uploads\/2026\/04\/freys_hotel_innergard-1-1024x683.jpg 1024w, https:\/\/www.freyshotels.com\/freys\/wp-content\/uploads\/2026\/04\/freys_hotel_innergard-1-300x200.jpg 300w, https:\/\/www.freyshotels.com\/freys\/wp-content\/uploads\/2026\/04\/freys_hotel_innergard-1-768x512.jpg 768w, https:\/\/www.freyshotels.com\/freys\/wp-content\/uploads\/2026\/04\/freys_hotel_innergard-1-1536x1025.jpg 1536w, https:\/\/www.freyshotels.com\/freys\/wp-content\/uploads\/2026\/04\/freys_hotel_innergard-1.jpg 1920w\" \/>\t<\/div>\n\t\n\n\n<h2 class=\"wp-block-heading has-brand-600-color has-text-color has-link-color has-medium-font-size wp-elements-c9eb119c8d262f8576d317b87090758c\"><strong>Milj\u00f6m\u00e4rkt hotell Stockholm city<\/strong><\/h2>\n\n\n\n<p class=\"has-small-font-size\">Freys&nbsp;Hotel&nbsp;\u00e4r milj\u00f6m\u00e4rkt med Green&nbsp;Key&nbsp;\u2013 en internationell certifiering f\u00f6r hotell. Det inneb\u00e4r ett aktivt arbete f\u00f6r att minska milj\u00f6p\u00e5verkan och bidra till en mer h\u00e5llbar hotell- och konferensverksamhet.&nbsp;<\/p>\n<\/div>\n\n\n\n<div class=\"wp-block-buttons\">\n<div class=\"wp-block-button is-style-outline is-style-outline--8\"><a class=\"wp-block-button__link has-black-background-color has-background wp-element-button\" href=\"https:\/\/www.freyshotels.com\/miljomarkt-hotell-stockholm-city\/\" target=\"_blank\" rel=\"noreferrer noopener\">V\u00e5rt milj\u00f6arbete<\/a><\/div>\n<\/div>\n<\/div>\n<\/div>\n\n\n\n<div class=\"wp-block-columns has-2-columns alignfull are-vertically-aligned-center noice\" style=\"column-gap: var(--wp--preset--spacing--80); row-gap: var(--wp--preset--spacing--30); padding-top:var(--wp--preset--spacing--60);padding-bottom:var(--wp--preset--spacing--80)\">\n<div class=\"wp-block-column is-vertically-aligned-center stick\">\t<div \t\tclass=\"media-container aspect-square    \"\n\t\t\t>\n\t\t<img loading=\"lazy\" decoding=\"async\" width=\"1024\" height=\"683\" src=\"https:\/\/www.freyshotels.com\/freys\/wp-content\/uploads\/2026\/04\/freys_hotel_presentkort-hemsida-2-1024x683.png\" class=\"absolute h-full w-full object-cover rounded-2xl image-center-center\" alt=\"\" sizes=\"auto, (min-width: 1024px) 1600px, 1024px\" data-sizes=\"auto\" srcset=\"https:\/\/www.freyshotels.com\/freys\/wp-content\/uploads\/2026\/04\/freys_hotel_presentkort-hemsida-2-1024x683.png 1024w, https:\/\/www.freyshotels.com\/freys\/wp-content\/uploads\/2026\/04\/freys_hotel_presentkort-hemsida-2-300x200.png 300w, https:\/\/www.freyshotels.com\/freys\/wp-content\/uploads\/2026\/04\/freys_hotel_presentkort-hemsida-2-768x512.png 768w, https:\/\/www.freyshotels.com\/freys\/wp-content\/uploads\/2026\/04\/freys_hotel_presentkort-hemsida-2-1536x1024.png 1536w, https:\/\/www.freyshotels.com\/freys\/wp-content\/uploads\/2026\/04\/freys_hotel_presentkort-hemsida-2.png 1920w\" \/>\t<\/div>\n\t<\/div>\n\n\n\n<div class=\"wp-block-column is-vertically-aligned-center\">\n<p class=\"has-brand-400-color has-text-color has-link-color has-script-medium-font-size wp-elements-0f26126e6dab172fc5158de1e928afe0\">Ge bort en g\u00e5va<\/p>\n\n\n\n<h2 class=\"wp-block-heading has-brand-600-color has-text-color has-link-color wp-elements-c93104b7ba9cc1bae706e9226867df8e\">presentkort<\/h2>\n\n\n\n<p class=\"has-brand-600-color has-text-color has-link-color wp-elements-fd80b0e666fbe1748c2f256c5f1069b5\"><strong>Ge bort en upplevelse p\u00e5 Freys&nbsp;Hotel<\/strong>. Ett presentkort p\u00e5 en hotellvistelse i Stockholm \u00e4r alltid uppskattat \u2013 oavsett om du vill fira n\u00e5gon du tycker om, sk\u00e4mma bort en v\u00e4n eller ge bort lite vardagslyx. En perfekt g\u00e5va till den som redan har allt. K\u00f6p direkt online \u2013 snabbt, enkelt och med omtanke.<\/p>\n\n\n\n<div class=\"wp-block-buttons\">\n<div class=\"wp-block-button is-style-fill\"><a class=\"wp-block-button__link has-brand-500-background-color has-background wp-element-button\" href=\"https:\/\/www.freyshotels.com\/freys\/presentkort\/\">k\u00f6p ditt presentkort<\/a><\/div>\n<\/div>\n<\/div>\n<\/div>\n\n\n\n<div class=\"wp-block-columns has-2-columns\" style=\"column-gap: var(--wp--preset--spacing--40); row-gap: var(--wp--preset--spacing--40); border-top-color:var(--wp--preset--color--neutral-200);border-top-style:solid;border-top-width:1px;padding-top:var(--wp--preset--spacing--60)\">\n<div class=\"wp-block-column\">\n<h2 class=\"wp-block-heading has-h-3-font-size\">Vanliga fr\u00e5gor<\/h2>\n\n\n\n<p>N\u00e4r kan du checka in? Ing\u00e5r frukost? Finns parkering eller m\u00f6jlighet att ta med hund.&nbsp;H\u00e4r har vi samlat svaren p\u00e5 de vanligaste fr\u00e5gorna inf\u00f6r din vistelse p\u00e5 Freys&nbsp;Hotel.&nbsp;<\/p>\n\n\n\n<div class=\"wp-block-buttons\">\n<div class=\"wp-block-button is-style-outline is-style-outline--9\"><a class=\"wp-block-button__link has-black-background-color has-background wp-element-button\" href=\"https:\/\/www.freyshotels.com\/freys\/fragor-och-svar\/\" target=\"_blank\" rel=\"noreferrer noopener\">alla fr\u00e5gor och svar<\/a><\/div>\n<\/div>\n<\/div>\n\n\n\n<div class=\"wp-block-column\"><div \tclass=\"   \"\n\t>\n\t    <div\n                class=\"w-full    \"\n            >\n                    <div id=\"faq-1439\" x-data=\"{ open: false }\" class=\"py-spacing-10 border-b border-black\/10\">\n                <button x-on:click=\"open = ! open\" x-bind:class=\"open ? 'faq-close text-brand-500' : 'faq-open'\" aria-label=\"Visa svar\" class=\"group w-full flex items-start justify-between gap-x-4 text-left has-medium-font-size\">\n                    <span class=\"self-center flex-1 xl:group-hover:text-brand-500\">N\u00e4r \u00e4r incheckning och utcheckning p\u00e5 Freys Hotel?<\/span>\n                    <i x-bind:class=\"open ? 'icon-minus' : 'icon-plus'\" class=\"flex items-center justify-center size-10 min-w-10 bg-white rounded-full shadow-button text-[20px] text-neutral-600 focus:!shadow-button xl:hover:scale-110 transition-all duration-200\"><\/i>\n                <\/button>\n                <div x-cloak x-show=\"open\" class=\"mt-2\">\n                    <div class=\"py-3 md:py-4\">\n                        <p>Vi har garanterad incheckning fr\u00e5n 15.00. Anl\u00e4nder\u00a0du\u00a0tidigare \u00e4n 15.00 och rummet inte \u00e4r f\u00e4rdigt, st\u00e4ller vi g\u00e4rna\u00a0dina\u00a0v\u00e4skor i v\u00e5rt bagagerum.<\/p>\n<p>Utcheckning sker senast 12.00. Vi kan i m\u00e5n av plats ordna sen utcheckning, klockan 14.00, f\u00f6r 250 SEK.<\/p>\n<p>Kontakta g\u00e4rna receptionen kv\u00e4llen innan avresa om du \u00f6nskar sen utcheckning.<\/p>\n                    <\/div>\n                <\/div>\n            <\/div>\n                        <div id=\"faq-618\" x-data=\"{ open: false }\" class=\"py-spacing-10 border-b border-black\/10\">\n                <button x-on:click=\"open = ! open\" x-bind:class=\"open ? 'faq-close text-brand-500' : 'faq-open'\" aria-label=\"Visa svar\" class=\"group w-full flex items-start justify-between gap-x-4 text-left has-medium-font-size\">\n                    <span class=\"self-center flex-1 xl:group-hover:text-brand-500\">Finns det n\u00e5gon \u00e5ldersgr\u00e4ns f\u00f6r att bo p\u00e5 v\u00e5ra hotell?<\/span>\n                    <i x-bind:class=\"open ? 'icon-minus' : 'icon-plus'\" class=\"flex items-center justify-center size-10 min-w-10 bg-white rounded-full shadow-button text-[20px] text-neutral-600 focus:!shadow-button xl:hover:scale-110 transition-all duration-200\"><\/i>\n                <\/button>\n                <div x-cloak x-show=\"open\" class=\"mt-2\">\n                    <div class=\"py-3 md:py-4\">\n                        <p>F\u00f6r att bo hos oss utan en vuxen m\u00e5ste man ha fyllt 18 \u00e5r.<\/p>\n                    <\/div>\n                <\/div>\n            <\/div>\n                        <div id=\"faq-617\" x-data=\"{ open: false }\" class=\"py-spacing-10 border-b border-black\/10\">\n                <button x-on:click=\"open = ! open\" x-bind:class=\"open ? 'faq-close text-brand-500' : 'faq-open'\" aria-label=\"Visa svar\" class=\"group w-full flex items-start justify-between gap-x-4 text-left has-medium-font-size\">\n                    <span class=\"self-center flex-1 xl:group-hover:text-brand-500\">Vad \u00e4r Freys Family?<\/span>\n                    <i x-bind:class=\"open ? 'icon-minus' : 'icon-plus'\" class=\"flex items-center justify-center size-10 min-w-10 bg-white rounded-full shadow-button text-[20px] text-neutral-600 focus:!shadow-button xl:hover:scale-110 transition-all duration-200\"><\/i>\n                <\/button>\n                <div x-cloak x-show=\"open\" class=\"mt-2\">\n                    <div class=\"py-3 md:py-4\">\n                        <p>Lorem ipsum dolor sit amet, consectetur adipiscing elit. Etiam id quam a velit molestie sodales. Nulla porta malesuada dui, eget laoreet justo rutrum non. Praesent sit amet posuere orci. Donec sagittis massa adipiscing mollis commodo. Duis ac massa dapibus, ultrices lectus ac, scelerisque felis. Duis ac dolor quis massa laoreet suscipit. Nam eget imperdiet lectus.<\/p>\n                    <\/div>\n                <\/div>\n            <\/div>\n                        <div id=\"faq-1431\" x-data=\"{ open: false }\" class=\"py-spacing-10 border-b border-black\/10\">\n                <button x-on:click=\"open = ! open\" x-bind:class=\"open ? 'faq-close text-brand-500' : 'faq-open'\" aria-label=\"Visa svar\" class=\"group w-full flex items-start justify-between gap-x-4 text-left has-medium-font-size\">\n                    <span class=\"self-center flex-1 xl:group-hover:text-brand-500\">\u00c4r Freys Hotels milj\u00f6m\u00e4rkta hotell?<\/span>\n                    <i x-bind:class=\"open ? 'icon-minus' : 'icon-plus'\" class=\"flex items-center justify-center size-10 min-w-10 bg-white rounded-full shadow-button text-[20px] text-neutral-600 focus:!shadow-button xl:hover:scale-110 transition-all duration-200\"><\/i>\n                <\/button>\n                <div x-cloak x-show=\"open\" class=\"mt-2\">\n                    <div class=\"py-3 md:py-4\">\n                        <p><span class=\"TextRun SCXW212645612 BCX0\" lang=\"SV-SE\" xml:lang=\"SV-SE\" data-contrast=\"auto\"><span class=\"NormalTextRun SCXW212645612 BCX0\">Ja, Freys Hotel och Corner Hotel \u00e4r certifierade med Green <\/span><span class=\"NormalTextRun SpellingErrorV2Themed SCXW212645612 BCX0\">Key<\/span><span class=\"NormalTextRun SCXW212645612 BCX0\">.<\/span><\/span><span class=\"EOP SCXW212645612 BCX0\" data-ccp-props=\"{}\"> Det \u00e4r en internationell milj\u00f6m\u00e4rkning speciellt utformad f\u00f6r logiverksamhet och drivs av\u00a0<a class=\"desktop\" href=\"http:\/\/www.greenkey.se\/\" target=\"_blank\" rel=\"noopener\">Green\u00a0Key Sverige<\/a>. Genom m\u00e4rkningen f\u00f6rbinder vi oss att st\u00e4ndigt minimera v\u00e5r milj\u00f6p\u00e5verkan, vilket \u00e4r ett prioriterat omr\u00e5de f\u00f6r oss. L\u00e4s mer om v\u00e5rt milj\u00f6arbete\u00a0<a href=\"https:\/\/www.freyshotels.com\/miljomarkt-hotell-stockholm-city\/\" target=\"_blank\" rel=\"noopener\">h\u00e4r \u2192<\/a><\/span><\/p>\n                    <\/div>\n                <\/div>\n            <\/div>\n                <\/div>\n    <script type=\"application\/ld+json\">\n        {\n    \"@context\": \"https:\/\/schema.org\",\n    \"@type\": \"FAQPage\",\n    \"mainEntity\": [\n        {\n            \"@type\": \"Question\",\n            \"name\": \"N\u00e4r \u00e4r incheckning och utcheckning p\u00e5 Freys Hotel?\",\n            \"acceptedAnswer\": {\n                \"@type\": \"Answer\",\n                \"text\": \"Vi har garanterad incheckning fr\u00e5n 15.00. Anl\u00e4nder\u00a0du\u00a0tidigare \u00e4n 15.00 och rummet inte \u00e4r f\u00e4rdigt, st\u00e4ller vi g\u00e4rna\u00a0dina\u00a0v\u00e4skor i v\u00e5rt bagagerum.\\nUtcheckning sker senast 12.00. Vi kan i m\u00e5n av plats ordna sen utcheckning, klockan 14.00, f\u00f6r 250 SEK.\\nKontakta g\u00e4rna receptionen kv\u00e4llen innan avresa om du \u00f6nskar sen utcheckning.\"\n            }\n        },\n        {\n            \"@type\": \"Question\",\n            \"name\": \"Finns det n\u00e5gon \u00e5ldersgr\u00e4ns f\u00f6r att bo p\u00e5 v\u00e5ra hotell?\",\n            \"acceptedAnswer\": {\n                \"@type\": \"Answer\",\n                \"text\": \"F\u00f6r att bo hos oss utan en vuxen m\u00e5ste man ha fyllt 18 \u00e5r.\"\n            }\n        },\n        {\n            \"@type\": \"Question\",\n            \"name\": \"Vad \u00e4r Freys Family?\",\n            \"acceptedAnswer\": {\n                \"@type\": \"Answer\",\n                \"text\": \"Lorem ipsum dolor sit amet, consectetur adipiscing elit. Etiam id quam a velit molestie sodales. Nulla porta malesuada dui, eget laoreet justo rutrum non. Praesent sit amet posuere orci. Donec sagittis massa adipiscing mollis commodo. Duis ac massa dapibus, ultrices lectus ac, scelerisque felis. Duis ac dolor quis massa laoreet suscipit. Nam eget imperdiet lectus.\"\n            }\n        },\n        {\n            \"@type\": \"Question\",\n            \"name\": \"\u00c4r Freys Hotels milj\u00f6m\u00e4rkta hotell?\",\n            \"acceptedAnswer\": {\n                \"@type\": \"Answer\",\n                \"text\": \"Ja, Freys Hotel och Corner Hotel \u00e4r certifierade med Green Key. Det \u00e4r en internationell milj\u00f6m\u00e4rkning speciellt utformad f\u00f6r logiverksamhet och drivs av\u00a0Green\u00a0Key Sverige. Genom m\u00e4rkningen f\u00f6rbinder vi oss att st\u00e4ndigt minimera v\u00e5r milj\u00f6p\u00e5verkan, vilket \u00e4r ett prioriterat omr\u00e5de f\u00f6r oss. L\u00e4s mer om v\u00e5rt milj\u00f6arbete\u00a0h\u00e4r \u2192\"\n            }\n        }\n    ]\n}    <\/script>\n    <\/div><\/div>\n<\/div>\n<\/div>\n\n\n\t<div \t\tclass=\"media-container aspect-video noice has-background has-brand-100-background-color  alignfull\"\n\t\tstyle=\"margin-bottom: 0; margin-top: 0; padding-bottom: var(--wp--preset--spacing--50); padding-top: var(--wp--preset--spacing--50);\"\t>\n\t\t<div class=\"gallery-container h-full\">\n\t        <div class=\"media-gallery-slideshow h-full\">\n            <div class=\"swiper h-full\"\n                 data-transition-type=\"fade\"\n                 data-transition-duration=\"700\"\n                 data-interval-duration=\"6000\"\n                 data-gallery-navigation=\"true\"\n                 data-gallery-pagination=\"true\"\n                 data-gallery-autoplay=\"false\"\n            >\n                <div class=\"swiper-wrapper !h-full\">\n                                            <div class=\"swiper-slide aspect-[4\/3] md:aspect-video lg:aspect-auto\">\n                            <img loading=\"lazy\" decoding=\"async\" width=\"1024\" height=\"589\" src=\"https:\/\/www.freyshotels.com\/freys\/wp-content\/uploads\/2026\/04\/freys_hotel_entre_uteservering-4-1-1024x589.jpg\" class=\"absolute h-full w-full object-cover object-center rounded-2xl\" alt=\"\" sizes=\"auto, (min-width: 1024px) 1600px, 1024px\" data-sizes=\"auto\" srcset=\"https:\/\/www.freyshotels.com\/freys\/wp-content\/uploads\/2026\/04\/freys_hotel_entre_uteservering-4-1-1024x589.jpg 1024w, https:\/\/www.freyshotels.com\/freys\/wp-content\/uploads\/2026\/04\/freys_hotel_entre_uteservering-4-1-300x173.jpg 300w, https:\/\/www.freyshotels.com\/freys\/wp-content\/uploads\/2026\/04\/freys_hotel_entre_uteservering-4-1-768x442.jpg 768w, https:\/\/www.freyshotels.com\/freys\/wp-content\/uploads\/2026\/04\/freys_hotel_entre_uteservering-4-1-1536x884.jpg 1536w, https:\/\/www.freyshotels.com\/freys\/wp-content\/uploads\/2026\/04\/freys_hotel_entre_uteservering-4-1.jpg 1920w\" \/>                                                    <\/div>\n                                                <div class=\"swiper-slide aspect-[4\/3] md:aspect-video lg:aspect-auto\">\n                            <img loading=\"lazy\" decoding=\"async\" width=\"1024\" height=\"551\" src=\"https:\/\/www.freyshotels.com\/freys\/wp-content\/uploads\/2026\/04\/freys_hotel_reception_personal1-1024x551.jpg\" class=\"absolute h-full w-full object-cover object-center rounded-2xl\" alt=\"\" sizes=\"auto, (min-width: 1024px) 1600px, 1024px\" data-sizes=\"auto\" srcset=\"https:\/\/www.freyshotels.com\/freys\/wp-content\/uploads\/2026\/04\/freys_hotel_reception_personal1-1024x551.jpg 1024w, https:\/\/www.freyshotels.com\/freys\/wp-content\/uploads\/2026\/04\/freys_hotel_reception_personal1-300x162.jpg 300w, https:\/\/www.freyshotels.com\/freys\/wp-content\/uploads\/2026\/04\/freys_hotel_reception_personal1-768x414.jpg 768w, https:\/\/www.freyshotels.com\/freys\/wp-content\/uploads\/2026\/04\/freys_hotel_reception_personal1-1536x827.jpg 1536w, https:\/\/www.freyshotels.com\/freys\/wp-content\/uploads\/2026\/04\/freys_hotel_reception_personal1.jpg 1920w\" \/>                                                    <\/div>\n                                                <div class=\"swiper-slide aspect-[4\/3] md:aspect-video lg:aspect-auto\">\n                            <img loading=\"lazy\" decoding=\"async\" width=\"1024\" height=\"580\" src=\"https:\/\/www.freyshotels.com\/freys\/wp-content\/uploads\/2026\/04\/freys_hotel_dubbelrum_8-1024x580.jpg\" class=\"absolute h-full w-full object-cover object-center rounded-2xl\" alt=\"\" sizes=\"auto, (min-width: 1024px) 1600px, 1024px\" data-sizes=\"auto\" srcset=\"https:\/\/www.freyshotels.com\/freys\/wp-content\/uploads\/2026\/04\/freys_hotel_dubbelrum_8-1024x580.jpg 1024w, https:\/\/www.freyshotels.com\/freys\/wp-content\/uploads\/2026\/04\/freys_hotel_dubbelrum_8-300x170.jpg 300w, https:\/\/www.freyshotels.com\/freys\/wp-content\/uploads\/2026\/04\/freys_hotel_dubbelrum_8-768x435.jpg 768w, https:\/\/www.freyshotels.com\/freys\/wp-content\/uploads\/2026\/04\/freys_hotel_dubbelrum_8-1536x870.jpg 1536w, https:\/\/www.freyshotels.com\/freys\/wp-content\/uploads\/2026\/04\/freys_hotel_dubbelrum_8.jpg 1920w\" \/>                                                    <\/div>\n                                                <div class=\"swiper-slide aspect-[4\/3] md:aspect-video lg:aspect-auto\">\n                            <img loading=\"lazy\" decoding=\"async\" width=\"1024\" height=\"683\" src=\"https:\/\/www.freyshotels.com\/freys\/wp-content\/uploads\/2026\/04\/belgobaren_middag-1024x683.jpg\" class=\"absolute h-full w-full object-cover object-center rounded-2xl\" alt=\"\" sizes=\"auto, (min-width: 1024px) 1600px, 1024px\" data-sizes=\"auto\" srcset=\"https:\/\/www.freyshotels.com\/freys\/wp-content\/uploads\/2026\/04\/belgobaren_middag-1024x683.jpg 1024w, https:\/\/www.freyshotels.com\/freys\/wp-content\/uploads\/2026\/04\/belgobaren_middag-300x200.jpg 300w, https:\/\/www.freyshotels.com\/freys\/wp-content\/uploads\/2026\/04\/belgobaren_middag-768x512.jpg 768w, https:\/\/www.freyshotels.com\/freys\/wp-content\/uploads\/2026\/04\/belgobaren_middag-1536x1024.jpg 1536w, https:\/\/www.freyshotels.com\/freys\/wp-content\/uploads\/2026\/04\/belgobaren_middag.jpg 1920w\" \/>                                                    <\/div>\n                                                <div class=\"swiper-slide aspect-[4\/3] md:aspect-video lg:aspect-auto\">\n                            <img loading=\"lazy\" decoding=\"async\" width=\"1024\" height=\"683\" src=\"https:\/\/www.freyshotels.com\/freys\/wp-content\/uploads\/2026\/04\/freys_hotel_konferens_entre-1024x683.jpg\" class=\"absolute h-full w-full object-cover object-center rounded-2xl\" alt=\"\" sizes=\"auto, (min-width: 1024px) 1600px, 1024px\" data-sizes=\"auto\" srcset=\"https:\/\/www.freyshotels.com\/freys\/wp-content\/uploads\/2026\/04\/freys_hotel_konferens_entre-1024x683.jpg 1024w, https:\/\/www.freyshotels.com\/freys\/wp-content\/uploads\/2026\/04\/freys_hotel_konferens_entre-300x200.jpg 300w, https:\/\/www.freyshotels.com\/freys\/wp-content\/uploads\/2026\/04\/freys_hotel_konferens_entre-768x512.jpg 768w, https:\/\/www.freyshotels.com\/freys\/wp-content\/uploads\/2026\/04\/freys_hotel_konferens_entre.jpg 1500w\" \/>                                                    <\/div>\n                                                <div class=\"swiper-slide aspect-[4\/3] md:aspect-video lg:aspect-auto\">\n                            <img loading=\"lazy\" decoding=\"async\" width=\"1024\" height=\"615\" src=\"https:\/\/www.freyshotels.com\/freys\/wp-content\/uploads\/2026\/04\/freys_hotel_konferenslokal_klarhetovishet_3-1024x615.jpg\" class=\"absolute h-full w-full object-cover object-center rounded-2xl\" alt=\"\" sizes=\"auto, (min-width: 1024px) 1600px, 1024px\" data-sizes=\"auto\" srcset=\"https:\/\/www.freyshotels.com\/freys\/wp-content\/uploads\/2026\/04\/freys_hotel_konferenslokal_klarhetovishet_3-1024x615.jpg 1024w, https:\/\/www.freyshotels.com\/freys\/wp-content\/uploads\/2026\/04\/freys_hotel_konferenslokal_klarhetovishet_3-300x180.jpg 300w, https:\/\/www.freyshotels.com\/freys\/wp-content\/uploads\/2026\/04\/freys_hotel_konferenslokal_klarhetovishet_3-768x461.jpg 768w, https:\/\/www.freyshotels.com\/freys\/wp-content\/uploads\/2026\/04\/freys_hotel_konferenslokal_klarhetovishet_3-1536x922.jpg 1536w, https:\/\/www.freyshotels.com\/freys\/wp-content\/uploads\/2026\/04\/freys_hotel_konferenslokal_klarhetovishet_3.jpg 1920w\" \/>                                                    <\/div>\n                                                <div class=\"swiper-slide aspect-[4\/3] md:aspect-video lg:aspect-auto\">\n                            <img loading=\"lazy\" decoding=\"async\" width=\"1024\" height=\"683\" src=\"https:\/\/www.freyshotels.com\/freys\/wp-content\/uploads\/2026\/04\/freys_hotel_innergard-1-1024x683.jpg\" class=\"absolute h-full w-full object-cover object-center rounded-2xl\" alt=\"\" sizes=\"auto, (min-width: 1024px) 1600px, 1024px\" data-sizes=\"auto\" srcset=\"https:\/\/www.freyshotels.com\/freys\/wp-content\/uploads\/2026\/04\/freys_hotel_innergard-1-1024x683.jpg 1024w, https:\/\/www.freyshotels.com\/freys\/wp-content\/uploads\/2026\/04\/freys_hotel_innergard-1-300x200.jpg 300w, https:\/\/www.freyshotels.com\/freys\/wp-content\/uploads\/2026\/04\/freys_hotel_innergard-1-768x512.jpg 768w, https:\/\/www.freyshotels.com\/freys\/wp-content\/uploads\/2026\/04\/freys_hotel_innergard-1-1536x1025.jpg 1536w, https:\/\/www.freyshotels.com\/freys\/wp-content\/uploads\/2026\/04\/freys_hotel_innergard-1.jpg 1920w\" \/>                                                    <\/div>\n                                        <\/div>\n                                    <div class=\"absolute z-[1] bottom-spacing-40 left-spacing-40 flex items-center gap-x-2 uppercase text-white font-medium has-extra-small-font-size\">\n                        Galleri                        <div class=\"swiper-pagination\"><\/div>\n                    <\/div>\n                                        <div aria-disabled=\"true\" class=\"swiper-button-next icon-arrow\"><\/div>\n                    <div class=\"swiper-button-prev icon-arrow\"><\/div>\n                                <\/div>\n        <\/div>\n        <\/div>\t<\/div>\n\t","protected":false},"excerpt":{"rendered":"<p>konferensPaket och hotellerbjudanden P\u00e5 v\u00e5r sajt bokar du alltid hotellrum till b\u00e4sta pris. H\u00e4r hittar du unika hotellerbjudanden, hotellpaket och weekendpaket i Stockholm \u2013 erbjudanden som endast finns tillg\u00e4ngliga vid direktbokning hos oss. H\u00e4r hittar du \u00e4ven v\u00e5ra aktuella konferenspaket i Stockholm. Vi hj\u00e4lper g\u00e4rna till att ta fram ett uppl\u00e4gg utifr\u00e5n dina \u00f6nskem\u00e5l och [&hellip;]<\/p>\n","protected":false},"author":1,"featured_media":292,"parent":0,"menu_order":0,"comment_status":"closed","ping_status":"closed","template":"","meta":{"_acf_changed":false,"footnotes":""},"page_category":[],"page_tag":[],"class_list":["post-2","page","type-page","status-publish","has-post-thumbnail","hentry"],"acf":[],"publishpress_future_action":{"enabled":false,"date":"2026-05-06 12:14:14","action":"change-status","newStatus":"draft","terms":[],"taxonomy":"page_category","extraData":[]},"publishpress_future_workflow_manual_trigger":{"enabledWorkflows":[]},"_links":{"self":[{"href":"https:\/\/www.freyshotels.com\/freys\/wp-json\/wp\/v2\/pages\/2","targetHints":{"allow":["GET"]}}],"collection":[{"href":"https:\/\/www.freyshotels.com\/freys\/wp-json\/wp\/v2\/pages"}],"about":[{"href":"https:\/\/www.freyshotels.com\/freys\/wp-json\/wp\/v2\/types\/page"}],"author":[{"embeddable":true,"href":"https:\/\/www.freyshotels.com\/freys\/wp-json\/wp\/v2\/users\/1"}],"replies":[{"embeddable":true,"href":"https:\/\/www.freyshotels.com\/freys\/wp-json\/wp\/v2\/comments?post=2"}],"version-history":[{"count":176,"href":"https:\/\/www.freyshotels.com\/freys\/wp-json\/wp\/v2\/pages\/2\/revisions"}],"predecessor-version":[{"id":3029,"href":"https:\/\/www.freyshotels.com\/freys\/wp-json\/wp\/v2\/pages\/2\/revisions\/3029"}],"wp:featuredmedia":[{"embeddable":true,"href":"https:\/\/www.freyshotels.com\/freys\/wp-json\/"}],"wp:attachment":[{"href":"https:\/\/www.freyshotels.com\/freys\/wp-json\/wp\/v2\/media?parent=2"}],"wp:term":[{"taxonomy":"page_category","embeddable":true,"href":"https:\/\/www.freyshotels.com\/freys\/wp-json\/wp\/v2\/page_category?post=2"},{"taxonomy":"page_tag","embeddable":true,"href":"https:\/\/www.freyshotels.com\/freys\/wp-json\/wp\/v2\/page_tag?post=2"}],"curies":[{"name":"wp","href":"https:\/\/api.w.org\/{rel}","templated":true}]}}