{"id":2430,"date":"2026-04-15T14:09:55","date_gmt":"2026-04-15T14:09:55","guid":{"rendered":"https:\/\/www.freyshotels.com\/freys\/?page_id=2430"},"modified":"2026-04-28T12:54:25","modified_gmt":"2026-04-28T12:54:25","slug":"konferens-for-lakemedelsforetag","status":"publish","type":"page","link":"https:\/\/www.freyshotels.com\/freys\/konferens-stockholm\/konferens-for-lakemedelsforetag\/","title":{"rendered":"Konferens f\u00f6r l\u00e4kemedelsf\u00f6retag"},"content":{"rendered":"\n<div class=\"wp-block-columns has-2-columns alignfull paralax reverse wrap-lg min-h-screen\" style=\" padding-top:0;padding-right:0;padding-bottom:0;padding-left:0\">\n<div class=\"wp-block-column\" style=\"flex-basis:50%\">\n<div style=\"aspect-ratio:auto; justify-content:flex-end; padding-top:var(--wp--preset--spacing--40);padding-bottom:var(--wp--preset--spacing--40);padding-left:var(--wp--preset--spacing--40);padding-right:var(--wp--preset--spacing--40); min-height:100%;\" class=\"align wp-block-create-block-tankbar-multiblock has-text-color has-background\">\n\n\t<div class=\"multiblock-bg\">\n\n\t\t\t\t<div class=\"absolute inset-0 image-center-center\">\n\t\t\t\t<img decoding=\"async\" class=\"h-full w-full object-cover\" src=\"https:\/\/www.freyshotels.com\/freys\/wp-content\/uploads\/2026\/04\/freys_hotel_konferens_entre_2.jpg\" alt=\"Konferens f\u00f6r l\u00e4kemedelsf\u00f6retag\" \/>\n\t\t\t<\/div>\n\t\t\t\n\t\n\t\n\t\n\t\n\t<\/div><!-- .multiblock-bg -->\n\n\t<div class=\"multiblock-inner\">\n\t\t\n\n<div class=\"wp-block-group\" style=\"min-height:30vh\"><\/div>\n\n\t<\/div>\n\n\t<\/div>\n<\/div>\n\n\n\n<div class=\"wp-block-column split noice has-brand-200-background-color has-background\" style=\"padding-top:var(--wp--preset--spacing--60);padding-right:var(--wp--preset--spacing--60);padding-bottom:var(--wp--preset--spacing--60);padding-left:var(--wp--preset--spacing--60)\">\n<h1 class=\"wp-block-heading has-brand-500-color has-text-color has-link-color wp-elements-e647afff62d6ec6d1cf713ec8753eaad\">Konferens f\u00f6r <br>l\u00e4kemedels\u00adf\u00f6retag<\/h1>\n\n\n\n<p class=\"has-medium-font-size\"><strong>Bokar du konferens f\u00f6r ett l\u00e4kemedelsf\u00f6retag?<\/strong> H\u00e4r hittar du m\u00e5ltidspaket anpassade till LIF:s tolkning av villkor och beloppsgr\u00e4nser i EFPIA:s Code och IFPM:s regelverk.<\/p>\n\n\n\n<p class=\"has-medium-font-size\" style=\"margin-bottom:var(--wp--preset--spacing--50)\">H\u00e4r kan du ta del av kompletta m\u00e5ltidspaket som \u00e4r anpassade till LIF:s tolkning av villkor och beloppsgr\u00e4nser i EFPIA:s Code och IFPM:s regelverk. Det \u00e4r bokarens ansvar att ha k\u00e4nnedom om l\u00e4kemedelsbranschens regler och villkor i samband med bokning av m\u00f6ten och events. F\u00f6r mer information h\u00e4nvisas till&nbsp;<a href=\"https:\/\/lif.se\/\" target=\"_blank\" rel=\"noreferrer noopener\">lif.se<\/a><\/p>\n\n\n    <div\n                class=\"flex gap-spacing-10 flex-wrap mt-auto   \"\n            >\n                                    <button\n                data-flyout-toggle=\"booking-conference\"\n                aria-label=\"Konferensf\u00f6rfr\u00e5gan\"\n                class=\"wp-block-button__link has-background has-gold-500-background-color\"\n            >\n                Konferensf\u00f6rfr\u00e5gan\n            <\/button>\n                    <\/div>\n<\/div>\n<\/div>\n\n\n\n<div style=\"aspect-ratio:auto; justify-content:center; border-top-left-radius:16px;border-top-right-radius:16px; padding-top:var(--wp--preset--spacing--60);padding-bottom:var(--wp--preset--spacing--80);background-image:url(&apos;https:\/\/www.freyshotels.com\/wp-content\/uploads\/2026\/03\/bg-black.svg&apos;);background-position:50% 50%;background-size:50%;\" class=\"alignfull wp-elements-5c31a53bb58f86da4b843805a7012221 wp-block-create-block-tankbar-multiblock has-text-color has-white-color has-background has-brand-500-background-color\">\n\n\t<div class=\"multiblock-bg\">\n\n\t\n\t\n\t\n\t\t\t<div class=\"multiblock-overlay overlay absolute inset-0 has-brand-500-background-color\" style=\"opacity:0.75;\"><\/div>\n\t\n\t\t\t<div class=\"multiblock-overlay-gradient absolute inset-0 overlay-gradient gradient-bottom\" style=\" background: linear-gradient(180deg, rgba(var(--brand-500), 0) 0%, rgba(var(--brand-500), 1) 60%);\"><\/div>\n\t\n\t<\/div><!-- .multiblock-bg -->\n\n\t<div class=\"multiblock-inner\">\n\t\t\n\n<p class=\"has-text-align-center has-gold-500-color has-text-color has-link-color has-script-medium-font-size wp-elements-2c2375491e9f3d01bffb5928485a2c97\">M\u00e5ltider<\/p>\n\n\n\n<h1 class=\"wp-block-heading has-text-align-center has-h-2-font-size\">Vad ing\u00e5r i v\u00e5ra <br>kompletta m\u00e5ltidspaket?<\/h1>\n\n\n\n<div class=\"wp-block-group curtain-top has-brand-200-background-color has-background\" style=\"margin-top:var(--wp--preset--spacing--60);padding-top:var(--wp--preset--spacing--60);padding-right:var(--wp--preset--spacing--50);padding-bottom:var(--wp--preset--spacing--50);padding-left:var(--wp--preset--spacing--50)\">\n<div class=\"wp-block-columns has-2-columns menu-object\" style=\"row-gap: var(--wp--preset--spacing--20); border-bottom-color:var(--wp--preset--color--neutral-200);border-bottom-width:1px;margin-bottom:var(--wp--preset--spacing--30);padding-bottom:var(--wp--preset--spacing--30)\">\n<div class=\"wp-block-column\">\n<h2 class=\"wp-block-heading has-h-5-font-size\">M\u00e5ltidspaket vardag<\/h2>\n\n\n\n<p style=\"margin-top:4px;margin-bottom:0\">Kaffe\/te\/juice med sm\u00f6rg\u00e5s, lunch, kaffe\/te med bakverk och fruktfat.<\/p>\n<\/div>\n\n\n\n<div class=\"wp-block-column\">\n<div class=\"wp-block-columns has-2-columns has-2-columns is-not-stacked-on-mobile\" style=\"column-gap: var(--wp--preset--spacing--30);\">\n<div class=\"wp-block-column\">\n<p class=\"has-medium-font-size\"><strong>364 SEK<\/strong><\/p>\n\n\n\n<p class=\"has-small-font-size\" style=\"margin-top:0;margin-bottom:0\">Exkl. moms<\/p>\n<\/div>\n\n\n\n<div class=\"wp-block-column\">\n<p class=\"has-medium-font-size\"><strong>455 SEK<\/strong><\/p>\n\n\n\n<p class=\"has-small-font-size\" style=\"margin-top:0;margin-bottom:0\">Inkl. moms<\/p>\n<\/div>\n<\/div>\n<\/div>\n<\/div>\n\n\n\n<div class=\"wp-block-columns has-2-columns menu-object\" style=\"row-gap: var(--wp--preset--spacing--20); border-bottom-color:var(--wp--preset--color--neutral-200);border-bottom-width:1px;margin-bottom:var(--wp--preset--spacing--30);padding-bottom:var(--wp--preset--spacing--30)\">\n<div class=\"wp-block-column\">\n<h2 class=\"wp-block-heading has-h-5-font-size\">M\u00e5ltidspaket helg<\/h2>\n\n\n\n<p style=\"margin-top:4px;margin-bottom:0\">Kaffe\/te\/juice med sm\u00f6rg\u00e5s, lunch, kaffe\/te med bakverk och fruktfat.<\/p>\n<\/div>\n\n\n\n<div class=\"wp-block-column\">\n<div class=\"wp-block-columns has-2-columns has-2-columns is-not-stacked-on-mobile\" style=\"column-gap: var(--wp--preset--spacing--30);\">\n<div class=\"wp-block-column\">\n<p class=\"has-medium-font-size\"><strong>391 SEK<\/strong><\/p>\n\n\n\n<p class=\"has-small-font-size\" style=\"margin-top:0;margin-bottom:0\">Exkl. moms<\/p>\n<\/div>\n\n\n\n<div class=\"wp-block-column\">\n<p class=\"has-medium-font-size\"><strong>489 SEK<\/strong><\/p>\n\n\n\n<p class=\"has-small-font-size\" style=\"margin-top:0;margin-bottom:0\">Inkl. moms<\/p>\n<\/div>\n<\/div>\n<\/div>\n<\/div>\n\n\n\n<div class=\"wp-block-columns has-2-columns menu-object\" style=\"row-gap: var(--wp--preset--spacing--20); border-bottom-color:var(--wp--preset--color--neutral-200);border-bottom-width:1px;margin-bottom:var(--wp--preset--spacing--30);padding-bottom:var(--wp--preset--spacing--30)\">\n<div class=\"wp-block-column\">\n<h2 class=\"wp-block-heading has-h-5-font-size\">f\u00f6r- och eftermiddags kaffe<\/h2>\n\n\n\n<p style=\"margin-top:4px;margin-bottom:0\">Kaffe\/te med sm\u00f6rg\u00e5s eller kaka\/bulle samt n\u00e5got s\u00f6tt och salt d\u00e4rtill.<\/p>\n<\/div>\n\n\n\n<div class=\"wp-block-column\">\n<div class=\"wp-block-columns has-2-columns has-2-columns is-not-stacked-on-mobile\" style=\"column-gap: var(--wp--preset--spacing--30);\">\n<div class=\"wp-block-column\">\n<p class=\"has-medium-font-size\"><strong>116 SEK<\/strong><\/p>\n\n\n\n<p class=\"has-small-font-size\" style=\"margin-top:0;margin-bottom:0\">Exkl. moms<\/p>\n<\/div>\n\n\n\n<div class=\"wp-block-column\">\n<p class=\"has-medium-font-size\"><strong>145 SEK<\/strong><\/p>\n\n\n\n<p class=\"has-small-font-size\" style=\"margin-top:0;margin-bottom:0\">Inkl. moms<\/p>\n<\/div>\n<\/div>\n<\/div>\n<\/div>\n\n\n\n<div class=\"wp-block-columns has-2-columns menu-object\" style=\"row-gap: var(--wp--preset--spacing--20); border-bottom-color:var(--wp--preset--color--neutral-200);border-bottom-width:1px;margin-bottom:var(--wp--preset--spacing--30);padding-bottom:var(--wp--preset--spacing--30)\">\n<div class=\"wp-block-column\">\n<h2 class=\"wp-block-heading has-h-5-font-size\">Lunch vardag<\/h2>\n\n\n\n<p style=\"margin-top:4px;margin-bottom:0\">Inkl. sallad, br\u00f6d, sm\u00f6r och m\u00e5ltidsdryck<\/p>\n<\/div>\n\n\n\n<div class=\"wp-block-column\">\n<div class=\"wp-block-columns has-2-columns has-2-columns is-not-stacked-on-mobile\" style=\"column-gap: var(--wp--preset--spacing--30);\">\n<div class=\"wp-block-column\">\n<p class=\"has-medium-font-size\"><strong>220 SEK<\/strong><\/p>\n\n\n\n<p class=\"has-small-font-size\" style=\"margin-top:0;margin-bottom:0\">Exkl. moms<\/p>\n<\/div>\n\n\n\n<div class=\"wp-block-column\">\n<p class=\"has-medium-font-size\"><strong>275 SEK<\/strong><\/p>\n\n\n\n<p class=\"has-small-font-size\" style=\"margin-top:0;margin-bottom:0\">Inkl. moms<\/p>\n<\/div>\n<\/div>\n<\/div>\n<\/div>\n\n\n\n<div class=\"wp-block-columns has-2-columns menu-object\" style=\"row-gap: var(--wp--preset--spacing--20); border-bottom-color:var(--wp--preset--color--neutral-200);border-bottom-width:1px;margin-bottom:var(--wp--preset--spacing--30);padding-bottom:var(--wp--preset--spacing--30)\">\n<div class=\"wp-block-column\">\n<h2 class=\"wp-block-heading has-h-5-font-size\">Lunch helg<\/h2>\n\n\n\n<p style=\"margin-top:4px;margin-bottom:0\">Inkl. sallad, br\u00f6d, sm\u00f6r och m\u00e5ltidsdryck<\/p>\n<\/div>\n\n\n\n<div class=\"wp-block-column\">\n<div class=\"wp-block-columns has-2-columns has-2-columns is-not-stacked-on-mobile\" style=\"column-gap: var(--wp--preset--spacing--30);\">\n<div class=\"wp-block-column\">\n<p class=\"has-medium-font-size\"><strong>236 SEK<\/strong><\/p>\n\n\n\n<p class=\"has-small-font-size\" style=\"margin-top:0;margin-bottom:0\">Exkl. moms<\/p>\n<\/div>\n\n\n\n<div class=\"wp-block-column\">\n<p class=\"has-medium-font-size\"><strong>395 SEK<\/strong><\/p>\n\n\n\n<p class=\"has-small-font-size\" style=\"margin-top:0;margin-bottom:0\">Inkl. moms<\/p>\n<\/div>\n<\/div>\n<\/div>\n<\/div>\n\n\n\n<div class=\"wp-block-columns has-2-columns menu-object\" style=\"row-gap: var(--wp--preset--spacing--20); border-bottom-color:var(--wp--preset--color--neutral-200);border-bottom-width:1px;margin-bottom:var(--wp--preset--spacing--30);padding-bottom:var(--wp--preset--spacing--30)\">\n<div class=\"wp-block-column\">\n<h2 class=\"wp-block-heading has-h-5-font-size\">Middagspaket<\/h2>\n\n\n\n<p style=\"margin-top:4px;margin-bottom:0\">V\u00e4lj en f\u00f6rr\u00e4tt\/efterr\u00e4tt samt en varmr\u00e4tt fr\u00e5n meny<\/p>\n<\/div>\n\n\n\n<div class=\"wp-block-column\">\n<div class=\"wp-block-columns has-2-columns has-2-columns is-not-stacked-on-mobile\" style=\"column-gap: var(--wp--preset--spacing--30);\">\n<div class=\"wp-block-column\">\n<p class=\"has-medium-font-size\"><strong>738 SEK<\/strong><\/p>\n\n\n\n<p class=\"has-small-font-size\" style=\"margin-top:0;margin-bottom:0\">Exkl. moms<\/p>\n<\/div>\n\n\n\n<div class=\"wp-block-column\">\n<p class=\"has-medium-font-size\"><strong>850 SEK<\/strong><\/p>\n\n\n\n<p class=\"has-small-font-size\" style=\"margin-top:0;margin-bottom:0\">Inkl. moms<\/p>\n<\/div>\n<\/div>\n<\/div>\n<\/div>\n\n\n\n<div class=\"wp-block-group\" style=\"margin-top:var(--wp--preset--spacing--30)\">\n<ul class=\"wp-block-list check\">\n<li>I m\u00e5ltidspaket ing\u00e5r lunch med 275 kr och maxbelopp f\u00f6r lunch \u00e4r 350 kr enligt LIF.<\/li>\n\n\n\n<li>Dryck i middagspaketet \u00e4r utvalda och komponerade till menyerna. Maxbelopp f\u00f6r middagspaket \u00e4r 950 kr enligt LIF.<\/li>\n\n\n\n<li>Middagsmeny ing\u00e5r i middagspaketet<\/li>\n<\/ul>\n\n\n\n<div class=\"wp-block-buttons\">\n<div class=\"wp-block-button is-style-outline is-style-outline--1\"><a class=\"wp-block-button__link has-black-background-color has-background wp-element-button\" href=\"https:\/\/www.freyshotels.com\/freys\/wp-content\/uploads\/2026\/04\/Belgobaren-Hotellmeny.pdf\" target=\"_blank\" rel=\"noreferrer noopener\">Till middagsmenyn<\/a><\/div>\n<\/div>\n<\/div>\n<\/div>\n\n\n\n<div class=\"wp-block-group curtain-bottom has-brand-200-background-color has-background\" style=\"min-height:24px\"><\/div>\n\n\t<\/div>\n\n\t<\/div>\n\n\n\n<div class=\"wp-block-group alignfull noice has-brand-100-background-color has-background\">\n<div class=\"wp-block-columns has-2-columns alignfull are-vertically-aligned-center sticky-column\" style=\"column-gap: var(--wp--preset--spacing--80); row-gap: var(--wp--preset--spacing--30); padding-top:var(--wp--preset--spacing--80);padding-bottom:var(--wp--preset--spacing--80)\">\n<div class=\"wp-block-column is-vertically-aligned-center\">\t<div \t\tclass=\"media-container aspect-square    \"\n\t\t\t>\n\t\t<img loading=\"lazy\" decoding=\"async\" width=\"1024\" height=\"630\" src=\"https:\/\/www.freyshotels.com\/freys\/wp-content\/uploads\/2026\/04\/belgobaren_restaurang_3-1024x630.jpg\" class=\"absolute h-full w-full object-cover rounded-2xl image-center-center\" alt=\"\" sizes=\"auto, (min-width: 1024px) 1600px, 1024px\" data-sizes=\"auto\" srcset=\"https:\/\/www.freyshotels.com\/freys\/wp-content\/uploads\/2026\/04\/belgobaren_restaurang_3-1024x630.jpg 1024w, https:\/\/www.freyshotels.com\/freys\/wp-content\/uploads\/2026\/04\/belgobaren_restaurang_3-300x185.jpg 300w, https:\/\/www.freyshotels.com\/freys\/wp-content\/uploads\/2026\/04\/belgobaren_restaurang_3-768x473.jpg 768w, https:\/\/www.freyshotels.com\/freys\/wp-content\/uploads\/2026\/04\/belgobaren_restaurang_3-1536x946.jpg 1536w, https:\/\/www.freyshotels.com\/freys\/wp-content\/uploads\/2026\/04\/belgobaren_restaurang_3.jpg 1920w\" \/>\t<\/div>\n\t<\/div>\n\n\n\n<div class=\"wp-block-column is-vertically-aligned-center\">\n<p class=\"has-brand-400-color has-text-color has-link-color has-script-medium-font-size wp-elements-74a6c371b10781057b34f91c0e7cb9a7\">Restaurang<\/p>\n\n\n\n<h2 class=\"wp-block-heading has-brand-600-color has-text-color has-link-color wp-elements-10b4079a58e62d2d03c6a5eb239514d6\">I n\u00e4ra samarbete med Belgobaren<\/h2>\n\n\n\n<p class=\"has-brand-600-color has-text-color has-link-color wp-elements-1a0145bbd7153ae2b2e4e11b65e444a0\">I n\u00e4ra samarbete med restaurang Belgobaren serveras v\u00e5ra g\u00e4ster v\u00e4llagad mat och energigivande fikapauser f\u00f6r att m\u00f6tet, eventet eller konferensen ska bli s\u00e5 lyckad som m\u00f6jligt. V\u00e4lj mellan m\u00e5ltidspaket eller plocka ut de delar som passar er agenda. L\u00e5t oss veta dina behov s\u00e5 skr\u00e4ddarsyr vi ditt event efter dina \u00f6nskem\u00e5l.<\/p>\n\n\n\n<div class=\"wp-block-buttons\">\n<div class=\"wp-block-button is-style-fill\"><a class=\"wp-block-button__link has-brand-500-background-color has-background wp-element-button\" href=\"https:\/\/www.freyshotels.com\/freys\/restaurang\/\" target=\"_blank\" rel=\"noreferrer noopener\">l\u00e4s mer om belgobaren<\/a><\/div>\n<\/div>\n<\/div>\n<\/div>\n\n\n\n<div class=\"wp-block-columns has-2-columns alignfull are-vertically-aligned-center sticky-column\" style=\"column-gap: var(--wp--preset--spacing--80); row-gap: var(--wp--preset--spacing--30); padding-top:var(--wp--preset--spacing--80);padding-bottom:var(--wp--preset--spacing--80)\">\n<div class=\"wp-block-column is-vertically-aligned-center\">\t<div \t\tclass=\"media-container aspect-square    \"\n\t\t\t>\n\t\t<img loading=\"lazy\" decoding=\"async\" width=\"1024\" height=\"683\" src=\"https:\/\/www.freyshotels.com\/freys\/wp-content\/uploads\/2026\/04\/belgobaren_mingelmat_freys_meetings-1024x683.jpg\" class=\"absolute h-full w-full object-cover rounded-2xl image-center-center\" alt=\"\" sizes=\"auto, (min-width: 1024px) 1600px, 1024px\" data-sizes=\"auto\" srcset=\"https:\/\/www.freyshotels.com\/freys\/wp-content\/uploads\/2026\/04\/belgobaren_mingelmat_freys_meetings-1024x683.jpg 1024w, https:\/\/www.freyshotels.com\/freys\/wp-content\/uploads\/2026\/04\/belgobaren_mingelmat_freys_meetings-300x200.jpg 300w, https:\/\/www.freyshotels.com\/freys\/wp-content\/uploads\/2026\/04\/belgobaren_mingelmat_freys_meetings-768x512.jpg 768w, https:\/\/www.freyshotels.com\/freys\/wp-content\/uploads\/2026\/04\/belgobaren_mingelmat_freys_meetings-1536x1024.jpg 1536w, https:\/\/www.freyshotels.com\/freys\/wp-content\/uploads\/2026\/04\/belgobaren_mingelmat_freys_meetings.jpg 1920w\" \/>\t<\/div>\n\t<\/div>\n\n\n\n<div class=\"wp-block-column is-vertically-aligned-center\">\n<p class=\"has-brand-400-color has-text-color has-link-color has-script-medium-font-size wp-elements-964e157972657ef099d31da1bbccd332\">Meny<\/p>\n\n\n\n<h2 class=\"wp-block-heading has-brand-600-color has-text-color has-link-color wp-elements-e496f83a7b5bf442a3cd5bb549859fd0\">Konferensbuff\u00e9er och mingelmat<\/h2>\n\n\n\n<p class=\"has-brand-600-color has-text-color has-link-color wp-elements-cac66405ed69b57f138ab4ce3c81f820\"><strong>Ing\u00e5r ej i middagspaketet.<\/strong> Vi erbjuder varierande mat- och dryckesalternativ och har ett stort utbud av olika buff\u00e9er. Sj\u00e4lvklart har vi \u00e4ven m\u00e5nga andra r\u00e4tter och menyer. B\u00f6rja eventet med ett glas bubbel eller avsluta m\u00f6tet med v\u00e5r specialitet \u2013 belgisk \u00f6l. L\u00e5t oss veta dina behov s\u00e5 skr\u00e4ddarsyr vi ditt event efter dina \u00f6nskem\u00e5l.<\/p>\n\n\n\n<div class=\"wp-block-buttons\">\n<div class=\"wp-block-button is-style-fill\"><a class=\"wp-block-button__link has-brand-500-background-color has-background wp-element-button\">grupp- och konferensmenyn<\/a><\/div>\n\n\n\n<div class=\"wp-block-button is-style-fill\"><a class=\"wp-block-button__link has-brand-500-background-color has-background wp-element-button\" href=\"https:\/\/www.freyshotels.com\/wp-content\/uploads\/2026\/04\/Buffer-och-mingelmat-2026.pdf\" target=\"_blank\" rel=\"noreferrer noopener\">konferensbuf\u00e9er och mingelmat<\/a><\/div>\n<\/div>\n<\/div>\n<\/div>\n<\/div>\n\n\n\n<div class=\"wp-block-group alignfull noice\" style=\"padding-top:0;padding-bottom:var(--wp--preset--spacing--80)\">\n<p class=\"has-text-align-center has-brand-400-color has-text-color has-link-color has-script-medium-font-size wp-elements-5fb5d1de42a485b7a6a625311f0c8125\">Utforska<\/p>\n\n\n\n<h2 class=\"wp-block-heading has-text-align-center has-brand-600-color has-text-color has-link-color has-h-1-font-size wp-elements-698251b3d62005b4af17152809a9d7f6\">V\u00e5ra konferen\u00ads\u00adlokaler<\/h2>\n\n\n\n<div class=\"wp-block-group narrower text-center\" style=\"margin-top:var(--wp--preset--spacing--20)\">\n<p>P\u00e5 Freys&nbsp;Hotel\u2019s&nbsp;mysiga konferensavdelning finns tolv unika konferensrum \u2013 inget \u00e4r det andra likt. V\u00e5ra lokaler \u00e4r designade f\u00f6r att passa din agenda och h\u00e4r arbetar ni ost\u00f6rt, oavsett om ni \u00e4r tv\u00e5 eller upp till 63 personer.&nbsp;<\/p>\n\n\n\n<p>Hos oss finns \u00e4ven m\u00f6jlighet att boka hela konferensv\u00e5ningen om 220 kvm, f\u00f6r upp till 150 personer \u2013 perfekt f\u00f6r m\u00f6ten, events eller arrangemang i exklusiv avskildhet.&nbsp;<\/p>\n<\/div>\n\n\n    <div\n\t\t        class=\"weglot-translate has-normal-font-size    \"\n\t\tstyle=\"margin-top: var(--wp--preset--spacing--50); margin-bottom: var(--wp--preset--spacing--40);\"    >\n        <div x-data=\"loadMorePosts({\n        currentPost: '2430',\n        postType: 'conference_room',\n        initialCategories: '',\n        initialTags: '',\n        postsPerPage: 4,\n        })\"\n             class=\"mx-auto flex flex-col items-center bg-inherit\"\n        >\n\t\t\t\n            <div x-show=\"noResults\" class=\"text-gray-500\">\n\t\t\t\tInga poster hittades            <\/div>\n\n            <div x-show=\"loading\" class=\"loading w-full h-[100px] self-start\"><\/div>\n\n            <div class=\"w-full grid sm:grid-cols-2 gap-5 md:gap-8 xxl:gap-10 room_card_alt\">\n                <template x-for=\"post in posts\" :key=\"post.id\">\n\t\t\t\t\t<a\n    x-bind:href=\"post.url\"\n    x-bind:aria-label=\"post.title\"\n    x-bind:target=\"post.target\"\n    class=\"group xl:flex flex-wrap gap-x-spacing-30 h-full bg-inherit overflow-hidden no-underline p-spacing-20 rounded-xl border border-black\/10 transition-shadow duration-300 xl:hover:shadow-2xl\"\n>\n    <div class=\"relative aspect-[8\/5] mb-spacing-20 xl:mb-0 h-auto xl:aspect-[4\/3] basis-full xl:h-full xl:basis-1\/2 rounded-lg overflow-hidden\">\n        <div x-html=\"post.thumbnail\"><\/div>\n        <div class=\"absolute inset-0 pointer-events-none bg-black opacity-20 xl:group-hover:opacity-0 transition-all duration-300\"><\/div>\n        <button\n            x-data\n            @click.prevent=\"$store.flyouts.openRoom(post.id)\"\n            :class=\"{ 'loading': $store.flyouts.roomLoading &#038;&#038; $store.flyouts.roomPostId == post.id }\"\n            class=\"icon-eye hidden xl:block absolute left-1\/2 bottom-1\/2 -translate-x-1\/2 translate-y-full rounded-full bg-white shadow-button h-12 w-12 text-[24px] opacity-0 hover:scale-110 group-hover:translate-y-1\/2 group-hover:opacity-100 transition-all duration-300\"\n        ><\/button>\n        <div class=\"absolute top-spacing-10 left-spacing-10 flex flex-wrap gap-2\">\n            <div class=\"chip bg-brand-100\" x-show=\"post.tag\" x-text=\"post.tag\"><\/div>\n        <\/div>\n    <\/div>\n\n    <div class=\"flex flex-col items-start flex-1\">\n        <h3 class=\"has-medium-font-size font-medium xl:group-hover:underlined\" x-html=\"post.title\"><\/h3>\n        <template x-if=\"post.size || post.number_of_people || post.time\">\n            <div class=\"flex flex-wrap gap-2 mt-spacing-10 mb-spacing-30\">\n                <template x-if=\"post.time\">\n                    <div class=\"chip big text-brand-400 border border-brand-400\">\n                        <i class=\"icon-clock text-[18px]\"><\/i>\n                        <span x-text=\"post.time\"><\/span>\n                    <\/div>\n                <\/template>\n                <template x-if=\"post.size\">\n                    <div class=\"has-extra-small-font-size text-brand-400 border border-brand-400 rounded-md py-1.5 px-3 flex items-center gap-x-2\">\n                        <i class=\"icon-size text-[18px]\"><\/i>\n                        <span x-text=\"post.size + ' kvm'\"><\/span>\n                    <\/div>\n                <\/template>\n                <template x-if=\"post.number_of_people\">\n                    <div class=\"has-extra-small-font-size text-brand-400 border border-brand-400 rounded-md py-1.5 px-3 flex items-center gap-x-2\">\n                        <i class=\"icon-user text-[18px]\"><\/i>\n                        <span x-text=\"post.number_of_people + (post.number_of_people == 1 ? ' person' : ' personer')\"><\/span>\n                    <\/div>\n                <\/template>\n            <\/div>\n        <\/template>\n                    <div class=\"mt-auto has-small-font-size\" x-text=\"post.excerpt\"><\/div>\n            <\/div>\n<\/a>\n                <\/template>\n            <\/div>\n\n\t\t\t\n        <\/div>\n    <\/div>\n\t\n\n\n<div class=\"wp-block-buttons\" style=\"justify-content: center;\">\n<div class=\"wp-block-button is-style-outline is-style-outline--2\"><a class=\"wp-block-button__link has-black-background-color has-background wp-element-button\" href=\"\/freys\/konferens-stockholm\/konferenslokaler\/\">Alla konferenslokaler<\/a><\/div>\n<\/div>\n<\/div>\n\n\n\n<div class=\"wp-block-columns has-2-columns alignfull are-vertically-aligned-center noice\" style=\"column-gap: var(--wp--preset--spacing--80); row-gap: var(--wp--preset--spacing--30); padding-top:var(--wp--preset--spacing--60);padding-bottom:var(--wp--preset--spacing--80)\">\n<div class=\"wp-block-column is-vertically-aligned-center stick\">\t<div \t\tclass=\"media-container aspect-square    \"\n\t\t\t>\n\t\t<img loading=\"lazy\" decoding=\"async\" width=\"1024\" height=\"683\" src=\"https:\/\/www.freyshotels.com\/freys\/wp-content\/uploads\/2026\/04\/konferensteam_freys_hotels-1024x683.jpg\" class=\"absolute h-full w-full object-cover rounded-2xl image-center-center\" alt=\"\" sizes=\"auto, (min-width: 1024px) 1600px, 1024px\" data-sizes=\"auto\" srcset=\"https:\/\/www.freyshotels.com\/freys\/wp-content\/uploads\/2026\/04\/konferensteam_freys_hotels-1024x683.jpg 1024w, https:\/\/www.freyshotels.com\/freys\/wp-content\/uploads\/2026\/04\/konferensteam_freys_hotels-300x200.jpg 300w, https:\/\/www.freyshotels.com\/freys\/wp-content\/uploads\/2026\/04\/konferensteam_freys_hotels-768x512.jpg 768w, https:\/\/www.freyshotels.com\/freys\/wp-content\/uploads\/2026\/04\/konferensteam_freys_hotels-1536x1024.jpg 1536w, https:\/\/www.freyshotels.com\/freys\/wp-content\/uploads\/2026\/04\/konferensteam_freys_hotels.jpg 1920w\" \/>\t<\/div>\n\t<\/div>\n\n\n\n<div class=\"wp-block-column is-vertically-aligned-center\">\n<p class=\"has-brand-400-color has-text-color has-link-color has-script-medium-font-size wp-elements-1119f553ef76ce716ba3c094a3fad9da\">Stockholm city<\/p>\n\n\n\n<h2 class=\"wp-block-heading has-brand-600-color has-text-color has-link-color wp-elements-3e05560d23969b8e43928eb5615ef10b\">konferens p\u00e5 freys<\/h2>\n\n\n\n<p class=\"has-brand-600-color has-text-color has-link-color wp-elements-a46bab2b777cc7f55a0526e586b45757\"><strong>Freys&nbsp;Hotel&nbsp;erbjuder flexibla konferenslokaler i olika storlekar, perfekt f\u00f6r allt fr\u00e5n mindre m\u00f6ten till st\u00f6rre konferenser och event. <\/strong>Med v\u00e5rt centrala l\u00e4ge n\u00e4ra Centralstationen och Arlanda Express blir det enkelt att samla teamet oavsett var deltagarna kommer ifr\u00e5n.&nbsp;<\/p>\n\n\n\n<p class=\"has-brand-600-color has-text-color has-link-color wp-elements-44d53efb5fab5ffeb598c4369ea29bb0\">H\u00e4r m\u00f6ts personlig service, moderna m\u00f6tesrum och ett av Stockholms mest tillg\u00e4ngliga l\u00e4gen \u2013 en kombination som skapar effektiva och inspirerande m\u00f6ten.&nbsp;<\/p>\n\n\n\n<div class=\"wp-block-buttons\">\n<div class=\"wp-block-button\"><a class=\"wp-block-button__link has-brand-500-background-color has-background wp-element-button\" href=\"https:\/\/www.freyshotels.com\/freys\/konferens-stockholm\/\" target=\"_blank\" rel=\"noreferrer noopener\">l\u00e4s mer om konferens<\/a><\/div>\n<\/div>\n<\/div>\n<\/div>\n","protected":false},"excerpt":{"rendered":"<p>Under er konferens \u00e4r det Belgobaren som st\u00e5r f\u00f6r den gener\u00f6sa frukostbuff\u00e9n, v\u00e4llagade maten och de energigivande fikapauserna. L\u00e5t oss veta dina behov s\u00e5 skr\u00e4ddarsyr vi ert event efter era \u00f6nskem\u00e5l \u2013 fr\u00e5n frukostm\u00f6ten till avslutande middag. <\/p>\n","protected":false},"author":1,"featured_media":1126,"parent":253,"menu_order":50,"comment_status":"closed","ping_status":"closed","template":"","meta":{"_acf_changed":false,"footnotes":""},"page_category":[],"page_tag":[],"class_list":["post-2430","page","type-page","status-publish","has-post-thumbnail","hentry"],"acf":[],"publishpress_future_action":{"enabled":false,"date":"2026-05-06 13:36:14","action":"change-status","newStatus":"draft","terms":[],"taxonomy":"page_category","extraData":[]},"publishpress_future_workflow_manual_trigger":{"enabledWorkflows":[]},"_links":{"self":[{"href":"https:\/\/www.freyshotels.com\/freys\/wp-json\/wp\/v2\/pages\/2430","targetHints":{"allow":["GET"]}}],"collection":[{"href":"https:\/\/www.freyshotels.com\/freys\/wp-json\/wp\/v2\/pages"}],"about":[{"href":"https:\/\/www.freyshotels.com\/freys\/wp-json\/wp\/v2\/types\/page"}],"author":[{"embeddable":true,"href":"https:\/\/www.freyshotels.com\/freys\/wp-json\/wp\/v2\/users\/1"}],"replies":[{"embeddable":true,"href":"https:\/\/www.freyshotels.com\/freys\/wp-json\/wp\/v2\/comments?post=2430"}],"version-history":[{"count":24,"href":"https:\/\/www.freyshotels.com\/freys\/wp-json\/wp\/v2\/pages\/2430\/revisions"}],"predecessor-version":[{"id":2965,"href":"https:\/\/www.freyshotels.com\/freys\/wp-json\/wp\/v2\/pages\/2430\/revisions\/2965"}],"up":[{"embeddable":true,"href":"https:\/\/www.freyshotels.com\/freys\/wp-json\/wp\/v2\/pages\/253"}],"wp:featuredmedia":[{"embeddable":true,"href":"https:\/\/www.freyshotels.com\/freys\/wp-json\/"}],"wp:attachment":[{"href":"https:\/\/www.freyshotels.com\/freys\/wp-json\/wp\/v2\/media?parent=2430"}],"wp:term":[{"taxonomy":"page_category","embeddable":true,"href":"https:\/\/www.freyshotels.com\/freys\/wp-json\/wp\/v2\/page_category?post=2430"},{"taxonomy":"page_tag","embeddable":true,"href":"https:\/\/www.freyshotels.com\/freys\/wp-json\/wp\/v2\/page_tag?post=2430"}],"curies":[{"name":"wp","href":"https:\/\/api.w.org\/{rel}","templated":true}]}}