{"id":253,"date":"2026-02-27T15:09:46","date_gmt":"2026-02-27T15:09:46","guid":{"rendered":"https:\/\/www.freyshotels.com\/freys-hotel\/?page_id=253"},"modified":"2026-04-29T08:05:02","modified_gmt":"2026-04-29T08:05:02","slug":"konferens-stockholm","status":"publish","type":"page","link":"https:\/\/www.freyshotels.com\/freys\/konferens-stockholm\/","title":{"rendered":"Konferens"},"content":{"rendered":"\n<div class=\"wp-block-columns has-2-columns alignfull paralax reverse wrap-lg min-h-screen\" style=\" padding-top:0;padding-right:0;padding-bottom:0;padding-left:0\">\n<div class=\"wp-block-column\" style=\"flex-basis:50%\">\n<div style=\"aspect-ratio:auto; justify-content:flex-end; padding-top:var(--wp--preset--spacing--40);padding-bottom:var(--wp--preset--spacing--40);padding-left:var(--wp--preset--spacing--40);padding-right:var(--wp--preset--spacing--40); min-height:100%;\" class=\"align wp-block-create-block-tankbar-multiblock has-text-color has-background\">\n\n\t<div class=\"multiblock-bg\">\n\n\t\t\t\t<div class=\"absolute inset-0 image-center-center\">\n\t\t\t\t<img decoding=\"async\" class=\"h-full w-full object-cover\" src=\"https:\/\/www.freyshotels.com\/freys\/wp-content\/uploads\/2026\/04\/freys_hotel_konferens_entre_2.jpg\" alt=\"Konferens\" \/>\n\t\t\t<\/div>\n\t\t\t\n\t\n\t\n\t\n\t\n\t<\/div><!-- .multiblock-bg -->\n\n\t<div class=\"multiblock-inner\">\n\t\t\n\n<div class=\"wp-block-group\" style=\"min-height:30vh\"><\/div>\n\n\t<\/div>\n\n\t<\/div>\n<\/div>\n\n\n\n<div class=\"wp-block-column split noice has-brand-200-background-color has-background\" style=\"padding-top:var(--wp--preset--spacing--60);padding-right:var(--wp--preset--spacing--60);padding-bottom:var(--wp--preset--spacing--60);padding-left:var(--wp--preset--spacing--60)\">\n<h1 class=\"wp-block-heading has-brand-500-color has-text-color has-link-color wp-elements-0b752288858488e547249c3227e242e7\">Konferens <br>Stockholm city<\/h1>\n\n\n\n<p class=\"has-medium-font-size\" style=\"margin-bottom:var(--wp--preset--spacing--50)\"><strong>P\u00e5 Freys&nbsp;Hotel&nbsp;finns tolv flexibla och unika konferensrum mitt i Stockholm city.<\/strong>&nbsp;Med v\u00e5rt centrala l\u00e4ge mitt emot Arlanda Express och n\u00e4ra Stockholm Central \u00e4r det enkelt att ta sig hit oavsett hur du v\u00e4ljer att resa. H\u00e4r kan du boka dagkonferens, konferens med \u00f6vernattning eller konferensrum per timme \u2013 med goda f\u00f6ruts\u00e4ttningar f\u00f6r ett lyckat m\u00f6te, workshop eller event i Stockholm.<\/p>\n\n\n\n<div class=\"wp-block-buttons mt-auto\">\n<div class=\"wp-block-button is-style-fill\"><a class=\"wp-block-button__link has-brand-500-background-color has-background wp-element-button\" href=\"\/freys\/konferens-stockholm\/konferenspaket\/\">Konferenspaket<\/a><\/div>\n\n\n\n<div class=\"wp-block-button\"><a class=\"wp-block-button__link has-brand-500-background-color has-background wp-element-button\" href=\"#konferenslokaler\">Konferenslokaler<\/a><\/div>\n<\/div>\n<\/div>\n<\/div>\n\n\n\n<div style=\"aspect-ratio:auto; justify-content:center; border-top-left-radius:16px;border-top-right-radius:16px; padding-top:var(--wp--preset--spacing--80);padding-bottom:var(--wp--preset--spacing--80);background-image:url(&apos;https:\/\/www.freyshotels.com\/wp-content\/uploads\/2026\/03\/bg-black.svg&apos;);background-position:50% 50%;background-size:1000px;\" class=\"alignfull sm-center wp-elements-29fef6ac6756d69944539d6d7bf29d89 wp-block-create-block-tankbar-multiblock has-text-color has-white-color has-background has-brand-500-background-color\">\n\n\t<div class=\"multiblock-bg\">\n\n\t\n\t\n\t\n\t\t\t<div class=\"multiblock-overlay overlay absolute inset-0 has-brand-500-background-color\" style=\"opacity:0.75;\"><\/div>\n\t\n\t\n\t<\/div><!-- .multiblock-bg -->\n\n\t<div class=\"multiblock-inner\">\n\t\t\n\n<div class=\"wp-block-columns has-2-columns\" style=\"column-gap: var(--wp--preset--spacing--60); row-gap: var(--wp--preset--spacing--40);\">\n<div class=\"wp-block-column\">\n<p class=\"has-gold-500-color has-text-color has-link-color has-script-medium-font-size wp-elements-bbb6cab701a92d54bff3e72927b0cf91\">Konferens Stockholm City<\/p>\n<\/div>\n\n\n\n<div class=\"wp-block-column\">\n<h2 class=\"wp-block-heading has-h-4-font-size\">P\u00e5 Freys Hotel finns en mysig konferensavdelning. H\u00e4r erbjuder vi 12 unika konferensrum d\u00e4r inget rum \u00e4r det andra likt.<\/h2>\n<\/div>\n<\/div>\n\n\t<\/div>\n\n\t<\/div>\n\n\n\n<div class=\"wp-block-group alignfull noice\" style=\"padding-top:var(--wp--preset--spacing--60);padding-bottom:var(--wp--preset--spacing--80)\">\n<div class=\"wp-block-columns has-2-columns are-vertically-aligned-bottom is-not-stacked-on-mobile wrap-none\" style=\"column-gap: var(--wp--preset--spacing--40); row-gap: var(--wp--preset--spacing--20);\">\n<div class=\"wp-block-column is-vertically-aligned-bottom\">\n<h2 class=\"wp-block-heading has-h-3-font-size\">aktuella Konferens\u00ad\u00adpaket<\/h2>\n\n\n\n<p>H\u00e4r finner du aktuella konferenspaket f\u00f6r ert n\u00e4sta m\u00f6te mitt i Stockholm city. Kontakta oss s\u00e5 tar vi fram ett individuellt f\u00f6rslag utifr\u00e5n dina \u00f6nskem\u00e5l och syfte med m\u00f6tet \u2013 oavsett om det g\u00e4ller dagkonferens, kickoff eller konferens med \u00f6vernattning.&nbsp;<\/p>\n<\/div>\n\n\n\n<div class=\"wp-block-column is-vertically-aligned-bottom\">\n<div class=\"wp-block-buttons\" style=\"justify-content: flex-end;\">\n<div class=\"wp-block-button is-style-outline is-style-outline--1\"><a class=\"wp-block-button__link has-black-background-color has-background wp-element-button\" href=\"https:\/\/www.freyshotels.com\/freys\/konferens-stockholm\/konferenspaket\/\" target=\"_blank\" rel=\"noreferrer noopener\">Visa alla<\/a><\/div>\n<\/div>\n<\/div>\n<\/div>\n\n\n    <div\n                class=\"   \"\n        style=\"margin-top: var(--wp--preset--spacing--40); margin-bottom: 0;\"    >\n        <div class=\"grid-swiper relative -mx-4 md:mx-0 \" data-slides-per-view=\"3\" data-image-nav><div class=\"swiper\"><div class=\"w-full swiper-wrapper\">    <a href=\"https:\/\/www.freyshotels.com\/freys\/konferens-stockholm\/konferenspaket\/dagkonferens\/\"\n       aria-label=\"Dagkonferens Stockholm\"\n       class=\"relative group overflow-hidden no-underline !flex flex-col swiper-slide !h-auto \"\n    >\n        <div class=\"relative aspect-[8\/5] overflow-hidden rounded-xl\">\n            <img loading=\"lazy\" decoding=\"async\" width=\"768\" height=\"441\" src=\"https:\/\/www.freyshotels.com\/freys\/wp-content\/uploads\/2026\/04\/freys_hotel_konferenslokal_mod-768x441.jpg\" class=\"absolute w-full h-full object-cover object-center\" alt=\"\" srcset=\"https:\/\/www.freyshotels.com\/freys\/wp-content\/uploads\/2026\/04\/freys_hotel_konferenslokal_mod-768x441.jpg 768w, https:\/\/www.freyshotels.com\/freys\/wp-content\/uploads\/2026\/04\/freys_hotel_konferenslokal_mod-300x172.jpg 300w, https:\/\/www.freyshotels.com\/freys\/wp-content\/uploads\/2026\/04\/freys_hotel_konferenslokal_mod-1024x588.jpg 1024w, https:\/\/www.freyshotels.com\/freys\/wp-content\/uploads\/2026\/04\/freys_hotel_konferenslokal_mod-1536x882.jpg 1536w, https:\/\/www.freyshotels.com\/freys\/wp-content\/uploads\/2026\/04\/freys_hotel_konferenslokal_mod.jpg 1920w\" sizes=\"auto, (max-width: 768px) 100vw, 768px\" \/>            <div class=\"absolute top-spacing-10 left-spacing-10 flex flex-wrap gap-2\">\n                                    <div class=\"chip bg-brand-100\">\n                        Popul\u00e4r                    <\/div>\n                            <\/div>\n        <\/div>\n        <div class=\"has-small-font-size flex-1 pt-spacing-10\" >\n                        <h3 class=\"has-medium-font-size font-medium xl:group-hover:underlined\">Dagkonferens Stockholm<\/h3>\n                            <div class=\"mt-0.5\">Konferenspaketet dagkonferens passar perfekt f\u00f6r er som vill ha ett snabbt och effektivt m\u00f6te \u2013 mitt i Stockholm city.<\/div>\n                                        <div class=\"mt-spacing-10\"><\/div>\n                    <\/div>\n    <\/a>\n        <a href=\"https:\/\/www.freyshotels.com\/freys\/konferens-stockholm\/konferenspaket\/konferens-med-overnattning\/\"\n       aria-label=\"Konferens med \u00f6vernattning\"\n       class=\"relative group overflow-hidden no-underline !flex flex-col swiper-slide !h-auto \"\n    >\n        <div class=\"relative aspect-[8\/5] overflow-hidden rounded-xl\">\n            <img loading=\"lazy\" decoding=\"async\" width=\"768\" height=\"461\" src=\"https:\/\/www.freyshotels.com\/freys\/wp-content\/uploads\/2026\/04\/freys_hotel_konferenslokal_klarhetovishet_3-768x461.jpg\" class=\"absolute w-full h-full object-cover object-center\" alt=\"\" srcset=\"https:\/\/www.freyshotels.com\/freys\/wp-content\/uploads\/2026\/04\/freys_hotel_konferenslokal_klarhetovishet_3-768x461.jpg 768w, https:\/\/www.freyshotels.com\/freys\/wp-content\/uploads\/2026\/04\/freys_hotel_konferenslokal_klarhetovishet_3-300x180.jpg 300w, https:\/\/www.freyshotels.com\/freys\/wp-content\/uploads\/2026\/04\/freys_hotel_konferenslokal_klarhetovishet_3-1024x615.jpg 1024w, https:\/\/www.freyshotels.com\/freys\/wp-content\/uploads\/2026\/04\/freys_hotel_konferenslokal_klarhetovishet_3-1536x922.jpg 1536w, https:\/\/www.freyshotels.com\/freys\/wp-content\/uploads\/2026\/04\/freys_hotel_konferenslokal_klarhetovishet_3.jpg 1920w\" sizes=\"auto, (max-width: 768px) 100vw, 768px\" \/>            <div class=\"absolute top-spacing-10 left-spacing-10 flex flex-wrap gap-2\">\n                                    <div class=\"chip bg-brand-100\">\n                        10% rabatt                    <\/div>\n                            <\/div>\n        <\/div>\n        <div class=\"has-small-font-size flex-1 pt-spacing-10\" >\n                        <h3 class=\"has-medium-font-size font-medium xl:group-hover:underlined\">Konferens med \u00f6vernattning<\/h3>\n                            <div class=\"mt-0.5\">Boka konferens med helpension och f\u00e5 10 procent rabatt p\u00e5 hotellrummen som bokas i samband med m\u00f6tet.<\/div>\n                                        <div class=\"mt-spacing-10\"><\/div>\n                    <\/div>\n    <\/a>\n        <a href=\"https:\/\/www.freyshotels.com\/freys\/konferens-stockholm\/konferenspaket\/digitala-moten\/\"\n       aria-label=\"Digitala m\u00f6ten och events\"\n       class=\"relative group overflow-hidden no-underline !flex flex-col swiper-slide !h-auto \"\n    >\n        <div class=\"relative aspect-[8\/5] overflow-hidden rounded-xl\">\n            <img loading=\"lazy\" decoding=\"async\" width=\"768\" height=\"479\" src=\"https:\/\/www.freyshotels.com\/freys\/wp-content\/uploads\/2026\/03\/freys_hotel_livestudio_hybridmote1-768x479.jpg\" class=\"absolute w-full h-full object-cover object-center\" alt=\"\" srcset=\"https:\/\/www.freyshotels.com\/freys\/wp-content\/uploads\/2026\/03\/freys_hotel_livestudio_hybridmote1-768x479.jpg 768w, https:\/\/www.freyshotels.com\/freys\/wp-content\/uploads\/2026\/03\/freys_hotel_livestudio_hybridmote1-300x187.jpg 300w, https:\/\/www.freyshotels.com\/freys\/wp-content\/uploads\/2026\/03\/freys_hotel_livestudio_hybridmote1-1024x638.jpg 1024w, https:\/\/www.freyshotels.com\/freys\/wp-content\/uploads\/2026\/03\/freys_hotel_livestudio_hybridmote1-1536x958.jpg 1536w, https:\/\/www.freyshotels.com\/freys\/wp-content\/uploads\/2026\/03\/freys_hotel_livestudio_hybridmote1.jpg 1920w\" sizes=\"auto, (max-width: 768px) 100vw, 768px\" \/>            <div class=\"absolute top-spacing-10 left-spacing-10 flex flex-wrap gap-2\">\n                                    <div class=\"chip bg-brand-100\">\n                        Hybridm\u00f6te                    <\/div>\n                            <\/div>\n        <\/div>\n        <div class=\"has-small-font-size flex-1 pt-spacing-10\" >\n                        <h3 class=\"has-medium-font-size font-medium xl:group-hover:underlined\">Digitala m\u00f6ten och events<\/h3>\n                            <div class=\"mt-0.5\">Digitala m\u00f6ten och videokonferens \u00e4r idag en naturlig del av arbetslivet och skapar nya m\u00f6jligheter att m\u00f6tas.<\/div>\n                                        <div class=\"mt-spacing-10\"><\/div>\n                    <\/div>\n    <\/a>\n        <a href=\"https:\/\/www.freyshotels.com\/freys\/konferens-stockholm\/konferenspaket\/office-by-the-hour\/\"\n       aria-label=\"Office by the hour\"\n       class=\"relative group overflow-hidden no-underline !flex flex-col swiper-slide !h-auto \"\n    >\n        <div class=\"relative aspect-[8\/5] overflow-hidden rounded-xl\">\n            <img loading=\"lazy\" decoding=\"async\" width=\"768\" height=\"496\" src=\"https:\/\/www.freyshotels.com\/freys\/wp-content\/uploads\/2026\/04\/freys_hotel_konferenslokal_inspiration_3-768x496.jpg\" class=\"absolute w-full h-full object-cover object-center\" alt=\"\" srcset=\"https:\/\/www.freyshotels.com\/freys\/wp-content\/uploads\/2026\/04\/freys_hotel_konferenslokal_inspiration_3-768x496.jpg 768w, https:\/\/www.freyshotels.com\/freys\/wp-content\/uploads\/2026\/04\/freys_hotel_konferenslokal_inspiration_3-300x194.jpg 300w, https:\/\/www.freyshotels.com\/freys\/wp-content\/uploads\/2026\/04\/freys_hotel_konferenslokal_inspiration_3-1024x661.jpg 1024w, https:\/\/www.freyshotels.com\/freys\/wp-content\/uploads\/2026\/04\/freys_hotel_konferenslokal_inspiration_3-1536x992.jpg 1536w, https:\/\/www.freyshotels.com\/freys\/wp-content\/uploads\/2026\/04\/freys_hotel_konferenslokal_inspiration_3.jpg 1920w\" sizes=\"auto, (max-width: 768px) 100vw, 768px\" \/>            <div class=\"absolute top-spacing-10 left-spacing-10 flex flex-wrap gap-2\">\n                                    <div class=\"chip bg-brand-100\">\n                        Klippkort                    <\/div>\n                            <\/div>\n        <\/div>\n        <div class=\"has-small-font-size flex-1 pt-spacing-10\" >\n                        <h3 class=\"has-medium-font-size font-medium xl:group-hover:underlined\">Office by the hour<\/h3>\n                            <div class=\"mt-0.5\">Beh\u00f6ver du ett kontor eller m\u00f6tesrum per timme i Stockholm city? Med v\u00e5rt koncept Office by the hour p\u00e5 Freys Hotel f\u00e5r du en flexibel l\u00f6sning utan fasta kostnader \u2013 perfekt f\u00f6r kortare m\u00f6ten, fokuserat arbete eller digitala samtal.<\/div>\n                                        <div class=\"mt-spacing-10\"><\/div>\n                    <\/div>\n    <\/a>\n        <a href=\"https:\/\/www.freyshotels.com\/freys\/konferens-stockholm\/konferenspaket\/frukostmote\/\"\n       aria-label=\"Frukostm\u00f6te p\u00e5 Freys\"\n       class=\"relative group overflow-hidden no-underline !flex flex-col swiper-slide !h-auto \"\n    >\n        <div class=\"relative aspect-[8\/5] overflow-hidden rounded-xl\">\n            <img loading=\"lazy\" decoding=\"async\" width=\"768\" height=\"417\" src=\"https:\/\/www.freyshotels.com\/freys\/wp-content\/uploads\/2026\/04\/freys_hotel_konferenslounge-768x417.jpg\" class=\"absolute w-full h-full object-cover object-center\" alt=\"\" srcset=\"https:\/\/www.freyshotels.com\/freys\/wp-content\/uploads\/2026\/04\/freys_hotel_konferenslounge-768x417.jpg 768w, https:\/\/www.freyshotels.com\/freys\/wp-content\/uploads\/2026\/04\/freys_hotel_konferenslounge-300x163.jpg 300w, https:\/\/www.freyshotels.com\/freys\/wp-content\/uploads\/2026\/04\/freys_hotel_konferenslounge-1024x556.jpg 1024w, https:\/\/www.freyshotels.com\/freys\/wp-content\/uploads\/2026\/04\/freys_hotel_konferenslounge-1536x834.jpg 1536w, https:\/\/www.freyshotels.com\/freys\/wp-content\/uploads\/2026\/04\/freys_hotel_konferenslounge.jpg 1920w\" sizes=\"auto, (max-width: 768px) 100vw, 768px\" \/>            <div class=\"absolute top-spacing-10 left-spacing-10 flex flex-wrap gap-2\">\n                                    <div class=\"chip bg-brand-100\">\n                        Bra start                    <\/div>\n                            <\/div>\n        <\/div>\n        <div class=\"has-small-font-size flex-1 pt-spacing-10\" >\n                        <h3 class=\"has-medium-font-size font-medium xl:group-hover:underlined\">Frukostm\u00f6te p\u00e5 Freys<\/h3>\n                            <div class=\"mt-0.5\">Planerar du ett frukostm\u00f6te i Stockholm city? P\u00e5 Freys Hotel m\u00f6ts ni i en personlig och inspirerande milj\u00f6 mitt i stadens hj\u00e4rta. Bjud in kollegor eller kunder till ett m\u00f6te som ger en bra start p\u00e5 arbetsdagen.<\/div>\n                                        <div class=\"mt-spacing-10\"><\/div>\n                    <\/div>\n    <\/a>\n    <\/div><\/div><div aria-disabled=\"true\" class=\"swiper-button-prev icon-arrow !hidden md:!flex\"><\/div><div class=\"swiper-button-next icon-arrow !hidden md:!flex\"><\/div><div class=\"swiper-pagination\"><\/div><\/div>    <\/div>\n    \n\n\n<p class=\"has-text-align-center has-brand-400-color has-text-color has-link-color has-script-medium-font-size wp-elements-6fdf64020f85a6d985c1fe15ce7e581e\" id=\"konferenslokaler\" style=\"padding-top:var(--wp--preset--spacing--70)\">Utforska<\/p>\n\n\n\n<h2 class=\"wp-block-heading has-text-align-center has-brand-600-color has-text-color has-link-color has-h-1-font-size wp-elements-698251b3d62005b4af17152809a9d7f6\">V\u00e5ra konferen\u00ads\u00adlokaler<\/h2>\n\n\n\n<div class=\"wp-block-group narrower text-center\" style=\"margin-top:var(--wp--preset--spacing--20)\">\n<p>P\u00e5 Freys&nbsp;Hotel\u2019s&nbsp;mysiga konferensavdelning finns tolv unika konferensrum \u2013 inget \u00e4r det andra likt. V\u00e5ra lokaler \u00e4r designade f\u00f6r att passa din agenda och h\u00e4r arbetar ni ost\u00f6rt, oavsett om ni \u00e4r tv\u00e5 eller upp till 63 personer.&nbsp;<\/p>\n\n\n\n<p>Hos oss finns \u00e4ven m\u00f6jlighet att boka hela konferensv\u00e5ningen om 220 kvm, f\u00f6r upp till 150 personer \u2013 perfekt f\u00f6r m\u00f6ten, events eller arrangemang i exklusiv avskildhet.&nbsp;<\/p>\n<\/div>\n\n\n    <div\n\t\t        class=\"weglot-translate has-normal-font-size    \"\n\t\tstyle=\"margin-top: var(--wp--preset--spacing--50); margin-bottom: var(--wp--preset--spacing--40);\"    >\n        <div x-data=\"loadMorePosts({\n        currentPost: '253',\n        postType: 'conference_room',\n        initialCategories: '',\n        initialTags: '',\n        postsPerPage: 4,\n        })\"\n             class=\"mx-auto flex flex-col items-center bg-inherit\"\n        >\n\t\t\t\n            <div x-show=\"noResults\" class=\"text-gray-500\">\n\t\t\t\tInga poster hittades            <\/div>\n\n            <div x-show=\"loading\" class=\"loading w-full h-[100px] self-start\"><\/div>\n\n            <div class=\"w-full grid sm:grid-cols-2 gap-5 md:gap-8 xxl:gap-10 room_card_alt\">\n                <template x-for=\"post in posts\" :key=\"post.id\">\n\t\t\t\t\t<a\n    x-bind:href=\"post.url\"\n    x-bind:aria-label=\"post.title\"\n    x-bind:target=\"post.target\"\n    class=\"group xl:flex flex-wrap gap-x-spacing-30 h-full bg-inherit overflow-hidden no-underline p-spacing-20 rounded-xl border border-black\/10 transition-shadow duration-300 xl:hover:shadow-2xl\"\n>\n    <div class=\"relative aspect-[8\/5] mb-spacing-20 xl:mb-0 h-auto xl:aspect-[4\/3] basis-full xl:h-full xl:basis-1\/2 rounded-lg overflow-hidden\">\n        <div x-html=\"post.thumbnail\"><\/div>\n        <div class=\"absolute inset-0 pointer-events-none bg-black opacity-20 xl:group-hover:opacity-0 transition-all duration-300\"><\/div>\n        <button\n            x-data\n            @click.prevent=\"$store.flyouts.openRoom(post.id)\"\n            :class=\"{ 'loading': $store.flyouts.roomLoading &#038;&#038; $store.flyouts.roomPostId == post.id }\"\n            class=\"icon-eye hidden xl:block absolute left-1\/2 bottom-1\/2 -translate-x-1\/2 translate-y-full rounded-full bg-white shadow-button h-12 w-12 text-[24px] opacity-0 hover:scale-110 group-hover:translate-y-1\/2 group-hover:opacity-100 transition-all duration-300\"\n        ><\/button>\n        <div class=\"absolute top-spacing-10 left-spacing-10 flex flex-wrap gap-2\">\n            <div class=\"chip bg-brand-100\" x-show=\"post.tag\" x-text=\"post.tag\"><\/div>\n        <\/div>\n    <\/div>\n\n    <div class=\"flex flex-col items-start flex-1\">\n        <h3 class=\"has-medium-font-size font-medium xl:group-hover:underlined\" x-html=\"post.title\"><\/h3>\n        <template x-if=\"post.size || post.number_of_people || post.time\">\n            <div class=\"flex flex-wrap gap-2 mt-spacing-10 mb-spacing-30\">\n                <template x-if=\"post.time\">\n                    <div class=\"chip big text-brand-400 border border-brand-400\">\n                        <i class=\"icon-clock text-[18px]\"><\/i>\n                        <span x-text=\"post.time\"><\/span>\n                    <\/div>\n                <\/template>\n                <template x-if=\"post.size\">\n                    <div class=\"has-extra-small-font-size text-brand-400 border border-brand-400 rounded-md py-1.5 px-3 flex items-center gap-x-2\">\n                        <i class=\"icon-size text-[18px]\"><\/i>\n                        <span x-text=\"post.size + ' kvm'\"><\/span>\n                    <\/div>\n                <\/template>\n                <template x-if=\"post.number_of_people\">\n                    <div class=\"has-extra-small-font-size text-brand-400 border border-brand-400 rounded-md py-1.5 px-3 flex items-center gap-x-2\">\n                        <i class=\"icon-user text-[18px]\"><\/i>\n                        <span x-text=\"post.number_of_people + (post.number_of_people == 1 ? ' person' : ' personer')\"><\/span>\n                    <\/div>\n                <\/template>\n            <\/div>\n        <\/template>\n                    <div class=\"mt-auto has-small-font-size\" x-text=\"post.excerpt\"><\/div>\n            <\/div>\n<\/a>\n                <\/template>\n            <\/div>\n\n\t\t\t\n        <\/div>\n    <\/div>\n\t\n\n\n<div class=\"wp-block-buttons\" style=\"justify-content: center; margin-bottom:var(--wp--preset--spacing--50)\">\n<div class=\"wp-block-button is-style-outline is-style-outline--2\"><a class=\"wp-block-button__link has-black-background-color has-background wp-element-button\" href=\"\/freys\/konferens-stockholm\/konferenslokaler\/\">Alla konferenslokaler<\/a><\/div>\n<\/div>\n\n\n\n<div style=\"aspect-ratio:auto; justify-content:center; border-top-left-radius:8px;border-top-right-radius:8px;border-bottom-left-radius:8px;border-bottom-right-radius:8px; padding-top:var(--wp--preset--spacing--40);padding-bottom:var(--wp--preset--spacing--40);padding-left:var(--wp--preset--spacing--40);padding-right:var(--wp--preset--spacing--40);margin-bottom:0;background-image:url(&apos;https:\/\/www.freyshotels.com\/freys\/wp-content\/uploads\/2026\/03\/bg-black.svg&apos;);background-position:50% 50%;background-size:650px;background-attachment:scroll;\" class=\"align booking-banner wp-block-create-block-tankbar-multiblock has-text-color has-background has-brand-500-background-color\">\n\n\t<div class=\"multiblock-bg\">\n\n\t\n\t\n\t\n\t\t\t<div class=\"multiblock-overlay overlay absolute inset-0 has-brand-500-background-color\" style=\"opacity:0.75;\"><\/div>\n\t\n\t\n\t<\/div><!-- .multiblock-bg -->\n\n\t<div class=\"multiblock-inner\">\n\t\t\n\n<div class=\"wp-block-columns has-2-columns is-not-stacked-on-mobile booking-banner\" style=\"column-gap: var(--wp--preset--spacing--20);\">\n<div class=\"wp-block-column is-vertically-aligned-top overflow-hidden has-border-color has-brand-400-border-color\" style=\"border-width:2px;border-top-left-radius:50px;border-top-right-radius:50px;border-bottom-left-radius:50px;border-bottom-right-radius:50px;flex-basis:100px\">\n<figure class=\"wp-block-image size-thumbnail\"><img decoding=\"async\" src=\"https:\/\/www.freyshotels.com\/freys\/wp-content\/uploads\/2026\/04\/konferensteam_freys_hotels-150x150.jpg\" alt=\"\" class=\"wp-image-1714\"\/><\/figure>\n<\/div>\n\n\n\n<div class=\"wp-block-column is-vertically-aligned-center\">\n<div class=\"wp-block-columns has-2-columns has-2-columns are-vertically-aligned-center\" style=\"row-gap: var(--wp--preset--spacing--30);\">\n<div class=\"wp-block-column is-vertically-aligned-center\">\n<h2 class=\"wp-block-heading has-h-3-font-size\">Beh\u00f6ver du hj\u00e4lp med din bokning?<\/h2>\n\n\n\n<p style=\"margin-top:8px\">V\u00e4lkommen att kontakta oss vid fr\u00e5gor.<\/p>\n<\/div>\n\n\n\n<div class=\"wp-block-column is-vertically-aligned-center booking-button-col\">\n<div class=\"wp-block-columns has-2-columns has-2-columns has-2-columns is-not-stacked-on-mobile\" style=\"column-gap: var(--wp--preset--spacing--20);\">\n<div class=\"wp-block-column\">    <div\n                class=\"flex gap-spacing-10 flex-wrap    \"\n            >\n                                    <button\n                data-flyout-toggle=\"booking-conference\"\n                aria-label=\"Konferensf\u00f6rfr\u00e5gan\"\n                class=\"wp-block-button__link has-background has-gold-500-background-color\"\n            >\n                Konferensf\u00f6rfr\u00e5gan\n            <\/button>\n                    <\/div>\n<\/div>\n\n\n\n<div class=\"wp-block-column\"><div\n\t\tclass=\"   \"\n\t>\n\t<button\n\t\tdata-flyout-toggle=\"contact\"\n\t\taria-label=\"Kontakta oss\"\n\t\tclass=\"wp-block-button__link has-background has-gold-500-background-color\"\n\t>\n\t\tKontakta oss\n\t<\/button>\n<\/div><\/div>\n<\/div>\n<\/div>\n<\/div>\n<\/div>\n<\/div>\n\n\t<\/div>\n\n\t<\/div>\n\n\n\n<div class=\"wp-block-columns has-2-columns alignfull are-vertically-aligned-center noice\" style=\"column-gap: var(--wp--preset--spacing--80); row-gap: var(--wp--preset--spacing--30); padding-top:var(--wp--preset--spacing--70);padding-bottom:0\">\n<div class=\"wp-block-column is-vertically-aligned-center stick\">\t<div \t\tclass=\"media-container aspect-square    \"\n\t\t\t>\n\t\t<img loading=\"lazy\" decoding=\"async\" width=\"1024\" height=\"683\" src=\"https:\/\/www.freyshotels.com\/freys\/wp-content\/uploads\/2026\/04\/konferensteam_freys_hotels-1024x683.jpg\" class=\"absolute h-full w-full object-cover rounded-2xl image-center-center\" alt=\"\" sizes=\"auto, (min-width: 1024px) 1600px, 1024px\" data-sizes=\"auto\" srcset=\"https:\/\/www.freyshotels.com\/freys\/wp-content\/uploads\/2026\/04\/konferensteam_freys_hotels-1024x683.jpg 1024w, https:\/\/www.freyshotels.com\/freys\/wp-content\/uploads\/2026\/04\/konferensteam_freys_hotels-300x200.jpg 300w, https:\/\/www.freyshotels.com\/freys\/wp-content\/uploads\/2026\/04\/konferensteam_freys_hotels-768x512.jpg 768w, https:\/\/www.freyshotels.com\/freys\/wp-content\/uploads\/2026\/04\/konferensteam_freys_hotels-1536x1024.jpg 1536w, https:\/\/www.freyshotels.com\/freys\/wp-content\/uploads\/2026\/04\/konferensteam_freys_hotels.jpg 1920w\" \/>\t<\/div>\n\t<\/div>\n\n\n\n<div class=\"wp-block-column is-vertically-aligned-center\">\n<p class=\"has-brand-400-color has-text-color has-link-color has-script-medium-font-size wp-elements-1119f553ef76ce716ba3c094a3fad9da\">Stockholm city<\/p>\n\n\n\n<h2 class=\"wp-block-heading has-brand-600-color has-text-color has-link-color wp-elements-3e05560d23969b8e43928eb5615ef10b\">konferens p\u00e5 freys<\/h2>\n\n\n\n<p class=\"has-brand-600-color has-text-color has-link-color wp-elements-a46bab2b777cc7f55a0526e586b45757\"><strong>Freys&nbsp;Hotel&nbsp;erbjuder flexibla konferenslokaler i olika storlekar, perfekt f\u00f6r allt fr\u00e5n mindre m\u00f6ten till st\u00f6rre konferenser och event. <\/strong>Med v\u00e5rt centrala l\u00e4ge n\u00e4ra Centralstationen och Arlanda Express blir det enkelt att samla teamet oavsett var deltagarna kommer ifr\u00e5n.&nbsp;<\/p>\n\n\n\n<p class=\"has-brand-600-color has-text-color has-link-color wp-elements-44d53efb5fab5ffeb598c4369ea29bb0\">H\u00e4r m\u00f6ts personlig service, moderna m\u00f6tesrum och ett av Stockholms mest tillg\u00e4ngliga l\u00e4gen \u2013 en kombination som skapar effektiva och inspirerande m\u00f6ten.&nbsp;<\/p>\n\n\n\n<div class=\"wp-block-buttons\">\n<div class=\"wp-block-button\"><a class=\"wp-block-button__link has-brand-500-background-color has-background wp-element-button\" href=\"https:\/\/www.freyshotels.com\/freys\/konferens-stockholm\/\" target=\"_blank\" rel=\"noreferrer noopener\">l\u00e4s mer om konferens<\/a><\/div>\n<\/div>\n<\/div>\n<\/div>\n<\/div>\n\n\n\n<div style=\"aspect-ratio:auto; justify-content:center; padding-top:var(--wp--preset--spacing--80);\" class=\"alignfull inner-paralax wp-elements-c367873f05ee82ec494c4b650ab03614 wp-block-create-block-tankbar-multiblock has-text-color has-white-color has-background has-brand-700-background-color has-text-align-center\">\n\n\t<div class=\"multiblock-bg\">\n\n\t\n\t\n\t\t\t\t\t<div class=\"multiblock-gallery\">\n\t\t\t<div class=\"swiper\"\n\t\t\t\t data-transition-duration=\"1500\"\n\t\t\t\t data-interval-duration=\"6000\"\n\t\t\t\t data-transition-style=\"fade\"\n\t\t\t\t data-gallery-buttons=\"false\"\n\t\t\t\t data-gallery-pagination=\"false\">\n\t\t\t\t<div class=\"swiper-wrapper\">\n\t\t\t\t\t\t\t\t\t\t\t\t\t\t\t\t\t\t\t\t\t\t<div class=\"swiper-slide gallery-item\">\n\t\t\t\t\t\t\t<img decoding=\"async\" src=\"https:\/\/www.freyshotels.com\/freys\/wp-content\/uploads\/2026\/03\/freys-hotel-front-square-1005x1024.jpg\" alt=\"Bakgrundsbild\" width=\"100%\" height=\"100%\" \/>\n\t\t\t\t\t\t<\/div>\n\t\t\t\t\t\t\t\t\t\t\t\t\t\t<\/div>\n\t\t\t<\/div>\n\t\t<\/div>\n\t\n\t\n\t\n\t<\/div><!-- .multiblock-bg -->\n\n\t<div class=\"multiblock-inner\">\n\t\t\n\n<h2 class=\"wp-block-heading has-script-large-font-size\">Kundcitat<\/h2>\n\n\n\n<div style=\"aspect-ratio:auto; justify-content:center; padding-bottom:var(--wp--preset--spacing--80);padding-top:var(--wp--preset--spacing--40);\" class=\"alignfull wp-block-create-block-tankbar-multiblock has-text-color has-background\">\n\n\t<div class=\"multiblock-bg\">\n\n\t\n\t\n\t\n\t\n\t\t\t<div class=\"multiblock-overlay-gradient absolute inset-0 overlay-gradient gradient-bottom\" style=\" background: linear-gradient(180deg, rgba(var(--brand-700), 0) 0%, rgba(var(--brand-700), 0.7) 60%);\"><\/div>\n\t\n\t<\/div><!-- .multiblock-bg -->\n\n\t<div class=\"multiblock-inner\">\n\t\t\n<div \tclass=\"quote-swiper    \" data-slides-per-view=\"3\"\n\t>\n\t    <div class=\"swiper\">\n        <div class=\"swiper-wrapper\">\n                            <div class=\"swiper-slide !h-auto\">\n                    <div class=\"h-full bg-brand-500 text-white flex flex-col items-start text-left p-spacing-40 rounded-xl noice before:!opacity-100\">\n                                                                            <div class=\"relative flex jusify-start !mx-0 gap-x-1.5 text-[24px] !text-gold-400 mb-spacing-40\">\n                                                                    <i class=\"icon-star-filled\"><\/i>\n                                                                    <i class=\"icon-star-filled\"><\/i>\n                                                                    <i class=\"icon-star-filled\"><\/i>\n                                                                    <i class=\"icon-star-filled\"><\/i>\n                                                                    <i class=\"icon-star-filled\"><\/i>\n                                                            <\/div>\n                                                <div class=\"mb-spacing-40 w-full\">\n                            Vi trivs extra bra p\u00e5 Freys \u2013 det finns en v\u00e4rme och omtanke som \u00e4r sv\u00e5r att hitta p\u00e5 andra st\u00e4llen. Dessutom bedrivs verksamheten p\u00e5 ett ypperligt s\u00e4tt och Freys \u00e4r helt klart det mysigaste st\u00e4llet i stan.                        <\/div>\n                        <div class=\"has-small-font-size opacity-60 mt-auto w-full\">\n                            Maria Ekman-Bradshaw | Back Office Manager | Motiva Nordica AB, Establishment Labs                        <\/div>\n                    <\/div>\n                <\/div>\n                                <div class=\"swiper-slide !h-auto\">\n                    <div class=\"h-full bg-brand-500 text-white flex flex-col items-start text-left p-spacing-40 rounded-xl noice before:!opacity-100\">\n                                                                            <div class=\"relative flex jusify-start !mx-0 gap-x-1.5 text-[24px] !text-gold-400 mb-spacing-40\">\n                                                                    <i class=\"icon-star-filled\"><\/i>\n                                                                    <i class=\"icon-star-filled\"><\/i>\n                                                                    <i class=\"icon-star-filled\"><\/i>\n                                                                    <i class=\"icon-star-filled\"><\/i>\n                                                                    <i class=\"icon-star-filled\"><\/i>\n                                                            <\/div>\n                                                <div class=\"mb-spacing-40 w-full\">\n                            Det \u00e4r enkelt att ta sig till Freys oavsett hur du reser \u2013 n\u00e4rheten till centralstationen \u00e4r ett plus. Det personliga och positiva bem\u00f6tandet tillsammans med att alltid vilja att g\u00f6ra det d\u00e4r lite extra, g\u00f6r att man k\u00e4nner sig oerh\u00f6rt v\u00e4lkommen. Att k\u00e4nna igen personalen och att sj\u00e4lv bli igenk\u00e4nd betyder mycket och det finns en v\u00e4rme som g\u00f6r det l\u00e4tt att trivas. Man \u00e4r som en enda stor familj.                        <\/div>\n                        <div class=\"has-small-font-size opacity-60 mt-auto w-full\">\n                            Kenneth Berntsson | Member of the Board, Head of Marketing | Munsk\u00e4nkarna                        <\/div>\n                    <\/div>\n                <\/div>\n                                <div class=\"swiper-slide !h-auto\">\n                    <div class=\"h-full bg-brand-500 text-white flex flex-col items-start text-left p-spacing-40 rounded-xl noice before:!opacity-100\">\n                                                                            <div class=\"relative flex jusify-start !mx-0 gap-x-1.5 text-[24px] !text-gold-400 mb-spacing-40\">\n                                                                    <i class=\"icon-star-filled\"><\/i>\n                                                                    <i class=\"icon-star-filled\"><\/i>\n                                                                    <i class=\"icon-star-filled\"><\/i>\n                                                                    <i class=\"icon-star-filled\"><\/i>\n                                                                    <i class=\"icon-star-filled\"><\/i>\n                                                            <\/div>\n                                                <div class=\"mb-spacing-40 w-full\">\n                            Freys \u00e4r mitt favvost\u00e4lle i Stockholm sedan m\u00e5nga \u00e5r, tv\u00e5 av sk\u00e4len till det \u00e4r er flexibilitet och bem\u00f6tande. Jag \u00e4lskar att h\u00e5lla workshop f\u00f6r en uppdragsgivare \u2013 sedan sitta kvar p\u00e5 kv\u00e4llen och \u00e4ta musslor och ta en kall \u00f6l p\u00e5 Belgobaren. Ni \u00e4r ett kanong\u00e4ng p\u00e5 ett kanonanl\u00e4ggning!                        <\/div>\n                        <div class=\"has-small-font-size opacity-60 mt-auto w-full\">\n                            Patrick Stahl | Lead Trainer | Perfect Life                        <\/div>\n                    <\/div>\n                <\/div>\n                        <\/div>\n    <\/div>\n\t<\/div>\n\t<\/div>\n\n\t<\/div>\n\n\t<\/div>\n\n\t<\/div>\n\n\n\n<div class=\"wp-block-group alignfull noice\" style=\"padding-top:var(--wp--preset--spacing--70);padding-bottom:0\">    <div\n                class=\"   \"\n            >\n        <div class=\"w-full grid sm:grid-cols-2 gap-5 md:gap-8 xxl:gap-10 img_card\">    <a href=\"https:\/\/www.freyshotels.com\/freys\/konferens-stockholm\/konferensmaltider\/\"\n       aria-label=\"Konferensm\u00e5ltider\"\n       class=\"relative group !flex flex-col h-full overflow-hidden no-underline text-white rounded-xl \"\n    >\n\n        <div class=\"absolute inset-0\">\n            <img loading=\"lazy\" decoding=\"async\" width=\"768\" height=\"512\" src=\"https:\/\/www.freyshotels.com\/freys\/wp-content\/uploads\/2026\/04\/freys_hotel_konferensfika-768x512.jpg\" class=\"absolute w-full h-full object-cover object-center\" alt=\"\" srcset=\"https:\/\/www.freyshotels.com\/freys\/wp-content\/uploads\/2026\/04\/freys_hotel_konferensfika-768x512.jpg 768w, https:\/\/www.freyshotels.com\/freys\/wp-content\/uploads\/2026\/04\/freys_hotel_konferensfika-300x200.jpg 300w, https:\/\/www.freyshotels.com\/freys\/wp-content\/uploads\/2026\/04\/freys_hotel_konferensfika-1024x683.jpg 1024w, https:\/\/www.freyshotels.com\/freys\/wp-content\/uploads\/2026\/04\/freys_hotel_konferensfika-1536x1025.jpg 1536w, https:\/\/www.freyshotels.com\/freys\/wp-content\/uploads\/2026\/04\/freys_hotel_konferensfika.jpg 1920w\" sizes=\"auto, (max-width: 768px) 100vw, 768px\" \/>        <\/div>\n\n        <div class=\"absolute inset-0 pointer-events-none bg-gradient-to-r from-black\/40 to-black\/20 opacity-100 xl:group-hover:opacity-70 transition-all duration-300\"><\/div>\n\n        <div class=\"relative p-spacing-40 flex-1 flex flex-col items-start maxxl:!aspect-auto maxlg:!py-spacing-80 xl:aspect-[4\/3]\">\n            <div class=\"relative h-full flex flex-col items-center text-center justify-center lg:justify-start lg:items-start lg:text-left\">\n                                <h3 class=\"uppercase xl:group-hover:underlined\">Konferensm\u00e5ltider<\/h3>\n                <p class=\"mb-spacing-80\">Under er konferens \u00e4r det Belgobaren som st\u00e5r f\u00f6r den gener\u00f6sa frukostbuff\u00e9n, v\u00e4llagade maten och de energigivande fikapauserna.<\/p>\n                <div class=\"is-style-outline wp-block-button__link has-background has-white-background-color mt-auto\">L\u00e4s mer om konferensm\u00e5ltider<\/div>\n            <\/div>\n        <\/div>\n    <\/a>\n        <a href=\"https:\/\/www.freyshotels.com\/freys\/konferens-stockholm\/konferensaktiviteter\/\"\n       aria-label=\"Konferensaktiviteter\"\n       class=\"relative group !flex flex-col h-full overflow-hidden no-underline text-white rounded-xl \"\n    >\n\n        <div class=\"absolute inset-0\">\n            <img loading=\"lazy\" decoding=\"async\" width=\"768\" height=\"512\" src=\"https:\/\/www.freyshotels.com\/freys\/wp-content\/uploads\/2026\/04\/freys_hotel_event-768x512.jpg\" class=\"absolute w-full h-full object-cover object-center\" alt=\"\" srcset=\"https:\/\/www.freyshotels.com\/freys\/wp-content\/uploads\/2026\/04\/freys_hotel_event-768x512.jpg 768w, https:\/\/www.freyshotels.com\/freys\/wp-content\/uploads\/2026\/04\/freys_hotel_event-300x200.jpg 300w, https:\/\/www.freyshotels.com\/freys\/wp-content\/uploads\/2026\/04\/freys_hotel_event-1024x683.jpg 1024w, https:\/\/www.freyshotels.com\/freys\/wp-content\/uploads\/2026\/04\/freys_hotel_event-1536x1024.jpg 1536w, https:\/\/www.freyshotels.com\/freys\/wp-content\/uploads\/2026\/04\/freys_hotel_event.jpg 1920w\" sizes=\"auto, (max-width: 768px) 100vw, 768px\" \/>        <\/div>\n\n        <div class=\"absolute inset-0 pointer-events-none bg-gradient-to-r from-black\/40 to-black\/20 opacity-100 xl:group-hover:opacity-70 transition-all duration-300\"><\/div>\n\n        <div class=\"relative p-spacing-40 flex-1 flex flex-col items-start maxxl:!aspect-auto maxlg:!py-spacing-80 xl:aspect-[4\/3]\">\n            <div class=\"relative h-full flex flex-col items-center text-center justify-center lg:justify-start lg:items-start lg:text-left\">\n                                <h3 class=\"uppercase xl:group-hover:underlined\">Konferensaktiviteter<\/h3>\n                <p class=\"mb-spacing-80\">Vi har samlat ett urval av aktiviteter tillsammans med v\u00e5ra samarbetspartners som vi g\u00e4rna rekommenderar i samband med er konferens eller m\u00f6te.<\/p>\n                <div class=\"is-style-outline wp-block-button__link has-background has-white-background-color mt-auto\">L\u00e4s mer<\/div>\n            <\/div>\n        <\/div>\n    <\/a>\n    <\/div>    <\/div>\n    <\/div>\n\n\n\n<div class=\"wp-block-columns has-2-columns alignfull are-vertically-aligned-center noice\" style=\"column-gap: var(--wp--preset--spacing--80); row-gap: var(--wp--preset--spacing--30); padding-top:var(--wp--preset--spacing--80);padding-bottom:var(--wp--preset--spacing--70)\">\n<div class=\"wp-block-column is-vertically-aligned-center stick\">\t<div \t\tclass=\"media-container aspect-square    \"\n\t\t\t>\n\t\t<img loading=\"lazy\" decoding=\"async\" width=\"1024\" height=\"683\" src=\"https:\/\/www.freyshotels.com\/freys\/wp-content\/uploads\/2026\/04\/freys_hotel_entre_fasad-1024x683.jpg\" class=\"absolute h-full w-full object-cover rounded-2xl image-center-center\" alt=\"\" sizes=\"auto, (min-width: 1024px) 1600px, 1024px\" data-sizes=\"auto\" srcset=\"https:\/\/www.freyshotels.com\/freys\/wp-content\/uploads\/2026\/04\/freys_hotel_entre_fasad-1024x683.jpg 1024w, https:\/\/www.freyshotels.com\/freys\/wp-content\/uploads\/2026\/04\/freys_hotel_entre_fasad-300x200.jpg 300w, https:\/\/www.freyshotels.com\/freys\/wp-content\/uploads\/2026\/04\/freys_hotel_entre_fasad-768x512.jpg 768w, https:\/\/www.freyshotels.com\/freys\/wp-content\/uploads\/2026\/04\/freys_hotel_entre_fasad-1536x1024.jpg 1536w, https:\/\/www.freyshotels.com\/freys\/wp-content\/uploads\/2026\/04\/freys_hotel_entre_fasad.jpg 1920w\" \/>\t<\/div>\n\t<\/div>\n\n\n\n<div class=\"wp-block-column is-vertically-aligned-center\">\n<p class=\"has-brand-400-color has-text-color has-link-color has-script-medium-font-size wp-elements-fe09fcd8069b18a53f93948c95896b7e\">Mitt i city<\/p>\n\n\n\n<h2 class=\"wp-block-heading has-brand-600-color has-text-color has-link-color wp-elements-ce73c784e50b2189b7bba2afe66733d5\">Hitta hit<\/h2>\n\n\n\n<p class=\"has-brand-600-color has-text-color has-link-color wp-elements-510441e33c76bb1ca03deec7cb9ffde2\"><strong>Freys&nbsp;Hotel&nbsp;ligger mitt i Stockholm city, precis vid Stockholm Centralstation och Arlanda Express. <\/strong>Det centrala l\u00e4get g\u00f6r det enkelt att ta sig hit oavsett om du reser lokalt eller l\u00e5ngv\u00e4ga.&nbsp;<\/p>\n\n\n\n<p class=\"has-brand-600-color has-text-color has-link-color wp-elements-74a5302de5c4f2fbc375f23baddedcef\">I omr\u00e5det finns ett brett utbud av restauranger, shopping, teatrar och n\u00f6jen \u2013 perfekt att kombinera med er konferens. H\u00e4r m\u00f6ts stadens puls och smidiga kommunikationer, vilket g\u00f6r Freys&nbsp;Hotel&nbsp;till en idealisk plats f\u00f6r konferens i Stockholm city.&nbsp;<br><\/p>\n<\/div>\n<\/div>\n\n\n\n<div class=\"wp-block-columns has-2-columns alignfull noice\" style=\"column-gap: var(--wp--preset--spacing--40); row-gap: var(--wp--preset--spacing--40); padding-top:0;padding-bottom:var(--wp--preset--spacing--80)\">\n<div class=\"wp-block-column\">\n<h2 class=\"wp-block-heading has-h-3-font-size\">Vanliga fr\u00e5gor inf\u00f6r er konferens<\/h2>\n\n\n\n<div class=\"wp-block-buttons\">\n<div class=\"wp-block-button is-style-outline is-style-outline--3\"><a class=\"wp-block-button__link has-black-background-color has-background wp-element-button\" href=\"\/freys\/fragor-och-svar#konferens\">L\u00e4s fler fr\u00e5gor och svar<\/a><\/div>\n<\/div>\n<\/div>\n\n\n\n<div class=\"wp-block-column\"><div \tclass=\"   \"\n\t>\n\t    <div\n                class=\"w-full    \"\n            >\n                    <div id=\"faq-2173\" x-data=\"{ open: false }\" class=\"py-spacing-10 border-b border-black\/10\">\n                <button x-on:click=\"open = ! open\" x-bind:class=\"open ? 'faq-close text-brand-500' : 'faq-open'\" aria-label=\"Visa svar\" class=\"group w-full flex items-start justify-between gap-x-4 text-left has-medium-font-size\">\n                    <span class=\"self-center flex-1 xl:group-hover:text-brand-500\">Erbjuder ni videokonferens och digitala m\u00f6ten?\u00a0<\/span>\n                    <i x-bind:class=\"open ? 'icon-minus' : 'icon-plus'\" class=\"flex items-center justify-center size-10 min-w-10 bg-white rounded-full shadow-button text-[20px] text-neutral-600 focus:!shadow-button xl:hover:scale-110 transition-all duration-200\"><\/i>\n                <\/button>\n                <div x-cloak x-show=\"open\" class=\"mt-2\">\n                    <div class=\"py-3 md:py-4\">\n                        <p><span data-contrast=\"auto\">Ja, vi erbjuder tv\u00e5 l\u00f6sningar:<\/span><span data-ccp-props=\"{}\">\u00a0<\/span><\/p>\n<p><span data-contrast=\"auto\">Helhetsl\u00f6sning: kamera, mikrofon\/h\u00f6gtalare, dator och m\u00f6tesl\u00e4nk<\/span><br \/>\n<span data-contrast=\"auto\">Pris: 1200 kr exkl. moms \/ 1500 kr inkl. moms<\/span><span data-ccp-props=\"{}\">\u00a0<\/span><\/p>\n<p><span data-contrast=\"auto\">G\u00f6r det sj\u00e4lv: kamera med mikrofon till egen dator<\/span><br \/>\n<span data-contrast=\"auto\">Pris: 760 kr exkl. moms \/ 950 kr inkl. moms<\/span><span data-ccp-props=\"{}\">\u00a0<\/span><\/p>\n                    <\/div>\n                <\/div>\n            <\/div>\n                        <div id=\"faq-2170\" x-data=\"{ open: false }\" class=\"py-spacing-10 border-b border-black\/10\">\n                <button x-on:click=\"open = ! open\" x-bind:class=\"open ? 'faq-close text-brand-500' : 'faq-open'\" aria-label=\"Visa svar\" class=\"group w-full flex items-start justify-between gap-x-4 text-left has-medium-font-size\">\n                    <span class=\"self-center flex-1 xl:group-hover:text-brand-500\">Kan man boka kv\u00e4lls- och helgkonferens hos er?\u00a0<\/span>\n                    <i x-bind:class=\"open ? 'icon-minus' : 'icon-plus'\" class=\"flex items-center justify-center size-10 min-w-10 bg-white rounded-full shadow-button text-[20px] text-neutral-600 focus:!shadow-button xl:hover:scale-110 transition-all duration-200\"><\/i>\n                <\/button>\n                <div x-cloak x-show=\"open\" class=\"mt-2\">\n                    <div class=\"py-3 md:py-4\">\n                        <p><span class=\"TextRun SCXW57454653 BCX0\" lang=\"SV-SE\" xml:lang=\"SV-SE\" data-contrast=\"auto\"><span class=\"NormalTextRun SCXW57454653 BCX0\">Sj\u00e4lvklart! V\u00e5rt hotell har \u00f6ppet dygnet runt alla veckans dagar och vi v\u00e4lkomnar er \u00e4ven kv\u00e4llar och helger.<\/span><\/span><span class=\"EOP SCXW57454653 BCX0\" data-ccp-props=\"{}\">\u00a0<\/span><\/p>\n                    <\/div>\n                <\/div>\n            <\/div>\n                        <div id=\"faq-2172\" x-data=\"{ open: false }\" class=\"py-spacing-10 border-b border-black\/10\">\n                <button x-on:click=\"open = ! open\" x-bind:class=\"open ? 'faq-close text-brand-500' : 'faq-open'\" aria-label=\"Visa svar\" class=\"group w-full flex items-start justify-between gap-x-4 text-left has-medium-font-size\">\n                    <span class=\"self-center flex-1 xl:group-hover:text-brand-500\">Vad har ni f\u00f6r utrustning i era konferensrum?\u00a0<\/span>\n                    <i x-bind:class=\"open ? 'icon-minus' : 'icon-plus'\" class=\"flex items-center justify-center size-10 min-w-10 bg-white rounded-full shadow-button text-[20px] text-neutral-600 focus:!shadow-button xl:hover:scale-110 transition-all duration-200\"><\/i>\n                <\/button>\n                <div x-cloak x-show=\"open\" class=\"mt-2\">\n                    <div class=\"py-3 md:py-4\">\n                        <p><span class=\"TextRun SCXW41903026 BCX0\" lang=\"SV-SE\" xml:lang=\"SV-SE\" data-contrast=\"auto\"><span class=\"NormalTextRun SCXW41903026 BCX0\">M\u00f6tesrummen \u00e4r utrustade med bl\u00e4dderblock, skrivtavla, block och penna, <\/span><span class=\"NormalTextRun SpellingErrorV2Themed SCXW41903026 BCX0\">Wifi<\/span><span class=\"NormalTextRun SCXW41903026 BCX0\">\u00a0och telefon. De flesta rum har projektor med duk och h\u00f6gtalare, vissa har Smart-TV.<\/span><\/span><span class=\"EOP SCXW41903026 BCX0\" data-ccp-props=\"{}\">\u00a0<\/span><\/p>\n                    <\/div>\n                <\/div>\n            <\/div>\n                        <div id=\"faq-2171\" x-data=\"{ open: false }\" class=\"py-spacing-10 border-b border-black\/10\">\n                <button x-on:click=\"open = ! open\" x-bind:class=\"open ? 'faq-close text-brand-500' : 'faq-open'\" aria-label=\"Visa svar\" class=\"group w-full flex items-start justify-between gap-x-4 text-left has-medium-font-size\">\n                    <span class=\"self-center flex-1 xl:group-hover:text-brand-500\">Hur n\u00e4ra inp\u00e5 kan man \u00e4ndra antal deltagare?\u00a0<\/span>\n                    <i x-bind:class=\"open ? 'icon-minus' : 'icon-plus'\" class=\"flex items-center justify-center size-10 min-w-10 bg-white rounded-full shadow-button text-[20px] text-neutral-600 focus:!shadow-button xl:hover:scale-110 transition-all duration-200\"><\/i>\n                <\/button>\n                <div x-cloak x-show=\"open\" class=\"mt-2\">\n                    <div class=\"py-3 md:py-4\">\n                        <p><span data-contrast=\"auto\">F\u00f6r mat och dryck kan antal deltagare justeras fram till kl. 11.00 tre dagar f\u00f6re arrangemangets b\u00f6rjan.<\/span><span data-ccp-props=\"{}\">\u00a0<\/span><\/p>\n<p><span data-contrast=\"auto\">F\u00f6r logi g\u00e4ller:<\/span><span data-ccp-props=\"{}\">\u00a0<\/span><\/p>\n<ul>\n<li aria-setsize=\"-1\" data-leveltext=\"\uf0b7\" data-font=\"Symbol\" data-listid=\"1\" data-list-defn-props=\"{&quot;335552541&quot;:1,&quot;335559685&quot;:720,&quot;335559991&quot;:360,&quot;469769226&quot;:&quot;Symbol&quot;,&quot;469769242&quot;:[8226],&quot;469777803&quot;:&quot;left&quot;,&quot;469777804&quot;:&quot;\uf0b7&quot;,&quot;469777815&quot;:&quot;multilevel&quot;}\" data-aria-posinset=\"1\" data-aria-level=\"1\"><span data-contrast=\"auto\">Fram till 14 dagar innan ankomst: upp till fem rum kostnadsfritt\u00a0<\/span><span data-ccp-props=\"{}\">\u00a0<\/span><\/li>\n<\/ul>\n<ul>\n<li aria-setsize=\"-1\" data-leveltext=\"\uf0b7\" data-font=\"Symbol\" data-listid=\"1\" data-list-defn-props=\"{&quot;335552541&quot;:1,&quot;335559685&quot;:720,&quot;335559991&quot;:360,&quot;469769226&quot;:&quot;Symbol&quot;,&quot;469769242&quot;:[8226],&quot;469777803&quot;:&quot;left&quot;,&quot;469777804&quot;:&quot;\uf0b7&quot;,&quot;469777815&quot;:&quot;multilevel&quot;}\" data-aria-posinset=\"2\" data-aria-level=\"1\"><span data-contrast=\"auto\">Fram till kl. 18.00 dagen innan ankomst: upp till tv\u00e5 rum kostnadsfritt\u00a0<\/span><span data-ccp-props=\"{}\">\u00a0<\/span><\/li>\n<\/ul>\n                    <\/div>\n                <\/div>\n            <\/div>\n                        <div id=\"faq-2169\" x-data=\"{ open: false }\" class=\"py-spacing-10 border-b border-black\/10\">\n                <button x-on:click=\"open = ! open\" x-bind:class=\"open ? 'faq-close text-brand-500' : 'faq-open'\" aria-label=\"Visa svar\" class=\"group w-full flex items-start justify-between gap-x-4 text-left has-medium-font-size\">\n                    <span class=\"self-center flex-1 xl:group-hover:text-brand-500\">Har m\u00f6tesrummen f\u00f6nster?<\/span>\n                    <i x-bind:class=\"open ? 'icon-minus' : 'icon-plus'\" class=\"flex items-center justify-center size-10 min-w-10 bg-white rounded-full shadow-button text-[20px] text-neutral-600 focus:!shadow-button xl:hover:scale-110 transition-all duration-200\"><\/i>\n                <\/button>\n                <div x-cloak x-show=\"open\" class=\"mt-2\">\n                    <div class=\"py-3 md:py-4\">\n                        <p><span class=\"TextRun SCXW86539350 BCX0\" lang=\"SV-SE\" xml:lang=\"SV-SE\" data-contrast=\"auto\"><span class=\"NormalTextRun SCXW86539350 BCX0\">Ja, alla v\u00e5ra m\u00f6tesrum bortsett fr\u00e5n tre (Dimension, Fokus och Perspektiv) har f\u00f6nster som ger ett h\u00e4rligt ljusinsl\u00e4pp i samtliga rum.<\/span><\/span><\/p>\n                    <\/div>\n                <\/div>\n            <\/div>\n                <\/div>\n    <script type=\"application\/ld+json\">\n        {\n    \"@context\": \"https:\/\/schema.org\",\n    \"@type\": \"FAQPage\",\n    \"mainEntity\": [\n        {\n            \"@type\": \"Question\",\n            \"name\": \"Erbjuder ni videokonferens och digitala m\u00f6ten?\u00a0\",\n            \"acceptedAnswer\": {\n                \"@type\": \"Answer\",\n                \"text\": \"Ja, vi erbjuder tv\u00e5 l\u00f6sningar:\u00a0\\nHelhetsl\u00f6sning: kamera, mikrofon\/h\u00f6gtalare, dator och m\u00f6tesl\u00e4nk\\nPris: 1200 kr exkl. moms \/ 1500 kr inkl. moms\u00a0\\nG\u00f6r det sj\u00e4lv: kamera med mikrofon till egen dator\\nPris: 760 kr exkl. moms \/ 950 kr inkl. moms\u00a0\"\n            }\n        },\n        {\n            \"@type\": \"Question\",\n            \"name\": \"Kan man boka kv\u00e4lls- och helgkonferens hos er?\u00a0\",\n            \"acceptedAnswer\": {\n                \"@type\": \"Answer\",\n                \"text\": \"Sj\u00e4lvklart! V\u00e5rt hotell har \u00f6ppet dygnet runt alla veckans dagar och vi v\u00e4lkomnar er \u00e4ven kv\u00e4llar och helger.\u00a0\"\n            }\n        },\n        {\n            \"@type\": \"Question\",\n            \"name\": \"Vad har ni f\u00f6r utrustning i era konferensrum?\u00a0\",\n            \"acceptedAnswer\": {\n                \"@type\": \"Answer\",\n                \"text\": \"M\u00f6tesrummen \u00e4r utrustade med bl\u00e4dderblock, skrivtavla, block och penna, Wifi\u00a0och telefon. De flesta rum har projektor med duk och h\u00f6gtalare, vissa har Smart-TV.\u00a0\"\n            }\n        },\n        {\n            \"@type\": \"Question\",\n            \"name\": \"Hur n\u00e4ra inp\u00e5 kan man \u00e4ndra antal deltagare?\u00a0\",\n            \"acceptedAnswer\": {\n                \"@type\": \"Answer\",\n                \"text\": \"F\u00f6r mat och dryck kan antal deltagare justeras fram till kl. 11.00 tre dagar f\u00f6re arrangemangets b\u00f6rjan.\u00a0\\nF\u00f6r logi g\u00e4ller:\u00a0\\n\\nFram till 14 dagar innan ankomst: upp till fem rum kostnadsfritt\u00a0\u00a0\\n\\n\\nFram till kl. 18.00 dagen innan ankomst: upp till tv\u00e5 rum kostnadsfritt\u00a0\u00a0\"\n            }\n        },\n        {\n            \"@type\": \"Question\",\n            \"name\": \"Har m\u00f6tesrummen f\u00f6nster?\",\n            \"acceptedAnswer\": {\n                \"@type\": \"Answer\",\n                \"text\": \"Ja, alla v\u00e5ra m\u00f6tesrum bortsett fr\u00e5n tre (Dimension, Fokus och Perspektiv) har f\u00f6nster som ger ett h\u00e4rligt ljusinsl\u00e4pp i samtliga rum.\"\n            }\n        }\n    ]\n}    <\/script>\n    <\/div><\/div>\n<\/div>\n\n\n\n<p><\/p>\n","protected":false},"excerpt":{"rendered":"<p>Konferens Stockholm city P\u00e5 Freys&nbsp;Hotel&nbsp;finns tolv flexibla och unika konferensrum mitt i Stockholm city.&nbsp;Med v\u00e5rt centrala l\u00e4ge mitt emot Arlanda Express och n\u00e4ra Stockholm Central \u00e4r det enkelt att ta sig hit oavsett hur du v\u00e4ljer att resa. H\u00e4r kan du boka dagkonferens, konferens med \u00f6vernattning eller konferensrum per timme \u2013 med goda f\u00f6ruts\u00e4ttningar f\u00f6r [&hellip;]<\/p>\n","protected":false},"author":1,"featured_media":1126,"parent":0,"menu_order":10,"comment_status":"closed","ping_status":"closed","template":"","meta":{"_acf_changed":false,"footnotes":""},"page_category":[],"page_tag":[],"class_list":["post-253","page","type-page","status-publish","has-post-thumbnail","hentry"],"acf":[],"publishpress_future_action":{"enabled":false,"date":"2026-05-06 12:14:11","action":"change-status","newStatus":"draft","terms":[],"taxonomy":"page_category","extraData":[]},"publishpress_future_workflow_manual_trigger":{"enabledWorkflows":[]},"_links":{"self":[{"href":"https:\/\/www.freyshotels.com\/freys\/wp-json\/wp\/v2\/pages\/253","targetHints":{"allow":["GET"]}}],"collection":[{"href":"https:\/\/www.freyshotels.com\/freys\/wp-json\/wp\/v2\/pages"}],"about":[{"href":"https:\/\/www.freyshotels.com\/freys\/wp-json\/wp\/v2\/types\/page"}],"author":[{"embeddable":true,"href":"https:\/\/www.freyshotels.com\/freys\/wp-json\/wp\/v2\/users\/1"}],"replies":[{"embeddable":true,"href":"https:\/\/www.freyshotels.com\/freys\/wp-json\/wp\/v2\/comments?post=253"}],"version-history":[{"count":142,"href":"https:\/\/www.freyshotels.com\/freys\/wp-json\/wp\/v2\/pages\/253\/revisions"}],"predecessor-version":[{"id":2977,"href":"https:\/\/www.freyshotels.com\/freys\/wp-json\/wp\/v2\/pages\/253\/revisions\/2977"}],"wp:featuredmedia":[{"embeddable":true,"href":"https:\/\/www.freyshotels.com\/freys\/wp-json\/"}],"wp:attachment":[{"href":"https:\/\/www.freyshotels.com\/freys\/wp-json\/wp\/v2\/media?parent=253"}],"wp:term":[{"taxonomy":"page_category","embeddable":true,"href":"https:\/\/www.freyshotels.com\/freys\/wp-json\/wp\/v2\/page_category?post=253"},{"taxonomy":"page_tag","embeddable":true,"href":"https:\/\/www.freyshotels.com\/freys\/wp-json\/wp\/v2\/page_tag?post=253"}],"curies":[{"name":"wp","href":"https:\/\/api.w.org\/{rel}","templated":true}]}}