{"id":258,"date":"2026-02-27T15:10:34","date_gmt":"2026-02-27T15:10:34","guid":{"rendered":"https:\/\/www.freyshotels.com\/freys-hotel\/?page_id=258"},"modified":"2026-04-25T19:44:31","modified_gmt":"2026-04-25T19:44:31","slug":"restaurang","status":"publish","type":"page","link":"https:\/\/www.freyshotels.com\/freys\/restaurang\/","title":{"rendered":"Restaurang"},"content":{"rendered":"\n<div class=\"wp-block-columns has-2-columns alignfull paralax reverse wrap-lg min-h-screen\" style=\" padding-top:0;padding-right:0;padding-bottom:0;padding-left:0\">\n<div class=\"wp-block-column\" style=\"flex-basis:50%\">\n<div style=\"aspect-ratio:auto; justify-content:flex-end; padding-top:var(--wp--preset--spacing--40);padding-bottom:var(--wp--preset--spacing--40);padding-left:var(--wp--preset--spacing--40);padding-right:var(--wp--preset--spacing--40); min-height:100%;\" class=\"align wp-block-create-block-tankbar-multiblock has-text-color has-background\">\n\n\t<div class=\"multiblock-bg\">\n\n\t\t\t\t<div class=\"absolute inset-0 image-center-center\">\n\t\t\t\t<img decoding=\"async\" class=\"h-full w-full object-cover\" src=\"https:\/\/www.freyshotels.com\/freys\/wp-content\/uploads\/2026\/04\/belgobaren_middag.jpg\" alt=\"Restaurang\" \/>\n\t\t\t<\/div>\n\t\t\t\n\t\n\t\n\t\n\t\n\t<\/div><!-- .multiblock-bg -->\n\n\t<div class=\"multiblock-inner\">\n\t\t\n\n<div class=\"wp-block-group\" style=\"min-height:30vh\"><\/div>\n\n\t<\/div>\n\n\t<\/div>\n<\/div>\n\n\n\n<div class=\"wp-block-column split noice has-brand-200-background-color has-background\" style=\"padding-top:var(--wp--preset--spacing--60);padding-right:var(--wp--preset--spacing--60);padding-bottom:var(--wp--preset--spacing--60);padding-left:var(--wp--preset--spacing--60)\">\n<h1 class=\"wp-block-heading has-brand-500-color has-text-color has-link-color wp-elements-d0ffd7e22729ee9616c3d3f080f2ce5c\">Restaurang Belgobaren<\/h1>\n\n\n\n<p class=\"has-medium-font-size\" style=\"margin-bottom:var(--wp--preset--spacing--50)\">Belgobaren ligger i direkt anslutning till Freys&nbsp;Hotel&nbsp;och \u00e4r en naturlig del av din vistelse hos oss. H\u00e4r serveras v\u00e5r hotellfrukost varje morgon, och under dagen kan du njuta av en god lunch fr\u00e5n v\u00e5r s\u00e4rskilda lunchmeny. P\u00e5 kv\u00e4llen erbjuds en v\u00e4lkomponerad meny i en livfull och trivsam milj\u00f6.&nbsp;<br><br>Som hotellg\u00e4st har du \u00e4ven m\u00f6jlighet att boka en s\u00e4rskild hotellmeny till ett f\u00f6rm\u00e5nligt pris.&nbsp;<\/p>\n\n\n\n<div class=\"wp-block-buttons mt-auto\">\n<div class=\"wp-block-button is-style-fill\"><a class=\"wp-block-button__link has-brand-500-background-color has-background wp-element-button\" href=\"https:\/\/www.belgobaren.se\/menyer\" target=\"_blank\" rel=\"noreferrer noopener\">Menyer<\/a><\/div>\n<\/div>\n<\/div>\n<\/div>\n\n\n\n<div style=\"aspect-ratio:auto; justify-content:center; border-top-left-radius:16px;border-top-right-radius:16px; padding-top:var(--wp--preset--spacing--80);padding-bottom:var(--wp--preset--spacing--80);background-image:url(&apos;https:\/\/www.freyshotels.com\/wp-content\/uploads\/2026\/03\/bg-black.svg&apos;);background-position:50% 50%;background-size:1000px;\" class=\"alignfull sm-center wp-elements-3ae32b292bbb1e340a18c5cb7d37fb3d wp-block-create-block-tankbar-multiblock has-text-color has-white-color has-background has-brand-500-background-color\">\n\n\t<div class=\"multiblock-bg\">\n\n\t\n\t\n\t\n\t\t\t<div class=\"multiblock-overlay overlay absolute inset-0 has-brand-500-background-color\" style=\"opacity:0.75;\"><\/div>\n\t\n\t\n\t<\/div><!-- .multiblock-bg -->\n\n\t<div class=\"multiblock-inner\">\n\t\t\n\n<div class=\"wp-block-columns has-2-columns\" style=\"column-gap: var(--wp--preset--spacing--60); row-gap: var(--wp--preset--spacing--40);\">\n<div class=\"wp-block-column\">\n<p class=\"has-gold-500-color has-text-color has-link-color has-script-medium-font-size wp-elements-f47b14f9c6df1216648fbd05f998a75f\">Mat och dryck<\/p>\n<\/div>\n\n\n\n<div class=\"wp-block-column\">\n<h2 class=\"wp-block-heading has-h-3-font-size\">H\u00e4r njuter du av v\u00e4llagad mat med belgiska influenser i en varm och v\u00e4lkomnande atmosf\u00e4r. &nbsp;<\/h2>\n<\/div>\n<\/div>\n\n\t<\/div>\n\n\t<\/div>\n\n\n\n<div class=\"wp-block-group alignfull noice has-brand-200-background-color has-background\" style=\"padding-top:var(--wp--preset--spacing--60);padding-bottom:var(--wp--preset--spacing--60)\">\n<h2 class=\"wp-block-heading has-h-3-font-size\">aktuella hotellerbjudanden &amp; weekendpaket<\/h2>\n\n\n    <div\n                class=\"   \"\n        style=\"margin-top: var(--wp--preset--spacing--40);\"    >\n        <div class=\"grid-swiper relative -mx-4 md:mx-0 \" data-slides-per-view=\"3\" data-image-nav><div class=\"swiper\"><div class=\"w-full swiper-wrapper\">    <a href=\"https:\/\/www.freyshotels.com\/freys\/hotell-stockholm\/hotellerbjudanden\/hotellpaket-med-middag-stockholm\/\" aria-label=\"Hotellpaket med middag Stockholm\" class=\"relative group overflow-hidden no-underline !flex flex-col swiper-slide !h-auto \">\n        <div class=\"relative aspect-[8\/5] overflow-hidden rounded-xl\">\n            <img loading=\"lazy\" decoding=\"async\" width=\"768\" height=\"512\" src=\"https:\/\/www.freyshotels.com\/freys\/wp-content\/uploads\/2026\/04\/belgobaren_middag-768x512.jpg\" class=\"absolute w-full h-full object-cover object-center\" alt=\"\" srcset=\"https:\/\/www.freyshotels.com\/freys\/wp-content\/uploads\/2026\/04\/belgobaren_middag-768x512.jpg 768w, https:\/\/www.freyshotels.com\/freys\/wp-content\/uploads\/2026\/04\/belgobaren_middag-300x200.jpg 300w, https:\/\/www.freyshotels.com\/freys\/wp-content\/uploads\/2026\/04\/belgobaren_middag-1024x683.jpg 1024w, https:\/\/www.freyshotels.com\/freys\/wp-content\/uploads\/2026\/04\/belgobaren_middag-1536x1024.jpg 1536w, https:\/\/www.freyshotels.com\/freys\/wp-content\/uploads\/2026\/04\/belgobaren_middag.jpg 1920w\" sizes=\"auto, (max-width: 768px) 100vw, 768px\" \/>            <div class=\"absolute top-spacing-10 left-spacing-10 flex flex-wrap gap-2\">\n                                    <div class=\"chip bg-brand-100\">\n                        Middag ing\u00e5r                    <\/div>\n                            <\/div>\n        <\/div>\n        <div class=\"has-small-font-size flex-1 pt-spacing-10\" >\n                        <h3 class=\"has-medium-font-size font-medium xl:group-hover:underlined\">Hotellpaket med middag Stockholm<\/h3>\n                            <div class=\"mt-0.5\">Boka hotellpaket med middag i Stockholm city. Njut av \u00f6vernattning, f\u00f6rdrink, 3-r\u00e4tters middag, frukost och sen utcheckning \u2013 allt i ett paket.<\/div>\n                                        <div class=\"mt-spacing-10\"><\/div>\n                    <\/div>\n    <\/a>\n        <a href=\"https:\/\/www.freyshotels.com\/freys\/hotell-stockholm\/hotellerbjudanden\/sommarerbjudande\/\" aria-label=\"Sommarerbjudande\" class=\"relative group overflow-hidden no-underline !flex flex-col swiper-slide !h-auto \">\n        <div class=\"relative aspect-[8\/5] overflow-hidden rounded-xl\">\n            <img loading=\"lazy\" decoding=\"async\" width=\"768\" height=\"513\" src=\"https:\/\/www.freyshotels.com\/freys\/wp-content\/uploads\/2026\/04\/freys_hotel_balkong_svit-768x513.jpg\" class=\"absolute w-full h-full object-cover object-center\" alt=\"\" srcset=\"https:\/\/www.freyshotels.com\/freys\/wp-content\/uploads\/2026\/04\/freys_hotel_balkong_svit-768x513.jpg 768w, https:\/\/www.freyshotels.com\/freys\/wp-content\/uploads\/2026\/04\/freys_hotel_balkong_svit-300x200.jpg 300w, https:\/\/www.freyshotels.com\/freys\/wp-content\/uploads\/2026\/04\/freys_hotel_balkong_svit-1024x684.jpg 1024w, https:\/\/www.freyshotels.com\/freys\/wp-content\/uploads\/2026\/04\/freys_hotel_balkong_svit-1536x1026.jpg 1536w, https:\/\/www.freyshotels.com\/freys\/wp-content\/uploads\/2026\/04\/freys_hotel_balkong_svit.jpg 1920w\" sizes=\"auto, (max-width: 768px) 100vw, 768px\" \/>            <div class=\"absolute top-spacing-10 left-spacing-10 flex flex-wrap gap-2\">\n                                    <div class=\"chip bg-brand-100\">\n                        20% rabatt                    <\/div>\n                            <\/div>\n        <\/div>\n        <div class=\"has-small-font-size flex-1 pt-spacing-10\" >\n                        <h3 class=\"has-medium-font-size font-medium xl:group-hover:underlined\">Sommarerbjudande<\/h3>\n                            <div class=\"mt-0.5\">Upplev underbara Stockholm under sommaren och bo p\u00e5 Freys Hotel. Bo minst 2 n\u00e4tter mellan 29 juni och 9 augusti 2026 och f\u00e5 20 procent rabatt p\u00e5 din vistelse.<\/div>\n                                        <div class=\"mt-spacing-10\"><\/div>\n                    <\/div>\n    <\/a>\n        <a href=\"https:\/\/www.freyshotels.com\/freys\/hotell-stockholm\/hotellerbjudanden\/romantisk-weekend-stockholm\/\" aria-label=\"Romantisk Weekend Stockholm\" class=\"relative group overflow-hidden no-underline !flex flex-col swiper-slide !h-auto \">\n        <div class=\"relative aspect-[8\/5] overflow-hidden rounded-xl\">\n            <img loading=\"lazy\" decoding=\"async\" width=\"768\" height=\"512\" src=\"https:\/\/www.freyshotels.com\/freys\/wp-content\/uploads\/2026\/04\/freys_hotel_romantisktpaket-768x512.jpg\" class=\"absolute w-full h-full object-cover object-center\" alt=\"\" srcset=\"https:\/\/www.freyshotels.com\/freys\/wp-content\/uploads\/2026\/04\/freys_hotel_romantisktpaket-768x512.jpg 768w, https:\/\/www.freyshotels.com\/freys\/wp-content\/uploads\/2026\/04\/freys_hotel_romantisktpaket-300x200.jpg 300w, https:\/\/www.freyshotels.com\/freys\/wp-content\/uploads\/2026\/04\/freys_hotel_romantisktpaket-1024x683.jpg 1024w, https:\/\/www.freyshotels.com\/freys\/wp-content\/uploads\/2026\/04\/freys_hotel_romantisktpaket-1536x1024.jpg 1536w, https:\/\/www.freyshotels.com\/freys\/wp-content\/uploads\/2026\/04\/freys_hotel_romantisktpaket.jpg 1920w\" sizes=\"auto, (max-width: 768px) 100vw, 768px\" \/>            <div class=\"absolute top-spacing-10 left-spacing-10 flex flex-wrap gap-2\">\n                                    <div class=\"chip bg-brand-100\">\n                        Romantik                    <\/div>\n                            <\/div>\n        <\/div>\n        <div class=\"has-small-font-size flex-1 pt-spacing-10\" >\n                        <h3 class=\"has-medium-font-size font-medium xl:group-hover:underlined\">Romantisk Weekend Stockholm<\/h3>\n                            <div class=\"mt-0.5\">Boka romantisk weekend i Stockholm. Njut av \u00f6vernattning, champagne, 3-r\u00e4tters middag, choklad, frukost och sen utcheckning.<\/div>\n                                        <div class=\"mt-spacing-10\"><\/div>\n                    <\/div>\n    <\/a>\n    <\/div><\/div><div aria-disabled=\"true\" class=\"swiper-button-prev icon-arrow !hidden md:!flex\"><\/div><div class=\"swiper-button-next icon-arrow !hidden md:!flex\"><\/div><div class=\"swiper-pagination\"><\/div><\/div>    <\/div>\n    <\/div>\n\n\n\n<div class=\"wp-block-group alignfull noice has-brand-100-background-color has-background\" style=\"padding-top:var(--wp--preset--spacing--80);padding-bottom:0\">\n<div class=\"wp-block-columns has-2-columns are-vertically-aligned-center reverse\" style=\"column-gap: var(--wp--preset--spacing--80); row-gap: var(--wp--preset--spacing--30); margin-top:0;margin-bottom:var(--wp--preset--spacing--70)\">\n<div class=\"wp-block-column is-vertically-aligned-center\">\t<div \t\tclass=\"media-container aspect-square    \"\n\t\t\t>\n\t\t<img loading=\"lazy\" decoding=\"async\" width=\"1024\" height=\"683\" src=\"https:\/\/www.freyshotels.com\/freys\/wp-content\/uploads\/2026\/04\/belgobaren_toast_skagen-1024x683.jpg\" class=\"absolute h-full w-full object-cover rounded-2xl image-center-center\" alt=\"\" sizes=\"auto, (min-width: 1024px) 1600px, 1024px\" data-sizes=\"auto\" srcset=\"https:\/\/www.freyshotels.com\/freys\/wp-content\/uploads\/2026\/04\/belgobaren_toast_skagen-1024x683.jpg 1024w, https:\/\/www.freyshotels.com\/freys\/wp-content\/uploads\/2026\/04\/belgobaren_toast_skagen-300x200.jpg 300w, https:\/\/www.freyshotels.com\/freys\/wp-content\/uploads\/2026\/04\/belgobaren_toast_skagen-768x512.jpg 768w, https:\/\/www.freyshotels.com\/freys\/wp-content\/uploads\/2026\/04\/belgobaren_toast_skagen-1536x1024.jpg 1536w, https:\/\/www.freyshotels.com\/freys\/wp-content\/uploads\/2026\/04\/belgobaren_toast_skagen.jpg 1920w\" \/>\t<\/div>\n\t<\/div>\n\n\n\n<div class=\"wp-block-column is-vertically-aligned-center\">\n<p class=\"has-brand-400-color has-text-color has-link-color has-script-medium-font-size wp-elements-b1557f8c4027e6f94fefb65b992eedb9\">Mums<\/p>\n\n\n\n<h2 class=\"wp-block-heading has-brand-600-color has-text-color has-link-color wp-elements-660a400889472855698922d02db0a9b8\">Hotellmenyn<\/h2>\n\n\n\n<p class=\"has-brand-600-color has-text-color has-link-color wp-elements-aebae1aed2b088a033181efbc6b09b64\">Belgobaren erbjuder en v\u00e4lkomponerad hotellmeny med tre r\u00e4tter. Menyn f\u00f6rbokas i samband med din rumsbokning eller via v\u00e5r bokning i god tid f\u00f6re ankomst.&nbsp;N\u00e4r du bokar via v\u00e5r sajt f\u00e5r du dessutom 10 procent rabatt p\u00e5 maten i Belgobaren.&nbsp;<br><br>Vi rekommenderar att du bokar bord i f\u00f6rv\u00e4g, d\u00e5 restaurangen \u00e4r mycket popul\u00e4r bland b\u00e5de hotellg\u00e4ster och stockholmsbes\u00f6kare.&nbsp;<\/p>\n\n\n\n<div class=\"wp-block-buttons\">\n<div class=\"wp-block-button is-style-fill\"><a class=\"wp-block-button__link has-brand-500-background-color has-background wp-element-button\" href=\"https:\/\/www.freyshotels.com\/freys\/wp-content\/uploads\/2026\/04\/Belgobaren-Hotellmeny.pdf\" target=\"_blank\" rel=\"noreferrer noopener\">till hotellmenyn<\/a><\/div>\n<\/div>\n<\/div>\n<\/div>\n\n\n\n<div class=\"wp-block-columns has-2-columns are-vertically-aligned-center\" style=\"column-gap: var(--wp--preset--spacing--80); row-gap: var(--wp--preset--spacing--30); padding-bottom:var(--wp--preset--spacing--60)\">\n<div class=\"wp-block-column is-vertically-aligned-center\">\t<div \t\tclass=\"media-container aspect-square    \"\n\t\t\t>\n\t\t<img loading=\"lazy\" decoding=\"async\" width=\"1024\" height=\"630\" src=\"https:\/\/www.freyshotels.com\/freys\/wp-content\/uploads\/2026\/04\/belgobaren_restaurang_3-1024x630.jpg\" class=\"absolute h-full w-full object-cover rounded-2xl image-center-center\" alt=\"\" sizes=\"auto, (min-width: 1024px) 1600px, 1024px\" data-sizes=\"auto\" srcset=\"https:\/\/www.freyshotels.com\/freys\/wp-content\/uploads\/2026\/04\/belgobaren_restaurang_3-1024x630.jpg 1024w, https:\/\/www.freyshotels.com\/freys\/wp-content\/uploads\/2026\/04\/belgobaren_restaurang_3-300x185.jpg 300w, https:\/\/www.freyshotels.com\/freys\/wp-content\/uploads\/2026\/04\/belgobaren_restaurang_3-768x473.jpg 768w, https:\/\/www.freyshotels.com\/freys\/wp-content\/uploads\/2026\/04\/belgobaren_restaurang_3-1536x946.jpg 1536w, https:\/\/www.freyshotels.com\/freys\/wp-content\/uploads\/2026\/04\/belgobaren_restaurang_3.jpg 1920w\" \/>\t<\/div>\n\t<\/div>\n\n\n\n<div class=\"wp-block-column is-vertically-aligned-center\">\n<p class=\"has-brand-400-color has-text-color has-link-color has-script-medium-font-size wp-elements-964e157972657ef099d31da1bbccd332\">Meny<\/p>\n\n\n\n<h2 class=\"wp-block-heading has-brand-600-color has-text-color has-link-color wp-elements-ac65ca0809926932437a7cc0b5583a44\">grupp- och konferensmeny<\/h2>\n\n\n\n<p class=\"has-brand-600-color has-text-color has-link-color wp-elements-76df9ff0f2c94b256c9f1db3a38f2088\">Menyerna kan kombineras valfritt och en gemensam meny v\u00e4ljs f\u00f6r hela s\u00e4llskapet. Minimum antal personer \u00e4r 15.&nbsp;<\/p>\n\n\n\n<div class=\"wp-block-buttons\">\n<div class=\"wp-block-button is-style-fill\"><a class=\"wp-block-button__link has-brand-500-background-color has-background wp-element-button\" href=\"https:\/\/www.freyshotels.com\/wp-content\/uploads\/2026\/04\/Grupp-och-konferensmeny-2026.pdf\" target=\"_blank\" rel=\"noreferrer noopener\">till grupp- och konferensmeny<\/a><\/div>\n<\/div>\n<\/div>\n<\/div>\n\n\n\n<div class=\"wp-block-columns has-2-columns are-vertically-aligned-center reverse\" style=\"column-gap: var(--wp--preset--spacing--80); row-gap: var(--wp--preset--spacing--30);\">\n<div class=\"wp-block-column is-vertically-aligned-center\">\t<div \t\tclass=\"media-container aspect-square    \"\n\t\t\t>\n\t\t<img loading=\"lazy\" decoding=\"async\" width=\"1024\" height=\"683\" src=\"https:\/\/www.freyshotels.com\/freys\/wp-content\/uploads\/2026\/04\/belgobaren_mingelmat_freys_meetings-1024x683.jpg\" class=\"absolute h-full w-full object-cover rounded-2xl image-center-center\" alt=\"\" sizes=\"auto, (min-width: 1024px) 1600px, 1024px\" data-sizes=\"auto\" srcset=\"https:\/\/www.freyshotels.com\/freys\/wp-content\/uploads\/2026\/04\/belgobaren_mingelmat_freys_meetings-1024x683.jpg 1024w, https:\/\/www.freyshotels.com\/freys\/wp-content\/uploads\/2026\/04\/belgobaren_mingelmat_freys_meetings-300x200.jpg 300w, https:\/\/www.freyshotels.com\/freys\/wp-content\/uploads\/2026\/04\/belgobaren_mingelmat_freys_meetings-768x512.jpg 768w, https:\/\/www.freyshotels.com\/freys\/wp-content\/uploads\/2026\/04\/belgobaren_mingelmat_freys_meetings-1536x1024.jpg 1536w, https:\/\/www.freyshotels.com\/freys\/wp-content\/uploads\/2026\/04\/belgobaren_mingelmat_freys_meetings.jpg 1920w\" \/>\t<\/div>\n\t<\/div>\n\n\n\n<div class=\"wp-block-column is-vertically-aligned-center\">\n<p class=\"has-brand-400-color has-text-color has-link-color has-script-medium-font-size wp-elements-964e157972657ef099d31da1bbccd332\">Meny<\/p>\n\n\n\n<h2 class=\"wp-block-heading has-brand-600-color has-text-color has-link-color wp-elements-5cc2b1bec3e7308db882707a629758a0\">konferensbuff\u00e9er och mingelmat<\/h2>\n\n\n\n<p class=\"has-brand-600-color has-text-color has-link-color wp-elements-3d7b8861cdd06a85629d4cf47a05394f\">Vi erbjuder ett brett utbud av buff\u00e9er, mingelmat och andra m\u00e5ltidsalternativ. Sj\u00e4lvklart finns \u00e4ven flera olika r\u00e4tter och menyer att v\u00e4lja mellan.&nbsp;<br>B\u00f6rja eventet med ett glas bubbel eller avsluta m\u00f6tet med v\u00e5r specialitet \u2013 belgisk \u00f6l fr\u00e5n&nbsp;Belgobaren. Vi hj\u00e4lper dig g\u00e4rna att skapa ett uppl\u00e4gg som passar just ert event.&nbsp;<\/p>\n\n\n\n<div class=\"wp-block-buttons\">\n<div class=\"wp-block-button is-style-fill\"><a class=\"wp-block-button__link has-brand-500-background-color has-background wp-element-button\" href=\"https:\/\/www.freyshotels.com\/wp-content\/uploads\/2026\/04\/Buffer-och-mingelmat-2026.pdf\" target=\"_blank\" rel=\"noreferrer noopener\">till menyn<\/a><\/div>\n<\/div>\n<\/div>\n<\/div>\n\n\n\n<div class=\"wp-block-columns has-2-columns alignfull are-vertically-aligned-center\" style=\"column-gap: var(--wp--preset--spacing--80); row-gap: var(--wp--preset--spacing--30); padding-top:var(--wp--preset--spacing--70);padding-bottom:var(--wp--preset--spacing--80)\">\n<div class=\"wp-block-column is-vertically-aligned-center stick\">\t<div \t\tclass=\"media-container aspect-square    \"\n\t\t\t>\n\t\t<img loading=\"lazy\" decoding=\"async\" width=\"1024\" height=\"683\" src=\"https:\/\/www.freyshotels.com\/freys\/wp-content\/uploads\/2026\/04\/freys_hotel_roomservice-1024x683.jpg\" class=\"absolute h-full w-full object-cover rounded-2xl image-center-center\" alt=\"\" sizes=\"auto, (min-width: 1024px) 1600px, 1024px\" data-sizes=\"auto\" srcset=\"https:\/\/www.freyshotels.com\/freys\/wp-content\/uploads\/2026\/04\/freys_hotel_roomservice-1024x683.jpg 1024w, https:\/\/www.freyshotels.com\/freys\/wp-content\/uploads\/2026\/04\/freys_hotel_roomservice-300x200.jpg 300w, https:\/\/www.freyshotels.com\/freys\/wp-content\/uploads\/2026\/04\/freys_hotel_roomservice-768x512.jpg 768w, https:\/\/www.freyshotels.com\/freys\/wp-content\/uploads\/2026\/04\/freys_hotel_roomservice-1536x1024.jpg 1536w, https:\/\/www.freyshotels.com\/freys\/wp-content\/uploads\/2026\/04\/freys_hotel_roomservice.jpg 1920w\" \/>\t<\/div>\n\t<\/div>\n\n\n\n<div class=\"wp-block-column is-vertically-aligned-center\">\n<p class=\"has-brand-400-color has-text-color has-link-color has-script-medium-font-size wp-elements-74a6c371b10781057b34f91c0e7cb9a7\">Restaurang<\/p>\n\n\n\n<h2 class=\"wp-block-heading has-brand-600-color has-text-color has-link-color has-h-3-font-size wp-elements-cd8872cbe4d87c805ca8009b4ce5fcf8\">Belgobaren meny&nbsp;<\/h2>\n\n\n\n<p class=\"has-brand-600-color has-text-color has-link-color wp-elements-b1bda301ef37683ab59c36bb2bcf4f31\">Belgobarens&nbsp;meny \u00e4r inspirerad av det belgiska k\u00f6ket och erbjuder en varierad upplevelse f\u00f6r dig som s\u00f6ker en restaurang i Stockholm city med b\u00e5de klassiska r\u00e4tter och moderna inslag. H\u00e4r hittar du allt fr\u00e5n&nbsp;moules&nbsp;frites och rustika k\u00f6ttr\u00e4tter till l\u00e4ttare alternativ som passar lika bra f\u00f6r lunch som middag.&nbsp;Till lunch serveras en s\u00e4rskild lunchmeny med noggrant utvalda r\u00e4tter \u2013 ett uppskattat alternativ f\u00f6r dig som vill \u00e4ta gott i centrala Stockholm under dagen.&nbsp;<br><br>Restaurangen \u00e4r s\u00e4rskilt k\u00e4nd f\u00f6r sina musslor och sitt breda utbud av belgisk \u00f6l, vilket g\u00f6r Belgobaren till ett popul\u00e4rt val f\u00f6r b\u00e5de hotellg\u00e4ster och bes\u00f6kare som letar efter en restaurang med \u00f6l i Stockholm. Oavsett om du planerar en lunch, middag eller vill uppt\u00e4cka en restaurang i Stockholm city med belgiska smaker, erbjuder Belgobaren en milj\u00f6 d\u00e4r mat, dryck och atmosf\u00e4r samspelar.&nbsp;&nbsp;<\/p>\n\n\n\n<div class=\"wp-block-buttons\">\n<div class=\"wp-block-button is-style-fill\"><a class=\"wp-block-button__link has-brand-500-background-color has-background wp-element-button\" href=\"https:\/\/belgobaren.se\/belgobaren-stockholm\" target=\"_blank\" rel=\"noreferrer noopener\">l\u00e4s mer om belgobaren<\/a><\/div>\n<\/div>\n<\/div>\n<\/div>\n<\/div>\n\n\n\n<div class=\"wp-block-group alignfull noice\">\n<div class=\"wp-block-columns has-2-columns\" style=\"column-gap: var(--wp--preset--spacing--40); row-gap: var(--wp--preset--spacing--40); border-top-color:var(--wp--preset--color--neutral-200);border-top-width:1px;padding-top:var(--wp--preset--spacing--60);padding-bottom:var(--wp--preset--spacing--80)\">\n<div class=\"wp-block-column\">\n<h2 class=\"wp-block-heading has-h-3-font-size\">Vanliga fr\u00e5gor och svar<\/h2>\n\n\n\n<div class=\"wp-block-buttons\" id=\"restaurang\">\n<div class=\"wp-block-button is-style-outline is-style-outline--1\"><a class=\"wp-block-button__link has-black-background-color has-background wp-element-button\" href=\"https:\/\/www.freyshotels.com\/freys\/fragor-och-svar\/#restaurang\" target=\"_blank\" rel=\"noreferrer noopener\">alla fr\u00e5gor och svar<\/a><\/div>\n<\/div>\n<\/div>\n\n\n\n<div class=\"wp-block-column\"><div \tclass=\"   \"\n\t>\n\t    <div\n                class=\"w-full    \"\n            >\n                    <div id=\"faq-2718\" x-data=\"{ open: false }\" class=\"py-spacing-10 border-b border-black\/10\">\n                <button x-on:click=\"open = ! open\" x-bind:class=\"open ? 'faq-close text-brand-500' : 'faq-open'\" aria-label=\"Visa svar\" class=\"group w-full flex items-start justify-between gap-x-4 text-left has-medium-font-size\">\n                    <span class=\"self-center flex-1 xl:group-hover:text-brand-500\">Beh\u00f6ver jag boka bord i Belgobaren?<\/span>\n                    <i x-bind:class=\"open ? 'icon-minus' : 'icon-plus'\" class=\"flex items-center justify-center size-10 min-w-10 bg-white rounded-full shadow-button text-[20px] text-neutral-600 focus:!shadow-button xl:hover:scale-110 transition-all duration-200\"><\/i>\n                <\/button>\n                <div x-cloak x-show=\"open\" class=\"mt-2\">\n                    <div class=\"py-3 md:py-4\">\n                        <p><span class=\"TextRun SCXW58872613 BCX0\" lang=\"SV-SE\" xml:lang=\"SV-SE\" data-contrast=\"auto\"><span class=\"NormalTextRun SCXW58872613 BCX0\">Vi rekommenderar att du <a href=\"https:\/\/belgobaren.se\/boka-bord\" target=\"_blank\" rel=\"noopener\">bokar bord<\/a> i f\u00f6rv\u00e4g, s\u00e4rskilt under kv\u00e4llstid, d\u00e5 restaurangen \u00e4r mycket popul\u00e4r.<\/span><\/span><span class=\"EOP SCXW58872613 BCX0\" data-ccp-props=\"{}\">\u00a0<\/span><\/p>\n                    <\/div>\n                <\/div>\n            <\/div>\n                        <div id=\"faq-2720\" x-data=\"{ open: false }\" class=\"py-spacing-10 border-b border-black\/10\">\n                <button x-on:click=\"open = ! open\" x-bind:class=\"open ? 'faq-close text-brand-500' : 'faq-open'\" aria-label=\"Visa svar\" class=\"group w-full flex items-start justify-between gap-x-4 text-left has-medium-font-size\">\n                    <span class=\"self-center flex-1 xl:group-hover:text-brand-500\">F\u00e5r hotellg\u00e4ster rabatt i restaurangen?<\/span>\n                    <i x-bind:class=\"open ? 'icon-minus' : 'icon-plus'\" class=\"flex items-center justify-center size-10 min-w-10 bg-white rounded-full shadow-button text-[20px] text-neutral-600 focus:!shadow-button xl:hover:scale-110 transition-all duration-200\"><\/i>\n                <\/button>\n                <div x-cloak x-show=\"open\" class=\"mt-2\">\n                    <div class=\"py-3 md:py-4\">\n                        <p><span class=\"TextRun SCXW250328415 BCX0\" lang=\"SV-SE\" xml:lang=\"SV-SE\" data-contrast=\"auto\"><span class=\"NormalTextRun SCXW250328415 BCX0\">Ja, n\u00e4r du bokar via v\u00e5r sajt f\u00e5r du 10 procent rabatt p\u00e5 maten i Belgobaren.<\/span><\/span><\/p>\n                    <\/div>\n                <\/div>\n            <\/div>\n                        <div id=\"faq-2719\" x-data=\"{ open: false }\" class=\"py-spacing-10 border-b border-black\/10\">\n                <button x-on:click=\"open = ! open\" x-bind:class=\"open ? 'faq-close text-brand-500' : 'faq-open'\" aria-label=\"Visa svar\" class=\"group w-full flex items-start justify-between gap-x-4 text-left has-medium-font-size\">\n                    <span class=\"self-center flex-1 xl:group-hover:text-brand-500\">Serverar Belgobaren lunch?<\/span>\n                    <i x-bind:class=\"open ? 'icon-minus' : 'icon-plus'\" class=\"flex items-center justify-center size-10 min-w-10 bg-white rounded-full shadow-button text-[20px] text-neutral-600 focus:!shadow-button xl:hover:scale-110 transition-all duration-200\"><\/i>\n                <\/button>\n                <div x-cloak x-show=\"open\" class=\"mt-2\">\n                    <div class=\"py-3 md:py-4\">\n                        <p><span class=\"TextRun SCXW84515532 BCX0\" lang=\"SV-SE\" xml:lang=\"SV-SE\" data-contrast=\"auto\"><span class=\"NormalTextRun SCXW84515532 BCX0\">Ja, Belgobaren serverar lunch fr\u00e5n en s\u00e4rskild <a href=\"https:\/\/belgobaren.se\/menyer\/lunchmeny\" target=\"_blank\" rel=\"noopener\">lunchmeny<\/a> med noggrant utvalda r\u00e4tter \u2013 perfekt f\u00f6r en god lunch i Stockholm city.<\/span><\/span><\/p>\n                    <\/div>\n                <\/div>\n            <\/div>\n                        <div id=\"faq-2721\" x-data=\"{ open: false }\" class=\"py-spacing-10 border-b border-black\/10\">\n                <button x-on:click=\"open = ! open\" x-bind:class=\"open ? 'faq-close text-brand-500' : 'faq-open'\" aria-label=\"Visa svar\" class=\"group w-full flex items-start justify-between gap-x-4 text-left has-medium-font-size\">\n                    <span class=\"self-center flex-1 xl:group-hover:text-brand-500\">Kan jag boka hotellmeny som g\u00e4st?\u00a0<\/span>\n                    <i x-bind:class=\"open ? 'icon-minus' : 'icon-plus'\" class=\"flex items-center justify-center size-10 min-w-10 bg-white rounded-full shadow-button text-[20px] text-neutral-600 focus:!shadow-button xl:hover:scale-110 transition-all duration-200\"><\/i>\n                <\/button>\n                <div x-cloak x-show=\"open\" class=\"mt-2\">\n                    <div class=\"py-3 md:py-4\">\n                        <p><span data-contrast=\"auto\">Ja, som hotellg\u00e4st kan du boka en s\u00e4rskild hotellmeny med tre r\u00e4tter till ett f\u00f6rm\u00e5nligt pris. Menyn f\u00f6rbokas i samband med din rumsbokning eller via v\u00e5r bokning.<\/span><\/p>\n                    <\/div>\n                <\/div>\n            <\/div>\n                <\/div>\n    <script type=\"application\/ld+json\">\n        {\n    \"@context\": \"https:\/\/schema.org\",\n    \"@type\": \"FAQPage\",\n    \"mainEntity\": [\n        {\n            \"@type\": \"Question\",\n            \"name\": \"Beh\u00f6ver jag boka bord i Belgobaren?\",\n            \"acceptedAnswer\": {\n                \"@type\": \"Answer\",\n                \"text\": \"Vi rekommenderar att du bokar bord i f\u00f6rv\u00e4g, s\u00e4rskilt under kv\u00e4llstid, d\u00e5 restaurangen \u00e4r mycket popul\u00e4r.\u00a0\"\n            }\n        },\n        {\n            \"@type\": \"Question\",\n            \"name\": \"F\u00e5r hotellg\u00e4ster rabatt i restaurangen?\",\n            \"acceptedAnswer\": {\n                \"@type\": \"Answer\",\n                \"text\": \"Ja, n\u00e4r du bokar via v\u00e5r sajt f\u00e5r du 10 procent rabatt p\u00e5 maten i Belgobaren.\"\n            }\n        },\n        {\n            \"@type\": \"Question\",\n            \"name\": \"Serverar Belgobaren lunch?\",\n            \"acceptedAnswer\": {\n                \"@type\": \"Answer\",\n                \"text\": \"Ja, Belgobaren serverar lunch fr\u00e5n en s\u00e4rskild lunchmeny med noggrant utvalda r\u00e4tter \u2013 perfekt f\u00f6r en god lunch i Stockholm city.\"\n            }\n        },\n        {\n            \"@type\": \"Question\",\n            \"name\": \"Kan jag boka hotellmeny som g\u00e4st?\u00a0\",\n            \"acceptedAnswer\": {\n                \"@type\": \"Answer\",\n                \"text\": \"Ja, som hotellg\u00e4st kan du boka en s\u00e4rskild hotellmeny med tre r\u00e4tter till ett f\u00f6rm\u00e5nligt pris. Menyn f\u00f6rbokas i samband med din rumsbokning eller via v\u00e5r bokning.\"\n            }\n        }\n    ]\n}    <\/script>\n    <\/div><\/div>\n<\/div>\n<\/div>\n","protected":false},"excerpt":{"rendered":"<p>Restaurang Belgobaren Belgobaren ligger i direkt anslutning till Freys&nbsp;Hotel&nbsp;och \u00e4r en naturlig del av din vistelse hos oss. H\u00e4r serveras v\u00e5r hotellfrukost varje morgon, och under dagen kan du njuta av en god lunch fr\u00e5n v\u00e5r s\u00e4rskilda lunchmeny. P\u00e5 kv\u00e4llen erbjuds en v\u00e4lkomponerad meny i en livfull och trivsam milj\u00f6.&nbsp; Som hotellg\u00e4st har du \u00e4ven [&hellip;]<\/p>\n","protected":false},"author":1,"featured_media":931,"parent":0,"menu_order":30,"comment_status":"closed","ping_status":"closed","template":"","meta":{"_acf_changed":false,"footnotes":""},"page_category":[],"page_tag":[],"class_list":["post-258","page","type-page","status-publish","has-post-thumbnail","hentry"],"acf":[],"publishpress_future_action":{"enabled":false,"date":"2026-05-06 13:28:30","action":"change-status","newStatus":"draft","terms":[],"taxonomy":"page_category","extraData":[]},"publishpress_future_workflow_manual_trigger":{"enabledWorkflows":[]},"_links":{"self":[{"href":"https:\/\/www.freyshotels.com\/freys\/wp-json\/wp\/v2\/pages\/258","targetHints":{"allow":["GET"]}}],"collection":[{"href":"https:\/\/www.freyshotels.com\/freys\/wp-json\/wp\/v2\/pages"}],"about":[{"href":"https:\/\/www.freyshotels.com\/freys\/wp-json\/wp\/v2\/types\/page"}],"author":[{"embeddable":true,"href":"https:\/\/www.freyshotels.com\/freys\/wp-json\/wp\/v2\/users\/1"}],"replies":[{"embeddable":true,"href":"https:\/\/www.freyshotels.com\/freys\/wp-json\/wp\/v2\/comments?post=258"}],"version-history":[{"count":28,"href":"https:\/\/www.freyshotels.com\/freys\/wp-json\/wp\/v2\/pages\/258\/revisions"}],"predecessor-version":[{"id":2931,"href":"https:\/\/www.freyshotels.com\/freys\/wp-json\/wp\/v2\/pages\/258\/revisions\/2931"}],"wp:featuredmedia":[{"embeddable":true,"href":"https:\/\/www.freyshotels.com\/freys\/wp-json\/"}],"wp:attachment":[{"href":"https:\/\/www.freyshotels.com\/freys\/wp-json\/wp\/v2\/media?parent=258"}],"wp:term":[{"taxonomy":"page_category","embeddable":true,"href":"https:\/\/www.freyshotels.com\/freys\/wp-json\/wp\/v2\/page_category?post=258"},{"taxonomy":"page_tag","embeddable":true,"href":"https:\/\/www.freyshotels.com\/freys\/wp-json\/wp\/v2\/page_tag?post=258"}],"curies":[{"name":"wp","href":"https:\/\/api.w.org\/{rel}","templated":true}]}}