{"id":2731,"date":"2026-04-17T06:14:17","date_gmt":"2026-04-17T06:14:17","guid":{"rendered":"https:\/\/www.freyshotels.com\/freys\/?page_id=2731"},"modified":"2026-04-19T10:59:35","modified_gmt":"2026-04-19T10:59:35","slug":"gym-bastu-relax","status":"publish","type":"page","link":"https:\/\/www.freyshotels.com\/freys\/gym-bastu-relax\/","title":{"rendered":"Gym, bastu och relax"},"content":{"rendered":"\n<div class=\"wp-block-columns has-2-columns alignfull paralax reverse wrap-lg min-h-screen\" style=\" padding-top:0;padding-right:0;padding-bottom:0;padding-left:0\">\n<div class=\"wp-block-column\" style=\"flex-basis:50%\">\n<div style=\"aspect-ratio:auto; justify-content:flex-end; padding-top:var(--wp--preset--spacing--40);padding-bottom:var(--wp--preset--spacing--40);padding-left:var(--wp--preset--spacing--40);padding-right:var(--wp--preset--spacing--40); min-height:100%;\" class=\"align wp-block-create-block-tankbar-multiblock has-text-color has-background\">\n\n\t<div class=\"multiblock-bg\">\n\n\t\t\t\t<div class=\"absolute inset-0 image-center-center\">\n\t\t\t\t<img decoding=\"async\" class=\"h-full w-full object-cover\" src=\"https:\/\/www.freyshotels.com\/freys\/wp-content\/uploads\/2026\/04\/freys_hotel_bastu.jpg\" alt=\"Gym, bastu och relax\" \/>\n\t\t\t<\/div>\n\t\t\t\n\t\n\t\n\t\n\t\n\t<\/div><!-- .multiblock-bg -->\n\n\t<div class=\"multiblock-inner\">\n\t\t\n\n<div class=\"wp-block-group\" style=\"min-height:30vh\"><\/div>\n\n\t<\/div>\n\n\t<\/div>\n<\/div>\n\n\n\n<div class=\"wp-block-column split noice has-brand-200-background-color has-background\" style=\"padding-top:var(--wp--preset--spacing--60);padding-right:var(--wp--preset--spacing--60);padding-bottom:var(--wp--preset--spacing--60);padding-left:var(--wp--preset--spacing--60)\">\n<h1 class=\"wp-block-heading has-brand-500-color has-text-color has-link-color has-h-1-font-size wp-elements-70bac70de93147758a543b116167af34\">Gym, bastu och relax<\/h1>\n\n\n\n<p class=\"has-medium-font-size\" style=\"margin-bottom:var(--wp--preset--spacing--50)\">I v\u00e5ra k\u00e4llarlokaler hittar du v\u00e5rt gym, bastu och relax. H\u00e4r finns m\u00f6jlighet att b\u00e5de tr\u00e4na och koppla av under din vistelse hos oss. S\u00e5v\u00e4l gym som bastu ing\u00e5r utan extra kostnad f\u00f6r alla hotellets g\u00e4ster.<\/p>\n\n\n\n<div class=\"wp-block-buttons mt-auto\">\n<div class=\"wp-block-button is-style-fill\"><a class=\"wp-block-button__link has-brand-500-background-color has-background wp-element-button\" href=\"#oppettider\">\u00d6ppettider<\/a><\/div>\n<\/div>\n<\/div>\n<\/div>\n\n\n\n<div class=\"wp-block-group alignfull noice has-brand-100-background-color has-background\" style=\"border-top-left-radius:16px;border-top-right-radius:16px\">\n<div class=\"wp-block-columns has-2-columns alignfull are-vertically-aligned-center sticky-column\" style=\"column-gap: var(--wp--preset--spacing--80); row-gap: var(--wp--preset--spacing--30); padding-top:var(--wp--preset--spacing--80);padding-bottom:var(--wp--preset--spacing--80)\">\n<div class=\"wp-block-column is-vertically-aligned-center\">\t<div \t\tclass=\"media-container aspect-square    \"\n\t\t\t>\n\t\t<img loading=\"lazy\" decoding=\"async\" width=\"1024\" height=\"647\" src=\"https:\/\/www.freyshotels.com\/freys\/wp-content\/uploads\/2026\/04\/freys_hotel_relax-1024x647.jpg\" class=\"absolute h-full w-full object-cover rounded-2xl image-center-center\" alt=\"\" sizes=\"auto, (min-width: 1024px) 1600px, 1024px\" data-sizes=\"auto\" srcset=\"https:\/\/www.freyshotels.com\/freys\/wp-content\/uploads\/2026\/04\/freys_hotel_relax-1024x647.jpg 1024w, https:\/\/www.freyshotels.com\/freys\/wp-content\/uploads\/2026\/04\/freys_hotel_relax-300x190.jpg 300w, https:\/\/www.freyshotels.com\/freys\/wp-content\/uploads\/2026\/04\/freys_hotel_relax-768x486.jpg 768w, https:\/\/www.freyshotels.com\/freys\/wp-content\/uploads\/2026\/04\/freys_hotel_relax-1536x971.jpg 1536w, https:\/\/www.freyshotels.com\/freys\/wp-content\/uploads\/2026\/04\/freys_hotel_relax.jpg 1920w\" \/>\t<\/div>\n\t<\/div>\n\n\n\n<div class=\"wp-block-column is-vertically-aligned-center\">\n<p class=\"has-brand-400-color has-text-color has-link-color has-script-medium-font-size wp-elements-6c556e17178bb6f1992aac4c9916f0fa\">Gym, bastu och relax<\/p>\n\n\n\n<h2 class=\"wp-block-heading has-brand-600-color has-text-color has-link-color has-h-3-font-size wp-elements-eaa8107b6994e1090e09a43b9fab3b6c\">Avkoppling och v\u00e4lbefinnande p\u00e5 <br>Freys Hotel i centrala Stockholm<\/h2>\n\n\n\n<p class=\"has-brand-600-color has-text-color has-link-color wp-elements-6ff999374eedd001a3c4d1cd670b3249\">H\u00e4r kan du varva ner efter en dag p\u00e5 stan eller starta morgonen med ett tr\u00e4ningspass. I v\u00e5ra k\u00e4llarlokaler finns m\u00f6jlighet att tr\u00e4na, koppla av och njuta av sk\u00f6nt bastubad. Som g\u00e4st har du fri tillg\u00e5ng till s\u00e5v\u00e4l gym som bastu. Bastun kan f\u00f6rbokas en timme per s\u00e4llskap i m\u00e5n av plats. Fr\u00e5ga g\u00e4rna i receptionen f\u00f6r kod och mer information.<\/p>\n<\/div>\n<\/div>\n\n\n\n<div class=\"wp-block-columns has-2-columns alignfull are-vertically-aligned-center sticky-column\" id=\"oppettider\" style=\"column-gap: var(--wp--preset--spacing--80); row-gap: var(--wp--preset--spacing--30); padding-top:var(--wp--preset--spacing--80);padding-bottom:var(--wp--preset--spacing--80)\">\n<div class=\"wp-block-column is-vertically-aligned-center\">\t<div \t\tclass=\"media-container aspect-square    \"\n\t\t\t>\n\t\t<img loading=\"lazy\" decoding=\"async\" width=\"1024\" height=\"683\" src=\"https:\/\/www.freyshotels.com\/freys\/wp-content\/uploads\/2026\/04\/freys_hotel_gym-1024x683.jpg\" class=\"absolute h-full w-full object-cover rounded-2xl image-center-center\" alt=\"\" sizes=\"auto, (min-width: 1024px) 1600px, 1024px\" data-sizes=\"auto\" srcset=\"https:\/\/www.freyshotels.com\/freys\/wp-content\/uploads\/2026\/04\/freys_hotel_gym-1024x683.jpg 1024w, https:\/\/www.freyshotels.com\/freys\/wp-content\/uploads\/2026\/04\/freys_hotel_gym-300x200.jpg 300w, https:\/\/www.freyshotels.com\/freys\/wp-content\/uploads\/2026\/04\/freys_hotel_gym-768x512.jpg 768w, https:\/\/www.freyshotels.com\/freys\/wp-content\/uploads\/2026\/04\/freys_hotel_gym-1536x1025.jpg 1536w, https:\/\/www.freyshotels.com\/freys\/wp-content\/uploads\/2026\/04\/freys_hotel_gym.jpg 1920w\" \/>\t<\/div>\n\t<\/div>\n\n\n\n<div class=\"wp-block-column is-vertically-aligned-center\">\n<h2 class=\"wp-block-heading has-brand-600-color has-text-color has-link-color wp-elements-5297913b702db2f9cafee3505116cd53\">Gymmets \u00f6ppettider<\/h2>\n\n\n\n<p class=\"has-brand-600-color has-text-color has-link-color has-medium-font-size wp-elements-34fcd5c4a457d399716961fa06883b1c\">Alla dagar kl.07.00- 21.00.<\/p>\n\n\n\n<h3 class=\"wp-block-heading has-h-5-font-size\">Gymmet \u00e4r utrustat med f\u00f6ljande maskiner och redskap<\/h3>\n\n\n\n<ul class=\"wp-block-list check\">\n<li>Kettlebells<\/li>\n\n\n\n<li>Hantlar<\/li>\n\n\n\n<li>Cable cross<\/li>\n\n\n\n<li>Skivst\u00e5ng<\/li>\n\n\n\n<li>L\u00f6pband<\/li>\n\n\n\n<li>Motionscykel<\/li>\n\n\n\n<li>Roddmaskin<\/li>\n\n\n\n<li>Romerska ringar<\/li>\n\n\n\n<li>Pilatesboll<\/li>\n\n\n\n<li>Hopprep<\/li>\n\n\n\n<li>Justerbar b\u00e4nk<\/li>\n\n\n\n<li>Gummiband<\/li>\n\n\n\n<li>Yogamattor<\/li>\n<\/ul>\n<\/div>\n<\/div>\n<\/div>\n\n\n\n<div class=\"wp-block-group alignfull noice has-brand-200-background-color has-background\" style=\"padding-top:var(--wp--preset--spacing--60);padding-bottom:var(--wp--preset--spacing--60)\">    <div\n                class=\"   \"\n            >\n        <div class=\"w-full grid sm:grid-cols-2 gap-5 md:gap-8 xxl:gap-10 img_card\">    <a href=\"https:\/\/www.freyshotels.com\/freys\/se-och-gora-i-stockholm\/\"\n       aria-label=\"Se och g\u00f6ra i Stockholm\"\n       class=\"relative group !flex flex-col h-full overflow-hidden no-underline text-white rounded-xl \"\n    >\n\n        <div class=\"absolute inset-0\">\n            <img loading=\"lazy\" decoding=\"async\" width=\"768\" height=\"512\" src=\"https:\/\/www.freyshotels.com\/freys\/wp-content\/uploads\/2026\/04\/freys_hotel_utsikt_vasagatan-768x512.jpg\" class=\"absolute w-full h-full object-cover object-center\" alt=\"\" srcset=\"https:\/\/www.freyshotels.com\/freys\/wp-content\/uploads\/2026\/04\/freys_hotel_utsikt_vasagatan-768x512.jpg 768w, https:\/\/www.freyshotels.com\/freys\/wp-content\/uploads\/2026\/04\/freys_hotel_utsikt_vasagatan-300x200.jpg 300w, https:\/\/www.freyshotels.com\/freys\/wp-content\/uploads\/2026\/04\/freys_hotel_utsikt_vasagatan-1024x683.jpg 1024w, https:\/\/www.freyshotels.com\/freys\/wp-content\/uploads\/2026\/04\/freys_hotel_utsikt_vasagatan-1536x1024.jpg 1536w, https:\/\/www.freyshotels.com\/freys\/wp-content\/uploads\/2026\/04\/freys_hotel_utsikt_vasagatan.jpg 1920w\" sizes=\"auto, (max-width: 768px) 100vw, 768px\" \/>        <\/div>\n\n        <div class=\"absolute inset-0 pointer-events-none bg-gradient-to-r from-black\/40 to-black\/20 opacity-100 xl:group-hover:opacity-70 transition-all duration-300\"><\/div>\n\n        <div class=\"relative p-spacing-40 flex-1 flex flex-col items-start maxxl:!aspect-auto maxlg:!py-spacing-80 xl:aspect-[4\/3]\">\n            <div class=\"relative h-full flex flex-col items-center text-center justify-center lg:justify-start lg:items-start lg:text-left\">\n                                <div class=\"has-script-small-font-size\">Freys tipsar<\/div>\n                                <h3 class=\"uppercase xl:group-hover:underlined\">Se och g\u00f6ra i Stockholm<\/h3>\n                <p class=\"mb-spacing-80\">Freys Hotel erbjuder det perfekta utg\u00e5ngsl\u00e4get f\u00f6r din vistelse i Stockholm. Vi \u00e4r angel\u00e4gna om att g\u00f6ra v\u00e5rt yttersta f\u00f6r att du som g\u00e4st ska f\u00e5 ut s\u00e5 mycket som m\u00f6jligt under ditt bes\u00f6k hos oss. Vi har d\u00e4rf\u00f6r tagit fram personliga tips p\u00e5 restauranger, caf\u00e9er och saker att se och g\u00f6ra. Vi hoppas att du uppskattar v\u00e5ra tips!<\/p>\n                <div class=\"is-style-outline wp-block-button__link has-background has-white-background-color mt-auto\">L\u00e4s mer<\/div>\n            <\/div>\n        <\/div>\n    <\/a>\n        <a href=\"https:\/\/www.freyshotels.com\/freys\/hotell-stockholm\/hotellrum\/\"\n       aria-label=\"Hotellrum\"\n       class=\"relative group !flex flex-col h-full overflow-hidden no-underline text-white rounded-xl \"\n    >\n\n        <div class=\"absolute inset-0\">\n            <img loading=\"lazy\" decoding=\"async\" width=\"768\" height=\"488\" src=\"https:\/\/www.freyshotels.com\/freys\/wp-content\/uploads\/2026\/04\/freys_hotel_superior_plus_1-768x488.jpg\" class=\"absolute w-full h-full object-cover object-center\" alt=\"\" srcset=\"https:\/\/www.freyshotels.com\/freys\/wp-content\/uploads\/2026\/04\/freys_hotel_superior_plus_1-768x488.jpg 768w, https:\/\/www.freyshotels.com\/freys\/wp-content\/uploads\/2026\/04\/freys_hotel_superior_plus_1-300x191.jpg 300w, https:\/\/www.freyshotels.com\/freys\/wp-content\/uploads\/2026\/04\/freys_hotel_superior_plus_1-1024x651.jpg 1024w, https:\/\/www.freyshotels.com\/freys\/wp-content\/uploads\/2026\/04\/freys_hotel_superior_plus_1-1536x977.jpg 1536w, https:\/\/www.freyshotels.com\/freys\/wp-content\/uploads\/2026\/04\/freys_hotel_superior_plus_1.jpg 1920w\" sizes=\"auto, (max-width: 768px) 100vw, 768px\" \/>        <\/div>\n\n        <div class=\"absolute inset-0 pointer-events-none bg-gradient-to-r from-black\/40 to-black\/20 opacity-100 xl:group-hover:opacity-70 transition-all duration-300\"><\/div>\n\n        <div class=\"relative p-spacing-40 flex-1 flex flex-col items-start maxxl:!aspect-auto maxlg:!py-spacing-80 xl:aspect-[4\/3]\">\n            <div class=\"relative h-full flex flex-col items-center text-center justify-center lg:justify-start lg:items-start lg:text-left\">\n                                <div class=\"has-script-small-font-size\">Hem ljuva hotell<\/div>\n                                <h3 class=\"uppercase xl:group-hover:underlined\">Hotellrum<\/h3>\n                <p class=\"mb-spacing-80\">Bo i mysiga hotellrum i centrala Stockholm n\u00e4ra Centralstationen. V\u00e4lj mellan standardrum, superiorrum och svit med balkong. Hotellfrukost ing\u00e5r alltid.<\/p>\n                <div class=\"is-style-outline wp-block-button__link has-background has-white-background-color mt-auto\">L\u00e4s mer<\/div>\n            <\/div>\n        <\/div>\n    <\/a>\n    <\/div>    <\/div>\n    <\/div>\n\n\n\n<div class=\"wp-block-group alignfull has-brand-100-background-color has-background\" style=\"padding-top:var(--wp--preset--spacing--60);padding-bottom:0\">\n<div class=\"wp-block-columns has-2-columns are-vertically-aligned-bottom is-not-stacked-on-mobile wrap-none\" style=\"column-gap: var(--wp--preset--spacing--40); row-gap: var(--wp--preset--spacing--20);\">\n<div class=\"wp-block-column is-vertically-aligned-bottom\">\n<h2 class=\"wp-block-heading has-h-3-font-size\">Hotell\u00ad\u00aderbjudanden<\/h2>\n<\/div>\n\n\n\n<div class=\"wp-block-column is-vertically-aligned-bottom\">\n<div class=\"wp-block-buttons\" style=\"justify-content: flex-end;\">\n<div class=\"wp-block-button is-style-outline is-style-outline--1\"><a class=\"wp-block-button__link has-black-background-color has-background wp-element-button\" href=\"\/freys\/hotell-stockholm\/hotellerbjudanden\/\">Visa alla<\/a><\/div>\n<\/div>\n<\/div>\n<\/div>\n\n\n    <div\n                class=\"   \"\n        style=\"margin-top: var(--wp--preset--spacing--40);\"    >\n        <div class=\"grid-swiper relative -mx-4 md:mx-0 \" data-slides-per-view=\"3\" data-image-nav><div class=\"swiper\"><div class=\"w-full swiper-wrapper\">    <a href=\"https:\/\/www.freyshotels.com\/freys\/hotell-stockholm\/hotellerbjudanden\/sommarerbjudande\/\"\n       aria-label=\"Sommarerbjudande\"\n       class=\"relative group overflow-hidden no-underline !flex flex-col swiper-slide !h-auto \"\n    >\n        <div class=\"relative aspect-[8\/5] overflow-hidden rounded-xl\">\n            <img loading=\"lazy\" decoding=\"async\" width=\"768\" height=\"513\" src=\"https:\/\/www.freyshotels.com\/freys\/wp-content\/uploads\/2026\/04\/freys_hotel_balkong_svit-768x513.jpg\" class=\"absolute w-full h-full object-cover object-center\" alt=\"\" srcset=\"https:\/\/www.freyshotels.com\/freys\/wp-content\/uploads\/2026\/04\/freys_hotel_balkong_svit-768x513.jpg 768w, https:\/\/www.freyshotels.com\/freys\/wp-content\/uploads\/2026\/04\/freys_hotel_balkong_svit-300x200.jpg 300w, https:\/\/www.freyshotels.com\/freys\/wp-content\/uploads\/2026\/04\/freys_hotel_balkong_svit-1024x684.jpg 1024w, https:\/\/www.freyshotels.com\/freys\/wp-content\/uploads\/2026\/04\/freys_hotel_balkong_svit-1536x1026.jpg 1536w, https:\/\/www.freyshotels.com\/freys\/wp-content\/uploads\/2026\/04\/freys_hotel_balkong_svit.jpg 1920w\" sizes=\"auto, (max-width: 768px) 100vw, 768px\" \/>            <div class=\"absolute top-spacing-10 left-spacing-10 flex flex-wrap gap-2\">\n                                    <div class=\"chip bg-brand-100\">\n                        20% rabatt                    <\/div>\n                            <\/div>\n        <\/div>\n        <div class=\"has-small-font-size flex-1 pt-spacing-10\" >\n                        <h3 class=\"has-medium-font-size font-medium xl:group-hover:underlined\">Sommarerbjudande<\/h3>\n                            <div class=\"mt-0.5\">Upplev underbara Stockholm under sommaren och bo p\u00e5 Freys Hotel. Bo minst 2 n\u00e4tter mellan 29 juni och 9 augusti 2026 och f\u00e5 20 procent rabatt p\u00e5 din vistelse.<\/div>\n                                        <div class=\"mt-spacing-10\"><\/div>\n                    <\/div>\n    <\/a>\n        <a href=\"https:\/\/www.freyshotels.com\/freys\/hotell-stockholm\/hotellerbjudanden\/romantisk-weekend-stockholm\/\"\n       aria-label=\"Romantisk Weekend Stockholm\"\n       class=\"relative group overflow-hidden no-underline !flex flex-col swiper-slide !h-auto \"\n    >\n        <div class=\"relative aspect-[8\/5] overflow-hidden rounded-xl\">\n            <img loading=\"lazy\" decoding=\"async\" width=\"768\" height=\"512\" src=\"https:\/\/www.freyshotels.com\/freys\/wp-content\/uploads\/2026\/04\/freys_hotel_romantisktpaket-768x512.jpg\" class=\"absolute w-full h-full object-cover object-center\" alt=\"\" srcset=\"https:\/\/www.freyshotels.com\/freys\/wp-content\/uploads\/2026\/04\/freys_hotel_romantisktpaket-768x512.jpg 768w, https:\/\/www.freyshotels.com\/freys\/wp-content\/uploads\/2026\/04\/freys_hotel_romantisktpaket-300x200.jpg 300w, https:\/\/www.freyshotels.com\/freys\/wp-content\/uploads\/2026\/04\/freys_hotel_romantisktpaket-1024x683.jpg 1024w, https:\/\/www.freyshotels.com\/freys\/wp-content\/uploads\/2026\/04\/freys_hotel_romantisktpaket-1536x1024.jpg 1536w, https:\/\/www.freyshotels.com\/freys\/wp-content\/uploads\/2026\/04\/freys_hotel_romantisktpaket.jpg 1920w\" sizes=\"auto, (max-width: 768px) 100vw, 768px\" \/>            <div class=\"absolute top-spacing-10 left-spacing-10 flex flex-wrap gap-2\">\n                                    <div class=\"chip bg-brand-100\">\n                        Romantik                    <\/div>\n                            <\/div>\n        <\/div>\n        <div class=\"has-small-font-size flex-1 pt-spacing-10\" >\n                        <h3 class=\"has-medium-font-size font-medium xl:group-hover:underlined\">Romantisk Weekend Stockholm<\/h3>\n                            <div class=\"mt-0.5\">Boka romantisk weekend i Stockholm. Njut av \u00f6vernattning, champagne, 3-r\u00e4tters middag, choklad, frukost och sen utcheckning.<\/div>\n                                        <div class=\"mt-spacing-10\"><\/div>\n                    <\/div>\n    <\/a>\n        <a href=\"https:\/\/www.freyshotels.com\/freys\/hotell-stockholm\/hotellerbjudanden\/boka-2-natter-fa-25-procent-rabatt\/\"\n       aria-label=\"Boka 2 n\u00e4tter f\u00e5 25 procent rabatt\"\n       class=\"relative group overflow-hidden no-underline !flex flex-col swiper-slide !h-auto \"\n    >\n        <div class=\"relative aspect-[8\/5] overflow-hidden rounded-xl\">\n            <img loading=\"lazy\" decoding=\"async\" width=\"768\" height=\"426\" src=\"https:\/\/www.freyshotels.com\/freys\/wp-content\/uploads\/2026\/04\/freys_hotel_dubbelrum_9-768x426.jpg\" class=\"absolute w-full h-full object-cover object-center\" alt=\"\" srcset=\"https:\/\/www.freyshotels.com\/freys\/wp-content\/uploads\/2026\/04\/freys_hotel_dubbelrum_9-768x426.jpg 768w, https:\/\/www.freyshotels.com\/freys\/wp-content\/uploads\/2026\/04\/freys_hotel_dubbelrum_9-300x166.jpg 300w, https:\/\/www.freyshotels.com\/freys\/wp-content\/uploads\/2026\/04\/freys_hotel_dubbelrum_9-1024x568.jpg 1024w, https:\/\/www.freyshotels.com\/freys\/wp-content\/uploads\/2026\/04\/freys_hotel_dubbelrum_9-1536x852.jpg 1536w, https:\/\/www.freyshotels.com\/freys\/wp-content\/uploads\/2026\/04\/freys_hotel_dubbelrum_9.jpg 1920w\" sizes=\"auto, (max-width: 768px) 100vw, 768px\" \/>            <div class=\"absolute top-spacing-10 left-spacing-10 flex flex-wrap gap-2\">\n                                    <div class=\"chip bg-brand-100\">\n                        25% rabatt                    <\/div>\n                            <\/div>\n        <\/div>\n        <div class=\"has-small-font-size flex-1 pt-spacing-10\" >\n                        <h3 class=\"has-medium-font-size font-medium xl:group-hover:underlined\">Boka 2 n\u00e4tter f\u00e5 25 procent rabatt<\/h3>\n                            <div class=\"mt-0.5\">Boka tv\u00e5 n\u00e4tter f\u00e5 25 procent rabatt p\u00e5 andra natten eller boka fler och f\u00e5 mer. Erbjudandet kan bokas utvalda dagar.<\/div>\n                                        <div class=\"mt-spacing-10\"><\/div>\n                    <\/div>\n    <\/a>\n    <\/div><\/div><div aria-disabled=\"true\" class=\"swiper-button-prev icon-arrow !hidden md:!flex\"><\/div><div class=\"swiper-button-next icon-arrow !hidden md:!flex\"><\/div><div class=\"swiper-pagination\"><\/div><\/div>    <\/div>\n    <\/div>\n\n\n\n<div class=\"wp-block-columns has-2-columns alignfull are-vertically-aligned-center noice\" style=\"column-gap: var(--wp--preset--spacing--80); row-gap: var(--wp--preset--spacing--30); padding-top:var(--wp--preset--spacing--60);padding-bottom:var(--wp--preset--spacing--80)\">\n<div class=\"wp-block-column is-vertically-aligned-center stick\">\t<div \t\tclass=\"media-container aspect-square    \"\n\t\t\t>\n\t\t<img loading=\"lazy\" decoding=\"async\" width=\"1024\" height=\"551\" src=\"https:\/\/www.freyshotels.com\/freys\/wp-content\/uploads\/2026\/04\/freys_hotel_reception_personal1-1024x551.jpg\" class=\"absolute h-full w-full object-cover rounded-2xl image-center-center\" alt=\"\" sizes=\"auto, (min-width: 1024px) 1600px, 1024px\" data-sizes=\"auto\" srcset=\"https:\/\/www.freyshotels.com\/freys\/wp-content\/uploads\/2026\/04\/freys_hotel_reception_personal1-1024x551.jpg 1024w, https:\/\/www.freyshotels.com\/freys\/wp-content\/uploads\/2026\/04\/freys_hotel_reception_personal1-300x162.jpg 300w, https:\/\/www.freyshotels.com\/freys\/wp-content\/uploads\/2026\/04\/freys_hotel_reception_personal1-768x414.jpg 768w, https:\/\/www.freyshotels.com\/freys\/wp-content\/uploads\/2026\/04\/freys_hotel_reception_personal1-1536x827.jpg 1536w, https:\/\/www.freyshotels.com\/freys\/wp-content\/uploads\/2026\/04\/freys_hotel_reception_personal1.jpg 1920w\" \/>\t<\/div>\n\t<\/div>\n\n\n\n<div class=\"wp-block-column is-vertically-aligned-center\">\n<p class=\"has-brand-400-color has-text-color has-link-color has-script-medium-font-size wp-elements-fe09fcd8069b18a53f93948c95896b7e\">Mitt i city<\/p>\n\n\n\n<h2 class=\"wp-block-heading has-brand-600-color has-text-color has-link-color has-h-3-font-size wp-elements-8fde4e31feb2906dfcde5e1924af5053\">hitta hit<\/h2>\n\n\n\n<p class=\"has-brand-600-color has-text-color has-link-color wp-elements-a4293ad30b32b1943616339176fc7921\">Freys&nbsp;Hotel&nbsp;ligger centralt i Stockholm city p\u00e5 Vasagatan, med kort g\u00e5ngavst\u00e5nd till Stockholm Centralstation, Cityterminalen och Arlanda Express.<br><br>H\u00e4rifr\u00e5n tar du dig enkelt vidare, oavsett om du anl\u00e4nder med t\u00e5g, buss eller flyg. I omr\u00e5det finns restauranger, caf\u00e9er, shopping och sev\u00e4rdheter \u2013 allt inom bekv\u00e4mt r\u00e4ckh\u00e5ll fr\u00e5n hotellet.&nbsp;<\/p>\n\n\n\n<div class=\"wp-block-buttons\">\n<div class=\"wp-block-button is-style-fill\"><a class=\"wp-block-button__link has-brand-500-background-color has-background wp-element-button\" href=\"\/hitta-hit#freys-hotel\">hitta till freys hotel<\/a><\/div>\n<\/div>\n<\/div>\n<\/div>\n","protected":false},"excerpt":{"rendered":"<p>I v\u00e5ra k\u00e4llarlokaler hittar du v\u00e5rt gym, bastu och relax. H\u00e4r finns m\u00f6jlighet att tr\u00e4na och koppla av under din vistelse hos oss. S\u00e5v\u00e4l gym som bastu ing\u00e5r utan extra kostnad f\u00f6r alla hotellets g\u00e4ster.<\/p>\n","protected":false},"author":1,"featured_media":963,"parent":0,"menu_order":45,"comment_status":"closed","ping_status":"closed","template":"","meta":{"_acf_changed":false,"footnotes":""},"page_category":[],"page_tag":[],"class_list":["post-2731","page","type-page","status-publish","has-post-thumbnail","hentry"],"acf":[],"publishpress_future_action":{"enabled":false,"date":"2026-05-06 13:36:19","action":"change-status","newStatus":"draft","terms":[],"taxonomy":"page_category","extraData":[]},"publishpress_future_workflow_manual_trigger":{"enabledWorkflows":[]},"_links":{"self":[{"href":"https:\/\/www.freyshotels.com\/freys\/wp-json\/wp\/v2\/pages\/2731","targetHints":{"allow":["GET"]}}],"collection":[{"href":"https:\/\/www.freyshotels.com\/freys\/wp-json\/wp\/v2\/pages"}],"about":[{"href":"https:\/\/www.freyshotels.com\/freys\/wp-json\/wp\/v2\/types\/page"}],"author":[{"embeddable":true,"href":"https:\/\/www.freyshotels.com\/freys\/wp-json\/wp\/v2\/users\/1"}],"replies":[{"embeddable":true,"href":"https:\/\/www.freyshotels.com\/freys\/wp-json\/wp\/v2\/comments?post=2731"}],"version-history":[{"count":13,"href":"https:\/\/www.freyshotels.com\/freys\/wp-json\/wp\/v2\/pages\/2731\/revisions"}],"predecessor-version":[{"id":2863,"href":"https:\/\/www.freyshotels.com\/freys\/wp-json\/wp\/v2\/pages\/2731\/revisions\/2863"}],"wp:featuredmedia":[{"embeddable":true,"href":"https:\/\/www.freyshotels.com\/freys\/wp-json\/"}],"wp:attachment":[{"href":"https:\/\/www.freyshotels.com\/freys\/wp-json\/wp\/v2\/media?parent=2731"}],"wp:term":[{"taxonomy":"page_category","embeddable":true,"href":"https:\/\/www.freyshotels.com\/freys\/wp-json\/wp\/v2\/page_category?post=2731"},{"taxonomy":"page_tag","embeddable":true,"href":"https:\/\/www.freyshotels.com\/freys\/wp-json\/wp\/v2\/page_tag?post=2731"}],"curies":[{"name":"wp","href":"https:\/\/api.w.org\/{rel}","templated":true}]}}