{"id":276,"date":"2026-03-02T10:33:33","date_gmt":"2026-03-02T10:33:33","guid":{"rendered":"https:\/\/www.freyshotels.com\/freys-hotel\/?page_id=276"},"modified":"2026-04-17T10:38:38","modified_gmt":"2026-04-17T10:38:38","slug":"hotellrum","status":"publish","type":"page","link":"https:\/\/www.freyshotels.com\/freys\/hotell-stockholm\/hotellrum\/","title":{"rendered":"Hotellrum"},"content":{"rendered":"\n<div class=\"wp-block-columns has-2-columns alignfull paralax reverse wrap-lg min-h-screen\" style=\" padding-top:0;padding-right:0;padding-bottom:0;padding-left:0\">\n<div class=\"wp-block-column\" style=\"flex-basis:50%\">\n<div style=\"aspect-ratio:auto; justify-content:flex-end; padding-top:var(--wp--preset--spacing--40);padding-bottom:var(--wp--preset--spacing--40);padding-left:var(--wp--preset--spacing--40);padding-right:var(--wp--preset--spacing--40); min-height:100%;\" class=\"align wp-block-create-block-tankbar-multiblock has-text-color has-background\">\n\n\t<div class=\"multiblock-bg\">\n\n\t\t\t\t<div class=\"absolute inset-0 image-center-center\">\n\t\t\t\t<img decoding=\"async\" class=\"h-full w-full object-cover\" src=\"https:\/\/www.freyshotels.com\/freys\/wp-content\/uploads\/2026\/04\/freys_hotel_superior_plus_1.jpg\" alt=\"Hotellrum\" \/>\n\t\t\t<\/div>\n\t\t\t\n\t\n\t\n\t\n\t\n\t<\/div><!-- .multiblock-bg -->\n\n\t<div class=\"multiblock-inner\">\n\t\t\n\n<div class=\"wp-block-group\" style=\"min-height:30vh\"><\/div>\n\n\t<\/div>\n\n\t<\/div>\n<\/div>\n\n\n\n<div class=\"wp-block-column split noice has-brand-200-background-color has-background\" style=\"padding-top:var(--wp--preset--spacing--60);padding-right:var(--wp--preset--spacing--60);padding-bottom:var(--wp--preset--spacing--60);padding-left:var(--wp--preset--spacing--60)\">\n<h1 class=\"wp-block-heading has-brand-500-color has-text-color has-link-color wp-elements-6e4a4e84fa988f0c7751198def2028d3\">hotellrum centrala stockholm<\/h1>\n\n\n\n<p class=\"has-normal-font-size\" style=\"margin-bottom:var(--wp--preset--spacing--50)\">V\u00e5ra hotellrum passar lika bra f\u00f6r aff\u00e4rsresan som f\u00f6r en romantisk weekend eller en weekend med barn. H\u00e4r bor du p\u00e5 ett mysigt hotell i Stockholm city \u2013 alltid med g\u00e5ngavst\u00e5nd till Centralstationen och huvudstadens sev\u00e4rdheter.\u00a0<br><br>V\u00e4lj mellan standardrum,\u00a0superiorrum\u00a0och svit med balkong. I v\u00e5ra st\u00f6rre rum kan ni bo upp till fyra personer, vilket g\u00f6r dem utm\u00e4rkta som familjerum.<\/p>\n\n\n\n<div class=\"wp-block-buttons mt-auto\">\n<div class=\"wp-block-button\"><a class=\"wp-block-button__link has-brand-500-background-color has-background wp-element-button\" href=\"#hotellrum\">alla v\u00e5ra hotellrum<\/a><\/div>\n<\/div>\n<\/div>\n<\/div>\n\n\n\n<div style=\"aspect-ratio:auto; justify-content:center; border-top-left-radius:16px;border-top-right-radius:16px; padding-top:var(--wp--preset--spacing--80);padding-bottom:var(--wp--preset--spacing--80);background-image:url(&apos;https:\/\/www.freyshotels.com\/wp-content\/uploads\/2026\/03\/bg-black.svg&apos;);background-position:50% 50%;background-size:1000px;\" class=\"alignfull sm-center wp-elements-a58b374855dafecc2ee1287d03b57170 wp-block-create-block-tankbar-multiblock has-text-color has-white-color has-background has-brand-500-background-color\">\n\n\t<div class=\"multiblock-bg\">\n\n\t\n\t\n\t\n\t\t\t<div class=\"multiblock-overlay overlay absolute inset-0 has-brand-500-background-color\" style=\"opacity:0.75;\"><\/div>\n\t\n\t\n\t<\/div><!-- .multiblock-bg -->\n\n\t<div class=\"multiblock-inner\">\n\t\t\n\n<div class=\"wp-block-columns has-2-columns\" style=\"column-gap: var(--wp--preset--spacing--60); row-gap: var(--wp--preset--spacing--40);\">\n<div class=\"wp-block-column\">\n<p class=\"has-gold-500-color has-text-color has-link-color has-script-medium-font-size wp-elements-d5ad8666d0a778945ce98b0efe598b7f\">Hotell ljuva hem<\/p>\n<\/div>\n\n\n\n<div class=\"wp-block-column\">\n<h2 class=\"wp-block-heading has-h-4-font-size\">Familje\u00e4gt hotell i hj\u00e4rtat av Stockholm d\u00e4r personlig service, hemtrevlig atmosf\u00e4r och h\u00e5llbarhet m\u00f6ts. Hos oss bor du centralt, bekv\u00e4mt och med omtanke om b\u00e5de dig och milj\u00f6n.<\/h2>\n<\/div>\n<\/div>\n\n\t<\/div>\n\n\t<\/div>\n\n\n\n<div class=\"wp-block-group alignfull\" id=\"hotellrum\" style=\"padding-top:var(--wp--preset--spacing--80);padding-bottom:0\">\n<p class=\"has-text-align-center has-brand-400-color has-text-color has-link-color has-script-medium-font-size wp-elements-5fb5d1de42a485b7a6a625311f0c8125\">Utforska<\/p>\n\n\n\n<h2 class=\"wp-block-heading has-text-align-center has-brand-600-color has-text-color has-link-color has-h-1-font-size wp-elements-40d38446ad3db6665815225e9d11d577\">V\u00e5ra hotellrum<\/h2>\n\n\n\n<p class=\"has-text-align-center\">Hos oss finns flera olika rumskategorier. Vi erbjuder allt fr\u00e5n mindre enkelrum till rymliga&nbsp;superiorrum&nbsp;med balkong. F\u00f6r dig som vill ha \u00e4nnu mer utrymme har vi en svit med sovrum, s\u00e4llskapsrum och balkong som str\u00e4cker sig runt hela rummet. H\u00e4r ser du ut \u00f6ver Stockholms hustak, Gamla stan och Stadshuset.&nbsp;<\/p>\n\n\n\n<p class=\"has-text-align-center\">I v\u00e5ra st\u00f6rre rum kan ni bo upp till fyra personer. Alla v\u00e5ra rum \u00e4r individuellt designade med mjuka f\u00e4rger och unika detaljer f\u00f6r att skapa en varm och ombonad milj\u00f6. Vi har alltid fokus p\u00e5 att du som g\u00e4st ska k\u00e4nna dig som hemma.&nbsp;<\/p>\n<\/div>\n\n\n\n<div class=\"wp-block-columns has-2-columns alignfull\" style=\"column-gap: var(--wp--preset--spacing--50); row-gap: var(--wp--preset--spacing--50); margin-top:0;margin-bottom:0;padding-top:var(--wp--preset--spacing--70);padding-bottom:var(--wp--preset--spacing--80)\">\n<div class=\"wp-block-column stick\">\t<div \t\tclass=\"media-container aspect-square    \"\n\t\t\t>\n\t\t<img loading=\"lazy\" decoding=\"async\" width=\"1024\" height=\"706\" src=\"https:\/\/www.freyshotels.com\/freys\/wp-content\/uploads\/2026\/04\/freys_hotel_enkelrum_mindre-1-1024x706.jpg\" class=\"absolute h-full w-full object-cover rounded-2xl image-center-center\" alt=\"\" sizes=\"auto, (min-width: 1024px) 1600px, 1024px\" data-sizes=\"auto\" srcset=\"https:\/\/www.freyshotels.com\/freys\/wp-content\/uploads\/2026\/04\/freys_hotel_enkelrum_mindre-1-1024x706.jpg 1024w, https:\/\/www.freyshotels.com\/freys\/wp-content\/uploads\/2026\/04\/freys_hotel_enkelrum_mindre-1-300x207.jpg 300w, https:\/\/www.freyshotels.com\/freys\/wp-content\/uploads\/2026\/04\/freys_hotel_enkelrum_mindre-1-768x530.jpg 768w, https:\/\/www.freyshotels.com\/freys\/wp-content\/uploads\/2026\/04\/freys_hotel_enkelrum_mindre-1-1536x1059.jpg 1536w, https:\/\/www.freyshotels.com\/freys\/wp-content\/uploads\/2026\/04\/freys_hotel_enkelrum_mindre-1.jpg 1920w\" \/>\t<\/div>\n\t<\/div>\n\n\n\n<div class=\"wp-block-column\">\n<h2 class=\"wp-block-heading has-brand-600-color has-text-color has-link-color wp-elements-1c26222e5e218daa8cc4a87b1d449efc\">Enkelrum<\/h2>\n\n\n\n<p>V\u00e5ra enkelrum finns i flera utf\u00f6randen och erbjuder en bekv\u00e4m vistelse f\u00f6r dig som reser sj\u00e4lv. Samtliga rum har en sk\u00f6n s\u00e4ng och en ombonad k\u00e4nsla. Enkelrum | Kombirum och Enkelrum Plus kan \u00e4ven bokas f\u00f6r tv\u00e5 personer.<\/p>\n\n\n    <div\n\t\t        class=\"weglot-translate has-normal-font-size    \"\n\t\tstyle=\"margin-top: var(--wp--preset--spacing--40);\"    >\n        <div x-data=\"loadMorePosts({\n        currentPost: '276',\n        postType: 'hotel_room',\n        initialCategories: '15',\n        initialTags: '',\n        postsPerPage: -1,\n        })\"\n             class=\"mx-auto flex flex-col items-center bg-inherit\"\n        >\n\t\t\t\n            <div x-show=\"noResults\" class=\"text-gray-500\">\n\t\t\t\tInga poster hittades            <\/div>\n\n            <div x-show=\"loading\" class=\"loading w-full h-[100px] self-start\"><\/div>\n\n            <div class=\"w-full grid gap-5 md:gap-8 room_card_alt\">\n                <template x-for=\"post in posts\" :key=\"post.id\">\n\t\t\t\t\t<a\n    x-bind:href=\"post.url\"\n    x-bind:aria-label=\"post.title\"\n    x-bind:target=\"post.target\"\n    class=\"group xl:flex flex-wrap gap-x-spacing-30 h-full bg-inherit overflow-hidden no-underline p-spacing-20 rounded-xl border border-black\/10 transition-shadow duration-300 xl:hover:shadow-2xl\"\n>\n    <div class=\"relative aspect-[8\/5] mb-spacing-20 xl:mb-0 h-auto xl:aspect-[4\/3] basis-full xl:h-full xl:basis-1\/2 rounded-lg overflow-hidden\">\n        <div x-html=\"post.thumbnail\"><\/div>\n        <div class=\"absolute inset-0 pointer-events-none bg-black opacity-20 xl:group-hover:opacity-0 transition-all duration-300\"><\/div>\n        <button\n            x-data\n            @click.prevent=\"$store.flyouts.openRoom(post.id)\"\n            :class=\"{ 'loading': $store.flyouts.roomLoading &#038;&#038; $store.flyouts.roomPostId == post.id }\"\n            class=\"icon-eye hidden xl:block absolute left-1\/2 bottom-1\/2 -translate-x-1\/2 translate-y-full rounded-full bg-white shadow-button h-12 w-12 text-[24px] opacity-0 hover:scale-110 group-hover:translate-y-1\/2 group-hover:opacity-100 transition-all duration-300\"\n        ><\/button>\n        <div class=\"absolute top-spacing-10 left-spacing-10 flex flex-wrap gap-2\">\n            <div class=\"chip bg-brand-100\" x-show=\"post.tag\" x-text=\"post.tag\"><\/div>\n        <\/div>\n    <\/div>\n\n    <div class=\"flex flex-col items-start flex-1\">\n        <h3 class=\"has-medium-font-size font-medium xl:group-hover:underlined\" x-html=\"post.title\"><\/h3>\n        <template x-if=\"post.size || post.number_of_people || post.time\">\n            <div class=\"flex flex-wrap gap-2 mt-spacing-10 mb-spacing-30\">\n                <template x-if=\"post.time\">\n                    <div class=\"chip big text-brand-400 border border-brand-400\">\n                        <i class=\"icon-clock text-[18px]\"><\/i>\n                        <span x-text=\"post.time\"><\/span>\n                    <\/div>\n                <\/template>\n                <template x-if=\"post.size\">\n                    <div class=\"has-extra-small-font-size text-brand-400 border border-brand-400 rounded-md py-1.5 px-3 flex items-center gap-x-2\">\n                        <i class=\"icon-size text-[18px]\"><\/i>\n                        <span x-text=\"post.size + ' kvm'\"><\/span>\n                    <\/div>\n                <\/template>\n                <template x-if=\"post.number_of_people\">\n                    <div class=\"has-extra-small-font-size text-brand-400 border border-brand-400 rounded-md py-1.5 px-3 flex items-center gap-x-2\">\n                        <i class=\"icon-user text-[18px]\"><\/i>\n                        <span x-text=\"post.number_of_people + (post.number_of_people == 1 ? ' person' : ' personer')\"><\/span>\n                    <\/div>\n                <\/template>\n            <\/div>\n        <\/template>\n                    <div class=\"mt-auto has-small-font-size\" x-text=\"post.excerpt\"><\/div>\n            <\/div>\n<\/a>\n                <\/template>\n            <\/div>\n\n\t\t\t                <button x-show=\"hasMore\" :class=\"{ 'loading': loading }\" x-on:click=\"loadMore()\" :disabled=\"loading\" aria-label=\"Visa fler\" class=\"mt-spacing-40 wp-block-button__link is-style-outline has-background has-black-background-color\" style=\"display:none;\">\n\t\t\t\t\tVisa fler                <\/button>\n\t\t\t\t\n        <\/div>\n    <\/div>\n\t<\/div>\n<\/div>\n\n\n\n<div class=\"wp-block-columns has-2-columns alignfull\" style=\"column-gap: var(--wp--preset--spacing--50); row-gap: var(--wp--preset--spacing--50); margin-top:0;margin-bottom:0;padding-bottom:var(--wp--preset--spacing--80)\">\n<div class=\"wp-block-column stick\">\t<div \t\tclass=\"media-container aspect-square    \"\n\t\t\t>\n\t\t<img loading=\"lazy\" decoding=\"async\" width=\"1024\" height=\"637\" src=\"https:\/\/www.freyshotels.com\/freys\/wp-content\/uploads\/2026\/04\/freys_hotel_dubbelrum_13-1024x637.jpg\" class=\"absolute h-full w-full object-cover rounded-2xl image-center-center\" alt=\"\" sizes=\"auto, (min-width: 1024px) 1600px, 1024px\" data-sizes=\"auto\" srcset=\"https:\/\/www.freyshotels.com\/freys\/wp-content\/uploads\/2026\/04\/freys_hotel_dubbelrum_13-1024x637.jpg 1024w, https:\/\/www.freyshotels.com\/freys\/wp-content\/uploads\/2026\/04\/freys_hotel_dubbelrum_13-300x187.jpg 300w, https:\/\/www.freyshotels.com\/freys\/wp-content\/uploads\/2026\/04\/freys_hotel_dubbelrum_13-768x478.jpg 768w, https:\/\/www.freyshotels.com\/freys\/wp-content\/uploads\/2026\/04\/freys_hotel_dubbelrum_13-1536x955.jpg 1536w, https:\/\/www.freyshotels.com\/freys\/wp-content\/uploads\/2026\/04\/freys_hotel_dubbelrum_13.jpg 1920w\" \/>\t<\/div>\n\t<\/div>\n\n\n\n<div class=\"wp-block-column\">\n<h2 class=\"wp-block-heading has-brand-600-color has-text-color has-link-color wp-elements-8e910d192fff1a7e926f170afae9ec17\">Dubbelrum<\/h2>\n\n\n\n<p class=\"has-medium-font-size\">V\u00e5ra dubbelrum \u00e4r trivsamma och erbjuder ett bekv\u00e4mt boende i en varm och inbjudande milj\u00f6. Rummen passar perfekt f\u00f6r tv\u00e5 personer som vill bo centralt med n\u00e4rhet till stadens utbud.<\/p>\n\n\n    <div\n\t\t        class=\"weglot-translate has-normal-font-size    \"\n\t\tstyle=\"margin-top: var(--wp--preset--spacing--40);\"    >\n        <div x-data=\"loadMorePosts({\n        currentPost: '276',\n        postType: 'hotel_room',\n        initialCategories: '16',\n        initialTags: '',\n        postsPerPage: -1,\n        })\"\n             class=\"mx-auto flex flex-col items-center bg-inherit\"\n        >\n\t\t\t\n            <div x-show=\"noResults\" class=\"text-gray-500\">\n\t\t\t\tInga poster hittades            <\/div>\n\n            <div x-show=\"loading\" class=\"loading w-full h-[100px] self-start\"><\/div>\n\n            <div class=\"w-full grid gap-5 md:gap-8 room_card_alt\">\n                <template x-for=\"post in posts\" :key=\"post.id\">\n\t\t\t\t\t<a\n    x-bind:href=\"post.url\"\n    x-bind:aria-label=\"post.title\"\n    x-bind:target=\"post.target\"\n    class=\"group xl:flex flex-wrap gap-x-spacing-30 h-full bg-inherit overflow-hidden no-underline p-spacing-20 rounded-xl border border-black\/10 transition-shadow duration-300 xl:hover:shadow-2xl\"\n>\n    <div class=\"relative aspect-[8\/5] mb-spacing-20 xl:mb-0 h-auto xl:aspect-[4\/3] basis-full xl:h-full xl:basis-1\/2 rounded-lg overflow-hidden\">\n        <div x-html=\"post.thumbnail\"><\/div>\n        <div class=\"absolute inset-0 pointer-events-none bg-black opacity-20 xl:group-hover:opacity-0 transition-all duration-300\"><\/div>\n        <button\n            x-data\n            @click.prevent=\"$store.flyouts.openRoom(post.id)\"\n            :class=\"{ 'loading': $store.flyouts.roomLoading &#038;&#038; $store.flyouts.roomPostId == post.id }\"\n            class=\"icon-eye hidden xl:block absolute left-1\/2 bottom-1\/2 -translate-x-1\/2 translate-y-full rounded-full bg-white shadow-button h-12 w-12 text-[24px] opacity-0 hover:scale-110 group-hover:translate-y-1\/2 group-hover:opacity-100 transition-all duration-300\"\n        ><\/button>\n        <div class=\"absolute top-spacing-10 left-spacing-10 flex flex-wrap gap-2\">\n            <div class=\"chip bg-brand-100\" x-show=\"post.tag\" x-text=\"post.tag\"><\/div>\n        <\/div>\n    <\/div>\n\n    <div class=\"flex flex-col items-start flex-1\">\n        <h3 class=\"has-medium-font-size font-medium xl:group-hover:underlined\" x-html=\"post.title\"><\/h3>\n        <template x-if=\"post.size || post.number_of_people || post.time\">\n            <div class=\"flex flex-wrap gap-2 mt-spacing-10 mb-spacing-30\">\n                <template x-if=\"post.time\">\n                    <div class=\"chip big text-brand-400 border border-brand-400\">\n                        <i class=\"icon-clock text-[18px]\"><\/i>\n                        <span x-text=\"post.time\"><\/span>\n                    <\/div>\n                <\/template>\n                <template x-if=\"post.size\">\n                    <div class=\"has-extra-small-font-size text-brand-400 border border-brand-400 rounded-md py-1.5 px-3 flex items-center gap-x-2\">\n                        <i class=\"icon-size text-[18px]\"><\/i>\n                        <span x-text=\"post.size + ' kvm'\"><\/span>\n                    <\/div>\n                <\/template>\n                <template x-if=\"post.number_of_people\">\n                    <div class=\"has-extra-small-font-size text-brand-400 border border-brand-400 rounded-md py-1.5 px-3 flex items-center gap-x-2\">\n                        <i class=\"icon-user text-[18px]\"><\/i>\n                        <span x-text=\"post.number_of_people + (post.number_of_people == 1 ? ' person' : ' personer')\"><\/span>\n                    <\/div>\n                <\/template>\n            <\/div>\n        <\/template>\n                    <div class=\"mt-auto has-small-font-size\" x-text=\"post.excerpt\"><\/div>\n            <\/div>\n<\/a>\n                <\/template>\n            <\/div>\n\n\t\t\t                <button x-show=\"hasMore\" :class=\"{ 'loading': loading }\" x-on:click=\"loadMore()\" :disabled=\"loading\" aria-label=\"Visa fler\" class=\"mt-spacing-40 wp-block-button__link is-style-outline has-background has-black-background-color\" style=\"display:none;\">\n\t\t\t\t\tVisa fler                <\/button>\n\t\t\t\t\n        <\/div>\n    <\/div>\n\t<\/div>\n<\/div>\n\n\n\n<div class=\"wp-block-columns has-2-columns alignfull\" style=\"column-gap: var(--wp--preset--spacing--50); row-gap: var(--wp--preset--spacing--50); margin-top:0;margin-bottom:0;padding-top:0;padding-bottom:var(--wp--preset--spacing--80)\">\n<div class=\"wp-block-column stick\">\t<div \t\tclass=\"media-container aspect-square    \"\n\t\t\t>\n\t\t<img loading=\"lazy\" decoding=\"async\" width=\"1024\" height=\"683\" src=\"https:\/\/www.freyshotels.com\/freys\/wp-content\/uploads\/2026\/04\/freys_hotel_svit_sovrum-2-1024x683.jpg\" class=\"absolute h-full w-full object-cover rounded-2xl image-center-center\" alt=\"\" sizes=\"auto, (min-width: 1024px) 1600px, 1024px\" data-sizes=\"auto\" srcset=\"https:\/\/www.freyshotels.com\/freys\/wp-content\/uploads\/2026\/04\/freys_hotel_svit_sovrum-2-1024x683.jpg 1024w, https:\/\/www.freyshotels.com\/freys\/wp-content\/uploads\/2026\/04\/freys_hotel_svit_sovrum-2-300x200.jpg 300w, https:\/\/www.freyshotels.com\/freys\/wp-content\/uploads\/2026\/04\/freys_hotel_svit_sovrum-2-768x512.jpg 768w, https:\/\/www.freyshotels.com\/freys\/wp-content\/uploads\/2026\/04\/freys_hotel_svit_sovrum-2-1536x1024.jpg 1536w, https:\/\/www.freyshotels.com\/freys\/wp-content\/uploads\/2026\/04\/freys_hotel_svit_sovrum-2.jpg 1920w\" \/>\t<\/div>\n\t<\/div>\n\n\n\n<div class=\"wp-block-column\">\n<h2 class=\"wp-block-heading has-brand-600-color has-text-color has-link-color wp-elements-cc2393528144b18a36a8c1f478a16edb\">Superior &amp; Svit<\/h2>\n\n\n\n<p class=\"has-medium-font-size\">F\u00f6r dig som \u00f6nskar mer utrymme erbjuder vi v\u00e5ra superiorrum och sviter, flera med balkong. H\u00e4r bor du rymligare med en mer exklusiv k\u00e4nsla, och i v\u00e5ra Superior Plus-rum finns m\u00f6jlighet att bo upp till fyra personer.<\/p>\n\n\n\n<p class=\"has-medium-font-size\"><\/p>\n\n\n    <div\n\t\t        class=\"weglot-translate has-normal-font-size    \"\n\t\tstyle=\"margin-top: var(--wp--preset--spacing--40);\"    >\n        <div x-data=\"loadMorePosts({\n        currentPost: '276',\n        postType: 'hotel_room',\n        initialCategories: '17',\n        initialTags: '',\n        postsPerPage: -1,\n        })\"\n             class=\"mx-auto flex flex-col items-center bg-inherit\"\n        >\n\t\t\t\n            <div x-show=\"noResults\" class=\"text-gray-500\">\n\t\t\t\tInga poster hittades            <\/div>\n\n            <div x-show=\"loading\" class=\"loading w-full h-[100px] self-start\"><\/div>\n\n            <div class=\"w-full grid gap-5 md:gap-8 room_card_alt\">\n                <template x-for=\"post in posts\" :key=\"post.id\">\n\t\t\t\t\t<a\n    x-bind:href=\"post.url\"\n    x-bind:aria-label=\"post.title\"\n    x-bind:target=\"post.target\"\n    class=\"group xl:flex flex-wrap gap-x-spacing-30 h-full bg-inherit overflow-hidden no-underline p-spacing-20 rounded-xl border border-black\/10 transition-shadow duration-300 xl:hover:shadow-2xl\"\n>\n    <div class=\"relative aspect-[8\/5] mb-spacing-20 xl:mb-0 h-auto xl:aspect-[4\/3] basis-full xl:h-full xl:basis-1\/2 rounded-lg overflow-hidden\">\n        <div x-html=\"post.thumbnail\"><\/div>\n        <div class=\"absolute inset-0 pointer-events-none bg-black opacity-20 xl:group-hover:opacity-0 transition-all duration-300\"><\/div>\n        <button\n            x-data\n            @click.prevent=\"$store.flyouts.openRoom(post.id)\"\n            :class=\"{ 'loading': $store.flyouts.roomLoading &#038;&#038; $store.flyouts.roomPostId == post.id }\"\n            class=\"icon-eye hidden xl:block absolute left-1\/2 bottom-1\/2 -translate-x-1\/2 translate-y-full rounded-full bg-white shadow-button h-12 w-12 text-[24px] opacity-0 hover:scale-110 group-hover:translate-y-1\/2 group-hover:opacity-100 transition-all duration-300\"\n        ><\/button>\n        <div class=\"absolute top-spacing-10 left-spacing-10 flex flex-wrap gap-2\">\n            <div class=\"chip bg-brand-100\" x-show=\"post.tag\" x-text=\"post.tag\"><\/div>\n        <\/div>\n    <\/div>\n\n    <div class=\"flex flex-col items-start flex-1\">\n        <h3 class=\"has-medium-font-size font-medium xl:group-hover:underlined\" x-html=\"post.title\"><\/h3>\n        <template x-if=\"post.size || post.number_of_people || post.time\">\n            <div class=\"flex flex-wrap gap-2 mt-spacing-10 mb-spacing-30\">\n                <template x-if=\"post.time\">\n                    <div class=\"chip big text-brand-400 border border-brand-400\">\n                        <i class=\"icon-clock text-[18px]\"><\/i>\n                        <span x-text=\"post.time\"><\/span>\n                    <\/div>\n                <\/template>\n                <template x-if=\"post.size\">\n                    <div class=\"has-extra-small-font-size text-brand-400 border border-brand-400 rounded-md py-1.5 px-3 flex items-center gap-x-2\">\n                        <i class=\"icon-size text-[18px]\"><\/i>\n                        <span x-text=\"post.size + ' kvm'\"><\/span>\n                    <\/div>\n                <\/template>\n                <template x-if=\"post.number_of_people\">\n                    <div class=\"has-extra-small-font-size text-brand-400 border border-brand-400 rounded-md py-1.5 px-3 flex items-center gap-x-2\">\n                        <i class=\"icon-user text-[18px]\"><\/i>\n                        <span x-text=\"post.number_of_people + (post.number_of_people == 1 ? ' person' : ' personer')\"><\/span>\n                    <\/div>\n                <\/template>\n            <\/div>\n        <\/template>\n                    <div class=\"mt-auto has-small-font-size\" x-text=\"post.excerpt\"><\/div>\n            <\/div>\n<\/a>\n                <\/template>\n            <\/div>\n\n\t\t\t                <button x-show=\"hasMore\" :class=\"{ 'loading': loading }\" x-on:click=\"loadMore()\" :disabled=\"loading\" aria-label=\"Visa fler\" class=\"mt-spacing-40 wp-block-button__link is-style-outline has-background has-black-background-color\" style=\"display:none;\">\n\t\t\t\t\tVisa fler                <\/button>\n\t\t\t\t\n        <\/div>\n    <\/div>\n\t<\/div>\n<\/div>\n\n\n\n<div class=\"wp-block-columns has-2-columns alignfull noice\" style=\"column-gap: var(--wp--preset--spacing--40); row-gap: var(--wp--preset--spacing--40); padding-top:var(--wp--preset--spacing--70);padding-bottom:var(--wp--preset--spacing--60)\">\n<div class=\"wp-block-column\">\n<h2 class=\"wp-block-heading has-h-3-font-size\">Vanliga fr\u00e5gor och svar inf\u00f6r din vistelse<\/h2>\n\n\n\n<p>N\u00e4r kan du checka in? Ing\u00e5r frukost? Finns parkering eller m\u00f6jlighet att ta med hund?\u00a0H\u00e4r har vi samlat svaren p\u00e5 de vanligaste fr\u00e5gorna inf\u00f6r din vistelse p\u00e5 Freys\u00a0Hotel.\u00a0<\/p>\n\n\n\n<div class=\"wp-block-buttons\">\n<div class=\"wp-block-button is-style-outline is-style-outline--1\"><a class=\"wp-block-button__link has-black-background-color has-background wp-element-button\" href=\"\/fragor-och-svar\/\">Se alla fr\u00e5gor och svar<\/a><\/div>\n<\/div>\n<\/div>\n\n\n\n<div class=\"wp-block-column\"><div \tclass=\"   \"\n\t>\n\t    <div\n                class=\"w-full    \"\n            >\n                    <div id=\"faq-1439\" x-data=\"{ open: false }\" class=\"py-spacing-10 border-b border-black\/10\">\n                <button x-on:click=\"open = ! open\" x-bind:class=\"open ? 'faq-close text-brand-500' : 'faq-open'\" aria-label=\"Visa svar\" class=\"group w-full flex items-start justify-between gap-x-4 text-left has-medium-font-size\">\n                    <span class=\"self-center flex-1 xl:group-hover:text-brand-500\">N\u00e4r \u00e4r incheckning och utcheckning p\u00e5 Freys Hotel?<\/span>\n                    <i x-bind:class=\"open ? 'icon-minus' : 'icon-plus'\" class=\"flex items-center justify-center size-10 min-w-10 bg-white rounded-full shadow-button text-[20px] text-neutral-600 focus:!shadow-button xl:hover:scale-110 transition-all duration-200\"><\/i>\n                <\/button>\n                <div x-cloak x-show=\"open\" class=\"mt-2\">\n                    <div class=\"py-3 md:py-4\">\n                        <p>Vi har garanterad incheckning fr\u00e5n 15.00. Anl\u00e4nder\u00a0du\u00a0tidigare \u00e4n 15.00 och rummet inte \u00e4r f\u00e4rdigt, st\u00e4ller vi g\u00e4rna\u00a0dina\u00a0v\u00e4skor i v\u00e5rt bagagerum.<\/p>\n<p>Utcheckning sker senast 12.00. Vi kan i m\u00e5n av plats ordna sen utcheckning, klockan 14.00, f\u00f6r 250 SEK.<\/p>\n<p>Kontakta g\u00e4rna receptionen kv\u00e4llen innan avresa om du \u00f6nskar sen utcheckning.<\/p>\n                    <\/div>\n                <\/div>\n            <\/div>\n                        <div id=\"faq-2689\" x-data=\"{ open: false }\" class=\"py-spacing-10 border-b border-black\/10\">\n                <button x-on:click=\"open = ! open\" x-bind:class=\"open ? 'faq-close text-brand-500' : 'faq-open'\" aria-label=\"Visa svar\" class=\"group w-full flex items-start justify-between gap-x-4 text-left has-medium-font-size\">\n                    <span class=\"self-center flex-1 xl:group-hover:text-brand-500\">Ing\u00e5r hotellfrukost p\u00e5 Freys Hotel?<\/span>\n                    <i x-bind:class=\"open ? 'icon-minus' : 'icon-plus'\" class=\"flex items-center justify-center size-10 min-w-10 bg-white rounded-full shadow-button text-[20px] text-neutral-600 focus:!shadow-button xl:hover:scale-110 transition-all duration-200\"><\/i>\n                <\/button>\n                <div x-cloak x-show=\"open\" class=\"mt-2\">\n                    <div class=\"py-3 md:py-4\">\n                        <p><span class=\"TextRun SCXW44415058 BCX0\" lang=\"SV-SE\" xml:lang=\"SV-SE\" data-contrast=\"auto\"><span class=\"NormalTextRun SCXW44415058 BCX0\">Ja, frukostbuff\u00e9 ing\u00e5r alltid f\u00f6r hotellg\u00e4ster p\u00e5 Freys\u00a0<\/span><span class=\"NormalTextRun SpellingErrorV2Themed SCXW44415058 BCX0\">Hotel<\/span><span class=\"NormalTextRun SCXW44415058 BCX0\">.<\/span><\/span><span class=\"EOP SCXW44415058 BCX0\" data-ccp-props=\"{}\">\u00a0<\/span><\/p>\n                    <\/div>\n                <\/div>\n            <\/div>\n                        <div id=\"faq-2655\" x-data=\"{ open: false }\" class=\"py-spacing-10 border-b border-black\/10\">\n                <button x-on:click=\"open = ! open\" x-bind:class=\"open ? 'faq-close text-brand-500' : 'faq-open'\" aria-label=\"Visa svar\" class=\"group w-full flex items-start justify-between gap-x-4 text-left has-medium-font-size\">\n                    <span class=\"self-center flex-1 xl:group-hover:text-brand-500\">Har ni n\u00e5gon parkering?<\/span>\n                    <i x-bind:class=\"open ? 'icon-minus' : 'icon-plus'\" class=\"flex items-center justify-center size-10 min-w-10 bg-white rounded-full shadow-button text-[20px] text-neutral-600 focus:!shadow-button xl:hover:scale-110 transition-all duration-200\"><\/i>\n                <\/button>\n                <div x-cloak x-show=\"open\" class=\"mt-2\">\n                    <div class=\"py-3 md:py-4\">\n                        <p>Vi har ett garage som tillh\u00f6r hotellet. Taxan ligger p\u00e5 400 SEK per natt, fr\u00e5n 15.00-12.00. Det finns ett begr\u00e4nsat antal platser s\u00e5 f\u00f6rbokning rekommenderas via telefon 08-506 214 00 eller skicka ett mejl till <a class=\"desktop\" href=\"mailto:reservations@freyshotels.com\">reservations@freyshotels.com<\/a>.<\/p>\n<p>F\u00f6r gatuparkering g\u00e4ller r\u00f6d taxa under vardagar, 09.00-17.00, och en l\u00e4gre taxa under helger och kv\u00e4llar. P\u00e5\u00a0<a class=\"desktop\" href=\"https:\/\/parkering.stockholm\/\" target=\"_blank\" rel=\"noopener\">Stockholms Stads sajt<\/a>\u00a0kan du l\u00e4sa mer om parkeringskostnader p\u00e5 gatorna.<\/p>\n<p><strong>V\u00e4nligen notera att max takh\u00f6jd i hotellets garage \u00e4r 1,90 meter.<\/strong><\/p>\n                    <\/div>\n                <\/div>\n            <\/div>\n                        <div id=\"faq-2654\" x-data=\"{ open: false }\" class=\"py-spacing-10 border-b border-black\/10\">\n                <button x-on:click=\"open = ! open\" x-bind:class=\"open ? 'faq-close text-brand-500' : 'faq-open'\" aria-label=\"Visa svar\" class=\"group w-full flex items-start justify-between gap-x-4 text-left has-medium-font-size\">\n                    <span class=\"self-center flex-1 xl:group-hover:text-brand-500\">\u00c4r Freys Hotel hundv\u00e4nligt ett hundv\u00e4nligt hotell?<\/span>\n                    <i x-bind:class=\"open ? 'icon-minus' : 'icon-plus'\" class=\"flex items-center justify-center size-10 min-w-10 bg-white rounded-full shadow-button text-[20px] text-neutral-600 focus:!shadow-button xl:hover:scale-110 transition-all duration-200\"><\/i>\n                <\/button>\n                <div x-cloak x-show=\"open\" class=\"mt-2\">\n                    <div class=\"py-3 md:py-4\">\n                        <p><span class=\"TextRun SCXW2869026 BCX0\" lang=\"SV-SE\" xml:lang=\"SV-SE\" data-contrast=\"auto\"><span class=\"NormalTextRun SCXW2869026 BCX0\">Freys\u00a0<\/span><span class=\"NormalTextRun SpellingErrorV2Themed SCXW2869026 BCX0\">Hotel<\/span><span class=\"NormalTextRun SCXW2869026 BCX0\">\u00a0\u00e4r ett hundv\u00e4nligt hotell i Stockholm, i utvalda hotellrum \u00e4r hundar till\u00e5tna och givetvis varmt v\u00e4lkomna. Det kostar inget extra att checka in p\u00e5 hotellet med din hund, men du beh\u00f6ver meddela vid bokning att du har hund med. <\/span><\/span><\/p>\n<p><span class=\"TextRun SCXW2869026 BCX0\" lang=\"SV-SE\" xml:lang=\"SV-SE\" data-contrast=\"auto\"><span class=\"NormalTextRun SCXW2869026 BCX0\">P\u00e5 hotellrummet finns hundsk\u00e5lar och hundb\u00e4dd eller filt vid ankomst. <\/span><\/span><\/p>\n<p><span class=\"TextRun SCXW2869026 BCX0\" lang=\"SV-SE\" xml:lang=\"SV-SE\" data-contrast=\"auto\"><span class=\"NormalTextRun SCXW2869026 BCX0\">Varmt v\u00e4lkommen att boka din hotellvistelse och uppt\u00e4ck v\u00e5r vackra huvudstad med din\u00a0<\/span><span class=\"NormalTextRun SpellingErrorV2Themed SCXW2869026 BCX0\">p\u00e4lskling<\/span><span class=\"NormalTextRun SCXW2869026 BCX0\">.<\/span><\/span><span class=\"EOP SCXW2869026 BCX0\" data-ccp-props=\"{}\">\u00a0<\/span><\/p>\n<p><span data-contrast=\"auto\">Kontakta oss direkt p\u00e5 telefon 08-506 214 00 eller mejl f\u00f6r smidig bokning. Just dessa rum kan endast bokas direkt med oss p\u00e5 bokningen.<\/span><span data-ccp-props=\"{}\">\u00a0<\/span><\/p>\n<p><a href=\"https:\/\/www.freyshotels.com\/freys\/hotell-stockholm\/hundvanligt-hotell\/\" target=\"_blank\" rel=\"noopener\"><span data-contrast=\"auto\">L\u00e4s mer om att bo p\u00e5 ett hundv\u00e4nligt hotell i Stockholm \u00bb<\/span><span data-ccp-props=\"{}\">\u00a0<\/span><\/a><\/p>\n                    <\/div>\n                <\/div>\n            <\/div>\n                <\/div>\n    <script type=\"application\/ld+json\">\n        {\n    \"@context\": \"https:\/\/schema.org\",\n    \"@type\": \"FAQPage\",\n    \"mainEntity\": [\n        {\n            \"@type\": \"Question\",\n            \"name\": \"N\u00e4r \u00e4r incheckning och utcheckning p\u00e5 Freys Hotel?\",\n            \"acceptedAnswer\": {\n                \"@type\": \"Answer\",\n                \"text\": \"Vi har garanterad incheckning fr\u00e5n 15.00. Anl\u00e4nder\u00a0du\u00a0tidigare \u00e4n 15.00 och rummet inte \u00e4r f\u00e4rdigt, st\u00e4ller vi g\u00e4rna\u00a0dina\u00a0v\u00e4skor i v\u00e5rt bagagerum.\\nUtcheckning sker senast 12.00. Vi kan i m\u00e5n av plats ordna sen utcheckning, klockan 14.00, f\u00f6r 250 SEK.\\nKontakta g\u00e4rna receptionen kv\u00e4llen innan avresa om du \u00f6nskar sen utcheckning.\"\n            }\n        },\n        {\n            \"@type\": \"Question\",\n            \"name\": \"Ing\u00e5r hotellfrukost p\u00e5 Freys Hotel?\",\n            \"acceptedAnswer\": {\n                \"@type\": \"Answer\",\n                \"text\": \"Ja, frukostbuff\u00e9 ing\u00e5r alltid f\u00f6r hotellg\u00e4ster p\u00e5 Freys\u00a0Hotel.\u00a0\"\n            }\n        },\n        {\n            \"@type\": \"Question\",\n            \"name\": \"Har ni n\u00e5gon parkering?\",\n            \"acceptedAnswer\": {\n                \"@type\": \"Answer\",\n                \"text\": \"Vi har ett garage som tillh\u00f6r hotellet. Taxan ligger p\u00e5 400 SEK per natt, fr\u00e5n 15.00-12.00. Det finns ett begr\u00e4nsat antal platser s\u00e5 f\u00f6rbokning rekommenderas via telefon 08-506 214 00 eller skicka ett mejl till reservations@freyshotels.com.\\nF\u00f6r gatuparkering g\u00e4ller r\u00f6d taxa under vardagar, 09.00-17.00, och en l\u00e4gre taxa under helger och kv\u00e4llar. P\u00e5\u00a0Stockholms Stads sajt\u00a0kan du l\u00e4sa mer om parkeringskostnader p\u00e5 gatorna.\\nV\u00e4nligen notera att max takh\u00f6jd i hotellets garage \u00e4r 1,90 meter.\"\n            }\n        },\n        {\n            \"@type\": \"Question\",\n            \"name\": \"\u00c4r Freys Hotel hundv\u00e4nligt ett hundv\u00e4nligt hotell?\",\n            \"acceptedAnswer\": {\n                \"@type\": \"Answer\",\n                \"text\": \"Freys\u00a0Hotel\u00a0\u00e4r ett hundv\u00e4nligt hotell i Stockholm, i utvalda hotellrum \u00e4r hundar till\u00e5tna och givetvis varmt v\u00e4lkomna. Det kostar inget extra att checka in p\u00e5 hotellet med din hund, men du beh\u00f6ver meddela vid bokning att du har hund med. \\nP\u00e5 hotellrummet finns hundsk\u00e5lar och hundb\u00e4dd eller filt vid ankomst. \\nVarmt v\u00e4lkommen att boka din hotellvistelse och uppt\u00e4ck v\u00e5r vackra huvudstad med din\u00a0p\u00e4lskling.\u00a0\\nKontakta oss direkt p\u00e5 telefon 08-506 214 00 eller mejl f\u00f6r smidig bokning. Just dessa rum kan endast bokas direkt med oss p\u00e5 bokningen.\u00a0\\nL\u00e4s mer om att bo p\u00e5 ett hundv\u00e4nligt hotell i Stockholm \u00bb\u00a0\"\n            }\n        }\n    ]\n}    <\/script>\n    <\/div><\/div>\n<\/div>\n\n\n\n<div class=\"wp-block-group alignfull noice has-brand-200-background-color has-background\" style=\"padding-top:var(--wp--preset--spacing--80);padding-bottom:var(--wp--preset--spacing--80)\">    <div\n                class=\"   \"\n            >\n        <div class=\"w-full grid sm:grid-cols-2 gap-5 md:gap-8 xxl:gap-10 img_card\">    <a href=\"https:\/\/www.freyshotels.com\/freys\/hotell-stockholm\/hotellerbjudanden-stockholm\/\" aria-label=\"Hotellerbjudanden\" class=\"relative group !flex flex-col h-full overflow-hidden no-underline text-white rounded-xl \">\n\n        <div class=\"absolute inset-0\">\n            <img loading=\"lazy\" decoding=\"async\" width=\"768\" height=\"512\" src=\"https:\/\/www.freyshotels.com\/freys\/wp-content\/uploads\/2026\/04\/freys_hotel_superiorrum-768x512.jpg\" class=\"absolute w-full h-full object-cover object-center\" alt=\"\" srcset=\"https:\/\/www.freyshotels.com\/freys\/wp-content\/uploads\/2026\/04\/freys_hotel_superiorrum-768x512.jpg 768w, https:\/\/www.freyshotels.com\/freys\/wp-content\/uploads\/2026\/04\/freys_hotel_superiorrum-300x200.jpg 300w, https:\/\/www.freyshotels.com\/freys\/wp-content\/uploads\/2026\/04\/freys_hotel_superiorrum-1024x683.jpg 1024w, https:\/\/www.freyshotels.com\/freys\/wp-content\/uploads\/2026\/04\/freys_hotel_superiorrum-1536x1024.jpg 1536w, https:\/\/www.freyshotels.com\/freys\/wp-content\/uploads\/2026\/04\/freys_hotel_superiorrum.jpg 1920w\" sizes=\"auto, (max-width: 768px) 100vw, 768px\" \/>        <\/div>\n\n        <div class=\"absolute inset-0 pointer-events-none bg-gradient-to-r from-black\/40 to-black\/20 opacity-100 xl:group-hover:opacity-70 transition-all duration-300\"><\/div>\n\n        <div class=\"relative p-spacing-40 flex-1 flex flex-col items-start maxxl:!aspect-auto maxlg:!py-spacing-80 xl:aspect-[4\/3]\">\n            <div class=\"relative h-full flex flex-col items-center text-center justify-center lg:justify-start lg:items-start lg:text-left\">\n                                <div class=\"has-script-small-font-size\">Paket och weekend<\/div>\n                                <h3 class=\"uppercase xl:group-hover:underlined\">Hotellerbjudanden<\/h3>\n                <p class=\"mb-spacing-80\">H\u00e4r hittar du v\u00e5ra b\u00e4sta hotellerbjudanden f\u00f6r \u00f6vernattning i Stockholm. V\u00e5ra specialerbjudanden och hotellpaket kan endast bokas direkt hos oss, och p\u00e5 v\u00e5r sajt bokar du alltid din hotellvistelse till b\u00e4sta pris med fler f\u00f6rm\u00e5ner.<\/p>\n                <div class=\"is-style-outline wp-block-button__link has-background has-white-background-color mt-auto\">L\u00e4s mer<\/div>\n            <\/div>\n        <\/div>\n    <\/a>\n        <a href=\"https:\/\/www.freyshotels.com\/freys\/hotell-stockholm\/hundvanligt-hotell\/\" aria-label=\"Din hund bor gratis hos oss\" class=\"relative group !flex flex-col h-full overflow-hidden no-underline text-white rounded-xl \">\n\n        <div class=\"absolute inset-0\">\n            <img loading=\"lazy\" decoding=\"async\" width=\"768\" height=\"512\" src=\"https:\/\/www.freyshotels.com\/freys\/wp-content\/uploads\/2026\/04\/freys_hotel_hund_hotellrum-768x512.jpg\" class=\"absolute w-full h-full object-cover object-center\" alt=\"\" srcset=\"https:\/\/www.freyshotels.com\/freys\/wp-content\/uploads\/2026\/04\/freys_hotel_hund_hotellrum-768x512.jpg 768w, https:\/\/www.freyshotels.com\/freys\/wp-content\/uploads\/2026\/04\/freys_hotel_hund_hotellrum-300x200.jpg 300w, https:\/\/www.freyshotels.com\/freys\/wp-content\/uploads\/2026\/04\/freys_hotel_hund_hotellrum-1024x683.jpg 1024w, https:\/\/www.freyshotels.com\/freys\/wp-content\/uploads\/2026\/04\/freys_hotel_hund_hotellrum-1536x1024.jpg 1536w, https:\/\/www.freyshotels.com\/freys\/wp-content\/uploads\/2026\/04\/freys_hotel_hund_hotellrum.jpg 1920w\" sizes=\"auto, (max-width: 768px) 100vw, 768px\" \/>        <\/div>\n\n        <div class=\"absolute inset-0 pointer-events-none bg-gradient-to-r from-black\/40 to-black\/20 opacity-100 xl:group-hover:opacity-70 transition-all duration-300\"><\/div>\n\n        <div class=\"relative p-spacing-40 flex-1 flex flex-col items-start maxxl:!aspect-auto maxlg:!py-spacing-80 xl:aspect-[4\/3]\">\n            <div class=\"relative h-full flex flex-col items-center text-center justify-center lg:justify-start lg:items-start lg:text-left\">\n                                <div class=\"has-script-small-font-size\">Husdjur<\/div>\n                                <h3 class=\"uppercase xl:group-hover:underlined\">Din hund bor gratis hos oss<\/h3>\n                <p class=\"mb-spacing-80\">Freys Hotel \u00e4r ett hundv\u00e4nligt hotell i Stockholm, i utvalda hotellrum \u00e4r hundar till\u00e5tna och givetvis varmt v\u00e4lkomna. Vi g\u00f6r g\u00e4rna det lilla extra f\u00f6r att du och din hund ska trivas hos oss.<\/p>\n                <div class=\"is-style-outline wp-block-button__link has-background has-white-background-color mt-auto\">L\u00e4s mer<\/div>\n            <\/div>\n        <\/div>\n    <\/a>\n    <\/div>    <\/div>\n    <\/div>\n\n\n\n<div class=\"wp-block-columns has-2-columns alignfull are-vertically-aligned-center noice\" style=\"column-gap: var(--wp--preset--spacing--80); row-gap: var(--wp--preset--spacing--30); padding-top:var(--wp--preset--spacing--60);padding-bottom:var(--wp--preset--spacing--80)\">\n<div class=\"wp-block-column is-vertically-aligned-center stick\">\t<div \t\tclass=\"media-container aspect-square    \"\n\t\t\t>\n\t\t<img loading=\"lazy\" decoding=\"async\" width=\"1024\" height=\"551\" src=\"https:\/\/www.freyshotels.com\/freys\/wp-content\/uploads\/2026\/04\/freys_hotel_reception_personal1-1024x551.jpg\" class=\"absolute h-full w-full object-cover rounded-2xl image-center-center\" alt=\"\" sizes=\"auto, (min-width: 1024px) 1600px, 1024px\" data-sizes=\"auto\" srcset=\"https:\/\/www.freyshotels.com\/freys\/wp-content\/uploads\/2026\/04\/freys_hotel_reception_personal1-1024x551.jpg 1024w, https:\/\/www.freyshotels.com\/freys\/wp-content\/uploads\/2026\/04\/freys_hotel_reception_personal1-300x162.jpg 300w, https:\/\/www.freyshotels.com\/freys\/wp-content\/uploads\/2026\/04\/freys_hotel_reception_personal1-768x414.jpg 768w, https:\/\/www.freyshotels.com\/freys\/wp-content\/uploads\/2026\/04\/freys_hotel_reception_personal1-1536x827.jpg 1536w, https:\/\/www.freyshotels.com\/freys\/wp-content\/uploads\/2026\/04\/freys_hotel_reception_personal1.jpg 1920w\" \/>\t<\/div>\n\t<\/div>\n\n\n\n<div class=\"wp-block-column is-vertically-aligned-center\">\n<p class=\"has-brand-400-color has-text-color has-link-color has-script-medium-font-size wp-elements-0ea35624b9a5f717ed8a07e5c3c167e3\">En plats att l\u00e4ngta till<\/p>\n\n\n\n<h2 class=\"wp-block-heading has-brand-600-color has-text-color has-link-color has-h-3-font-size wp-elements-bbf0af19e066938ff74082261c28d20f\">mitt i stockholm city<\/h2>\n\n\n\n<p class=\"has-brand-600-color has-text-color has-link-color wp-elements-eb242e697a042cfc351cdb9bc434d632\">Freys \u00e4r inte bara ett hotell \u2013 det \u00e4r en paus fr\u00e5n vardagen. En varm och personlig plats mitt i Stockholm d\u00e4r varje vistelse bjuder p\u00e5 lugn, omtanke och sm\u00e5 stunder av lyx.&nbsp;<\/p>\n\n\n\n<p class=\"has-brand-600-color has-text-color has-link-color wp-elements-9f5984978fd236b23c1cdf1821b287fa\">H\u00e4r b\u00f6rjar du dagen i mjuka lakan, kliver rakt ut i stadens puls och kommer hem till en plats som k\u00e4nns lika mycket som hemma som borta. Oavsett om du reser f\u00f6r romantik eller f\u00f6r att skapa minnesv\u00e4rda stunder tillsammans, s\u00e5 finns vi h\u00e4r \u2013 bara ett stenkast fr\u00e5n Centralstationen.&nbsp;<\/p>\n\n\n\n<div class=\"wp-block-buttons\">\n<div class=\"wp-block-button is-style-fill\"><a class=\"wp-block-button__link has-brand-500-background-color has-background wp-element-button\" href=\"https:\/\/www.freyshotels.com\/freys\/hotell-stockholm\/\" target=\"_blank\" rel=\"noreferrer noopener\">l\u00e4s mer om hotellet<\/a><\/div>\n<\/div>\n<\/div>\n<\/div>\n","protected":false},"excerpt":{"rendered":"<p>Bo i mysiga hotellrum i centrala Stockholm n\u00e4ra Centralstationen. V\u00e4lj mellan standardrum, superiorrum och svit med balkong. Hotellfrukost ing\u00e5r alltid. <\/p>\n","protected":false},"author":1,"featured_media":1268,"parent":256,"menu_order":10,"comment_status":"closed","ping_status":"closed","template":"","meta":{"_acf_changed":false,"footnotes":""},"page_category":[],"page_tag":[],"class_list":["post-276","page","type-page","status-publish","has-post-thumbnail","hentry"],"acf":[],"publishpress_future_action":{"enabled":false,"date":"2026-05-06 13:35:32","action":"change-status","newStatus":"draft","terms":[],"taxonomy":"page_category","extraData":[]},"publishpress_future_workflow_manual_trigger":{"enabledWorkflows":[]},"_links":{"self":[{"href":"https:\/\/www.freyshotels.com\/freys\/wp-json\/wp\/v2\/pages\/276","targetHints":{"allow":["GET"]}}],"collection":[{"href":"https:\/\/www.freyshotels.com\/freys\/wp-json\/wp\/v2\/pages"}],"about":[{"href":"https:\/\/www.freyshotels.com\/freys\/wp-json\/wp\/v2\/types\/page"}],"author":[{"embeddable":true,"href":"https:\/\/www.freyshotels.com\/freys\/wp-json\/wp\/v2\/users\/1"}],"replies":[{"embeddable":true,"href":"https:\/\/www.freyshotels.com\/freys\/wp-json\/wp\/v2\/comments?post=276"}],"version-history":[{"count":25,"href":"https:\/\/www.freyshotels.com\/freys\/wp-json\/wp\/v2\/pages\/276\/revisions"}],"predecessor-version":[{"id":2893,"href":"https:\/\/www.freyshotels.com\/freys\/wp-json\/wp\/v2\/pages\/276\/revisions\/2893"}],"up":[{"embeddable":true,"href":"https:\/\/www.freyshotels.com\/freys\/wp-json\/wp\/v2\/pages\/256"}],"wp:featuredmedia":[{"embeddable":true,"href":"https:\/\/www.freyshotels.com\/freys\/wp-json\/"}],"wp:attachment":[{"href":"https:\/\/www.freyshotels.com\/freys\/wp-json\/wp\/v2\/media?parent=276"}],"wp:term":[{"taxonomy":"page_category","embeddable":true,"href":"https:\/\/www.freyshotels.com\/freys\/wp-json\/wp\/v2\/page_category?post=276"},{"taxonomy":"page_tag","embeddable":true,"href":"https:\/\/www.freyshotels.com\/freys\/wp-json\/wp\/v2\/page_tag?post=276"}],"curies":[{"name":"wp","href":"https:\/\/api.w.org\/{rel}","templated":true}]}}