{"id":386,"date":"2026-03-17T08:04:42","date_gmt":"2026-03-17T08:04:42","guid":{"rendered":"https:\/\/www.freyshotels.com\/freys\/?page_id=386"},"modified":"2026-04-28T12:50:14","modified_gmt":"2026-04-28T12:50:14","slug":"konferenspaket","status":"publish","type":"page","link":"https:\/\/www.freyshotels.com\/freys\/konferens-stockholm\/konferenspaket\/","title":{"rendered":"Konferenspaket"},"content":{"rendered":"\n<div class=\"wp-block-columns has-2-columns alignfull paralax reverse wrap-lg min-h-screen\" style=\" padding-top:0;padding-right:0;padding-bottom:0;padding-left:0\">\n<div class=\"wp-block-column\" style=\"flex-basis:50%\">\n<div style=\"aspect-ratio:auto; justify-content:flex-end; padding-top:var(--wp--preset--spacing--40);padding-bottom:var(--wp--preset--spacing--40);padding-left:var(--wp--preset--spacing--40);padding-right:var(--wp--preset--spacing--40); min-height:100%;\" class=\"align wp-block-create-block-tankbar-multiblock has-text-color has-background\">\n\n\t<div class=\"multiblock-bg\">\n\n\t\t\t\t<div class=\"absolute inset-0 image-center-center\">\n\t\t\t\t<img decoding=\"async\" class=\"h-full w-full object-cover\" src=\"https:\/\/www.freyshotels.com\/freys\/wp-content\/uploads\/2026\/04\/freys_hotel_konferens_entre_2.jpg\" alt=\"Konferenspaket\" \/>\n\t\t\t<\/div>\n\t\t\t\n\t\n\t\n\t\n\t\n\t<\/div><!-- .multiblock-bg -->\n\n\t<div class=\"multiblock-inner\">\n\t\t\n\n<div class=\"wp-block-group\" style=\"min-height:30vh\"><\/div>\n\n\t<\/div>\n\n\t<\/div>\n<\/div>\n\n\n\n<div class=\"wp-block-column split noice has-brand-200-background-color has-background\" style=\"padding-top:var(--wp--preset--spacing--60);padding-right:var(--wp--preset--spacing--60);padding-bottom:var(--wp--preset--spacing--60);padding-left:var(--wp--preset--spacing--60)\">\n<h1 class=\"wp-block-heading has-brand-500-color has-text-color has-link-color wp-elements-6b49c55d37f259696d9642c432bfa64f\">Konferens\u00adpaket Stockholm<\/h1>\n\n\n\n<p class=\"has-medium-font-size\" style=\"margin-bottom:var(--wp--preset--spacing--50)\">Uppt\u00e4ck v\u00e5ra aktuella konferenspaket i centrala Stockholm \u2013 perfekt f\u00f6r dig som planerar konferens, m\u00f6te eller kick-off i city. P\u00e5 Freys&nbsp;Hotel&nbsp;kombinerar vi personligt v\u00e4rdskap med inspirerande milj\u00f6er och flexibla l\u00f6sningar, mitt i hj\u00e4rtat av Stockholm.&nbsp;<br><br>V\u00e5rt team s\u00e4kerst\u00e4ller att allt fungerar smidigt \u2013 fr\u00e5n teknik och konferenslokaler till de sm\u00e5 detaljerna som g\u00f6r upplevelsen extra trivsam. <br><br>Kontakta oss g\u00e4rna f\u00f6r offert eller f\u00f6r att diskutera dina id\u00e9er \u2013 vi hj\u00e4lper dig att skapa en konferens i Stockholm som blir b\u00e5de effektiv och minnesv\u00e4rd.&nbsp;<\/p>\n\n\n\n<div class=\"wp-block-buttons mt-auto\">\n<div class=\"wp-block-button\"><a class=\"wp-block-button__link has-brand-500-background-color has-background wp-element-button\" href=\"#konferenspaket\">Konferenspaket<\/a><\/div>\n<\/div>\n<\/div>\n<\/div>\n\n\n\n<div style=\"aspect-ratio:auto; justify-content:center; border-top-left-radius:16px;border-top-right-radius:16px; padding-top:var(--wp--preset--spacing--80);padding-bottom:var(--wp--preset--spacing--80);background-image:url(&apos;https:\/\/www.freyshotels.com\/wp-content\/uploads\/2026\/03\/bg-black.svg&apos;);background-position:50% 50%;background-size:1000px;\" class=\"alignfull sm-center wp-elements-9e21df612ca0315c1ca9f27017ccd008 wp-block-create-block-tankbar-multiblock has-text-color has-white-color has-background has-brand-500-background-color\">\n\n\t<div class=\"multiblock-bg\">\n\n\t\n\t\n\t\n\t\t\t<div class=\"multiblock-overlay overlay absolute inset-0 has-brand-500-background-color\" style=\"opacity:0.75;\"><\/div>\n\t\n\t\n\t<\/div><!-- .multiblock-bg -->\n\n\t<div class=\"multiblock-inner\">\n\t\t\n\n<div class=\"wp-block-columns has-2-columns\" style=\"column-gap: var(--wp--preset--spacing--60); row-gap: var(--wp--preset--spacing--40);\">\n<div class=\"wp-block-column\">\n<p class=\"has-gold-500-color has-text-color has-link-color has-script-medium-font-size wp-elements-ceb7e006fc5358414e9a92ebc5c715c3\">Konferens Stockholm<\/p>\n<\/div>\n\n\n\n<div class=\"wp-block-column\">\n<h2 class=\"wp-block-heading has-h-5-font-size\">Vi har l\u00e5ng erfarenhet av att arrangera personliga m\u00f6ten och konferenser, s\u00e5v\u00e4l fysiska som digitala. Kontakta oss g\u00e4rna f\u00f6r mer information \u2013 vi ser fram emot att skapa de b\u00e4sta f\u00f6ruts\u00e4ttningarna f\u00f6r ert n\u00e4sta m\u00f6te.<\/h2>\n<\/div>\n<\/div>\n\n\t<\/div>\n\n\t<\/div>\n\n\n\n<div class=\"wp-block-group alignfull noice\" id=\"konferenspaket\" style=\"padding-top:var(--wp--preset--spacing--60);padding-bottom:var(--wp--preset--spacing--60)\">\n<p class=\"has-text-align-center has-brand-400-color has-text-color has-link-color has-script-medium-font-size wp-elements-5fb5d1de42a485b7a6a625311f0c8125\">Utforska<\/p>\n\n\n\n<h2 class=\"wp-block-heading has-text-align-center has-brand-600-color has-text-color has-link-color has-h-1-font-size wp-elements-ce1f02b556222588eca1cc759746c729\">V\u00e5ra konferens\u00adpaket<\/h2>\n\n\n\n<div class=\"wp-block-group narrower text-center\" style=\"margin-top:var(--wp--preset--spacing--20)\">\n<p>Vi erbjuder flertalet konferenspaket s\u00e5som; frukostm\u00f6te, dagkonferens, konferens med \u00f6vernattning, konferens med helpension, Office by the hour &#8211; klippkort f\u00f6r bokning av konferensrum och kontor per timme samt f\u00f6rstklassig utrustning f\u00f6r att h\u00e5lla digitala m\u00f6ten och events.<\/p>\n<\/div>\n\n\n    <div\n\t\t        class=\"weglot-translate has-normal-font-size    \"\n\t\tstyle=\"margin-top: var(--wp--preset--spacing--60); margin-bottom: var(--wp--preset--spacing--50);\"    >\n        <div x-data=\"loadMorePosts({\n        currentPost: '386',\n        postType: 'conference_offer',\n        initialCategories: '',\n        initialTags: '',\n        postsPerPage: -1,\n        })\"\n             class=\"mx-auto flex flex-col items-center bg-inherit\"\n        >\n\t\t\t\n            <div x-show=\"noResults\" class=\"text-gray-500\">\n\t\t\t\tInga poster hittades            <\/div>\n\n            <div x-show=\"loading\" class=\"loading w-full h-[100px] self-start\"><\/div>\n\n            <div class=\"w-full grid sm:grid-cols-2 lg:grid-cols-3 gap-5 md:gap-8 xxl:gap-10 img_text_card\">\n                <template x-for=\"post in posts\" :key=\"post.id\">\n\t\t\t\t\t<a\n    x-bind:href=\"post.url\"\n    x-bind:aria-label=\"post.title\"\n    x-bind:target=\"post.target\"\n    class=\"relative group overflow-hidden no-underline flex flex-col\"\n>\n    <div class=\"relative aspect-[8\/5] overflow-hidden rounded-xl\">\n        <div x-html=\"post.thumbnail\"><\/div>\n        <div class=\"absolute top-spacing-10 left-spacing-10 flex flex-wrap gap-2\">\n            <div class=\"chip bg-brand-100\" x-show=\"post.tag\" x-text=\"post.tag\"><\/div>\n        <\/div>\n    <\/div>\n    <div class=\"has-small-font-size flex-1 pt-spacing-10\" >\n                <h3 class=\"has-medium-font-size font-medium xl:group-hover:underlined\" x-text=\"post.title\"><\/h3>\n                    <div class=\"mt-0.5\" x-text=\"post.excerpt\"><\/div>\n                    <\/div>\n<\/a>                <\/template>\n            <\/div>\n\n\t\t\t                <button x-show=\"hasMore\" :class=\"{ 'loading': loading }\" x-on:click=\"loadMore()\" :disabled=\"loading\" aria-label=\"Visa fler\" class=\"mt-spacing-40 wp-block-button__link is-style-outline has-background has-black-background-color\" style=\"display:none;\">\n\t\t\t\t\tVisa fler                <\/button>\n\t\t\t\t\n        <\/div>\n    <\/div>\n\t\n\n\n<div style=\"aspect-ratio:auto; justify-content:center; border-top-left-radius:8px;border-top-right-radius:8px;border-bottom-left-radius:8px;border-bottom-right-radius:8px; padding-top:var(--wp--preset--spacing--40);padding-bottom:var(--wp--preset--spacing--40);padding-left:var(--wp--preset--spacing--40);padding-right:var(--wp--preset--spacing--40);margin-bottom:0;background-image:url(&apos;https:\/\/www.freyshotels.com\/freys\/wp-content\/uploads\/2026\/03\/bg-black.svg&apos;);background-position:50% 50%;background-size:650px;background-attachment:scroll;\" class=\"align booking-banner wp-block-create-block-tankbar-multiblock has-text-color has-background has-brand-500-background-color\">\n\n\t<div class=\"multiblock-bg\">\n\n\t\n\t\n\t\n\t\t\t<div class=\"multiblock-overlay overlay absolute inset-0 has-brand-500-background-color\" style=\"opacity:0.75;\"><\/div>\n\t\n\t\n\t<\/div><!-- .multiblock-bg -->\n\n\t<div class=\"multiblock-inner\">\n\t\t\n\n<div class=\"wp-block-columns has-2-columns is-not-stacked-on-mobile booking-banner\" style=\"column-gap: var(--wp--preset--spacing--20);\">\n<div class=\"wp-block-column is-vertically-aligned-top overflow-hidden has-border-color has-brand-400-border-color\" style=\"border-width:2px;border-top-left-radius:50px;border-top-right-radius:50px;border-bottom-left-radius:50px;border-bottom-right-radius:50px;flex-basis:100px\">\n<figure class=\"wp-block-image size-thumbnail\"><img decoding=\"async\" src=\"https:\/\/www.freyshotels.com\/freys\/wp-content\/uploads\/2026\/04\/konferensteam_freys_hotels-150x150.jpg\" alt=\"\" class=\"wp-image-1714\"\/><\/figure>\n<\/div>\n\n\n\n<div class=\"wp-block-column is-vertically-aligned-center\">\n<div class=\"wp-block-columns has-2-columns has-2-columns are-vertically-aligned-center\" style=\"row-gap: var(--wp--preset--spacing--30);\">\n<div class=\"wp-block-column is-vertically-aligned-center\">\n<h2 class=\"wp-block-heading has-h-3-font-size\">Beh\u00f6ver du hj\u00e4lp med din bokning?<\/h2>\n\n\n\n<p style=\"margin-top:8px\">V\u00e4lkommen att kontakta oss vid fr\u00e5gor.<\/p>\n<\/div>\n\n\n\n<div class=\"wp-block-column is-vertically-aligned-center booking-button-col\">\n<div class=\"wp-block-columns has-2-columns has-2-columns has-2-columns is-not-stacked-on-mobile\" style=\"column-gap: var(--wp--preset--spacing--20);\">\n<div class=\"wp-block-column\">    <div\n                class=\"flex gap-spacing-10 flex-wrap    \"\n            >\n                                    <button\n                data-flyout-toggle=\"booking-conference\"\n                aria-label=\"Konferensf\u00f6rfr\u00e5gan\"\n                class=\"wp-block-button__link has-background has-gold-500-background-color\"\n            >\n                Konferensf\u00f6rfr\u00e5gan\n            <\/button>\n                    <\/div>\n<\/div>\n\n\n\n<div class=\"wp-block-column\"><div\n\t\tclass=\"   \"\n\t>\n\t<button\n\t\tdata-flyout-toggle=\"contact\"\n\t\taria-label=\"Kontakta oss\"\n\t\tclass=\"wp-block-button__link has-background has-gold-500-background-color\"\n\t>\n\t\tKontakta oss\n\t<\/button>\n<\/div><\/div>\n<\/div>\n<\/div>\n<\/div>\n<\/div>\n<\/div>\n\n\t<\/div>\n\n\t<\/div>\n\n\n\n<h3 class=\"wp-block-heading has-text-align-left\" style=\"margin-top:var(--wp--preset--spacing--60)\">Mer inf\u00f6r konferensen<\/h3>\n\n\n    <div\n                class=\"   \"\n        style=\"margin-top: var(--wp--preset--spacing--30);\"    >\n        <div class=\"grid-swiper relative -mx-4 md:mx-0 \" data-slides-per-view=\"3\" data-image-nav><div class=\"swiper\"><div class=\"w-full swiper-wrapper\">    <a href=\"https:\/\/www.freyshotels.com\/freys\/konferens-stockholm\/konferenslokaler\/\"\n       aria-label=\"Konferenslokaler\"\n       class=\"relative group overflow-hidden no-underline !flex flex-col swiper-slide !h-auto \"\n    >\n        <div class=\"relative aspect-[8\/5] overflow-hidden rounded-xl\">\n            <img loading=\"lazy\" decoding=\"async\" width=\"768\" height=\"441\" src=\"https:\/\/www.freyshotels.com\/freys\/wp-content\/uploads\/2026\/04\/freys_hotel_konferenslokal_mod-768x441.jpg\" class=\"absolute w-full h-full object-cover object-center\" alt=\"\" srcset=\"https:\/\/www.freyshotels.com\/freys\/wp-content\/uploads\/2026\/04\/freys_hotel_konferenslokal_mod-768x441.jpg 768w, https:\/\/www.freyshotels.com\/freys\/wp-content\/uploads\/2026\/04\/freys_hotel_konferenslokal_mod-300x172.jpg 300w, https:\/\/www.freyshotels.com\/freys\/wp-content\/uploads\/2026\/04\/freys_hotel_konferenslokal_mod-1024x588.jpg 1024w, https:\/\/www.freyshotels.com\/freys\/wp-content\/uploads\/2026\/04\/freys_hotel_konferenslokal_mod-1536x882.jpg 1536w, https:\/\/www.freyshotels.com\/freys\/wp-content\/uploads\/2026\/04\/freys_hotel_konferenslokal_mod.jpg 1920w\" sizes=\"auto, (max-width: 768px) 100vw, 768px\" \/>            <div class=\"absolute top-spacing-10 left-spacing-10 flex flex-wrap gap-2\">\n                            <\/div>\n        <\/div>\n        <div class=\"has-small-font-size flex-1 pt-spacing-10\" >\n                        <h3 class=\"has-medium-font-size font-medium xl:group-hover:underlined\">Konferenslokaler<\/h3>\n                            <div class=\"mt-0.5\">V\u00e5ra elva\u00a0m\u00f6tesrum \u00e4r utformade f\u00f6r att skapa r\u00e4tt f\u00f6ruts\u00e4ttningar f\u00f6r allt fr\u00e5n mindre samtal till st\u00f6rre konferenser och workshops.<\/div>\n                                <\/div>\n    <\/a>\n        <a href=\"https:\/\/www.freyshotels.com\/freys\/konferens-stockholm\/konferensaktiviteter\/\"\n       aria-label=\"Konferensaktiviteter\"\n       class=\"relative group overflow-hidden no-underline !flex flex-col swiper-slide !h-auto \"\n    >\n        <div class=\"relative aspect-[8\/5] overflow-hidden rounded-xl\">\n            <img loading=\"lazy\" decoding=\"async\" width=\"768\" height=\"512\" src=\"https:\/\/www.freyshotels.com\/freys\/wp-content\/uploads\/2026\/04\/freys_hotel_event-768x512.jpg\" class=\"absolute w-full h-full object-cover object-center\" alt=\"\" srcset=\"https:\/\/www.freyshotels.com\/freys\/wp-content\/uploads\/2026\/04\/freys_hotel_event-768x512.jpg 768w, https:\/\/www.freyshotels.com\/freys\/wp-content\/uploads\/2026\/04\/freys_hotel_event-300x200.jpg 300w, https:\/\/www.freyshotels.com\/freys\/wp-content\/uploads\/2026\/04\/freys_hotel_event-1024x683.jpg 1024w, https:\/\/www.freyshotels.com\/freys\/wp-content\/uploads\/2026\/04\/freys_hotel_event-1536x1024.jpg 1536w, https:\/\/www.freyshotels.com\/freys\/wp-content\/uploads\/2026\/04\/freys_hotel_event.jpg 1920w\" sizes=\"auto, (max-width: 768px) 100vw, 768px\" \/>            <div class=\"absolute top-spacing-10 left-spacing-10 flex flex-wrap gap-2\">\n                            <\/div>\n        <\/div>\n        <div class=\"has-small-font-size flex-1 pt-spacing-10\" >\n                        <h3 class=\"has-medium-font-size font-medium xl:group-hover:underlined\">Konferensaktiviteter<\/h3>\n                            <div class=\"mt-0.5\">Vi har samlat ett urval av aktiviteter tillsammans med v\u00e5ra samarbetspartners som vi g\u00e4rna rekommenderar i samband med er konferens eller m\u00f6te.<\/div>\n                                <\/div>\n    <\/a>\n        <a href=\"https:\/\/www.freyshotels.com\/freys\/konferens-stockholm\/konferensmaltider\/\"\n       aria-label=\"Konferensm\u00e5ltider\"\n       class=\"relative group overflow-hidden no-underline !flex flex-col swiper-slide !h-auto \"\n    >\n        <div class=\"relative aspect-[8\/5] overflow-hidden rounded-xl\">\n            <img loading=\"lazy\" decoding=\"async\" width=\"768\" height=\"512\" src=\"https:\/\/www.freyshotels.com\/freys\/wp-content\/uploads\/2026\/04\/freys_hotel_konferensfika-768x512.jpg\" class=\"absolute w-full h-full object-cover object-center\" alt=\"\" srcset=\"https:\/\/www.freyshotels.com\/freys\/wp-content\/uploads\/2026\/04\/freys_hotel_konferensfika-768x512.jpg 768w, https:\/\/www.freyshotels.com\/freys\/wp-content\/uploads\/2026\/04\/freys_hotel_konferensfika-300x200.jpg 300w, https:\/\/www.freyshotels.com\/freys\/wp-content\/uploads\/2026\/04\/freys_hotel_konferensfika-1024x683.jpg 1024w, https:\/\/www.freyshotels.com\/freys\/wp-content\/uploads\/2026\/04\/freys_hotel_konferensfika-1536x1025.jpg 1536w, https:\/\/www.freyshotels.com\/freys\/wp-content\/uploads\/2026\/04\/freys_hotel_konferensfika.jpg 1920w\" sizes=\"auto, (max-width: 768px) 100vw, 768px\" \/>            <div class=\"absolute top-spacing-10 left-spacing-10 flex flex-wrap gap-2\">\n                            <\/div>\n        <\/div>\n        <div class=\"has-small-font-size flex-1 pt-spacing-10\" >\n                        <h3 class=\"has-medium-font-size font-medium xl:group-hover:underlined\">Konferensm\u00e5ltider<\/h3>\n                            <div class=\"mt-0.5\">Under er konferens \u00e4r det Belgobaren som st\u00e5r f\u00f6r den gener\u00f6sa frukostbuff\u00e9n, v\u00e4llagade maten och de energigivande fikapauserna.<\/div>\n                                <\/div>\n    <\/a>\n    <\/div><\/div><div aria-disabled=\"true\" class=\"swiper-button-prev icon-arrow !hidden md:!flex\"><\/div><div class=\"swiper-button-next icon-arrow !hidden md:!flex\"><\/div><div class=\"swiper-pagination\"><\/div><\/div>    <\/div>\n    <\/div>\n\n\n\n<div class=\"wp-block-group alignfull noice has-brand-200-background-color has-background\" style=\"padding-top:var(--wp--preset--spacing--60);padding-bottom:var(--wp--preset--spacing--80)\">\n<div class=\"wp-block-columns has-2-columns\" style=\"column-gap: var(--wp--preset--spacing--80); row-gap: var(--wp--preset--spacing--20);\">\n<div class=\"wp-block-column\">\n<h2 class=\"wp-block-heading has-text-align-left has-brand-500-color has-text-color has-link-color wp-elements-124b4f8d46a2b7ab043343d79a2432dc\">Sk\u00e4ddarsydd konferens i Stockholm \u2013 utifr\u00e5n dina behov<\/h2>\n<\/div>\n\n\n\n<div class=\"wp-block-column\">\n<p>Vi hj\u00e4lper g\u00e4rna till att ta fram ett individuellt f\u00f6rslag baserat p\u00e5 dina \u00f6nskem\u00e5l och syftet med m\u00f6tet. Oavsett om du planerar ett mindre m\u00f6te, en heldagskonferens eller ett st\u00f6rre event, ser vi till att allt skr\u00e4ddarsys f\u00f6r att passa er grupp.<\/p>\n\n\n\n<p>V\u00e5rt team ser till att allt fungerar smidigt \u2013 fr\u00e5n teknik och lokaler till de sm\u00e5 detaljer som g\u00f6r konferensen extra trivsam. De mest f\u00f6rm\u00e5nliga priserna p\u00e5 konferensrum erbjuder vi p\u00e5 m\u00e5ndagar, fredagar och under helgerna \u2013 perfekt f\u00f6r dig som vill kombinera kvalitet med prisv\u00e4rdhet.<\/p>\n\n\n\n<p class=\"has-small-font-size\">Kontakta oss g\u00e4rna f\u00f6r en offert eller f\u00f6r att diskutera dina id\u00e9er \u2013 vi hj\u00e4lper dig att skapa en konferensupplevelse i Stockholm som blir b\u00e5de minnesv\u00e4rd och effektiv.<\/p>\n\n\n<div\n\t\tclass=\"   \"\n\tstyle=\"margin-left: 0; margin-right: 0; padding-top: var(--wp--preset--spacing--20);\">\n\t<button\n\t\tdata-flyout-toggle=\"contact\"\n\t\taria-label=\"Kontakta oss\"\n\t\tclass=\"wp-block-button__link has-background has-gold-500-background-color\"\n\t>\n\t\tKontakta oss\n\t<\/button>\n<\/div><\/div>\n<\/div>\n<\/div>\n\n\n\n<div class=\"wp-block-columns has-2-columns alignfull noice has-brand-100-background-color has-background\" style=\"column-gap: var(--wp--preset--spacing--40); row-gap: var(--wp--preset--spacing--40); padding-top:var(--wp--preset--spacing--60);padding-bottom:var(--wp--preset--spacing--80)\">\n<div class=\"wp-block-column\">\n<h2 class=\"wp-block-heading has-h-3-font-size\">Vanliga fr\u00e5gor inf\u00f6r er konferens<\/h2>\n\n\n\n<div class=\"wp-block-buttons\">\n<div class=\"wp-block-button is-style-outline is-style-outline--1\"><a class=\"wp-block-button__link has-black-background-color has-background wp-element-button\" href=\"\/freys\/fragor-och-svar#konferens\">L\u00e4s fler fr\u00e5gor och svar<\/a><\/div>\n<\/div>\n<\/div>\n\n\n\n<div class=\"wp-block-column\"><div \tclass=\"   \"\n\t>\n\t    <div\n                class=\"w-full    \"\n            >\n                    <div id=\"faq-2173\" x-data=\"{ open: false }\" class=\"py-spacing-10 border-b border-black\/10\">\n                <button x-on:click=\"open = ! open\" x-bind:class=\"open ? 'faq-close text-brand-500' : 'faq-open'\" aria-label=\"Visa svar\" class=\"group w-full flex items-start justify-between gap-x-4 text-left has-medium-font-size\">\n                    <span class=\"self-center flex-1 xl:group-hover:text-brand-500\">Erbjuder ni videokonferens och digitala m\u00f6ten?\u00a0<\/span>\n                    <i x-bind:class=\"open ? 'icon-minus' : 'icon-plus'\" class=\"flex items-center justify-center size-10 min-w-10 bg-white rounded-full shadow-button text-[20px] text-neutral-600 focus:!shadow-button xl:hover:scale-110 transition-all duration-200\"><\/i>\n                <\/button>\n                <div x-cloak x-show=\"open\" class=\"mt-2\">\n                    <div class=\"py-3 md:py-4\">\n                        <p><span data-contrast=\"auto\">Ja, vi erbjuder tv\u00e5 l\u00f6sningar:<\/span><span data-ccp-props=\"{}\">\u00a0<\/span><\/p>\n<p><span data-contrast=\"auto\">Helhetsl\u00f6sning: kamera, mikrofon\/h\u00f6gtalare, dator och m\u00f6tesl\u00e4nk<\/span><br \/>\n<span data-contrast=\"auto\">Pris: 1200 kr exkl. moms \/ 1500 kr inkl. moms<\/span><span data-ccp-props=\"{}\">\u00a0<\/span><\/p>\n<p><span data-contrast=\"auto\">G\u00f6r det sj\u00e4lv: kamera med mikrofon till egen dator<\/span><br \/>\n<span data-contrast=\"auto\">Pris: 760 kr exkl. moms \/ 950 kr inkl. moms<\/span><span data-ccp-props=\"{}\">\u00a0<\/span><\/p>\n                    <\/div>\n                <\/div>\n            <\/div>\n                        <div id=\"faq-2170\" x-data=\"{ open: false }\" class=\"py-spacing-10 border-b border-black\/10\">\n                <button x-on:click=\"open = ! open\" x-bind:class=\"open ? 'faq-close text-brand-500' : 'faq-open'\" aria-label=\"Visa svar\" class=\"group w-full flex items-start justify-between gap-x-4 text-left has-medium-font-size\">\n                    <span class=\"self-center flex-1 xl:group-hover:text-brand-500\">Kan man boka kv\u00e4lls- och helgkonferens hos er?\u00a0<\/span>\n                    <i x-bind:class=\"open ? 'icon-minus' : 'icon-plus'\" class=\"flex items-center justify-center size-10 min-w-10 bg-white rounded-full shadow-button text-[20px] text-neutral-600 focus:!shadow-button xl:hover:scale-110 transition-all duration-200\"><\/i>\n                <\/button>\n                <div x-cloak x-show=\"open\" class=\"mt-2\">\n                    <div class=\"py-3 md:py-4\">\n                        <p><span class=\"TextRun SCXW57454653 BCX0\" lang=\"SV-SE\" xml:lang=\"SV-SE\" data-contrast=\"auto\"><span class=\"NormalTextRun SCXW57454653 BCX0\">Sj\u00e4lvklart! V\u00e5rt hotell har \u00f6ppet dygnet runt alla veckans dagar och vi v\u00e4lkomnar er \u00e4ven kv\u00e4llar och helger.<\/span><\/span><span class=\"EOP SCXW57454653 BCX0\" data-ccp-props=\"{}\">\u00a0<\/span><\/p>\n                    <\/div>\n                <\/div>\n            <\/div>\n                        <div id=\"faq-2172\" x-data=\"{ open: false }\" class=\"py-spacing-10 border-b border-black\/10\">\n                <button x-on:click=\"open = ! open\" x-bind:class=\"open ? 'faq-close text-brand-500' : 'faq-open'\" aria-label=\"Visa svar\" class=\"group w-full flex items-start justify-between gap-x-4 text-left has-medium-font-size\">\n                    <span class=\"self-center flex-1 xl:group-hover:text-brand-500\">Vad har ni f\u00f6r utrustning i era konferensrum?\u00a0<\/span>\n                    <i x-bind:class=\"open ? 'icon-minus' : 'icon-plus'\" class=\"flex items-center justify-center size-10 min-w-10 bg-white rounded-full shadow-button text-[20px] text-neutral-600 focus:!shadow-button xl:hover:scale-110 transition-all duration-200\"><\/i>\n                <\/button>\n                <div x-cloak x-show=\"open\" class=\"mt-2\">\n                    <div class=\"py-3 md:py-4\">\n                        <p><span class=\"TextRun SCXW41903026 BCX0\" lang=\"SV-SE\" xml:lang=\"SV-SE\" data-contrast=\"auto\"><span class=\"NormalTextRun SCXW41903026 BCX0\">M\u00f6tesrummen \u00e4r utrustade med bl\u00e4dderblock, skrivtavla, block och penna, <\/span><span class=\"NormalTextRun SpellingErrorV2Themed SCXW41903026 BCX0\">Wifi<\/span><span class=\"NormalTextRun SCXW41903026 BCX0\">\u00a0och telefon. De flesta rum har projektor med duk och h\u00f6gtalare, vissa har Smart-TV.<\/span><\/span><span class=\"EOP SCXW41903026 BCX0\" data-ccp-props=\"{}\">\u00a0<\/span><\/p>\n                    <\/div>\n                <\/div>\n            <\/div>\n                        <div id=\"faq-2171\" x-data=\"{ open: false }\" class=\"py-spacing-10 border-b border-black\/10\">\n                <button x-on:click=\"open = ! open\" x-bind:class=\"open ? 'faq-close text-brand-500' : 'faq-open'\" aria-label=\"Visa svar\" class=\"group w-full flex items-start justify-between gap-x-4 text-left has-medium-font-size\">\n                    <span class=\"self-center flex-1 xl:group-hover:text-brand-500\">Hur n\u00e4ra inp\u00e5 kan man \u00e4ndra antal deltagare?\u00a0<\/span>\n                    <i x-bind:class=\"open ? 'icon-minus' : 'icon-plus'\" class=\"flex items-center justify-center size-10 min-w-10 bg-white rounded-full shadow-button text-[20px] text-neutral-600 focus:!shadow-button xl:hover:scale-110 transition-all duration-200\"><\/i>\n                <\/button>\n                <div x-cloak x-show=\"open\" class=\"mt-2\">\n                    <div class=\"py-3 md:py-4\">\n                        <p><span data-contrast=\"auto\">F\u00f6r mat och dryck kan antal deltagare justeras fram till kl. 11.00 tre dagar f\u00f6re arrangemangets b\u00f6rjan.<\/span><span data-ccp-props=\"{}\">\u00a0<\/span><\/p>\n<p><span data-contrast=\"auto\">F\u00f6r logi g\u00e4ller:<\/span><span data-ccp-props=\"{}\">\u00a0<\/span><\/p>\n<ul>\n<li aria-setsize=\"-1\" data-leveltext=\"\uf0b7\" data-font=\"Symbol\" data-listid=\"1\" data-list-defn-props=\"{&quot;335552541&quot;:1,&quot;335559685&quot;:720,&quot;335559991&quot;:360,&quot;469769226&quot;:&quot;Symbol&quot;,&quot;469769242&quot;:[8226],&quot;469777803&quot;:&quot;left&quot;,&quot;469777804&quot;:&quot;\uf0b7&quot;,&quot;469777815&quot;:&quot;multilevel&quot;}\" data-aria-posinset=\"1\" data-aria-level=\"1\"><span data-contrast=\"auto\">Fram till 14 dagar innan ankomst: upp till fem rum kostnadsfritt\u00a0<\/span><span data-ccp-props=\"{}\">\u00a0<\/span><\/li>\n<\/ul>\n<ul>\n<li aria-setsize=\"-1\" data-leveltext=\"\uf0b7\" data-font=\"Symbol\" data-listid=\"1\" data-list-defn-props=\"{&quot;335552541&quot;:1,&quot;335559685&quot;:720,&quot;335559991&quot;:360,&quot;469769226&quot;:&quot;Symbol&quot;,&quot;469769242&quot;:[8226],&quot;469777803&quot;:&quot;left&quot;,&quot;469777804&quot;:&quot;\uf0b7&quot;,&quot;469777815&quot;:&quot;multilevel&quot;}\" data-aria-posinset=\"2\" data-aria-level=\"1\"><span data-contrast=\"auto\">Fram till kl. 18.00 dagen innan ankomst: upp till tv\u00e5 rum kostnadsfritt\u00a0<\/span><span data-ccp-props=\"{}\">\u00a0<\/span><\/li>\n<\/ul>\n                    <\/div>\n                <\/div>\n            <\/div>\n                        <div id=\"faq-2169\" x-data=\"{ open: false }\" class=\"py-spacing-10 border-b border-black\/10\">\n                <button x-on:click=\"open = ! open\" x-bind:class=\"open ? 'faq-close text-brand-500' : 'faq-open'\" aria-label=\"Visa svar\" class=\"group w-full flex items-start justify-between gap-x-4 text-left has-medium-font-size\">\n                    <span class=\"self-center flex-1 xl:group-hover:text-brand-500\">Har m\u00f6tesrummen f\u00f6nster?<\/span>\n                    <i x-bind:class=\"open ? 'icon-minus' : 'icon-plus'\" class=\"flex items-center justify-center size-10 min-w-10 bg-white rounded-full shadow-button text-[20px] text-neutral-600 focus:!shadow-button xl:hover:scale-110 transition-all duration-200\"><\/i>\n                <\/button>\n                <div x-cloak x-show=\"open\" class=\"mt-2\">\n                    <div class=\"py-3 md:py-4\">\n                        <p><span class=\"TextRun SCXW86539350 BCX0\" lang=\"SV-SE\" xml:lang=\"SV-SE\" data-contrast=\"auto\"><span class=\"NormalTextRun SCXW86539350 BCX0\">Ja, alla v\u00e5ra m\u00f6tesrum bortsett fr\u00e5n tre (Dimension, Fokus och Perspektiv) har f\u00f6nster som ger ett h\u00e4rligt ljusinsl\u00e4pp i samtliga rum.<\/span><\/span><\/p>\n                    <\/div>\n                <\/div>\n            <\/div>\n                <\/div>\n    <script type=\"application\/ld+json\">\n        {\n    \"@context\": \"https:\/\/schema.org\",\n    \"@type\": \"FAQPage\",\n    \"mainEntity\": [\n        {\n            \"@type\": \"Question\",\n            \"name\": \"Erbjuder ni videokonferens och digitala m\u00f6ten?\u00a0\",\n            \"acceptedAnswer\": {\n                \"@type\": \"Answer\",\n                \"text\": \"Ja, vi erbjuder tv\u00e5 l\u00f6sningar:\u00a0\\nHelhetsl\u00f6sning: kamera, mikrofon\/h\u00f6gtalare, dator och m\u00f6tesl\u00e4nk\\nPris: 1200 kr exkl. moms \/ 1500 kr inkl. moms\u00a0\\nG\u00f6r det sj\u00e4lv: kamera med mikrofon till egen dator\\nPris: 760 kr exkl. moms \/ 950 kr inkl. moms\u00a0\"\n            }\n        },\n        {\n            \"@type\": \"Question\",\n            \"name\": \"Kan man boka kv\u00e4lls- och helgkonferens hos er?\u00a0\",\n            \"acceptedAnswer\": {\n                \"@type\": \"Answer\",\n                \"text\": \"Sj\u00e4lvklart! V\u00e5rt hotell har \u00f6ppet dygnet runt alla veckans dagar och vi v\u00e4lkomnar er \u00e4ven kv\u00e4llar och helger.\u00a0\"\n            }\n        },\n        {\n            \"@type\": \"Question\",\n            \"name\": \"Vad har ni f\u00f6r utrustning i era konferensrum?\u00a0\",\n            \"acceptedAnswer\": {\n                \"@type\": \"Answer\",\n                \"text\": \"M\u00f6tesrummen \u00e4r utrustade med bl\u00e4dderblock, skrivtavla, block och penna, Wifi\u00a0och telefon. De flesta rum har projektor med duk och h\u00f6gtalare, vissa har Smart-TV.\u00a0\"\n            }\n        },\n        {\n            \"@type\": \"Question\",\n            \"name\": \"Hur n\u00e4ra inp\u00e5 kan man \u00e4ndra antal deltagare?\u00a0\",\n            \"acceptedAnswer\": {\n                \"@type\": \"Answer\",\n                \"text\": \"F\u00f6r mat och dryck kan antal deltagare justeras fram till kl. 11.00 tre dagar f\u00f6re arrangemangets b\u00f6rjan.\u00a0\\nF\u00f6r logi g\u00e4ller:\u00a0\\n\\nFram till 14 dagar innan ankomst: upp till fem rum kostnadsfritt\u00a0\u00a0\\n\\n\\nFram till kl. 18.00 dagen innan ankomst: upp till tv\u00e5 rum kostnadsfritt\u00a0\u00a0\"\n            }\n        },\n        {\n            \"@type\": \"Question\",\n            \"name\": \"Har m\u00f6tesrummen f\u00f6nster?\",\n            \"acceptedAnswer\": {\n                \"@type\": \"Answer\",\n                \"text\": \"Ja, alla v\u00e5ra m\u00f6tesrum bortsett fr\u00e5n tre (Dimension, Fokus och Perspektiv) har f\u00f6nster som ger ett h\u00e4rligt ljusinsl\u00e4pp i samtliga rum.\"\n            }\n        }\n    ]\n}    <\/script>\n    <\/div><\/div>\n<\/div>\n\n\n\n<div class=\"wp-block-columns has-2-columns alignfull are-vertically-aligned-center noice\" style=\"column-gap: var(--wp--preset--spacing--80); row-gap: var(--wp--preset--spacing--30); padding-top:0;padding-bottom:var(--wp--preset--spacing--80)\">\n<div class=\"wp-block-column is-vertically-aligned-center stick\">\t<div \t\tclass=\"media-container aspect-square    \"\n\t\t\t>\n\t\t<img loading=\"lazy\" decoding=\"async\" width=\"1024\" height=\"683\" src=\"https:\/\/www.freyshotels.com\/freys\/wp-content\/uploads\/2026\/04\/konferensteam_freys_hotels-1024x683.jpg\" class=\"absolute h-full w-full object-cover rounded-2xl image-center-center\" alt=\"\" sizes=\"auto, (min-width: 1024px) 1600px, 1024px\" data-sizes=\"auto\" srcset=\"https:\/\/www.freyshotels.com\/freys\/wp-content\/uploads\/2026\/04\/konferensteam_freys_hotels-1024x683.jpg 1024w, https:\/\/www.freyshotels.com\/freys\/wp-content\/uploads\/2026\/04\/konferensteam_freys_hotels-300x200.jpg 300w, https:\/\/www.freyshotels.com\/freys\/wp-content\/uploads\/2026\/04\/konferensteam_freys_hotels-768x512.jpg 768w, https:\/\/www.freyshotels.com\/freys\/wp-content\/uploads\/2026\/04\/konferensteam_freys_hotels-1536x1024.jpg 1536w, https:\/\/www.freyshotels.com\/freys\/wp-content\/uploads\/2026\/04\/konferensteam_freys_hotels.jpg 1920w\" \/>\t<\/div>\n\t<\/div>\n\n\n\n<div class=\"wp-block-column is-vertically-aligned-center\">\n<p class=\"has-brand-400-color has-text-color has-link-color has-script-medium-font-size wp-elements-1119f553ef76ce716ba3c094a3fad9da\">Stockholm city<\/p>\n\n\n\n<h2 class=\"wp-block-heading has-brand-600-color has-text-color has-link-color wp-elements-3e05560d23969b8e43928eb5615ef10b\">konferens p\u00e5 freys<\/h2>\n\n\n\n<p class=\"has-brand-600-color has-text-color has-link-color wp-elements-a46bab2b777cc7f55a0526e586b45757\"><strong>Freys&nbsp;Hotel&nbsp;erbjuder flexibla konferenslokaler i olika storlekar, perfekt f\u00f6r allt fr\u00e5n mindre m\u00f6ten till st\u00f6rre konferenser och event. <\/strong>Med v\u00e5rt centrala l\u00e4ge n\u00e4ra Centralstationen och Arlanda Express blir det enkelt att samla teamet oavsett var deltagarna kommer ifr\u00e5n.&nbsp;<\/p>\n\n\n\n<p class=\"has-brand-600-color has-text-color has-link-color wp-elements-44d53efb5fab5ffeb598c4369ea29bb0\">H\u00e4r m\u00f6ts personlig service, moderna m\u00f6tesrum och ett av Stockholms mest tillg\u00e4ngliga l\u00e4gen \u2013 en kombination som skapar effektiva och inspirerande m\u00f6ten.&nbsp;<\/p>\n\n\n\n<div class=\"wp-block-buttons\">\n<div class=\"wp-block-button\"><a class=\"wp-block-button__link has-brand-500-background-color has-background wp-element-button\" href=\"https:\/\/www.freyshotels.com\/freys\/konferens-stockholm\/\" target=\"_blank\" rel=\"noreferrer noopener\">l\u00e4s mer om konferens<\/a><\/div>\n<\/div>\n<\/div>\n<\/div>\n","protected":false},"excerpt":{"rendered":"<p>Uppt\u00e4ck v\u00e5ra aktuella konferenspaket i centrala Stockholm \u2013 perfekt f\u00f6r dig som planerar konferens, m\u00f6te eller kick-off i city. <\/p>\n","protected":false},"author":1,"featured_media":1126,"parent":253,"menu_order":20,"comment_status":"closed","ping_status":"closed","template":"","meta":{"_acf_changed":false,"footnotes":""},"page_category":[],"page_tag":[],"class_list":["post-386","page","type-page","status-publish","has-post-thumbnail","hentry"],"acf":[],"publishpress_future_action":{"enabled":false,"date":"2026-05-06 13:36:16","action":"change-status","newStatus":"draft","terms":[],"taxonomy":"page_category","extraData":[]},"publishpress_future_workflow_manual_trigger":{"enabledWorkflows":[]},"_links":{"self":[{"href":"https:\/\/www.freyshotels.com\/freys\/wp-json\/wp\/v2\/pages\/386","targetHints":{"allow":["GET"]}}],"collection":[{"href":"https:\/\/www.freyshotels.com\/freys\/wp-json\/wp\/v2\/pages"}],"about":[{"href":"https:\/\/www.freyshotels.com\/freys\/wp-json\/wp\/v2\/types\/page"}],"author":[{"embeddable":true,"href":"https:\/\/www.freyshotels.com\/freys\/wp-json\/wp\/v2\/users\/1"}],"replies":[{"embeddable":true,"href":"https:\/\/www.freyshotels.com\/freys\/wp-json\/wp\/v2\/comments?post=386"}],"version-history":[{"count":33,"href":"https:\/\/www.freyshotels.com\/freys\/wp-json\/wp\/v2\/pages\/386\/revisions"}],"predecessor-version":[{"id":2960,"href":"https:\/\/www.freyshotels.com\/freys\/wp-json\/wp\/v2\/pages\/386\/revisions\/2960"}],"up":[{"embeddable":true,"href":"https:\/\/www.freyshotels.com\/freys\/wp-json\/wp\/v2\/pages\/253"}],"wp:featuredmedia":[{"embeddable":true,"href":"https:\/\/www.freyshotels.com\/freys\/wp-json\/"}],"wp:attachment":[{"href":"https:\/\/www.freyshotels.com\/freys\/wp-json\/wp\/v2\/media?parent=386"}],"wp:term":[{"taxonomy":"page_category","embeddable":true,"href":"https:\/\/www.freyshotels.com\/freys\/wp-json\/wp\/v2\/page_category?post=386"},{"taxonomy":"page_tag","embeddable":true,"href":"https:\/\/www.freyshotels.com\/freys\/wp-json\/wp\/v2\/page_tag?post=386"}],"curies":[{"name":"wp","href":"https:\/\/api.w.org\/{rel}","templated":true}]}}