{"id":392,"date":"2026-03-17T08:07:56","date_gmt":"2026-03-17T08:07:56","guid":{"rendered":"https:\/\/www.freyshotels.com\/freys\/?page_id=392"},"modified":"2026-04-28T13:52:16","modified_gmt":"2026-04-28T13:52:16","slug":"hotellerbjudanden-stockholm","status":"publish","type":"page","link":"https:\/\/www.freyshotels.com\/freys\/hotell-stockholm\/hotellerbjudanden-stockholm\/","title":{"rendered":"Hotellerbjudanden"},"content":{"rendered":"\n<div class=\"wp-block-columns has-2-columns alignfull paralax reverse wrap-lg min-h-screen\" style=\" padding-top:0;padding-right:0;padding-bottom:0;padding-left:0\">\n<div class=\"wp-block-column\" style=\"flex-basis:50%\">\n<div style=\"aspect-ratio:auto; justify-content:flex-end; padding-top:var(--wp--preset--spacing--40);padding-bottom:var(--wp--preset--spacing--40);padding-left:var(--wp--preset--spacing--40);padding-right:var(--wp--preset--spacing--40); min-height:100%;\" class=\"align wp-block-create-block-tankbar-multiblock has-text-color has-background\">\n\n\t<div class=\"multiblock-bg\">\n\n\t\t\t\t<div class=\"absolute inset-0 image-center-center\">\n\t\t\t\t<img decoding=\"async\" class=\"h-full w-full object-cover\" src=\"https:\/\/www.freyshotels.com\/freys\/wp-content\/uploads\/2026\/04\/freys_hotel_superiorrum.jpg\" alt=\"Hotellerbjudanden\" \/>\n\t\t\t<\/div>\n\t\t\t\n\t\n\t\n\t\n\t\n\t<\/div><!-- .multiblock-bg -->\n\n\t<div class=\"multiblock-inner\">\n\t\t\n\n<div class=\"wp-block-group\" style=\"min-height:30vh\"><\/div>\n\n\t<\/div>\n\n\t<\/div>\n<\/div>\n\n\n\n<div class=\"wp-block-column split noice has-brand-200-background-color has-background\" style=\"padding-top:var(--wp--preset--spacing--60);padding-right:var(--wp--preset--spacing--60);padding-bottom:var(--wp--preset--spacing--60);padding-left:var(--wp--preset--spacing--60)\">\n<h1 class=\"wp-block-heading has-brand-500-color has-text-color has-link-color has-h-2-font-size wp-elements-31c6420c77ebf8f20c9a8f33b7e1bcd5\">Hotell\u00aderbjudanden och weekend Stockholm<\/h1>\n\n\n\n<p class=\"has-normal-font-size\" style=\"margin-bottom:var(--wp--preset--spacing--50)\">Letar du efter ett mysigt hotell i centrala Stockholm f\u00f6r en weekend, familjevistelse eller lite vardagslyx? H\u00e4r hittar du unika hotellpaket och weekendpaket \u2013 exklusivt bokningsbara direkt hos oss.&nbsp;<br><br>V\u00e5ra paket passar lika bra f\u00f6r en avkopplande weekend f\u00f6r tv\u00e5 som f\u00f6r en paus i vardagen eller en vistelse med familjen. F\u00f6r dig som \u00e4r student eller senior 65+ erbjuder vi dessutom f\u00f6rm\u00e5nliga alternativ med studentrabatt och seniorrabatt.&nbsp;<br><br>N\u00e4r du bokar direkt p\u00e5 v\u00e5r sajt f\u00e5r du alltid b\u00e4sta pris, extra f\u00f6rm\u00e5ner och full flexibilitet. V\u00e4lkommen till Freys&nbsp;Hotel&nbsp;\u2013 ett mysigt hotell i Stockholm d\u00e4r det personliga bem\u00f6tandet g\u00f6r varje vistelse speciell.&nbsp;<\/p>\n\n\n\n<div class=\"wp-block-buttons mt-auto\">\n<div class=\"wp-block-button\"><a class=\"wp-block-button__link has-brand-500-background-color has-background wp-element-button\" href=\"#hotellerbjudanden\">Hotellerbjudanden<\/a><\/div>\n<\/div>\n<\/div>\n<\/div>\n\n\n\n<div style=\"aspect-ratio:auto; justify-content:center; border-top-left-radius:16px;border-top-right-radius:16px; padding-top:var(--wp--preset--spacing--80);padding-bottom:var(--wp--preset--spacing--80);background-image:url(&apos;https:\/\/www.freyshotels.com\/wp-content\/uploads\/2026\/03\/bg-black.svg&apos;);background-position:50% 50%;background-size:1000px;\" class=\"alignfull sm-center wp-elements-fab917821d10532b12e7fb45e2d7f084 wp-block-create-block-tankbar-multiblock has-text-color has-white-color has-background has-brand-500-background-color\">\n\n\t<div class=\"multiblock-bg\">\n\n\t\n\t\n\t\n\t\t\t<div class=\"multiblock-overlay overlay absolute inset-0 has-brand-500-background-color\" style=\"opacity:0.75;\"><\/div>\n\t\n\t\n\t<\/div><!-- .multiblock-bg -->\n\n\t<div class=\"multiblock-inner\">\n\t\t\n\n<div class=\"wp-block-columns has-2-columns\" style=\"column-gap: var(--wp--preset--spacing--60); row-gap: var(--wp--preset--spacing--40);\">\n<div class=\"wp-block-column\">\n<p class=\"has-gold-500-color has-text-color has-link-color has-script-medium-font-size wp-elements-d5ad8666d0a778945ce98b0efe598b7f\">Hotell ljuva hem<\/p>\n<\/div>\n\n\n\n<div class=\"wp-block-column\">\n<h2 class=\"wp-block-heading has-h-3-font-size\">Familje\u00e4gt hotell i hj\u00e4rtat av Stockholm d\u00e4r personlig service, hemtrevlig atmosf\u00e4r och h\u00e5llbarhet m\u00f6ts. Hos oss bor du centralt, bekv\u00e4mt och med omtanke om b\u00e5de dig och milj\u00f6n.<\/h2>\n<\/div>\n<\/div>\n\n\t<\/div>\n\n\t<\/div>\n\n\n\n<div class=\"wp-block-group alignfull noice\" id=\"hotellerbjudanden\" style=\"padding-top:var(--wp--preset--spacing--60);padding-bottom:var(--wp--preset--spacing--80)\">\n<p class=\"has-text-align-center has-brand-400-color has-text-color has-link-color has-script-medium-font-size wp-elements-5fb5d1de42a485b7a6a625311f0c8125\">Utforska<\/p>\n\n\n\n<h2 class=\"wp-block-heading has-text-align-center has-brand-600-color has-text-color has-link-color has-h-1-font-size wp-elements-edcba590bcd271e90774597e6a169dcb\">V\u00e5ra hotell\u00aderbjudanden<\/h2>\n\n\n\n<div class=\"wp-block-group narrower text-center\" style=\"margin-top:var(--wp--preset--spacing--20)\">\n<p class=\"has-text-align-center\">H\u00e4r hittar du v\u00e5ra b\u00e4sta hotellerbjudanden f\u00f6r \u00f6vernattning i Stockholm. V\u00e5ra specialerbjudanden och hotellpaket kan endast bokas direkt hos oss, och p\u00e5 v\u00e5r sajt bokar du alltid din hotellvistelse till b\u00e4sta pris. <br><br>Du f\u00e5r alltid ungef\u00e4r 100 kronor l\u00e4gre pris per natt \u00e4n via \u00f6vriga bokningskanaler. Med hj\u00e4lp av prisj\u00e4mf\u00f6relse vid bokning p\u00e5 v\u00e5r sajt matchar vi \u00e4ven priset s\u00e5 att du kan k\u00e4nna dig trygg med att du bokar det b\u00e4sta erbjudandet. N\u00e4r du bokar direkt p\u00e5 v\u00e5r sajt f\u00e5r du \u00e4ven 10 procent rabatt i restaurang Belgobaren samt f\u00f6rtur till tidig incheckning och uppgradering i m\u00e5n av plats. Frukost, wifi och gym ing\u00e5r sj\u00e4lvklart. Ta del av alla v\u00e5ra unika hotellerbjudanden h\u00e4r nedan.<\/p>\n<\/div>\n\n\n    <div\n\t\t        class=\"weglot-translate has-normal-font-size    \"\n\t\tstyle=\"margin-top: var(--wp--preset--spacing--60); margin-bottom: var(--wp--preset--spacing--50);\"    >\n        <div x-data=\"loadMorePosts({\n        currentPost: '392',\n        postType: 'offer',\n        initialCategories: '',\n        initialTags: '',\n        postsPerPage: -1,\n        })\"\n             class=\"mx-auto flex flex-col items-center bg-inherit\"\n        >\n\t\t\t\n            <div x-show=\"noResults\" class=\"text-gray-500\">\n\t\t\t\tInga poster hittades            <\/div>\n\n            <div x-show=\"loading\" class=\"loading w-full h-[100px] self-start\"><\/div>\n\n            <div class=\"w-full grid sm:grid-cols-2 lg:grid-cols-3 gap-5 md:gap-8 xxl:gap-10 img_text_card\">\n                <template x-for=\"post in posts\" :key=\"post.id\">\n\t\t\t\t\t<a\n    x-bind:href=\"post.url\"\n    x-bind:aria-label=\"post.title\"\n    x-bind:target=\"post.target\"\n    class=\"relative group overflow-hidden no-underline flex flex-col\"\n>\n    <div class=\"relative aspect-[8\/5] overflow-hidden rounded-xl\">\n        <div x-html=\"post.thumbnail\"><\/div>\n        <div class=\"absolute top-spacing-10 left-spacing-10 flex flex-wrap gap-2\">\n            <div class=\"chip bg-brand-100\" x-show=\"post.tag\" x-text=\"post.tag\"><\/div>\n        <\/div>\n    <\/div>\n    <div class=\"has-small-font-size flex-1 pt-spacing-10\" >\n                <h3 class=\"has-medium-font-size font-medium xl:group-hover:underlined\" x-text=\"post.title\"><\/h3>\n                    <div class=\"mt-0.5\" x-text=\"post.excerpt\"><\/div>\n                    <\/div>\n<\/a>                <\/template>\n            <\/div>\n\n\t\t\t                <button x-show=\"hasMore\" :class=\"{ 'loading': loading }\" x-on:click=\"loadMore()\" :disabled=\"loading\" aria-label=\"Visa fler\" class=\"mt-spacing-40 wp-block-button__link is-style-outline has-background has-black-background-color\" style=\"display:none;\">\n\t\t\t\t\tVisa fler                <\/button>\n\t\t\t\t\n        <\/div>\n    <\/div>\n\t\n\n\n<div style=\"aspect-ratio:auto; justify-content:center; border-top-left-radius:8px;border-top-right-radius:8px;border-bottom-left-radius:8px;border-bottom-right-radius:8px; padding-top:var(--wp--preset--spacing--40);padding-bottom:var(--wp--preset--spacing--40);padding-left:var(--wp--preset--spacing--40);padding-right:var(--wp--preset--spacing--40);margin-bottom:0;background-image:url(&apos;https:\/\/www.freyshotels.com\/freys\/wp-content\/uploads\/2026\/03\/bg-black.svg&apos;);background-position:50% 50%;background-size:650px;background-attachment:scroll;\" class=\"align booking-banner wp-block-create-block-tankbar-multiblock has-text-color has-background has-brand-500-background-color\">\n\n\t<div class=\"multiblock-bg\">\n\n\t\n\t\n\t\n\t\t\t<div class=\"multiblock-overlay overlay absolute inset-0 has-brand-500-background-color\" style=\"opacity:0.75;\"><\/div>\n\t\n\t\n\t<\/div><!-- .multiblock-bg -->\n\n\t<div class=\"multiblock-inner\">\n\t\t\n\n<div class=\"wp-block-columns has-2-columns is-not-stacked-on-mobile wrap-none\" style=\"column-gap: var(--wp--preset--spacing--20);\">\n<div class=\"wp-block-column is-vertically-aligned-top overflow-hidden has-border-color has-brand-400-border-color\" style=\"border-width:2px;border-top-left-radius:50px;border-top-right-radius:50px;border-bottom-left-radius:50px;border-bottom-right-radius:50px;flex-basis:100px\">\n<figure class=\"wp-block-image size-thumbnail\"><img decoding=\"async\" src=\"https:\/\/www.freyshotels.com\/freys\/wp-content\/uploads\/2026\/04\/freys_hotel_gruppbild-150x150.jpg\" alt=\"\" class=\"wp-image-1074\"\/><\/figure>\n<\/div>\n\n\n\n<div class=\"wp-block-column is-vertically-aligned-center\">\n<div class=\"wp-block-columns has-2-columns has-2-columns are-vertically-aligned-center\" style=\"row-gap: var(--wp--preset--spacing--30);\">\n<div class=\"wp-block-column is-vertically-aligned-center\">\n<h2 class=\"wp-block-heading has-h-4-font-size\">Os\u00e4ker p\u00e5 vilket erbjudande som passar dig b\u00e4st?<\/h2>\n\n\n\n<p style=\"margin-top:8px\">Kontakta oss s\u00e5 hj\u00e4lper vi dig g\u00e4rna.<\/p>\n<\/div>\n\n\n\n<div class=\"wp-block-column is-vertically-aligned-center booking-button-col\"><div\n\t\tclass=\"   \"\n\t>\n\t<button\n\t\tdata-flyout-toggle=\"contact\"\n\t\taria-label=\"Kontakta oss\"\n\t\tclass=\"wp-block-button__link has-background has-gold-500-background-color\"\n\t>\n\t\tKontakta oss\n\t<\/button>\n<\/div><\/div>\n<\/div>\n<\/div>\n<\/div>\n\n\t<\/div>\n\n\t<\/div>\n\n\n\n<h3 class=\"wp-block-heading has-text-align-left\" style=\"margin-top:var(--wp--preset--spacing--60)\">Mer inf\u00f6r vistelsen<\/h3>\n\n\n    <div\n                class=\"   \"\n        style=\"margin-top: var(--wp--preset--spacing--30);\"    >\n        <div class=\"grid-swiper relative -mx-4 md:mx-0 \" data-slides-per-view=\"3\" data-image-nav><div class=\"swiper\"><div class=\"w-full swiper-wrapper\">    <a href=\"https:\/\/www.freyshotels.com\/freys\/hotell-stockholm\/hotellrum\/\"\n       aria-label=\"Hotellrum\"\n       class=\"relative group overflow-hidden no-underline !flex flex-col swiper-slide !h-auto \"\n    >\n        <div class=\"relative aspect-[8\/5] overflow-hidden rounded-xl\">\n            <img loading=\"lazy\" decoding=\"async\" width=\"768\" height=\"488\" src=\"https:\/\/www.freyshotels.com\/freys\/wp-content\/uploads\/2026\/04\/freys_hotel_superior_plus_1-768x488.jpg\" class=\"absolute w-full h-full object-cover object-center\" alt=\"\" srcset=\"https:\/\/www.freyshotels.com\/freys\/wp-content\/uploads\/2026\/04\/freys_hotel_superior_plus_1-768x488.jpg 768w, https:\/\/www.freyshotels.com\/freys\/wp-content\/uploads\/2026\/04\/freys_hotel_superior_plus_1-300x191.jpg 300w, https:\/\/www.freyshotels.com\/freys\/wp-content\/uploads\/2026\/04\/freys_hotel_superior_plus_1-1024x651.jpg 1024w, https:\/\/www.freyshotels.com\/freys\/wp-content\/uploads\/2026\/04\/freys_hotel_superior_plus_1-1536x977.jpg 1536w, https:\/\/www.freyshotels.com\/freys\/wp-content\/uploads\/2026\/04\/freys_hotel_superior_plus_1.jpg 1920w\" sizes=\"auto, (max-width: 768px) 100vw, 768px\" \/>            <div class=\"absolute top-spacing-10 left-spacing-10 flex flex-wrap gap-2\">\n                            <\/div>\n        <\/div>\n        <div class=\"has-small-font-size flex-1 pt-spacing-10\" >\n                        <h3 class=\"has-medium-font-size font-medium xl:group-hover:underlined\">Hotellrum<\/h3>\n                            <div class=\"mt-0.5\">Bo i mysiga hotellrum i centrala Stockholm n\u00e4ra Centralstationen. V\u00e4lj mellan standardrum, superiorrum och svit med balkong. Hotellfrukost ing\u00e5r alltid.<\/div>\n                                <\/div>\n    <\/a>\n        <a href=\"https:\/\/www.freyshotels.com\/freys\/hotell-stockholm\/hundvanligt-hotell\/\"\n       aria-label=\"Din hund bor gratis hos oss\"\n       class=\"relative group overflow-hidden no-underline !flex flex-col swiper-slide !h-auto \"\n    >\n        <div class=\"relative aspect-[8\/5] overflow-hidden rounded-xl\">\n            <img loading=\"lazy\" decoding=\"async\" width=\"768\" height=\"512\" src=\"https:\/\/www.freyshotels.com\/freys\/wp-content\/uploads\/2026\/04\/freys_hotel_hund_hotellrum-768x512.jpg\" class=\"absolute w-full h-full object-cover object-center\" alt=\"\" srcset=\"https:\/\/www.freyshotels.com\/freys\/wp-content\/uploads\/2026\/04\/freys_hotel_hund_hotellrum-768x512.jpg 768w, https:\/\/www.freyshotels.com\/freys\/wp-content\/uploads\/2026\/04\/freys_hotel_hund_hotellrum-300x200.jpg 300w, https:\/\/www.freyshotels.com\/freys\/wp-content\/uploads\/2026\/04\/freys_hotel_hund_hotellrum-1024x683.jpg 1024w, https:\/\/www.freyshotels.com\/freys\/wp-content\/uploads\/2026\/04\/freys_hotel_hund_hotellrum-1536x1024.jpg 1536w, https:\/\/www.freyshotels.com\/freys\/wp-content\/uploads\/2026\/04\/freys_hotel_hund_hotellrum.jpg 1920w\" sizes=\"auto, (max-width: 768px) 100vw, 768px\" \/>            <div class=\"absolute top-spacing-10 left-spacing-10 flex flex-wrap gap-2\">\n                            <\/div>\n        <\/div>\n        <div class=\"has-small-font-size flex-1 pt-spacing-10\" >\n                        <h3 class=\"has-medium-font-size font-medium xl:group-hover:underlined\">Din hund bor gratis hos oss<\/h3>\n                            <div class=\"mt-0.5\">Freys Hotel \u00e4r ett hundv\u00e4nligt hotell i Stockholm, i utvalda hotellrum \u00e4r hundar till\u00e5tna och givetvis varmt v\u00e4lkomna. Vi g\u00f6r g\u00e4rna det lilla extra f\u00f6r att du och din hund ska trivas hos oss.<\/div>\n                                <\/div>\n    <\/a>\n        <a href=\"https:\/\/www.freyshotels.com\/freys\/hotell-stockholm\/vip-paket-tillval\/\"\n       aria-label=\"VIP-paket och tillval\"\n       class=\"relative group overflow-hidden no-underline !flex flex-col swiper-slide !h-auto \"\n    >\n        <div class=\"relative aspect-[8\/5] overflow-hidden rounded-xl\">\n            <img loading=\"lazy\" decoding=\"async\" width=\"768\" height=\"512\" src=\"https:\/\/www.freyshotels.com\/freys\/wp-content\/uploads\/2026\/04\/freys_hotel_vippaket_spontanitet-768x512.jpg\" class=\"absolute w-full h-full object-cover object-center\" alt=\"\" srcset=\"https:\/\/www.freyshotels.com\/freys\/wp-content\/uploads\/2026\/04\/freys_hotel_vippaket_spontanitet-768x512.jpg 768w, https:\/\/www.freyshotels.com\/freys\/wp-content\/uploads\/2026\/04\/freys_hotel_vippaket_spontanitet-300x200.jpg 300w, https:\/\/www.freyshotels.com\/freys\/wp-content\/uploads\/2026\/04\/freys_hotel_vippaket_spontanitet-1024x683.jpg 1024w, https:\/\/www.freyshotels.com\/freys\/wp-content\/uploads\/2026\/04\/freys_hotel_vippaket_spontanitet-1536x1024.jpg 1536w, https:\/\/www.freyshotels.com\/freys\/wp-content\/uploads\/2026\/04\/freys_hotel_vippaket_spontanitet.jpg 1920w\" sizes=\"auto, (max-width: 768px) 100vw, 768px\" \/>            <div class=\"absolute top-spacing-10 left-spacing-10 flex flex-wrap gap-2\">\n                            <\/div>\n        <\/div>\n        <div class=\"has-small-font-size flex-1 pt-spacing-10\" >\n                        <h3 class=\"has-medium-font-size font-medium xl:group-hover:underlined\">VIP-paket och tillval<\/h3>\n                            <div class=\"mt-0.5\">L\u00e4gg till det lilla extra under din vistelse p\u00e5 Freys Hotel i Stockholm. V\u00e4lj bland VIP-paket och tillval som romantik, firande och komfort p\u00e5 rummet.<\/div>\n                                <\/div>\n    <\/a>\n        <a href=\"https:\/\/www.freyshotels.com\/freys\/se-och-gora-i-stockholm\/\"\n       aria-label=\"Se och g\u00f6ra i Stockholm\"\n       class=\"relative group overflow-hidden no-underline !flex flex-col swiper-slide !h-auto \"\n    >\n        <div class=\"relative aspect-[8\/5] overflow-hidden rounded-xl\">\n            <img loading=\"lazy\" decoding=\"async\" width=\"768\" height=\"512\" src=\"https:\/\/www.freyshotels.com\/freys\/wp-content\/uploads\/2026\/04\/freys_hotel_utsikt_vasagatan-768x512.jpg\" class=\"absolute w-full h-full object-cover object-center\" alt=\"\" srcset=\"https:\/\/www.freyshotels.com\/freys\/wp-content\/uploads\/2026\/04\/freys_hotel_utsikt_vasagatan-768x512.jpg 768w, https:\/\/www.freyshotels.com\/freys\/wp-content\/uploads\/2026\/04\/freys_hotel_utsikt_vasagatan-300x200.jpg 300w, https:\/\/www.freyshotels.com\/freys\/wp-content\/uploads\/2026\/04\/freys_hotel_utsikt_vasagatan-1024x683.jpg 1024w, https:\/\/www.freyshotels.com\/freys\/wp-content\/uploads\/2026\/04\/freys_hotel_utsikt_vasagatan-1536x1024.jpg 1536w, https:\/\/www.freyshotels.com\/freys\/wp-content\/uploads\/2026\/04\/freys_hotel_utsikt_vasagatan.jpg 1920w\" sizes=\"auto, (max-width: 768px) 100vw, 768px\" \/>            <div class=\"absolute top-spacing-10 left-spacing-10 flex flex-wrap gap-2\">\n                            <\/div>\n        <\/div>\n        <div class=\"has-small-font-size flex-1 pt-spacing-10\" >\n                        <h3 class=\"has-medium-font-size font-medium xl:group-hover:underlined\">Se och g\u00f6ra i Stockholm<\/h3>\n                            <div class=\"mt-0.5\">Freys Hotel erbjuder det perfekta utg\u00e5ngsl\u00e4get f\u00f6r din vistelse i Stockholm. Vi \u00e4r angel\u00e4gna om att g\u00f6ra v\u00e5rt yttersta f\u00f6r att du som g\u00e4st ska f\u00e5 ut s\u00e5 mycket som m\u00f6jligt under ditt bes\u00f6k hos oss. Vi har d\u00e4rf\u00f6r tagit fram personliga tips p\u00e5 restauranger, caf\u00e9er och saker att se och g\u00f6ra. Vi hoppas att du uppskattar v\u00e5ra tips!<\/div>\n                                <\/div>\n    <\/a>\n    <\/div><\/div><div aria-disabled=\"true\" class=\"swiper-button-prev icon-arrow !hidden md:!flex\"><\/div><div class=\"swiper-button-next icon-arrow !hidden md:!flex\"><\/div><div class=\"swiper-pagination\"><\/div><\/div>    <\/div>\n    \n\n\n<div class=\"wp-block-columns has-2-columns alignfull noice\" style=\"column-gap: var(--wp--preset--spacing--40); row-gap: var(--wp--preset--spacing--40); padding-top:var(--wp--preset--spacing--70);padding-bottom:var(--wp--preset--spacing--60)\">\n<div class=\"wp-block-column\">\n<h2 class=\"wp-block-heading has-h-3-font-size\">Vanliga fr\u00e5gor och svar inf\u00f6r din vistelse<\/h2>\n\n\n\n<div class=\"wp-block-buttons\">\n<div class=\"wp-block-button is-style-outline is-style-outline--1\" id=\"hotell\"><a class=\"wp-block-button__link has-black-background-color has-background wp-element-button\" href=\"https:\/\/www.freyshotels.com\/freys\/fragor-och-svar\/#hotell\" target=\"_blank\" rel=\"noreferrer noopener\">Se alla fr\u00e5gor och svar<\/a><\/div>\n<\/div>\n<\/div>\n\n\n\n<div class=\"wp-block-column\"><div \tclass=\"   \"\n\t>\n\t    <div\n                class=\"w-full    \"\n            >\n                    <div id=\"faq-1439\" x-data=\"{ open: false }\" class=\"py-spacing-10 border-b border-black\/10\">\n                <button x-on:click=\"open = ! open\" x-bind:class=\"open ? 'faq-close text-brand-500' : 'faq-open'\" aria-label=\"Visa svar\" class=\"group w-full flex items-start justify-between gap-x-4 text-left has-medium-font-size\">\n                    <span class=\"self-center flex-1 xl:group-hover:text-brand-500\">N\u00e4r \u00e4r incheckning och utcheckning p\u00e5 Freys Hotel?<\/span>\n                    <i x-bind:class=\"open ? 'icon-minus' : 'icon-plus'\" class=\"flex items-center justify-center size-10 min-w-10 bg-white rounded-full shadow-button text-[20px] text-neutral-600 focus:!shadow-button xl:hover:scale-110 transition-all duration-200\"><\/i>\n                <\/button>\n                <div x-cloak x-show=\"open\" class=\"mt-2\">\n                    <div class=\"py-3 md:py-4\">\n                        <p>Vi har garanterad incheckning fr\u00e5n 15.00. Anl\u00e4nder\u00a0du\u00a0tidigare \u00e4n 15.00 och rummet inte \u00e4r f\u00e4rdigt, st\u00e4ller vi g\u00e4rna\u00a0dina\u00a0v\u00e4skor i v\u00e5rt bagagerum.<\/p>\n<p>Utcheckning sker senast 12.00. Vi kan i m\u00e5n av plats ordna sen utcheckning, klockan 14.00, f\u00f6r 250 SEK.<\/p>\n<p>Kontakta g\u00e4rna receptionen kv\u00e4llen innan avresa om du \u00f6nskar sen utcheckning.<\/p>\n                    <\/div>\n                <\/div>\n            <\/div>\n                        <div id=\"faq-2654\" x-data=\"{ open: false }\" class=\"py-spacing-10 border-b border-black\/10\">\n                <button x-on:click=\"open = ! open\" x-bind:class=\"open ? 'faq-close text-brand-500' : 'faq-open'\" aria-label=\"Visa svar\" class=\"group w-full flex items-start justify-between gap-x-4 text-left has-medium-font-size\">\n                    <span class=\"self-center flex-1 xl:group-hover:text-brand-500\">\u00c4r Freys Hotel hundv\u00e4nligt ett hundv\u00e4nligt hotell?<\/span>\n                    <i x-bind:class=\"open ? 'icon-minus' : 'icon-plus'\" class=\"flex items-center justify-center size-10 min-w-10 bg-white rounded-full shadow-button text-[20px] text-neutral-600 focus:!shadow-button xl:hover:scale-110 transition-all duration-200\"><\/i>\n                <\/button>\n                <div x-cloak x-show=\"open\" class=\"mt-2\">\n                    <div class=\"py-3 md:py-4\">\n                        <p><span class=\"TextRun SCXW2869026 BCX0\" lang=\"SV-SE\" xml:lang=\"SV-SE\" data-contrast=\"auto\"><span class=\"NormalTextRun SCXW2869026 BCX0\">Freys\u00a0<\/span><span class=\"NormalTextRun SpellingErrorV2Themed SCXW2869026 BCX0\">Hotel<\/span><span class=\"NormalTextRun SCXW2869026 BCX0\">\u00a0\u00e4r ett hundv\u00e4nligt hotell i Stockholm, i utvalda hotellrum \u00e4r hundar till\u00e5tna och givetvis varmt v\u00e4lkomna. Det kostar inget extra att checka in p\u00e5 hotellet med din hund, men du beh\u00f6ver meddela vid bokning att du har hund med. <\/span><\/span><\/p>\n<p><span class=\"TextRun SCXW2869026 BCX0\" lang=\"SV-SE\" xml:lang=\"SV-SE\" data-contrast=\"auto\"><span class=\"NormalTextRun SCXW2869026 BCX0\">P\u00e5 hotellrummet finns hundsk\u00e5lar och hundb\u00e4dd eller filt vid ankomst. <\/span><\/span><\/p>\n<p><span class=\"TextRun SCXW2869026 BCX0\" lang=\"SV-SE\" xml:lang=\"SV-SE\" data-contrast=\"auto\"><span class=\"NormalTextRun SCXW2869026 BCX0\">Varmt v\u00e4lkommen att boka din hotellvistelse och uppt\u00e4ck v\u00e5r vackra huvudstad med din\u00a0<\/span><span class=\"NormalTextRun SpellingErrorV2Themed SCXW2869026 BCX0\">p\u00e4lskling<\/span><span class=\"NormalTextRun SCXW2869026 BCX0\">.<\/span><\/span><span class=\"EOP SCXW2869026 BCX0\" data-ccp-props=\"{}\">\u00a0<\/span><\/p>\n<p><span data-contrast=\"auto\">Kontakta oss direkt p\u00e5 telefon 08-506 214 00 eller mejl f\u00f6r smidig bokning. Just dessa rum kan endast bokas direkt med oss p\u00e5 bokningen.<\/span><span data-ccp-props=\"{}\">\u00a0<\/span><\/p>\n<p><a href=\"https:\/\/www.freyshotels.com\/freys\/hotell-stockholm\/hundvanligt-hotell\/\" target=\"_blank\" rel=\"noopener\"><span data-contrast=\"auto\">L\u00e4s mer om att bo p\u00e5 ett hundv\u00e4nligt hotell i Stockholm \u00bb<\/span><span data-ccp-props=\"{}\">\u00a0<\/span><\/a><\/p>\n                    <\/div>\n                <\/div>\n            <\/div>\n                        <div id=\"faq-2656\" x-data=\"{ open: false }\" class=\"py-spacing-10 border-b border-black\/10\">\n                <button x-on:click=\"open = ! open\" x-bind:class=\"open ? 'faq-close text-brand-500' : 'faq-open'\" aria-label=\"Visa svar\" class=\"group w-full flex items-start justify-between gap-x-4 text-left has-medium-font-size\">\n                    <span class=\"self-center flex-1 xl:group-hover:text-brand-500\">Har hotellet n\u00e5got gym?<\/span>\n                    <i x-bind:class=\"open ? 'icon-minus' : 'icon-plus'\" class=\"flex items-center justify-center size-10 min-w-10 bg-white rounded-full shadow-button text-[20px] text-neutral-600 focus:!shadow-button xl:hover:scale-110 transition-all duration-200\"><\/i>\n                <\/button>\n                <div x-cloak x-show=\"open\" class=\"mt-2\">\n                    <div class=\"py-3 md:py-4\">\n                        <p><span data-contrast=\"auto\">Ja, vi erbjuder tr\u00e4ning i v\u00e5rt gym som ligger i k\u00e4llaren p\u00e5 hotellet. H\u00e4r finns goda f\u00f6ruts\u00e4ttningar att tr\u00e4na igenom hela kroppen under din vistelse hos oss. Gymmet \u00e4r \u00f6ppet alla dagar 7.00\u201321.00, kontakta receptionen f\u00f6r kod och mer information.<\/span><span data-ccp-props=\"{}\">\u00a0<\/span><\/p>\n<p><span data-contrast=\"auto\">Gymmet \u00e4r utrustat med f\u00f6ljande maskiner och redskap:<\/span><span data-ccp-props=\"{}\">\u00a0<\/span><\/p>\n<ul>\n<li><span data-contrast=\"auto\">Kettlebells<\/span><\/li>\n<li>Hantlar<\/li>\n<li>Motionscykel<\/li>\n<li>Roddmaskin<\/li>\n<li>Romerska ringar<\/li>\n<li>Pilatesboll<\/li>\n<li>Hopprep<\/li>\n<li>Gummiband<\/li>\n<li>Yogamattor<\/li>\n<li>L\u00f6pband<span style=\"font-size: clamp(1rem, 0.956rem + 0.169vw, 1.125rem);\" data-ccp-props=\"{}\">\u00a0<\/span><\/li>\n<\/ul>\n                    <\/div>\n                <\/div>\n            <\/div>\n                        <div id=\"faq-2655\" x-data=\"{ open: false }\" class=\"py-spacing-10 border-b border-black\/10\">\n                <button x-on:click=\"open = ! open\" x-bind:class=\"open ? 'faq-close text-brand-500' : 'faq-open'\" aria-label=\"Visa svar\" class=\"group w-full flex items-start justify-between gap-x-4 text-left has-medium-font-size\">\n                    <span class=\"self-center flex-1 xl:group-hover:text-brand-500\">Har ni n\u00e5gon parkering?<\/span>\n                    <i x-bind:class=\"open ? 'icon-minus' : 'icon-plus'\" class=\"flex items-center justify-center size-10 min-w-10 bg-white rounded-full shadow-button text-[20px] text-neutral-600 focus:!shadow-button xl:hover:scale-110 transition-all duration-200\"><\/i>\n                <\/button>\n                <div x-cloak x-show=\"open\" class=\"mt-2\">\n                    <div class=\"py-3 md:py-4\">\n                        <p>Vi har ett garage som tillh\u00f6r hotellet. Taxan ligger p\u00e5 400 SEK per natt, fr\u00e5n 15.00-12.00. Det finns ett begr\u00e4nsat antal platser s\u00e5 f\u00f6rbokning rekommenderas via telefon 08-506 214 00 eller skicka ett mejl till <a class=\"desktop\" href=\"mailto:reservations@freyshotels.com\">reservations@freyshotels.com<\/a>.<\/p>\n<p>F\u00f6r gatuparkering g\u00e4ller r\u00f6d taxa under vardagar, 09.00-17.00, och en l\u00e4gre taxa under helger och kv\u00e4llar. P\u00e5\u00a0<a class=\"desktop\" href=\"https:\/\/parkering.stockholm\/\" target=\"_blank\" rel=\"noopener\">Stockholms Stads sajt<\/a>\u00a0kan du l\u00e4sa mer om parkeringskostnader p\u00e5 gatorna.<\/p>\n<p><strong>V\u00e4nligen notera att max takh\u00f6jd i hotellets garage \u00e4r 1,90 meter.<\/strong><\/p>\n                    <\/div>\n                <\/div>\n            <\/div>\n                        <div id=\"faq-2696\" x-data=\"{ open: false }\" class=\"py-spacing-10 border-b border-black\/10\">\n                <button x-on:click=\"open = ! open\" x-bind:class=\"open ? 'faq-close text-brand-500' : 'faq-open'\" aria-label=\"Visa svar\" class=\"group w-full flex items-start justify-between gap-x-4 text-left has-medium-font-size\">\n                    <span class=\"self-center flex-1 xl:group-hover:text-brand-500\">Vilka sev\u00e4rdheter ligger n\u00e4ra Freys Hotel i Stockholm city?<\/span>\n                    <i x-bind:class=\"open ? 'icon-minus' : 'icon-plus'\" class=\"flex items-center justify-center size-10 min-w-10 bg-white rounded-full shadow-button text-[20px] text-neutral-600 focus:!shadow-button xl:hover:scale-110 transition-all duration-200\"><\/i>\n                <\/button>\n                <div x-cloak x-show=\"open\" class=\"mt-2\">\n                    <div class=\"py-3 md:py-4\">\n                        <div class=\"faq\">\n<div class=\"faq-item\">\n<div class=\"faq-answer\">\n<p>V\u00e5rt hotell ligger mitt i Stockholm City, n\u00e4ra popul\u00e4ra sev\u00e4rdheter som Gamla Stan, Stadshuset och Drottninggatan. Shoppingomr\u00e5den och restauranger finns ocks\u00e5 bara ett stenkast bort.<\/p>\n<\/div>\n<\/div>\n<\/div>\n<div class=\"faq\"><\/div>\n                    <\/div>\n                <\/div>\n            <\/div>\n                <\/div>\n    <script type=\"application\/ld+json\">\n        {\n    \"@context\": \"https:\/\/schema.org\",\n    \"@type\": \"FAQPage\",\n    \"mainEntity\": [\n        {\n            \"@type\": \"Question\",\n            \"name\": \"N\u00e4r \u00e4r incheckning och utcheckning p\u00e5 Freys Hotel?\",\n            \"acceptedAnswer\": {\n                \"@type\": \"Answer\",\n                \"text\": \"Vi har garanterad incheckning fr\u00e5n 15.00. Anl\u00e4nder\u00a0du\u00a0tidigare \u00e4n 15.00 och rummet inte \u00e4r f\u00e4rdigt, st\u00e4ller vi g\u00e4rna\u00a0dina\u00a0v\u00e4skor i v\u00e5rt bagagerum.\\nUtcheckning sker senast 12.00. Vi kan i m\u00e5n av plats ordna sen utcheckning, klockan 14.00, f\u00f6r 250 SEK.\\nKontakta g\u00e4rna receptionen kv\u00e4llen innan avresa om du \u00f6nskar sen utcheckning.\"\n            }\n        },\n        {\n            \"@type\": \"Question\",\n            \"name\": \"\u00c4r Freys Hotel hundv\u00e4nligt ett hundv\u00e4nligt hotell?\",\n            \"acceptedAnswer\": {\n                \"@type\": \"Answer\",\n                \"text\": \"Freys\u00a0Hotel\u00a0\u00e4r ett hundv\u00e4nligt hotell i Stockholm, i utvalda hotellrum \u00e4r hundar till\u00e5tna och givetvis varmt v\u00e4lkomna. Det kostar inget extra att checka in p\u00e5 hotellet med din hund, men du beh\u00f6ver meddela vid bokning att du har hund med. \\nP\u00e5 hotellrummet finns hundsk\u00e5lar och hundb\u00e4dd eller filt vid ankomst. \\nVarmt v\u00e4lkommen att boka din hotellvistelse och uppt\u00e4ck v\u00e5r vackra huvudstad med din\u00a0p\u00e4lskling.\u00a0\\nKontakta oss direkt p\u00e5 telefon 08-506 214 00 eller mejl f\u00f6r smidig bokning. Just dessa rum kan endast bokas direkt med oss p\u00e5 bokningen.\u00a0\\nL\u00e4s mer om att bo p\u00e5 ett hundv\u00e4nligt hotell i Stockholm \u00bb\u00a0\"\n            }\n        },\n        {\n            \"@type\": \"Question\",\n            \"name\": \"Har hotellet n\u00e5got gym?\",\n            \"acceptedAnswer\": {\n                \"@type\": \"Answer\",\n                \"text\": \"Ja, vi erbjuder tr\u00e4ning i v\u00e5rt gym som ligger i k\u00e4llaren p\u00e5 hotellet. H\u00e4r finns goda f\u00f6ruts\u00e4ttningar att tr\u00e4na igenom hela kroppen under din vistelse hos oss. Gymmet \u00e4r \u00f6ppet alla dagar 7.00\u201321.00, kontakta receptionen f\u00f6r kod och mer information.\u00a0\\nGymmet \u00e4r utrustat med f\u00f6ljande maskiner och redskap:\u00a0\\n\\nKettlebells\\nHantlar\\nMotionscykel\\nRoddmaskin\\nRomerska ringar\\nPilatesboll\\nHopprep\\nGummiband\\nYogamattor\\nL\u00f6pband\u00a0\"\n            }\n        },\n        {\n            \"@type\": \"Question\",\n            \"name\": \"Har ni n\u00e5gon parkering?\",\n            \"acceptedAnswer\": {\n                \"@type\": \"Answer\",\n                \"text\": \"Vi har ett garage som tillh\u00f6r hotellet. Taxan ligger p\u00e5 400 SEK per natt, fr\u00e5n 15.00-12.00. Det finns ett begr\u00e4nsat antal platser s\u00e5 f\u00f6rbokning rekommenderas via telefon 08-506 214 00 eller skicka ett mejl till reservations@freyshotels.com.\\nF\u00f6r gatuparkering g\u00e4ller r\u00f6d taxa under vardagar, 09.00-17.00, och en l\u00e4gre taxa under helger och kv\u00e4llar. P\u00e5\u00a0Stockholms Stads sajt\u00a0kan du l\u00e4sa mer om parkeringskostnader p\u00e5 gatorna.\\nV\u00e4nligen notera att max takh\u00f6jd i hotellets garage \u00e4r 1,90 meter.\"\n            }\n        },\n        {\n            \"@type\": \"Question\",\n            \"name\": \"Vilka sev\u00e4rdheter ligger n\u00e4ra Freys Hotel i Stockholm city?\",\n            \"acceptedAnswer\": {\n                \"@type\": \"Answer\",\n                \"text\": \"V\u00e5rt hotell ligger mitt i Stockholm City, n\u00e4ra popul\u00e4ra sev\u00e4rdheter som Gamla Stan, Stadshuset och Drottninggatan. Shoppingomr\u00e5den och restauranger finns ocks\u00e5 bara ett stenkast bort.\"\n            }\n        }\n    ]\n}    <\/script>\n    <\/div><\/div>\n<\/div>\n\n\n\n<div class=\"wp-block-columns has-2-columns alignfull are-vertically-aligned-center noice\" style=\"column-gap: var(--wp--preset--spacing--80); row-gap: var(--wp--preset--spacing--30); padding-top:var(--wp--preset--spacing--60);padding-bottom:var(--wp--preset--spacing--80)\">\n<div class=\"wp-block-column is-vertically-aligned-center stick\">\t<div \t\tclass=\"media-container aspect-square    \"\n\t\t\t>\n\t\t<img loading=\"lazy\" decoding=\"async\" width=\"1024\" height=\"551\" src=\"https:\/\/www.freyshotels.com\/freys\/wp-content\/uploads\/2026\/04\/freys_hotel_reception_personal1-1024x551.jpg\" class=\"absolute h-full w-full object-cover rounded-2xl image-center-center\" alt=\"\" sizes=\"auto, (min-width: 1024px) 1600px, 1024px\" data-sizes=\"auto\" srcset=\"https:\/\/www.freyshotels.com\/freys\/wp-content\/uploads\/2026\/04\/freys_hotel_reception_personal1-1024x551.jpg 1024w, https:\/\/www.freyshotels.com\/freys\/wp-content\/uploads\/2026\/04\/freys_hotel_reception_personal1-300x162.jpg 300w, https:\/\/www.freyshotels.com\/freys\/wp-content\/uploads\/2026\/04\/freys_hotel_reception_personal1-768x414.jpg 768w, https:\/\/www.freyshotels.com\/freys\/wp-content\/uploads\/2026\/04\/freys_hotel_reception_personal1-1536x827.jpg 1536w, https:\/\/www.freyshotels.com\/freys\/wp-content\/uploads\/2026\/04\/freys_hotel_reception_personal1.jpg 1920w\" \/>\t<\/div>\n\t<\/div>\n\n\n\n<div class=\"wp-block-column is-vertically-aligned-center\">\n<p class=\"has-brand-400-color has-text-color has-link-color has-script-medium-font-size wp-elements-0ea35624b9a5f717ed8a07e5c3c167e3\">En plats att l\u00e4ngta till<\/p>\n\n\n\n<h2 class=\"wp-block-heading has-brand-600-color has-text-color has-link-color has-h-3-font-size wp-elements-bbf0af19e066938ff74082261c28d20f\">mitt i stockholm city<\/h2>\n\n\n\n<p class=\"has-brand-600-color has-text-color has-link-color wp-elements-eb242e697a042cfc351cdb9bc434d632\">Freys \u00e4r inte bara ett hotell \u2013 det \u00e4r en paus fr\u00e5n vardagen. En varm och personlig plats mitt i Stockholm d\u00e4r varje vistelse bjuder p\u00e5 lugn, omtanke och sm\u00e5 stunder av lyx.&nbsp;<\/p>\n\n\n\n<p class=\"has-brand-600-color has-text-color has-link-color wp-elements-9f5984978fd236b23c1cdf1821b287fa\">H\u00e4r b\u00f6rjar du dagen i mjuka lakan, kliver rakt ut i stadens puls och kommer hem till en plats som k\u00e4nns lika mycket som hemma som borta. Oavsett om du reser f\u00f6r romantik eller f\u00f6r att skapa minnesv\u00e4rda stunder tillsammans, s\u00e5 finns vi h\u00e4r \u2013 bara ett stenkast fr\u00e5n Centralstationen.&nbsp;<\/p>\n\n\n\n<div class=\"wp-block-buttons\">\n<div class=\"wp-block-button is-style-fill\"><a class=\"wp-block-button__link has-brand-500-background-color has-background wp-element-button\" href=\"https:\/\/www.freyshotels.com\/freys\/hotell-stockholm\/\" target=\"_blank\" rel=\"noreferrer noopener\">l\u00e4s mer om hotellet<\/a><\/div>\n<\/div>\n<\/div>\n<\/div>\n<\/div>\n","protected":false},"excerpt":{"rendered":"<p>H\u00e4r hittar du v\u00e5ra b\u00e4sta hotellerbjudanden f\u00f6r \u00f6vernattning i Stockholm. V\u00e5ra specialerbjudanden och hotellpaket kan endast bokas direkt hos oss, och p\u00e5 v\u00e5r sajt bokar du alltid din hotellvistelse till b\u00e4sta pris med fler f\u00f6rm\u00e5ner. <\/p>\n","protected":false},"author":1,"featured_media":1276,"parent":256,"menu_order":20,"comment_status":"closed","ping_status":"closed","template":"","meta":{"_acf_changed":false,"footnotes":""},"page_category":[],"page_tag":[],"class_list":["post-392","page","type-page","status-publish","has-post-thumbnail","hentry"],"acf":[],"publishpress_future_action":{"enabled":false,"date":"2026-05-06 13:36:16","action":"change-status","newStatus":"draft","terms":[],"taxonomy":"page_category","extraData":[]},"publishpress_future_workflow_manual_trigger":{"enabledWorkflows":[]},"_links":{"self":[{"href":"https:\/\/www.freyshotels.com\/freys\/wp-json\/wp\/v2\/pages\/392","targetHints":{"allow":["GET"]}}],"collection":[{"href":"https:\/\/www.freyshotels.com\/freys\/wp-json\/wp\/v2\/pages"}],"about":[{"href":"https:\/\/www.freyshotels.com\/freys\/wp-json\/wp\/v2\/types\/page"}],"author":[{"embeddable":true,"href":"https:\/\/www.freyshotels.com\/freys\/wp-json\/wp\/v2\/users\/1"}],"replies":[{"embeddable":true,"href":"https:\/\/www.freyshotels.com\/freys\/wp-json\/wp\/v2\/comments?post=392"}],"version-history":[{"count":23,"href":"https:\/\/www.freyshotels.com\/freys\/wp-json\/wp\/v2\/pages\/392\/revisions"}],"predecessor-version":[{"id":2970,"href":"https:\/\/www.freyshotels.com\/freys\/wp-json\/wp\/v2\/pages\/392\/revisions\/2970"}],"up":[{"embeddable":true,"href":"https:\/\/www.freyshotels.com\/freys\/wp-json\/wp\/v2\/pages\/256"}],"wp:featuredmedia":[{"embeddable":true,"href":"https:\/\/www.freyshotels.com\/freys\/wp-json\/"}],"wp:attachment":[{"href":"https:\/\/www.freyshotels.com\/freys\/wp-json\/wp\/v2\/media?parent=392"}],"wp:term":[{"taxonomy":"page_category","embeddable":true,"href":"https:\/\/www.freyshotels.com\/freys\/wp-json\/wp\/v2\/page_category?post=392"},{"taxonomy":"page_tag","embeddable":true,"href":"https:\/\/www.freyshotels.com\/freys\/wp-json\/wp\/v2\/page_tag?post=392"}],"curies":[{"name":"wp","href":"https:\/\/api.w.org\/{rel}","templated":true}]}}